{"id":582998,"date":"2024-11-06T15:02:20","date_gmt":"2024-11-06T18:02:20","guid":{"rendered":"https:\/\/www.suno.com.br\/noticias\/colunas\/guilherme-silvasuno-com-br\/\/"},"modified":"2024-11-06T15:03:27","modified_gmt":"2024-11-06T18:03:27","slug":"paciencia-diversificacao-comparativo-rb","status":"publish","type":"suno_column","link":"https:\/\/www.suno.com.br\/noticias\/colunas\/renan-bonini\/paciencia-diversificacao-comparativo-rb\/","title":{"rendered":"O pr\u00eamio pela paci\u00eancia e diversifica\u00e7\u00e3o"},"content":{"rendered":"<p>Investir na bolsa de valores pode ser uma montanha-russa emocional. Momentos de queda podem testar a paci\u00eancia e a resili\u00eancia dos investidores, mas \u00e9 importante lembrar que essas fases podem tamb\u00e9m oferecer oportunidades \u00fanicas. Neste artigo, vamos explorar o desempenho hist\u00f3rico da Bolsa de Valores Brasileira (Ibovespa) e da Bolsa de Valores Americana (S&amp;P 500) desde o ano 2000, destacando a import\u00e2ncia da paci\u00eancia, da <strong>diversifica\u00e7\u00e3o<\/strong> e da vis\u00e3o de longo prazo.<\/p>\t<div class=\"wrapper-featured-image\">\n\t\t<figure class=\"spotlightImg\">\n\n\t\t\t<picture>\n\t\t\t\t<source media=\"(max-width: 768px)\" srcset=\"https:\/\/files.sunoresearch.com.br\/n\/uploads\/2024\/04\/iStock-1296121216-400x200.jpg\">\n\t\t\t\t<img loading=\"lazy\" decoding=\"async\" class=\"newsContent__article__imgCapa lazyloadDisabled \" src=\"https:\/\/files.sunoresearch.com.br\/n\/uploads\/2024\/04\/iStock-1296121216-800x450.jpg\" width=\"800\" height=\"450\" alt=\"O pr\u00eamio pela paci\u00eancia e diversifica\u00e7\u00e3o\" fetchpriority=high \/>\n\t\t\t<\/picture>\n\n\t\t\t<figcaption class=\"wp-caption-text wp-caption-text--show\">Safra v\u00ea BBAS3 sob press\u00e3o Foto: iStock<\/figcaption>\n\t\t<\/figure>\n\t<\/div>\n\n\n\n\n\n\n\n\t<p>\n\t\t<a href=\"https:\/\/lp.suno.com.br\/planilha-da-vida-financeira\/\" target=\"_blank\" data-element=\"shortcode-suno-banner\" title=\"Banner SUNO, clique e saiba mais\">\n\t\t\t<picture>\n\t\t\t\t<source media=\"(max-width: 500px)\" srcset=\"https:\/\/files.sunoresearch.com.br\/n\/uploads\/2023\/04\/400x300-Planilha-vida-financeira-true.png\">\n\t\t\t\t<img class=\"newsContent__article__imgCapa newsContent__article__imgCapa--banner\"\n\t\t\t\t\tsrc=\"https:\/\/files.sunoresearch.com.br\/n\/uploads\/2023\/04\/1420x240-Planilha-vida-financeira-true.png\"\n\t\t\t\t\tdata-promo-id=\"106682\"\t\t\t\t\t\t\t\t\t\twidth='1420' height='240'\t\t\t\t\talt=\"https:\/\/files.sunoresearch.com.br\/n\/uploads\/2023\/04\/1420x240-Planilha-vida-financeira-true.png\"\n\t\t\t\t>\n\t\t\t<\/picture>\n\t\t<\/a>\n\t<\/p>\n\n\n\n\n\n<p><strong>Ibovespa (Brasil)<\/strong><\/p>\n\n\n\n<p>Desde o ano 2000, o Ibovespa apresentou v\u00e1rias fases de alta e de baixa. Alguns dos principais marcos incluem:<\/p>\n\n\n\n<ul class=\"wp-block-list\">\n<li><strong>2000-2002<\/strong>: Per\u00edodo de queda significativa devido \u00e0 crise do &#8220;estouro da bolha&#8221; das empresas de tecnologia;<\/li>\n\n\n\n<li><strong>2003-2008<\/strong>: Fase de alta expressiva, impulsionada pelo <em>boom<\/em> das <em>commodities<\/em> e pelo crescimento econ\u00f4mico brasileiro;<\/li>\n\n\n\n<li><strong>2008<\/strong>: Forte queda durante a crise financeira global, decorrente da crise imobili\u00e1ria norte americana;<\/li>\n\n\n\n<li><strong>2009-2010<\/strong>: Recupera\u00e7\u00e3o r\u00e1pida ap\u00f3s a crise, seguida por per\u00edodos de volatilidade;<\/li>\n\n\n\n<li><strong>2010-2016<\/strong>: Volatilidade devido a eventos pol\u00edticos e econ\u00f4micos, como a Opera\u00e7\u00e3o Lava Jato, crise econ\u00f4mica e impeachment de Dilma Rousseff.<\/li>\n\n\n\n<li><strong>2016-2020<\/strong>: Nova fase de crescimento, com destaque para as reformas econ\u00f4micas e o cen\u00e1rio macroecon\u00f4mico favor\u00e1vel.<\/li>\n\n\n\n<li><strong>2020<\/strong>: Queda acentuada devido \u00e0 pandemia de COVID-19, seguida por estabiliza\u00e7\u00e3o a partir de agosto.<\/li>\n<\/ul>\n\n\n\n<p><strong>S&amp;P 500 (EUA)<\/strong><\/p>\n\n\n\n<p>O S&amp;P 500 tamb\u00e9m teve um caminho sinuoso desde 2000:<\/p>\n\n\n\n<ul class=\"wp-block-list\">\n<li><strong>2000-2002<\/strong>: Queda devido \u00e0 crise das empresas de tecnologia;<\/li>\n\n\n\n<li><strong>2003-2007<\/strong>: Recupera\u00e7\u00e3o e crescimento at\u00e9 a crise financeira de 2008;<\/li>\n\n\n\n<li><strong>2008<\/strong>: Grande queda durante a crise financeira global, decorrente da crise imobili\u00e1ria norte americana;<\/li>\n<\/ul>\n\n\n\n<ul class=\"wp-block-list\">\n<li><strong>2009-2019<\/strong>: Per\u00edodo prolongado de crescimento cont\u00ednuo, marcado por uma recupera\u00e7\u00e3o robusta;<\/li>\n\n\n\n<li><strong>2020<\/strong>: Queda abrupta e recupera\u00e7\u00e3o r\u00e1pida devido \u00e0 pandemia COVID-19.<\/li>\n<\/ul>\n\n\n\n<p><strong>Comparativo em Janelas de Tempo<\/strong><\/p>\n\n\n\n<p><strong>2000-2010<\/strong><\/p>\n\n\n\n<ul class=\"wp-block-list\">\n<li><strong>Ibovespa (USD)<\/strong>: Rentabilidade m\u00e9dia anual de aproximadamente 8.9%, considerando a desvaloriza\u00e7\u00e3o do BRL de aproximadamente 2,5 BRL\/USD para 3,0 BRL\/USD.<\/li>\n\n\n\n<li><strong>S&amp;P 500 (USD)<\/strong>: Rentabilidade m\u00e9dia anual de 1.4%.<\/li>\n<\/ul>\n\n\n\n<p><strong>2010-2020<\/strong><\/p>\n\n\n\n<ul class=\"wp-block-list\">\n<li><strong>Ibovespa (USD)<\/strong>: Rentabilidade m\u00e9dia anual de aproximadamente 2.6%, considerando a desvaloriza\u00e7\u00e3o do BRL de aproximadamente 3,0 BRL\/USD para 4,0 BRL\/USD.<\/li>\n\n\n\n<li><strong>S&amp;P 500 (USD)<\/strong>: Rentabilidade m\u00e9dia anual de 13.6%.<\/li>\n<\/ul>\n\n\n\n<p><strong>2020-2024<\/strong><\/p>\n\n\n\n<ul class=\"wp-block-list\">\n<li><strong>Ibovespa (USD)<\/strong>: Rentabilidade m\u00e9dia anual de aproximadamente -6.2%, considerando a desvaloriza\u00e7\u00e3o do BRL de aproximadamente 4,0 BRL\/USD para 5,0 BRL\/USD.<\/li>\n\n\n\n<li><strong>S&amp;P 500 (USD)<\/strong>: Rentabilidade m\u00e9dia anual de 8.5%.<\/li>\n<\/ul>\n\n\n\t<p>\n\t\t<a href=\"https:\/\/lp.suno.com.br\/ebook-como-analisar-uma-acao\/\" target=\"_blank\" data-element=\"shortcode-suno-banner\" title=\"Banner SUNO, clique e saiba mais\">\n\t\t\t<picture>\n\t\t\t\t<source media=\"(max-width: 500px)\" srcset=\"https:\/\/files.sunoresearch.com.br\/n\/uploads\/2023\/03\/Ebook-Acoes-Mobile.jpg\">\n\t\t\t\t<img class=\"newsContent__article__imgCapa newsContent__article__imgCapa--banner\"\n\t\t\t\t\tsrc=\"https:\/\/files.sunoresearch.com.br\/n\/uploads\/2023\/03\/Ebook-Acoes-Desktop.jpg\"\n\t\t\t\t\tdata-promo-id=\"378302\"\t\t\t\t\t\t\t\t\t\twidth='1420' height='286'\t\t\t\t\talt=\"https:\/\/files.sunoresearch.com.br\/n\/uploads\/2023\/03\/Ebook-Acoes-Desktop.jpg\"\n\t\t\t\t>\n\t\t\t<\/picture>\n\t\t<\/a>\n\t<\/p>\n\n\n\n\n\n<p>A diversifica\u00e7\u00e3o entre pa\u00edses \u00e9 uma estrat\u00e9gia essencial para amenizar as incertezas de rentabilidade no longo prazo. Ao investir em diferentes mercados, os investidores podem reduzir o risco associado a um \u00fanico pa\u00eds ou regi\u00e3o, equilibrando as oscila\u00e7\u00f5es de mercado e aproveitando oportunidades de crescimento em v\u00e1rias economias.<\/p>\n\n\n\n<p>Consideremos um portf\u00f3lio com 50% de recurso investido no S&amp;P 500, 50% no Ibovespa e com rentabilidade em d\u00f3lares:<\/p>\n\n\n\n<figure class=\"wp-block-table\"><table><thead><tr><th><strong>Per\u00edodo<\/strong><\/th><th><strong>Rentabilidade Combinada (%)<\/strong><\/th><\/tr><\/thead><tbody><tr><td>2000-2010<\/td><td>(1.4% + 8.9%) \/ 2 = 5.15%<\/td><\/tr><tr><td>2010-2020<\/td><td>(13.6% + 2.6%) \/ 2 = 8.1%<\/td><\/tr><tr><td>2020-2024<\/td><td>(8.5% + (-6.2%)) \/ 2 = 1.15%<\/td><\/tr><\/tbody><\/table><\/figure>\n\n\n\n<p>Ao diversificar, os investidores podem obter uma rentabilidade m\u00e9dia mais equilibrada, reduzindo as perdas em per\u00edodos de baixa de um mercado e se beneficiando dos ganhos em outro.<\/p>\n\n\n\n<p>Investir com paci\u00eancia durante momentos de queda \u00e9 essencial para o sucesso a longo prazo. A hist\u00f3ria nos mostra que, mesmo ap\u00f3s quedas significativas, os mercados tendem a se recuperar e oferecer oportunidades de crescimento. Manter uma vis\u00e3o de longo prazo e confiar em uma estrat\u00e9gia bem definida pode ser a chave para colher os frutos de um mercado vol\u00e1til.<\/p>\n\n\n\n<p>Al\u00e9m disso, a diversifica\u00e7\u00e3o entre diferentes mercados, como Brasil e EUA, pode reduzir os riscos e aumentar as chances de uma rentabilidade mais est\u00e1vel. A combina\u00e7\u00e3o de investimentos em diferentes regi\u00f5es geogr\u00e1ficas oferece um equil\u00edbrio que pode proteger o portf\u00f3lio contra volatilidades espec\u00edficas de cada mercado.<\/p>\n\n\n\n<p>Portanto, para alcan\u00e7ar o sucesso financeiro, \u00e9 crucial n\u00e3o apenas ter paci\u00eancia em momentos de baixa, mas tamb\u00e9m diversificar os investimentos. Esse <em>approach<\/em> equilibrado permite que os investidores aproveitem o melhor dos dois mundos, minimizando perdas e maximizando ganhos em qualquer cen\u00e1rio econ\u00f4mico.<\/p>\n\n\n\t<p>\n\t\t<a href=\"https:\/\/lp.suno.com.br\/planilha-da-vida-financeira\/\" target=\"_blank\" data-element=\"shortcode-suno-banner\" title=\"Banner SUNO, clique e saiba mais\">\n\t\t\t<picture>\n\t\t\t\t<source media=\"(max-width: 500px)\" srcset=\"https:\/\/files.sunoresearch.com.br\/n\/uploads\/2023\/04\/400x300-Planilha-vida-financeira-true.png\">\n\t\t\t\t<img class=\"newsContent__article__imgCapa newsContent__article__imgCapa--banner\"\n\t\t\t\t\tsrc=\"https:\/\/files.sunoresearch.com.br\/n\/uploads\/2023\/04\/1420x240-Planilha-vida-financeira-true.png\"\n\t\t\t\t\tdata-promo-id=\"383123\"\t\t\t\t\t\t\t\t\t\twidth='1420' height='240'\t\t\t\t\talt=\"https:\/\/files.sunoresearch.com.br\/n\/uploads\/2023\/04\/1420x240-Planilha-vida-financeira-true.png\"\n\t\t\t\t>\n\t\t\t<\/picture>\n\t\t<\/a>\n\t<\/p>\n\n\n","protected":false},"excerpt":{"rendered":"<p>Investir na bolsa de valores pode ser uma montanha-russa emocional. Momentos de queda podem testar a paci\u00eancia e a resili\u00eancia dos investidores, mas \u00e9 importante lembr&#8230;<\/p>\n","protected":false},"author":296,"featured_media":548866,"template":"","tags":[],"class_list":["post-582998","suno_column","type-suno_column","status-publish","has-post-thumbnail","hentry"],"yoast_head":"<!-- This site is optimized with the Yoast SEO plugin v24.4 - https:\/\/yoast.com\/wordpress\/plugins\/seo\/ -->\n<title>O pr\u00eamio pela paci\u00eancia e diversifica\u00e7\u00e3o - Suno Not\u00edcias<\/title>\n<meta name=\"description\" content=\"Por meio de um comparativo entre o Ibovespa e o S&amp;P500 desde o ano 2000, entenda a import\u00e2ncia da paci\u00eancia e da diversifica\u00e7\u00e3o.\" \/>\n<meta name=\"robots\" content=\"index, follow, max-snippet:-1, max-image-preview:large, max-video-preview:-1\" \/>\n<link rel=\"canonical\" href=\"https:\/\/www.suno.com.br\/noticias\/colunas\/renan-bonini\/paciencia-diversificacao-comparativo-rb\/\" \/>\n<meta property=\"og:locale\" content=\"pt_BR\" \/>\n<meta property=\"og:type\" content=\"article\" \/>\n<meta property=\"og:title\" content=\"O pr\u00eamio pela paci\u00eancia e diversifica\u00e7\u00e3o - Suno Not\u00edcias\" \/>\n<meta property=\"og:description\" content=\"Por meio de um comparativo entre o Ibovespa e o S&amp;P500 desde o ano 2000, entenda a import\u00e2ncia da paci\u00eancia e da diversifica\u00e7\u00e3o.\" \/>\n<meta property=\"og:url\" content=\"https:\/\/www.suno.com.br\/noticias\/colunas\/renan-bonini\/paciencia-diversificacao-comparativo-rb\/\" \/>\n<meta property=\"og:site_name\" content=\"Suno Not\u00edcias\" \/>\n<meta property=\"article:publisher\" content=\"https:\/\/facebook.com\/sunoresearch\" \/>\n<meta property=\"og:image\" content=\"https:\/\/files.sunoresearch.com.br\/n\/uploads\/2024\/04\/iStock-1296121216.jpg\" \/>\n\t<meta property=\"og:image:width\" content=\"1254\" \/>\n\t<meta property=\"og:image:height\" content=\"836\" \/>\n\t<meta property=\"og:image:type\" content=\"image\/jpeg\" \/>\n<meta name=\"twitter:card\" content=\"summary_large_image\" \/>\n<meta name=\"twitter:site\" content=\"@sunoresearch\" \/>\n<meta name=\"twitter:label1\" content=\"Est. tempo de leitura\" \/>\n\t<meta name=\"twitter:data1\" content=\"3 minutos\" \/>\n<script type=\"application\/ld+json\" class=\"yoast-schema-graph\">{\"@context\":\"https:\/\/schema.org\",\"@graph\":[{\"@type\":\"Article\",\"@id\":\"https:\/\/www.suno.com.br\/noticias\/colunas\/renan-bonini\/paciencia-diversificacao-comparativo-rb\/#article\",\"isPartOf\":{\"@id\":\"https:\/\/www.suno.com.br\/noticias\/colunas\/renan-bonini\/paciencia-diversificacao-comparativo-rb\/\"},\"author\":{\"name\":\"Renan Bonini\",\"@id\":\"https:\/\/www.suno.com.br\/noticias\/#\/schema\/person\/5e84557462b3a64142a9298d4123ba65\"},\"headline\":\"O pr\u00eamio pela paci\u00eancia e diversifica\u00e7\u00e3o\",\"datePublished\":\"2024-11-06T18:02:20+00:00\",\"dateModified\":\"2024-11-06T18:03:27+00:00\",\"mainEntityOfPage\":{\"@id\":\"https:\/\/www.suno.com.br\/noticias\/colunas\/renan-bonini\/paciencia-diversificacao-comparativo-rb\/\"},\"wordCount\":687,\"publisher\":{\"@id\":\"https:\/\/www.suno.com.br\/noticias\/#organization\"},\"image\":{\"@id\":\"https:\/\/www.suno.com.br\/noticias\/colunas\/renan-bonini\/paciencia-diversificacao-comparativo-rb\/#primaryimage\"},\"thumbnailUrl\":\"https:\/\/files.sunoresearch.com.br\/n\/uploads\/2024\/04\/iStock-1296121216.jpg\",\"inLanguage\":\"pt-BR\"},{\"@type\":\"WebPage\",\"@id\":\"https:\/\/www.suno.com.br\/noticias\/colunas\/renan-bonini\/paciencia-diversificacao-comparativo-rb\/\",\"url\":\"https:\/\/www.suno.com.br\/noticias\/colunas\/renan-bonini\/paciencia-diversificacao-comparativo-rb\/\",\"name\":\"O pr\u00eamio pela paci\u00eancia e diversifica\u00e7\u00e3o - Suno Not\u00edcias\",\"isPartOf\":{\"@id\":\"https:\/\/www.suno.com.br\/noticias\/#website\"},\"primaryImageOfPage\":{\"@id\":\"https:\/\/www.suno.com.br\/noticias\/colunas\/renan-bonini\/paciencia-diversificacao-comparativo-rb\/#primaryimage\"},\"image\":{\"@id\":\"https:\/\/www.suno.com.br\/noticias\/colunas\/renan-bonini\/paciencia-diversificacao-comparativo-rb\/#primaryimage\"},\"thumbnailUrl\":\"https:\/\/files.sunoresearch.com.br\/n\/uploads\/2024\/04\/iStock-1296121216.jpg\",\"datePublished\":\"2024-11-06T18:02:20+00:00\",\"dateModified\":\"2024-11-06T18:03:27+00:00\",\"description\":\"Por meio de um comparativo entre o Ibovespa e o S&P500 desde o ano 2000, entenda a import\u00e2ncia da paci\u00eancia e da diversifica\u00e7\u00e3o.\",\"breadcrumb\":{\"@id\":\"https:\/\/www.suno.com.br\/noticias\/colunas\/renan-bonini\/paciencia-diversificacao-comparativo-rb\/#breadcrumb\"},\"inLanguage\":\"pt-BR\",\"potentialAction\":[{\"@type\":\"ReadAction\",\"target\":[\"https:\/\/www.suno.com.br\/noticias\/colunas\/renan-bonini\/paciencia-diversificacao-comparativo-rb\/\"]}]},{\"@type\":\"ImageObject\",\"inLanguage\":\"pt-BR\",\"@id\":\"https:\/\/www.suno.com.br\/noticias\/colunas\/renan-bonini\/paciencia-diversificacao-comparativo-rb\/#primaryimage\",\"url\":\"https:\/\/files.sunoresearch.com.br\/n\/uploads\/2024\/04\/iStock-1296121216.jpg\",\"contentUrl\":\"https:\/\/files.sunoresearch.com.br\/n\/uploads\/2024\/04\/iStock-1296121216.jpg\",\"width\":1254,\"height\":836,\"caption\":\"Safra v\u00ea BBAS3 sob press\u00e3o Foto: iStock\"},{\"@type\":\"BreadcrumbList\",\"@id\":\"https:\/\/www.suno.com.br\/noticias\/colunas\/renan-bonini\/paciencia-diversificacao-comparativo-rb\/#breadcrumb\",\"itemListElement\":[{\"@type\":\"ListItem\",\"position\":1,\"name\":\"Not\u00edcias\",\"item\":\"https:\/\/www.suno.com.br\/noticias\/\"},{\"@type\":\"ListItem\",\"position\":2,\"name\":\"Colunas\",\"item\":\"https:\/\/www.suno.com.br\/noticias\/colunas\/\"},{\"@type\":\"ListItem\",\"position\":3,\"name\":\"O pr\u00eamio pela paci\u00eancia e diversifica\u00e7\u00e3o\"}]},{\"@type\":\"WebSite\",\"@id\":\"https:\/\/www.suno.com.br\/noticias\/#website\",\"url\":\"https:\/\/www.suno.com.br\/noticias\/\",\"name\":\"Suno Not\u00edcias\",\"description\":\"Seu portal de informa\u00e7\u00e3o sobre o mundo dos investimentos\",\"publisher\":{\"@id\":\"https:\/\/www.suno.com.br\/noticias\/#organization\"},\"potentialAction\":[{\"@type\":\"SearchAction\",\"target\":{\"@type\":\"EntryPoint\",\"urlTemplate\":\"https:\/\/www.suno.com.br\/noticias\/?s={search_term_string}\"},\"query-input\":{\"@type\":\"PropertyValueSpecification\",\"valueRequired\":true,\"valueName\":\"search_term_string\"}}],\"inLanguage\":\"pt-BR\"},{\"@type\":\"Organization\",\"@id\":\"https:\/\/www.suno.com.br\/noticias\/#organization\",\"name\":\"Suno Not\u00edcias\",\"url\":\"https:\/\/www.suno.com.br\/noticias\/\",\"logo\":{\"@type\":\"ImageObject\",\"inLanguage\":\"pt-BR\",\"@id\":\"https:\/\/www.suno.com.br\/noticias\/#\/schema\/logo\/image\/\",\"url\":\"https:\/\/files.sunoresearch.com.br\/n\/uploads\/2021\/09\/suno-logo.png\",\"contentUrl\":\"https:\/\/files.sunoresearch.com.br\/n\/uploads\/2021\/09\/suno-logo.png\",\"width\":180,\"height\":180,\"caption\":\"Suno Not\u00edcias\"},\"image\":{\"@id\":\"https:\/\/www.suno.com.br\/noticias\/#\/schema\/logo\/image\/\"},\"sameAs\":[\"https:\/\/facebook.com\/sunoresearch\",\"https:\/\/x.com\/sunoresearch\",\"https:\/\/www.instagram.com\/suno\",\"https:\/\/www.linkedin.com\/company\/suno-research\/\",\"https:\/\/www.youtube.com\/c\/sunoresearch\"]},{\"@type\":\"Person\",\"@id\":\"https:\/\/www.suno.com.br\/noticias\/#\/schema\/person\/5e84557462b3a64142a9298d4123ba65\",\"name\":\"Renan Bonini\",\"image\":{\"@type\":\"ImageObject\",\"inLanguage\":\"pt-BR\",\"@id\":\"https:\/\/www.suno.com.br\/noticias\/#\/schema\/person\/image\/\",\"url\":\"https:\/\/secure.gravatar.com\/avatar\/d27cd53ae6c6997385c7f94919e031f4?s=96&r=g\",\"contentUrl\":\"https:\/\/secure.gravatar.com\/avatar\/d27cd53ae6c6997385c7f94919e031f4?s=96&r=g\",\"caption\":\"Renan Bonini\"},\"description\":\"Consultor de investimentos na Suno Consultoria Especialista de Investimento pela ANBIMA - CEA, atuando no mercado financeiro desde 2019. Formado em Engenharia F\u00edsica pela Ufscar, com MBA em Finan\u00e7as pela Ufscar. \\\"Sou apaixonado pelo mercado financeiro e por tudo que ele representa. Tenho como prop\u00f3sito ajudar as pessoas a criarem seus planos de investimento, com isso tornando seus objetivos poss\u00edveis ao longo do tempo. Acredito que sem uma base bem difundida em educa\u00e7\u00e3o financeira uma na\u00e7\u00e3o dificilmente se torna pr\u00f3spera, e irei realizar meu papel para mudar esta realidade de nosso pa\u00eds.\\\"\",\"url\":\"https:\/\/www.suno.com.br\/noticias\/author\/renan-bonini\/\"}]}<\/script>\n<!-- \/ Yoast SEO plugin. -->","yoast_head_json":{"title":"O pr\u00eamio pela paci\u00eancia e diversifica\u00e7\u00e3o - Suno Not\u00edcias","description":"Por meio de um comparativo entre o Ibovespa e o S&P500 desde o ano 2000, entenda a import\u00e2ncia da paci\u00eancia e da diversifica\u00e7\u00e3o.","robots":{"index":"index","follow":"follow","max-snippet":"max-snippet:-1","max-image-preview":"max-image-preview:large","max-video-preview":"max-video-preview:-1"},"canonical":"https:\/\/www.suno.com.br\/noticias\/colunas\/renan-bonini\/paciencia-diversificacao-comparativo-rb\/","og_locale":"pt_BR","og_type":"article","og_title":"O pr\u00eamio pela paci\u00eancia e diversifica\u00e7\u00e3o - Suno Not\u00edcias","og_description":"Por meio de um comparativo entre o Ibovespa e o S&P500 desde o ano 2000, entenda a import\u00e2ncia da paci\u00eancia e da diversifica\u00e7\u00e3o.","og_url":"https:\/\/www.suno.com.br\/noticias\/colunas\/renan-bonini\/paciencia-diversificacao-comparativo-rb\/","og_site_name":"Suno Not\u00edcias","article_publisher":"https:\/\/facebook.com\/sunoresearch","og_image":[{"width":1254,"height":836,"url":"https:\/\/files.sunoresearch.com.br\/n\/uploads\/2024\/04\/iStock-1296121216.jpg","type":"image\/jpeg"}],"twitter_card":"summary_large_image","twitter_site":"@sunoresearch","twitter_misc":{"Est. tempo de leitura":"3 minutos"},"schema":{"@context":"https:\/\/schema.org","@graph":[{"@type":"Article","@id":"https:\/\/www.suno.com.br\/noticias\/colunas\/renan-bonini\/paciencia-diversificacao-comparativo-rb\/#article","isPartOf":{"@id":"https:\/\/www.suno.com.br\/noticias\/colunas\/renan-bonini\/paciencia-diversificacao-comparativo-rb\/"},"author":{"name":"Renan Bonini","@id":"https:\/\/www.suno.com.br\/noticias\/#\/schema\/person\/5e84557462b3a64142a9298d4123ba65"},"headline":"O pr\u00eamio pela paci\u00eancia e diversifica\u00e7\u00e3o","datePublished":"2024-11-06T18:02:20+00:00","dateModified":"2024-11-06T18:03:27+00:00","mainEntityOfPage":{"@id":"https:\/\/www.suno.com.br\/noticias\/colunas\/renan-bonini\/paciencia-diversificacao-comparativo-rb\/"},"wordCount":687,"publisher":{"@id":"https:\/\/www.suno.com.br\/noticias\/#organization"},"image":{"@id":"https:\/\/www.suno.com.br\/noticias\/colunas\/renan-bonini\/paciencia-diversificacao-comparativo-rb\/#primaryimage"},"thumbnailUrl":"https:\/\/files.sunoresearch.com.br\/n\/uploads\/2024\/04\/iStock-1296121216.jpg","inLanguage":"pt-BR"},{"@type":"WebPage","@id":"https:\/\/www.suno.com.br\/noticias\/colunas\/renan-bonini\/paciencia-diversificacao-comparativo-rb\/","url":"https:\/\/www.suno.com.br\/noticias\/colunas\/renan-bonini\/paciencia-diversificacao-comparativo-rb\/","name":"O pr\u00eamio pela paci\u00eancia e diversifica\u00e7\u00e3o - Suno Not\u00edcias","isPartOf":{"@id":"https:\/\/www.suno.com.br\/noticias\/#website"},"primaryImageOfPage":{"@id":"https:\/\/www.suno.com.br\/noticias\/colunas\/renan-bonini\/paciencia-diversificacao-comparativo-rb\/#primaryimage"},"image":{"@id":"https:\/\/www.suno.com.br\/noticias\/colunas\/renan-bonini\/paciencia-diversificacao-comparativo-rb\/#primaryimage"},"thumbnailUrl":"https:\/\/files.sunoresearch.com.br\/n\/uploads\/2024\/04\/iStock-1296121216.jpg","datePublished":"2024-11-06T18:02:20+00:00","dateModified":"2024-11-06T18:03:27+00:00","description":"Por meio de um comparativo entre o Ibovespa e o S&P500 desde o ano 2000, entenda a import\u00e2ncia da paci\u00eancia e da diversifica\u00e7\u00e3o.","breadcrumb":{"@id":"https:\/\/www.suno.com.br\/noticias\/colunas\/renan-bonini\/paciencia-diversificacao-comparativo-rb\/#breadcrumb"},"inLanguage":"pt-BR","potentialAction":[{"@type":"ReadAction","target":["https:\/\/www.suno.com.br\/noticias\/colunas\/renan-bonini\/paciencia-diversificacao-comparativo-rb\/"]}]},{"@type":"ImageObject","inLanguage":"pt-BR","@id":"https:\/\/www.suno.com.br\/noticias\/colunas\/renan-bonini\/paciencia-diversificacao-comparativo-rb\/#primaryimage","url":"https:\/\/files.sunoresearch.com.br\/n\/uploads\/2024\/04\/iStock-1296121216.jpg","contentUrl":"https:\/\/files.sunoresearch.com.br\/n\/uploads\/2024\/04\/iStock-1296121216.jpg","width":1254,"height":836,"caption":"Safra v\u00ea BBAS3 sob press\u00e3o Foto: iStock"},{"@type":"BreadcrumbList","@id":"https:\/\/www.suno.com.br\/noticias\/colunas\/renan-bonini\/paciencia-diversificacao-comparativo-rb\/#breadcrumb","itemListElement":[{"@type":"ListItem","position":1,"name":"Not\u00edcias","item":"https:\/\/www.suno.com.br\/noticias\/"},{"@type":"ListItem","position":2,"name":"Colunas","item":"https:\/\/www.suno.com.br\/noticias\/colunas\/"},{"@type":"ListItem","position":3,"name":"O pr\u00eamio pela paci\u00eancia e diversifica\u00e7\u00e3o"}]},{"@type":"WebSite","@id":"https:\/\/www.suno.com.br\/noticias\/#website","url":"https:\/\/www.suno.com.br\/noticias\/","name":"Suno Not\u00edcias","description":"Seu portal de informa\u00e7\u00e3o sobre o mundo dos investimentos","publisher":{"@id":"https:\/\/www.suno.com.br\/noticias\/#organization"},"potentialAction":[{"@type":"SearchAction","target":{"@type":"EntryPoint","urlTemplate":"https:\/\/www.suno.com.br\/noticias\/?s={search_term_string}"},"query-input":{"@type":"PropertyValueSpecification","valueRequired":true,"valueName":"search_term_string"}}],"inLanguage":"pt-BR"},{"@type":"Organization","@id":"https:\/\/www.suno.com.br\/noticias\/#organization","name":"Suno Not\u00edcias","url":"https:\/\/www.suno.com.br\/noticias\/","logo":{"@type":"ImageObject","inLanguage":"pt-BR","@id":"https:\/\/www.suno.com.br\/noticias\/#\/schema\/logo\/image\/","url":"https:\/\/files.sunoresearch.com.br\/n\/uploads\/2021\/09\/suno-logo.png","contentUrl":"https:\/\/files.sunoresearch.com.br\/n\/uploads\/2021\/09\/suno-logo.png","width":180,"height":180,"caption":"Suno Not\u00edcias"},"image":{"@id":"https:\/\/www.suno.com.br\/noticias\/#\/schema\/logo\/image\/"},"sameAs":["https:\/\/facebook.com\/sunoresearch","https:\/\/x.com\/sunoresearch","https:\/\/www.instagram.com\/suno","https:\/\/www.linkedin.com\/company\/suno-research\/","https:\/\/www.youtube.com\/c\/sunoresearch"]},{"@type":"Person","@id":"https:\/\/www.suno.com.br\/noticias\/#\/schema\/person\/5e84557462b3a64142a9298d4123ba65","name":"Renan Bonini","image":{"@type":"ImageObject","inLanguage":"pt-BR","@id":"https:\/\/www.suno.com.br\/noticias\/#\/schema\/person\/image\/","url":"https:\/\/secure.gravatar.com\/avatar\/d27cd53ae6c6997385c7f94919e031f4?s=96&r=g","contentUrl":"https:\/\/secure.gravatar.com\/avatar\/d27cd53ae6c6997385c7f94919e031f4?s=96&r=g","caption":"Renan Bonini"},"description":"Consultor de investimentos na Suno Consultoria Especialista de Investimento pela ANBIMA - CEA, atuando no mercado financeiro desde 2019. Formado em Engenharia F\u00edsica pela Ufscar, com MBA em Finan\u00e7as pela Ufscar. \"Sou apaixonado pelo mercado financeiro e por tudo que ele representa. Tenho como prop\u00f3sito ajudar as pessoas a criarem seus planos de investimento, com isso tornando seus objetivos poss\u00edveis ao longo do tempo. Acredito que sem uma base bem difundida em educa\u00e7\u00e3o financeira uma na\u00e7\u00e3o dificilmente se torna pr\u00f3spera, e irei realizar meu papel para mudar esta realidade de nosso pa\u00eds.\"","url":"https:\/\/www.suno.com.br\/noticias\/author\/renan-bonini\/"}]}},"amp_enabled":true,"_links":{"self":[{"href":"https:\/\/www.suno.com.br\/noticias\/wp-json\/wp\/v2\/suno_column\/582998"}],"collection":[{"href":"https:\/\/www.suno.com.br\/noticias\/wp-json\/wp\/v2\/suno_column"}],"about":[{"href":"https:\/\/www.suno.com.br\/noticias\/wp-json\/wp\/v2\/types\/suno_column"}],"author":[{"embeddable":true,"href":"https:\/\/www.suno.com.br\/noticias\/wp-json\/wp\/v2\/users\/296"}],"wp:featuredmedia":[{"embeddable":true,"href":"https:\/\/www.suno.com.br\/noticias\/wp-json\/wp\/v2\/media\/548866"}],"wp:attachment":[{"href":"https:\/\/www.suno.com.br\/noticias\/wp-json\/wp\/v2\/media?parent=582998"}],"wp:term":[{"taxonomy":"post_tag","embeddable":true,"href":"https:\/\/www.suno.com.br\/noticias\/wp-json\/wp\/v2\/tags?post=582998"}],"curies":[{"name":"wp","href":"https:\/\/api.w.org\/{rel}","templated":true}]}}