{"id":550349,"date":"2024-05-03T08:00:00","date_gmt":"2024-05-03T11:00:00","guid":{"rendered":"https:\/\/www.suno.com.br\/noticias\/colunas\/marco-lopes\/\/"},"modified":"2024-05-03T00:01:17","modified_gmt":"2024-05-03T03:01:17","slug":"subvencoes-lei-14789-desafios","status":"publish","type":"suno_column","link":"https:\/\/www.suno.com.br\/noticias\/colunas\/leandro-ferreira\/subvencoes-lei-14789-desafios\/","title":{"rendered":"O cen\u00e1rio das\u00a0subven\u00e7\u00f5es\u00a0com a promulga\u00e7\u00e3o da Lei 14.789: perspectivas e desafios"},"content":{"rendered":"<p>No primeiro dia de 2024, entrou em vigor a <strong>Lei 14.789\/23<\/strong>, que traz altera\u00e7\u00f5es e novas regras de tributa\u00e7\u00e3o de incentivos fiscais para investimentos concedidos por estados no ICMS (Imposto sobre Circula\u00e7\u00e3o de Mercadorias e Servi\u00e7os).<\/p>\t<div class=\"wrapper-featured-image\">\n\t\t<figure class=\"spotlightImg\">\n\n\t\t\t<picture>\n\t\t\t\t<source media=\"(max-width: 768px)\" srcset=\"https:\/\/files.sunoresearch.com.br\/n\/uploads\/2022\/11\/Colunistas-400x200.jpg\">\n\t\t\t\t<img loading=\"lazy\" decoding=\"async\" class=\"newsContent__article__imgCapa lazyloadDisabled newsContent__article__imgCapa--noCaption\" src=\"https:\/\/files.sunoresearch.com.br\/n\/uploads\/2022\/11\/Colunistas-800x450.jpg\" width=\"800\" height=\"450\" alt=\"O cen\u00e1rio das\u00a0subven\u00e7\u00f5es\u00a0com a promulga\u00e7\u00e3o da Lei 14.789: perspectivas e desafios\" fetchpriority=high \/>\n\t\t\t<\/picture>\n\n\t\t\t<figcaption class=\"wp-caption-text wp-caption-text--hide\"><\/figcaption>\n\t\t<\/figure>\n\t<\/div>\n\n\n\n\n\n\t<p>\n\t\t<a href=\"\" target=\"_blank\" data-element=\"shortcode-suno-banner\" title=\"Banner SUNO, clique e saiba mais\">\n\t\t\t<picture>\n\t\t\t\t<source media=\"(max-width: 500px)\" srcset=\"\">\n\t\t\t\t<img class=\"newsContent__article__imgCapa newsContent__article__imgCapa--banner\"\n\t\t\t\t\tsrc=\"\"\n\t\t\t\t\tdata-promo-id=\"240038\"\t\t\t\t\t\t\t\t\t\t\t\t\t\t\talt=\"\"\n\t\t\t\t>\n\t\t\t<\/picture>\n\t\t<\/a>\n\t<\/p>\n\n\n\n\n\n\n\n<p>A recente legisla\u00e7\u00e3o, conhecida como \u201cLei das Subven\u00e7\u00f5es\u201d, substitui a anterior \u2013 representada pelo que consta no artigo 19, par\u00e1grafo 3\u00ba, presente no decreto-lei 1.598\/77 e a lei 12.973\/14.<\/p>\n\n\n\n<p>Em resumo, a Lei 14.789\/23 estabelece que, via de regra, sobre os benef\u00edcios fiscais incidem normalmente IRPJ (Imposto sobre a Renda de Pessoas Jur\u00eddicas), pela CSLL (Contribui\u00e7\u00e3o Social sobre o Lucro L\u00edquido), PIS (Programa de Integra\u00e7\u00e3o Social) e COFINS (Contribui\u00e7\u00e3o para o Financiamento da Seguridade Social), salvo se efetivamente percebidos como subven\u00e7\u00f5es de investimento e mediante cumprimento de requisitos rigorosos, dentre eles os descritos no art. 7\u00ba da lei.<\/p>\n\n\n\t<p>\n\t\t<a href=\"https:\/\/lp.suno.com.br\/ebook-gratuito-investindo-no-exterior\/\" target=\"_blank\" data-element=\"shortcode-suno-banner\" title=\"Banner SUNO, clique e saiba mais\">\n\t\t\t<picture>\n\t\t\t\t<source media=\"(max-width: 500px)\" srcset=\"https:\/\/files.sunoresearch.com.br\/n\/uploads\/2023\/03\/400x300-Investindo-no-exterior.png\">\n\t\t\t\t<img class=\"newsContent__article__imgCapa newsContent__article__imgCapa--banner\"\n\t\t\t\t\tsrc=\"https:\/\/files.sunoresearch.com.br\/n\/uploads\/2023\/03\/1420x240-Investindo-no-exterior.png\"\n\t\t\t\t\tdata-promo-id=\"383161\"\t\t\t\t\t\t\t\t\t\twidth='1420' height='240'\t\t\t\t\talt=\"https:\/\/files.sunoresearch.com.br\/n\/uploads\/2023\/03\/1420x240-Investindo-no-exterior.png\"\n\t\t\t\t>\n\t\t\t<\/picture>\n\t\t<\/a>\n\t<\/p>\n\n\n\n\n\n<h2 class=\"wp-block-heading\">Lei 12.973\/14<\/h2>\n\n\n\n<p>Conforme consta no Art.30 da antiga legisla\u00e7\u00e3o, determinava-se que <strong>subven\u00e7\u00f5es para investimento<\/strong> n\u00e3o seriam tributadas pelo IRPJ e CSLL, o que representava uma redu\u00e7\u00e3o relevante da onerosidade tribut\u00e1ria para contribuintes do Lucro Real, sem profundas exig\u00eancias.<\/p>\n\n\n\n<p>Dentro desse cen\u00e1rio, estados que concediam incentivos fiscais de ICMS possibilitavam uma redu\u00e7\u00e3o no pagamento do tributo por meio de cr\u00e9dito presumido, redu\u00e7\u00e3o da base de c\u00e1lculo ou diferimento.<\/p>\n\n\n\n<p>A partir dos pontos estabelecidos pela nova lei, esse valor representa uma receita para a empresa que est\u00e1 no lucro real, visto que, sob essa nova perspectiva, os pagamentos de tais tributos, na verdade, n\u00e3o foram devidamente pagos.<\/p>\n\n\n\n<h2 class=\"wp-block-heading\">Mudan\u00e7as na pr\u00e1tica<\/h2>\n\n\n\n<p>A nova legisla\u00e7\u00e3o tornou mais rigorosos os requisitos para n\u00e3o tributa\u00e7\u00e3o de benef\u00edcios fiscais, bem como aumentou a carga tribut\u00e1ria neste cen\u00e1rio, j\u00e1 que limitou a 25% o cr\u00e9dito, contra uma carga de 34% de IR e CS.<\/p>\n\n\n\n<p>Al\u00e9m da maior <strong>carga tribut\u00e1ria<\/strong> temos ainda a reflexa e indevida tributa\u00e7\u00e3o federal sobre um benef\u00edcio de natureza estadual, que viola o pacto federativo, conforme trataremos a seguir.<\/p>\n\n\n\n<p>Essas mudan\u00e7as, naturalmente, trazem novos pontos de discuss\u00e3o e debate, tanto em \u00e2mbito administrativo quanto judicial, inclusive de natureza constitucional.<\/p>\n\n\n\n<h2 class=\"wp-block-heading\">Perspectivas do STJ<\/h2>\n\n\n\n<p>Um desses pontos se refere \u00e0 decis\u00e3o do STJ no ERESP 1.517.492\/PR, que definiu que cr\u00e9ditos presumidos de ICMS n\u00e3o poderiam ser tributados pelo IRPJ e CSLL, visto que se trata de um benef\u00edcio facultado pelos estados e que representaria uma transfer\u00eancia de patrim\u00f4nio do estado para o contribuinte \u2013 como maneira de contribuir com o desenvolvimento econ\u00f4mico. Ao mesmo tempo, isso indica que, sob o entendimento do tribunal, apenas o cr\u00e9dito presumido n\u00e3o seria tributado pelo IRPJ e CSLL.<\/p>\n\n\n\n<p>Ademais, para o \u00f3rg\u00e3o judici\u00e1rio, a tributa\u00e7\u00e3o desses cr\u00e9ditos representaria uma ofensa ao pacto federativo e \u00e0 Constitui\u00e7\u00e3o, visto que caracterizaria uma interfer\u00eancia da Uni\u00e3o sobre uma pol\u00edtica econ\u00f4mica estabelecida por um estado.<\/p>\n\n\n\n<p>Outro ponto importante nessa discuss\u00e3o diz respeito ao entendimento, que joga em favor dos contribuintes, de que subven\u00e7\u00f5es para investimento representam meros ingressos controlados no balan\u00e7o da organiza\u00e7\u00e3o e n\u00e3o podem ser utilizados de modo discricion\u00e1rio \u2013 n\u00e3o caracterizando, portanto, como receita automaticamente sujeita ao IRPJ, CSLL, PIS e COFINS.<\/p>\n\n\n\n<h2 class=\"wp-block-heading\">Pontos de controv\u00e9rsia<\/h2>\n\n\n\n<p>Em resumo, a Lei 14.789\/23 traz consigo um aumento da carga tribut\u00e1ria pelo governo, que estima uma arrecada\u00e7\u00e3o de R$ 35 bilh\u00f5es em 2024 com as altera\u00e7\u00f5es, em sua busca por formas de zerar o d\u00e9ficit fiscal. Ao mesmo tempo, cria uma lacuna jur\u00eddica, tendo em vista que n\u00e3o ressalvou os cr\u00e9ditos presumidos que n\u00e3o representam subven\u00e7\u00e3o para fins de tributa\u00e7\u00e3o.<\/p>\n\n\n\n<p>Assim, espera-se um cen\u00e1rio de alta litigiosidade no Judici\u00e1rio, haja vista que empresas contribuintes tendem a ingressar com a\u00e7\u00f5es judiciais, de modo tanto a n\u00e3o incluir o valor de subven\u00e7\u00f5es para investimento na base de c\u00e1lculo dos tributos referidos, como tamb\u00e9m a n\u00e3o aplicar a nova diretriz de tributa\u00e7\u00e3o \u2013 definida pela nova legisla\u00e7\u00e3o \u2013 ao cr\u00e9dito presumido de ICMS.<\/p>\n\n\n\n<p>Nosso Judici\u00e1rio j\u00e1 sinaliza de forma positiva ao contribuinte, a exemplo da liminar deferida nos autos do processo 5003807-14.2024.4.03.6100, em que a ju\u00edza, Dra. Cristiane Farias Rodrigues dos Santos, acertadamente decidiu \u201cque deve prevalecer o entendimento sedimentado pelo E. STJ e pelo C. TRF3 no sentido de que o cr\u00e9dito presumido de ICMS n\u00e3o integra a base de c\u00e1lculo do IRPJ e da CSLL, bem como da contribui\u00e7\u00e3o ao PIS e da COFINS, haja vista que lei posterior n\u00e3o tem o cond\u00e3o de alterar a pr\u00f3pria natureza jur\u00eddica do instituto, no caso, incentivo fiscal do cr\u00e9dito presumido do ICMS.\u201d<\/p>\n\n\n\n<p>Dentro desse contexto, refor\u00e7a-se a import\u00e2ncia de suporte especializado, tanto para o acompanhamento cont\u00ednuo das mudan\u00e7as fiscais do pa\u00eds, quanto para que as empresas busquem caminhos respaldados pela Lei para minimizarem o impacto de nossa j\u00e1 onerosa carga tribut\u00e1ria.<\/p>\n\n\n\t<p>\n\t\t<a href=\"https:\/\/lp.suno.com.br\/planilha-da-vida-financeira\/\" target=\"_blank\" data-element=\"shortcode-suno-banner\" title=\"Banner SUNO, clique e saiba mais\">\n\t\t\t<picture>\n\t\t\t\t<source media=\"(max-width: 500px)\" srcset=\"https:\/\/files.sunoresearch.com.br\/n\/uploads\/2023\/04\/400x300-Planilha-vida-financeira-true.png\">\n\t\t\t\t<img class=\"newsContent__article__imgCapa newsContent__article__imgCapa--banner\"\n\t\t\t\t\tsrc=\"https:\/\/files.sunoresearch.com.br\/n\/uploads\/2023\/04\/1420x240-Planilha-vida-financeira-true.png\"\n\t\t\t\t\tdata-promo-id=\"383123\"\t\t\t\t\t\t\t\t\t\twidth='1420' height='240'\t\t\t\t\talt=\"https:\/\/files.sunoresearch.com.br\/n\/uploads\/2023\/04\/1420x240-Planilha-vida-financeira-true.png\"\n\t\t\t\t>\n\t\t\t<\/picture>\n\t\t<\/a>\n\t<\/p>\n\n\n","protected":false},"excerpt":{"rendered":"<p>No primeiro dia de 2024, entrou em vigor a Lei 14.789\/23, que traz altera\u00e7\u00f5es e novas regras de tributa\u00e7\u00e3o de incentivos fiscais para investimentos concedidos por esta&#8230;<\/p>\n","protected":false},"author":308,"featured_media":323379,"template":"","tags":[1086,704],"class_list":["post-550349","suno_column","type-suno_column","status-publish","has-post-thumbnail","hentry","tag-icms","tag-impostos"],"yoast_head":"<!-- This site is optimized with the Yoast SEO plugin v24.4 - https:\/\/yoast.com\/wordpress\/plugins\/seo\/ -->\n<title>O cen\u00e1rio das\u00a0subven\u00e7\u00f5es\u00a0com a promulga\u00e7\u00e3o da Lei 14.789: perspectivas e desafios<\/title>\n<meta name=\"description\" content=\"A Lei 14.789\/23 traz consigo um aumento da carga tribut\u00e1ria pelo governo, que estima uma arrecada\u00e7\u00e3o de R$ 35 bi em 2024 com as altera\u00e7\u00f5es\" \/>\n<meta name=\"robots\" content=\"index, follow, max-snippet:-1, max-image-preview:large, max-video-preview:-1\" \/>\n<link rel=\"canonical\" href=\"https:\/\/www.suno.com.br\/noticias\/colunas\/leandro-ferreira\/subvencoes-lei-14789-desafios\/\" \/>\n<meta property=\"og:locale\" content=\"pt_BR\" \/>\n<meta property=\"og:type\" content=\"article\" \/>\n<meta property=\"og:title\" content=\"O cen\u00e1rio das\u00a0subven\u00e7\u00f5es\u00a0com a promulga\u00e7\u00e3o da Lei 14.789: perspectivas e desafios\" \/>\n<meta property=\"og:description\" content=\"A Lei 14.789\/23 traz consigo um aumento da carga tribut\u00e1ria pelo governo, que estima uma arrecada\u00e7\u00e3o de R$ 35 bi em 2024 com as altera\u00e7\u00f5es\" \/>\n<meta property=\"og:url\" content=\"https:\/\/www.suno.com.br\/noticias\/colunas\/leandro-ferreira\/subvencoes-lei-14789-desafios\/\" \/>\n<meta property=\"og:site_name\" content=\"Suno Not\u00edcias\" \/>\n<meta property=\"article:publisher\" content=\"https:\/\/facebook.com\/sunoresearch\" \/>\n<meta property=\"og:image\" content=\"http:\/\/files.sunoresearch.com.br\/n\/uploads\/2022\/11\/Colunistas.jpg\" \/>\n\t<meta property=\"og:image:width\" content=\"1550\" \/>\n\t<meta property=\"og:image:height\" content=\"810\" \/>\n\t<meta property=\"og:image:type\" content=\"image\/jpeg\" \/>\n<meta name=\"twitter:card\" content=\"summary_large_image\" \/>\n<meta name=\"twitter:site\" content=\"@sunoresearch\" \/>\n<meta name=\"twitter:label1\" content=\"Est. tempo de leitura\" \/>\n\t<meta name=\"twitter:data1\" content=\"5 minutos\" \/>\n<script type=\"application\/ld+json\" class=\"yoast-schema-graph\">{\"@context\":\"https:\/\/schema.org\",\"@graph\":[{\"@type\":\"Article\",\"@id\":\"https:\/\/www.suno.com.br\/noticias\/colunas\/leandro-ferreira\/subvencoes-lei-14789-desafios\/#article\",\"isPartOf\":{\"@id\":\"https:\/\/www.suno.com.br\/noticias\/colunas\/leandro-ferreira\/subvencoes-lei-14789-desafios\/\"},\"author\":{\"name\":\"Leandro Ferreira\",\"@id\":\"https:\/\/www.suno.com.br\/noticias\/#\/schema\/person\/c22f5bbcd06d2b38404a00f6e71a5c77\"},\"headline\":\"O cen\u00e1rio das\u00a0subven\u00e7\u00f5es\u00a0com a promulga\u00e7\u00e3o da Lei 14.789: perspectivas e desafios\",\"datePublished\":\"2024-05-03T11:00:00+00:00\",\"mainEntityOfPage\":{\"@id\":\"https:\/\/www.suno.com.br\/noticias\/colunas\/leandro-ferreira\/subvencoes-lei-14789-desafios\/\"},\"wordCount\":865,\"publisher\":{\"@id\":\"https:\/\/www.suno.com.br\/noticias\/#organization\"},\"image\":{\"@id\":\"https:\/\/www.suno.com.br\/noticias\/colunas\/leandro-ferreira\/subvencoes-lei-14789-desafios\/#primaryimage\"},\"thumbnailUrl\":\"https:\/\/files.sunoresearch.com.br\/n\/uploads\/2022\/11\/Colunistas.jpg\",\"keywords\":[\"ICMS\",\"impostos\"],\"inLanguage\":\"pt-BR\"},{\"@type\":\"WebPage\",\"@id\":\"https:\/\/www.suno.com.br\/noticias\/colunas\/leandro-ferreira\/subvencoes-lei-14789-desafios\/\",\"url\":\"https:\/\/www.suno.com.br\/noticias\/colunas\/leandro-ferreira\/subvencoes-lei-14789-desafios\/\",\"name\":\"O cen\u00e1rio das\u00a0subven\u00e7\u00f5es\u00a0com a promulga\u00e7\u00e3o da Lei 14.789: perspectivas e desafios\",\"isPartOf\":{\"@id\":\"https:\/\/www.suno.com.br\/noticias\/#website\"},\"primaryImageOfPage\":{\"@id\":\"https:\/\/www.suno.com.br\/noticias\/colunas\/leandro-ferreira\/subvencoes-lei-14789-desafios\/#primaryimage\"},\"image\":{\"@id\":\"https:\/\/www.suno.com.br\/noticias\/colunas\/leandro-ferreira\/subvencoes-lei-14789-desafios\/#primaryimage\"},\"thumbnailUrl\":\"https:\/\/files.sunoresearch.com.br\/n\/uploads\/2022\/11\/Colunistas.jpg\",\"datePublished\":\"2024-05-03T11:00:00+00:00\",\"description\":\"A Lei 14.789\/23 traz consigo um aumento da carga tribut\u00e1ria pelo governo, que estima uma arrecada\u00e7\u00e3o de R$ 35 bi em 2024 com as altera\u00e7\u00f5es\",\"breadcrumb\":{\"@id\":\"https:\/\/www.suno.com.br\/noticias\/colunas\/leandro-ferreira\/subvencoes-lei-14789-desafios\/#breadcrumb\"},\"inLanguage\":\"pt-BR\",\"potentialAction\":[{\"@type\":\"ReadAction\",\"target\":[\"https:\/\/www.suno.com.br\/noticias\/colunas\/leandro-ferreira\/subvencoes-lei-14789-desafios\/\"]}]},{\"@type\":\"ImageObject\",\"inLanguage\":\"pt-BR\",\"@id\":\"https:\/\/www.suno.com.br\/noticias\/colunas\/leandro-ferreira\/subvencoes-lei-14789-desafios\/#primaryimage\",\"url\":\"https:\/\/files.sunoresearch.com.br\/n\/uploads\/2022\/11\/Colunistas.jpg\",\"contentUrl\":\"https:\/\/files.sunoresearch.com.br\/n\/uploads\/2022\/11\/Colunistas.jpg\",\"width\":1550,\"height\":810},{\"@type\":\"BreadcrumbList\",\"@id\":\"https:\/\/www.suno.com.br\/noticias\/colunas\/leandro-ferreira\/subvencoes-lei-14789-desafios\/#breadcrumb\",\"itemListElement\":[{\"@type\":\"ListItem\",\"position\":1,\"name\":\"Not\u00edcias\",\"item\":\"https:\/\/www.suno.com.br\/noticias\/\"},{\"@type\":\"ListItem\",\"position\":2,\"name\":\"Colunas\",\"item\":\"https:\/\/www.suno.com.br\/noticias\/colunas\/\"},{\"@type\":\"ListItem\",\"position\":3,\"name\":\"O cen\u00e1rio das\u00a0subven\u00e7\u00f5es\u00a0com a promulga\u00e7\u00e3o da Lei 14.789: perspectivas e desafios\"}]},{\"@type\":\"WebSite\",\"@id\":\"https:\/\/www.suno.com.br\/noticias\/#website\",\"url\":\"https:\/\/www.suno.com.br\/noticias\/\",\"name\":\"Suno Not\u00edcias\",\"description\":\"Seu portal de informa\u00e7\u00e3o sobre o mundo dos investimentos\",\"publisher\":{\"@id\":\"https:\/\/www.suno.com.br\/noticias\/#organization\"},\"potentialAction\":[{\"@type\":\"SearchAction\",\"target\":{\"@type\":\"EntryPoint\",\"urlTemplate\":\"https:\/\/www.suno.com.br\/noticias\/?s={search_term_string}\"},\"query-input\":{\"@type\":\"PropertyValueSpecification\",\"valueRequired\":true,\"valueName\":\"search_term_string\"}}],\"inLanguage\":\"pt-BR\"},{\"@type\":\"Organization\",\"@id\":\"https:\/\/www.suno.com.br\/noticias\/#organization\",\"name\":\"Suno Not\u00edcias\",\"url\":\"https:\/\/www.suno.com.br\/noticias\/\",\"logo\":{\"@type\":\"ImageObject\",\"inLanguage\":\"pt-BR\",\"@id\":\"https:\/\/www.suno.com.br\/noticias\/#\/schema\/logo\/image\/\",\"url\":\"https:\/\/files.sunoresearch.com.br\/n\/uploads\/2021\/09\/suno-logo.png\",\"contentUrl\":\"https:\/\/files.sunoresearch.com.br\/n\/uploads\/2021\/09\/suno-logo.png\",\"width\":180,\"height\":180,\"caption\":\"Suno Not\u00edcias\"},\"image\":{\"@id\":\"https:\/\/www.suno.com.br\/noticias\/#\/schema\/logo\/image\/\"},\"sameAs\":[\"https:\/\/facebook.com\/sunoresearch\",\"https:\/\/x.com\/sunoresearch\",\"https:\/\/www.instagram.com\/suno\",\"https:\/\/www.linkedin.com\/company\/suno-research\/\",\"https:\/\/www.youtube.com\/c\/sunoresearch\"]},{\"@type\":\"Person\",\"@id\":\"https:\/\/www.suno.com.br\/noticias\/#\/schema\/person\/c22f5bbcd06d2b38404a00f6e71a5c77\",\"name\":\"Leandro Ferreira\",\"image\":{\"@type\":\"ImageObject\",\"inLanguage\":\"pt-BR\",\"@id\":\"https:\/\/www.suno.com.br\/noticias\/#\/schema\/person\/image\/\",\"url\":\"https:\/\/secure.gravatar.com\/avatar\/fe91a9b0e57fc508c10dc67eb31bb1a3?s=96&r=g\",\"contentUrl\":\"https:\/\/secure.gravatar.com\/avatar\/fe91a9b0e57fc508c10dc67eb31bb1a3?s=96&r=g\",\"caption\":\"Leandro Ferreira\"},\"description\":\"Leandro Ferreira \u00e9 S\u00f3cio Especialista em Revis\u00e3o e Planejamento Tribut\u00e1rio no Ferreira &amp; Vuono Advogados. O executivo \u00e9 P\u00f3s-Graduado em Direito Tribut\u00e1rio, possui mais de 15 anos de experi\u00eancia e, ao longo da carreira, tem desenvolvido as melhores solu\u00e7\u00f5es para que as empresas evoluam seu planejamento\u00a0tribut\u00e1rio.\",\"url\":\"https:\/\/www.suno.com.br\/noticias\/author\/leandro-ferreira\/\"}]}<\/script>\n<!-- \/ Yoast SEO plugin. -->","yoast_head_json":{"title":"O cen\u00e1rio das\u00a0subven\u00e7\u00f5es\u00a0com a promulga\u00e7\u00e3o da Lei 14.789: perspectivas e desafios","description":"A Lei 14.789\/23 traz consigo um aumento da carga tribut\u00e1ria pelo governo, que estima uma arrecada\u00e7\u00e3o de R$ 35 bi em 2024 com as altera\u00e7\u00f5es","robots":{"index":"index","follow":"follow","max-snippet":"max-snippet:-1","max-image-preview":"max-image-preview:large","max-video-preview":"max-video-preview:-1"},"canonical":"https:\/\/www.suno.com.br\/noticias\/colunas\/leandro-ferreira\/subvencoes-lei-14789-desafios\/","og_locale":"pt_BR","og_type":"article","og_title":"O cen\u00e1rio das\u00a0subven\u00e7\u00f5es\u00a0com a promulga\u00e7\u00e3o da Lei 14.789: perspectivas e desafios","og_description":"A Lei 14.789\/23 traz consigo um aumento da carga tribut\u00e1ria pelo governo, que estima uma arrecada\u00e7\u00e3o de R$ 35 bi em 2024 com as altera\u00e7\u00f5es","og_url":"https:\/\/www.suno.com.br\/noticias\/colunas\/leandro-ferreira\/subvencoes-lei-14789-desafios\/","og_site_name":"Suno Not\u00edcias","article_publisher":"https:\/\/facebook.com\/sunoresearch","og_image":[{"width":1550,"height":810,"url":"http:\/\/files.sunoresearch.com.br\/n\/uploads\/2022\/11\/Colunistas.jpg","type":"image\/jpeg"}],"twitter_card":"summary_large_image","twitter_site":"@sunoresearch","twitter_misc":{"Est. tempo de leitura":"5 minutos"},"schema":{"@context":"https:\/\/schema.org","@graph":[{"@type":"Article","@id":"https:\/\/www.suno.com.br\/noticias\/colunas\/leandro-ferreira\/subvencoes-lei-14789-desafios\/#article","isPartOf":{"@id":"https:\/\/www.suno.com.br\/noticias\/colunas\/leandro-ferreira\/subvencoes-lei-14789-desafios\/"},"author":{"name":"Leandro Ferreira","@id":"https:\/\/www.suno.com.br\/noticias\/#\/schema\/person\/c22f5bbcd06d2b38404a00f6e71a5c77"},"headline":"O cen\u00e1rio das\u00a0subven\u00e7\u00f5es\u00a0com a promulga\u00e7\u00e3o da Lei 14.789: perspectivas e desafios","datePublished":"2024-05-03T11:00:00+00:00","mainEntityOfPage":{"@id":"https:\/\/www.suno.com.br\/noticias\/colunas\/leandro-ferreira\/subvencoes-lei-14789-desafios\/"},"wordCount":865,"publisher":{"@id":"https:\/\/www.suno.com.br\/noticias\/#organization"},"image":{"@id":"https:\/\/www.suno.com.br\/noticias\/colunas\/leandro-ferreira\/subvencoes-lei-14789-desafios\/#primaryimage"},"thumbnailUrl":"https:\/\/files.sunoresearch.com.br\/n\/uploads\/2022\/11\/Colunistas.jpg","keywords":["ICMS","impostos"],"inLanguage":"pt-BR"},{"@type":"WebPage","@id":"https:\/\/www.suno.com.br\/noticias\/colunas\/leandro-ferreira\/subvencoes-lei-14789-desafios\/","url":"https:\/\/www.suno.com.br\/noticias\/colunas\/leandro-ferreira\/subvencoes-lei-14789-desafios\/","name":"O cen\u00e1rio das\u00a0subven\u00e7\u00f5es\u00a0com a promulga\u00e7\u00e3o da Lei 14.789: perspectivas e desafios","isPartOf":{"@id":"https:\/\/www.suno.com.br\/noticias\/#website"},"primaryImageOfPage":{"@id":"https:\/\/www.suno.com.br\/noticias\/colunas\/leandro-ferreira\/subvencoes-lei-14789-desafios\/#primaryimage"},"image":{"@id":"https:\/\/www.suno.com.br\/noticias\/colunas\/leandro-ferreira\/subvencoes-lei-14789-desafios\/#primaryimage"},"thumbnailUrl":"https:\/\/files.sunoresearch.com.br\/n\/uploads\/2022\/11\/Colunistas.jpg","datePublished":"2024-05-03T11:00:00+00:00","description":"A Lei 14.789\/23 traz consigo um aumento da carga tribut\u00e1ria pelo governo, que estima uma arrecada\u00e7\u00e3o de R$ 35 bi em 2024 com as altera\u00e7\u00f5es","breadcrumb":{"@id":"https:\/\/www.suno.com.br\/noticias\/colunas\/leandro-ferreira\/subvencoes-lei-14789-desafios\/#breadcrumb"},"inLanguage":"pt-BR","potentialAction":[{"@type":"ReadAction","target":["https:\/\/www.suno.com.br\/noticias\/colunas\/leandro-ferreira\/subvencoes-lei-14789-desafios\/"]}]},{"@type":"ImageObject","inLanguage":"pt-BR","@id":"https:\/\/www.suno.com.br\/noticias\/colunas\/leandro-ferreira\/subvencoes-lei-14789-desafios\/#primaryimage","url":"https:\/\/files.sunoresearch.com.br\/n\/uploads\/2022\/11\/Colunistas.jpg","contentUrl":"https:\/\/files.sunoresearch.com.br\/n\/uploads\/2022\/11\/Colunistas.jpg","width":1550,"height":810},{"@type":"BreadcrumbList","@id":"https:\/\/www.suno.com.br\/noticias\/colunas\/leandro-ferreira\/subvencoes-lei-14789-desafios\/#breadcrumb","itemListElement":[{"@type":"ListItem","position":1,"name":"Not\u00edcias","item":"https:\/\/www.suno.com.br\/noticias\/"},{"@type":"ListItem","position":2,"name":"Colunas","item":"https:\/\/www.suno.com.br\/noticias\/colunas\/"},{"@type":"ListItem","position":3,"name":"O cen\u00e1rio das\u00a0subven\u00e7\u00f5es\u00a0com a promulga\u00e7\u00e3o da Lei 14.789: perspectivas e desafios"}]},{"@type":"WebSite","@id":"https:\/\/www.suno.com.br\/noticias\/#website","url":"https:\/\/www.suno.com.br\/noticias\/","name":"Suno Not\u00edcias","description":"Seu portal de informa\u00e7\u00e3o sobre o mundo dos investimentos","publisher":{"@id":"https:\/\/www.suno.com.br\/noticias\/#organization"},"potentialAction":[{"@type":"SearchAction","target":{"@type":"EntryPoint","urlTemplate":"https:\/\/www.suno.com.br\/noticias\/?s={search_term_string}"},"query-input":{"@type":"PropertyValueSpecification","valueRequired":true,"valueName":"search_term_string"}}],"inLanguage":"pt-BR"},{"@type":"Organization","@id":"https:\/\/www.suno.com.br\/noticias\/#organization","name":"Suno Not\u00edcias","url":"https:\/\/www.suno.com.br\/noticias\/","logo":{"@type":"ImageObject","inLanguage":"pt-BR","@id":"https:\/\/www.suno.com.br\/noticias\/#\/schema\/logo\/image\/","url":"https:\/\/files.sunoresearch.com.br\/n\/uploads\/2021\/09\/suno-logo.png","contentUrl":"https:\/\/files.sunoresearch.com.br\/n\/uploads\/2021\/09\/suno-logo.png","width":180,"height":180,"caption":"Suno Not\u00edcias"},"image":{"@id":"https:\/\/www.suno.com.br\/noticias\/#\/schema\/logo\/image\/"},"sameAs":["https:\/\/facebook.com\/sunoresearch","https:\/\/x.com\/sunoresearch","https:\/\/www.instagram.com\/suno","https:\/\/www.linkedin.com\/company\/suno-research\/","https:\/\/www.youtube.com\/c\/sunoresearch"]},{"@type":"Person","@id":"https:\/\/www.suno.com.br\/noticias\/#\/schema\/person\/c22f5bbcd06d2b38404a00f6e71a5c77","name":"Leandro Ferreira","image":{"@type":"ImageObject","inLanguage":"pt-BR","@id":"https:\/\/www.suno.com.br\/noticias\/#\/schema\/person\/image\/","url":"https:\/\/secure.gravatar.com\/avatar\/fe91a9b0e57fc508c10dc67eb31bb1a3?s=96&r=g","contentUrl":"https:\/\/secure.gravatar.com\/avatar\/fe91a9b0e57fc508c10dc67eb31bb1a3?s=96&r=g","caption":"Leandro Ferreira"},"description":"Leandro Ferreira \u00e9 S\u00f3cio Especialista em Revis\u00e3o e Planejamento Tribut\u00e1rio no Ferreira &amp; Vuono Advogados. O executivo \u00e9 P\u00f3s-Graduado em Direito Tribut\u00e1rio, possui mais de 15 anos de experi\u00eancia e, ao longo da carreira, tem desenvolvido as melhores solu\u00e7\u00f5es para que as empresas evoluam seu planejamento\u00a0tribut\u00e1rio.","url":"https:\/\/www.suno.com.br\/noticias\/author\/leandro-ferreira\/"}]}},"amp_enabled":true,"_links":{"self":[{"href":"https:\/\/www.suno.com.br\/noticias\/wp-json\/wp\/v2\/suno_column\/550349"}],"collection":[{"href":"https:\/\/www.suno.com.br\/noticias\/wp-json\/wp\/v2\/suno_column"}],"about":[{"href":"https:\/\/www.suno.com.br\/noticias\/wp-json\/wp\/v2\/types\/suno_column"}],"author":[{"embeddable":true,"href":"https:\/\/www.suno.com.br\/noticias\/wp-json\/wp\/v2\/users\/308"}],"wp:featuredmedia":[{"embeddable":true,"href":"https:\/\/www.suno.com.br\/noticias\/wp-json\/wp\/v2\/media\/323379"}],"wp:attachment":[{"href":"https:\/\/www.suno.com.br\/noticias\/wp-json\/wp\/v2\/media?parent=550349"}],"wp:term":[{"taxonomy":"post_tag","embeddable":true,"href":"https:\/\/www.suno.com.br\/noticias\/wp-json\/wp\/v2\/tags?post=550349"}],"curies":[{"name":"wp","href":"https:\/\/api.w.org\/{rel}","templated":true}]}}