{"id":543156,"date":"2024-04-15T08:00:00","date_gmt":"2024-04-15T11:00:00","guid":{"rendered":"https:\/\/www.suno.com.br\/noticias\/colunas\/marco-lopes\/\/"},"modified":"2024-04-11T19:52:49","modified_gmt":"2024-04-11T22:52:49","slug":"sua-empresa-aproveita-potencial-fatura-jornada-financeira","status":"publish","type":"suno_column","link":"https:\/\/www.suno.com.br\/noticias\/colunas\/danilo-pecorari\/sua-empresa-aproveita-potencial-fatura-jornada-financeira\/","title":{"rendered":"Sua empresa aproveita o potencial da fatura na jornada financeira?"},"content":{"rendered":"<p>O processo de faturamento e cobran\u00e7a, considerando todas as suas engrenagens, \u00e9 inegavelmente cr\u00edtico e complexo. Investir para transformar a jornada em um relacionamento assertivo e condizente com o que o cliente espera, gerando engajamento e fortalecendo o elo entre empresa e usu\u00e1rio, \u00e9 desafiador, sobretudo porque, na maioria das vezes, falta entender o protagonismo dos <strong>dados financeiros<\/strong>, isto \u00e9, estruturar e trabalh\u00e1-los adequadamente. Atualmente, temos atritos no relacionamento financeiro os quais, se n\u00e3o devidamente contornados, podem terminar em experi\u00eancias negativas, que ferem a reputa\u00e7\u00e3o da empresa, gerando a perda de clientes e aumentando os \u00edndices de inadimpl\u00eancia.<\/p>\t<div class=\"wrapper-featured-image\">\n\t\t<figure class=\"spotlightImg\">\n\n\t\t\t<picture>\n\t\t\t\t<source media=\"(max-width: 768px)\" srcset=\"https:\/\/files.sunoresearch.com.br\/n\/uploads\/2022\/11\/Colunistas-400x200.jpg\">\n\t\t\t\t<img loading=\"lazy\" decoding=\"async\" class=\"newsContent__article__imgCapa lazyloadDisabled newsContent__article__imgCapa--noCaption\" src=\"https:\/\/files.sunoresearch.com.br\/n\/uploads\/2022\/11\/Colunistas-800x450.jpg\" width=\"800\" height=\"450\" alt=\"Sua empresa aproveita o potencial da fatura na jornada financeira?\" fetchpriority=high \/>\n\t\t\t<\/picture>\n\n\t\t\t<figcaption class=\"wp-caption-text wp-caption-text--hide\"><\/figcaption>\n\t\t<\/figure>\n\t<\/div>\n\n\n\n\n\n\t<p>\n\t\t<a href=\"\" target=\"_blank\" data-element=\"shortcode-suno-banner\" title=\"Banner SUNO, clique e saiba mais\">\n\t\t\t<picture>\n\t\t\t\t<source media=\"(max-width: 500px)\" srcset=\"\">\n\t\t\t\t<img class=\"newsContent__article__imgCapa newsContent__article__imgCapa--banner\"\n\t\t\t\t\tsrc=\"\"\n\t\t\t\t\tdata-promo-id=\"240038\"\t\t\t\t\t\t\t\t\t\t\t\t\t\t\talt=\"\"\n\t\t\t\t>\n\t\t\t<\/picture>\n\t\t<\/a>\n\t<\/p>\n\n\n\n\n\n\n\n<p>A <strong>fatura<\/strong>, por sinal, acaba sendo subestimada por muitas empresas, que pecam em reconhecer o potencial do processo para a gera\u00e7\u00e3o de neg\u00f3cio e fideliza\u00e7\u00e3o do cliente. Cada vez mais, \u00e9 preciso pensar \u2018fora da caixinha\u2019, por um recebimento e pagamento de faturas que saia do senso comum e crie experi\u00eancias financeiras agrad\u00e1veis e memor\u00e1veis ao cliente. Isso demanda maturidade e tecnologia em um aspecto cr\u00edtico para toda <strong>gest\u00e3o financeira<\/strong>, que \u00e9 o armazenamento e uso dos dados.<\/p>\n\n\n\n<h2 class=\"wp-block-heading\">\u201cArrumando a casa\u201d: um novo patamar estrat\u00e9gico para orquestra\u00e7\u00e3o dos dados financeiros<\/h2>\n\n\n\n<p>Antes de qualquer coisa, para uma empresa que objetiva levar dados 100% corretos \u00e0 <strong>jornada financeira<\/strong>, evitando equ\u00edvocos prejudiciais e at\u00e9 irrevers\u00edveis, \u00e9 fundamental o uso de <strong>solu\u00e7\u00f5es tecnol\u00f3gicas<\/strong> especializadas, capazes de automatizar esse processo. Resumidamente, se em outros tempos, apoiar o manuseio de informa\u00e7\u00f5es em sistemas manuais era a \u00fanica alternativa, hoje, o mercado mudou, e disponibiliza plataformas (com destaque para o <strong>Software as a Service <\/strong>ou SaaS) desenvolvidas justamente para impulsionar a efici\u00eancia e assegurar a seguran\u00e7a dessas opera\u00e7\u00f5es. Sendo bastante incisivo, esse \u00e9 um requisito praticamente obrigat\u00f3rio.<\/p>\n\n\n\n<p>Com a infraestrutura tecnol\u00f3gica bem definida, o leque se abre para a possibilidade de mapear e redesenhar processos relacionados \u00e0 comunica\u00e7\u00e3o financeira. Validando e revalidando informa\u00e7\u00f5es, passando por todo o fluxo de gest\u00e3o dos dados financeiros que compreende a estrutura\u00e7\u00e3o e o envio das faturas, abre-se portas para que a empresa levante melhores referenciais sobre o comportamento de cada cliente e crie, por exemplo, campanhas hiperpersonalizadas dentro das faturas. Na pr\u00e1tica, o setor conta com o aporte de uma base de informa\u00e7\u00f5es que serve como par\u00e2metro para o diagn\u00f3stico de riscos e oportunidades.<\/p>\n\n\n\t<p>\n\t\t<a href=\"https:\/\/lp.suno.com.br\/ebook-gratuito-investindo-no-exterior\/\" target=\"_blank\" data-element=\"shortcode-suno-banner\" title=\"Banner SUNO, clique e saiba mais\">\n\t\t\t<picture>\n\t\t\t\t<source media=\"(max-width: 500px)\" srcset=\"https:\/\/files.sunoresearch.com.br\/n\/uploads\/2023\/03\/400x300-Investindo-no-exterior.png\">\n\t\t\t\t<img class=\"newsContent__article__imgCapa newsContent__article__imgCapa--banner\"\n\t\t\t\t\tsrc=\"https:\/\/files.sunoresearch.com.br\/n\/uploads\/2023\/03\/1420x240-Investindo-no-exterior.png\"\n\t\t\t\t\tdata-promo-id=\"383161\"\t\t\t\t\t\t\t\t\t\twidth='1420' height='240'\t\t\t\t\talt=\"https:\/\/files.sunoresearch.com.br\/n\/uploads\/2023\/03\/1420x240-Investindo-no-exterior.png\"\n\t\t\t\t>\n\t\t\t<\/picture>\n\t\t<\/a>\n\t<\/p>\n\n\n\n\n\n<h2 class=\"wp-block-heading\">Os reflexos para a fatura<\/h2>\n\n\n\n<p>Com esse plano de fundo de alta maturidade informacional e um ritmo de imers\u00e3o em toda e qualquer informa\u00e7\u00e3o considerada relevante para a jornada financeira, o processo de faturamento pode ser direcionado com muito mais coer\u00eancia e assertividade. Esse mapeamento n\u00e3o s\u00f3 reduz riscos, como traz insights para que as estrat\u00e9gias mais indicadas sejam tra\u00e7adas. A fatura \u00e9 uma pe\u00e7a-chave no relacionamento das empresas, visto que a comunica\u00e7\u00e3o financeira \u00e9, hoje, o tipo de conte\u00fado que mais gera engajamento, com mais aberturas e cliques dos clientes, e a estrutura\u00e7\u00e3o adequada dos dados financeiros, bem como a entrega omnicanal, usando intelig\u00eancia contextual e an\u00e1lise de dados, potencializam a experi\u00eancia financeira do usu\u00e1rio.<\/p>\n\n\n\n<p>Afinal, o contexto e o comportamento do cliente podem mudar com certa frequ\u00eancia, exigindo um olhar em tempo real. Os reflexos de destravar o valor da <strong>experi\u00eancia financeira<\/strong> pelo uso inteligente de dados influenciam a fatura exatamente nesse sentido, por uma r\u00e9gua de faturamento e cobran\u00e7a suficientemente madura e respaldada analiticamente, que tenha todas as ferramentas necess\u00e1rias para compreender e atender \u00e0s demandas dos usu\u00e1rios, em tempo real.<\/p>\n\n\n\n<p>Voc\u00ea j\u00e1 deve ter escutado, eventualmente, que os dados s\u00e3o ativos valiosos para organiza\u00e7\u00f5es. Isso \u00e9 ainda mais valioso se considerados os dados comportamentais aplicados na \u00e1rea financeira, enquanto objetos transformadores por uma jornada financeira livre de surpresas indesej\u00e1veis, com informa\u00e7\u00f5es corretas, diagn\u00f3sticos precisos e oportunidades de personaliza\u00e7\u00e3o. Sem d\u00favida, por um processo de faturamento efetivo e uma comunica\u00e7\u00e3o realmente aderente, chegou a hora de alocarmos \u00e0 fatura sua devida import\u00e2ncia. No fim, todas as partes saem vencedoras com esse mindset inovador, e os dados, se bem utilizados, s\u00e3o protagonistas nessa hist\u00f3ria.<\/p>\n\n\n\t<p>\n\t\t<a href=\"https:\/\/lp.suno.com.br\/planilha-da-vida-financeira\/\" target=\"_blank\" data-element=\"shortcode-suno-banner\" title=\"Banner SUNO, clique e saiba mais\">\n\t\t\t<picture>\n\t\t\t\t<source media=\"(max-width: 500px)\" srcset=\"https:\/\/files.sunoresearch.com.br\/n\/uploads\/2023\/04\/400x300-Planilha-vida-financeira-true.png\">\n\t\t\t\t<img class=\"newsContent__article__imgCapa newsContent__article__imgCapa--banner\"\n\t\t\t\t\tsrc=\"https:\/\/files.sunoresearch.com.br\/n\/uploads\/2023\/04\/1420x240-Planilha-vida-financeira-true.png\"\n\t\t\t\t\tdata-promo-id=\"383123\"\t\t\t\t\t\t\t\t\t\twidth='1420' height='240'\t\t\t\t\talt=\"https:\/\/files.sunoresearch.com.br\/n\/uploads\/2023\/04\/1420x240-Planilha-vida-financeira-true.png\"\n\t\t\t\t>\n\t\t\t<\/picture>\n\t\t<\/a>\n\t<\/p>\n\n\n","protected":false},"excerpt":{"rendered":"<p>O processo de faturamento e cobran\u00e7a, considerando todas as suas engrenagens, \u00e9 inegavelmente cr\u00edtico e complexo. Investir para transformar a jornada em um relacioname&#8230;<\/p>\n","protected":false},"author":364,"featured_media":323379,"template":"","tags":[],"class_list":["post-543156","suno_column","type-suno_column","status-publish","has-post-thumbnail","hentry"],"yoast_head":"<!-- This site is optimized with the Yoast SEO plugin v24.4 - https:\/\/yoast.com\/wordpress\/plugins\/seo\/ -->\n<title>Sua empresa aproveita o potencial da fatura na jornada financeira? - Suno Not\u00edcias<\/title>\n<meta name=\"description\" content=\"Compreender a import\u00e2ncia da fatura na jornada financeira \u00e9 o primeiro passo para explor\u00e1-la adequadamente\" \/>\n<meta name=\"robots\" content=\"index, follow, max-snippet:-1, max-image-preview:large, max-video-preview:-1\" \/>\n<link rel=\"canonical\" href=\"https:\/\/www.suno.com.br\/noticias\/colunas\/danilo-pecorari\/sua-empresa-aproveita-potencial-fatura-jornada-financeira\/\" \/>\n<meta property=\"og:locale\" content=\"pt_BR\" \/>\n<meta property=\"og:type\" content=\"article\" \/>\n<meta property=\"og:title\" content=\"Sua empresa aproveita o potencial da fatura na jornada financeira? - Suno Not\u00edcias\" \/>\n<meta property=\"og:description\" content=\"Compreender a import\u00e2ncia da fatura na jornada financeira \u00e9 o primeiro passo para explor\u00e1-la adequadamente\" \/>\n<meta property=\"og:url\" content=\"https:\/\/www.suno.com.br\/noticias\/colunas\/danilo-pecorari\/sua-empresa-aproveita-potencial-fatura-jornada-financeira\/\" \/>\n<meta property=\"og:site_name\" content=\"Suno Not\u00edcias\" \/>\n<meta property=\"article:publisher\" content=\"https:\/\/facebook.com\/sunoresearch\" \/>\n<meta property=\"og:image\" content=\"http:\/\/files.sunoresearch.com.br\/n\/uploads\/2022\/11\/Colunistas.jpg\" \/>\n\t<meta property=\"og:image:width\" content=\"1550\" \/>\n\t<meta property=\"og:image:height\" content=\"810\" \/>\n\t<meta property=\"og:image:type\" content=\"image\/jpeg\" \/>\n<meta name=\"twitter:card\" content=\"summary_large_image\" \/>\n<meta name=\"twitter:site\" content=\"@sunoresearch\" \/>\n<meta name=\"twitter:label1\" content=\"Est. tempo de leitura\" \/>\n\t<meta name=\"twitter:data1\" content=\"4 minutos\" \/>\n<script type=\"application\/ld+json\" class=\"yoast-schema-graph\">{\"@context\":\"https:\/\/schema.org\",\"@graph\":[{\"@type\":\"Article\",\"@id\":\"https:\/\/www.suno.com.br\/noticias\/colunas\/danilo-pecorari\/sua-empresa-aproveita-potencial-fatura-jornada-financeira\/#article\",\"isPartOf\":{\"@id\":\"https:\/\/www.suno.com.br\/noticias\/colunas\/danilo-pecorari\/sua-empresa-aproveita-potencial-fatura-jornada-financeira\/\"},\"author\":{\"name\":\"Danilo Pecorari\",\"@id\":\"https:\/\/www.suno.com.br\/noticias\/#\/schema\/person\/2ba1f8221063153524a93438b95331a7\"},\"headline\":\"Sua empresa aproveita o potencial da fatura na jornada financeira?\",\"datePublished\":\"2024-04-15T11:00:00+00:00\",\"mainEntityOfPage\":{\"@id\":\"https:\/\/www.suno.com.br\/noticias\/colunas\/danilo-pecorari\/sua-empresa-aproveita-potencial-fatura-jornada-financeira\/\"},\"wordCount\":719,\"publisher\":{\"@id\":\"https:\/\/www.suno.com.br\/noticias\/#organization\"},\"image\":{\"@id\":\"https:\/\/www.suno.com.br\/noticias\/colunas\/danilo-pecorari\/sua-empresa-aproveita-potencial-fatura-jornada-financeira\/#primaryimage\"},\"thumbnailUrl\":\"https:\/\/files.sunoresearch.com.br\/n\/uploads\/2022\/11\/Colunistas.jpg\",\"inLanguage\":\"pt-BR\"},{\"@type\":\"WebPage\",\"@id\":\"https:\/\/www.suno.com.br\/noticias\/colunas\/danilo-pecorari\/sua-empresa-aproveita-potencial-fatura-jornada-financeira\/\",\"url\":\"https:\/\/www.suno.com.br\/noticias\/colunas\/danilo-pecorari\/sua-empresa-aproveita-potencial-fatura-jornada-financeira\/\",\"name\":\"Sua empresa aproveita o potencial da fatura na jornada financeira? - Suno Not\u00edcias\",\"isPartOf\":{\"@id\":\"https:\/\/www.suno.com.br\/noticias\/#website\"},\"primaryImageOfPage\":{\"@id\":\"https:\/\/www.suno.com.br\/noticias\/colunas\/danilo-pecorari\/sua-empresa-aproveita-potencial-fatura-jornada-financeira\/#primaryimage\"},\"image\":{\"@id\":\"https:\/\/www.suno.com.br\/noticias\/colunas\/danilo-pecorari\/sua-empresa-aproveita-potencial-fatura-jornada-financeira\/#primaryimage\"},\"thumbnailUrl\":\"https:\/\/files.sunoresearch.com.br\/n\/uploads\/2022\/11\/Colunistas.jpg\",\"datePublished\":\"2024-04-15T11:00:00+00:00\",\"description\":\"Compreender a import\u00e2ncia da fatura na jornada financeira \u00e9 o primeiro passo para explor\u00e1-la adequadamente\",\"breadcrumb\":{\"@id\":\"https:\/\/www.suno.com.br\/noticias\/colunas\/danilo-pecorari\/sua-empresa-aproveita-potencial-fatura-jornada-financeira\/#breadcrumb\"},\"inLanguage\":\"pt-BR\",\"potentialAction\":[{\"@type\":\"ReadAction\",\"target\":[\"https:\/\/www.suno.com.br\/noticias\/colunas\/danilo-pecorari\/sua-empresa-aproveita-potencial-fatura-jornada-financeira\/\"]}]},{\"@type\":\"ImageObject\",\"inLanguage\":\"pt-BR\",\"@id\":\"https:\/\/www.suno.com.br\/noticias\/colunas\/danilo-pecorari\/sua-empresa-aproveita-potencial-fatura-jornada-financeira\/#primaryimage\",\"url\":\"https:\/\/files.sunoresearch.com.br\/n\/uploads\/2022\/11\/Colunistas.jpg\",\"contentUrl\":\"https:\/\/files.sunoresearch.com.br\/n\/uploads\/2022\/11\/Colunistas.jpg\",\"width\":1550,\"height\":810},{\"@type\":\"BreadcrumbList\",\"@id\":\"https:\/\/www.suno.com.br\/noticias\/colunas\/danilo-pecorari\/sua-empresa-aproveita-potencial-fatura-jornada-financeira\/#breadcrumb\",\"itemListElement\":[{\"@type\":\"ListItem\",\"position\":1,\"name\":\"Not\u00edcias\",\"item\":\"https:\/\/www.suno.com.br\/noticias\/\"},{\"@type\":\"ListItem\",\"position\":2,\"name\":\"Colunas\",\"item\":\"https:\/\/www.suno.com.br\/noticias\/colunas\/\"},{\"@type\":\"ListItem\",\"position\":3,\"name\":\"Sua empresa aproveita o potencial da fatura na jornada financeira?\"}]},{\"@type\":\"WebSite\",\"@id\":\"https:\/\/www.suno.com.br\/noticias\/#website\",\"url\":\"https:\/\/www.suno.com.br\/noticias\/\",\"name\":\"Suno Not\u00edcias\",\"description\":\"Seu portal de informa\u00e7\u00e3o sobre o mundo dos investimentos\",\"publisher\":{\"@id\":\"https:\/\/www.suno.com.br\/noticias\/#organization\"},\"potentialAction\":[{\"@type\":\"SearchAction\",\"target\":{\"@type\":\"EntryPoint\",\"urlTemplate\":\"https:\/\/www.suno.com.br\/noticias\/?s={search_term_string}\"},\"query-input\":{\"@type\":\"PropertyValueSpecification\",\"valueRequired\":true,\"valueName\":\"search_term_string\"}}],\"inLanguage\":\"pt-BR\"},{\"@type\":\"Organization\",\"@id\":\"https:\/\/www.suno.com.br\/noticias\/#organization\",\"name\":\"Suno Not\u00edcias\",\"url\":\"https:\/\/www.suno.com.br\/noticias\/\",\"logo\":{\"@type\":\"ImageObject\",\"inLanguage\":\"pt-BR\",\"@id\":\"https:\/\/www.suno.com.br\/noticias\/#\/schema\/logo\/image\/\",\"url\":\"https:\/\/files.sunoresearch.com.br\/n\/uploads\/2021\/09\/suno-logo.png\",\"contentUrl\":\"https:\/\/files.sunoresearch.com.br\/n\/uploads\/2021\/09\/suno-logo.png\",\"width\":180,\"height\":180,\"caption\":\"Suno Not\u00edcias\"},\"image\":{\"@id\":\"https:\/\/www.suno.com.br\/noticias\/#\/schema\/logo\/image\/\"},\"sameAs\":[\"https:\/\/facebook.com\/sunoresearch\",\"https:\/\/x.com\/sunoresearch\",\"https:\/\/www.instagram.com\/suno\",\"https:\/\/www.linkedin.com\/company\/suno-research\/\",\"https:\/\/www.youtube.com\/c\/sunoresearch\"]},{\"@type\":\"Person\",\"@id\":\"https:\/\/www.suno.com.br\/noticias\/#\/schema\/person\/2ba1f8221063153524a93438b95331a7\",\"name\":\"Danilo Pecorari\",\"image\":{\"@type\":\"ImageObject\",\"inLanguage\":\"pt-BR\",\"@id\":\"https:\/\/www.suno.com.br\/noticias\/#\/schema\/person\/image\/\",\"url\":\"https:\/\/secure.gravatar.com\/avatar\/852d766a67b8227a6fd1760bef814ba0?s=96&r=g\",\"contentUrl\":\"https:\/\/secure.gravatar.com\/avatar\/852d766a67b8227a6fd1760bef814ba0?s=96&r=g\",\"caption\":\"Danilo Pecorari\"},\"description\":\"Danilo Pecorari \u00e9 CEO da :hiperstream. Com vasta experi\u00eancia em Tecnologia da Informa\u00e7\u00e3o, j\u00e1 atuou em segmentos como Marketing Digital, E-commerce, Gest\u00e3o Corporativa e Intelig\u00eancia de Dados.\",\"url\":\"https:\/\/www.suno.com.br\/noticias\/author\/danilo-pecorari\/\"}]}<\/script>\n<!-- \/ Yoast SEO plugin. -->","yoast_head_json":{"title":"Sua empresa aproveita o potencial da fatura na jornada financeira? - Suno Not\u00edcias","description":"Compreender a import\u00e2ncia da fatura na jornada financeira \u00e9 o primeiro passo para explor\u00e1-la adequadamente","robots":{"index":"index","follow":"follow","max-snippet":"max-snippet:-1","max-image-preview":"max-image-preview:large","max-video-preview":"max-video-preview:-1"},"canonical":"https:\/\/www.suno.com.br\/noticias\/colunas\/danilo-pecorari\/sua-empresa-aproveita-potencial-fatura-jornada-financeira\/","og_locale":"pt_BR","og_type":"article","og_title":"Sua empresa aproveita o potencial da fatura na jornada financeira? - Suno Not\u00edcias","og_description":"Compreender a import\u00e2ncia da fatura na jornada financeira \u00e9 o primeiro passo para explor\u00e1-la adequadamente","og_url":"https:\/\/www.suno.com.br\/noticias\/colunas\/danilo-pecorari\/sua-empresa-aproveita-potencial-fatura-jornada-financeira\/","og_site_name":"Suno Not\u00edcias","article_publisher":"https:\/\/facebook.com\/sunoresearch","og_image":[{"width":1550,"height":810,"url":"http:\/\/files.sunoresearch.com.br\/n\/uploads\/2022\/11\/Colunistas.jpg","type":"image\/jpeg"}],"twitter_card":"summary_large_image","twitter_site":"@sunoresearch","twitter_misc":{"Est. tempo de leitura":"4 minutos"},"schema":{"@context":"https:\/\/schema.org","@graph":[{"@type":"Article","@id":"https:\/\/www.suno.com.br\/noticias\/colunas\/danilo-pecorari\/sua-empresa-aproveita-potencial-fatura-jornada-financeira\/#article","isPartOf":{"@id":"https:\/\/www.suno.com.br\/noticias\/colunas\/danilo-pecorari\/sua-empresa-aproveita-potencial-fatura-jornada-financeira\/"},"author":{"name":"Danilo Pecorari","@id":"https:\/\/www.suno.com.br\/noticias\/#\/schema\/person\/2ba1f8221063153524a93438b95331a7"},"headline":"Sua empresa aproveita o potencial da fatura na jornada financeira?","datePublished":"2024-04-15T11:00:00+00:00","mainEntityOfPage":{"@id":"https:\/\/www.suno.com.br\/noticias\/colunas\/danilo-pecorari\/sua-empresa-aproveita-potencial-fatura-jornada-financeira\/"},"wordCount":719,"publisher":{"@id":"https:\/\/www.suno.com.br\/noticias\/#organization"},"image":{"@id":"https:\/\/www.suno.com.br\/noticias\/colunas\/danilo-pecorari\/sua-empresa-aproveita-potencial-fatura-jornada-financeira\/#primaryimage"},"thumbnailUrl":"https:\/\/files.sunoresearch.com.br\/n\/uploads\/2022\/11\/Colunistas.jpg","inLanguage":"pt-BR"},{"@type":"WebPage","@id":"https:\/\/www.suno.com.br\/noticias\/colunas\/danilo-pecorari\/sua-empresa-aproveita-potencial-fatura-jornada-financeira\/","url":"https:\/\/www.suno.com.br\/noticias\/colunas\/danilo-pecorari\/sua-empresa-aproveita-potencial-fatura-jornada-financeira\/","name":"Sua empresa aproveita o potencial da fatura na jornada financeira? - Suno Not\u00edcias","isPartOf":{"@id":"https:\/\/www.suno.com.br\/noticias\/#website"},"primaryImageOfPage":{"@id":"https:\/\/www.suno.com.br\/noticias\/colunas\/danilo-pecorari\/sua-empresa-aproveita-potencial-fatura-jornada-financeira\/#primaryimage"},"image":{"@id":"https:\/\/www.suno.com.br\/noticias\/colunas\/danilo-pecorari\/sua-empresa-aproveita-potencial-fatura-jornada-financeira\/#primaryimage"},"thumbnailUrl":"https:\/\/files.sunoresearch.com.br\/n\/uploads\/2022\/11\/Colunistas.jpg","datePublished":"2024-04-15T11:00:00+00:00","description":"Compreender a import\u00e2ncia da fatura na jornada financeira \u00e9 o primeiro passo para explor\u00e1-la adequadamente","breadcrumb":{"@id":"https:\/\/www.suno.com.br\/noticias\/colunas\/danilo-pecorari\/sua-empresa-aproveita-potencial-fatura-jornada-financeira\/#breadcrumb"},"inLanguage":"pt-BR","potentialAction":[{"@type":"ReadAction","target":["https:\/\/www.suno.com.br\/noticias\/colunas\/danilo-pecorari\/sua-empresa-aproveita-potencial-fatura-jornada-financeira\/"]}]},{"@type":"ImageObject","inLanguage":"pt-BR","@id":"https:\/\/www.suno.com.br\/noticias\/colunas\/danilo-pecorari\/sua-empresa-aproveita-potencial-fatura-jornada-financeira\/#primaryimage","url":"https:\/\/files.sunoresearch.com.br\/n\/uploads\/2022\/11\/Colunistas.jpg","contentUrl":"https:\/\/files.sunoresearch.com.br\/n\/uploads\/2022\/11\/Colunistas.jpg","width":1550,"height":810},{"@type":"BreadcrumbList","@id":"https:\/\/www.suno.com.br\/noticias\/colunas\/danilo-pecorari\/sua-empresa-aproveita-potencial-fatura-jornada-financeira\/#breadcrumb","itemListElement":[{"@type":"ListItem","position":1,"name":"Not\u00edcias","item":"https:\/\/www.suno.com.br\/noticias\/"},{"@type":"ListItem","position":2,"name":"Colunas","item":"https:\/\/www.suno.com.br\/noticias\/colunas\/"},{"@type":"ListItem","position":3,"name":"Sua empresa aproveita o potencial da fatura na jornada financeira?"}]},{"@type":"WebSite","@id":"https:\/\/www.suno.com.br\/noticias\/#website","url":"https:\/\/www.suno.com.br\/noticias\/","name":"Suno Not\u00edcias","description":"Seu portal de informa\u00e7\u00e3o sobre o mundo dos investimentos","publisher":{"@id":"https:\/\/www.suno.com.br\/noticias\/#organization"},"potentialAction":[{"@type":"SearchAction","target":{"@type":"EntryPoint","urlTemplate":"https:\/\/www.suno.com.br\/noticias\/?s={search_term_string}"},"query-input":{"@type":"PropertyValueSpecification","valueRequired":true,"valueName":"search_term_string"}}],"inLanguage":"pt-BR"},{"@type":"Organization","@id":"https:\/\/www.suno.com.br\/noticias\/#organization","name":"Suno Not\u00edcias","url":"https:\/\/www.suno.com.br\/noticias\/","logo":{"@type":"ImageObject","inLanguage":"pt-BR","@id":"https:\/\/www.suno.com.br\/noticias\/#\/schema\/logo\/image\/","url":"https:\/\/files.sunoresearch.com.br\/n\/uploads\/2021\/09\/suno-logo.png","contentUrl":"https:\/\/files.sunoresearch.com.br\/n\/uploads\/2021\/09\/suno-logo.png","width":180,"height":180,"caption":"Suno Not\u00edcias"},"image":{"@id":"https:\/\/www.suno.com.br\/noticias\/#\/schema\/logo\/image\/"},"sameAs":["https:\/\/facebook.com\/sunoresearch","https:\/\/x.com\/sunoresearch","https:\/\/www.instagram.com\/suno","https:\/\/www.linkedin.com\/company\/suno-research\/","https:\/\/www.youtube.com\/c\/sunoresearch"]},{"@type":"Person","@id":"https:\/\/www.suno.com.br\/noticias\/#\/schema\/person\/2ba1f8221063153524a93438b95331a7","name":"Danilo Pecorari","image":{"@type":"ImageObject","inLanguage":"pt-BR","@id":"https:\/\/www.suno.com.br\/noticias\/#\/schema\/person\/image\/","url":"https:\/\/secure.gravatar.com\/avatar\/852d766a67b8227a6fd1760bef814ba0?s=96&r=g","contentUrl":"https:\/\/secure.gravatar.com\/avatar\/852d766a67b8227a6fd1760bef814ba0?s=96&r=g","caption":"Danilo Pecorari"},"description":"Danilo Pecorari \u00e9 CEO da :hiperstream. Com vasta experi\u00eancia em Tecnologia da Informa\u00e7\u00e3o, j\u00e1 atuou em segmentos como Marketing Digital, E-commerce, Gest\u00e3o Corporativa e Intelig\u00eancia de Dados.","url":"https:\/\/www.suno.com.br\/noticias\/author\/danilo-pecorari\/"}]}},"amp_enabled":true,"_links":{"self":[{"href":"https:\/\/www.suno.com.br\/noticias\/wp-json\/wp\/v2\/suno_column\/543156"}],"collection":[{"href":"https:\/\/www.suno.com.br\/noticias\/wp-json\/wp\/v2\/suno_column"}],"about":[{"href":"https:\/\/www.suno.com.br\/noticias\/wp-json\/wp\/v2\/types\/suno_column"}],"author":[{"embeddable":true,"href":"https:\/\/www.suno.com.br\/noticias\/wp-json\/wp\/v2\/users\/364"}],"wp:featuredmedia":[{"embeddable":true,"href":"https:\/\/www.suno.com.br\/noticias\/wp-json\/wp\/v2\/media\/323379"}],"wp:attachment":[{"href":"https:\/\/www.suno.com.br\/noticias\/wp-json\/wp\/v2\/media?parent=543156"}],"wp:term":[{"taxonomy":"post_tag","embeddable":true,"href":"https:\/\/www.suno.com.br\/noticias\/wp-json\/wp\/v2\/tags?post=543156"}],"curies":[{"name":"wp","href":"https:\/\/api.w.org\/{rel}","templated":true}]}}