{"id":540998,"date":"2024-04-04T16:50:47","date_gmt":"2024-04-04T19:50:47","guid":{"rendered":"https:\/\/www.suno.com.br\/noticias\/colunas\/marco-lopes\/\/"},"modified":"2024-04-04T16:50:49","modified_gmt":"2024-04-04T19:50:49","slug":"acao-rescisoria-pgfn-transitos-julgados-tese-seculo","status":"publish","type":"suno_column","link":"https:\/\/www.suno.com.br\/noticias\/colunas\/aislane-vuono\/acao-rescisoria-pgfn-transitos-julgados-tese-seculo\/","title":{"rendered":"A a\u00e7\u00e3o rescis\u00f3ria da PGFN contra tr\u00e2nsitos em julgados da \u201cTese do S\u00e9culo\u201d\u00a0"},"content":{"rendered":"<p>O recente pronunciamento do Ministro Luiz Fux, do <strong>Supremo Tribunal Federal<\/strong>, trouxe uma decis\u00e3o de grande import\u00e2ncia para os contribuintes que buscaram na justi\u00e7a a repeti\u00e7\u00e3o de tributos indevidos. Em resumo, essa decis\u00e3o diz respeito ao prazo prescricional quinquenal em a\u00e7\u00f5es judiciais movidas ap\u00f3s 15\/03\/20217, data estabelecida no Tema 69, relacionado \u00e0 exclus\u00e3o do<strong> ICMS<\/strong> da base de c\u00e1lculo do PIS e da COFINS.<\/p>\t<div class=\"wrapper-featured-image\">\n\t\t<figure class=\"spotlightImg\">\n\n\t\t\t<picture>\n\t\t\t\t<source media=\"(max-width: 768px)\" srcset=\"https:\/\/files.sunoresearch.com.br\/n\/uploads\/2022\/11\/Colunistas-400x200.jpg\">\n\t\t\t\t<img loading=\"lazy\" decoding=\"async\" class=\"newsContent__article__imgCapa lazyloadDisabled newsContent__article__imgCapa--noCaption\" src=\"https:\/\/files.sunoresearch.com.br\/n\/uploads\/2022\/11\/Colunistas-800x450.jpg\" width=\"800\" height=\"450\" alt=\"A a\u00e7\u00e3o rescis\u00f3ria da PGFN contra tr\u00e2nsitos em julgados da \u201cTese do S\u00e9culo\u201d\u00a0\" fetchpriority=high \/>\n\t\t\t<\/picture>\n\n\t\t\t<figcaption class=\"wp-caption-text wp-caption-text--hide\"><\/figcaption>\n\t\t<\/figure>\n\t<\/div>\n\n\n\n\n\n\t<p>\n\t\t<a href=\"\" target=\"_blank\" data-element=\"shortcode-suno-banner\" title=\"Banner SUNO, clique e saiba mais\">\n\t\t\t<picture>\n\t\t\t\t<source media=\"(max-width: 500px)\" srcset=\"\">\n\t\t\t\t<img class=\"newsContent__article__imgCapa newsContent__article__imgCapa--banner\"\n\t\t\t\t\tsrc=\"\"\n\t\t\t\t\tdata-promo-id=\"240038\"\t\t\t\t\t\t\t\t\t\t\t\t\t\t\talt=\"\"\n\t\t\t\t>\n\t\t\t<\/picture>\n\t\t<\/a>\n\t<\/p>\n\n\n\n\n\n\n\n<p>Nesse sentido, o Tema 69 foi selecionado pelo <strong>STF <\/strong>por abordar uma quest\u00e3o de relev\u00e2ncia econ\u00f4mica, pol\u00edtica, social e jur\u00eddica, que era recorrente nos tribunais inferiores. Durante o julgamento desse tema, foi decidido modular os efeitos da exclus\u00e3o do ICMS da base de c\u00e1lculo do PIS e da COFINS a partir de 15\/03\/2017, data do julgamento do RE 574.706 e da defini\u00e7\u00e3o da tese com repercuss\u00e3o geral, no qual restou delimitado a produ\u00e7\u00e3o de efeitos da exclus\u00e3o do ICMS da base de c\u00e1lculo do PIS e da COFINS \u201cdesde 15.3.2017 \u2013 data em que julgado o RE n. 574.706 e fixada a tese com repercuss\u00e3o geral &#8220;O ICMS n\u00e3o comp\u00f5e a base de c\u00e1lculo para fins de incid\u00eancia do PIS e da Cofins&#8221; \u2013, ressalvadas as a\u00e7\u00f5es<br>judiciais e administrativas protocolizadas at\u00e9 a data da sess\u00e3o na qual proferido o julgamento\u201d.<\/p>\n\n\n\n<h2 class=\"wp-block-heading\">O ponto de vista do contribuinte<\/h2>\n\n\n\n<p>No entanto, muitos contribuintes que entraram com a\u00e7\u00f5es judiciais ap\u00f3s essa data obtiveram decis\u00f5es favor\u00e1veis \u00e0 exclus\u00e3o do ICMS e \u00e0 repeti\u00e7\u00e3o dos valores pagos a mais de <strong>PIS e COFINS<\/strong>, dentro do prazo prescricional quinquenal anterior ao in\u00edcio do processo. Como resultado, a Procuradoria Geral da Fazenda Nacional est\u00e1 contestando essas decis\u00f5es transitadas em julgado por meio de a\u00e7\u00f5es rescis\u00f3rias, com o objetivo de limitar a repeti\u00e7\u00e3o do ind\u00e9bito \u00e0 data-base da modula\u00e7\u00e3o.<\/p>\n\n\n\n<p>\u00c9 importante notar que essa<strong> iniciativa da PGFN<\/strong> enfrenta um obst\u00e1culo relacionado \u00e0 ordem cronol\u00f3gica dos eventos. Quando os contribuintes tiveram seu direito \u00e0 repeti\u00e7\u00e3o do ind\u00e9bito reconhecido<br>dentro do prazo quinquenal, n\u00e3o havia ainda a modula\u00e7\u00e3o de efeitos no julgamento, conforme entendimento do STF e do art. 168 do C\u00f3digo Tribut\u00e1rio Nacional.<\/p>\n\n\n\n<p>Vale mencionar que a modula\u00e7\u00e3o de efeitos em casos representativos de controv\u00e9rsia visa trazer seguran\u00e7a jur\u00eddica ao sistema legal e proteger os casos j\u00e1 encerrados, mesmo que haja uma<br>mudan\u00e7a de entendimento posteriormente.<\/p>\n\n\n\t<p>\n\t\t<a href=\"https:\/\/lp.suno.com.br\/ebook-gratuito-investindo-no-exterior\/\" target=\"_blank\" data-element=\"shortcode-suno-banner\" title=\"Banner SUNO, clique e saiba mais\">\n\t\t\t<picture>\n\t\t\t\t<source media=\"(max-width: 500px)\" srcset=\"https:\/\/files.sunoresearch.com.br\/n\/uploads\/2023\/03\/400x300-Investindo-no-exterior.png\">\n\t\t\t\t<img class=\"newsContent__article__imgCapa newsContent__article__imgCapa--banner\"\n\t\t\t\t\tsrc=\"https:\/\/files.sunoresearch.com.br\/n\/uploads\/2023\/03\/1420x240-Investindo-no-exterior.png\"\n\t\t\t\t\tdata-promo-id=\"383161\"\t\t\t\t\t\t\t\t\t\twidth='1420' height='240'\t\t\t\t\talt=\"https:\/\/files.sunoresearch.com.br\/n\/uploads\/2023\/03\/1420x240-Investindo-no-exterior.png\"\n\t\t\t\t>\n\t\t\t<\/picture>\n\t\t<\/a>\n\t<\/p>\n\n\n\n\n\n<h2 class=\"wp-block-heading\">Exemplos e mensurando o impacto<\/h2>\n\n\n\n<p>Um caso relevante que exemplifica isso \u00e9 o Recurso Extraordin\u00e1rio 1.468.946 \u2013 RS, no qual o Ministro Relator destacou que o ac\u00f3rd\u00e3o em quest\u00e3o havia transitado em julgado antes da modula\u00e7\u00e3o<br>temporal de efeitos estabelecida em outro julgamento relacionado ao <strong>Tema 69 de Repercuss\u00e3o Geral<\/strong>. Portanto, a rescis\u00e3o desse ac\u00f3rd\u00e3o n\u00e3o seria vi\u00e1vel, pois estava de acordo com o entendimento do STF \u00e0 \u00e9poca de sua formula\u00e7\u00e3o.<\/p>\n\n\n\n<p>Na ocasi\u00e3o, o Ministro Relator entendeu \u201cque o ac\u00f3rd\u00e3o rescindendo transitou em julgado em 25\/2\/2021, antes, portanto, do julgamento dos embargos de declara\u00e7\u00e3o no RE 574.059, que fixou a modula\u00e7\u00e3o temporal de efeitos relativa \u00e0 aplica\u00e7\u00e3o da tese do Tema 69 de Repercuss\u00e3o Geral\u201d e, portanto, \u201co ac\u00f3rd\u00e3o rescindendo, \u00e0 \u00e9poca de sua formaliza\u00e7\u00e3o, estava em harmonia com o entendimento do Plen\u00e1rio desta Corte relativo ao referido tema de repercuss\u00e3o geral, o que inviabiliza sua rescis\u00e3o\u201d.<\/p>\n\n\n\n<p>O entendimento fixado na decis\u00e3o monocr\u00e1tica utiliza como fundamento o RE 590.809, de relatoria do Ministro Marco Aur\u00e9lio, Tema 136, que fixou a tese de repercuss\u00e3o geral no seguinte sentido:<br>\u201cN\u00e3o cabe a\u00e7\u00e3o rescis\u00f3ria quando o julgado estiver em harmonia com o entendimento firmado pelo Plen\u00e1rio do Supremo \u00e0 \u00e9poca da formaliza\u00e7\u00e3o do ac\u00f3rd\u00e3o rescindendo, ainda que ocorra posterior supera\u00e7\u00e3o do precedente\u201d.<\/p>\n\n\n\n<p>Essa decis\u00e3o, por fim, embora proferida em um \u00fanico julgamento, representa um marco importante no pa\u00eds, indicando fortes chances para os contribuintes na manuten\u00e7\u00e3o das decis\u00f5es j\u00e1 transitadas em julgado e objeto de a\u00e7\u00f5es rescis\u00f3rias.<\/p>\n\n\n\t<p>\n\t\t<a href=\"https:\/\/lp.suno.com.br\/planilha-da-vida-financeira\/\" target=\"_blank\" data-element=\"shortcode-suno-banner\" title=\"Banner SUNO, clique e saiba mais\">\n\t\t\t<picture>\n\t\t\t\t<source media=\"(max-width: 500px)\" srcset=\"https:\/\/files.sunoresearch.com.br\/n\/uploads\/2023\/04\/400x300-Planilha-vida-financeira-true.png\">\n\t\t\t\t<img class=\"newsContent__article__imgCapa newsContent__article__imgCapa--banner\"\n\t\t\t\t\tsrc=\"https:\/\/files.sunoresearch.com.br\/n\/uploads\/2023\/04\/1420x240-Planilha-vida-financeira-true.png\"\n\t\t\t\t\tdata-promo-id=\"383123\"\t\t\t\t\t\t\t\t\t\twidth='1420' height='240'\t\t\t\t\talt=\"https:\/\/files.sunoresearch.com.br\/n\/uploads\/2023\/04\/1420x240-Planilha-vida-financeira-true.png\"\n\t\t\t\t>\n\t\t\t<\/picture>\n\t\t<\/a>\n\t<\/p>\n\n\n","protected":false},"excerpt":{"rendered":"<p>O recente pronunciamento do Ministro Luiz Fux, do Supremo Tribunal Federal, trouxe uma decis\u00e3o de grande import\u00e2ncia para os contribuintes que buscaram na justi\u00e7a a re&#8230;<\/p>\n","protected":false},"author":343,"featured_media":323379,"template":"","tags":[76283,835,785],"class_list":["post-540998","suno_column","type-suno_column","status-publish","has-post-thumbnail","hentry","tag-cofins","tag-pis","tag-supremo-tribunal-federal-stf"],"yoast_head":"<!-- This site is optimized with the Yoast SEO plugin v24.4 - https:\/\/yoast.com\/wordpress\/plugins\/seo\/ -->\n<title>A a\u00e7\u00e3o rescis\u00f3ria da PGFN contra tr\u00e2nsitos em julgados da \u201cTese do S\u00e9culo\u201d<\/title>\n<meta name=\"description\" content=\"Decis\u00e3o monocr\u00e1tica do STF permite o direito de contribuinte manter prazo quinquenal para repeti\u00e7\u00e3o de ind\u00e9bito declarada\" \/>\n<meta name=\"robots\" content=\"index, follow, max-snippet:-1, max-image-preview:large, max-video-preview:-1\" \/>\n<link rel=\"canonical\" href=\"https:\/\/www.suno.com.br\/noticias\/colunas\/aislane-vuono\/acao-rescisoria-pgfn-transitos-julgados-tese-seculo\/\" \/>\n<meta property=\"og:locale\" content=\"pt_BR\" \/>\n<meta property=\"og:type\" content=\"article\" \/>\n<meta property=\"og:title\" content=\"A a\u00e7\u00e3o rescis\u00f3ria da PGFN contra tr\u00e2nsitos em julgados da \u201cTese do S\u00e9culo\u201d\" \/>\n<meta property=\"og:description\" content=\"Decis\u00e3o monocr\u00e1tica do STF permite o direito de contribuinte manter prazo quinquenal para repeti\u00e7\u00e3o de ind\u00e9bito declarada\" \/>\n<meta property=\"og:url\" content=\"https:\/\/www.suno.com.br\/noticias\/colunas\/aislane-vuono\/acao-rescisoria-pgfn-transitos-julgados-tese-seculo\/\" \/>\n<meta property=\"og:site_name\" content=\"Suno Not\u00edcias\" \/>\n<meta property=\"article:publisher\" content=\"https:\/\/facebook.com\/sunoresearch\" \/>\n<meta property=\"og:image\" content=\"https:\/\/files.sunoresearch.com.br\/n\/uploads\/2022\/11\/Colunistas.jpg\" \/>\n\t<meta property=\"og:image:width\" content=\"1550\" \/>\n\t<meta property=\"og:image:height\" content=\"810\" \/>\n\t<meta property=\"og:image:type\" content=\"image\/jpeg\" \/>\n<meta name=\"twitter:card\" content=\"summary_large_image\" \/>\n<meta name=\"twitter:site\" content=\"@sunoresearch\" \/>\n<meta name=\"twitter:label1\" content=\"Est. tempo de leitura\" \/>\n\t<meta name=\"twitter:data1\" content=\"4 minutos\" \/>\n<script type=\"application\/ld+json\" class=\"yoast-schema-graph\">{\"@context\":\"https:\/\/schema.org\",\"@graph\":[{\"@type\":\"Article\",\"@id\":\"https:\/\/www.suno.com.br\/noticias\/colunas\/aislane-vuono\/acao-rescisoria-pgfn-transitos-julgados-tese-seculo\/#article\",\"isPartOf\":{\"@id\":\"https:\/\/www.suno.com.br\/noticias\/colunas\/aislane-vuono\/acao-rescisoria-pgfn-transitos-julgados-tese-seculo\/\"},\"author\":{\"name\":\"Aislane Vuono\",\"@id\":\"https:\/\/www.suno.com.br\/noticias\/#\/schema\/person\/d5f3db0f9820310324a46e71bae05134\"},\"headline\":\"A a\u00e7\u00e3o rescis\u00f3ria da PGFN contra tr\u00e2nsitos em julgados da \u201cTese do S\u00e9culo\u201d\u00a0\",\"datePublished\":\"2024-04-04T19:50:47+00:00\",\"dateModified\":\"2024-04-04T19:50:49+00:00\",\"mainEntityOfPage\":{\"@id\":\"https:\/\/www.suno.com.br\/noticias\/colunas\/aislane-vuono\/acao-rescisoria-pgfn-transitos-julgados-tese-seculo\/\"},\"wordCount\":705,\"publisher\":{\"@id\":\"https:\/\/www.suno.com.br\/noticias\/#organization\"},\"image\":{\"@id\":\"https:\/\/www.suno.com.br\/noticias\/colunas\/aislane-vuono\/acao-rescisoria-pgfn-transitos-julgados-tese-seculo\/#primaryimage\"},\"thumbnailUrl\":\"https:\/\/files.sunoresearch.com.br\/n\/uploads\/2022\/11\/Colunistas.jpg\",\"keywords\":[\"COFINS\",\"PIS\",\"Supremo Tribunal Federal (STF)\"],\"inLanguage\":\"pt-BR\"},{\"@type\":\"WebPage\",\"@id\":\"https:\/\/www.suno.com.br\/noticias\/colunas\/aislane-vuono\/acao-rescisoria-pgfn-transitos-julgados-tese-seculo\/\",\"url\":\"https:\/\/www.suno.com.br\/noticias\/colunas\/aislane-vuono\/acao-rescisoria-pgfn-transitos-julgados-tese-seculo\/\",\"name\":\"A a\u00e7\u00e3o rescis\u00f3ria da PGFN contra tr\u00e2nsitos em julgados da \u201cTese do S\u00e9culo\u201d\",\"isPartOf\":{\"@id\":\"https:\/\/www.suno.com.br\/noticias\/#website\"},\"primaryImageOfPage\":{\"@id\":\"https:\/\/www.suno.com.br\/noticias\/colunas\/aislane-vuono\/acao-rescisoria-pgfn-transitos-julgados-tese-seculo\/#primaryimage\"},\"image\":{\"@id\":\"https:\/\/www.suno.com.br\/noticias\/colunas\/aislane-vuono\/acao-rescisoria-pgfn-transitos-julgados-tese-seculo\/#primaryimage\"},\"thumbnailUrl\":\"https:\/\/files.sunoresearch.com.br\/n\/uploads\/2022\/11\/Colunistas.jpg\",\"datePublished\":\"2024-04-04T19:50:47+00:00\",\"dateModified\":\"2024-04-04T19:50:49+00:00\",\"description\":\"Decis\u00e3o monocr\u00e1tica do STF permite o direito de contribuinte manter prazo quinquenal para repeti\u00e7\u00e3o de ind\u00e9bito declarada\",\"breadcrumb\":{\"@id\":\"https:\/\/www.suno.com.br\/noticias\/colunas\/aislane-vuono\/acao-rescisoria-pgfn-transitos-julgados-tese-seculo\/#breadcrumb\"},\"inLanguage\":\"pt-BR\",\"potentialAction\":[{\"@type\":\"ReadAction\",\"target\":[\"https:\/\/www.suno.com.br\/noticias\/colunas\/aislane-vuono\/acao-rescisoria-pgfn-transitos-julgados-tese-seculo\/\"]}]},{\"@type\":\"ImageObject\",\"inLanguage\":\"pt-BR\",\"@id\":\"https:\/\/www.suno.com.br\/noticias\/colunas\/aislane-vuono\/acao-rescisoria-pgfn-transitos-julgados-tese-seculo\/#primaryimage\",\"url\":\"https:\/\/files.sunoresearch.com.br\/n\/uploads\/2022\/11\/Colunistas.jpg\",\"contentUrl\":\"https:\/\/files.sunoresearch.com.br\/n\/uploads\/2022\/11\/Colunistas.jpg\",\"width\":1550,\"height\":810},{\"@type\":\"BreadcrumbList\",\"@id\":\"https:\/\/www.suno.com.br\/noticias\/colunas\/aislane-vuono\/acao-rescisoria-pgfn-transitos-julgados-tese-seculo\/#breadcrumb\",\"itemListElement\":[{\"@type\":\"ListItem\",\"position\":1,\"name\":\"Not\u00edcias\",\"item\":\"https:\/\/www.suno.com.br\/noticias\/\"},{\"@type\":\"ListItem\",\"position\":2,\"name\":\"Colunas\",\"item\":\"https:\/\/www.suno.com.br\/noticias\/colunas\/\"},{\"@type\":\"ListItem\",\"position\":3,\"name\":\"A a\u00e7\u00e3o rescis\u00f3ria da PGFN contra tr\u00e2nsitos em julgados da \u201cTese do S\u00e9culo\u201d\u00a0\"}]},{\"@type\":\"WebSite\",\"@id\":\"https:\/\/www.suno.com.br\/noticias\/#website\",\"url\":\"https:\/\/www.suno.com.br\/noticias\/\",\"name\":\"Suno Not\u00edcias\",\"description\":\"Seu portal de informa\u00e7\u00e3o sobre o mundo dos investimentos\",\"publisher\":{\"@id\":\"https:\/\/www.suno.com.br\/noticias\/#organization\"},\"potentialAction\":[{\"@type\":\"SearchAction\",\"target\":{\"@type\":\"EntryPoint\",\"urlTemplate\":\"https:\/\/www.suno.com.br\/noticias\/?s={search_term_string}\"},\"query-input\":{\"@type\":\"PropertyValueSpecification\",\"valueRequired\":true,\"valueName\":\"search_term_string\"}}],\"inLanguage\":\"pt-BR\"},{\"@type\":\"Organization\",\"@id\":\"https:\/\/www.suno.com.br\/noticias\/#organization\",\"name\":\"Suno Not\u00edcias\",\"url\":\"https:\/\/www.suno.com.br\/noticias\/\",\"logo\":{\"@type\":\"ImageObject\",\"inLanguage\":\"pt-BR\",\"@id\":\"https:\/\/www.suno.com.br\/noticias\/#\/schema\/logo\/image\/\",\"url\":\"https:\/\/files.sunoresearch.com.br\/n\/uploads\/2021\/09\/suno-logo.png\",\"contentUrl\":\"https:\/\/files.sunoresearch.com.br\/n\/uploads\/2021\/09\/suno-logo.png\",\"width\":180,\"height\":180,\"caption\":\"Suno Not\u00edcias\"},\"image\":{\"@id\":\"https:\/\/www.suno.com.br\/noticias\/#\/schema\/logo\/image\/\"},\"sameAs\":[\"https:\/\/facebook.com\/sunoresearch\",\"https:\/\/x.com\/sunoresearch\",\"https:\/\/www.instagram.com\/suno\",\"https:\/\/www.linkedin.com\/company\/suno-research\/\",\"https:\/\/www.youtube.com\/c\/sunoresearch\"]},{\"@type\":\"Person\",\"@id\":\"https:\/\/www.suno.com.br\/noticias\/#\/schema\/person\/d5f3db0f9820310324a46e71bae05134\",\"name\":\"Aislane Vuono\",\"image\":{\"@type\":\"ImageObject\",\"inLanguage\":\"pt-BR\",\"@id\":\"https:\/\/www.suno.com.br\/noticias\/#\/schema\/person\/image\/\",\"url\":\"https:\/\/secure.gravatar.com\/avatar\/f02a7ab5f1793cfe7cc5b7dc6c065daa?s=96&r=g\",\"contentUrl\":\"https:\/\/secure.gravatar.com\/avatar\/f02a7ab5f1793cfe7cc5b7dc6c065daa?s=96&r=g\",\"caption\":\"Aislane Vuono\"},\"description\":\"S\u00f3cia Especialista em Consultoria e Planejamento Tribut\u00e1rio e Fiscal no Ferreira &amp; Vuono Advogados. Advogada especialista em Direito Tribut\u00e1rio, com MBA em Gest\u00e3o Tribut\u00e1ria\",\"url\":\"https:\/\/www.suno.com.br\/noticias\/author\/aislane-vuono\/\"}]}<\/script>\n<!-- \/ Yoast SEO plugin. -->","yoast_head_json":{"title":"A a\u00e7\u00e3o rescis\u00f3ria da PGFN contra tr\u00e2nsitos em julgados da \u201cTese do S\u00e9culo\u201d","description":"Decis\u00e3o monocr\u00e1tica do STF permite o direito de contribuinte manter prazo quinquenal para repeti\u00e7\u00e3o de ind\u00e9bito declarada","robots":{"index":"index","follow":"follow","max-snippet":"max-snippet:-1","max-image-preview":"max-image-preview:large","max-video-preview":"max-video-preview:-1"},"canonical":"https:\/\/www.suno.com.br\/noticias\/colunas\/aislane-vuono\/acao-rescisoria-pgfn-transitos-julgados-tese-seculo\/","og_locale":"pt_BR","og_type":"article","og_title":"A a\u00e7\u00e3o rescis\u00f3ria da PGFN contra tr\u00e2nsitos em julgados da \u201cTese do S\u00e9culo\u201d","og_description":"Decis\u00e3o monocr\u00e1tica do STF permite o direito de contribuinte manter prazo quinquenal para repeti\u00e7\u00e3o de ind\u00e9bito declarada","og_url":"https:\/\/www.suno.com.br\/noticias\/colunas\/aislane-vuono\/acao-rescisoria-pgfn-transitos-julgados-tese-seculo\/","og_site_name":"Suno Not\u00edcias","article_publisher":"https:\/\/facebook.com\/sunoresearch","og_image":[{"width":1550,"height":810,"url":"https:\/\/files.sunoresearch.com.br\/n\/uploads\/2022\/11\/Colunistas.jpg","type":"image\/jpeg"}],"twitter_card":"summary_large_image","twitter_site":"@sunoresearch","twitter_misc":{"Est. tempo de leitura":"4 minutos"},"schema":{"@context":"https:\/\/schema.org","@graph":[{"@type":"Article","@id":"https:\/\/www.suno.com.br\/noticias\/colunas\/aislane-vuono\/acao-rescisoria-pgfn-transitos-julgados-tese-seculo\/#article","isPartOf":{"@id":"https:\/\/www.suno.com.br\/noticias\/colunas\/aislane-vuono\/acao-rescisoria-pgfn-transitos-julgados-tese-seculo\/"},"author":{"name":"Aislane Vuono","@id":"https:\/\/www.suno.com.br\/noticias\/#\/schema\/person\/d5f3db0f9820310324a46e71bae05134"},"headline":"A a\u00e7\u00e3o rescis\u00f3ria da PGFN contra tr\u00e2nsitos em julgados da \u201cTese do S\u00e9culo\u201d\u00a0","datePublished":"2024-04-04T19:50:47+00:00","dateModified":"2024-04-04T19:50:49+00:00","mainEntityOfPage":{"@id":"https:\/\/www.suno.com.br\/noticias\/colunas\/aislane-vuono\/acao-rescisoria-pgfn-transitos-julgados-tese-seculo\/"},"wordCount":705,"publisher":{"@id":"https:\/\/www.suno.com.br\/noticias\/#organization"},"image":{"@id":"https:\/\/www.suno.com.br\/noticias\/colunas\/aislane-vuono\/acao-rescisoria-pgfn-transitos-julgados-tese-seculo\/#primaryimage"},"thumbnailUrl":"https:\/\/files.sunoresearch.com.br\/n\/uploads\/2022\/11\/Colunistas.jpg","keywords":["COFINS","PIS","Supremo Tribunal Federal (STF)"],"inLanguage":"pt-BR"},{"@type":"WebPage","@id":"https:\/\/www.suno.com.br\/noticias\/colunas\/aislane-vuono\/acao-rescisoria-pgfn-transitos-julgados-tese-seculo\/","url":"https:\/\/www.suno.com.br\/noticias\/colunas\/aislane-vuono\/acao-rescisoria-pgfn-transitos-julgados-tese-seculo\/","name":"A a\u00e7\u00e3o rescis\u00f3ria da PGFN contra tr\u00e2nsitos em julgados da \u201cTese do S\u00e9culo\u201d","isPartOf":{"@id":"https:\/\/www.suno.com.br\/noticias\/#website"},"primaryImageOfPage":{"@id":"https:\/\/www.suno.com.br\/noticias\/colunas\/aislane-vuono\/acao-rescisoria-pgfn-transitos-julgados-tese-seculo\/#primaryimage"},"image":{"@id":"https:\/\/www.suno.com.br\/noticias\/colunas\/aislane-vuono\/acao-rescisoria-pgfn-transitos-julgados-tese-seculo\/#primaryimage"},"thumbnailUrl":"https:\/\/files.sunoresearch.com.br\/n\/uploads\/2022\/11\/Colunistas.jpg","datePublished":"2024-04-04T19:50:47+00:00","dateModified":"2024-04-04T19:50:49+00:00","description":"Decis\u00e3o monocr\u00e1tica do STF permite o direito de contribuinte manter prazo quinquenal para repeti\u00e7\u00e3o de ind\u00e9bito declarada","breadcrumb":{"@id":"https:\/\/www.suno.com.br\/noticias\/colunas\/aislane-vuono\/acao-rescisoria-pgfn-transitos-julgados-tese-seculo\/#breadcrumb"},"inLanguage":"pt-BR","potentialAction":[{"@type":"ReadAction","target":["https:\/\/www.suno.com.br\/noticias\/colunas\/aislane-vuono\/acao-rescisoria-pgfn-transitos-julgados-tese-seculo\/"]}]},{"@type":"ImageObject","inLanguage":"pt-BR","@id":"https:\/\/www.suno.com.br\/noticias\/colunas\/aislane-vuono\/acao-rescisoria-pgfn-transitos-julgados-tese-seculo\/#primaryimage","url":"https:\/\/files.sunoresearch.com.br\/n\/uploads\/2022\/11\/Colunistas.jpg","contentUrl":"https:\/\/files.sunoresearch.com.br\/n\/uploads\/2022\/11\/Colunistas.jpg","width":1550,"height":810},{"@type":"BreadcrumbList","@id":"https:\/\/www.suno.com.br\/noticias\/colunas\/aislane-vuono\/acao-rescisoria-pgfn-transitos-julgados-tese-seculo\/#breadcrumb","itemListElement":[{"@type":"ListItem","position":1,"name":"Not\u00edcias","item":"https:\/\/www.suno.com.br\/noticias\/"},{"@type":"ListItem","position":2,"name":"Colunas","item":"https:\/\/www.suno.com.br\/noticias\/colunas\/"},{"@type":"ListItem","position":3,"name":"A a\u00e7\u00e3o rescis\u00f3ria da PGFN contra tr\u00e2nsitos em julgados da \u201cTese do S\u00e9culo\u201d\u00a0"}]},{"@type":"WebSite","@id":"https:\/\/www.suno.com.br\/noticias\/#website","url":"https:\/\/www.suno.com.br\/noticias\/","name":"Suno Not\u00edcias","description":"Seu portal de informa\u00e7\u00e3o sobre o mundo dos investimentos","publisher":{"@id":"https:\/\/www.suno.com.br\/noticias\/#organization"},"potentialAction":[{"@type":"SearchAction","target":{"@type":"EntryPoint","urlTemplate":"https:\/\/www.suno.com.br\/noticias\/?s={search_term_string}"},"query-input":{"@type":"PropertyValueSpecification","valueRequired":true,"valueName":"search_term_string"}}],"inLanguage":"pt-BR"},{"@type":"Organization","@id":"https:\/\/www.suno.com.br\/noticias\/#organization","name":"Suno Not\u00edcias","url":"https:\/\/www.suno.com.br\/noticias\/","logo":{"@type":"ImageObject","inLanguage":"pt-BR","@id":"https:\/\/www.suno.com.br\/noticias\/#\/schema\/logo\/image\/","url":"https:\/\/files.sunoresearch.com.br\/n\/uploads\/2021\/09\/suno-logo.png","contentUrl":"https:\/\/files.sunoresearch.com.br\/n\/uploads\/2021\/09\/suno-logo.png","width":180,"height":180,"caption":"Suno Not\u00edcias"},"image":{"@id":"https:\/\/www.suno.com.br\/noticias\/#\/schema\/logo\/image\/"},"sameAs":["https:\/\/facebook.com\/sunoresearch","https:\/\/x.com\/sunoresearch","https:\/\/www.instagram.com\/suno","https:\/\/www.linkedin.com\/company\/suno-research\/","https:\/\/www.youtube.com\/c\/sunoresearch"]},{"@type":"Person","@id":"https:\/\/www.suno.com.br\/noticias\/#\/schema\/person\/d5f3db0f9820310324a46e71bae05134","name":"Aislane Vuono","image":{"@type":"ImageObject","inLanguage":"pt-BR","@id":"https:\/\/www.suno.com.br\/noticias\/#\/schema\/person\/image\/","url":"https:\/\/secure.gravatar.com\/avatar\/f02a7ab5f1793cfe7cc5b7dc6c065daa?s=96&r=g","contentUrl":"https:\/\/secure.gravatar.com\/avatar\/f02a7ab5f1793cfe7cc5b7dc6c065daa?s=96&r=g","caption":"Aislane Vuono"},"description":"S\u00f3cia Especialista em Consultoria e Planejamento Tribut\u00e1rio e Fiscal no Ferreira &amp; Vuono Advogados. Advogada especialista em Direito Tribut\u00e1rio, com MBA em Gest\u00e3o Tribut\u00e1ria","url":"https:\/\/www.suno.com.br\/noticias\/author\/aislane-vuono\/"}]}},"amp_enabled":true,"_links":{"self":[{"href":"https:\/\/www.suno.com.br\/noticias\/wp-json\/wp\/v2\/suno_column\/540998"}],"collection":[{"href":"https:\/\/www.suno.com.br\/noticias\/wp-json\/wp\/v2\/suno_column"}],"about":[{"href":"https:\/\/www.suno.com.br\/noticias\/wp-json\/wp\/v2\/types\/suno_column"}],"author":[{"embeddable":true,"href":"https:\/\/www.suno.com.br\/noticias\/wp-json\/wp\/v2\/users\/343"}],"wp:featuredmedia":[{"embeddable":true,"href":"https:\/\/www.suno.com.br\/noticias\/wp-json\/wp\/v2\/media\/323379"}],"wp:attachment":[{"href":"https:\/\/www.suno.com.br\/noticias\/wp-json\/wp\/v2\/media?parent=540998"}],"wp:term":[{"taxonomy":"post_tag","embeddable":true,"href":"https:\/\/www.suno.com.br\/noticias\/wp-json\/wp\/v2\/tags?post=540998"}],"curies":[{"name":"wp","href":"https:\/\/api.w.org\/{rel}","templated":true}]}}