{"id":539841,"date":"2024-04-02T08:00:00","date_gmt":"2024-04-02T11:00:00","guid":{"rendered":"https:\/\/www.suno.com.br\/noticias\/colunas\/marco-lopes\/\/"},"modified":"2024-04-01T22:28:16","modified_gmt":"2024-04-02T01:28:16","slug":"planejamento-sucessorio-mudancas-imposto-heranca","status":"publish","type":"suno_column","link":"https:\/\/www.suno.com.br\/noticias\/colunas\/felipe-ibanez\/planejamento-sucessorio-mudancas-imposto-heranca\/","title":{"rendered":"A import\u00e2ncia do planejamento sucess\u00f3rio diante das mudan\u00e7as no imposto de heran\u00e7a"},"content":{"rendered":"<p>A recente aprova\u00e7\u00e3o da reforma tribut\u00e1ria trouxe mudan\u00e7as significativas no cen\u00e1rio do Imposto de Transmiss\u00e3o Causa Mortis e Doa\u00e7\u00e3o (ITCMD). Essas mudan\u00e7as n\u00e3o apenas reformulam as estruturas tribut\u00e1rias, mas tamb\u00e9m t\u00eam implica\u00e7\u00f5es diretas no <strong>processo sucess\u00f3rio<\/strong> das fam\u00edlias brasileiras.<\/p>\t<div class=\"wrapper-featured-image\">\n\t\t<figure class=\"spotlightImg\">\n\n\t\t\t<picture>\n\t\t\t\t<source media=\"(max-width: 768px)\" srcset=\"https:\/\/files.sunoresearch.com.br\/n\/uploads\/2022\/10\/alexander-mils-lCPhGxs7pww-unsplash-400x200.jpg\">\n\t\t\t\t<img loading=\"lazy\" decoding=\"async\" class=\"newsContent__article__imgCapa lazyloadDisabled \" src=\"https:\/\/files.sunoresearch.com.br\/n\/uploads\/2022\/10\/alexander-mils-lCPhGxs7pww-unsplash-800x450.jpg\" width=\"800\" height=\"450\" alt=\"A import\u00e2ncia do planejamento sucess\u00f3rio diante das mudan\u00e7as no imposto de heran\u00e7a\" fetchpriority=high \/>\n\t\t\t<\/picture>\n\n\t\t\t<figcaption class=\"wp-caption-text wp-caption-text--show\">Heran\u00e7a - Foto: Unsplash<\/figcaption>\n\t\t<\/figure>\n\t<\/div>\n\n\n\n\n\n\t<p>\n\t\t<a href=\"\" target=\"_blank\" data-element=\"shortcode-suno-banner\" title=\"Banner SUNO, clique e saiba mais\">\n\t\t\t<picture>\n\t\t\t\t<source media=\"(max-width: 500px)\" srcset=\"\">\n\t\t\t\t<img class=\"newsContent__article__imgCapa newsContent__article__imgCapa--banner\"\n\t\t\t\t\tsrc=\"\"\n\t\t\t\t\tdata-promo-id=\"240038\"\t\t\t\t\t\t\t\t\t\t\t\t\t\t\talt=\"\"\n\t\t\t\t>\n\t\t\t<\/picture>\n\t\t<\/a>\n\t<\/p>\n\n\n\n\n\n\n\n<p>Antes da reforma, as<strong> al\u00edquotas do ITCMD<\/strong> variavam de estado para estado, variando entre 1% e 8%. Contudo, com a nova legisla\u00e7\u00e3o, o imposto passar\u00e1 a ser progressivo, com um teto m\u00e1ximo de 8%. Isso significa que, quanto maior o patrim\u00f4nio, maior ser\u00e1 a<strong> incid\u00eancia do imposto<\/strong>, respeitando esse limite m\u00e1ximo de 8%. Al\u00e9m disso, o <strong>texto da reforma tribut\u00e1ria<\/strong> diz que os Estados devem voltar a exigir o ITCMD sobre bens e heran\u00e7as provenientes do exterior. At\u00e9 ent\u00e3o, essa cobran\u00e7a no exterior estava praticamente esquecida, por n\u00e3o haver uma Lei Complementar regulamentando a quest\u00e3o.<\/p>\n\n\n\n<p>\u00c9 de suma import\u00e2ncia ressaltar tamb\u00e9m que existe um grande risco dessa al\u00edquota m\u00e1xima de 8% ser aumentada para 16%, de acordo com Projeto de Lei que tramita no Senado. Ao vermos a carga tribut\u00e1ria do<strong> imposto sobre heran\u00e7a<\/strong> ao redor do mundo (EUA \u00e9 de 40%, Reino Unido \u00e9 de 40%, B\u00e9lgica chega a 80%, Fran\u00e7a \u00e9 de 45%, Su\u00ed\u00e7a \u00e9 de 50%, etc.), h\u00e1 uma premissa de que o ITCMD no Brasil ainda seja relativamente baixo, por isso entendo ser totalmente fact\u00edvel essa majora\u00e7\u00e3o da al\u00edquota em um futuro breve.<\/p>\n\n\n\n<p>Ao meu ver, uma das principais consequ\u00eancias dessas altera\u00e7\u00f5es \u00e9 o <strong>aumento da carga tribut\u00e1ria<\/strong>, especialmente para as fam\u00edlias com maior patrim\u00f4nio. Em estados como S\u00e3o Paulo, cuja al\u00edquota hoje \u00e9 fixada em 4%, um projeto de lei prop\u00f5e aumentar progressivamente as al\u00edquotas, atingindo at\u00e9 8% para patrim\u00f4nios acima de determinado valor. De acordo com o projeto, seriam institu\u00eddas al\u00edquotas por faixas de valor de 2%, 4%, 6% e 8%. Sem d\u00favida, esse aumento progressivo implica em uma maior carga de impostos pagos por fam\u00edlias mais abastadas, que anteriormente estavam sujeitas a uma al\u00edquota fixa menor, na maioria dos casos.<\/p>\n\n\n\n<p>Diante desse cen\u00e1rio, surge a necessidade de explorar estrat\u00e9gias para se precaver em rela\u00e7\u00e3o ao impacto do aumento da carga tribut\u00e1ria. Uma das formas de fazer isso \u00e9 por meio do planejamento sucess\u00f3rio, que consiste em organizar a <strong>disposi\u00e7\u00e3o dos bens<\/strong> de forma a garantir uma transi\u00e7\u00e3o suave e eficiente do <strong>patrim\u00f4nio para os herdeiros<\/strong>.<\/p>\n\n\n\n<p>No caso de a sucess\u00e3o patrimonial n\u00e3o ter sido planejada com anteced\u00eancia, minha primeira recomenda\u00e7\u00e3o ao cliente de imediato \u00e9 fazer um seguro com car\u00e1ter sucess\u00f3rio, que \u00e9 fundamental para proporcionar liquidez imediata para lidar com as despesas do invent\u00e1rio e garantir a estabilidade financeira dos benefici\u00e1rios. Al\u00e9m disso, indeniza\u00e7\u00f5es oriundas de seguro n\u00e3o tem <strong>incid\u00eancia de ITCMD<\/strong> e n\u00e3o entram no processo de invent\u00e1rio. Por conseguinte, vale considerar a constitui\u00e7\u00e3o de uma holding, que pode ser uma estrat\u00e9gia eficaz para proteger os ativos familiares e otimizar a gest\u00e3o patrimonial.<\/p>\n\n\n\t<p>\n\t\t<a href=\"https:\/\/lp.suno.com.br\/ebook-gratuito-investindo-no-exterior\/\" target=\"_blank\" data-element=\"shortcode-suno-banner\" title=\"Banner SUNO, clique e saiba mais\">\n\t\t\t<picture>\n\t\t\t\t<source media=\"(max-width: 500px)\" srcset=\"https:\/\/files.sunoresearch.com.br\/n\/uploads\/2023\/03\/400x300-Investindo-no-exterior.png\">\n\t\t\t\t<img class=\"newsContent__article__imgCapa newsContent__article__imgCapa--banner\"\n\t\t\t\t\tsrc=\"https:\/\/files.sunoresearch.com.br\/n\/uploads\/2023\/03\/1420x240-Investindo-no-exterior.png\"\n\t\t\t\t\tdata-promo-id=\"383161\"\t\t\t\t\t\t\t\t\t\twidth='1420' height='240'\t\t\t\t\talt=\"https:\/\/files.sunoresearch.com.br\/n\/uploads\/2023\/03\/1420x240-Investindo-no-exterior.png\"\n\t\t\t\t>\n\t\t\t<\/picture>\n\t\t<\/a>\n\t<\/p>\n\n\n\n\n\n<p>Outra alternativa vi\u00e1vel \u00e9 realizar <strong>doa\u00e7\u00f5es<\/strong>, tanto do pr\u00f3prio patrim\u00f4nio quanto das <strong>quotas da holding<\/strong>, caso j\u00e1 tenha sido constitu\u00edda. Atualmente, antes da implementa\u00e7\u00e3o total das novas al\u00edquotas progressivas, as doa\u00e7\u00f5es ainda s\u00e3o tributadas a uma al\u00edquota mais baixa. Ent\u00e3o, hoje ainda \u00e9 uma ferramenta que pode sim ser utilizada para evitar esse aumento da carga tribut\u00e1ria. No entanto, assim que for institu\u00eddo o imposto progressivo, o custo das doa\u00e7\u00f5es, na maioria dos casos, tamb\u00e9m aumentar\u00e1.<\/p>\n\n\n\n<p>Para aqueles que est\u00e3o preocupados com esse cen\u00e1rio iminente, \u00e9 fundamental buscar orienta\u00e7\u00e3o especializada e agir o quanto antes. \u00c9 muito dif\u00edcil assegurar as al\u00edquotas ainda vigentes porque est\u00e3o na imin\u00eancia de mudar. Ent\u00e3o, quem ainda quer aproveitar as al\u00edquotas atuais, precisa literalmente correr contra o tempo.<\/p>\n\n\n\n<p>Nesse contexto, o planejamento sucess\u00f3rio n\u00e3o apenas ajuda a minimizar a carga tribut\u00e1ria, mas tamb\u00e9m garante uma transi\u00e7\u00e3o tranquila e justa do patrim\u00f4nio para os familiares sem dores de cabe\u00e7a. Ent\u00e3o, a recomenda\u00e7\u00e3o \u00e9 n\u00e3o s\u00f3 se preocupar com o aumento da al\u00edquota, mas, principalmente, tratar com a maior brevidade e a maior urg\u00eancia o assunto do planejamento sucess\u00f3rio.<\/p>\n\n\n\n<p>Se a gente tem uma certeza na vida, \u00e9 a morte. E com a morte vem o<strong> processo sucess\u00f3rio<\/strong>, abertura de invent\u00e1rio e pagamento de impostos, taxas e custas. E o ideal \u00e9 que essas fam\u00edlias estejam preparadas para esse momento. Se a gente pode mitigar esse problema ainda em vida, por que n\u00e3o? \u00c9 uma estrat\u00e9gia mais barata, mais r\u00e1pida e muito mais f\u00e1cil de proteger os ativos e garantir a seguran\u00e7a financeira dos herdeiros. Nesse cen\u00e1rio, o planejamento sucess\u00f3rio emerge como uma etapa essencial do planejamento financeiro, oferecendo solu\u00e7\u00f5es eficazes para enfrentar os desafios impostos com as mudan\u00e7as da reforma tribut\u00e1ria.<\/p>\n\n\n\t<p>\n\t\t<a href=\"https:\/\/lp.suno.com.br\/planilha-da-vida-financeira\/\" target=\"_blank\" data-element=\"shortcode-suno-banner\" title=\"Banner SUNO, clique e saiba mais\">\n\t\t\t<picture>\n\t\t\t\t<source media=\"(max-width: 500px)\" srcset=\"https:\/\/files.sunoresearch.com.br\/n\/uploads\/2023\/04\/400x300-Planilha-vida-financeira-true.png\">\n\t\t\t\t<img class=\"newsContent__article__imgCapa newsContent__article__imgCapa--banner\"\n\t\t\t\t\tsrc=\"https:\/\/files.sunoresearch.com.br\/n\/uploads\/2023\/04\/1420x240-Planilha-vida-financeira-true.png\"\n\t\t\t\t\tdata-promo-id=\"383123\"\t\t\t\t\t\t\t\t\t\twidth='1420' height='240'\t\t\t\t\talt=\"https:\/\/files.sunoresearch.com.br\/n\/uploads\/2023\/04\/1420x240-Planilha-vida-financeira-true.png\"\n\t\t\t\t>\n\t\t\t<\/picture>\n\t\t<\/a>\n\t<\/p>\n\n\n","protected":false},"excerpt":{"rendered":"<p>A recente aprova\u00e7\u00e3o da reforma tribut\u00e1ria trouxe mudan\u00e7as significativas no cen\u00e1rio do Imposto de Transmiss\u00e3o Causa Mortis e Doa\u00e7\u00e3o (ITCMD). Essas mudan\u00e7as n\u00e3o apenas &#8230;<\/p>\n","protected":false},"author":362,"featured_media":311570,"template":"","tags":[1286],"class_list":["post-539841","suno_column","type-suno_column","status-publish","has-post-thumbnail","hentry","tag-reforma-tributaria"],"yoast_head":"<!-- This site is optimized with the Yoast SEO plugin v24.4 - https:\/\/yoast.com\/wordpress\/plugins\/seo\/ -->\n<title>A import\u00e2ncia do planejamento sucess\u00f3rio diante das mudan\u00e7as no imposto de heran\u00e7a<\/title>\n<meta name=\"description\" content=\"A recente aprova\u00e7\u00e3o da reforma tribut\u00e1ria trouxe mudan\u00e7as significativas no cen\u00e1rio do Imposto de Transmiss\u00e3o Causa Mortis e Doa\u00e7\u00e3o (ITCMD)\" \/>\n<meta name=\"robots\" content=\"index, follow, max-snippet:-1, max-image-preview:large, max-video-preview:-1\" \/>\n<link rel=\"canonical\" href=\"https:\/\/www.suno.com.br\/noticias\/colunas\/felipe-ibanez\/planejamento-sucessorio-mudancas-imposto-heranca\/\" \/>\n<meta property=\"og:locale\" content=\"pt_BR\" \/>\n<meta property=\"og:type\" content=\"article\" \/>\n<meta property=\"og:title\" content=\"A import\u00e2ncia do planejamento sucess\u00f3rio diante das mudan\u00e7as no imposto de heran\u00e7a\" \/>\n<meta property=\"og:description\" content=\"A recente aprova\u00e7\u00e3o da reforma tribut\u00e1ria trouxe mudan\u00e7as significativas no cen\u00e1rio do Imposto de Transmiss\u00e3o Causa Mortis e Doa\u00e7\u00e3o (ITCMD)\" \/>\n<meta property=\"og:url\" content=\"https:\/\/www.suno.com.br\/noticias\/colunas\/felipe-ibanez\/planejamento-sucessorio-mudancas-imposto-heranca\/\" \/>\n<meta property=\"og:site_name\" content=\"Suno Not\u00edcias\" \/>\n<meta property=\"article:publisher\" content=\"https:\/\/facebook.com\/sunoresearch\" \/>\n<meta property=\"og:image\" content=\"http:\/\/files.sunoresearch.com.br\/n\/uploads\/2022\/10\/alexander-mils-lCPhGxs7pww-unsplash-scaled.jpg\" \/>\n\t<meta property=\"og:image:width\" content=\"2560\" \/>\n\t<meta property=\"og:image:height\" content=\"1707\" \/>\n\t<meta property=\"og:image:type\" content=\"image\/jpeg\" \/>\n<meta name=\"twitter:card\" content=\"summary_large_image\" \/>\n<meta name=\"twitter:site\" content=\"@sunoresearch\" \/>\n<script type=\"application\/ld+json\" class=\"yoast-schema-graph\">{\"@context\":\"https:\/\/schema.org\",\"@graph\":[{\"@type\":\"Article\",\"@id\":\"https:\/\/www.suno.com.br\/noticias\/colunas\/felipe-ibanez\/planejamento-sucessorio-mudancas-imposto-heranca\/#article\",\"isPartOf\":{\"@id\":\"https:\/\/www.suno.com.br\/noticias\/colunas\/felipe-ibanez\/planejamento-sucessorio-mudancas-imposto-heranca\/\"},\"author\":{\"name\":\"Felipe Iba\u00f1ez\",\"@id\":\"https:\/\/www.suno.com.br\/noticias\/#\/schema\/person\/11e62cdd8295427d4bb1cc4d25d92d5d\"},\"headline\":\"A import\u00e2ncia do planejamento sucess\u00f3rio diante das mudan\u00e7as no imposto de heran\u00e7a\",\"datePublished\":\"2024-04-02T11:00:00+00:00\",\"mainEntityOfPage\":{\"@id\":\"https:\/\/www.suno.com.br\/noticias\/colunas\/felipe-ibanez\/planejamento-sucessorio-mudancas-imposto-heranca\/\"},\"wordCount\":875,\"publisher\":{\"@id\":\"https:\/\/www.suno.com.br\/noticias\/#organization\"},\"image\":{\"@id\":\"https:\/\/www.suno.com.br\/noticias\/colunas\/felipe-ibanez\/planejamento-sucessorio-mudancas-imposto-heranca\/#primaryimage\"},\"thumbnailUrl\":\"https:\/\/files.sunoresearch.com.br\/n\/uploads\/2022\/10\/alexander-mils-lCPhGxs7pww-unsplash-scaled.jpg\",\"keywords\":[\"reforma tribut\u00e1ria\"],\"inLanguage\":\"pt-BR\"},{\"@type\":\"WebPage\",\"@id\":\"https:\/\/www.suno.com.br\/noticias\/colunas\/felipe-ibanez\/planejamento-sucessorio-mudancas-imposto-heranca\/\",\"url\":\"https:\/\/www.suno.com.br\/noticias\/colunas\/felipe-ibanez\/planejamento-sucessorio-mudancas-imposto-heranca\/\",\"name\":\"A import\u00e2ncia do planejamento sucess\u00f3rio diante das mudan\u00e7as no imposto de heran\u00e7a\",\"isPartOf\":{\"@id\":\"https:\/\/www.suno.com.br\/noticias\/#website\"},\"primaryImageOfPage\":{\"@id\":\"https:\/\/www.suno.com.br\/noticias\/colunas\/felipe-ibanez\/planejamento-sucessorio-mudancas-imposto-heranca\/#primaryimage\"},\"image\":{\"@id\":\"https:\/\/www.suno.com.br\/noticias\/colunas\/felipe-ibanez\/planejamento-sucessorio-mudancas-imposto-heranca\/#primaryimage\"},\"thumbnailUrl\":\"https:\/\/files.sunoresearch.com.br\/n\/uploads\/2022\/10\/alexander-mils-lCPhGxs7pww-unsplash-scaled.jpg\",\"datePublished\":\"2024-04-02T11:00:00+00:00\",\"description\":\"A recente aprova\u00e7\u00e3o da reforma tribut\u00e1ria trouxe mudan\u00e7as significativas no cen\u00e1rio do Imposto de Transmiss\u00e3o Causa Mortis e Doa\u00e7\u00e3o (ITCMD)\",\"breadcrumb\":{\"@id\":\"https:\/\/www.suno.com.br\/noticias\/colunas\/felipe-ibanez\/planejamento-sucessorio-mudancas-imposto-heranca\/#breadcrumb\"},\"inLanguage\":\"pt-BR\",\"potentialAction\":[{\"@type\":\"ReadAction\",\"target\":[\"https:\/\/www.suno.com.br\/noticias\/colunas\/felipe-ibanez\/planejamento-sucessorio-mudancas-imposto-heranca\/\"]}]},{\"@type\":\"ImageObject\",\"inLanguage\":\"pt-BR\",\"@id\":\"https:\/\/www.suno.com.br\/noticias\/colunas\/felipe-ibanez\/planejamento-sucessorio-mudancas-imposto-heranca\/#primaryimage\",\"url\":\"https:\/\/files.sunoresearch.com.br\/n\/uploads\/2022\/10\/alexander-mils-lCPhGxs7pww-unsplash-scaled.jpg\",\"contentUrl\":\"https:\/\/files.sunoresearch.com.br\/n\/uploads\/2022\/10\/alexander-mils-lCPhGxs7pww-unsplash-scaled.jpg\",\"width\":2560,\"height\":1707,\"caption\":\"Heran\u00e7a - Foto: Unsplash\"},{\"@type\":\"BreadcrumbList\",\"@id\":\"https:\/\/www.suno.com.br\/noticias\/colunas\/felipe-ibanez\/planejamento-sucessorio-mudancas-imposto-heranca\/#breadcrumb\",\"itemListElement\":[{\"@type\":\"ListItem\",\"position\":1,\"name\":\"Not\u00edcias\",\"item\":\"https:\/\/www.suno.com.br\/noticias\/\"},{\"@type\":\"ListItem\",\"position\":2,\"name\":\"Colunas\",\"item\":\"https:\/\/www.suno.com.br\/noticias\/colunas\/\"},{\"@type\":\"ListItem\",\"position\":3,\"name\":\"A import\u00e2ncia do planejamento sucess\u00f3rio diante das mudan\u00e7as no imposto de heran\u00e7a\"}]},{\"@type\":\"WebSite\",\"@id\":\"https:\/\/www.suno.com.br\/noticias\/#website\",\"url\":\"https:\/\/www.suno.com.br\/noticias\/\",\"name\":\"Suno Not\u00edcias\",\"description\":\"Seu portal de informa\u00e7\u00e3o sobre o mundo dos investimentos\",\"publisher\":{\"@id\":\"https:\/\/www.suno.com.br\/noticias\/#organization\"},\"potentialAction\":[{\"@type\":\"SearchAction\",\"target\":{\"@type\":\"EntryPoint\",\"urlTemplate\":\"https:\/\/www.suno.com.br\/noticias\/?s={search_term_string}\"},\"query-input\":{\"@type\":\"PropertyValueSpecification\",\"valueRequired\":true,\"valueName\":\"search_term_string\"}}],\"inLanguage\":\"pt-BR\"},{\"@type\":\"Organization\",\"@id\":\"https:\/\/www.suno.com.br\/noticias\/#organization\",\"name\":\"Suno Not\u00edcias\",\"url\":\"https:\/\/www.suno.com.br\/noticias\/\",\"logo\":{\"@type\":\"ImageObject\",\"inLanguage\":\"pt-BR\",\"@id\":\"https:\/\/www.suno.com.br\/noticias\/#\/schema\/logo\/image\/\",\"url\":\"https:\/\/files.sunoresearch.com.br\/n\/uploads\/2021\/09\/suno-logo.png\",\"contentUrl\":\"https:\/\/files.sunoresearch.com.br\/n\/uploads\/2021\/09\/suno-logo.png\",\"width\":180,\"height\":180,\"caption\":\"Suno Not\u00edcias\"},\"image\":{\"@id\":\"https:\/\/www.suno.com.br\/noticias\/#\/schema\/logo\/image\/\"},\"sameAs\":[\"https:\/\/facebook.com\/sunoresearch\",\"https:\/\/x.com\/sunoresearch\",\"https:\/\/www.instagram.com\/suno\",\"https:\/\/www.linkedin.com\/company\/suno-research\/\",\"https:\/\/www.youtube.com\/c\/sunoresearch\"]},{\"@type\":\"Person\",\"@id\":\"https:\/\/www.suno.com.br\/noticias\/#\/schema\/person\/11e62cdd8295427d4bb1cc4d25d92d5d\",\"name\":\"Felipe Iba\u00f1ez\",\"image\":{\"@type\":\"ImageObject\",\"inLanguage\":\"pt-BR\",\"@id\":\"https:\/\/www.suno.com.br\/noticias\/#\/schema\/person\/image\/\",\"url\":\"https:\/\/secure.gravatar.com\/avatar\/c8c6845e6b27a942f361c3c656ff7323?s=96&r=g\",\"contentUrl\":\"https:\/\/secure.gravatar.com\/avatar\/c8c6845e6b27a942f361c3c656ff7323?s=96&r=g\",\"caption\":\"Felipe Iba\u00f1ez\"},\"description\":\"\u00c9 s\u00f3cio e head de seguro de vida, prote\u00e7\u00e3o e sucess\u00e3o patrimonial da A7 Capital, escrit\u00f3rio credenciado \u00e0 XP Investimentos. Advogado, formado em Direito pela Pontif\u00edcia Universidade Cat\u00f3lica de S\u00e3o Paulo (PUC\/SP), advogou por muitos anos no Pinheiro Neto Advogados e depois assessorou um Desembargador do Tribunal de Justi\u00e7a de S\u00e3o Paulo, quando resolveu abrir a pr\u00f3pria corretora de seguros de vida em 2017. Em julho de 2022, abdicou de sua corretora para se tornar s\u00f3cio da A7 Capital.\",\"url\":\"https:\/\/www.suno.com.br\/noticias\/author\/felipe-ibanez\/\"}]}<\/script>\n<!-- \/ Yoast SEO plugin. -->","yoast_head_json":{"title":"A import\u00e2ncia do planejamento sucess\u00f3rio diante das mudan\u00e7as no imposto de heran\u00e7a","description":"A recente aprova\u00e7\u00e3o da reforma tribut\u00e1ria trouxe mudan\u00e7as significativas no cen\u00e1rio do Imposto de Transmiss\u00e3o Causa Mortis e Doa\u00e7\u00e3o (ITCMD)","robots":{"index":"index","follow":"follow","max-snippet":"max-snippet:-1","max-image-preview":"max-image-preview:large","max-video-preview":"max-video-preview:-1"},"canonical":"https:\/\/www.suno.com.br\/noticias\/colunas\/felipe-ibanez\/planejamento-sucessorio-mudancas-imposto-heranca\/","og_locale":"pt_BR","og_type":"article","og_title":"A import\u00e2ncia do planejamento sucess\u00f3rio diante das mudan\u00e7as no imposto de heran\u00e7a","og_description":"A recente aprova\u00e7\u00e3o da reforma tribut\u00e1ria trouxe mudan\u00e7as significativas no cen\u00e1rio do Imposto de Transmiss\u00e3o Causa Mortis e Doa\u00e7\u00e3o (ITCMD)","og_url":"https:\/\/www.suno.com.br\/noticias\/colunas\/felipe-ibanez\/planejamento-sucessorio-mudancas-imposto-heranca\/","og_site_name":"Suno Not\u00edcias","article_publisher":"https:\/\/facebook.com\/sunoresearch","og_image":[{"width":2560,"height":1707,"url":"http:\/\/files.sunoresearch.com.br\/n\/uploads\/2022\/10\/alexander-mils-lCPhGxs7pww-unsplash-scaled.jpg","type":"image\/jpeg"}],"twitter_card":"summary_large_image","twitter_site":"@sunoresearch","schema":{"@context":"https:\/\/schema.org","@graph":[{"@type":"Article","@id":"https:\/\/www.suno.com.br\/noticias\/colunas\/felipe-ibanez\/planejamento-sucessorio-mudancas-imposto-heranca\/#article","isPartOf":{"@id":"https:\/\/www.suno.com.br\/noticias\/colunas\/felipe-ibanez\/planejamento-sucessorio-mudancas-imposto-heranca\/"},"author":{"name":"Felipe Iba\u00f1ez","@id":"https:\/\/www.suno.com.br\/noticias\/#\/schema\/person\/11e62cdd8295427d4bb1cc4d25d92d5d"},"headline":"A import\u00e2ncia do planejamento sucess\u00f3rio diante das mudan\u00e7as no imposto de heran\u00e7a","datePublished":"2024-04-02T11:00:00+00:00","mainEntityOfPage":{"@id":"https:\/\/www.suno.com.br\/noticias\/colunas\/felipe-ibanez\/planejamento-sucessorio-mudancas-imposto-heranca\/"},"wordCount":875,"publisher":{"@id":"https:\/\/www.suno.com.br\/noticias\/#organization"},"image":{"@id":"https:\/\/www.suno.com.br\/noticias\/colunas\/felipe-ibanez\/planejamento-sucessorio-mudancas-imposto-heranca\/#primaryimage"},"thumbnailUrl":"https:\/\/files.sunoresearch.com.br\/n\/uploads\/2022\/10\/alexander-mils-lCPhGxs7pww-unsplash-scaled.jpg","keywords":["reforma tribut\u00e1ria"],"inLanguage":"pt-BR"},{"@type":"WebPage","@id":"https:\/\/www.suno.com.br\/noticias\/colunas\/felipe-ibanez\/planejamento-sucessorio-mudancas-imposto-heranca\/","url":"https:\/\/www.suno.com.br\/noticias\/colunas\/felipe-ibanez\/planejamento-sucessorio-mudancas-imposto-heranca\/","name":"A import\u00e2ncia do planejamento sucess\u00f3rio diante das mudan\u00e7as no imposto de heran\u00e7a","isPartOf":{"@id":"https:\/\/www.suno.com.br\/noticias\/#website"},"primaryImageOfPage":{"@id":"https:\/\/www.suno.com.br\/noticias\/colunas\/felipe-ibanez\/planejamento-sucessorio-mudancas-imposto-heranca\/#primaryimage"},"image":{"@id":"https:\/\/www.suno.com.br\/noticias\/colunas\/felipe-ibanez\/planejamento-sucessorio-mudancas-imposto-heranca\/#primaryimage"},"thumbnailUrl":"https:\/\/files.sunoresearch.com.br\/n\/uploads\/2022\/10\/alexander-mils-lCPhGxs7pww-unsplash-scaled.jpg","datePublished":"2024-04-02T11:00:00+00:00","description":"A recente aprova\u00e7\u00e3o da reforma tribut\u00e1ria trouxe mudan\u00e7as significativas no cen\u00e1rio do Imposto de Transmiss\u00e3o Causa Mortis e Doa\u00e7\u00e3o (ITCMD)","breadcrumb":{"@id":"https:\/\/www.suno.com.br\/noticias\/colunas\/felipe-ibanez\/planejamento-sucessorio-mudancas-imposto-heranca\/#breadcrumb"},"inLanguage":"pt-BR","potentialAction":[{"@type":"ReadAction","target":["https:\/\/www.suno.com.br\/noticias\/colunas\/felipe-ibanez\/planejamento-sucessorio-mudancas-imposto-heranca\/"]}]},{"@type":"ImageObject","inLanguage":"pt-BR","@id":"https:\/\/www.suno.com.br\/noticias\/colunas\/felipe-ibanez\/planejamento-sucessorio-mudancas-imposto-heranca\/#primaryimage","url":"https:\/\/files.sunoresearch.com.br\/n\/uploads\/2022\/10\/alexander-mils-lCPhGxs7pww-unsplash-scaled.jpg","contentUrl":"https:\/\/files.sunoresearch.com.br\/n\/uploads\/2022\/10\/alexander-mils-lCPhGxs7pww-unsplash-scaled.jpg","width":2560,"height":1707,"caption":"Heran\u00e7a - Foto: Unsplash"},{"@type":"BreadcrumbList","@id":"https:\/\/www.suno.com.br\/noticias\/colunas\/felipe-ibanez\/planejamento-sucessorio-mudancas-imposto-heranca\/#breadcrumb","itemListElement":[{"@type":"ListItem","position":1,"name":"Not\u00edcias","item":"https:\/\/www.suno.com.br\/noticias\/"},{"@type":"ListItem","position":2,"name":"Colunas","item":"https:\/\/www.suno.com.br\/noticias\/colunas\/"},{"@type":"ListItem","position":3,"name":"A import\u00e2ncia do planejamento sucess\u00f3rio diante das mudan\u00e7as no imposto de heran\u00e7a"}]},{"@type":"WebSite","@id":"https:\/\/www.suno.com.br\/noticias\/#website","url":"https:\/\/www.suno.com.br\/noticias\/","name":"Suno Not\u00edcias","description":"Seu portal de informa\u00e7\u00e3o sobre o mundo dos investimentos","publisher":{"@id":"https:\/\/www.suno.com.br\/noticias\/#organization"},"potentialAction":[{"@type":"SearchAction","target":{"@type":"EntryPoint","urlTemplate":"https:\/\/www.suno.com.br\/noticias\/?s={search_term_string}"},"query-input":{"@type":"PropertyValueSpecification","valueRequired":true,"valueName":"search_term_string"}}],"inLanguage":"pt-BR"},{"@type":"Organization","@id":"https:\/\/www.suno.com.br\/noticias\/#organization","name":"Suno Not\u00edcias","url":"https:\/\/www.suno.com.br\/noticias\/","logo":{"@type":"ImageObject","inLanguage":"pt-BR","@id":"https:\/\/www.suno.com.br\/noticias\/#\/schema\/logo\/image\/","url":"https:\/\/files.sunoresearch.com.br\/n\/uploads\/2021\/09\/suno-logo.png","contentUrl":"https:\/\/files.sunoresearch.com.br\/n\/uploads\/2021\/09\/suno-logo.png","width":180,"height":180,"caption":"Suno Not\u00edcias"},"image":{"@id":"https:\/\/www.suno.com.br\/noticias\/#\/schema\/logo\/image\/"},"sameAs":["https:\/\/facebook.com\/sunoresearch","https:\/\/x.com\/sunoresearch","https:\/\/www.instagram.com\/suno","https:\/\/www.linkedin.com\/company\/suno-research\/","https:\/\/www.youtube.com\/c\/sunoresearch"]},{"@type":"Person","@id":"https:\/\/www.suno.com.br\/noticias\/#\/schema\/person\/11e62cdd8295427d4bb1cc4d25d92d5d","name":"Felipe Iba\u00f1ez","image":{"@type":"ImageObject","inLanguage":"pt-BR","@id":"https:\/\/www.suno.com.br\/noticias\/#\/schema\/person\/image\/","url":"https:\/\/secure.gravatar.com\/avatar\/c8c6845e6b27a942f361c3c656ff7323?s=96&r=g","contentUrl":"https:\/\/secure.gravatar.com\/avatar\/c8c6845e6b27a942f361c3c656ff7323?s=96&r=g","caption":"Felipe Iba\u00f1ez"},"description":"\u00c9 s\u00f3cio e head de seguro de vida, prote\u00e7\u00e3o e sucess\u00e3o patrimonial da A7 Capital, escrit\u00f3rio credenciado \u00e0 XP Investimentos. Advogado, formado em Direito pela Pontif\u00edcia Universidade Cat\u00f3lica de S\u00e3o Paulo (PUC\/SP), advogou por muitos anos no Pinheiro Neto Advogados e depois assessorou um Desembargador do Tribunal de Justi\u00e7a de S\u00e3o Paulo, quando resolveu abrir a pr\u00f3pria corretora de seguros de vida em 2017. Em julho de 2022, abdicou de sua corretora para se tornar s\u00f3cio da A7 Capital.","url":"https:\/\/www.suno.com.br\/noticias\/author\/felipe-ibanez\/"}]}},"amp_enabled":true,"_links":{"self":[{"href":"https:\/\/www.suno.com.br\/noticias\/wp-json\/wp\/v2\/suno_column\/539841"}],"collection":[{"href":"https:\/\/www.suno.com.br\/noticias\/wp-json\/wp\/v2\/suno_column"}],"about":[{"href":"https:\/\/www.suno.com.br\/noticias\/wp-json\/wp\/v2\/types\/suno_column"}],"author":[{"embeddable":true,"href":"https:\/\/www.suno.com.br\/noticias\/wp-json\/wp\/v2\/users\/362"}],"wp:featuredmedia":[{"embeddable":true,"href":"https:\/\/www.suno.com.br\/noticias\/wp-json\/wp\/v2\/media\/311570"}],"wp:attachment":[{"href":"https:\/\/www.suno.com.br\/noticias\/wp-json\/wp\/v2\/media?parent=539841"}],"wp:term":[{"taxonomy":"post_tag","embeddable":true,"href":"https:\/\/www.suno.com.br\/noticias\/wp-json\/wp\/v2\/tags?post=539841"}],"curies":[{"name":"wp","href":"https:\/\/api.w.org\/{rel}","templated":true}]}}