{"id":524754,"date":"2024-02-23T08:00:00","date_gmt":"2024-02-23T11:00:00","guid":{"rendered":"https:\/\/www.suno.com.br\/noticias\/colunas\/guilhermeserranosilvagmail-com\/\/"},"modified":"2024-02-23T12:51:11","modified_gmt":"2024-02-23T15:51:11","slug":"roteiro-padrao-empreendedorismo-brasileiro-cn","status":"publish","type":"suno_column","link":"https:\/\/www.suno.com.br\/noticias\/colunas\/nasser\/roteiro-padrao-empreendedorismo-brasileiro-cn\/","title":{"rendered":"O roteiro padr\u00e3o do empreendedorismo brasileiro"},"content":{"rendered":"<p>Imagine que voc\u00ea decidiu se aventurar na cozinha para fazer aquele pudim de leite bem gostoso. Pede indica\u00e7\u00e3o de receitas para a melhor confeiteira que voc\u00ea conhece, que passa uma receita fant\u00e1stica\u2026para um bolo de chocolate. N\u00e3o precisa ser conhecedor para saber que seguir a receita do bolo de chocolate n\u00e3o te levar\u00e1 ao pudim.<\/p>\t<div class=\"wrapper-featured-image\">\n\t\t<figure class=\"spotlightImg\">\n\n\t\t\t<picture>\n\t\t\t\t<source media=\"(max-width: 768px)\" srcset=\"https:\/\/files.sunoresearch.com.br\/n\/uploads\/2024\/02\/Sugestao-de-imagem-400x200.jpeg\">\n\t\t\t\t<img loading=\"lazy\" decoding=\"async\" class=\"newsContent__article__imgCapa lazyloadDisabled \" src=\"https:\/\/files.sunoresearch.com.br\/n\/uploads\/2024\/02\/Sugestao-de-imagem-800x450.jpeg\" width=\"800\" height=\"450\" alt=\"O roteiro padr\u00e3o do empreendedorismo brasileiro\" fetchpriority=high \/>\n\t\t\t<\/picture>\n\n\t\t\t<figcaption class=\"wp-caption-text wp-caption-text--show\">Empreendedorismo<\/figcaption>\n\t\t<\/figure>\n\t<\/div>\n\n\n\n\n\n\n\n\t<p>\n\t\t<a href=\"\" target=\"_blank\" data-element=\"shortcode-suno-banner\" title=\"Banner SUNO, clique e saiba mais\">\n\t\t\t<picture>\n\t\t\t\t<source media=\"(max-width: 500px)\" srcset=\"\">\n\t\t\t\t<img class=\"newsContent__article__imgCapa newsContent__article__imgCapa--banner\"\n\t\t\t\t\tsrc=\"\"\n\t\t\t\t\tdata-promo-id=\"240038\"\t\t\t\t\t\t\t\t\t\t\t\t\t\t\talt=\"\"\n\t\t\t\t>\n\t\t\t<\/picture>\n\t\t<\/a>\n\t<\/p>\n\n\n\n\n\n<p>Uso o paralelo culin\u00e1rio com uma licen\u00e7a para ilustrar hoje o ecossistema de startups brasileiro: na \u00faltima d\u00e9cada do empreendedorismo, moldamos uma cultura de roteiros fixos, e uma vis\u00e3o \u00fanica do que \u00e9 sucesso. Desde o momento de idea\u00e7\u00e3o das empresas, os empreendedores se deparam com m\u00faltiplos mandamentos &#8211; as regras que os ajudar\u00e3o a crescer o neg\u00f3cio, conquistar investimentos e criar um unic\u00f3rnio.<\/p>\n\n\n\n<p>Mas ignorar as aspira\u00e7\u00f5es individuais de cada neg\u00f3cio em prol da Cartilha-m\u00e1gica \u00e9 prejudicial para a diversidade dos neg\u00f3cios (ou, voltando ao bolo, n\u00e3o adianta seguir a receita do bolo de chocolate se voc\u00ea quer comer pudim!).<\/p>\n\n\n\n<h2 class=\"wp-block-heading\"><strong>Desmistificando a regra n\u00ba 1: o tal Sandu\u00edche das Ilhas Cayman<\/strong><\/h2>\n\n\n\n<p>Uma parcela consider\u00e1vel das empresas brasileiras, com opera\u00e7\u00f5es no Brasil, est\u00e3o sendo constitu\u00eddas no exterior em uma estrutura jur\u00eddica conhecida como \u201cSandu\u00edche de Cayman\u201d: com uma Holding em Cayman, uma LLC em Delaware e uma empresa operacional no Brasil:<br><br><img decoding=\"async\" width=\"171\" height=\"230.99437148217635\" src=\"https:\/\/lh7-us.googleusercontent.com\/oqQrHAon6370-8VcwXm3CH1R7R5msDSAOP8UcuLa7klEtvKZrK-MLT8NOPqqGN0cpxiC3DTJlv8jScSEsaU0EYE3NWjELzbdAUgIGBuqFJnzVCahBv9nTh9ywufeeBmh6FQXRdv14YAjLsTnH-NUEEo\"><\/p>\n\n\n\n<p>Queridinha de muitos fundos de Venture Capital, a estrutura do Sandu\u00edche de Cayman \u00e9 recomendada por facilitar ao empreendedor a capta\u00e7\u00e3o de recursos externos, al\u00e9m de simplificar a quest\u00e3o tribut\u00e1ria (<a href=\"https:\/\/npadv.com.br\/como-a-mp-da-tributacao-de-receitas-no-exterior-afeta-fundadores-e-investidores-de-startups\/\" target=\"_blank\" rel=\"noreferrer noopener\">ainda que, com a recente MP de tributa\u00e7\u00e3o de receitas do exterior, a efici\u00eancia tribut\u00e1ria fique em xeque<\/a>).<br><br>Antes de seguir a manada do famoso Sanduba, \u00e9 importante o empreendedor brasileiro ter em mente:<br><br><strong>1. Qual o perfil de seu investidor?<\/strong><br>Al\u00e9m de fundos estrangeiros que alocam capital na Am\u00e9rica Latina, alguns dos fundos brasileiros, com opera\u00e7\u00e3o<em>\u00a0in loco<\/em>, estruturam fundos no exterior tamb\u00e9m. O empreendedor deve analisar se deseja captar recursos, e qual o perfil de investidor que deseja em seu\u00a0<em>captable<\/em>. Temos muitos fundos, micro VCs e grupos de investidores com atua\u00e7\u00e3o local, que n\u00e3o demandam a complexidade de estruturar societariamente a empresa\u00a0<em>offshore<\/em>.<br><br><strong>2. Qual a tese de sa\u00edda do neg\u00f3cio?<\/strong><br>J\u00e1 escrevi anteriormente sobre um comparativo entre Estados Unidos e Brasil. Um dos principais diferenciais est\u00e1 na grandeza do mercado de capitais. Enquanto nos EUA, 43% das empresas listadas na Bolsa s\u00e3o\u00a0<em>VC-backed<\/em>, no Brasil s\u00e3o menos de 2%. O nosso principal contexto de sa\u00edda dos neg\u00f3cios, portanto, \u00e9 o M&amp;A &#8211; que, de acordo com levantamento da ACE, teve um CAGR (taxa de crescimento anual composta) de 49.5% de 2016 a 2021.<br><br>A maior parte dos M&amp;A de startups brasileiras hoje ocorre por incumbentes. Se o empreendedor identifica que as principais sinergias para uma futura aquisi\u00e7\u00e3o se dariam com empresas brasileiras, uma estrutura\u00a0<em>offshore<\/em>\u00a0hoje acaba se tornando apenas uma complexidade a mais no\u00a0<em>exit<\/em>, com horas e recursos jur\u00eddicos investidos em trazer a estrutura de volta ao Brasil.\u00a0<\/p>\n\n\n\n<h2 class=\"wp-block-heading\"><strong>Desmistificando a regra n\u00ba 2: a capta\u00e7\u00e3o via um fundo de Venture Capital&nbsp;<em>top tier<\/em><\/strong><\/h2>\n\n\n\n<p>Muitos empreendedores sonham em receber aportes dos fundos de Venture Capital mais famosos. Com certeza ser investido por um investidor&nbsp;<em>top tier<\/em>&nbsp;representa uma chancela do neg\u00f3cio, e abre importantes portas. Estes investidores, em sua maioria, conquistaram suas posi\u00e7\u00f5es privilegiadas no mercado e t\u00eam muito a oferecer aos neg\u00f3cios &#8211; e seus fundadores &#8211; para al\u00e9m do capital.<br><br>Mas \u00e9 um erro adaptar os princ\u00edpios de seu neg\u00f3cio, ou a sua vis\u00e3o do que \u00e9 sucesso, para atrair o capital de \u2018fulano\u2019. O exerc\u00edcio deve ser contr\u00e1rio: onde quero chegar, qual a demanda de capital (se h\u00e1) e o perfil ideal de investidor para chegar l\u00e1. O caminho do VC tradicional \u00e9 ideal para neg\u00f3cios que demandam crescimento acelerado (o famoso \u201c<em>move fast and break things<\/em>\u201d): a l\u00f3gica do crescimento de 30% ao m\u00eas, com vista na pr\u00f3xima rodada de capta\u00e7\u00e3o, sem muita preocupa\u00e7\u00e3o com a queima de caixa ou sustentabilidade do modelo a longo prazo.<br><br>H\u00e1 muitos neg\u00f3cios saud\u00e1veis e bem estabelecidos que cresceram a um ritmo menos acelerado, enquanto temos not\u00edcias de neg\u00f3cios que falharam depois de mostrar um crescimento astron\u00f4mico. N\u00e3o deve ser a taxa de crescimento a \u00fanica e, nem sempre, a principal m\u00e9trica a medir o sucesso de uma empresa qualquer, e isso tamb\u00e9m \u00e9 verdade para as startups e outras empresas na trilha do venture capital.&nbsp;<\/p>\n\n\n\t<p>\n\t\t<a href=\"https:\/\/lp.suno.com.br\/ebook-gratuito-investindo-no-exterior\/\" target=\"_blank\" data-element=\"shortcode-suno-banner\" title=\"Banner SUNO, clique e saiba mais\">\n\t\t\t<picture>\n\t\t\t\t<source media=\"(max-width: 500px)\" srcset=\"https:\/\/files.sunoresearch.com.br\/n\/uploads\/2023\/03\/400x300-Investindo-no-exterior.png\">\n\t\t\t\t<img class=\"newsContent__article__imgCapa newsContent__article__imgCapa--banner\"\n\t\t\t\t\tsrc=\"https:\/\/files.sunoresearch.com.br\/n\/uploads\/2023\/03\/1420x240-Investindo-no-exterior.png\"\n\t\t\t\t\tdata-promo-id=\"383161\"\t\t\t\t\t\t\t\t\t\twidth='1420' height='240'\t\t\t\t\talt=\"https:\/\/files.sunoresearch.com.br\/n\/uploads\/2023\/03\/1420x240-Investindo-no-exterior.png\"\n\t\t\t\t>\n\t\t\t<\/picture>\n\t\t<\/a>\n\t<\/p>\n\n\n\n\n\n<h2 class=\"wp-block-heading\"><strong>Desmistificando a regra n\u00ba 3: o significado de sucesso<\/strong><\/h2>\n\n\n\n<p>Falta diversidade no entendimento do que \u00e9 sucesso no ambiente de startups. Recentemente completamos uma d\u00e9cada da era-unic\u00f3rnio: quando a&nbsp;<em>Cowboy Venture<\/em>s cunhou o termo de unic\u00f3rnio, em 2013, eram 39 empresas coroadas pelo chifre m\u00edstico. Hoje s\u00e3o 532. Se perguntarmos para uma crian\u00e7a o que ele quer ser quando crescer, \u00e9 Youtuber (antigamente, astronauta). Se perguntamos para um empreendedor, a resposta ser\u00e1 unic\u00f3rnio?<br><br>A ideia de que unic\u00f3rnio \u00e9 sinal de sucesso tem duas grandes fragilidades: a primeira \u00e9 que qualquer neg\u00f3cio tem um objetivo social, e que transcende o valor atribu\u00eddo a ele, e diz respeito \u00e0 intera\u00e7\u00e3o entre a empresa (seu produto, servi\u00e7o) com a sociedade. O sucesso do neg\u00f3cio deveria ser vinculado a esse objetivo. A segunda fragilidade est\u00e1 no modelo dos unic\u00f3rnios em si: de acordo com a an\u00e1lise recente da&nbsp;<em>Cowboy Ventures<\/em>, 93% s\u00e3o unic\u00f3rnios no papel, sem uma liquidez que valide o valor de mercado. Aparentemente, 40% dos unic\u00f3rnios est\u00e3o negociando em secund\u00e1rias a valor inferior a U$1 bilh\u00e3o &#8211; ent\u00e3o a pr\u00f3pria premissa do termo n\u00e3o se sustenta.<br><br>\u00c9 essencial a todo empreendedor encarar algumas das regras colocadas por parte do mercado de venture capital como o padr\u00e3o-ouro das startups, e adequ\u00e1-las a seu contexto. Existem m\u00faltiplos caminhos de empreendedorismo t\u00e3o v\u00e1lidos quanto a estrada amarela rumo ao unic\u00f3rnio, mas que n\u00e3o dependem &#8211; e por vezes nem se beneficiam &#8211; dos mesmos ladrilhos.&nbsp;<\/p>\n\n\n\t<p>\n\t\t<a href=\"https:\/\/lp.suno.com.br\/planilha-da-vida-financeira\/\" target=\"_blank\" data-element=\"shortcode-suno-banner\" title=\"Banner SUNO, clique e saiba mais\">\n\t\t\t<picture>\n\t\t\t\t<source media=\"(max-width: 500px)\" srcset=\"https:\/\/files.sunoresearch.com.br\/n\/uploads\/2023\/04\/400x300-Planilha-vida-financeira-true.png\">\n\t\t\t\t<img class=\"newsContent__article__imgCapa newsContent__article__imgCapa--banner\"\n\t\t\t\t\tsrc=\"https:\/\/files.sunoresearch.com.br\/n\/uploads\/2023\/04\/1420x240-Planilha-vida-financeira-true.png\"\n\t\t\t\t\tdata-promo-id=\"383123\"\t\t\t\t\t\t\t\t\t\twidth='1420' height='240'\t\t\t\t\talt=\"https:\/\/files.sunoresearch.com.br\/n\/uploads\/2023\/04\/1420x240-Planilha-vida-financeira-true.png\"\n\t\t\t\t>\n\t\t\t<\/picture>\n\t\t<\/a>\n\t<\/p>\n\n\n","protected":false},"excerpt":{"rendered":"<p>Imagine que voc\u00ea decidiu se aventurar na cozinha para fazer aquele pudim de leite bem gostoso. Pede indica\u00e7\u00e3o de receitas para a melhor confeiteira que voc\u00ea conhece, q&#8230;<\/p>\n","protected":false},"author":187,"featured_media":526144,"template":"","tags":[],"class_list":["post-524754","suno_column","type-suno_column","status-publish","has-post-thumbnail","hentry"],"yoast_head":"<!-- This site is optimized with the Yoast SEO plugin v24.4 - https:\/\/yoast.com\/wordpress\/plugins\/seo\/ -->\n<title>O roteiro padr\u00e3o do empreendedorismo brasileiro<\/title>\n<meta name=\"description\" content=\"Na \u00faltima d\u00e9cada do empreendedorismo, moldamos uma cultura de roteiros fixos, e uma vis\u00e3o \u00fanica do que \u00e9 sucesso.\" \/>\n<meta name=\"robots\" content=\"index, follow, max-snippet:-1, max-image-preview:large, max-video-preview:-1\" \/>\n<link rel=\"canonical\" href=\"https:\/\/www.suno.com.br\/noticias\/colunas\/nasser\/roteiro-padrao-empreendedorismo-brasileiro-cn\/\" \/>\n<meta property=\"og:locale\" content=\"pt_BR\" \/>\n<meta property=\"og:type\" content=\"article\" \/>\n<meta property=\"og:title\" content=\"O roteiro padr\u00e3o do empreendedorismo brasileiro\" \/>\n<meta property=\"og:description\" content=\"Na \u00faltima d\u00e9cada do empreendedorismo, moldamos uma cultura de roteiros fixos, e uma vis\u00e3o \u00fanica do que \u00e9 sucesso.\" \/>\n<meta property=\"og:url\" content=\"https:\/\/www.suno.com.br\/noticias\/colunas\/nasser\/roteiro-padrao-empreendedorismo-brasileiro-cn\/\" \/>\n<meta property=\"og:site_name\" content=\"Suno Not\u00edcias\" \/>\n<meta property=\"article:publisher\" content=\"https:\/\/facebook.com\/sunoresearch\" \/>\n<meta property=\"og:image\" content=\"https:\/\/files.sunoresearch.com.br\/n\/uploads\/2024\/02\/Sugestao-de-imagem-scaled.jpeg\" \/>\n\t<meta property=\"og:image:width\" content=\"2560\" \/>\n\t<meta property=\"og:image:height\" content=\"1707\" \/>\n\t<meta property=\"og:image:type\" content=\"image\/jpeg\" \/>\n<meta name=\"twitter:card\" content=\"summary_large_image\" \/>\n<meta name=\"twitter:site\" content=\"@sunoresearch\" \/>\n<meta name=\"twitter:label1\" content=\"Est. tempo de leitura\" \/>\n\t<meta name=\"twitter:data1\" content=\"6 minutos\" \/>\n<script type=\"application\/ld+json\" class=\"yoast-schema-graph\">{\"@context\":\"https:\/\/schema.org\",\"@graph\":[{\"@type\":\"Article\",\"@id\":\"https:\/\/www.suno.com.br\/noticias\/colunas\/nasser\/roteiro-padrao-empreendedorismo-brasileiro-cn\/#article\",\"isPartOf\":{\"@id\":\"https:\/\/www.suno.com.br\/noticias\/colunas\/nasser\/roteiro-padrao-empreendedorismo-brasileiro-cn\/\"},\"author\":{\"name\":\"Camila Nasser\",\"@id\":\"https:\/\/www.suno.com.br\/noticias\/#\/schema\/person\/b7464d7a054f7f7647caebf9c2d1aafa\"},\"headline\":\"O roteiro padr\u00e3o do empreendedorismo brasileiro\",\"datePublished\":\"2024-02-23T11:00:00+00:00\",\"dateModified\":\"2024-02-23T15:51:11+00:00\",\"mainEntityOfPage\":{\"@id\":\"https:\/\/www.suno.com.br\/noticias\/colunas\/nasser\/roteiro-padrao-empreendedorismo-brasileiro-cn\/\"},\"wordCount\":1058,\"publisher\":{\"@id\":\"https:\/\/www.suno.com.br\/noticias\/#organization\"},\"image\":{\"@id\":\"https:\/\/www.suno.com.br\/noticias\/colunas\/nasser\/roteiro-padrao-empreendedorismo-brasileiro-cn\/#primaryimage\"},\"thumbnailUrl\":\"https:\/\/files.sunoresearch.com.br\/n\/uploads\/2024\/02\/Sugestao-de-imagem-scaled.jpeg\",\"inLanguage\":\"pt-BR\"},{\"@type\":\"WebPage\",\"@id\":\"https:\/\/www.suno.com.br\/noticias\/colunas\/nasser\/roteiro-padrao-empreendedorismo-brasileiro-cn\/\",\"url\":\"https:\/\/www.suno.com.br\/noticias\/colunas\/nasser\/roteiro-padrao-empreendedorismo-brasileiro-cn\/\",\"name\":\"O roteiro padr\u00e3o do empreendedorismo brasileiro\",\"isPartOf\":{\"@id\":\"https:\/\/www.suno.com.br\/noticias\/#website\"},\"primaryImageOfPage\":{\"@id\":\"https:\/\/www.suno.com.br\/noticias\/colunas\/nasser\/roteiro-padrao-empreendedorismo-brasileiro-cn\/#primaryimage\"},\"image\":{\"@id\":\"https:\/\/www.suno.com.br\/noticias\/colunas\/nasser\/roteiro-padrao-empreendedorismo-brasileiro-cn\/#primaryimage\"},\"thumbnailUrl\":\"https:\/\/files.sunoresearch.com.br\/n\/uploads\/2024\/02\/Sugestao-de-imagem-scaled.jpeg\",\"datePublished\":\"2024-02-23T11:00:00+00:00\",\"dateModified\":\"2024-02-23T15:51:11+00:00\",\"description\":\"Na \u00faltima d\u00e9cada do empreendedorismo, moldamos uma cultura de roteiros fixos, e uma vis\u00e3o \u00fanica do que \u00e9 sucesso.\",\"breadcrumb\":{\"@id\":\"https:\/\/www.suno.com.br\/noticias\/colunas\/nasser\/roteiro-padrao-empreendedorismo-brasileiro-cn\/#breadcrumb\"},\"inLanguage\":\"pt-BR\",\"potentialAction\":[{\"@type\":\"ReadAction\",\"target\":[\"https:\/\/www.suno.com.br\/noticias\/colunas\/nasser\/roteiro-padrao-empreendedorismo-brasileiro-cn\/\"]}]},{\"@type\":\"ImageObject\",\"inLanguage\":\"pt-BR\",\"@id\":\"https:\/\/www.suno.com.br\/noticias\/colunas\/nasser\/roteiro-padrao-empreendedorismo-brasileiro-cn\/#primaryimage\",\"url\":\"https:\/\/files.sunoresearch.com.br\/n\/uploads\/2024\/02\/Sugestao-de-imagem-scaled.jpeg\",\"contentUrl\":\"https:\/\/files.sunoresearch.com.br\/n\/uploads\/2024\/02\/Sugestao-de-imagem-scaled.jpeg\",\"width\":2560,\"height\":1707,\"caption\":\"Empreendedorismo\"},{\"@type\":\"BreadcrumbList\",\"@id\":\"https:\/\/www.suno.com.br\/noticias\/colunas\/nasser\/roteiro-padrao-empreendedorismo-brasileiro-cn\/#breadcrumb\",\"itemListElement\":[{\"@type\":\"ListItem\",\"position\":1,\"name\":\"Not\u00edcias\",\"item\":\"https:\/\/www.suno.com.br\/noticias\/\"},{\"@type\":\"ListItem\",\"position\":2,\"name\":\"Colunas\",\"item\":\"https:\/\/www.suno.com.br\/noticias\/colunas\/\"},{\"@type\":\"ListItem\",\"position\":3,\"name\":\"O roteiro padr\u00e3o do empreendedorismo brasileiro\"}]},{\"@type\":\"WebSite\",\"@id\":\"https:\/\/www.suno.com.br\/noticias\/#website\",\"url\":\"https:\/\/www.suno.com.br\/noticias\/\",\"name\":\"Suno Not\u00edcias\",\"description\":\"Seu portal de informa\u00e7\u00e3o sobre o mundo dos investimentos\",\"publisher\":{\"@id\":\"https:\/\/www.suno.com.br\/noticias\/#organization\"},\"potentialAction\":[{\"@type\":\"SearchAction\",\"target\":{\"@type\":\"EntryPoint\",\"urlTemplate\":\"https:\/\/www.suno.com.br\/noticias\/?s={search_term_string}\"},\"query-input\":{\"@type\":\"PropertyValueSpecification\",\"valueRequired\":true,\"valueName\":\"search_term_string\"}}],\"inLanguage\":\"pt-BR\"},{\"@type\":\"Organization\",\"@id\":\"https:\/\/www.suno.com.br\/noticias\/#organization\",\"name\":\"Suno Not\u00edcias\",\"url\":\"https:\/\/www.suno.com.br\/noticias\/\",\"logo\":{\"@type\":\"ImageObject\",\"inLanguage\":\"pt-BR\",\"@id\":\"https:\/\/www.suno.com.br\/noticias\/#\/schema\/logo\/image\/\",\"url\":\"https:\/\/files.sunoresearch.com.br\/n\/uploads\/2021\/09\/suno-logo.png\",\"contentUrl\":\"https:\/\/files.sunoresearch.com.br\/n\/uploads\/2021\/09\/suno-logo.png\",\"width\":180,\"height\":180,\"caption\":\"Suno Not\u00edcias\"},\"image\":{\"@id\":\"https:\/\/www.suno.com.br\/noticias\/#\/schema\/logo\/image\/\"},\"sameAs\":[\"https:\/\/facebook.com\/sunoresearch\",\"https:\/\/x.com\/sunoresearch\",\"https:\/\/www.instagram.com\/suno\",\"https:\/\/www.linkedin.com\/company\/suno-research\/\",\"https:\/\/www.youtube.com\/c\/sunoresearch\"]},{\"@type\":\"Person\",\"@id\":\"https:\/\/www.suno.com.br\/noticias\/#\/schema\/person\/b7464d7a054f7f7647caebf9c2d1aafa\",\"name\":\"Camila Nasser\",\"image\":{\"@type\":\"ImageObject\",\"inLanguage\":\"pt-BR\",\"@id\":\"https:\/\/www.suno.com.br\/noticias\/#\/schema\/person\/image\/\",\"url\":\"https:\/\/secure.gravatar.com\/avatar\/3987696d7c410ff57f72f1ef9c8d4614?s=96&r=g\",\"contentUrl\":\"https:\/\/secure.gravatar.com\/avatar\/3987696d7c410ff57f72f1ef9c8d4614?s=96&r=g\",\"caption\":\"Camila Nasser\"},\"description\":\"\u00c9 cofundadora e CEO do Kria, plataforma de investimentos em startups. A executiva iniciou sua carreira profissional no universo financeiro no Kria, como estagi\u00e1ria, ainda na \u00e9poca de faculdade. Ao longo dos anos, assumiu importantes cargos de lideran\u00e7a, como Head de Marketing e Chefe de Opera\u00e7\u00f5es. E, no final de 2020, foi convidada para se tornar CEO da fintech. Camila \u00e9 graduada em comunica\u00e7\u00e3o pela Escola Superior de Propaganda e Marketing.\",\"sameAs\":[\"https:\/\/www.linkedin.com\/in\/camila-nasser\/\"],\"url\":\"https:\/\/www.suno.com.br\/noticias\/author\/nasser\/\"}]}<\/script>\n<!-- \/ Yoast SEO plugin. -->","yoast_head_json":{"title":"O roteiro padr\u00e3o do empreendedorismo brasileiro","description":"Na \u00faltima d\u00e9cada do empreendedorismo, moldamos uma cultura de roteiros fixos, e uma vis\u00e3o \u00fanica do que \u00e9 sucesso.","robots":{"index":"index","follow":"follow","max-snippet":"max-snippet:-1","max-image-preview":"max-image-preview:large","max-video-preview":"max-video-preview:-1"},"canonical":"https:\/\/www.suno.com.br\/noticias\/colunas\/nasser\/roteiro-padrao-empreendedorismo-brasileiro-cn\/","og_locale":"pt_BR","og_type":"article","og_title":"O roteiro padr\u00e3o do empreendedorismo brasileiro","og_description":"Na \u00faltima d\u00e9cada do empreendedorismo, moldamos uma cultura de roteiros fixos, e uma vis\u00e3o \u00fanica do que \u00e9 sucesso.","og_url":"https:\/\/www.suno.com.br\/noticias\/colunas\/nasser\/roteiro-padrao-empreendedorismo-brasileiro-cn\/","og_site_name":"Suno Not\u00edcias","article_publisher":"https:\/\/facebook.com\/sunoresearch","og_image":[{"width":2560,"height":1707,"url":"https:\/\/files.sunoresearch.com.br\/n\/uploads\/2024\/02\/Sugestao-de-imagem-scaled.jpeg","type":"image\/jpeg"}],"twitter_card":"summary_large_image","twitter_site":"@sunoresearch","twitter_misc":{"Est. tempo de leitura":"6 minutos"},"schema":{"@context":"https:\/\/schema.org","@graph":[{"@type":"Article","@id":"https:\/\/www.suno.com.br\/noticias\/colunas\/nasser\/roteiro-padrao-empreendedorismo-brasileiro-cn\/#article","isPartOf":{"@id":"https:\/\/www.suno.com.br\/noticias\/colunas\/nasser\/roteiro-padrao-empreendedorismo-brasileiro-cn\/"},"author":{"name":"Camila Nasser","@id":"https:\/\/www.suno.com.br\/noticias\/#\/schema\/person\/b7464d7a054f7f7647caebf9c2d1aafa"},"headline":"O roteiro padr\u00e3o do empreendedorismo brasileiro","datePublished":"2024-02-23T11:00:00+00:00","dateModified":"2024-02-23T15:51:11+00:00","mainEntityOfPage":{"@id":"https:\/\/www.suno.com.br\/noticias\/colunas\/nasser\/roteiro-padrao-empreendedorismo-brasileiro-cn\/"},"wordCount":1058,"publisher":{"@id":"https:\/\/www.suno.com.br\/noticias\/#organization"},"image":{"@id":"https:\/\/www.suno.com.br\/noticias\/colunas\/nasser\/roteiro-padrao-empreendedorismo-brasileiro-cn\/#primaryimage"},"thumbnailUrl":"https:\/\/files.sunoresearch.com.br\/n\/uploads\/2024\/02\/Sugestao-de-imagem-scaled.jpeg","inLanguage":"pt-BR"},{"@type":"WebPage","@id":"https:\/\/www.suno.com.br\/noticias\/colunas\/nasser\/roteiro-padrao-empreendedorismo-brasileiro-cn\/","url":"https:\/\/www.suno.com.br\/noticias\/colunas\/nasser\/roteiro-padrao-empreendedorismo-brasileiro-cn\/","name":"O roteiro padr\u00e3o do empreendedorismo brasileiro","isPartOf":{"@id":"https:\/\/www.suno.com.br\/noticias\/#website"},"primaryImageOfPage":{"@id":"https:\/\/www.suno.com.br\/noticias\/colunas\/nasser\/roteiro-padrao-empreendedorismo-brasileiro-cn\/#primaryimage"},"image":{"@id":"https:\/\/www.suno.com.br\/noticias\/colunas\/nasser\/roteiro-padrao-empreendedorismo-brasileiro-cn\/#primaryimage"},"thumbnailUrl":"https:\/\/files.sunoresearch.com.br\/n\/uploads\/2024\/02\/Sugestao-de-imagem-scaled.jpeg","datePublished":"2024-02-23T11:00:00+00:00","dateModified":"2024-02-23T15:51:11+00:00","description":"Na \u00faltima d\u00e9cada do empreendedorismo, moldamos uma cultura de roteiros fixos, e uma vis\u00e3o \u00fanica do que \u00e9 sucesso.","breadcrumb":{"@id":"https:\/\/www.suno.com.br\/noticias\/colunas\/nasser\/roteiro-padrao-empreendedorismo-brasileiro-cn\/#breadcrumb"},"inLanguage":"pt-BR","potentialAction":[{"@type":"ReadAction","target":["https:\/\/www.suno.com.br\/noticias\/colunas\/nasser\/roteiro-padrao-empreendedorismo-brasileiro-cn\/"]}]},{"@type":"ImageObject","inLanguage":"pt-BR","@id":"https:\/\/www.suno.com.br\/noticias\/colunas\/nasser\/roteiro-padrao-empreendedorismo-brasileiro-cn\/#primaryimage","url":"https:\/\/files.sunoresearch.com.br\/n\/uploads\/2024\/02\/Sugestao-de-imagem-scaled.jpeg","contentUrl":"https:\/\/files.sunoresearch.com.br\/n\/uploads\/2024\/02\/Sugestao-de-imagem-scaled.jpeg","width":2560,"height":1707,"caption":"Empreendedorismo"},{"@type":"BreadcrumbList","@id":"https:\/\/www.suno.com.br\/noticias\/colunas\/nasser\/roteiro-padrao-empreendedorismo-brasileiro-cn\/#breadcrumb","itemListElement":[{"@type":"ListItem","position":1,"name":"Not\u00edcias","item":"https:\/\/www.suno.com.br\/noticias\/"},{"@type":"ListItem","position":2,"name":"Colunas","item":"https:\/\/www.suno.com.br\/noticias\/colunas\/"},{"@type":"ListItem","position":3,"name":"O roteiro padr\u00e3o do empreendedorismo brasileiro"}]},{"@type":"WebSite","@id":"https:\/\/www.suno.com.br\/noticias\/#website","url":"https:\/\/www.suno.com.br\/noticias\/","name":"Suno Not\u00edcias","description":"Seu portal de informa\u00e7\u00e3o sobre o mundo dos investimentos","publisher":{"@id":"https:\/\/www.suno.com.br\/noticias\/#organization"},"potentialAction":[{"@type":"SearchAction","target":{"@type":"EntryPoint","urlTemplate":"https:\/\/www.suno.com.br\/noticias\/?s={search_term_string}"},"query-input":{"@type":"PropertyValueSpecification","valueRequired":true,"valueName":"search_term_string"}}],"inLanguage":"pt-BR"},{"@type":"Organization","@id":"https:\/\/www.suno.com.br\/noticias\/#organization","name":"Suno Not\u00edcias","url":"https:\/\/www.suno.com.br\/noticias\/","logo":{"@type":"ImageObject","inLanguage":"pt-BR","@id":"https:\/\/www.suno.com.br\/noticias\/#\/schema\/logo\/image\/","url":"https:\/\/files.sunoresearch.com.br\/n\/uploads\/2021\/09\/suno-logo.png","contentUrl":"https:\/\/files.sunoresearch.com.br\/n\/uploads\/2021\/09\/suno-logo.png","width":180,"height":180,"caption":"Suno Not\u00edcias"},"image":{"@id":"https:\/\/www.suno.com.br\/noticias\/#\/schema\/logo\/image\/"},"sameAs":["https:\/\/facebook.com\/sunoresearch","https:\/\/x.com\/sunoresearch","https:\/\/www.instagram.com\/suno","https:\/\/www.linkedin.com\/company\/suno-research\/","https:\/\/www.youtube.com\/c\/sunoresearch"]},{"@type":"Person","@id":"https:\/\/www.suno.com.br\/noticias\/#\/schema\/person\/b7464d7a054f7f7647caebf9c2d1aafa","name":"Camila Nasser","image":{"@type":"ImageObject","inLanguage":"pt-BR","@id":"https:\/\/www.suno.com.br\/noticias\/#\/schema\/person\/image\/","url":"https:\/\/secure.gravatar.com\/avatar\/3987696d7c410ff57f72f1ef9c8d4614?s=96&r=g","contentUrl":"https:\/\/secure.gravatar.com\/avatar\/3987696d7c410ff57f72f1ef9c8d4614?s=96&r=g","caption":"Camila Nasser"},"description":"\u00c9 cofundadora e CEO do Kria, plataforma de investimentos em startups. A executiva iniciou sua carreira profissional no universo financeiro no Kria, como estagi\u00e1ria, ainda na \u00e9poca de faculdade. Ao longo dos anos, assumiu importantes cargos de lideran\u00e7a, como Head de Marketing e Chefe de Opera\u00e7\u00f5es. E, no final de 2020, foi convidada para se tornar CEO da fintech. Camila \u00e9 graduada em comunica\u00e7\u00e3o pela Escola Superior de Propaganda e Marketing.","sameAs":["https:\/\/www.linkedin.com\/in\/camila-nasser\/"],"url":"https:\/\/www.suno.com.br\/noticias\/author\/nasser\/"}]}},"amp_enabled":true,"_links":{"self":[{"href":"https:\/\/www.suno.com.br\/noticias\/wp-json\/wp\/v2\/suno_column\/524754"}],"collection":[{"href":"https:\/\/www.suno.com.br\/noticias\/wp-json\/wp\/v2\/suno_column"}],"about":[{"href":"https:\/\/www.suno.com.br\/noticias\/wp-json\/wp\/v2\/types\/suno_column"}],"author":[{"embeddable":true,"href":"https:\/\/www.suno.com.br\/noticias\/wp-json\/wp\/v2\/users\/187"}],"wp:featuredmedia":[{"embeddable":true,"href":"https:\/\/www.suno.com.br\/noticias\/wp-json\/wp\/v2\/media\/526144"}],"wp:attachment":[{"href":"https:\/\/www.suno.com.br\/noticias\/wp-json\/wp\/v2\/media?parent=524754"}],"wp:term":[{"taxonomy":"post_tag","embeddable":true,"href":"https:\/\/www.suno.com.br\/noticias\/wp-json\/wp\/v2\/tags?post=524754"}],"curies":[{"name":"wp","href":"https:\/\/api.w.org\/{rel}","templated":true}]}}