{"id":523455,"date":"2024-02-16T08:00:00","date_gmt":"2024-02-16T11:00:00","guid":{"rendered":"https:\/\/www.suno.com.br\/noticias\/colunas\/guilhermeserranosilvagmail-com\/\/"},"modified":"2024-02-15T17:05:55","modified_gmt":"2024-02-15T20:05:55","slug":"materiais-escolares-desejos-necessidades-compras-da","status":"publish","type":"suno_column","link":"https:\/\/www.suno.com.br\/noticias\/colunas\/diogo-angioleti\/materiais-escolares-desejos-necessidades-compras-da\/","title":{"rendered":"Equil\u00edbrio de desejos e necessidades na compra de materias escolares"},"content":{"rendered":"<p>\u00c0 medida que o per\u00edodo de volta \u00e0s aulas se inicia, pais e respons\u00e1veis se deparam com um desafio<br \/>financeiro e emocional: adquirir os materiais escolares necess\u00e1rios sem desequilibrar o or\u00e7amento<br \/>familiar. Este artigo prop\u00f5e estrat\u00e9gias para equilibrar os desejos dos estudantes com a realidade<br \/>financeira, com uma experi\u00eancia de compra mais consciente.<\/p>\t<div class=\"wrapper-featured-image\">\n\t\t<figure class=\"spotlightImg\">\n\n\t\t\t<picture>\n\t\t\t\t<source media=\"(max-width: 768px)\" srcset=\"https:\/\/files.sunoresearch.com.br\/n\/uploads\/2024\/02\/painting-1673774_1280-400x200.jpg\">\n\t\t\t\t<img loading=\"lazy\" decoding=\"async\" class=\"newsContent__article__imgCapa lazyloadDisabled \" src=\"https:\/\/files.sunoresearch.com.br\/n\/uploads\/2024\/02\/painting-1673774_1280-800x450.jpg\" width=\"800\" height=\"450\" alt=\"Equil\u00edbrio de desejos e necessidades na compra de materias escolares\" fetchpriority=high \/>\n\t\t\t<\/picture>\n\n\t\t\t<figcaption class=\"wp-caption-text wp-caption-text--show\">Material escolar<\/figcaption>\n\t\t<\/figure>\n\t<\/div>\n\n\n\n\n\n\n\n\t<p>\n\t\t<a href=\"\" target=\"_blank\" data-element=\"shortcode-suno-banner\" title=\"Banner SUNO, clique e saiba mais\">\n\t\t\t<picture>\n\t\t\t\t<source media=\"(max-width: 500px)\" srcset=\"\">\n\t\t\t\t<img class=\"newsContent__article__imgCapa newsContent__article__imgCapa--banner\"\n\t\t\t\t\tsrc=\"\"\n\t\t\t\t\tdata-promo-id=\"240038\"\t\t\t\t\t\t\t\t\t\t\t\t\t\t\talt=\"\"\n\t\t\t\t>\n\t\t\t<\/picture>\n\t\t<\/a>\n\t<\/p>\n\n\n\n\n\n<p><strong>Primeira li\u00e7\u00e3o \u00e9 a compreens\u00e3o e di\u00e1logo, que considero a base do planejamento familiar<\/strong>.<br>Estabele\u00e7a uma conversa franca e construtiva com os estudantes. Explique a import\u00e2ncia de<br>diferenciar desejo de necessidade, melhorando a consci\u00eancia financeira desde cedo. Use exemplos<br>pr\u00e1ticos para ilustrar como a escolha de um material mais acess\u00edvel pode permitir a aquisi\u00e7\u00e3o de<br>outro item desejado, promovendo o equil\u00edbrio.<br><br><strong>Depois vem a importante tarefa da pesquisa e compara\u00e7\u00e3o: praticamente uma aula na arte de<br>economizar<\/strong>. Antes de realizar as compras, dedique um tempo para pesquisar pre\u00e7os. O PROCON<br>realiza pesquisas em v\u00e1rias cidades e publica as varia\u00e7\u00f5es de pre\u00e7o nos itens de papelaria. Por<br>exemplo, no in\u00edcio deste ano, foram identificadas varia\u00e7\u00f5es de at\u00e9 600% em dez sites pesquisados,<br>segundo o PROCON do Rio de Janeiro \u2013 RJ. Portanto, compare pre\u00e7os online e offline. Incentive seus<br>filhos a participarem deste processo, tornando-o uma atividade educativa sobre o valor do dinheiro.<br><br><strong>Para tirar nota dez, reaproveite<\/strong>. Fa\u00e7a uma an\u00e1lise dos materiais do ano anterior. Muitas vezes, itens<br>como mochilas, estojos e at\u00e9 mesmo alguns utens\u00edlios podem ser usados novamente. Convide as<br>crian\u00e7as a personalizarem e criarem capas estilizadas e fa\u00e7a tudo virar uma brincadeira e um item<br>exclusivo. Essa pr\u00e1tica ensina sobre sustentabilidade e consumo consciente, valores essenciais em<br>um mundo de recursos finitos.<br><br><strong>N\u00e3o vai esquecer a lista de compras na hora da prova<\/strong>. A organiza\u00e7\u00e3o \u00e9 extremamente importante.<br>Elabore uma lista com o que precisa realmente ser comprado, pois esse simples ato ajuda a evitar<br>compras impulsivas e desnecess\u00e1rias. Envolva a crian\u00e7a no processo e aproveite para explicar o valor<br>das coisas. Isso pode ajud\u00e1-la a compreender o que o dinheiro pode comprar. A crian\u00e7a tamb\u00e9m<br>pode aprender a escolher entre os itens que cabem no bolso e entender a import\u00e2ncia de focar no<br>essencial, o que contribui para uma pr\u00e1tica econ\u00f4mica desde cedo.<\/p>\n\n\n\t<p>\n\t\t<a href=\"https:\/\/lp.suno.com.br\/ebook-gratuito-investindo-no-exterior\/\" target=\"_blank\" data-element=\"shortcode-suno-banner\" title=\"Banner SUNO, clique e saiba mais\">\n\t\t\t<picture>\n\t\t\t\t<source media=\"(max-width: 500px)\" srcset=\"https:\/\/files.sunoresearch.com.br\/n\/uploads\/2023\/03\/400x300-Investindo-no-exterior.png\">\n\t\t\t\t<img class=\"newsContent__article__imgCapa newsContent__article__imgCapa--banner\"\n\t\t\t\t\tsrc=\"https:\/\/files.sunoresearch.com.br\/n\/uploads\/2023\/03\/1420x240-Investindo-no-exterior.png\"\n\t\t\t\t\tdata-promo-id=\"383161\"\t\t\t\t\t\t\t\t\t\twidth='1420' height='240'\t\t\t\t\talt=\"https:\/\/files.sunoresearch.com.br\/n\/uploads\/2023\/03\/1420x240-Investindo-no-exterior.png\"\n\t\t\t\t>\n\t\t\t<\/picture>\n\t\t<\/a>\n\t<\/p>\n\n\n\n\n\n<p><strong>Tem trabalho em grupo? Sim \u00e0s compras coletivas<\/strong>. Coopera\u00e7\u00e3o pode ser um jeito de ganhar<br>descontos. Considere organizar ou participar de grupos de compras coletivas. Comprar em maior<br>quantidade geralmente traz melhores pre\u00e7os. Al\u00e9m disso, essa \u00e9 uma pr\u00e1tica que fortalece la\u00e7os<br>comunit\u00e1rios e ensina sobre a import\u00e2ncia do trabalho em equipe.<br><br><strong>Cuidado com o barato que sai caro. Avalie a qualidade e pense no investimento a longo prazo.<\/strong><br>Algumas vezes, optar por um produto de mais qualidade, mas mais caro, pode significar economia a<br>longo prazo. Materiais mais dur\u00e1veis evitam a necessidade de reposi\u00e7\u00e3o frequente, o que pode ser<br>mais econ\u00f4mico no decorrer do ano. Fazer esse tipo de conta \u00e9 importante.<br><br><strong>Por fim, para passar de ano na educa\u00e7\u00e3o financeira \u00e9 importante entender<\/strong> que a volta \u00e0s aulas \u00e9<br>um momento de renova\u00e7\u00e3o e expectativas. Ao adotar estas pr\u00e1ticas cultivamos nas crian\u00e7as o valor<br>da responsabilidade, do planejamento e da consci\u00eancia financeira e socioambiental. Encarando esse<br>per\u00edodo como uma oportunidade de aprendizado, transformamos um desafio em uma experi\u00eancia<br>enriquecedora para toda a fam\u00edlia.<\/p>\n\n\n\t<p>\n\t\t<a href=\"https:\/\/lp.suno.com.br\/planilha-da-vida-financeira\/\" target=\"_blank\" data-element=\"shortcode-suno-banner\" title=\"Banner SUNO, clique e saiba mais\">\n\t\t\t<picture>\n\t\t\t\t<source media=\"(max-width: 500px)\" srcset=\"https:\/\/files.sunoresearch.com.br\/n\/uploads\/2023\/04\/400x300-Planilha-vida-financeira-true.png\">\n\t\t\t\t<img class=\"newsContent__article__imgCapa newsContent__article__imgCapa--banner\"\n\t\t\t\t\tsrc=\"https:\/\/files.sunoresearch.com.br\/n\/uploads\/2023\/04\/1420x240-Planilha-vida-financeira-true.png\"\n\t\t\t\t\tdata-promo-id=\"383123\"\t\t\t\t\t\t\t\t\t\twidth='1420' height='240'\t\t\t\t\talt=\"https:\/\/files.sunoresearch.com.br\/n\/uploads\/2023\/04\/1420x240-Planilha-vida-financeira-true.png\"\n\t\t\t\t>\n\t\t\t<\/picture>\n\t\t<\/a>\n\t<\/p>\n\n\n","protected":false},"excerpt":{"rendered":"<p>\u00c0 medida que o per\u00edodo de volta \u00e0s aulas se inicia, pais e respons\u00e1veis se deparam com um desafiofinanceiro e emocional: adquirir os materiais escolares necess\u00e1rios se&#8230;<\/p>\n","protected":false},"author":235,"featured_media":523461,"template":"","tags":[],"class_list":["post-523455","suno_column","type-suno_column","status-publish","has-post-thumbnail","hentry"],"yoast_head":"<!-- This site is optimized with the Yoast SEO plugin v24.4 - https:\/\/yoast.com\/wordpress\/plugins\/seo\/ -->\n<title>Desejo e necessidades na compra de materiais escolares<\/title>\n<meta name=\"description\" content=\"\u00c0 medida que o per\u00edodo de volta \u00e0s aulas se inicia, pais se deparam com um desafiofinanceiro e emocional: adquirir os materiais escolares\" \/>\n<meta name=\"robots\" content=\"index, follow, max-snippet:-1, max-image-preview:large, max-video-preview:-1\" \/>\n<link rel=\"canonical\" href=\"https:\/\/www.suno.com.br\/noticias\/colunas\/diogo-angioleti\/materiais-escolares-desejos-necessidades-compras-da\/\" \/>\n<meta property=\"og:locale\" content=\"pt_BR\" \/>\n<meta property=\"og:type\" content=\"article\" \/>\n<meta property=\"og:title\" content=\"Desejo e necessidades na compra de materiais escolares\" \/>\n<meta property=\"og:description\" content=\"\u00c0 medida que o per\u00edodo de volta \u00e0s aulas se inicia, pais se deparam com um desafiofinanceiro e emocional: adquirir os materiais escolares\" \/>\n<meta property=\"og:url\" content=\"https:\/\/www.suno.com.br\/noticias\/colunas\/diogo-angioleti\/materiais-escolares-desejos-necessidades-compras-da\/\" \/>\n<meta property=\"og:site_name\" content=\"Suno Not\u00edcias\" \/>\n<meta property=\"article:publisher\" content=\"https:\/\/facebook.com\/sunoresearch\" \/>\n<meta property=\"og:image\" content=\"http:\/\/files.sunoresearch.com.br\/n\/uploads\/2024\/02\/painting-1673774_1280.jpg\" \/>\n\t<meta property=\"og:image:width\" content=\"1280\" \/>\n\t<meta property=\"og:image:height\" content=\"853\" \/>\n\t<meta property=\"og:image:type\" content=\"image\/jpeg\" \/>\n<meta name=\"twitter:card\" content=\"summary_large_image\" \/>\n<meta name=\"twitter:site\" content=\"@sunoresearch\" \/>\n<script type=\"application\/ld+json\" class=\"yoast-schema-graph\">{\"@context\":\"https:\/\/schema.org\",\"@graph\":[{\"@type\":\"Article\",\"@id\":\"https:\/\/www.suno.com.br\/noticias\/colunas\/diogo-angioleti\/materiais-escolares-desejos-necessidades-compras-da\/#article\",\"isPartOf\":{\"@id\":\"https:\/\/www.suno.com.br\/noticias\/colunas\/diogo-angioleti\/materiais-escolares-desejos-necessidades-compras-da\/\"},\"author\":{\"name\":\"Diogo Angioleti\",\"@id\":\"https:\/\/www.suno.com.br\/noticias\/#\/schema\/person\/8620c04d64ba0d737a6aab4fc9ea35fe\"},\"headline\":\"Equil\u00edbrio de desejos e necessidades na compra de materias escolares\",\"datePublished\":\"2024-02-16T11:00:00+00:00\",\"mainEntityOfPage\":{\"@id\":\"https:\/\/www.suno.com.br\/noticias\/colunas\/diogo-angioleti\/materiais-escolares-desejos-necessidades-compras-da\/\"},\"wordCount\":579,\"publisher\":{\"@id\":\"https:\/\/www.suno.com.br\/noticias\/#organization\"},\"image\":{\"@id\":\"https:\/\/www.suno.com.br\/noticias\/colunas\/diogo-angioleti\/materiais-escolares-desejos-necessidades-compras-da\/#primaryimage\"},\"thumbnailUrl\":\"https:\/\/files.sunoresearch.com.br\/n\/uploads\/2024\/02\/painting-1673774_1280.jpg\",\"inLanguage\":\"pt-BR\"},{\"@type\":\"WebPage\",\"@id\":\"https:\/\/www.suno.com.br\/noticias\/colunas\/diogo-angioleti\/materiais-escolares-desejos-necessidades-compras-da\/\",\"url\":\"https:\/\/www.suno.com.br\/noticias\/colunas\/diogo-angioleti\/materiais-escolares-desejos-necessidades-compras-da\/\",\"name\":\"Desejo e necessidades na compra de materiais escolares\",\"isPartOf\":{\"@id\":\"https:\/\/www.suno.com.br\/noticias\/#website\"},\"primaryImageOfPage\":{\"@id\":\"https:\/\/www.suno.com.br\/noticias\/colunas\/diogo-angioleti\/materiais-escolares-desejos-necessidades-compras-da\/#primaryimage\"},\"image\":{\"@id\":\"https:\/\/www.suno.com.br\/noticias\/colunas\/diogo-angioleti\/materiais-escolares-desejos-necessidades-compras-da\/#primaryimage\"},\"thumbnailUrl\":\"https:\/\/files.sunoresearch.com.br\/n\/uploads\/2024\/02\/painting-1673774_1280.jpg\",\"datePublished\":\"2024-02-16T11:00:00+00:00\",\"description\":\"\u00c0 medida que o per\u00edodo de volta \u00e0s aulas se inicia, pais se deparam com um desafiofinanceiro e emocional: adquirir os materiais escolares\",\"breadcrumb\":{\"@id\":\"https:\/\/www.suno.com.br\/noticias\/colunas\/diogo-angioleti\/materiais-escolares-desejos-necessidades-compras-da\/#breadcrumb\"},\"inLanguage\":\"pt-BR\",\"potentialAction\":[{\"@type\":\"ReadAction\",\"target\":[\"https:\/\/www.suno.com.br\/noticias\/colunas\/diogo-angioleti\/materiais-escolares-desejos-necessidades-compras-da\/\"]}]},{\"@type\":\"ImageObject\",\"inLanguage\":\"pt-BR\",\"@id\":\"https:\/\/www.suno.com.br\/noticias\/colunas\/diogo-angioleti\/materiais-escolares-desejos-necessidades-compras-da\/#primaryimage\",\"url\":\"https:\/\/files.sunoresearch.com.br\/n\/uploads\/2024\/02\/painting-1673774_1280.jpg\",\"contentUrl\":\"https:\/\/files.sunoresearch.com.br\/n\/uploads\/2024\/02\/painting-1673774_1280.jpg\",\"width\":1280,\"height\":853,\"caption\":\"Material escolar\"},{\"@type\":\"BreadcrumbList\",\"@id\":\"https:\/\/www.suno.com.br\/noticias\/colunas\/diogo-angioleti\/materiais-escolares-desejos-necessidades-compras-da\/#breadcrumb\",\"itemListElement\":[{\"@type\":\"ListItem\",\"position\":1,\"name\":\"Not\u00edcias\",\"item\":\"https:\/\/www.suno.com.br\/noticias\/\"},{\"@type\":\"ListItem\",\"position\":2,\"name\":\"Colunas\",\"item\":\"https:\/\/www.suno.com.br\/noticias\/colunas\/\"},{\"@type\":\"ListItem\",\"position\":3,\"name\":\"Equil\u00edbrio de desejos e necessidades na compra de materias escolares\"}]},{\"@type\":\"WebSite\",\"@id\":\"https:\/\/www.suno.com.br\/noticias\/#website\",\"url\":\"https:\/\/www.suno.com.br\/noticias\/\",\"name\":\"Suno Not\u00edcias\",\"description\":\"Seu portal de informa\u00e7\u00e3o sobre o mundo dos investimentos\",\"publisher\":{\"@id\":\"https:\/\/www.suno.com.br\/noticias\/#organization\"},\"potentialAction\":[{\"@type\":\"SearchAction\",\"target\":{\"@type\":\"EntryPoint\",\"urlTemplate\":\"https:\/\/www.suno.com.br\/noticias\/?s={search_term_string}\"},\"query-input\":{\"@type\":\"PropertyValueSpecification\",\"valueRequired\":true,\"valueName\":\"search_term_string\"}}],\"inLanguage\":\"pt-BR\"},{\"@type\":\"Organization\",\"@id\":\"https:\/\/www.suno.com.br\/noticias\/#organization\",\"name\":\"Suno Not\u00edcias\",\"url\":\"https:\/\/www.suno.com.br\/noticias\/\",\"logo\":{\"@type\":\"ImageObject\",\"inLanguage\":\"pt-BR\",\"@id\":\"https:\/\/www.suno.com.br\/noticias\/#\/schema\/logo\/image\/\",\"url\":\"https:\/\/files.sunoresearch.com.br\/n\/uploads\/2021\/09\/suno-logo.png\",\"contentUrl\":\"https:\/\/files.sunoresearch.com.br\/n\/uploads\/2021\/09\/suno-logo.png\",\"width\":180,\"height\":180,\"caption\":\"Suno Not\u00edcias\"},\"image\":{\"@id\":\"https:\/\/www.suno.com.br\/noticias\/#\/schema\/logo\/image\/\"},\"sameAs\":[\"https:\/\/facebook.com\/sunoresearch\",\"https:\/\/x.com\/sunoresearch\",\"https:\/\/www.instagram.com\/suno\",\"https:\/\/www.linkedin.com\/company\/suno-research\/\",\"https:\/\/www.youtube.com\/c\/sunoresearch\"]},{\"@type\":\"Person\",\"@id\":\"https:\/\/www.suno.com.br\/noticias\/#\/schema\/person\/8620c04d64ba0d737a6aab4fc9ea35fe\",\"name\":\"Diogo Angioleti\",\"image\":{\"@type\":\"ImageObject\",\"inLanguage\":\"pt-BR\",\"@id\":\"https:\/\/www.suno.com.br\/noticias\/#\/schema\/person\/image\/\",\"url\":\"https:\/\/secure.gravatar.com\/avatar\/3db4a1911ac4574440a7130f014bfceb?s=96&r=g\",\"contentUrl\":\"https:\/\/secure.gravatar.com\/avatar\/3db4a1911ac4574440a7130f014bfceb?s=96&r=g\",\"caption\":\"Diogo Angioleti\"},\"description\":\"Diogo Anderson Angioleti \u00e9 Gerente de RH, Gest\u00e3o Estrat\u00e9gica, Governan\u00e7a Cooperativa, Relacionamento e Marketing. Atua como colunista na Suno Economia, com participa\u00e7\u00f5es em TV, jornais e r\u00e1dio. Presidente na ABRH Blumenau\/SC, professor de p\u00f3s-gradua\u00e7\u00e3o em Economia Colaborativa e instrutor financeiro pelo Banco Central do Brasil e Sescoop Nacional. Com mais de duas d\u00e9cadas de experi\u00eancia no mercado financeiro, \u00e9 um especialista em Gest\u00e3o de empresas com \u00eanfase em cooperativas de cr\u00e9dito, Neuroci\u00eancia Cognitiva e Experi\u00eancia do Consumidor (CX). Minha expertise abrange lideran\u00e7a, marketing, desenvolvimento social, governan\u00e7a, customer-centric e estrat\u00e9gia de neg\u00f3cios. Consolidando uma trajet\u00f3ria marcada por muito aprendizado, empreendedorismo, inova\u00e7\u00e3o e alegria por realizar.\",\"url\":\"https:\/\/www.suno.com.br\/noticias\/author\/diogo-angioleti\/\"}]}<\/script>\n<!-- \/ Yoast SEO plugin. -->","yoast_head_json":{"title":"Desejo e necessidades na compra de materiais escolares","description":"\u00c0 medida que o per\u00edodo de volta \u00e0s aulas se inicia, pais se deparam com um desafiofinanceiro e emocional: adquirir os materiais escolares","robots":{"index":"index","follow":"follow","max-snippet":"max-snippet:-1","max-image-preview":"max-image-preview:large","max-video-preview":"max-video-preview:-1"},"canonical":"https:\/\/www.suno.com.br\/noticias\/colunas\/diogo-angioleti\/materiais-escolares-desejos-necessidades-compras-da\/","og_locale":"pt_BR","og_type":"article","og_title":"Desejo e necessidades na compra de materiais escolares","og_description":"\u00c0 medida que o per\u00edodo de volta \u00e0s aulas se inicia, pais se deparam com um desafiofinanceiro e emocional: adquirir os materiais escolares","og_url":"https:\/\/www.suno.com.br\/noticias\/colunas\/diogo-angioleti\/materiais-escolares-desejos-necessidades-compras-da\/","og_site_name":"Suno Not\u00edcias","article_publisher":"https:\/\/facebook.com\/sunoresearch","og_image":[{"width":1280,"height":853,"url":"http:\/\/files.sunoresearch.com.br\/n\/uploads\/2024\/02\/painting-1673774_1280.jpg","type":"image\/jpeg"}],"twitter_card":"summary_large_image","twitter_site":"@sunoresearch","schema":{"@context":"https:\/\/schema.org","@graph":[{"@type":"Article","@id":"https:\/\/www.suno.com.br\/noticias\/colunas\/diogo-angioleti\/materiais-escolares-desejos-necessidades-compras-da\/#article","isPartOf":{"@id":"https:\/\/www.suno.com.br\/noticias\/colunas\/diogo-angioleti\/materiais-escolares-desejos-necessidades-compras-da\/"},"author":{"name":"Diogo Angioleti","@id":"https:\/\/www.suno.com.br\/noticias\/#\/schema\/person\/8620c04d64ba0d737a6aab4fc9ea35fe"},"headline":"Equil\u00edbrio de desejos e necessidades na compra de materias escolares","datePublished":"2024-02-16T11:00:00+00:00","mainEntityOfPage":{"@id":"https:\/\/www.suno.com.br\/noticias\/colunas\/diogo-angioleti\/materiais-escolares-desejos-necessidades-compras-da\/"},"wordCount":579,"publisher":{"@id":"https:\/\/www.suno.com.br\/noticias\/#organization"},"image":{"@id":"https:\/\/www.suno.com.br\/noticias\/colunas\/diogo-angioleti\/materiais-escolares-desejos-necessidades-compras-da\/#primaryimage"},"thumbnailUrl":"https:\/\/files.sunoresearch.com.br\/n\/uploads\/2024\/02\/painting-1673774_1280.jpg","inLanguage":"pt-BR"},{"@type":"WebPage","@id":"https:\/\/www.suno.com.br\/noticias\/colunas\/diogo-angioleti\/materiais-escolares-desejos-necessidades-compras-da\/","url":"https:\/\/www.suno.com.br\/noticias\/colunas\/diogo-angioleti\/materiais-escolares-desejos-necessidades-compras-da\/","name":"Desejo e necessidades na compra de materiais escolares","isPartOf":{"@id":"https:\/\/www.suno.com.br\/noticias\/#website"},"primaryImageOfPage":{"@id":"https:\/\/www.suno.com.br\/noticias\/colunas\/diogo-angioleti\/materiais-escolares-desejos-necessidades-compras-da\/#primaryimage"},"image":{"@id":"https:\/\/www.suno.com.br\/noticias\/colunas\/diogo-angioleti\/materiais-escolares-desejos-necessidades-compras-da\/#primaryimage"},"thumbnailUrl":"https:\/\/files.sunoresearch.com.br\/n\/uploads\/2024\/02\/painting-1673774_1280.jpg","datePublished":"2024-02-16T11:00:00+00:00","description":"\u00c0 medida que o per\u00edodo de volta \u00e0s aulas se inicia, pais se deparam com um desafiofinanceiro e emocional: adquirir os materiais escolares","breadcrumb":{"@id":"https:\/\/www.suno.com.br\/noticias\/colunas\/diogo-angioleti\/materiais-escolares-desejos-necessidades-compras-da\/#breadcrumb"},"inLanguage":"pt-BR","potentialAction":[{"@type":"ReadAction","target":["https:\/\/www.suno.com.br\/noticias\/colunas\/diogo-angioleti\/materiais-escolares-desejos-necessidades-compras-da\/"]}]},{"@type":"ImageObject","inLanguage":"pt-BR","@id":"https:\/\/www.suno.com.br\/noticias\/colunas\/diogo-angioleti\/materiais-escolares-desejos-necessidades-compras-da\/#primaryimage","url":"https:\/\/files.sunoresearch.com.br\/n\/uploads\/2024\/02\/painting-1673774_1280.jpg","contentUrl":"https:\/\/files.sunoresearch.com.br\/n\/uploads\/2024\/02\/painting-1673774_1280.jpg","width":1280,"height":853,"caption":"Material escolar"},{"@type":"BreadcrumbList","@id":"https:\/\/www.suno.com.br\/noticias\/colunas\/diogo-angioleti\/materiais-escolares-desejos-necessidades-compras-da\/#breadcrumb","itemListElement":[{"@type":"ListItem","position":1,"name":"Not\u00edcias","item":"https:\/\/www.suno.com.br\/noticias\/"},{"@type":"ListItem","position":2,"name":"Colunas","item":"https:\/\/www.suno.com.br\/noticias\/colunas\/"},{"@type":"ListItem","position":3,"name":"Equil\u00edbrio de desejos e necessidades na compra de materias escolares"}]},{"@type":"WebSite","@id":"https:\/\/www.suno.com.br\/noticias\/#website","url":"https:\/\/www.suno.com.br\/noticias\/","name":"Suno Not\u00edcias","description":"Seu portal de informa\u00e7\u00e3o sobre o mundo dos investimentos","publisher":{"@id":"https:\/\/www.suno.com.br\/noticias\/#organization"},"potentialAction":[{"@type":"SearchAction","target":{"@type":"EntryPoint","urlTemplate":"https:\/\/www.suno.com.br\/noticias\/?s={search_term_string}"},"query-input":{"@type":"PropertyValueSpecification","valueRequired":true,"valueName":"search_term_string"}}],"inLanguage":"pt-BR"},{"@type":"Organization","@id":"https:\/\/www.suno.com.br\/noticias\/#organization","name":"Suno Not\u00edcias","url":"https:\/\/www.suno.com.br\/noticias\/","logo":{"@type":"ImageObject","inLanguage":"pt-BR","@id":"https:\/\/www.suno.com.br\/noticias\/#\/schema\/logo\/image\/","url":"https:\/\/files.sunoresearch.com.br\/n\/uploads\/2021\/09\/suno-logo.png","contentUrl":"https:\/\/files.sunoresearch.com.br\/n\/uploads\/2021\/09\/suno-logo.png","width":180,"height":180,"caption":"Suno Not\u00edcias"},"image":{"@id":"https:\/\/www.suno.com.br\/noticias\/#\/schema\/logo\/image\/"},"sameAs":["https:\/\/facebook.com\/sunoresearch","https:\/\/x.com\/sunoresearch","https:\/\/www.instagram.com\/suno","https:\/\/www.linkedin.com\/company\/suno-research\/","https:\/\/www.youtube.com\/c\/sunoresearch"]},{"@type":"Person","@id":"https:\/\/www.suno.com.br\/noticias\/#\/schema\/person\/8620c04d64ba0d737a6aab4fc9ea35fe","name":"Diogo Angioleti","image":{"@type":"ImageObject","inLanguage":"pt-BR","@id":"https:\/\/www.suno.com.br\/noticias\/#\/schema\/person\/image\/","url":"https:\/\/secure.gravatar.com\/avatar\/3db4a1911ac4574440a7130f014bfceb?s=96&r=g","contentUrl":"https:\/\/secure.gravatar.com\/avatar\/3db4a1911ac4574440a7130f014bfceb?s=96&r=g","caption":"Diogo Angioleti"},"description":"Diogo Anderson Angioleti \u00e9 Gerente de RH, Gest\u00e3o Estrat\u00e9gica, Governan\u00e7a Cooperativa, Relacionamento e Marketing. Atua como colunista na Suno Economia, com participa\u00e7\u00f5es em TV, jornais e r\u00e1dio. Presidente na ABRH Blumenau\/SC, professor de p\u00f3s-gradua\u00e7\u00e3o em Economia Colaborativa e instrutor financeiro pelo Banco Central do Brasil e Sescoop Nacional. Com mais de duas d\u00e9cadas de experi\u00eancia no mercado financeiro, \u00e9 um especialista em Gest\u00e3o de empresas com \u00eanfase em cooperativas de cr\u00e9dito, Neuroci\u00eancia Cognitiva e Experi\u00eancia do Consumidor (CX). Minha expertise abrange lideran\u00e7a, marketing, desenvolvimento social, governan\u00e7a, customer-centric e estrat\u00e9gia de neg\u00f3cios. Consolidando uma trajet\u00f3ria marcada por muito aprendizado, empreendedorismo, inova\u00e7\u00e3o e alegria por realizar.","url":"https:\/\/www.suno.com.br\/noticias\/author\/diogo-angioleti\/"}]}},"amp_enabled":true,"_links":{"self":[{"href":"https:\/\/www.suno.com.br\/noticias\/wp-json\/wp\/v2\/suno_column\/523455"}],"collection":[{"href":"https:\/\/www.suno.com.br\/noticias\/wp-json\/wp\/v2\/suno_column"}],"about":[{"href":"https:\/\/www.suno.com.br\/noticias\/wp-json\/wp\/v2\/types\/suno_column"}],"author":[{"embeddable":true,"href":"https:\/\/www.suno.com.br\/noticias\/wp-json\/wp\/v2\/users\/235"}],"wp:featuredmedia":[{"embeddable":true,"href":"https:\/\/www.suno.com.br\/noticias\/wp-json\/wp\/v2\/media\/523461"}],"wp:attachment":[{"href":"https:\/\/www.suno.com.br\/noticias\/wp-json\/wp\/v2\/media?parent=523455"}],"wp:term":[{"taxonomy":"post_tag","embeddable":true,"href":"https:\/\/www.suno.com.br\/noticias\/wp-json\/wp\/v2\/tags?post=523455"}],"curies":[{"name":"wp","href":"https:\/\/api.w.org\/{rel}","templated":true}]}}