{"id":514958,"date":"2024-01-24T08:00:00","date_gmt":"2024-01-24T11:00:00","guid":{"rendered":"https:\/\/www.suno.com.br\/noticias\/colunas\/marco-lopes\/\/"},"modified":"2024-01-23T22:48:33","modified_gmt":"2024-01-24T01:48:33","slug":"previdencia-privada-nova-lei-sancionada-lula-afeta-bolso","status":"publish","type":"suno_column","link":"https:\/\/www.suno.com.br\/noticias\/colunas\/victor-bessa\/previdencia-privada-nova-lei-sancionada-lula-afeta-bolso\/","title":{"rendered":"Previd\u00eancia Privada: como a nova Lei sancionada por Lula pode impactar o seu bolso?"},"content":{"rendered":"<p>A <strong>previd\u00eancia privada<\/strong>, quando escolhida adequadamente, \u00e9 uma das melhores formas de aumentar seu patrim\u00f4nio e garantir benef\u00edcios fiscais significativos que fazem grande diferen\u00e7a nos resultados a longo prazo.<\/p>\t<div class=\"wrapper-featured-image\">\n\t\t<figure class=\"spotlightImg\">\n\n\t\t\t<picture>\n\t\t\t\t<source media=\"(max-width: 768px)\" srcset=\"https:\/\/files.sunoresearch.com.br\/n\/uploads\/2023\/12\/previdencia-beneficios-unsplash-400x200.jpg\">\n\t\t\t\t<img loading=\"lazy\" decoding=\"async\" class=\"newsContent__article__imgCapa lazyloadDisabled \" src=\"https:\/\/files.sunoresearch.com.br\/n\/uploads\/2023\/12\/previdencia-beneficios-unsplash-800x450.jpg\" width=\"800\" height=\"450\" alt=\"Previd\u00eancia Privada: como a nova Lei sancionada por Lula pode impactar o seu bolso?\" fetchpriority=high \/>\n\t\t\t<\/picture>\n\n\t\t\t<figcaption class=\"wp-caption-text wp-caption-text--show\">Previd\u00eancia privada. Foto: Unsplash<\/figcaption>\n\t\t<\/figure>\n\t<\/div>\n\n\n\n\n\n\t<p>\n\t\t<a href=\"\" target=\"_blank\" data-element=\"shortcode-suno-banner\" title=\"Banner SUNO, clique e saiba mais\">\n\t\t\t<picture>\n\t\t\t\t<source media=\"(max-width: 500px)\" srcset=\"\">\n\t\t\t\t<img class=\"newsContent__article__imgCapa newsContent__article__imgCapa--banner\"\n\t\t\t\t\tsrc=\"\"\n\t\t\t\t\tdata-promo-id=\"240038\"\t\t\t\t\t\t\t\t\t\t\t\t\t\t\talt=\"\"\n\t\t\t\t>\n\t\t\t<\/picture>\n\t\t<\/a>\n\t<\/p>\n\n\n\n\n\n\n\n<p>A partir deste ano, esse produto se torna ainda mais interessante com a <strong>nova legisla\u00e7\u00e3o <\/strong>que altera a forma como a previd\u00eancia privada \u00e9 tributada. Para compreender como essa mudan\u00e7a \u00e9 positiva, vou explicar como funciona uma previd\u00eancia.<\/p>\n\n\n\n<p>Para <strong>contratar uma previd\u00eancia privada<\/strong>, \u00e9 necess\u00e1rio escolher entre dois tipos de planos: o PGBL (Plano Gerador de Benef\u00edcio Livre) e o <strong>VGBL<\/strong> (Vida Gerador de Benef\u00edcio Livre). A principal diferen\u00e7a entre eles \u00e9 a forma como o imposto de renda \u00e9 aplicado.<\/p>\n\n\n\n<p>O <strong>PGBL<\/strong> \u00e9 recomendado para quem faz a declara\u00e7\u00e3o de <strong>imposto de renda<\/strong> completa, pois permite deduzir at\u00e9 12% da renda bruta anual dos aportes feitos no plano, ou seja, voc\u00ea paga menos imposto. Contudo, na hora do resgate, o imposto de renda incide sobre o valor total acumulado.<\/p>\n\n\n\n<p>O VGBL \u00e9 indicado para quem faz a declara\u00e7\u00e3o de imposto de renda simplificada, pois n\u00e3o permite a dedu\u00e7\u00e3o dos aportes. No entanto, na hora do resgate, o imposto de renda incide apenas sobre o rendimento obtido.<\/p>\n\n\n\n<p>At\u00e9 o ano passado, no momento da contrata\u00e7\u00e3o, tamb\u00e9m era necess\u00e1rio escolher o<strong> regime de tributa\u00e7\u00e3o <\/strong>do plano: progressivo ou regressivo.<\/p>\n\n\n\n<p>No regime progressivo, o imposto de renda segue a mesma <strong>tabela do IRPF<\/strong>, ou seja, quanto maior o valor resgatado, maior a al\u00edquota.<\/p>\n\n\n\n<figure class=\"wp-block-image size-full\"><img loading=\"lazy\" decoding=\"async\" width=\"402\" height=\"283\" src=\"https:\/\/files.sunoresearch.com.br\/n\/uploads\/2024\/01\/coluna-tabela-1.jpg\" alt=\"\" class=\"wp-image-514959\" srcset=\"https:\/\/files.sunoresearch.com.br\/n\/uploads\/2024\/01\/coluna-tabela-1.jpg 402w, https:\/\/files.sunoresearch.com.br\/n\/uploads\/2024\/01\/coluna-tabela-1-300x211.jpg 300w, https:\/\/files.sunoresearch.com.br\/n\/uploads\/2024\/01\/coluna-tabela-1-400x283.jpg 400w, https:\/\/files.sunoresearch.com.br\/n\/uploads\/2024\/01\/coluna-tabela-1-150x106.jpg 150w\" sizes=\"(max-width: 402px) 100vw, 402px\" \/><\/figure>\n\n\n\n<p>No regime regressivo, o imposto de renda \u00e9 definido pelo tempo de perman\u00eancia no plano, e nesse caso, quanto mais tempo o dinheiro ficar investido, menor a al\u00edquota.<\/p>\n\n\n\n<figure class=\"wp-block-image size-full\"><img loading=\"lazy\" decoding=\"async\" width=\"381\" height=\"297\" src=\"https:\/\/files.sunoresearch.com.br\/n\/uploads\/2024\/01\/coluna-tabela-2.jpg\" alt=\"\" class=\"wp-image-514961\" srcset=\"https:\/\/files.sunoresearch.com.br\/n\/uploads\/2024\/01\/coluna-tabela-2.jpg 381w, https:\/\/files.sunoresearch.com.br\/n\/uploads\/2024\/01\/coluna-tabela-2-300x234.jpg 300w, https:\/\/files.sunoresearch.com.br\/n\/uploads\/2024\/01\/coluna-tabela-2-150x117.jpg 150w\" sizes=\"(max-width: 381px) 100vw, 381px\" \/><\/figure>\n\n\n\n<p>Ap\u00f3s selecionado o regime de <strong>tributa\u00e7\u00e3o da sua previd\u00eancia<\/strong>, n\u00e3o era poss\u00edvel alter\u00e1-lo posteriormente. O problema disso \u00e9 que o regime escolhido hoje por voc\u00ea pode n\u00e3o ser o mais interessante daqui a algum tempo, devido a algum imprevisto, mudan\u00e7as no seu planejamento financeiro pessoal ou outros fatores.<\/p>\n\n\n\t<p>\n\t\t<a href=\"https:\/\/lp.suno.com.br\/ebook-gratuito-investindo-no-exterior\/\" target=\"_blank\" data-element=\"shortcode-suno-banner\" title=\"Banner SUNO, clique e saiba mais\">\n\t\t\t<picture>\n\t\t\t\t<source media=\"(max-width: 500px)\" srcset=\"https:\/\/files.sunoresearch.com.br\/n\/uploads\/2023\/03\/400x300-Investindo-no-exterior.png\">\n\t\t\t\t<img class=\"newsContent__article__imgCapa newsContent__article__imgCapa--banner\"\n\t\t\t\t\tsrc=\"https:\/\/files.sunoresearch.com.br\/n\/uploads\/2023\/03\/1420x240-Investindo-no-exterior.png\"\n\t\t\t\t\tdata-promo-id=\"383161\"\t\t\t\t\t\t\t\t\t\twidth='1420' height='240'\t\t\t\t\talt=\"https:\/\/files.sunoresearch.com.br\/n\/uploads\/2023\/03\/1420x240-Investindo-no-exterior.png\"\n\t\t\t\t>\n\t\t\t<\/picture>\n\t\t<\/a>\n\t<\/p>\n\n\n\n\n\n<p>\u00c9 justamente nesse ponto que a nova <strong>lei n\u00ba 14.803<\/strong> altera a previd\u00eancia. A partir de agora, o investidor n\u00e3o precisa mais escolher o regime de tributa\u00e7\u00e3o na contrata\u00e7\u00e3o do plano, mas sim no momento do resgate do dinheiro.<\/p>\n\n\n\n<p>Essa mudan\u00e7a \u00e9 muito positiva para os investidores, especialmente para aqueles que j\u00e1 possuem previd\u00eancia privada e se arrependeram do regime escolhido. E, de fato, \u00e9 o que faz mais sentido, afinal, o melhor momento para avaliar qual tributa\u00e7\u00e3o ser\u00e1 mais ben\u00e9fica para o investidor \u00e9 na hora do resgate, e n\u00e3o no momento da aplica\u00e7\u00e3o<\/p>\n\n\n\n<p>Fico feliz que esse produto est\u00e1 se tornando mais atrativo para o investidor, permitindo uma maior flexibilidade e uma menor carga tribut\u00e1ria. S\u00e3o poucas vezes que recebemos mudan\u00e7as positivas para o pequeno investidor em rela\u00e7\u00e3o a tributa\u00e7\u00e3o. Espero que continue vindo mais mudan\u00e7as assim!<\/p>\n\n\n\n<p>Se voc\u00ea gostou deste artigo, compartilhe com quem j\u00e1 tem ou tem interesse em investir na <strong>previd\u00eancia privada<\/strong>. At\u00e9 a pr\u00f3xima!<\/p>\n\n\n\t<p>\n\t\t<a href=\"https:\/\/lp.suno.com.br\/planilha-da-vida-financeira\/\" target=\"_blank\" data-element=\"shortcode-suno-banner\" title=\"Banner SUNO, clique e saiba mais\">\n\t\t\t<picture>\n\t\t\t\t<source media=\"(max-width: 500px)\" srcset=\"https:\/\/files.sunoresearch.com.br\/n\/uploads\/2023\/04\/400x300-Planilha-vida-financeira-true.png\">\n\t\t\t\t<img class=\"newsContent__article__imgCapa newsContent__article__imgCapa--banner\"\n\t\t\t\t\tsrc=\"https:\/\/files.sunoresearch.com.br\/n\/uploads\/2023\/04\/1420x240-Planilha-vida-financeira-true.png\"\n\t\t\t\t\tdata-promo-id=\"383123\"\t\t\t\t\t\t\t\t\t\twidth='1420' height='240'\t\t\t\t\talt=\"https:\/\/files.sunoresearch.com.br\/n\/uploads\/2023\/04\/1420x240-Planilha-vida-financeira-true.png\"\n\t\t\t\t>\n\t\t\t<\/picture>\n\t\t<\/a>\n\t<\/p>\n\n\n","protected":false},"excerpt":{"rendered":"<p>A previd\u00eancia privada, quando escolhida adequadamente, \u00e9 uma das melhores formas de aumentar seu patrim\u00f4nio e garantir benef\u00edcios fiscais significativos que fazem gran&#8230;<\/p>\n","protected":false},"author":297,"featured_media":497444,"template":"","tags":[106895],"class_list":["post-514958","suno_column","type-suno_column","status-publish","has-post-thumbnail","hentry","tag-previdencia"],"yoast_head":"<!-- This site is optimized with the Yoast SEO plugin v24.4 - https:\/\/yoast.com\/wordpress\/plugins\/seo\/ -->\n<title>Previd\u00eancia Privada: Como a nova Lei sancionada por Lula pode impactar o seu bolso?<\/title>\n<meta name=\"description\" content=\"A partir deste ano, elaPrevid\u00eancia Privada se torna ainda mais interessante com a nova legisla\u00e7\u00e3o que altera a forma como a previd\u00eancia privada \u00e9 tributada\" \/>\n<meta name=\"robots\" content=\"index, follow, max-snippet:-1, max-image-preview:large, max-video-preview:-1\" \/>\n<link rel=\"canonical\" href=\"https:\/\/www.suno.com.br\/noticias\/colunas\/victor-bessa\/previdencia-privada-nova-lei-sancionada-lula-afeta-bolso\/\" \/>\n<meta property=\"og:locale\" content=\"pt_BR\" \/>\n<meta property=\"og:type\" content=\"article\" \/>\n<meta property=\"og:title\" content=\"Previd\u00eancia Privada: Como a nova Lei sancionada por Lula pode impactar o seu bolso?\" \/>\n<meta property=\"og:description\" content=\"A partir deste ano, elaPrevid\u00eancia Privada se torna ainda mais interessante com a nova legisla\u00e7\u00e3o que altera a forma como a previd\u00eancia privada \u00e9 tributada\" \/>\n<meta property=\"og:url\" content=\"https:\/\/www.suno.com.br\/noticias\/colunas\/victor-bessa\/previdencia-privada-nova-lei-sancionada-lula-afeta-bolso\/\" \/>\n<meta property=\"og:site_name\" content=\"Suno Not\u00edcias\" \/>\n<meta property=\"article:publisher\" content=\"https:\/\/facebook.com\/sunoresearch\" \/>\n<meta property=\"og:image\" content=\"http:\/\/files.sunoresearch.com.br\/n\/uploads\/2023\/12\/previdencia-beneficios-unsplash.jpg\" \/>\n\t<meta property=\"og:image:width\" content=\"1200\" \/>\n\t<meta property=\"og:image:height\" content=\"801\" \/>\n\t<meta property=\"og:image:type\" content=\"image\/jpeg\" \/>\n<meta name=\"twitter:card\" content=\"summary_large_image\" \/>\n<meta name=\"twitter:site\" content=\"@sunoresearch\" \/>\n<meta name=\"twitter:label1\" content=\"Est. tempo de leitura\" \/>\n\t<meta name=\"twitter:data1\" content=\"4 minutos\" \/>\n<script type=\"application\/ld+json\" class=\"yoast-schema-graph\">{\"@context\":\"https:\/\/schema.org\",\"@graph\":[{\"@type\":\"Article\",\"@id\":\"https:\/\/www.suno.com.br\/noticias\/colunas\/victor-bessa\/previdencia-privada-nova-lei-sancionada-lula-afeta-bolso\/#article\",\"isPartOf\":{\"@id\":\"https:\/\/www.suno.com.br\/noticias\/colunas\/victor-bessa\/previdencia-privada-nova-lei-sancionada-lula-afeta-bolso\/\"},\"author\":{\"name\":\"Victor Bessa\",\"@id\":\"https:\/\/www.suno.com.br\/noticias\/#\/schema\/person\/d3f4c1bb11308f22856f9cb896c1f6f4\"},\"headline\":\"Previd\u00eancia Privada: como a nova Lei sancionada por Lula pode impactar o seu bolso?\",\"datePublished\":\"2024-01-24T11:00:00+00:00\",\"mainEntityOfPage\":{\"@id\":\"https:\/\/www.suno.com.br\/noticias\/colunas\/victor-bessa\/previdencia-privada-nova-lei-sancionada-lula-afeta-bolso\/\"},\"wordCount\":534,\"publisher\":{\"@id\":\"https:\/\/www.suno.com.br\/noticias\/#organization\"},\"image\":{\"@id\":\"https:\/\/www.suno.com.br\/noticias\/colunas\/victor-bessa\/previdencia-privada-nova-lei-sancionada-lula-afeta-bolso\/#primaryimage\"},\"thumbnailUrl\":\"https:\/\/files.sunoresearch.com.br\/n\/uploads\/2023\/12\/previdencia-beneficios-unsplash.jpg\",\"keywords\":[\"Previd\u00eancia\"],\"inLanguage\":\"pt-BR\"},{\"@type\":\"WebPage\",\"@id\":\"https:\/\/www.suno.com.br\/noticias\/colunas\/victor-bessa\/previdencia-privada-nova-lei-sancionada-lula-afeta-bolso\/\",\"url\":\"https:\/\/www.suno.com.br\/noticias\/colunas\/victor-bessa\/previdencia-privada-nova-lei-sancionada-lula-afeta-bolso\/\",\"name\":\"Previd\u00eancia Privada: Como a nova Lei sancionada por Lula pode impactar o seu bolso?\",\"isPartOf\":{\"@id\":\"https:\/\/www.suno.com.br\/noticias\/#website\"},\"primaryImageOfPage\":{\"@id\":\"https:\/\/www.suno.com.br\/noticias\/colunas\/victor-bessa\/previdencia-privada-nova-lei-sancionada-lula-afeta-bolso\/#primaryimage\"},\"image\":{\"@id\":\"https:\/\/www.suno.com.br\/noticias\/colunas\/victor-bessa\/previdencia-privada-nova-lei-sancionada-lula-afeta-bolso\/#primaryimage\"},\"thumbnailUrl\":\"https:\/\/files.sunoresearch.com.br\/n\/uploads\/2023\/12\/previdencia-beneficios-unsplash.jpg\",\"datePublished\":\"2024-01-24T11:00:00+00:00\",\"description\":\"A partir deste ano, elaPrevid\u00eancia Privada se torna ainda mais interessante com a nova legisla\u00e7\u00e3o que altera a forma como a previd\u00eancia privada \u00e9 tributada\",\"breadcrumb\":{\"@id\":\"https:\/\/www.suno.com.br\/noticias\/colunas\/victor-bessa\/previdencia-privada-nova-lei-sancionada-lula-afeta-bolso\/#breadcrumb\"},\"inLanguage\":\"pt-BR\",\"potentialAction\":[{\"@type\":\"ReadAction\",\"target\":[\"https:\/\/www.suno.com.br\/noticias\/colunas\/victor-bessa\/previdencia-privada-nova-lei-sancionada-lula-afeta-bolso\/\"]}]},{\"@type\":\"ImageObject\",\"inLanguage\":\"pt-BR\",\"@id\":\"https:\/\/www.suno.com.br\/noticias\/colunas\/victor-bessa\/previdencia-privada-nova-lei-sancionada-lula-afeta-bolso\/#primaryimage\",\"url\":\"https:\/\/files.sunoresearch.com.br\/n\/uploads\/2023\/12\/previdencia-beneficios-unsplash.jpg\",\"contentUrl\":\"https:\/\/files.sunoresearch.com.br\/n\/uploads\/2023\/12\/previdencia-beneficios-unsplash.jpg\",\"width\":1200,\"height\":801,\"caption\":\"Previd\u00eancia privada. Foto: Unsplash\"},{\"@type\":\"BreadcrumbList\",\"@id\":\"https:\/\/www.suno.com.br\/noticias\/colunas\/victor-bessa\/previdencia-privada-nova-lei-sancionada-lula-afeta-bolso\/#breadcrumb\",\"itemListElement\":[{\"@type\":\"ListItem\",\"position\":1,\"name\":\"Not\u00edcias\",\"item\":\"https:\/\/www.suno.com.br\/noticias\/\"},{\"@type\":\"ListItem\",\"position\":2,\"name\":\"Colunas\",\"item\":\"https:\/\/www.suno.com.br\/noticias\/colunas\/\"},{\"@type\":\"ListItem\",\"position\":3,\"name\":\"Previd\u00eancia Privada: como a nova Lei sancionada por Lula pode impactar o seu bolso?\"}]},{\"@type\":\"WebSite\",\"@id\":\"https:\/\/www.suno.com.br\/noticias\/#website\",\"url\":\"https:\/\/www.suno.com.br\/noticias\/\",\"name\":\"Suno Not\u00edcias\",\"description\":\"Seu portal de informa\u00e7\u00e3o sobre o mundo dos investimentos\",\"publisher\":{\"@id\":\"https:\/\/www.suno.com.br\/noticias\/#organization\"},\"potentialAction\":[{\"@type\":\"SearchAction\",\"target\":{\"@type\":\"EntryPoint\",\"urlTemplate\":\"https:\/\/www.suno.com.br\/noticias\/?s={search_term_string}\"},\"query-input\":{\"@type\":\"PropertyValueSpecification\",\"valueRequired\":true,\"valueName\":\"search_term_string\"}}],\"inLanguage\":\"pt-BR\"},{\"@type\":\"Organization\",\"@id\":\"https:\/\/www.suno.com.br\/noticias\/#organization\",\"name\":\"Suno Not\u00edcias\",\"url\":\"https:\/\/www.suno.com.br\/noticias\/\",\"logo\":{\"@type\":\"ImageObject\",\"inLanguage\":\"pt-BR\",\"@id\":\"https:\/\/www.suno.com.br\/noticias\/#\/schema\/logo\/image\/\",\"url\":\"https:\/\/files.sunoresearch.com.br\/n\/uploads\/2021\/09\/suno-logo.png\",\"contentUrl\":\"https:\/\/files.sunoresearch.com.br\/n\/uploads\/2021\/09\/suno-logo.png\",\"width\":180,\"height\":180,\"caption\":\"Suno Not\u00edcias\"},\"image\":{\"@id\":\"https:\/\/www.suno.com.br\/noticias\/#\/schema\/logo\/image\/\"},\"sameAs\":[\"https:\/\/facebook.com\/sunoresearch\",\"https:\/\/x.com\/sunoresearch\",\"https:\/\/www.instagram.com\/suno\",\"https:\/\/www.linkedin.com\/company\/suno-research\/\",\"https:\/\/www.youtube.com\/c\/sunoresearch\"]},{\"@type\":\"Person\",\"@id\":\"https:\/\/www.suno.com.br\/noticias\/#\/schema\/person\/d3f4c1bb11308f22856f9cb896c1f6f4\",\"name\":\"Victor Bessa\",\"image\":{\"@type\":\"ImageObject\",\"inLanguage\":\"pt-BR\",\"@id\":\"https:\/\/www.suno.com.br\/noticias\/#\/schema\/person\/image\/\",\"url\":\"https:\/\/secure.gravatar.com\/avatar\/c203d09bf90d2b6fc24588d68865be2e?s=96&r=g\",\"contentUrl\":\"https:\/\/secure.gravatar.com\/avatar\/c203d09bf90d2b6fc24588d68865be2e?s=96&r=g\",\"caption\":\"Victor Bessa\"},\"description\":\"Consultor de investimentos Suno Consultoria Formado em Gest\u00e3o Financeira pela UNICSUL, especialista em investimentos pela ANBIMA - CEA, atuando no mercado financeiro h\u00e1 5 anos, com experi\u00eancia em gest\u00e3o da carteira de clientes de grande player do setor de investimentos. Fundador de um projeto de educa\u00e7\u00e3o financeira via redes sociais, com alcance de mais de 100 mil pessoas. \u201cDesde que entrei no universo dos investimentos, n\u00e3o apenas minha vida financeira mudou, como minha filosofia de vida tamb\u00e9m. Por isso, meu prop\u00f3sito \u00e9 utilizar todo meu conhecimento de mercado financeiro para transformar a vida do brasileiro atrav\u00e9s da educa\u00e7\u00e3o financeira e dos investimentos. Acredito que a consultoria de investimentos \u00e9 uma das melhores formas de pegar na m\u00e3o do investidor e ensinar o caminho mais adequado para ele.\u201d\",\"url\":\"https:\/\/www.suno.com.br\/noticias\/author\/victor-bessa\/\"}]}<\/script>\n<!-- \/ Yoast SEO plugin. -->","yoast_head_json":{"title":"Previd\u00eancia Privada: Como a nova Lei sancionada por Lula pode impactar o seu bolso?","description":"A partir deste ano, elaPrevid\u00eancia Privada se torna ainda mais interessante com a nova legisla\u00e7\u00e3o que altera a forma como a previd\u00eancia privada \u00e9 tributada","robots":{"index":"index","follow":"follow","max-snippet":"max-snippet:-1","max-image-preview":"max-image-preview:large","max-video-preview":"max-video-preview:-1"},"canonical":"https:\/\/www.suno.com.br\/noticias\/colunas\/victor-bessa\/previdencia-privada-nova-lei-sancionada-lula-afeta-bolso\/","og_locale":"pt_BR","og_type":"article","og_title":"Previd\u00eancia Privada: Como a nova Lei sancionada por Lula pode impactar o seu bolso?","og_description":"A partir deste ano, elaPrevid\u00eancia Privada se torna ainda mais interessante com a nova legisla\u00e7\u00e3o que altera a forma como a previd\u00eancia privada \u00e9 tributada","og_url":"https:\/\/www.suno.com.br\/noticias\/colunas\/victor-bessa\/previdencia-privada-nova-lei-sancionada-lula-afeta-bolso\/","og_site_name":"Suno Not\u00edcias","article_publisher":"https:\/\/facebook.com\/sunoresearch","og_image":[{"width":1200,"height":801,"url":"http:\/\/files.sunoresearch.com.br\/n\/uploads\/2023\/12\/previdencia-beneficios-unsplash.jpg","type":"image\/jpeg"}],"twitter_card":"summary_large_image","twitter_site":"@sunoresearch","twitter_misc":{"Est. tempo de leitura":"4 minutos"},"schema":{"@context":"https:\/\/schema.org","@graph":[{"@type":"Article","@id":"https:\/\/www.suno.com.br\/noticias\/colunas\/victor-bessa\/previdencia-privada-nova-lei-sancionada-lula-afeta-bolso\/#article","isPartOf":{"@id":"https:\/\/www.suno.com.br\/noticias\/colunas\/victor-bessa\/previdencia-privada-nova-lei-sancionada-lula-afeta-bolso\/"},"author":{"name":"Victor Bessa","@id":"https:\/\/www.suno.com.br\/noticias\/#\/schema\/person\/d3f4c1bb11308f22856f9cb896c1f6f4"},"headline":"Previd\u00eancia Privada: como a nova Lei sancionada por Lula pode impactar o seu bolso?","datePublished":"2024-01-24T11:00:00+00:00","mainEntityOfPage":{"@id":"https:\/\/www.suno.com.br\/noticias\/colunas\/victor-bessa\/previdencia-privada-nova-lei-sancionada-lula-afeta-bolso\/"},"wordCount":534,"publisher":{"@id":"https:\/\/www.suno.com.br\/noticias\/#organization"},"image":{"@id":"https:\/\/www.suno.com.br\/noticias\/colunas\/victor-bessa\/previdencia-privada-nova-lei-sancionada-lula-afeta-bolso\/#primaryimage"},"thumbnailUrl":"https:\/\/files.sunoresearch.com.br\/n\/uploads\/2023\/12\/previdencia-beneficios-unsplash.jpg","keywords":["Previd\u00eancia"],"inLanguage":"pt-BR"},{"@type":"WebPage","@id":"https:\/\/www.suno.com.br\/noticias\/colunas\/victor-bessa\/previdencia-privada-nova-lei-sancionada-lula-afeta-bolso\/","url":"https:\/\/www.suno.com.br\/noticias\/colunas\/victor-bessa\/previdencia-privada-nova-lei-sancionada-lula-afeta-bolso\/","name":"Previd\u00eancia Privada: Como a nova Lei sancionada por Lula pode impactar o seu bolso?","isPartOf":{"@id":"https:\/\/www.suno.com.br\/noticias\/#website"},"primaryImageOfPage":{"@id":"https:\/\/www.suno.com.br\/noticias\/colunas\/victor-bessa\/previdencia-privada-nova-lei-sancionada-lula-afeta-bolso\/#primaryimage"},"image":{"@id":"https:\/\/www.suno.com.br\/noticias\/colunas\/victor-bessa\/previdencia-privada-nova-lei-sancionada-lula-afeta-bolso\/#primaryimage"},"thumbnailUrl":"https:\/\/files.sunoresearch.com.br\/n\/uploads\/2023\/12\/previdencia-beneficios-unsplash.jpg","datePublished":"2024-01-24T11:00:00+00:00","description":"A partir deste ano, elaPrevid\u00eancia Privada se torna ainda mais interessante com a nova legisla\u00e7\u00e3o que altera a forma como a previd\u00eancia privada \u00e9 tributada","breadcrumb":{"@id":"https:\/\/www.suno.com.br\/noticias\/colunas\/victor-bessa\/previdencia-privada-nova-lei-sancionada-lula-afeta-bolso\/#breadcrumb"},"inLanguage":"pt-BR","potentialAction":[{"@type":"ReadAction","target":["https:\/\/www.suno.com.br\/noticias\/colunas\/victor-bessa\/previdencia-privada-nova-lei-sancionada-lula-afeta-bolso\/"]}]},{"@type":"ImageObject","inLanguage":"pt-BR","@id":"https:\/\/www.suno.com.br\/noticias\/colunas\/victor-bessa\/previdencia-privada-nova-lei-sancionada-lula-afeta-bolso\/#primaryimage","url":"https:\/\/files.sunoresearch.com.br\/n\/uploads\/2023\/12\/previdencia-beneficios-unsplash.jpg","contentUrl":"https:\/\/files.sunoresearch.com.br\/n\/uploads\/2023\/12\/previdencia-beneficios-unsplash.jpg","width":1200,"height":801,"caption":"Previd\u00eancia privada. Foto: Unsplash"},{"@type":"BreadcrumbList","@id":"https:\/\/www.suno.com.br\/noticias\/colunas\/victor-bessa\/previdencia-privada-nova-lei-sancionada-lula-afeta-bolso\/#breadcrumb","itemListElement":[{"@type":"ListItem","position":1,"name":"Not\u00edcias","item":"https:\/\/www.suno.com.br\/noticias\/"},{"@type":"ListItem","position":2,"name":"Colunas","item":"https:\/\/www.suno.com.br\/noticias\/colunas\/"},{"@type":"ListItem","position":3,"name":"Previd\u00eancia Privada: como a nova Lei sancionada por Lula pode impactar o seu bolso?"}]},{"@type":"WebSite","@id":"https:\/\/www.suno.com.br\/noticias\/#website","url":"https:\/\/www.suno.com.br\/noticias\/","name":"Suno Not\u00edcias","description":"Seu portal de informa\u00e7\u00e3o sobre o mundo dos investimentos","publisher":{"@id":"https:\/\/www.suno.com.br\/noticias\/#organization"},"potentialAction":[{"@type":"SearchAction","target":{"@type":"EntryPoint","urlTemplate":"https:\/\/www.suno.com.br\/noticias\/?s={search_term_string}"},"query-input":{"@type":"PropertyValueSpecification","valueRequired":true,"valueName":"search_term_string"}}],"inLanguage":"pt-BR"},{"@type":"Organization","@id":"https:\/\/www.suno.com.br\/noticias\/#organization","name":"Suno Not\u00edcias","url":"https:\/\/www.suno.com.br\/noticias\/","logo":{"@type":"ImageObject","inLanguage":"pt-BR","@id":"https:\/\/www.suno.com.br\/noticias\/#\/schema\/logo\/image\/","url":"https:\/\/files.sunoresearch.com.br\/n\/uploads\/2021\/09\/suno-logo.png","contentUrl":"https:\/\/files.sunoresearch.com.br\/n\/uploads\/2021\/09\/suno-logo.png","width":180,"height":180,"caption":"Suno Not\u00edcias"},"image":{"@id":"https:\/\/www.suno.com.br\/noticias\/#\/schema\/logo\/image\/"},"sameAs":["https:\/\/facebook.com\/sunoresearch","https:\/\/x.com\/sunoresearch","https:\/\/www.instagram.com\/suno","https:\/\/www.linkedin.com\/company\/suno-research\/","https:\/\/www.youtube.com\/c\/sunoresearch"]},{"@type":"Person","@id":"https:\/\/www.suno.com.br\/noticias\/#\/schema\/person\/d3f4c1bb11308f22856f9cb896c1f6f4","name":"Victor Bessa","image":{"@type":"ImageObject","inLanguage":"pt-BR","@id":"https:\/\/www.suno.com.br\/noticias\/#\/schema\/person\/image\/","url":"https:\/\/secure.gravatar.com\/avatar\/c203d09bf90d2b6fc24588d68865be2e?s=96&r=g","contentUrl":"https:\/\/secure.gravatar.com\/avatar\/c203d09bf90d2b6fc24588d68865be2e?s=96&r=g","caption":"Victor Bessa"},"description":"Consultor de investimentos Suno Consultoria Formado em Gest\u00e3o Financeira pela UNICSUL, especialista em investimentos pela ANBIMA - CEA, atuando no mercado financeiro h\u00e1 5 anos, com experi\u00eancia em gest\u00e3o da carteira de clientes de grande player do setor de investimentos. Fundador de um projeto de educa\u00e7\u00e3o financeira via redes sociais, com alcance de mais de 100 mil pessoas. \u201cDesde que entrei no universo dos investimentos, n\u00e3o apenas minha vida financeira mudou, como minha filosofia de vida tamb\u00e9m. Por isso, meu prop\u00f3sito \u00e9 utilizar todo meu conhecimento de mercado financeiro para transformar a vida do brasileiro atrav\u00e9s da educa\u00e7\u00e3o financeira e dos investimentos. Acredito que a consultoria de investimentos \u00e9 uma das melhores formas de pegar na m\u00e3o do investidor e ensinar o caminho mais adequado para ele.\u201d","url":"https:\/\/www.suno.com.br\/noticias\/author\/victor-bessa\/"}]}},"amp_enabled":true,"_links":{"self":[{"href":"https:\/\/www.suno.com.br\/noticias\/wp-json\/wp\/v2\/suno_column\/514958"}],"collection":[{"href":"https:\/\/www.suno.com.br\/noticias\/wp-json\/wp\/v2\/suno_column"}],"about":[{"href":"https:\/\/www.suno.com.br\/noticias\/wp-json\/wp\/v2\/types\/suno_column"}],"author":[{"embeddable":true,"href":"https:\/\/www.suno.com.br\/noticias\/wp-json\/wp\/v2\/users\/297"}],"wp:featuredmedia":[{"embeddable":true,"href":"https:\/\/www.suno.com.br\/noticias\/wp-json\/wp\/v2\/media\/497444"}],"wp:attachment":[{"href":"https:\/\/www.suno.com.br\/noticias\/wp-json\/wp\/v2\/media?parent=514958"}],"wp:term":[{"taxonomy":"post_tag","embeddable":true,"href":"https:\/\/www.suno.com.br\/noticias\/wp-json\/wp\/v2\/tags?post=514958"}],"curies":[{"name":"wp","href":"https:\/\/api.w.org\/{rel}","templated":true}]}}