{"id":511494,"date":"2024-01-17T08:00:00","date_gmt":"2024-01-17T11:00:00","guid":{"rendered":"https:\/\/www.suno.com.br\/noticias\/colunas\/marco-lopes\/\/"},"modified":"2024-01-16T16:10:21","modified_gmt":"2024-01-16T19:10:21","slug":"voce-gasta-alem-limites","status":"publish","type":"suno_column","link":"https:\/\/www.suno.com.br\/noticias\/colunas\/andre-sandri\/voce-gasta-alem-limites\/","title":{"rendered":"Voc\u00ea gasta al\u00e9m dos limites?"},"content":{"rendered":"<p>Frequentemente, nos deparamos com o desafio de <strong>gastar<\/strong> al\u00e9m de nossos limites devido \u00e0s atraentes ofertas nas vitrines, prateleiras e canais de comunica\u00e7\u00e3o, tanto no mundo real quanto virtual. Somos constantemente tentados a consumir. Mas como podemos resistir a essas tenta\u00e7\u00f5es e criar disciplina para economizar dinheiro?<\/p>\t<div class=\"wrapper-featured-image\">\n\t\t<figure class=\"spotlightImg\">\n\n\t\t\t<picture>\n\t\t\t\t<source media=\"(max-width: 768px)\" srcset=\"https:\/\/files.sunoresearch.com.br\/n\/uploads\/2023\/02\/alexander-grey-8a5eJ1-mmQ-unsplash-400x200.jpg\">\n\t\t\t\t<img loading=\"lazy\" decoding=\"async\" class=\"newsContent__article__imgCapa lazyloadDisabled \" src=\"https:\/\/files.sunoresearch.com.br\/n\/uploads\/2023\/02\/alexander-grey-8a5eJ1-mmQ-unsplash-800x450.jpg\" width=\"800\" height=\"450\" alt=\"Voc\u00ea gasta al\u00e9m dos limites?\" fetchpriority=high \/>\n\t\t\t<\/picture>\n\n\t\t\t<figcaption class=\"wp-caption-text wp-caption-text--show\">KNCR11 lan\u00e7a 12\u00aa emiss\u00e3o de cotas com potencial bilion\u00e1rio de capta\u00e7\u00e3o. Foto: Unsplash<\/figcaption>\n\t\t<\/figure>\n\t<\/div>\n\n\n\n\n\n\t<p>\n\t\t<a href=\"\" target=\"_blank\" data-element=\"shortcode-suno-banner\" title=\"Banner SUNO, clique e saiba mais\">\n\t\t\t<picture>\n\t\t\t\t<source media=\"(max-width: 500px)\" srcset=\"\">\n\t\t\t\t<img class=\"newsContent__article__imgCapa newsContent__article__imgCapa--banner\"\n\t\t\t\t\tsrc=\"\"\n\t\t\t\t\tdata-promo-id=\"240038\"\t\t\t\t\t\t\t\t\t\t\t\t\t\t\talt=\"\"\n\t\t\t\t>\n\t\t\t<\/picture>\n\t\t<\/a>\n\t<\/p>\n\n\n\n\n\n\n\n<p>Uma das chaves para essa disciplina \u00e9 <strong>cultivar sonhos realiz\u00e1veis<\/strong>, n\u00e3o aqueles inating\u00edveis, mas objetivos que podem ser alcan\u00e7ados com esfor\u00e7o ao longo de um per\u00edodo definido. Ter metas financeiras claras, escritas e or\u00e7amentadas torna mais f\u00e1cil resistir aos impulsos de gastos e tomar decis\u00f5es baseadas no que realmente \u00e9 importante para n\u00f3s naquele momento em vez de ceder \u00e0s press\u00f5es para comprar incessantemente.<\/p>\n\n\n\t<p>\n\t\t<a href=\"https:\/\/lp.suno.com.br\/ebook-gratuito-investindo-no-exterior\/\" target=\"_blank\" data-element=\"shortcode-suno-banner\" title=\"Banner SUNO, clique e saiba mais\">\n\t\t\t<picture>\n\t\t\t\t<source media=\"(max-width: 500px)\" srcset=\"https:\/\/files.sunoresearch.com.br\/n\/uploads\/2023\/03\/400x300-Investindo-no-exterior.png\">\n\t\t\t\t<img class=\"newsContent__article__imgCapa newsContent__article__imgCapa--banner\"\n\t\t\t\t\tsrc=\"https:\/\/files.sunoresearch.com.br\/n\/uploads\/2023\/03\/1420x240-Investindo-no-exterior.png\"\n\t\t\t\t\tdata-promo-id=\"383161\"\t\t\t\t\t\t\t\t\t\twidth='1420' height='240'\t\t\t\t\talt=\"https:\/\/files.sunoresearch.com.br\/n\/uploads\/2023\/03\/1420x240-Investindo-no-exterior.png\"\n\t\t\t\t>\n\t\t\t<\/picture>\n\t\t<\/a>\n\t<\/p>\n\n\n\n\n\n<p>As pessoas frequentemente s\u00e3o movidas por aspira\u00e7\u00f5es. Portanto, compreender o que voc\u00ea deseja alcan\u00e7ar \u00e9 o primeiro passo para mudar seus h\u00e1bitos financeiros e evitar cair nas armadilhas do consumo. Aqui est\u00e3o algumas dicas para come\u00e7ar o ano de 2024 com o p\u00e9 direito:<\/p>\n\n\n\n<ol class=\"wp-block-list\">\n<li><strong>Foco, Foco, Foco<\/strong>: Coloque no papel o que voc\u00ea pretende realizar, mas cuidado para n\u00e3o sobrecarregar-se com uma lista excessiva de metas. \u00c9 melhor alcan\u00e7ar uma conquista significativa do que dispersar seus recursos, perder o foco e a motiva\u00e7\u00e3o ao tentar concretizar v\u00e1rios sonhos ao mesmo tempo. Evite tamb\u00e9m buscar objetivos conflitantes, como ter um filho e iniciar uma p\u00f3s-gradua\u00e7\u00e3o ao mesmo tempo, j\u00e1 que ambos podem exigir muito tempo ou dinheiro simultaneamente.<\/li>\n\n\n\n<li><strong>Para o Futuro<\/strong>: Considere tamb\u00e9m a defini\u00e7\u00e3o de um <strong>plano de m\u00e9dio ou longo prazo<\/strong>, algo que exigir\u00e1 mais tempo para se concretizar, como adquirir sua pr\u00f3pria casa ou se preparar para uma aposentadoria confort\u00e1vel. Determine o custo do seu sonho para estimar quando ele poder\u00e1 se tornar realidade.<\/li>\n\n\n\n<li><strong>Para o Presente<\/strong>: Inclua em seu planejamento metas relacionadas \u00e0 educa\u00e7\u00e3o, aprimoramento profissional ou desenvolvimento pessoal. Que tal ler um livro novo a cada dois meses, aprender um novo idioma ou participar de cursos online sobre um t\u00f3pico que lhe interessa? O <strong>conhecimento<\/strong> pode melhorar sua renda e empregabilidade.<\/li>\n\n\n\n<li><strong>Sem Impedimentos para Sonhar<\/strong>: Mesmo que voc\u00ea esteja endividado, n\u00e3o deixe que isso impe\u00e7a voc\u00ea de ter objetivos. Pergunte a si mesmo: o que desejo conquistar quando pagar essas <strong>d\u00edvidas<\/strong>? Use essa meta como motiva\u00e7\u00e3o para manter a disciplina ao quitar seus compromissos financeiros.<\/li>\n\n\n\n<li><strong>Siga Sua Pr\u00f3pria Onda<\/strong>: N\u00e3o se sinta pressionado a perseguir as conquistas de outras pessoas s\u00f3 porque seu vizinho renovou a cozinha ou seu colega trocou de carro. Evite direcionar sua energia, tempo e dinheiro para objetivos que n\u00e3o ressoam com sua verdadeira ess\u00eancia. Siga os sonhos que realmente o fazem feliz.<\/li>\n\n\n\n<li><strong>Fa\u00e7a os c\u00e1lculos<\/strong>: Elabore um <strong>or\u00e7amento<\/strong> detalhado para entender exatamente quanto voc\u00ea ganha e gasta mensalmente, incluindo as pequenas despesas do dia a dia que podem consumir uma parte significativa de sua renda. Utilize aplicativos e planilhas fornecidas pela Educas para auxili\u00e1-lo nessa organiza\u00e7\u00e3o. Ao analisar minuciosamente sua situa\u00e7\u00e3o financeira, identifique \u00e1reas onde \u00e9 poss\u00edvel economizar para destinar mais dinheiro \u00e0 realiza\u00e7\u00e3o de seus sonhos.<\/li>\n\n\n\n<li><strong>Compartilhe com todos<\/strong>: Muitas vezes, a realiza\u00e7\u00e3o de sonhos n\u00e3o depende apenas de voc\u00ea. Envolver as pessoas ao seu redor \u00e9 essencial para que todos participem do desafio de economizar dinheiro e reduzir os gastos dom\u00e9sticos. Al\u00e9m da fam\u00edlia, compartilhe seus objetivos com amigos e pe\u00e7a que eles colaborem evitando atividades caras que possam prejudicar seus <strong>planos financeiros<\/strong>.<\/li>\n\n\n\n<li><strong>Celebre suas conquistas<\/strong>: Aprecie cada vit\u00f3ria, por menor que seja. Quitou seu saldo devedor no cart\u00e3o de cr\u00e9dito? Estabeleceu uma reserva financeira equivalente a um m\u00eas de despesas? Alcan\u00e7ou um objetivo? Celebre essas realiza\u00e7\u00f5es e defina novas metas.<\/li>\n<\/ol>\n\n\n\n<p>O poder para moldar seu <strong>futuro financeiro<\/strong> est\u00e1 em suas m\u00e3os e estabelecer metas claras \u00e9 o primeiro passo para alcan\u00e7\u00e1-lo.<\/p>\n\n\n\t<p>\n\t\t<a href=\"https:\/\/lp.suno.com.br\/planilha-da-vida-financeira\/\" target=\"_blank\" data-element=\"shortcode-suno-banner\" title=\"Banner SUNO, clique e saiba mais\">\n\t\t\t<picture>\n\t\t\t\t<source media=\"(max-width: 500px)\" srcset=\"https:\/\/files.sunoresearch.com.br\/n\/uploads\/2023\/04\/400x300-Planilha-vida-financeira-true.png\">\n\t\t\t\t<img class=\"newsContent__article__imgCapa newsContent__article__imgCapa--banner\"\n\t\t\t\t\tsrc=\"https:\/\/files.sunoresearch.com.br\/n\/uploads\/2023\/04\/1420x240-Planilha-vida-financeira-true.png\"\n\t\t\t\t\tdata-promo-id=\"383123\"\t\t\t\t\t\t\t\t\t\twidth='1420' height='240'\t\t\t\t\talt=\"https:\/\/files.sunoresearch.com.br\/n\/uploads\/2023\/04\/1420x240-Planilha-vida-financeira-true.png\"\n\t\t\t\t>\n\t\t\t<\/picture>\n\t\t<\/a>\n\t<\/p>\n\n\n","protected":false},"excerpt":{"rendered":"<p>Frequentemente, nos deparamos com o desafio de gastar al\u00e9m de nossos limites devido \u00e0s atraentes ofertas nas vitrines, prateleiras e canais de comunica\u00e7\u00e3o, tanto no mu&#8230;<\/p>\n","protected":false},"author":325,"featured_media":369243,"template":"","tags":[305],"class_list":["post-511494","suno_column","type-suno_column","status-publish","has-post-thumbnail","hentry","tag-educacao-financeira"],"yoast_head":"<!-- This site is optimized with the Yoast SEO plugin v24.4 - https:\/\/yoast.com\/wordpress\/plugins\/seo\/ -->\n<title>Voc\u00ea gasta al\u00e9m dos limites?<\/title>\n<meta name=\"description\" content=\"Compreender o que voc\u00ea deseja alcan\u00e7ar \u00e9 o primeiro passo para mudar seus h\u00e1bitos financeiros e evitar cair nas armadilhas do consumo\" \/>\n<meta name=\"robots\" content=\"index, follow, max-snippet:-1, max-image-preview:large, max-video-preview:-1\" \/>\n<link rel=\"canonical\" href=\"https:\/\/www.suno.com.br\/noticias\/colunas\/andre-sandri\/voce-gasta-alem-limites\/\" \/>\n<meta property=\"og:locale\" content=\"pt_BR\" \/>\n<meta property=\"og:type\" content=\"article\" \/>\n<meta property=\"og:title\" content=\"Voc\u00ea gasta al\u00e9m dos limites?\" \/>\n<meta property=\"og:description\" content=\"Compreender o que voc\u00ea deseja alcan\u00e7ar \u00e9 o primeiro passo para mudar seus h\u00e1bitos financeiros e evitar cair nas armadilhas do consumo\" \/>\n<meta property=\"og:url\" content=\"https:\/\/www.suno.com.br\/noticias\/colunas\/andre-sandri\/voce-gasta-alem-limites\/\" \/>\n<meta property=\"og:site_name\" content=\"Suno Not\u00edcias\" \/>\n<meta property=\"article:publisher\" content=\"https:\/\/facebook.com\/sunoresearch\" \/>\n<meta property=\"og:image\" content=\"http:\/\/files.sunoresearch.com.br\/n\/uploads\/2023\/02\/alexander-grey-8a5eJ1-mmQ-unsplash-scaled.jpg\" \/>\n\t<meta property=\"og:image:width\" content=\"2560\" \/>\n\t<meta property=\"og:image:height\" content=\"1707\" \/>\n\t<meta property=\"og:image:type\" content=\"image\/jpeg\" \/>\n<meta name=\"twitter:card\" content=\"summary_large_image\" \/>\n<meta name=\"twitter:site\" content=\"@sunoresearch\" \/>\n<meta name=\"twitter:label1\" content=\"Est. tempo de leitura\" \/>\n\t<meta name=\"twitter:data1\" content=\"4 minutos\" \/>\n<script type=\"application\/ld+json\" class=\"yoast-schema-graph\">{\"@context\":\"https:\/\/schema.org\",\"@graph\":[{\"@type\":\"Article\",\"@id\":\"https:\/\/www.suno.com.br\/noticias\/colunas\/andre-sandri\/voce-gasta-alem-limites\/#article\",\"isPartOf\":{\"@id\":\"https:\/\/www.suno.com.br\/noticias\/colunas\/andre-sandri\/voce-gasta-alem-limites\/\"},\"author\":{\"name\":\"Andr\u00e9 Sandri\",\"@id\":\"https:\/\/www.suno.com.br\/noticias\/#\/schema\/person\/3816a06d8841ac182cf47dad1435c9b1\"},\"headline\":\"Voc\u00ea gasta al\u00e9m dos limites?\",\"datePublished\":\"2024-01-17T11:00:00+00:00\",\"mainEntityOfPage\":{\"@id\":\"https:\/\/www.suno.com.br\/noticias\/colunas\/andre-sandri\/voce-gasta-alem-limites\/\"},\"wordCount\":673,\"publisher\":{\"@id\":\"https:\/\/www.suno.com.br\/noticias\/#organization\"},\"image\":{\"@id\":\"https:\/\/www.suno.com.br\/noticias\/colunas\/andre-sandri\/voce-gasta-alem-limites\/#primaryimage\"},\"thumbnailUrl\":\"https:\/\/files.sunoresearch.com.br\/n\/uploads\/2023\/02\/alexander-grey-8a5eJ1-mmQ-unsplash-scaled.jpg\",\"keywords\":[\"Educa\u00e7\u00e3o Financeira\"],\"inLanguage\":\"pt-BR\"},{\"@type\":\"WebPage\",\"@id\":\"https:\/\/www.suno.com.br\/noticias\/colunas\/andre-sandri\/voce-gasta-alem-limites\/\",\"url\":\"https:\/\/www.suno.com.br\/noticias\/colunas\/andre-sandri\/voce-gasta-alem-limites\/\",\"name\":\"Voc\u00ea gasta al\u00e9m dos limites?\",\"isPartOf\":{\"@id\":\"https:\/\/www.suno.com.br\/noticias\/#website\"},\"primaryImageOfPage\":{\"@id\":\"https:\/\/www.suno.com.br\/noticias\/colunas\/andre-sandri\/voce-gasta-alem-limites\/#primaryimage\"},\"image\":{\"@id\":\"https:\/\/www.suno.com.br\/noticias\/colunas\/andre-sandri\/voce-gasta-alem-limites\/#primaryimage\"},\"thumbnailUrl\":\"https:\/\/files.sunoresearch.com.br\/n\/uploads\/2023\/02\/alexander-grey-8a5eJ1-mmQ-unsplash-scaled.jpg\",\"datePublished\":\"2024-01-17T11:00:00+00:00\",\"description\":\"Compreender o que voc\u00ea deseja alcan\u00e7ar \u00e9 o primeiro passo para mudar seus h\u00e1bitos financeiros e evitar cair nas armadilhas do consumo\",\"breadcrumb\":{\"@id\":\"https:\/\/www.suno.com.br\/noticias\/colunas\/andre-sandri\/voce-gasta-alem-limites\/#breadcrumb\"},\"inLanguage\":\"pt-BR\",\"potentialAction\":[{\"@type\":\"ReadAction\",\"target\":[\"https:\/\/www.suno.com.br\/noticias\/colunas\/andre-sandri\/voce-gasta-alem-limites\/\"]}]},{\"@type\":\"ImageObject\",\"inLanguage\":\"pt-BR\",\"@id\":\"https:\/\/www.suno.com.br\/noticias\/colunas\/andre-sandri\/voce-gasta-alem-limites\/#primaryimage\",\"url\":\"https:\/\/files.sunoresearch.com.br\/n\/uploads\/2023\/02\/alexander-grey-8a5eJ1-mmQ-unsplash-scaled.jpg\",\"contentUrl\":\"https:\/\/files.sunoresearch.com.br\/n\/uploads\/2023\/02\/alexander-grey-8a5eJ1-mmQ-unsplash-scaled.jpg\",\"width\":2560,\"height\":1707,\"caption\":\"KNCR11 lan\u00e7a 12\u00aa emiss\u00e3o de cotas com potencial bilion\u00e1rio de capta\u00e7\u00e3o. Foto: Unsplash\"},{\"@type\":\"BreadcrumbList\",\"@id\":\"https:\/\/www.suno.com.br\/noticias\/colunas\/andre-sandri\/voce-gasta-alem-limites\/#breadcrumb\",\"itemListElement\":[{\"@type\":\"ListItem\",\"position\":1,\"name\":\"Not\u00edcias\",\"item\":\"https:\/\/www.suno.com.br\/noticias\/\"},{\"@type\":\"ListItem\",\"position\":2,\"name\":\"Colunas\",\"item\":\"https:\/\/www.suno.com.br\/noticias\/colunas\/\"},{\"@type\":\"ListItem\",\"position\":3,\"name\":\"Voc\u00ea gasta al\u00e9m dos limites?\"}]},{\"@type\":\"WebSite\",\"@id\":\"https:\/\/www.suno.com.br\/noticias\/#website\",\"url\":\"https:\/\/www.suno.com.br\/noticias\/\",\"name\":\"Suno Not\u00edcias\",\"description\":\"Seu portal de informa\u00e7\u00e3o sobre o mundo dos investimentos\",\"publisher\":{\"@id\":\"https:\/\/www.suno.com.br\/noticias\/#organization\"},\"potentialAction\":[{\"@type\":\"SearchAction\",\"target\":{\"@type\":\"EntryPoint\",\"urlTemplate\":\"https:\/\/www.suno.com.br\/noticias\/?s={search_term_string}\"},\"query-input\":{\"@type\":\"PropertyValueSpecification\",\"valueRequired\":true,\"valueName\":\"search_term_string\"}}],\"inLanguage\":\"pt-BR\"},{\"@type\":\"Organization\",\"@id\":\"https:\/\/www.suno.com.br\/noticias\/#organization\",\"name\":\"Suno Not\u00edcias\",\"url\":\"https:\/\/www.suno.com.br\/noticias\/\",\"logo\":{\"@type\":\"ImageObject\",\"inLanguage\":\"pt-BR\",\"@id\":\"https:\/\/www.suno.com.br\/noticias\/#\/schema\/logo\/image\/\",\"url\":\"https:\/\/files.sunoresearch.com.br\/n\/uploads\/2021\/09\/suno-logo.png\",\"contentUrl\":\"https:\/\/files.sunoresearch.com.br\/n\/uploads\/2021\/09\/suno-logo.png\",\"width\":180,\"height\":180,\"caption\":\"Suno Not\u00edcias\"},\"image\":{\"@id\":\"https:\/\/www.suno.com.br\/noticias\/#\/schema\/logo\/image\/\"},\"sameAs\":[\"https:\/\/facebook.com\/sunoresearch\",\"https:\/\/x.com\/sunoresearch\",\"https:\/\/www.instagram.com\/suno\",\"https:\/\/www.linkedin.com\/company\/suno-research\/\",\"https:\/\/www.youtube.com\/c\/sunoresearch\"]},{\"@type\":\"Person\",\"@id\":\"https:\/\/www.suno.com.br\/noticias\/#\/schema\/person\/3816a06d8841ac182cf47dad1435c9b1\",\"name\":\"Andr\u00e9 Sandri\",\"image\":{\"@type\":\"ImageObject\",\"inLanguage\":\"pt-BR\",\"@id\":\"https:\/\/www.suno.com.br\/noticias\/#\/schema\/person\/image\/\",\"url\":\"https:\/\/secure.gravatar.com\/avatar\/98aa7a4b847eb951fea72c7718610d7a?s=96&r=g\",\"contentUrl\":\"https:\/\/secure.gravatar.com\/avatar\/98aa7a4b847eb951fea72c7718610d7a?s=96&r=g\",\"caption\":\"Andr\u00e9 Sandri\"},\"description\":\"Andr\u00e9 Sandri \u00e9 s\u00f3cio da AVG Capital, escrit\u00f3rio parceiro da BTG Pactual com unidades em S\u00e3o Paulo (SP) e Itaja\u00ed, em Santa Catarina. Investidor Profissional desde 2006, administrador de empresas e Gestor de Family Office, Andr\u00e9 \u00e9 tamb\u00e9m fundador do EDUCA$, institui\u00e7\u00e3o sem fins lucrativos que leva educa\u00e7\u00e3o financeira aos brasileiros.\",\"url\":\"https:\/\/www.suno.com.br\/noticias\/author\/andre-sandri\/\"}]}<\/script>\n<!-- \/ Yoast SEO plugin. -->","yoast_head_json":{"title":"Voc\u00ea gasta al\u00e9m dos limites?","description":"Compreender o que voc\u00ea deseja alcan\u00e7ar \u00e9 o primeiro passo para mudar seus h\u00e1bitos financeiros e evitar cair nas armadilhas do consumo","robots":{"index":"index","follow":"follow","max-snippet":"max-snippet:-1","max-image-preview":"max-image-preview:large","max-video-preview":"max-video-preview:-1"},"canonical":"https:\/\/www.suno.com.br\/noticias\/colunas\/andre-sandri\/voce-gasta-alem-limites\/","og_locale":"pt_BR","og_type":"article","og_title":"Voc\u00ea gasta al\u00e9m dos limites?","og_description":"Compreender o que voc\u00ea deseja alcan\u00e7ar \u00e9 o primeiro passo para mudar seus h\u00e1bitos financeiros e evitar cair nas armadilhas do consumo","og_url":"https:\/\/www.suno.com.br\/noticias\/colunas\/andre-sandri\/voce-gasta-alem-limites\/","og_site_name":"Suno Not\u00edcias","article_publisher":"https:\/\/facebook.com\/sunoresearch","og_image":[{"width":2560,"height":1707,"url":"http:\/\/files.sunoresearch.com.br\/n\/uploads\/2023\/02\/alexander-grey-8a5eJ1-mmQ-unsplash-scaled.jpg","type":"image\/jpeg"}],"twitter_card":"summary_large_image","twitter_site":"@sunoresearch","twitter_misc":{"Est. tempo de leitura":"4 minutos"},"schema":{"@context":"https:\/\/schema.org","@graph":[{"@type":"Article","@id":"https:\/\/www.suno.com.br\/noticias\/colunas\/andre-sandri\/voce-gasta-alem-limites\/#article","isPartOf":{"@id":"https:\/\/www.suno.com.br\/noticias\/colunas\/andre-sandri\/voce-gasta-alem-limites\/"},"author":{"name":"Andr\u00e9 Sandri","@id":"https:\/\/www.suno.com.br\/noticias\/#\/schema\/person\/3816a06d8841ac182cf47dad1435c9b1"},"headline":"Voc\u00ea gasta al\u00e9m dos limites?","datePublished":"2024-01-17T11:00:00+00:00","mainEntityOfPage":{"@id":"https:\/\/www.suno.com.br\/noticias\/colunas\/andre-sandri\/voce-gasta-alem-limites\/"},"wordCount":673,"publisher":{"@id":"https:\/\/www.suno.com.br\/noticias\/#organization"},"image":{"@id":"https:\/\/www.suno.com.br\/noticias\/colunas\/andre-sandri\/voce-gasta-alem-limites\/#primaryimage"},"thumbnailUrl":"https:\/\/files.sunoresearch.com.br\/n\/uploads\/2023\/02\/alexander-grey-8a5eJ1-mmQ-unsplash-scaled.jpg","keywords":["Educa\u00e7\u00e3o Financeira"],"inLanguage":"pt-BR"},{"@type":"WebPage","@id":"https:\/\/www.suno.com.br\/noticias\/colunas\/andre-sandri\/voce-gasta-alem-limites\/","url":"https:\/\/www.suno.com.br\/noticias\/colunas\/andre-sandri\/voce-gasta-alem-limites\/","name":"Voc\u00ea gasta al\u00e9m dos limites?","isPartOf":{"@id":"https:\/\/www.suno.com.br\/noticias\/#website"},"primaryImageOfPage":{"@id":"https:\/\/www.suno.com.br\/noticias\/colunas\/andre-sandri\/voce-gasta-alem-limites\/#primaryimage"},"image":{"@id":"https:\/\/www.suno.com.br\/noticias\/colunas\/andre-sandri\/voce-gasta-alem-limites\/#primaryimage"},"thumbnailUrl":"https:\/\/files.sunoresearch.com.br\/n\/uploads\/2023\/02\/alexander-grey-8a5eJ1-mmQ-unsplash-scaled.jpg","datePublished":"2024-01-17T11:00:00+00:00","description":"Compreender o que voc\u00ea deseja alcan\u00e7ar \u00e9 o primeiro passo para mudar seus h\u00e1bitos financeiros e evitar cair nas armadilhas do consumo","breadcrumb":{"@id":"https:\/\/www.suno.com.br\/noticias\/colunas\/andre-sandri\/voce-gasta-alem-limites\/#breadcrumb"},"inLanguage":"pt-BR","potentialAction":[{"@type":"ReadAction","target":["https:\/\/www.suno.com.br\/noticias\/colunas\/andre-sandri\/voce-gasta-alem-limites\/"]}]},{"@type":"ImageObject","inLanguage":"pt-BR","@id":"https:\/\/www.suno.com.br\/noticias\/colunas\/andre-sandri\/voce-gasta-alem-limites\/#primaryimage","url":"https:\/\/files.sunoresearch.com.br\/n\/uploads\/2023\/02\/alexander-grey-8a5eJ1-mmQ-unsplash-scaled.jpg","contentUrl":"https:\/\/files.sunoresearch.com.br\/n\/uploads\/2023\/02\/alexander-grey-8a5eJ1-mmQ-unsplash-scaled.jpg","width":2560,"height":1707,"caption":"KNCR11 lan\u00e7a 12\u00aa emiss\u00e3o de cotas com potencial bilion\u00e1rio de capta\u00e7\u00e3o. Foto: Unsplash"},{"@type":"BreadcrumbList","@id":"https:\/\/www.suno.com.br\/noticias\/colunas\/andre-sandri\/voce-gasta-alem-limites\/#breadcrumb","itemListElement":[{"@type":"ListItem","position":1,"name":"Not\u00edcias","item":"https:\/\/www.suno.com.br\/noticias\/"},{"@type":"ListItem","position":2,"name":"Colunas","item":"https:\/\/www.suno.com.br\/noticias\/colunas\/"},{"@type":"ListItem","position":3,"name":"Voc\u00ea gasta al\u00e9m dos limites?"}]},{"@type":"WebSite","@id":"https:\/\/www.suno.com.br\/noticias\/#website","url":"https:\/\/www.suno.com.br\/noticias\/","name":"Suno Not\u00edcias","description":"Seu portal de informa\u00e7\u00e3o sobre o mundo dos investimentos","publisher":{"@id":"https:\/\/www.suno.com.br\/noticias\/#organization"},"potentialAction":[{"@type":"SearchAction","target":{"@type":"EntryPoint","urlTemplate":"https:\/\/www.suno.com.br\/noticias\/?s={search_term_string}"},"query-input":{"@type":"PropertyValueSpecification","valueRequired":true,"valueName":"search_term_string"}}],"inLanguage":"pt-BR"},{"@type":"Organization","@id":"https:\/\/www.suno.com.br\/noticias\/#organization","name":"Suno Not\u00edcias","url":"https:\/\/www.suno.com.br\/noticias\/","logo":{"@type":"ImageObject","inLanguage":"pt-BR","@id":"https:\/\/www.suno.com.br\/noticias\/#\/schema\/logo\/image\/","url":"https:\/\/files.sunoresearch.com.br\/n\/uploads\/2021\/09\/suno-logo.png","contentUrl":"https:\/\/files.sunoresearch.com.br\/n\/uploads\/2021\/09\/suno-logo.png","width":180,"height":180,"caption":"Suno Not\u00edcias"},"image":{"@id":"https:\/\/www.suno.com.br\/noticias\/#\/schema\/logo\/image\/"},"sameAs":["https:\/\/facebook.com\/sunoresearch","https:\/\/x.com\/sunoresearch","https:\/\/www.instagram.com\/suno","https:\/\/www.linkedin.com\/company\/suno-research\/","https:\/\/www.youtube.com\/c\/sunoresearch"]},{"@type":"Person","@id":"https:\/\/www.suno.com.br\/noticias\/#\/schema\/person\/3816a06d8841ac182cf47dad1435c9b1","name":"Andr\u00e9 Sandri","image":{"@type":"ImageObject","inLanguage":"pt-BR","@id":"https:\/\/www.suno.com.br\/noticias\/#\/schema\/person\/image\/","url":"https:\/\/secure.gravatar.com\/avatar\/98aa7a4b847eb951fea72c7718610d7a?s=96&r=g","contentUrl":"https:\/\/secure.gravatar.com\/avatar\/98aa7a4b847eb951fea72c7718610d7a?s=96&r=g","caption":"Andr\u00e9 Sandri"},"description":"Andr\u00e9 Sandri \u00e9 s\u00f3cio da AVG Capital, escrit\u00f3rio parceiro da BTG Pactual com unidades em S\u00e3o Paulo (SP) e Itaja\u00ed, em Santa Catarina. Investidor Profissional desde 2006, administrador de empresas e Gestor de Family Office, Andr\u00e9 \u00e9 tamb\u00e9m fundador do EDUCA$, institui\u00e7\u00e3o sem fins lucrativos que leva educa\u00e7\u00e3o financeira aos brasileiros.","url":"https:\/\/www.suno.com.br\/noticias\/author\/andre-sandri\/"}]}},"amp_enabled":true,"_links":{"self":[{"href":"https:\/\/www.suno.com.br\/noticias\/wp-json\/wp\/v2\/suno_column\/511494"}],"collection":[{"href":"https:\/\/www.suno.com.br\/noticias\/wp-json\/wp\/v2\/suno_column"}],"about":[{"href":"https:\/\/www.suno.com.br\/noticias\/wp-json\/wp\/v2\/types\/suno_column"}],"author":[{"embeddable":true,"href":"https:\/\/www.suno.com.br\/noticias\/wp-json\/wp\/v2\/users\/325"}],"wp:featuredmedia":[{"embeddable":true,"href":"https:\/\/www.suno.com.br\/noticias\/wp-json\/wp\/v2\/media\/369243"}],"wp:attachment":[{"href":"https:\/\/www.suno.com.br\/noticias\/wp-json\/wp\/v2\/media?parent=511494"}],"wp:term":[{"taxonomy":"post_tag","embeddable":true,"href":"https:\/\/www.suno.com.br\/noticias\/wp-json\/wp\/v2\/tags?post=511494"}],"curies":[{"name":"wp","href":"https:\/\/api.w.org\/{rel}","templated":true}]}}