{"id":503095,"date":"2023-12-20T08:20:00","date_gmt":"2023-12-20T11:20:00","guid":{"rendered":"https:\/\/www.suno.com.br\/noticias\/colunas\/marco-lopes\/\/"},"modified":"2024-01-02T14:07:00","modified_gmt":"2024-01-02T17:07:00","slug":"e-commerces-cinco-pontos-vender-melhor-natal","status":"publish","type":"suno_column","link":"https:\/\/www.suno.com.br\/noticias\/colunas\/rodrigues\/e-commerces-cinco-pontos-vender-melhor-natal\/","title":{"rendered":"E-commerces: acertem esses 5 pontos para vender melhor no Natal\u00a0"},"content":{"rendered":"<p>Passado o m\u00eas de Novembro &#8211; a Black Friday e a Cyber Monday &#8211; as ind\u00fastrias e os <strong>varejistas brasileiros<\/strong> se preparam para a maior, mais importante e tradicional data do com\u00e9rcio, que \u00e9 o Natal. Particularmente neste ano, a expectativa em rela\u00e7\u00e3o \u00e0 data comemorativa se torna ainda maior. Isso porque as vendas na Black Friday 2023 n\u00e3o foram t\u00e3o pr\u00f3speras quanto se esperava.<\/p>\t<div class=\"wrapper-featured-image\">\n\t\t<figure class=\"spotlightImg\">\n\n\t\t\t<picture>\n\t\t\t\t<source media=\"(max-width: 768px)\" srcset=\"https:\/\/files.sunoresearch.com.br\/n\/uploads\/2023\/05\/e-commerce-400x200.jpg\">\n\t\t\t\t<img loading=\"lazy\" decoding=\"async\" class=\"newsContent__article__imgCapa lazyloadDisabled \" src=\"https:\/\/files.sunoresearch.com.br\/n\/uploads\/2023\/05\/e-commerce-800x450.jpg\" width=\"800\" height=\"450\" alt=\"E-commerces: acertem esses 5 pontos para vender melhor no Natal\u00a0\" fetchpriority=high \/>\n\t\t\t<\/picture>\n\n\t\t\t<figcaption class=\"wp-caption-text wp-caption-text--show\">E-commerce - Foto: iStock<\/figcaption>\n\t\t<\/figure>\n\t<\/div>\n\n\n\n\n\n\t<p>\n\t\t<a href=\"\" target=\"_blank\" data-element=\"shortcode-suno-banner\" title=\"Banner SUNO, clique e saiba mais\">\n\t\t\t<picture>\n\t\t\t\t<source media=\"(max-width: 500px)\" srcset=\"\">\n\t\t\t\t<img class=\"newsContent__article__imgCapa newsContent__article__imgCapa--banner\"\n\t\t\t\t\tsrc=\"\"\n\t\t\t\t\tdata-promo-id=\"240038\"\t\t\t\t\t\t\t\t\t\t\t\t\t\t\talt=\"\"\n\t\t\t\t>\n\t\t\t<\/picture>\n\t\t<\/a>\n\t<\/p>\n\n\n\n\n\n\n\n<p>Segundo dados da Confi.Neotrust, em parceria com a ClearSale, entre quinta e sexta-feira houve queda de 14,4% nas vendas, na compara\u00e7\u00e3o com os mesmos dias de <strong>Black Friday<\/strong> em 2022. J\u00e1 de acordo com o levantamento da NielsenIQEbit, o setor faturou 13% a menos na sexta-feira, at\u00e9 o in\u00edcio da noite, frente ao registrado em 2022. De acordo com os dois estudos, os resultados refletem, especialmente, o aumento do ticket m\u00e9dio e o fraco desempenho do segmento de celulares, eletrodom\u00e9sticos e inform\u00e1tica, categorias altamente dependentes de cr\u00e9dito, que ficou mais caro no Brasil pelo aumento dos<strong> juros <\/strong>ap\u00f3s 2021.<\/p>\n\n\n\n<p>Diante desse cen\u00e1rio, <strong>e-commerces e lojas f\u00edsicas<\/strong> em todo o pa\u00eds precisam come\u00e7ar a se preparar para as vendas de Natal e a planejar quais ser\u00e3o as a\u00e7\u00f5es adotadas nas semanas que antecedem a data comemorativa, considerada a \u00faltima grande oportunidade de alavancar as vendas nessa reta final de 2023.<\/p>\n\n\n\n<p>As possibilidades s\u00e3o in\u00fameras. Dependendo do segmento, h\u00e1 a possibilidade de formar combos especiais, que podem ser excelentes dicas de presentes para os consumidores. Tamb\u00e9m \u00e9 poss\u00edvel realizar a\u00e7\u00f5es de descontos progressivos na compra de duas, tr\u00eas ou mais pe\u00e7as. Promover a\u00e7\u00f5es conjugadas com lojas parceiras, etc. As possibilidades s\u00e3o infinitas, mas \u00e9 preciso estruturar a ideia escolhida de maneira detalhada para que a experi\u00eancia do cliente seja garantida.<\/p>\n\n\n\t<p>\n\t\t<a href=\"https:\/\/lp.suno.com.br\/ebook-gratuito-investindo-no-exterior\/\" target=\"_blank\" data-element=\"shortcode-suno-banner\" title=\"Banner SUNO, clique e saiba mais\">\n\t\t\t<picture>\n\t\t\t\t<source media=\"(max-width: 500px)\" srcset=\"https:\/\/files.sunoresearch.com.br\/n\/uploads\/2023\/03\/400x300-Investindo-no-exterior.png\">\n\t\t\t\t<img class=\"newsContent__article__imgCapa newsContent__article__imgCapa--banner\"\n\t\t\t\t\tsrc=\"https:\/\/files.sunoresearch.com.br\/n\/uploads\/2023\/03\/1420x240-Investindo-no-exterior.png\"\n\t\t\t\t\tdata-promo-id=\"383161\"\t\t\t\t\t\t\t\t\t\twidth='1420' height='240'\t\t\t\t\talt=\"https:\/\/files.sunoresearch.com.br\/n\/uploads\/2023\/03\/1420x240-Investindo-no-exterior.png\"\n\t\t\t\t>\n\t\t\t<\/picture>\n\t\t<\/a>\n\t<\/p>\n\n\n\n\n\n<p>Para alavancar as <strong>vendas nesse Natal<\/strong>, tendo a certeza de presta\u00e7\u00e3o de um bom atendimento e, se poss\u00edvel, com encantamento e fideliza\u00e7\u00e3o do cliente, preste aten\u00e7\u00e3o a cada detalhe do seu planejamento e evite alguns dos erros mais comuns cometidos pelos lojistas online que investem na realiza\u00e7\u00e3o de campanhas e a\u00e7\u00f5es promocionais para o Natal, tais como:<\/p>\n\n\n\n<ol class=\"wp-block-list\">\n<li>N\u00e3o ter uma estrat\u00e9gia de vendas;<\/li>\n\n\n\n<li>N\u00e3o comunicar sobre a campanha ou sobre as a\u00e7\u00f5es relativas \u00e0 ocasi\u00e3opara o p\u00fablico;<\/li>\n\n\n\n<li>N\u00e3o ter estoque suficiente para atender a demanda gerada;<\/li>\n\n\n\n<li>Falta de preparo tecnol\u00f3gico e de suporte para a ocasi\u00e3o;<\/li>\n\n\n\n<li>Problemas de log\u00edstica que impe\u00e7am a realiza\u00e7\u00e3o da entrega dos produtos dentro do prazo estimado.<\/li>\n<\/ol>\n\n\n\n<p>Apesar de todos esses pontos parecerem b\u00e1sicos e de, aparentemente, serem aspectos facilmente solucion\u00e1veis, todos esses erros s\u00e3o bastante comuns e podem ser identificados com relativa facilidade em uma <strong>s\u00e9rie de e-commerce<\/strong>s. Por isso, \u00e9 extremamente importante, especialmente em \u00e9pocas como essas, montar um checklist completo e conferir, efetivamente, item por item.<\/p>\n\n\n\n<p>Em paralelo, invista na prepara\u00e7\u00e3o dos seus clientes para as a\u00e7\u00f5es que ser\u00e3o realizadas. Isso significa que \u00e9 importante anunciar as campanhas e <strong>a\u00e7\u00f5es de Natal<\/strong> realizadas pela loja por meio do e-mail marketing, por exemplo, com anteced\u00eancia. Recomendo, para isso, abusar da criatividade. Ofere\u00e7a pequenas \u201cp\u00edlulas\u201d do que ser\u00e1 poss\u00edvel adquirir com descontos. Fa\u00e7a comunica\u00e7\u00f5es inteligentes. Avalie o hist\u00f3rico de compras de quem j\u00e1 \u00e9 cliente da sua loja e, se poss\u00edvel, ofere\u00e7a produtos relacionados com descontos especiais para esse consumidor espec\u00edfico. Monte listas dando ideias e dicas de presentes para diferentes perfis de pessoas &#8211; m\u00e3e\/pai, esposa\/namorada, adolescentes, crian\u00e7as, etc. Essas s\u00e3o boas formas de firmar relacionamento e fidelizar clientes.<\/p>\n\n\n\n<p>E se eu puder dar um \u00faltimo pitaco, oriento que a loja online tenha um time de atendimento preparado para sanar d\u00favidas e auxiliar os clientes no momento de efetuar as compras, independente do hor\u00e1rio em que elas ocorrerem. Dessa maneira, nenhuma oportunidade ser\u00e1 perdida. Boas vendas!<\/p>\n\n\n\t<p>\n\t\t<a href=\"https:\/\/lp.suno.com.br\/planilha-da-vida-financeira\/\" target=\"_blank\" data-element=\"shortcode-suno-banner\" title=\"Banner SUNO, clique e saiba mais\">\n\t\t\t<picture>\n\t\t\t\t<source media=\"(max-width: 500px)\" srcset=\"https:\/\/files.sunoresearch.com.br\/n\/uploads\/2023\/04\/400x300-Planilha-vida-financeira-true.png\">\n\t\t\t\t<img class=\"newsContent__article__imgCapa newsContent__article__imgCapa--banner\"\n\t\t\t\t\tsrc=\"https:\/\/files.sunoresearch.com.br\/n\/uploads\/2023\/04\/1420x240-Planilha-vida-financeira-true.png\"\n\t\t\t\t\tdata-promo-id=\"383123\"\t\t\t\t\t\t\t\t\t\twidth='1420' height='240'\t\t\t\t\talt=\"https:\/\/files.sunoresearch.com.br\/n\/uploads\/2023\/04\/1420x240-Planilha-vida-financeira-true.png\"\n\t\t\t\t>\n\t\t\t<\/picture>\n\t\t<\/a>\n\t<\/p>\n\n\n","protected":false},"excerpt":{"rendered":"<p>Passado o m\u00eas de Novembro &#8211; a Black Friday e a Cyber Monday &#8211; as ind\u00fastrias e os varejistas brasileiros se preparam para a maior, mais importante e tradici&#8230;<\/p>\n","protected":false},"author":337,"featured_media":406962,"template":"","tags":[2073],"class_list":["post-503095","suno_column","type-suno_column","status-publish","has-post-thumbnail","hentry","tag-e-commerce"],"yoast_head":"<!-- This site is optimized with the Yoast SEO plugin v24.4 - https:\/\/yoast.com\/wordpress\/plugins\/seo\/ -->\n<title>E-commerces: acertem esses 5 pontos para vender melhor no Natal\u00a0<\/title>\n<meta name=\"description\" content=\"Quais ser\u00e3o as a\u00e7\u00f5es adotadas antes da data comemorativa, \u00faltima grande oportunidade de alavancar as vendas nessa reta final de 2023?\" \/>\n<meta name=\"robots\" content=\"index, follow, max-snippet:-1, max-image-preview:large, max-video-preview:-1\" \/>\n<link rel=\"canonical\" href=\"https:\/\/www.suno.com.br\/noticias\/colunas\/rodrigues\/e-commerces-cinco-pontos-vender-melhor-natal\/\" \/>\n<meta property=\"og:locale\" content=\"pt_BR\" \/>\n<meta property=\"og:type\" content=\"article\" \/>\n<meta property=\"og:title\" content=\"E-commerces: acertem esses 5 pontos para vender melhor no Natal\u00a0\" \/>\n<meta property=\"og:description\" content=\"Quais ser\u00e3o as a\u00e7\u00f5es adotadas antes da data comemorativa, \u00faltima grande oportunidade de alavancar as vendas nessa reta final de 2023?\" \/>\n<meta property=\"og:url\" content=\"https:\/\/www.suno.com.br\/noticias\/colunas\/rodrigues\/e-commerces-cinco-pontos-vender-melhor-natal\/\" \/>\n<meta property=\"og:site_name\" content=\"Suno Not\u00edcias\" \/>\n<meta property=\"article:publisher\" content=\"https:\/\/facebook.com\/sunoresearch\" \/>\n<meta property=\"og:image\" content=\"https:\/\/files.sunoresearch.com.br\/n\/uploads\/2023\/05\/e-commerce.jpg\" \/>\n\t<meta property=\"og:image:width\" content=\"1200\" \/>\n\t<meta property=\"og:image:height\" content=\"800\" \/>\n\t<meta property=\"og:image:type\" content=\"image\/jpeg\" \/>\n<meta name=\"twitter:card\" content=\"summary_large_image\" \/>\n<meta name=\"twitter:site\" content=\"@sunoresearch\" \/>\n<meta name=\"twitter:label1\" content=\"Est. tempo de leitura\" \/>\n\t<meta name=\"twitter:data1\" content=\"4 minutos\" \/>\n<script type=\"application\/ld+json\" class=\"yoast-schema-graph\">{\"@context\":\"https:\/\/schema.org\",\"@graph\":[{\"@type\":\"Article\",\"@id\":\"https:\/\/www.suno.com.br\/noticias\/colunas\/rodrigues\/e-commerces-cinco-pontos-vender-melhor-natal\/#article\",\"isPartOf\":{\"@id\":\"https:\/\/www.suno.com.br\/noticias\/colunas\/rodrigues\/e-commerces-cinco-pontos-vender-melhor-natal\/\"},\"author\":{\"name\":\"Felipe Rodrigues\",\"@id\":\"https:\/\/www.suno.com.br\/noticias\/#\/schema\/person\/845c374d5daf57d6879fc0688e6d3610\"},\"headline\":\"E-commerces: acertem esses 5 pontos para vender melhor no Natal\u00a0\",\"datePublished\":\"2023-12-20T11:20:00+00:00\",\"dateModified\":\"2024-01-02T17:07:00+00:00\",\"mainEntityOfPage\":{\"@id\":\"https:\/\/www.suno.com.br\/noticias\/colunas\/rodrigues\/e-commerces-cinco-pontos-vender-melhor-natal\/\"},\"wordCount\":682,\"publisher\":{\"@id\":\"https:\/\/www.suno.com.br\/noticias\/#organization\"},\"image\":{\"@id\":\"https:\/\/www.suno.com.br\/noticias\/colunas\/rodrigues\/e-commerces-cinco-pontos-vender-melhor-natal\/#primaryimage\"},\"thumbnailUrl\":\"https:\/\/files.sunoresearch.com.br\/n\/uploads\/2023\/05\/e-commerce.jpg\",\"keywords\":[\"e-commerce\"],\"inLanguage\":\"pt-BR\"},{\"@type\":\"WebPage\",\"@id\":\"https:\/\/www.suno.com.br\/noticias\/colunas\/rodrigues\/e-commerces-cinco-pontos-vender-melhor-natal\/\",\"url\":\"https:\/\/www.suno.com.br\/noticias\/colunas\/rodrigues\/e-commerces-cinco-pontos-vender-melhor-natal\/\",\"name\":\"E-commerces: acertem esses 5 pontos para vender melhor no Natal\u00a0\",\"isPartOf\":{\"@id\":\"https:\/\/www.suno.com.br\/noticias\/#website\"},\"primaryImageOfPage\":{\"@id\":\"https:\/\/www.suno.com.br\/noticias\/colunas\/rodrigues\/e-commerces-cinco-pontos-vender-melhor-natal\/#primaryimage\"},\"image\":{\"@id\":\"https:\/\/www.suno.com.br\/noticias\/colunas\/rodrigues\/e-commerces-cinco-pontos-vender-melhor-natal\/#primaryimage\"},\"thumbnailUrl\":\"https:\/\/files.sunoresearch.com.br\/n\/uploads\/2023\/05\/e-commerce.jpg\",\"datePublished\":\"2023-12-20T11:20:00+00:00\",\"dateModified\":\"2024-01-02T17:07:00+00:00\",\"description\":\"Quais ser\u00e3o as a\u00e7\u00f5es adotadas antes da data comemorativa, \u00faltima grande oportunidade de alavancar as vendas nessa reta final de 2023?\",\"breadcrumb\":{\"@id\":\"https:\/\/www.suno.com.br\/noticias\/colunas\/rodrigues\/e-commerces-cinco-pontos-vender-melhor-natal\/#breadcrumb\"},\"inLanguage\":\"pt-BR\",\"potentialAction\":[{\"@type\":\"ReadAction\",\"target\":[\"https:\/\/www.suno.com.br\/noticias\/colunas\/rodrigues\/e-commerces-cinco-pontos-vender-melhor-natal\/\"]}]},{\"@type\":\"ImageObject\",\"inLanguage\":\"pt-BR\",\"@id\":\"https:\/\/www.suno.com.br\/noticias\/colunas\/rodrigues\/e-commerces-cinco-pontos-vender-melhor-natal\/#primaryimage\",\"url\":\"https:\/\/files.sunoresearch.com.br\/n\/uploads\/2023\/05\/e-commerce.jpg\",\"contentUrl\":\"https:\/\/files.sunoresearch.com.br\/n\/uploads\/2023\/05\/e-commerce.jpg\",\"width\":1200,\"height\":800,\"caption\":\"E-commerce - Foto: iStock\"},{\"@type\":\"BreadcrumbList\",\"@id\":\"https:\/\/www.suno.com.br\/noticias\/colunas\/rodrigues\/e-commerces-cinco-pontos-vender-melhor-natal\/#breadcrumb\",\"itemListElement\":[{\"@type\":\"ListItem\",\"position\":1,\"name\":\"Not\u00edcias\",\"item\":\"https:\/\/www.suno.com.br\/noticias\/\"},{\"@type\":\"ListItem\",\"position\":2,\"name\":\"Colunas\",\"item\":\"https:\/\/www.suno.com.br\/noticias\/colunas\/\"},{\"@type\":\"ListItem\",\"position\":3,\"name\":\"E-commerces: acertem esses 5 pontos para vender melhor no Natal\u00a0\"}]},{\"@type\":\"WebSite\",\"@id\":\"https:\/\/www.suno.com.br\/noticias\/#website\",\"url\":\"https:\/\/www.suno.com.br\/noticias\/\",\"name\":\"Suno Not\u00edcias\",\"description\":\"Seu portal de informa\u00e7\u00e3o sobre o mundo dos investimentos\",\"publisher\":{\"@id\":\"https:\/\/www.suno.com.br\/noticias\/#organization\"},\"potentialAction\":[{\"@type\":\"SearchAction\",\"target\":{\"@type\":\"EntryPoint\",\"urlTemplate\":\"https:\/\/www.suno.com.br\/noticias\/?s={search_term_string}\"},\"query-input\":{\"@type\":\"PropertyValueSpecification\",\"valueRequired\":true,\"valueName\":\"search_term_string\"}}],\"inLanguage\":\"pt-BR\"},{\"@type\":\"Organization\",\"@id\":\"https:\/\/www.suno.com.br\/noticias\/#organization\",\"name\":\"Suno Not\u00edcias\",\"url\":\"https:\/\/www.suno.com.br\/noticias\/\",\"logo\":{\"@type\":\"ImageObject\",\"inLanguage\":\"pt-BR\",\"@id\":\"https:\/\/www.suno.com.br\/noticias\/#\/schema\/logo\/image\/\",\"url\":\"https:\/\/files.sunoresearch.com.br\/n\/uploads\/2021\/09\/suno-logo.png\",\"contentUrl\":\"https:\/\/files.sunoresearch.com.br\/n\/uploads\/2021\/09\/suno-logo.png\",\"width\":180,\"height\":180,\"caption\":\"Suno Not\u00edcias\"},\"image\":{\"@id\":\"https:\/\/www.suno.com.br\/noticias\/#\/schema\/logo\/image\/\"},\"sameAs\":[\"https:\/\/facebook.com\/sunoresearch\",\"https:\/\/x.com\/sunoresearch\",\"https:\/\/www.instagram.com\/suno\",\"https:\/\/www.linkedin.com\/company\/suno-research\/\",\"https:\/\/www.youtube.com\/c\/sunoresearch\"]},{\"@type\":\"Person\",\"@id\":\"https:\/\/www.suno.com.br\/noticias\/#\/schema\/person\/845c374d5daf57d6879fc0688e6d3610\",\"name\":\"Felipe Rodrigues\",\"image\":{\"@type\":\"ImageObject\",\"inLanguage\":\"pt-BR\",\"@id\":\"https:\/\/www.suno.com.br\/noticias\/#\/schema\/person\/image\/\",\"url\":\"https:\/\/secure.gravatar.com\/avatar\/02c129d3dfd109f48ade5902ce96c578?s=96&r=g\",\"contentUrl\":\"https:\/\/secure.gravatar.com\/avatar\/02c129d3dfd109f48ade5902ce96c578?s=96&r=g\",\"caption\":\"Felipe Rodrigues\"},\"description\":\"Felipe Rodrigues \u00e9 especialista em e-commerce, fundador e CEO do ENVIOU - plataforma especializada em ferramentas e solu\u00e7\u00f5es para automa\u00e7\u00e3o do marketing para e-commerce\",\"url\":\"https:\/\/www.suno.com.br\/noticias\/author\/rodrigues\/\"}]}<\/script>\n<!-- \/ Yoast SEO plugin. -->","yoast_head_json":{"title":"E-commerces: acertem esses 5 pontos para vender melhor no Natal\u00a0","description":"Quais ser\u00e3o as a\u00e7\u00f5es adotadas antes da data comemorativa, \u00faltima grande oportunidade de alavancar as vendas nessa reta final de 2023?","robots":{"index":"index","follow":"follow","max-snippet":"max-snippet:-1","max-image-preview":"max-image-preview:large","max-video-preview":"max-video-preview:-1"},"canonical":"https:\/\/www.suno.com.br\/noticias\/colunas\/rodrigues\/e-commerces-cinco-pontos-vender-melhor-natal\/","og_locale":"pt_BR","og_type":"article","og_title":"E-commerces: acertem esses 5 pontos para vender melhor no Natal\u00a0","og_description":"Quais ser\u00e3o as a\u00e7\u00f5es adotadas antes da data comemorativa, \u00faltima grande oportunidade de alavancar as vendas nessa reta final de 2023?","og_url":"https:\/\/www.suno.com.br\/noticias\/colunas\/rodrigues\/e-commerces-cinco-pontos-vender-melhor-natal\/","og_site_name":"Suno Not\u00edcias","article_publisher":"https:\/\/facebook.com\/sunoresearch","og_image":[{"width":1200,"height":800,"url":"https:\/\/files.sunoresearch.com.br\/n\/uploads\/2023\/05\/e-commerce.jpg","type":"image\/jpeg"}],"twitter_card":"summary_large_image","twitter_site":"@sunoresearch","twitter_misc":{"Est. tempo de leitura":"4 minutos"},"schema":{"@context":"https:\/\/schema.org","@graph":[{"@type":"Article","@id":"https:\/\/www.suno.com.br\/noticias\/colunas\/rodrigues\/e-commerces-cinco-pontos-vender-melhor-natal\/#article","isPartOf":{"@id":"https:\/\/www.suno.com.br\/noticias\/colunas\/rodrigues\/e-commerces-cinco-pontos-vender-melhor-natal\/"},"author":{"name":"Felipe Rodrigues","@id":"https:\/\/www.suno.com.br\/noticias\/#\/schema\/person\/845c374d5daf57d6879fc0688e6d3610"},"headline":"E-commerces: acertem esses 5 pontos para vender melhor no Natal\u00a0","datePublished":"2023-12-20T11:20:00+00:00","dateModified":"2024-01-02T17:07:00+00:00","mainEntityOfPage":{"@id":"https:\/\/www.suno.com.br\/noticias\/colunas\/rodrigues\/e-commerces-cinco-pontos-vender-melhor-natal\/"},"wordCount":682,"publisher":{"@id":"https:\/\/www.suno.com.br\/noticias\/#organization"},"image":{"@id":"https:\/\/www.suno.com.br\/noticias\/colunas\/rodrigues\/e-commerces-cinco-pontos-vender-melhor-natal\/#primaryimage"},"thumbnailUrl":"https:\/\/files.sunoresearch.com.br\/n\/uploads\/2023\/05\/e-commerce.jpg","keywords":["e-commerce"],"inLanguage":"pt-BR"},{"@type":"WebPage","@id":"https:\/\/www.suno.com.br\/noticias\/colunas\/rodrigues\/e-commerces-cinco-pontos-vender-melhor-natal\/","url":"https:\/\/www.suno.com.br\/noticias\/colunas\/rodrigues\/e-commerces-cinco-pontos-vender-melhor-natal\/","name":"E-commerces: acertem esses 5 pontos para vender melhor no Natal\u00a0","isPartOf":{"@id":"https:\/\/www.suno.com.br\/noticias\/#website"},"primaryImageOfPage":{"@id":"https:\/\/www.suno.com.br\/noticias\/colunas\/rodrigues\/e-commerces-cinco-pontos-vender-melhor-natal\/#primaryimage"},"image":{"@id":"https:\/\/www.suno.com.br\/noticias\/colunas\/rodrigues\/e-commerces-cinco-pontos-vender-melhor-natal\/#primaryimage"},"thumbnailUrl":"https:\/\/files.sunoresearch.com.br\/n\/uploads\/2023\/05\/e-commerce.jpg","datePublished":"2023-12-20T11:20:00+00:00","dateModified":"2024-01-02T17:07:00+00:00","description":"Quais ser\u00e3o as a\u00e7\u00f5es adotadas antes da data comemorativa, \u00faltima grande oportunidade de alavancar as vendas nessa reta final de 2023?","breadcrumb":{"@id":"https:\/\/www.suno.com.br\/noticias\/colunas\/rodrigues\/e-commerces-cinco-pontos-vender-melhor-natal\/#breadcrumb"},"inLanguage":"pt-BR","potentialAction":[{"@type":"ReadAction","target":["https:\/\/www.suno.com.br\/noticias\/colunas\/rodrigues\/e-commerces-cinco-pontos-vender-melhor-natal\/"]}]},{"@type":"ImageObject","inLanguage":"pt-BR","@id":"https:\/\/www.suno.com.br\/noticias\/colunas\/rodrigues\/e-commerces-cinco-pontos-vender-melhor-natal\/#primaryimage","url":"https:\/\/files.sunoresearch.com.br\/n\/uploads\/2023\/05\/e-commerce.jpg","contentUrl":"https:\/\/files.sunoresearch.com.br\/n\/uploads\/2023\/05\/e-commerce.jpg","width":1200,"height":800,"caption":"E-commerce - Foto: iStock"},{"@type":"BreadcrumbList","@id":"https:\/\/www.suno.com.br\/noticias\/colunas\/rodrigues\/e-commerces-cinco-pontos-vender-melhor-natal\/#breadcrumb","itemListElement":[{"@type":"ListItem","position":1,"name":"Not\u00edcias","item":"https:\/\/www.suno.com.br\/noticias\/"},{"@type":"ListItem","position":2,"name":"Colunas","item":"https:\/\/www.suno.com.br\/noticias\/colunas\/"},{"@type":"ListItem","position":3,"name":"E-commerces: acertem esses 5 pontos para vender melhor no Natal\u00a0"}]},{"@type":"WebSite","@id":"https:\/\/www.suno.com.br\/noticias\/#website","url":"https:\/\/www.suno.com.br\/noticias\/","name":"Suno Not\u00edcias","description":"Seu portal de informa\u00e7\u00e3o sobre o mundo dos investimentos","publisher":{"@id":"https:\/\/www.suno.com.br\/noticias\/#organization"},"potentialAction":[{"@type":"SearchAction","target":{"@type":"EntryPoint","urlTemplate":"https:\/\/www.suno.com.br\/noticias\/?s={search_term_string}"},"query-input":{"@type":"PropertyValueSpecification","valueRequired":true,"valueName":"search_term_string"}}],"inLanguage":"pt-BR"},{"@type":"Organization","@id":"https:\/\/www.suno.com.br\/noticias\/#organization","name":"Suno Not\u00edcias","url":"https:\/\/www.suno.com.br\/noticias\/","logo":{"@type":"ImageObject","inLanguage":"pt-BR","@id":"https:\/\/www.suno.com.br\/noticias\/#\/schema\/logo\/image\/","url":"https:\/\/files.sunoresearch.com.br\/n\/uploads\/2021\/09\/suno-logo.png","contentUrl":"https:\/\/files.sunoresearch.com.br\/n\/uploads\/2021\/09\/suno-logo.png","width":180,"height":180,"caption":"Suno Not\u00edcias"},"image":{"@id":"https:\/\/www.suno.com.br\/noticias\/#\/schema\/logo\/image\/"},"sameAs":["https:\/\/facebook.com\/sunoresearch","https:\/\/x.com\/sunoresearch","https:\/\/www.instagram.com\/suno","https:\/\/www.linkedin.com\/company\/suno-research\/","https:\/\/www.youtube.com\/c\/sunoresearch"]},{"@type":"Person","@id":"https:\/\/www.suno.com.br\/noticias\/#\/schema\/person\/845c374d5daf57d6879fc0688e6d3610","name":"Felipe Rodrigues","image":{"@type":"ImageObject","inLanguage":"pt-BR","@id":"https:\/\/www.suno.com.br\/noticias\/#\/schema\/person\/image\/","url":"https:\/\/secure.gravatar.com\/avatar\/02c129d3dfd109f48ade5902ce96c578?s=96&r=g","contentUrl":"https:\/\/secure.gravatar.com\/avatar\/02c129d3dfd109f48ade5902ce96c578?s=96&r=g","caption":"Felipe Rodrigues"},"description":"Felipe Rodrigues \u00e9 especialista em e-commerce, fundador e CEO do ENVIOU - plataforma especializada em ferramentas e solu\u00e7\u00f5es para automa\u00e7\u00e3o do marketing para e-commerce","url":"https:\/\/www.suno.com.br\/noticias\/author\/rodrigues\/"}]}},"amp_enabled":true,"_links":{"self":[{"href":"https:\/\/www.suno.com.br\/noticias\/wp-json\/wp\/v2\/suno_column\/503095"}],"collection":[{"href":"https:\/\/www.suno.com.br\/noticias\/wp-json\/wp\/v2\/suno_column"}],"about":[{"href":"https:\/\/www.suno.com.br\/noticias\/wp-json\/wp\/v2\/types\/suno_column"}],"author":[{"embeddable":true,"href":"https:\/\/www.suno.com.br\/noticias\/wp-json\/wp\/v2\/users\/337"}],"wp:featuredmedia":[{"embeddable":true,"href":"https:\/\/www.suno.com.br\/noticias\/wp-json\/wp\/v2\/media\/406962"}],"wp:attachment":[{"href":"https:\/\/www.suno.com.br\/noticias\/wp-json\/wp\/v2\/media?parent=503095"}],"wp:term":[{"taxonomy":"post_tag","embeddable":true,"href":"https:\/\/www.suno.com.br\/noticias\/wp-json\/wp\/v2\/tags?post=503095"}],"curies":[{"name":"wp","href":"https:\/\/api.w.org\/{rel}","templated":true}]}}