{"id":499098,"date":"2023-12-13T08:00:00","date_gmt":"2023-12-13T11:00:00","guid":{"rendered":"https:\/\/www.suno.com.br\/noticias\/colunas\/marco-lopes\/\/"},"modified":"2023-12-12T17:29:52","modified_gmt":"2023-12-12T20:29:52","slug":"desafios-questao-fiscal-brasil","status":"publish","type":"suno_column","link":"https:\/\/www.suno.com.br\/noticias\/colunas\/sandro-maskio\/desafios-questao-fiscal-brasil\/","title":{"rendered":"Os desafios da quest\u00e3o fiscal no Brasil"},"content":{"rendered":"<p>Um dos principais temas debatidos nas \u00faltimas semanas deste novembro tem sido a dimens\u00e3o do d\u00e9ficit prim\u00e1rio das <strong>contas p\u00fablicas<\/strong> do setor p\u00fablico, que ultrapassou 1% do PIB, pouco mais de R$ 100 bilh\u00f5es, nos \u00faltimos 12 meses.<\/p>\t<div class=\"wrapper-featured-image\">\n\t\t<figure class=\"spotlightImg\">\n\n\t\t\t<picture>\n\t\t\t\t<source media=\"(max-width: 768px)\" srcset=\"https:\/\/files.sunoresearch.com.br\/n\/uploads\/2023\/05\/arcabouco-fiscal-cajado-divida-pib-despesas-ldo-orcamento-400x200.jpg\">\n\t\t\t\t<img loading=\"lazy\" decoding=\"async\" class=\"newsContent__article__imgCapa lazyloadDisabled \" src=\"https:\/\/files.sunoresearch.com.br\/n\/uploads\/2023\/05\/arcabouco-fiscal-cajado-divida-pib-despesas-ldo-orcamento-800x450.jpg\" width=\"800\" height=\"450\" alt=\"Os desafios da quest\u00e3o fiscal no Brasil\" fetchpriority=high \/>\n\t\t\t<\/picture>\n\n\t\t\t<figcaption class=\"wp-caption-text wp-caption-text--show\">SNAG11. Foto: iStock<\/figcaption>\n\t\t<\/figure>\n\t<\/div>\n\n\n\n\n\n\t<p>\n\t\t<a href=\"\" target=\"_blank\" data-element=\"shortcode-suno-banner\" title=\"Banner SUNO, clique e saiba mais\">\n\t\t\t<picture>\n\t\t\t\t<source media=\"(max-width: 500px)\" srcset=\"\">\n\t\t\t\t<img class=\"newsContent__article__imgCapa newsContent__article__imgCapa--banner\"\n\t\t\t\t\tsrc=\"\"\n\t\t\t\t\tdata-promo-id=\"240038\"\t\t\t\t\t\t\t\t\t\t\t\t\t\t\talt=\"\"\n\t\t\t\t>\n\t\t\t<\/picture>\n\t\t<\/a>\n\t<\/p>\n\n\n\n\n\n<p>Apesar deo governo reconhecer as dificuldades para atingir a meta proposta de d\u00e9ficit prim\u00e1rio zero, presente no projeto de <strong>Lei Or\u00e7ament\u00e1ria Anual para 2024<\/strong>, o <strong>ministro da Fazenda<\/strong> tem enfatizado que a equipe econ\u00f4mica trabalhar\u00e1 para atingi-la.<\/p>\n\n\n\n<p>Do ponto de vista da governabilidade, se a meta n\u00e3o for atingida, o <strong>arcabou\u00e7o fiscal<\/strong> ir\u00e1 impor uma s\u00e9rie de exig\u00eancias \u00e0 gest\u00e3o or\u00e7ament\u00e1ria, incluindo a restri\u00e7\u00e3o ao aumento dos gastos p\u00fablicos no per\u00edodo subsequente ao descumprimento da meta. Diante deste quadro, o primeiro desafio est\u00e1 em conseguir conter os gastos p\u00fablicos simultaneamente \u00e0 necessidade de cumprir o programa de governo e \u00e0 press\u00e3o da base aliada e dos minist\u00e9rios por mais disp\u00eandio.<\/p>\n\n\n\n<p>O <strong>resultado das contas p\u00fablicas<\/strong> acumulado em 12 meses revela d\u00e9ficit prim\u00e1rio desde o \u00faltimo trimestre de 2014, com um pequeno super\u00e1vit entre fins de 2021 e o primeiro semestre de 2023. Esta sequ\u00eancia de resultados negativos traz \u00e0 tona a realidade desafiadora de que n\u00e3o h\u00e1 espa\u00e7o para abrir m\u00e3o de arrecada\u00e7\u00e3o tribut\u00e1ria a curto ou m\u00e9dio prazo ao menos. Por mais que seja desej\u00e1vel a redu\u00e7\u00e3o do peso tribut\u00e1rio, o melhor resultado realista que a reforma tribut\u00e1ria pode trazer \u00e9 a melhora da efici\u00eancia, da racionalidade e da simplifica\u00e7\u00e3o do mecanismo arrecadat\u00f3rio. Perder <strong>carga tribut\u00e1ria<\/strong> significar\u00e1 ampliar ainda mais necessidade de financiamento da estrutura e dos servi\u00e7os p\u00fablicos brasileiros.<\/p>\n\n\n\t<p>\n\t\t<a href=\"https:\/\/lp.suno.com.br\/ebook-gratuito-investindo-no-exterior\/\" target=\"_blank\" data-element=\"shortcode-suno-banner\" title=\"Banner SUNO, clique e saiba mais\">\n\t\t\t<picture>\n\t\t\t\t<source media=\"(max-width: 500px)\" srcset=\"https:\/\/files.sunoresearch.com.br\/n\/uploads\/2023\/03\/400x300-Investindo-no-exterior.png\">\n\t\t\t\t<img class=\"newsContent__article__imgCapa newsContent__article__imgCapa--banner\"\n\t\t\t\t\tsrc=\"https:\/\/files.sunoresearch.com.br\/n\/uploads\/2023\/03\/1420x240-Investindo-no-exterior.png\"\n\t\t\t\t\tdata-promo-id=\"383161\"\t\t\t\t\t\t\t\t\t\twidth='1420' height='240'\t\t\t\t\talt=\"https:\/\/files.sunoresearch.com.br\/n\/uploads\/2023\/03\/1420x240-Investindo-no-exterior.png\"\n\t\t\t\t>\n\t\t\t<\/picture>\n\t\t<\/a>\n\t<\/p>\n\n\n\n\n\n<p>A <strong>ocorr\u00eancia de d\u00e9ficits prim\u00e1rio<\/strong>s nos aponta que o volume de arrecada\u00e7\u00e3o n\u00e3o tem sido suficiente para pagar as despesas do governo, excluindo desta conta o custo de carregamento da d\u00edvida p\u00fablica l\u00edquida, apresentado na conta de juros.<\/p>\n\n\n\n<p>O d\u00e9ficit nominal acumulado em 12 meses do setor p\u00fablico ultrapassou R$ 800 bilh\u00f5es em novembro, sendo que deste resultado pouco mais de R$ 100 bilh\u00f5es se refere-se ao d\u00e9ficit prim\u00e1rio. Ou seja, aproximadamente R$ 700 bilh\u00f5es representam despesas com juros nominais, oriundos do carregamento do estoque de d\u00edvida p\u00fablica.<\/p>\n\n\n\n<p>Se a busca de equil\u00edbrio or\u00e7ament\u00e1rio j\u00e1 se mostra como um grande desafio no conceito prim\u00e1rio, no conceito nominal, incluindo as despesas com o pagamento de juros, a dimens\u00e3o do desafio se potencializa. Entretanto, \u00e9 fundamental para a sa\u00fade fiscal e financeira do setor p\u00fablico que as contas p\u00fablicas apresentem resultados sustent\u00e1veis, n\u00e3o s\u00f3 para a melhoria da confian\u00e7a dos agentes econ\u00f4micos, como para o bem estar da sociedade a longo prazo.<\/p>\n\n\n\n<p>Na \u00faltima d\u00e9cada a d\u00edvida l\u00edquida total do setor p\u00fablico n\u00e3o financeiro se ampliou de 30% do PIB no final de 2014 para 60% do PIB em setembro de 2023, demonstrado a falta de sustentabilidade fiscal da <strong>gest\u00e3o or\u00e7ament\u00e1ria<\/strong> no Brasil.<\/p>\n\n\n\n<p>Se de um lado esta condi\u00e7\u00e3o imp\u00f5e forte limita\u00e7\u00e3o \u00e0 capacidade de realiza\u00e7\u00e3o de investimentos p\u00fablicos, de outro deteriora as condi\u00e7\u00f5es para que o <strong>Banco Central<\/strong> negocie t\u00edtulos p\u00fablico na execu\u00e7\u00e3o da pol\u00edtica monet\u00e1ria, gerando vi\u00e9s para que a taxa b\u00e1sica real de juros praticada no Brasil seja elevada.<\/p>\n\n\n\n<p>A realiza\u00e7\u00e3o de investimentos p\u00fablicos se mostra um grande indutor de investimentos privados, mesmo em economias desenvolvidas. Entretanto, esta correla\u00e7\u00e3o se mostra mais intensa em economistas em desenvolvimento e com baixa taxa de investimento, como o Brasil. A baixa capacidade financeira do setor p\u00fablico para a realiza\u00e7\u00e3o de investimentos traz reflexos negativos \u00e0 taxa de crescimento econ\u00f4mico futuro da economia brasileira.<\/p>\n\n\n\n<p>A este cen\u00e1rio se soma a tend\u00eancia de redu\u00e7\u00e3o do espa\u00e7o para redu\u00e7\u00e3o da taxa b\u00e1sica de juros no Brasil, dado n\u00e3o s\u00f3 pelas dificuldades fiscais da <strong>economia brasileira<\/strong>, como tamb\u00e9m pela amplia\u00e7\u00e3o da taxa b\u00e1sica de juros observada em alguns pa\u00edses mais desenvolvidos, como nos EUA e Zona do Euro. No curto prazo o Brasil ainda apresenta elevado juros reais comparado a outros pa\u00edses em desenvolvimento, mas a margem para redu\u00e7\u00e3o e a velocidade tende a se reduzir nos pr\u00f3ximos meses.<\/p>\n\n\n\n<p>As <strong>condi\u00e7\u00f5es macroecon\u00f4micas<\/strong> sinalizam que deveremos continuar presenciando um moderado ritmo de crescimento na economia brasileira, em que pesem a redu\u00e7\u00e3o da infla\u00e7\u00e3o, a redu\u00e7\u00e3o da taxa de desemprego e melhora no rendimento m\u00e9dio e na massa de sal\u00e1rios na economia.<\/p>\n\n\n\n<p>Pelo visto ainda h\u00e1 muito o que fazer para recolocarmos a economia brasileira em uma trajet\u00f3ria progressista e sustent\u00e1vel de desenvolvimento produtivo.<\/p>\n\n\n\t<p>\n\t\t<a href=\"https:\/\/lp.suno.com.br\/planilha-da-vida-financeira\/\" target=\"_blank\" data-element=\"shortcode-suno-banner\" title=\"Banner SUNO, clique e saiba mais\">\n\t\t\t<picture>\n\t\t\t\t<source media=\"(max-width: 500px)\" srcset=\"https:\/\/files.sunoresearch.com.br\/n\/uploads\/2023\/04\/400x300-Planilha-vida-financeira-true.png\">\n\t\t\t\t<img class=\"newsContent__article__imgCapa newsContent__article__imgCapa--banner\"\n\t\t\t\t\tsrc=\"https:\/\/files.sunoresearch.com.br\/n\/uploads\/2023\/04\/1420x240-Planilha-vida-financeira-true.png\"\n\t\t\t\t\tdata-promo-id=\"383123\"\t\t\t\t\t\t\t\t\t\twidth='1420' height='240'\t\t\t\t\talt=\"https:\/\/files.sunoresearch.com.br\/n\/uploads\/2023\/04\/1420x240-Planilha-vida-financeira-true.png\"\n\t\t\t\t>\n\t\t\t<\/picture>\n\t\t<\/a>\n\t<\/p>\n\n\n","protected":false},"excerpt":{"rendered":"<p>Um dos principais temas debatidos nas \u00faltimas semanas deste novembro tem sido a dimens\u00e3o do d\u00e9ficit prim\u00e1rio das contas p\u00fablicas do setor p\u00fablico, que ultrapassou 1% d&#8230;<\/p>\n","protected":false},"author":335,"featured_media":405071,"template":"","tags":[824,1128],"class_list":["post-499098","suno_column","type-suno_column","status-publish","has-post-thumbnail","hentry","tag-ministerio-fazenda","tag-orcamento-publico"],"yoast_head":"<!-- This site is optimized with the Yoast SEO plugin v24.4 - https:\/\/yoast.com\/wordpress\/plugins\/seo\/ -->\n<title>Os desafios da quest\u00e3o fiscal no Brasil<\/title>\n<meta name=\"description\" content=\"Resultados negativos nas contas p\u00fablicas trazem \u00e0 tona a realidade desafiadora: n\u00e3o h\u00e1 espa\u00e7o para abrir m\u00e3o de arrecada\u00e7\u00e3o tribut\u00e1ria\" \/>\n<meta name=\"robots\" content=\"index, follow, max-snippet:-1, max-image-preview:large, max-video-preview:-1\" \/>\n<link rel=\"canonical\" href=\"https:\/\/www.suno.com.br\/noticias\/colunas\/sandro-maskio\/desafios-questao-fiscal-brasil\/\" \/>\n<meta property=\"og:locale\" content=\"pt_BR\" \/>\n<meta property=\"og:type\" content=\"article\" \/>\n<meta property=\"og:title\" content=\"Os desafios da quest\u00e3o fiscal no Brasil\" \/>\n<meta property=\"og:description\" content=\"Resultados negativos nas contas p\u00fablicas trazem \u00e0 tona a realidade desafiadora: n\u00e3o h\u00e1 espa\u00e7o para abrir m\u00e3o de arrecada\u00e7\u00e3o tribut\u00e1ria\" \/>\n<meta property=\"og:url\" content=\"https:\/\/www.suno.com.br\/noticias\/colunas\/sandro-maskio\/desafios-questao-fiscal-brasil\/\" \/>\n<meta property=\"og:site_name\" content=\"Suno Not\u00edcias\" \/>\n<meta property=\"article:publisher\" content=\"https:\/\/facebook.com\/sunoresearch\" \/>\n<meta property=\"og:image\" content=\"http:\/\/files.sunoresearch.com.br\/n\/uploads\/2023\/05\/arcabouco-fiscal-cajado-divida-pib-despesas-ldo-orcamento.jpg\" \/>\n\t<meta property=\"og:image:width\" content=\"1200\" \/>\n\t<meta property=\"og:image:height\" content=\"800\" \/>\n\t<meta property=\"og:image:type\" content=\"image\/jpeg\" \/>\n<meta name=\"twitter:card\" content=\"summary_large_image\" \/>\n<meta name=\"twitter:site\" content=\"@sunoresearch\" \/>\n<meta name=\"twitter:label1\" content=\"Est. tempo de leitura\" \/>\n\t<meta name=\"twitter:data1\" content=\"4 minutos\" \/>\n<script type=\"application\/ld+json\" class=\"yoast-schema-graph\">{\"@context\":\"https:\/\/schema.org\",\"@graph\":[{\"@type\":\"Article\",\"@id\":\"https:\/\/www.suno.com.br\/noticias\/colunas\/sandro-maskio\/desafios-questao-fiscal-brasil\/#article\",\"isPartOf\":{\"@id\":\"https:\/\/www.suno.com.br\/noticias\/colunas\/sandro-maskio\/desafios-questao-fiscal-brasil\/\"},\"author\":{\"name\":\"Sandro Maskio\",\"@id\":\"https:\/\/www.suno.com.br\/noticias\/#\/schema\/person\/d710940a99bc283a9daab30486a20051\"},\"headline\":\"Os desafios da quest\u00e3o fiscal no Brasil\",\"datePublished\":\"2023-12-13T11:00:00+00:00\",\"mainEntityOfPage\":{\"@id\":\"https:\/\/www.suno.com.br\/noticias\/colunas\/sandro-maskio\/desafios-questao-fiscal-brasil\/\"},\"wordCount\":833,\"publisher\":{\"@id\":\"https:\/\/www.suno.com.br\/noticias\/#organization\"},\"image\":{\"@id\":\"https:\/\/www.suno.com.br\/noticias\/colunas\/sandro-maskio\/desafios-questao-fiscal-brasil\/#primaryimage\"},\"thumbnailUrl\":\"https:\/\/files.sunoresearch.com.br\/n\/uploads\/2023\/05\/arcabouco-fiscal-cajado-divida-pib-despesas-ldo-orcamento.jpg\",\"keywords\":[\"Minist\u00e9rio da Fazenda\",\"Or\u00e7amento P\u00fablico\"],\"inLanguage\":\"pt-BR\"},{\"@type\":\"WebPage\",\"@id\":\"https:\/\/www.suno.com.br\/noticias\/colunas\/sandro-maskio\/desafios-questao-fiscal-brasil\/\",\"url\":\"https:\/\/www.suno.com.br\/noticias\/colunas\/sandro-maskio\/desafios-questao-fiscal-brasil\/\",\"name\":\"Os desafios da quest\u00e3o fiscal no Brasil\",\"isPartOf\":{\"@id\":\"https:\/\/www.suno.com.br\/noticias\/#website\"},\"primaryImageOfPage\":{\"@id\":\"https:\/\/www.suno.com.br\/noticias\/colunas\/sandro-maskio\/desafios-questao-fiscal-brasil\/#primaryimage\"},\"image\":{\"@id\":\"https:\/\/www.suno.com.br\/noticias\/colunas\/sandro-maskio\/desafios-questao-fiscal-brasil\/#primaryimage\"},\"thumbnailUrl\":\"https:\/\/files.sunoresearch.com.br\/n\/uploads\/2023\/05\/arcabouco-fiscal-cajado-divida-pib-despesas-ldo-orcamento.jpg\",\"datePublished\":\"2023-12-13T11:00:00+00:00\",\"description\":\"Resultados negativos nas contas p\u00fablicas trazem \u00e0 tona a realidade desafiadora: n\u00e3o h\u00e1 espa\u00e7o para abrir m\u00e3o de arrecada\u00e7\u00e3o tribut\u00e1ria\",\"breadcrumb\":{\"@id\":\"https:\/\/www.suno.com.br\/noticias\/colunas\/sandro-maskio\/desafios-questao-fiscal-brasil\/#breadcrumb\"},\"inLanguage\":\"pt-BR\",\"potentialAction\":[{\"@type\":\"ReadAction\",\"target\":[\"https:\/\/www.suno.com.br\/noticias\/colunas\/sandro-maskio\/desafios-questao-fiscal-brasil\/\"]}]},{\"@type\":\"ImageObject\",\"inLanguage\":\"pt-BR\",\"@id\":\"https:\/\/www.suno.com.br\/noticias\/colunas\/sandro-maskio\/desafios-questao-fiscal-brasil\/#primaryimage\",\"url\":\"https:\/\/files.sunoresearch.com.br\/n\/uploads\/2023\/05\/arcabouco-fiscal-cajado-divida-pib-despesas-ldo-orcamento.jpg\",\"contentUrl\":\"https:\/\/files.sunoresearch.com.br\/n\/uploads\/2023\/05\/arcabouco-fiscal-cajado-divida-pib-despesas-ldo-orcamento.jpg\",\"width\":1200,\"height\":800,\"caption\":\"SNAG11. Foto: iStock\"},{\"@type\":\"BreadcrumbList\",\"@id\":\"https:\/\/www.suno.com.br\/noticias\/colunas\/sandro-maskio\/desafios-questao-fiscal-brasil\/#breadcrumb\",\"itemListElement\":[{\"@type\":\"ListItem\",\"position\":1,\"name\":\"Not\u00edcias\",\"item\":\"https:\/\/www.suno.com.br\/noticias\/\"},{\"@type\":\"ListItem\",\"position\":2,\"name\":\"Colunas\",\"item\":\"https:\/\/www.suno.com.br\/noticias\/colunas\/\"},{\"@type\":\"ListItem\",\"position\":3,\"name\":\"Os desafios da quest\u00e3o fiscal no Brasil\"}]},{\"@type\":\"WebSite\",\"@id\":\"https:\/\/www.suno.com.br\/noticias\/#website\",\"url\":\"https:\/\/www.suno.com.br\/noticias\/\",\"name\":\"Suno Not\u00edcias\",\"description\":\"Seu portal de informa\u00e7\u00e3o sobre o mundo dos investimentos\",\"publisher\":{\"@id\":\"https:\/\/www.suno.com.br\/noticias\/#organization\"},\"potentialAction\":[{\"@type\":\"SearchAction\",\"target\":{\"@type\":\"EntryPoint\",\"urlTemplate\":\"https:\/\/www.suno.com.br\/noticias\/?s={search_term_string}\"},\"query-input\":{\"@type\":\"PropertyValueSpecification\",\"valueRequired\":true,\"valueName\":\"search_term_string\"}}],\"inLanguage\":\"pt-BR\"},{\"@type\":\"Organization\",\"@id\":\"https:\/\/www.suno.com.br\/noticias\/#organization\",\"name\":\"Suno Not\u00edcias\",\"url\":\"https:\/\/www.suno.com.br\/noticias\/\",\"logo\":{\"@type\":\"ImageObject\",\"inLanguage\":\"pt-BR\",\"@id\":\"https:\/\/www.suno.com.br\/noticias\/#\/schema\/logo\/image\/\",\"url\":\"https:\/\/files.sunoresearch.com.br\/n\/uploads\/2021\/09\/suno-logo.png\",\"contentUrl\":\"https:\/\/files.sunoresearch.com.br\/n\/uploads\/2021\/09\/suno-logo.png\",\"width\":180,\"height\":180,\"caption\":\"Suno Not\u00edcias\"},\"image\":{\"@id\":\"https:\/\/www.suno.com.br\/noticias\/#\/schema\/logo\/image\/\"},\"sameAs\":[\"https:\/\/facebook.com\/sunoresearch\",\"https:\/\/x.com\/sunoresearch\",\"https:\/\/www.instagram.com\/suno\",\"https:\/\/www.linkedin.com\/company\/suno-research\/\",\"https:\/\/www.youtube.com\/c\/sunoresearch\"]},{\"@type\":\"Person\",\"@id\":\"https:\/\/www.suno.com.br\/noticias\/#\/schema\/person\/d710940a99bc283a9daab30486a20051\",\"name\":\"Sandro Maskio\",\"image\":{\"@type\":\"ImageObject\",\"inLanguage\":\"pt-BR\",\"@id\":\"https:\/\/www.suno.com.br\/noticias\/#\/schema\/person\/image\/\",\"url\":\"https:\/\/secure.gravatar.com\/avatar\/48fefea1b8936b0d8c1aa7f813f9f489?s=96&r=g\",\"contentUrl\":\"https:\/\/secure.gravatar.com\/avatar\/48fefea1b8936b0d8c1aa7f813f9f489?s=96&r=g\",\"caption\":\"Sandro Maskio\"},\"description\":\"Economista. P\u00f3s-doutorando do Departamento de Economia da FEA\/USP de Ribeir\u00e3o Preto, Doutor em Ci\u00eancias Humanas e Sociais com foco em pol\u00edticas regionais de desenvolvimento Econ\u00f4mico. Atua h\u00e1 25 anos com an\u00e1lise macroecon\u00f4mica, regional e setorial.\",\"url\":\"https:\/\/www.suno.com.br\/noticias\/author\/sandro-maskio\/\"}]}<\/script>\n<!-- \/ Yoast SEO plugin. -->","yoast_head_json":{"title":"Os desafios da quest\u00e3o fiscal no Brasil","description":"Resultados negativos nas contas p\u00fablicas trazem \u00e0 tona a realidade desafiadora: n\u00e3o h\u00e1 espa\u00e7o para abrir m\u00e3o de arrecada\u00e7\u00e3o tribut\u00e1ria","robots":{"index":"index","follow":"follow","max-snippet":"max-snippet:-1","max-image-preview":"max-image-preview:large","max-video-preview":"max-video-preview:-1"},"canonical":"https:\/\/www.suno.com.br\/noticias\/colunas\/sandro-maskio\/desafios-questao-fiscal-brasil\/","og_locale":"pt_BR","og_type":"article","og_title":"Os desafios da quest\u00e3o fiscal no Brasil","og_description":"Resultados negativos nas contas p\u00fablicas trazem \u00e0 tona a realidade desafiadora: n\u00e3o h\u00e1 espa\u00e7o para abrir m\u00e3o de arrecada\u00e7\u00e3o tribut\u00e1ria","og_url":"https:\/\/www.suno.com.br\/noticias\/colunas\/sandro-maskio\/desafios-questao-fiscal-brasil\/","og_site_name":"Suno Not\u00edcias","article_publisher":"https:\/\/facebook.com\/sunoresearch","og_image":[{"width":1200,"height":800,"url":"http:\/\/files.sunoresearch.com.br\/n\/uploads\/2023\/05\/arcabouco-fiscal-cajado-divida-pib-despesas-ldo-orcamento.jpg","type":"image\/jpeg"}],"twitter_card":"summary_large_image","twitter_site":"@sunoresearch","twitter_misc":{"Est. tempo de leitura":"4 minutos"},"schema":{"@context":"https:\/\/schema.org","@graph":[{"@type":"Article","@id":"https:\/\/www.suno.com.br\/noticias\/colunas\/sandro-maskio\/desafios-questao-fiscal-brasil\/#article","isPartOf":{"@id":"https:\/\/www.suno.com.br\/noticias\/colunas\/sandro-maskio\/desafios-questao-fiscal-brasil\/"},"author":{"name":"Sandro Maskio","@id":"https:\/\/www.suno.com.br\/noticias\/#\/schema\/person\/d710940a99bc283a9daab30486a20051"},"headline":"Os desafios da quest\u00e3o fiscal no Brasil","datePublished":"2023-12-13T11:00:00+00:00","mainEntityOfPage":{"@id":"https:\/\/www.suno.com.br\/noticias\/colunas\/sandro-maskio\/desafios-questao-fiscal-brasil\/"},"wordCount":833,"publisher":{"@id":"https:\/\/www.suno.com.br\/noticias\/#organization"},"image":{"@id":"https:\/\/www.suno.com.br\/noticias\/colunas\/sandro-maskio\/desafios-questao-fiscal-brasil\/#primaryimage"},"thumbnailUrl":"https:\/\/files.sunoresearch.com.br\/n\/uploads\/2023\/05\/arcabouco-fiscal-cajado-divida-pib-despesas-ldo-orcamento.jpg","keywords":["Minist\u00e9rio da Fazenda","Or\u00e7amento P\u00fablico"],"inLanguage":"pt-BR"},{"@type":"WebPage","@id":"https:\/\/www.suno.com.br\/noticias\/colunas\/sandro-maskio\/desafios-questao-fiscal-brasil\/","url":"https:\/\/www.suno.com.br\/noticias\/colunas\/sandro-maskio\/desafios-questao-fiscal-brasil\/","name":"Os desafios da quest\u00e3o fiscal no Brasil","isPartOf":{"@id":"https:\/\/www.suno.com.br\/noticias\/#website"},"primaryImageOfPage":{"@id":"https:\/\/www.suno.com.br\/noticias\/colunas\/sandro-maskio\/desafios-questao-fiscal-brasil\/#primaryimage"},"image":{"@id":"https:\/\/www.suno.com.br\/noticias\/colunas\/sandro-maskio\/desafios-questao-fiscal-brasil\/#primaryimage"},"thumbnailUrl":"https:\/\/files.sunoresearch.com.br\/n\/uploads\/2023\/05\/arcabouco-fiscal-cajado-divida-pib-despesas-ldo-orcamento.jpg","datePublished":"2023-12-13T11:00:00+00:00","description":"Resultados negativos nas contas p\u00fablicas trazem \u00e0 tona a realidade desafiadora: n\u00e3o h\u00e1 espa\u00e7o para abrir m\u00e3o de arrecada\u00e7\u00e3o tribut\u00e1ria","breadcrumb":{"@id":"https:\/\/www.suno.com.br\/noticias\/colunas\/sandro-maskio\/desafios-questao-fiscal-brasil\/#breadcrumb"},"inLanguage":"pt-BR","potentialAction":[{"@type":"ReadAction","target":["https:\/\/www.suno.com.br\/noticias\/colunas\/sandro-maskio\/desafios-questao-fiscal-brasil\/"]}]},{"@type":"ImageObject","inLanguage":"pt-BR","@id":"https:\/\/www.suno.com.br\/noticias\/colunas\/sandro-maskio\/desafios-questao-fiscal-brasil\/#primaryimage","url":"https:\/\/files.sunoresearch.com.br\/n\/uploads\/2023\/05\/arcabouco-fiscal-cajado-divida-pib-despesas-ldo-orcamento.jpg","contentUrl":"https:\/\/files.sunoresearch.com.br\/n\/uploads\/2023\/05\/arcabouco-fiscal-cajado-divida-pib-despesas-ldo-orcamento.jpg","width":1200,"height":800,"caption":"SNAG11. Foto: iStock"},{"@type":"BreadcrumbList","@id":"https:\/\/www.suno.com.br\/noticias\/colunas\/sandro-maskio\/desafios-questao-fiscal-brasil\/#breadcrumb","itemListElement":[{"@type":"ListItem","position":1,"name":"Not\u00edcias","item":"https:\/\/www.suno.com.br\/noticias\/"},{"@type":"ListItem","position":2,"name":"Colunas","item":"https:\/\/www.suno.com.br\/noticias\/colunas\/"},{"@type":"ListItem","position":3,"name":"Os desafios da quest\u00e3o fiscal no Brasil"}]},{"@type":"WebSite","@id":"https:\/\/www.suno.com.br\/noticias\/#website","url":"https:\/\/www.suno.com.br\/noticias\/","name":"Suno Not\u00edcias","description":"Seu portal de informa\u00e7\u00e3o sobre o mundo dos investimentos","publisher":{"@id":"https:\/\/www.suno.com.br\/noticias\/#organization"},"potentialAction":[{"@type":"SearchAction","target":{"@type":"EntryPoint","urlTemplate":"https:\/\/www.suno.com.br\/noticias\/?s={search_term_string}"},"query-input":{"@type":"PropertyValueSpecification","valueRequired":true,"valueName":"search_term_string"}}],"inLanguage":"pt-BR"},{"@type":"Organization","@id":"https:\/\/www.suno.com.br\/noticias\/#organization","name":"Suno Not\u00edcias","url":"https:\/\/www.suno.com.br\/noticias\/","logo":{"@type":"ImageObject","inLanguage":"pt-BR","@id":"https:\/\/www.suno.com.br\/noticias\/#\/schema\/logo\/image\/","url":"https:\/\/files.sunoresearch.com.br\/n\/uploads\/2021\/09\/suno-logo.png","contentUrl":"https:\/\/files.sunoresearch.com.br\/n\/uploads\/2021\/09\/suno-logo.png","width":180,"height":180,"caption":"Suno Not\u00edcias"},"image":{"@id":"https:\/\/www.suno.com.br\/noticias\/#\/schema\/logo\/image\/"},"sameAs":["https:\/\/facebook.com\/sunoresearch","https:\/\/x.com\/sunoresearch","https:\/\/www.instagram.com\/suno","https:\/\/www.linkedin.com\/company\/suno-research\/","https:\/\/www.youtube.com\/c\/sunoresearch"]},{"@type":"Person","@id":"https:\/\/www.suno.com.br\/noticias\/#\/schema\/person\/d710940a99bc283a9daab30486a20051","name":"Sandro Maskio","image":{"@type":"ImageObject","inLanguage":"pt-BR","@id":"https:\/\/www.suno.com.br\/noticias\/#\/schema\/person\/image\/","url":"https:\/\/secure.gravatar.com\/avatar\/48fefea1b8936b0d8c1aa7f813f9f489?s=96&r=g","contentUrl":"https:\/\/secure.gravatar.com\/avatar\/48fefea1b8936b0d8c1aa7f813f9f489?s=96&r=g","caption":"Sandro Maskio"},"description":"Economista. P\u00f3s-doutorando do Departamento de Economia da FEA\/USP de Ribeir\u00e3o Preto, Doutor em Ci\u00eancias Humanas e Sociais com foco em pol\u00edticas regionais de desenvolvimento Econ\u00f4mico. Atua h\u00e1 25 anos com an\u00e1lise macroecon\u00f4mica, regional e setorial.","url":"https:\/\/www.suno.com.br\/noticias\/author\/sandro-maskio\/"}]}},"amp_enabled":true,"_links":{"self":[{"href":"https:\/\/www.suno.com.br\/noticias\/wp-json\/wp\/v2\/suno_column\/499098"}],"collection":[{"href":"https:\/\/www.suno.com.br\/noticias\/wp-json\/wp\/v2\/suno_column"}],"about":[{"href":"https:\/\/www.suno.com.br\/noticias\/wp-json\/wp\/v2\/types\/suno_column"}],"author":[{"embeddable":true,"href":"https:\/\/www.suno.com.br\/noticias\/wp-json\/wp\/v2\/users\/335"}],"wp:featuredmedia":[{"embeddable":true,"href":"https:\/\/www.suno.com.br\/noticias\/wp-json\/wp\/v2\/media\/405071"}],"wp:attachment":[{"href":"https:\/\/www.suno.com.br\/noticias\/wp-json\/wp\/v2\/media?parent=499098"}],"wp:term":[{"taxonomy":"post_tag","embeddable":true,"href":"https:\/\/www.suno.com.br\/noticias\/wp-json\/wp\/v2\/tags?post=499098"}],"curies":[{"name":"wp","href":"https:\/\/api.w.org\/{rel}","templated":true}]}}