{"id":497700,"date":"2023-12-11T08:00:00","date_gmt":"2023-12-11T11:00:00","guid":{"rendered":"https:\/\/www.suno.com.br\/noticias\/colunas\/marco-lopes\/\/"},"modified":"2023-12-12T14:17:29","modified_gmt":"2023-12-12T17:17:29","slug":"conferencias-climaticas-pauta-esg-expectativacop-30","status":"publish","type":"suno_column","link":"https:\/\/www.suno.com.br\/noticias\/colunas\/lucca-mendes\/conferencias-climaticas-pauta-esg-expectativacop-30\/","title":{"rendered":"Confer\u00eancias clim\u00e1ticas, pauta ESG e a expectativa pelo protagonismo e lideran\u00e7a das organiza\u00e7\u00f5es rumo \u00e0 COP-30"},"content":{"rendered":"<p>A relev\u00e2ncia das empresas para a promo\u00e7\u00e3o da sustentabilidade vem sendo estruturada, com o passar do tempo, a partir da coopera\u00e7\u00e3o entre a iniciativa privada, a sociedade, autoridades estatais e internacionais. O reflexo desse movimento global, mais do que um \u201cmodismo\u201d ou tend\u00eancia passageira, \u00e9 percebido como imprescind\u00edvel e necess\u00e1rio nas variadas inst\u00e2ncias, sendo alvo de profundo debate. \u00c9 o que ocorre nas Confer\u00eancias Clim\u00e1ticas, que re\u00fanem os principais tomadores de decis\u00f5es em n\u00edvel mundial e tem no centro da mesa a agenda <strong>ESG<\/strong>, incluindo os impactos das atividades econ\u00f4micas para os diferentes stakeholders &#8211; ou partes interessadas, na perspectiva ambiental, social e de governan\u00e7a.<\/p>\t<div class=\"wrapper-featured-image\">\n\t\t<figure class=\"spotlightImg\">\n\n\t\t\t<picture>\n\t\t\t\t<source media=\"(max-width: 768px)\" srcset=\"https:\/\/files.sunoresearch.com.br\/n\/uploads\/2022\/08\/investimentos-esg-400x200.jpg\">\n\t\t\t\t<img loading=\"lazy\" decoding=\"async\" class=\"newsContent__article__imgCapa lazyloadDisabled \" src=\"https:\/\/files.sunoresearch.com.br\/n\/uploads\/2022\/08\/investimentos-esg-800x450.jpg\" width=\"800\" height=\"450\" alt=\"Confer\u00eancias clim\u00e1ticas, pauta ESG e a expectativa pelo protagonismo e lideran\u00e7a das organiza\u00e7\u00f5es rumo \u00e0 COP-30\" fetchpriority=high \/>\n\t\t\t<\/picture>\n\n\t\t\t<figcaption class=\"wp-caption-text wp-caption-text--show\">Agenda ESG  - Fonte: Pixabay<\/figcaption>\n\t\t<\/figure>\n\t<\/div>\n\n\n\n\n\n\t<p>\n\t\t<a href=\"\" target=\"_blank\" data-element=\"shortcode-suno-banner\" title=\"Banner SUNO, clique e saiba mais\">\n\t\t\t<picture>\n\t\t\t\t<source media=\"(max-width: 500px)\" srcset=\"\">\n\t\t\t\t<img class=\"newsContent__article__imgCapa newsContent__article__imgCapa--banner\"\n\t\t\t\t\tsrc=\"\"\n\t\t\t\t\tdata-promo-id=\"240038\"\t\t\t\t\t\t\t\t\t\t\t\t\t\t\talt=\"\"\n\t\t\t\t>\n\t\t\t<\/picture>\n\t\t<\/a>\n\t<\/p>\n\n\n\n\n\n\n\n<p>Como partes interessadas, exemplificativamente, existem os colaboradores, a comunidade local impactada, consumidores e todas aquelas pessoas alcan\u00e7adas em alguma medida pela opera\u00e7\u00e3o das organiza\u00e7\u00f5es nos variados setores. O atendimento a essa pluralidade de interesses, somados a todos os desafios j\u00e1 presentes para a gest\u00e3o e condu\u00e7\u00e3o dos neg\u00f3cios, exige mais um n\u00edvel de sofistica\u00e7\u00e3o e aten\u00e7\u00e3o. Tais habilidades, para al\u00e9m do debate sobre o dever das empresas de atuarem proativamente nos objetivos de<strong> natureza sustent\u00e1vel <\/strong>ou social, exigem n\u00e3o apenas das organiza\u00e7\u00f5es, mas das pessoas que as comp\u00f5em, um novo modelo mental.<\/p>\n\n\n\n<p>A primeira etapa nesse sentido \u00e9 representada pela cobran\u00e7a de comprometimento da alta <strong>gest\u00e3o das empresas<\/strong> com as nobres causas que transcendem os limites da organiza\u00e7\u00e3o, revisitando inclusive o debate sobre a Responsabilidade Social Empresarial. O que j\u00e1 vemos com certa frequ\u00eancia \u00e9 a preocupa\u00e7\u00e3o em torno das externalidades negativas diretamente relacionadas \u00e0 atividade da empresa, somadas a a\u00e7\u00f5es de filantropia e cria\u00e7\u00e3o de departamentos e setores dentro das companhias, voltadas a destinar um percentual reduzido e limitado do faturamento para a\u00e7\u00f5es sustent\u00e1veis. N\u00e3o se mostram suficientes.<\/p>\n\n\n\n<p>Apesar dos benef\u00edcios obtidos por essas iniciativas, seus resultados foram limitados, sobretudo diante de um momento de <strong>emerg\u00eancia clim\u00e1tica<\/strong> e com a pauta assumindo protagonismo social, pol\u00edtico e econ\u00f4mico.<\/p>\n\n\n\t<p>\n\t\t<a href=\"https:\/\/lp.suno.com.br\/ebook-gratuito-investindo-no-exterior\/\" target=\"_blank\" data-element=\"shortcode-suno-banner\" title=\"Banner SUNO, clique e saiba mais\">\n\t\t\t<picture>\n\t\t\t\t<source media=\"(max-width: 500px)\" srcset=\"https:\/\/files.sunoresearch.com.br\/n\/uploads\/2023\/03\/400x300-Investindo-no-exterior.png\">\n\t\t\t\t<img class=\"newsContent__article__imgCapa newsContent__article__imgCapa--banner\"\n\t\t\t\t\tsrc=\"https:\/\/files.sunoresearch.com.br\/n\/uploads\/2023\/03\/1420x240-Investindo-no-exterior.png\"\n\t\t\t\t\tdata-promo-id=\"383161\"\t\t\t\t\t\t\t\t\t\twidth='1420' height='240'\t\t\t\t\talt=\"https:\/\/files.sunoresearch.com.br\/n\/uploads\/2023\/03\/1420x240-Investindo-no-exterior.png\"\n\t\t\t\t>\n\t\t\t<\/picture>\n\t\t<\/a>\n\t<\/p>\n\n\n\n\n\n<p>A <strong>COP-28<\/strong>, que est\u00e1 sendo realizada este ano em Dubai, tem sido marcada pelo direcionamento do debate, com uma clara sinaliza\u00e7\u00e3o de que aquelas organiza\u00e7\u00f5es que n\u00e3o avan\u00e7arem e amadurecerem na sua efetiva conex\u00e3o com o contexto em que est\u00e3o inseridas estar\u00e3o um passo atr\u00e1s, n\u00e3o restando espa\u00e7o para empresas que se preocupem apenas com as a\u00e7\u00f5es dentro dos seus \u201cpr\u00f3prios muros\u201d.<\/p>\n\n\n\n<p>A estipula\u00e7\u00e3o de metas globais para a <strong>redu\u00e7\u00e3o da emiss\u00e3o de poluentes <\/strong>e a apresenta\u00e7\u00e3o de proposta de classifica\u00e7\u00e3o e avalia\u00e7\u00e3o das empresas usando crit\u00e9rios ESG, s\u00e3o exemplos de delibera\u00e7\u00f5es apresentadas na esfera internacional que devem estar inclu\u00eddas no planejamento de curto, m\u00e9dio e longo prazo das empresas.<\/p>\n\n\n\n<p>Acreditamos que o resultado desse processo, que alcan\u00e7ar\u00e1 o Brasil de maneira muito especial considerando entre v\u00e1rios fatores a regi\u00e3o Amaz\u00f4nica e a <strong>realiza\u00e7\u00e3o da COP-30<\/strong> em Bel\u00e9m do Par\u00e1, no ano de 2025, depender\u00e1 n\u00e3o apenas do empenho p\u00fablico-regulat\u00f3rio, mas tamb\u00e9m da real compreens\u00e3o de que o paradigma em quest\u00e3o e os objetivos em constru\u00e7\u00e3o passam pela cria\u00e7\u00e3o de valor compartilhado entre as empresas, a sociedade e os indiv\u00edduos, al\u00e9m da genu\u00edna preocupa\u00e7\u00e3o com o contexto em que est\u00e3o inseridas.<\/p>\n\n\n\n<p><strong><em>*Este artigo foi escrito em parceria com Gladson Pereira Am\u00e9rico Filho. Advogado na Mendes Advocacia &amp; Consultoria. Mestrando em Direito e Desenvolvimento da Amaz\u00f4nia pela UFPa. Graduado em Direito pela UFPa.<\/em><\/strong><\/p>\n\n\n\t<p>\n\t\t<a href=\"https:\/\/lp.suno.com.br\/planilha-da-vida-financeira\/\" target=\"_blank\" data-element=\"shortcode-suno-banner\" title=\"Banner SUNO, clique e saiba mais\">\n\t\t\t<picture>\n\t\t\t\t<source media=\"(max-width: 500px)\" srcset=\"https:\/\/files.sunoresearch.com.br\/n\/uploads\/2023\/04\/400x300-Planilha-vida-financeira-true.png\">\n\t\t\t\t<img class=\"newsContent__article__imgCapa newsContent__article__imgCapa--banner\"\n\t\t\t\t\tsrc=\"https:\/\/files.sunoresearch.com.br\/n\/uploads\/2023\/04\/1420x240-Planilha-vida-financeira-true.png\"\n\t\t\t\t\tdata-promo-id=\"383123\"\t\t\t\t\t\t\t\t\t\twidth='1420' height='240'\t\t\t\t\talt=\"https:\/\/files.sunoresearch.com.br\/n\/uploads\/2023\/04\/1420x240-Planilha-vida-financeira-true.png\"\n\t\t\t\t>\n\t\t\t<\/picture>\n\t\t<\/a>\n\t<\/p>\n\n\n","protected":false},"excerpt":{"rendered":"<p>A relev\u00e2ncia das empresas para a promo\u00e7\u00e3o da sustentabilidade vem sendo estruturada, com o passar do tempo, a partir da coopera\u00e7\u00e3o entre a iniciativa privada, a socied&#8230;<\/p>\n","protected":false},"author":264,"featured_media":280343,"template":"","tags":[75364],"class_list":["post-497700","suno_column","type-suno_column","status-publish","has-post-thumbnail","hentry","tag-esg"],"yoast_head":"<!-- This site is optimized with the Yoast SEO plugin v24.4 - https:\/\/yoast.com\/wordpress\/plugins\/seo\/ -->\n<title>Confer\u00eancias clim\u00e1ticas, pauta ESG e a expectativa pelo protagonismo e lideran\u00e7a das organiza\u00e7\u00f5es rumo \u00e0 COP-30<\/title>\n<meta name=\"description\" content=\"Os principais tomadores de decis\u00f5es do planeta t\u00eam no centro da mesa a agenda ESG, incluindo os impactos das atividades econ\u00f4micas\" \/>\n<meta name=\"robots\" content=\"index, follow, max-snippet:-1, max-image-preview:large, max-video-preview:-1\" \/>\n<link rel=\"canonical\" href=\"https:\/\/www.suno.com.br\/noticias\/colunas\/lucca-mendes\/conferencias-climaticas-pauta-esg-expectativacop-30\/\" \/>\n<meta property=\"og:locale\" content=\"pt_BR\" \/>\n<meta property=\"og:type\" content=\"article\" \/>\n<meta property=\"og:title\" content=\"Confer\u00eancias clim\u00e1ticas, pauta ESG e a expectativa pelo protagonismo e lideran\u00e7a das organiza\u00e7\u00f5es rumo \u00e0 COP-30\" \/>\n<meta property=\"og:description\" content=\"Os principais tomadores de decis\u00f5es do planeta t\u00eam no centro da mesa a agenda ESG, incluindo os impactos das atividades econ\u00f4micas\" \/>\n<meta property=\"og:url\" content=\"https:\/\/www.suno.com.br\/noticias\/colunas\/lucca-mendes\/conferencias-climaticas-pauta-esg-expectativacop-30\/\" \/>\n<meta property=\"og:site_name\" content=\"Suno Not\u00edcias\" \/>\n<meta property=\"article:publisher\" content=\"https:\/\/facebook.com\/sunoresearch\" \/>\n<meta property=\"og:image\" content=\"https:\/\/files.sunoresearch.com.br\/n\/uploads\/2022\/08\/investimentos-esg.jpg\" \/>\n\t<meta property=\"og:image:width\" content=\"1280\" \/>\n\t<meta property=\"og:image:height\" content=\"960\" \/>\n\t<meta property=\"og:image:type\" content=\"image\/jpeg\" \/>\n<meta name=\"twitter:card\" content=\"summary_large_image\" \/>\n<meta name=\"twitter:site\" content=\"@sunoresearch\" \/>\n<meta name=\"twitter:label1\" content=\"Est. tempo de leitura\" \/>\n\t<meta name=\"twitter:data1\" content=\"3 minutos\" \/>\n<script type=\"application\/ld+json\" class=\"yoast-schema-graph\">{\"@context\":\"https:\/\/schema.org\",\"@graph\":[{\"@type\":\"Article\",\"@id\":\"https:\/\/www.suno.com.br\/noticias\/colunas\/lucca-mendes\/conferencias-climaticas-pauta-esg-expectativacop-30\/#article\",\"isPartOf\":{\"@id\":\"https:\/\/www.suno.com.br\/noticias\/colunas\/lucca-mendes\/conferencias-climaticas-pauta-esg-expectativacop-30\/\"},\"author\":{\"name\":\"Lucca Mendes\",\"@id\":\"https:\/\/www.suno.com.br\/noticias\/#\/schema\/person\/a4bbc840bf9a0e701184747ead8265c2\"},\"headline\":\"Confer\u00eancias clim\u00e1ticas, pauta ESG e a expectativa pelo protagonismo e lideran\u00e7a das organiza\u00e7\u00f5es rumo \u00e0 COP-30\",\"datePublished\":\"2023-12-11T11:00:00+00:00\",\"dateModified\":\"2023-12-12T17:17:29+00:00\",\"mainEntityOfPage\":{\"@id\":\"https:\/\/www.suno.com.br\/noticias\/colunas\/lucca-mendes\/conferencias-climaticas-pauta-esg-expectativacop-30\/\"},\"wordCount\":644,\"publisher\":{\"@id\":\"https:\/\/www.suno.com.br\/noticias\/#organization\"},\"image\":{\"@id\":\"https:\/\/www.suno.com.br\/noticias\/colunas\/lucca-mendes\/conferencias-climaticas-pauta-esg-expectativacop-30\/#primaryimage\"},\"thumbnailUrl\":\"https:\/\/files.sunoresearch.com.br\/n\/uploads\/2022\/08\/investimentos-esg.jpg\",\"keywords\":[\"ESG\"],\"inLanguage\":\"pt-BR\"},{\"@type\":\"WebPage\",\"@id\":\"https:\/\/www.suno.com.br\/noticias\/colunas\/lucca-mendes\/conferencias-climaticas-pauta-esg-expectativacop-30\/\",\"url\":\"https:\/\/www.suno.com.br\/noticias\/colunas\/lucca-mendes\/conferencias-climaticas-pauta-esg-expectativacop-30\/\",\"name\":\"Confer\u00eancias clim\u00e1ticas, pauta ESG e a expectativa pelo protagonismo e lideran\u00e7a das organiza\u00e7\u00f5es rumo \u00e0 COP-30\",\"isPartOf\":{\"@id\":\"https:\/\/www.suno.com.br\/noticias\/#website\"},\"primaryImageOfPage\":{\"@id\":\"https:\/\/www.suno.com.br\/noticias\/colunas\/lucca-mendes\/conferencias-climaticas-pauta-esg-expectativacop-30\/#primaryimage\"},\"image\":{\"@id\":\"https:\/\/www.suno.com.br\/noticias\/colunas\/lucca-mendes\/conferencias-climaticas-pauta-esg-expectativacop-30\/#primaryimage\"},\"thumbnailUrl\":\"https:\/\/files.sunoresearch.com.br\/n\/uploads\/2022\/08\/investimentos-esg.jpg\",\"datePublished\":\"2023-12-11T11:00:00+00:00\",\"dateModified\":\"2023-12-12T17:17:29+00:00\",\"description\":\"Os principais tomadores de decis\u00f5es do planeta t\u00eam no centro da mesa a agenda ESG, incluindo os impactos das atividades econ\u00f4micas\",\"breadcrumb\":{\"@id\":\"https:\/\/www.suno.com.br\/noticias\/colunas\/lucca-mendes\/conferencias-climaticas-pauta-esg-expectativacop-30\/#breadcrumb\"},\"inLanguage\":\"pt-BR\",\"potentialAction\":[{\"@type\":\"ReadAction\",\"target\":[\"https:\/\/www.suno.com.br\/noticias\/colunas\/lucca-mendes\/conferencias-climaticas-pauta-esg-expectativacop-30\/\"]}]},{\"@type\":\"ImageObject\",\"inLanguage\":\"pt-BR\",\"@id\":\"https:\/\/www.suno.com.br\/noticias\/colunas\/lucca-mendes\/conferencias-climaticas-pauta-esg-expectativacop-30\/#primaryimage\",\"url\":\"https:\/\/files.sunoresearch.com.br\/n\/uploads\/2022\/08\/investimentos-esg.jpg\",\"contentUrl\":\"https:\/\/files.sunoresearch.com.br\/n\/uploads\/2022\/08\/investimentos-esg.jpg\",\"width\":1280,\"height\":960,\"caption\":\"Agenda ESG - Fonte: Pixabay\"},{\"@type\":\"BreadcrumbList\",\"@id\":\"https:\/\/www.suno.com.br\/noticias\/colunas\/lucca-mendes\/conferencias-climaticas-pauta-esg-expectativacop-30\/#breadcrumb\",\"itemListElement\":[{\"@type\":\"ListItem\",\"position\":1,\"name\":\"Not\u00edcias\",\"item\":\"https:\/\/www.suno.com.br\/noticias\/\"},{\"@type\":\"ListItem\",\"position\":2,\"name\":\"Colunas\",\"item\":\"https:\/\/www.suno.com.br\/noticias\/colunas\/\"},{\"@type\":\"ListItem\",\"position\":3,\"name\":\"Confer\u00eancias clim\u00e1ticas, pauta ESG e a expectativa pelo protagonismo e lideran\u00e7a das organiza\u00e7\u00f5es rumo \u00e0 COP-30\"}]},{\"@type\":\"WebSite\",\"@id\":\"https:\/\/www.suno.com.br\/noticias\/#website\",\"url\":\"https:\/\/www.suno.com.br\/noticias\/\",\"name\":\"Suno Not\u00edcias\",\"description\":\"Seu portal de informa\u00e7\u00e3o sobre o mundo dos investimentos\",\"publisher\":{\"@id\":\"https:\/\/www.suno.com.br\/noticias\/#organization\"},\"potentialAction\":[{\"@type\":\"SearchAction\",\"target\":{\"@type\":\"EntryPoint\",\"urlTemplate\":\"https:\/\/www.suno.com.br\/noticias\/?s={search_term_string}\"},\"query-input\":{\"@type\":\"PropertyValueSpecification\",\"valueRequired\":true,\"valueName\":\"search_term_string\"}}],\"inLanguage\":\"pt-BR\"},{\"@type\":\"Organization\",\"@id\":\"https:\/\/www.suno.com.br\/noticias\/#organization\",\"name\":\"Suno Not\u00edcias\",\"url\":\"https:\/\/www.suno.com.br\/noticias\/\",\"logo\":{\"@type\":\"ImageObject\",\"inLanguage\":\"pt-BR\",\"@id\":\"https:\/\/www.suno.com.br\/noticias\/#\/schema\/logo\/image\/\",\"url\":\"https:\/\/files.sunoresearch.com.br\/n\/uploads\/2021\/09\/suno-logo.png\",\"contentUrl\":\"https:\/\/files.sunoresearch.com.br\/n\/uploads\/2021\/09\/suno-logo.png\",\"width\":180,\"height\":180,\"caption\":\"Suno Not\u00edcias\"},\"image\":{\"@id\":\"https:\/\/www.suno.com.br\/noticias\/#\/schema\/logo\/image\/\"},\"sameAs\":[\"https:\/\/facebook.com\/sunoresearch\",\"https:\/\/x.com\/sunoresearch\",\"https:\/\/www.instagram.com\/suno\",\"https:\/\/www.linkedin.com\/company\/suno-research\/\",\"https:\/\/www.youtube.com\/c\/sunoresearch\"]},{\"@type\":\"Person\",\"@id\":\"https:\/\/www.suno.com.br\/noticias\/#\/schema\/person\/a4bbc840bf9a0e701184747ead8265c2\",\"name\":\"Lucca Mendes\",\"image\":{\"@type\":\"ImageObject\",\"inLanguage\":\"pt-BR\",\"@id\":\"https:\/\/www.suno.com.br\/noticias\/#\/schema\/person\/image\/\",\"url\":\"https:\/\/secure.gravatar.com\/avatar\/ad81d72ba38004e0a2746acbd8386874?s=96&r=g\",\"contentUrl\":\"https:\/\/secure.gravatar.com\/avatar\/ad81d72ba38004e0a2746acbd8386874?s=96&r=g\",\"caption\":\"Lucca Mendes\"},\"description\":\"Lucca Darwich Mendes, s\u00f3cio administrador do escrit\u00f3rio Mendes Advocacia &amp; Consultoria (Advocacia empresarial especializada). Membro da Comiss\u00e3o de Gest\u00e3o, Empreendedorismo e Inova\u00e7\u00e3o do Conselho Federal da OAB.\",\"url\":\"https:\/\/www.suno.com.br\/noticias\/author\/lucca-mendes\/\"}]}<\/script>\n<!-- \/ Yoast SEO plugin. -->","yoast_head_json":{"title":"Confer\u00eancias clim\u00e1ticas, pauta ESG e a expectativa pelo protagonismo e lideran\u00e7a das organiza\u00e7\u00f5es rumo \u00e0 COP-30","description":"Os principais tomadores de decis\u00f5es do planeta t\u00eam no centro da mesa a agenda ESG, incluindo os impactos das atividades econ\u00f4micas","robots":{"index":"index","follow":"follow","max-snippet":"max-snippet:-1","max-image-preview":"max-image-preview:large","max-video-preview":"max-video-preview:-1"},"canonical":"https:\/\/www.suno.com.br\/noticias\/colunas\/lucca-mendes\/conferencias-climaticas-pauta-esg-expectativacop-30\/","og_locale":"pt_BR","og_type":"article","og_title":"Confer\u00eancias clim\u00e1ticas, pauta ESG e a expectativa pelo protagonismo e lideran\u00e7a das organiza\u00e7\u00f5es rumo \u00e0 COP-30","og_description":"Os principais tomadores de decis\u00f5es do planeta t\u00eam no centro da mesa a agenda ESG, incluindo os impactos das atividades econ\u00f4micas","og_url":"https:\/\/www.suno.com.br\/noticias\/colunas\/lucca-mendes\/conferencias-climaticas-pauta-esg-expectativacop-30\/","og_site_name":"Suno Not\u00edcias","article_publisher":"https:\/\/facebook.com\/sunoresearch","og_image":[{"width":1280,"height":960,"url":"https:\/\/files.sunoresearch.com.br\/n\/uploads\/2022\/08\/investimentos-esg.jpg","type":"image\/jpeg"}],"twitter_card":"summary_large_image","twitter_site":"@sunoresearch","twitter_misc":{"Est. tempo de leitura":"3 minutos"},"schema":{"@context":"https:\/\/schema.org","@graph":[{"@type":"Article","@id":"https:\/\/www.suno.com.br\/noticias\/colunas\/lucca-mendes\/conferencias-climaticas-pauta-esg-expectativacop-30\/#article","isPartOf":{"@id":"https:\/\/www.suno.com.br\/noticias\/colunas\/lucca-mendes\/conferencias-climaticas-pauta-esg-expectativacop-30\/"},"author":{"name":"Lucca Mendes","@id":"https:\/\/www.suno.com.br\/noticias\/#\/schema\/person\/a4bbc840bf9a0e701184747ead8265c2"},"headline":"Confer\u00eancias clim\u00e1ticas, pauta ESG e a expectativa pelo protagonismo e lideran\u00e7a das organiza\u00e7\u00f5es rumo \u00e0 COP-30","datePublished":"2023-12-11T11:00:00+00:00","dateModified":"2023-12-12T17:17:29+00:00","mainEntityOfPage":{"@id":"https:\/\/www.suno.com.br\/noticias\/colunas\/lucca-mendes\/conferencias-climaticas-pauta-esg-expectativacop-30\/"},"wordCount":644,"publisher":{"@id":"https:\/\/www.suno.com.br\/noticias\/#organization"},"image":{"@id":"https:\/\/www.suno.com.br\/noticias\/colunas\/lucca-mendes\/conferencias-climaticas-pauta-esg-expectativacop-30\/#primaryimage"},"thumbnailUrl":"https:\/\/files.sunoresearch.com.br\/n\/uploads\/2022\/08\/investimentos-esg.jpg","keywords":["ESG"],"inLanguage":"pt-BR"},{"@type":"WebPage","@id":"https:\/\/www.suno.com.br\/noticias\/colunas\/lucca-mendes\/conferencias-climaticas-pauta-esg-expectativacop-30\/","url":"https:\/\/www.suno.com.br\/noticias\/colunas\/lucca-mendes\/conferencias-climaticas-pauta-esg-expectativacop-30\/","name":"Confer\u00eancias clim\u00e1ticas, pauta ESG e a expectativa pelo protagonismo e lideran\u00e7a das organiza\u00e7\u00f5es rumo \u00e0 COP-30","isPartOf":{"@id":"https:\/\/www.suno.com.br\/noticias\/#website"},"primaryImageOfPage":{"@id":"https:\/\/www.suno.com.br\/noticias\/colunas\/lucca-mendes\/conferencias-climaticas-pauta-esg-expectativacop-30\/#primaryimage"},"image":{"@id":"https:\/\/www.suno.com.br\/noticias\/colunas\/lucca-mendes\/conferencias-climaticas-pauta-esg-expectativacop-30\/#primaryimage"},"thumbnailUrl":"https:\/\/files.sunoresearch.com.br\/n\/uploads\/2022\/08\/investimentos-esg.jpg","datePublished":"2023-12-11T11:00:00+00:00","dateModified":"2023-12-12T17:17:29+00:00","description":"Os principais tomadores de decis\u00f5es do planeta t\u00eam no centro da mesa a agenda ESG, incluindo os impactos das atividades econ\u00f4micas","breadcrumb":{"@id":"https:\/\/www.suno.com.br\/noticias\/colunas\/lucca-mendes\/conferencias-climaticas-pauta-esg-expectativacop-30\/#breadcrumb"},"inLanguage":"pt-BR","potentialAction":[{"@type":"ReadAction","target":["https:\/\/www.suno.com.br\/noticias\/colunas\/lucca-mendes\/conferencias-climaticas-pauta-esg-expectativacop-30\/"]}]},{"@type":"ImageObject","inLanguage":"pt-BR","@id":"https:\/\/www.suno.com.br\/noticias\/colunas\/lucca-mendes\/conferencias-climaticas-pauta-esg-expectativacop-30\/#primaryimage","url":"https:\/\/files.sunoresearch.com.br\/n\/uploads\/2022\/08\/investimentos-esg.jpg","contentUrl":"https:\/\/files.sunoresearch.com.br\/n\/uploads\/2022\/08\/investimentos-esg.jpg","width":1280,"height":960,"caption":"Agenda ESG - Fonte: Pixabay"},{"@type":"BreadcrumbList","@id":"https:\/\/www.suno.com.br\/noticias\/colunas\/lucca-mendes\/conferencias-climaticas-pauta-esg-expectativacop-30\/#breadcrumb","itemListElement":[{"@type":"ListItem","position":1,"name":"Not\u00edcias","item":"https:\/\/www.suno.com.br\/noticias\/"},{"@type":"ListItem","position":2,"name":"Colunas","item":"https:\/\/www.suno.com.br\/noticias\/colunas\/"},{"@type":"ListItem","position":3,"name":"Confer\u00eancias clim\u00e1ticas, pauta ESG e a expectativa pelo protagonismo e lideran\u00e7a das organiza\u00e7\u00f5es rumo \u00e0 COP-30"}]},{"@type":"WebSite","@id":"https:\/\/www.suno.com.br\/noticias\/#website","url":"https:\/\/www.suno.com.br\/noticias\/","name":"Suno Not\u00edcias","description":"Seu portal de informa\u00e7\u00e3o sobre o mundo dos investimentos","publisher":{"@id":"https:\/\/www.suno.com.br\/noticias\/#organization"},"potentialAction":[{"@type":"SearchAction","target":{"@type":"EntryPoint","urlTemplate":"https:\/\/www.suno.com.br\/noticias\/?s={search_term_string}"},"query-input":{"@type":"PropertyValueSpecification","valueRequired":true,"valueName":"search_term_string"}}],"inLanguage":"pt-BR"},{"@type":"Organization","@id":"https:\/\/www.suno.com.br\/noticias\/#organization","name":"Suno Not\u00edcias","url":"https:\/\/www.suno.com.br\/noticias\/","logo":{"@type":"ImageObject","inLanguage":"pt-BR","@id":"https:\/\/www.suno.com.br\/noticias\/#\/schema\/logo\/image\/","url":"https:\/\/files.sunoresearch.com.br\/n\/uploads\/2021\/09\/suno-logo.png","contentUrl":"https:\/\/files.sunoresearch.com.br\/n\/uploads\/2021\/09\/suno-logo.png","width":180,"height":180,"caption":"Suno Not\u00edcias"},"image":{"@id":"https:\/\/www.suno.com.br\/noticias\/#\/schema\/logo\/image\/"},"sameAs":["https:\/\/facebook.com\/sunoresearch","https:\/\/x.com\/sunoresearch","https:\/\/www.instagram.com\/suno","https:\/\/www.linkedin.com\/company\/suno-research\/","https:\/\/www.youtube.com\/c\/sunoresearch"]},{"@type":"Person","@id":"https:\/\/www.suno.com.br\/noticias\/#\/schema\/person\/a4bbc840bf9a0e701184747ead8265c2","name":"Lucca Mendes","image":{"@type":"ImageObject","inLanguage":"pt-BR","@id":"https:\/\/www.suno.com.br\/noticias\/#\/schema\/person\/image\/","url":"https:\/\/secure.gravatar.com\/avatar\/ad81d72ba38004e0a2746acbd8386874?s=96&r=g","contentUrl":"https:\/\/secure.gravatar.com\/avatar\/ad81d72ba38004e0a2746acbd8386874?s=96&r=g","caption":"Lucca Mendes"},"description":"Lucca Darwich Mendes, s\u00f3cio administrador do escrit\u00f3rio Mendes Advocacia &amp; Consultoria (Advocacia empresarial especializada). Membro da Comiss\u00e3o de Gest\u00e3o, Empreendedorismo e Inova\u00e7\u00e3o do Conselho Federal da OAB.","url":"https:\/\/www.suno.com.br\/noticias\/author\/lucca-mendes\/"}]}},"amp_enabled":true,"_links":{"self":[{"href":"https:\/\/www.suno.com.br\/noticias\/wp-json\/wp\/v2\/suno_column\/497700"}],"collection":[{"href":"https:\/\/www.suno.com.br\/noticias\/wp-json\/wp\/v2\/suno_column"}],"about":[{"href":"https:\/\/www.suno.com.br\/noticias\/wp-json\/wp\/v2\/types\/suno_column"}],"author":[{"embeddable":true,"href":"https:\/\/www.suno.com.br\/noticias\/wp-json\/wp\/v2\/users\/264"}],"wp:featuredmedia":[{"embeddable":true,"href":"https:\/\/www.suno.com.br\/noticias\/wp-json\/wp\/v2\/media\/280343"}],"wp:attachment":[{"href":"https:\/\/www.suno.com.br\/noticias\/wp-json\/wp\/v2\/media?parent=497700"}],"wp:term":[{"taxonomy":"post_tag","embeddable":true,"href":"https:\/\/www.suno.com.br\/noticias\/wp-json\/wp\/v2\/tags?post=497700"}],"curies":[{"name":"wp","href":"https:\/\/api.w.org\/{rel}","templated":true}]}}