{"id":488737,"date":"2023-11-22T08:00:00","date_gmt":"2023-11-22T11:00:00","guid":{"rendered":"https:\/\/www.suno.com.br\/noticias\/colunas\/marco-lopes\/\/"},"modified":"2023-11-22T00:32:33","modified_gmt":"2023-11-22T03:32:33","slug":"esg-transformacoes-relacoes-comprador-fornecedor","status":"publish","type":"suno_column","link":"https:\/\/www.suno.com.br\/noticias\/colunas\/carolina-cabral\/esg-transformacoes-relacoes-comprador-fornecedor\/","title":{"rendered":"As transforma\u00e7\u00f5es recentes nas rela\u00e7\u00f5es de comprador-fornecedor"},"content":{"rendered":"<p>A mentalidade das empresas na rela\u00e7\u00e3o <strong>comprador-fornecedor<\/strong> vem passando por mudan\u00e7as significativas nos \u00faltimos anos, sobretudo por causa das considera\u00e7\u00f5es \u00e0s pr\u00e1ticas ESG e tamb\u00e9m por uma s\u00e9rie de outras tend\u00eancias.<\/p>\t<div class=\"wrapper-featured-image\">\n\t\t<figure class=\"spotlightImg\">\n\n\t\t\t<picture>\n\t\t\t\t<source media=\"(max-width: 768px)\" srcset=\"https:\/\/files.sunoresearch.com.br\/n\/uploads\/2021\/04\/1a7bddd4-student-849825_1280-400x200.webp\">\n\t\t\t\t<img loading=\"lazy\" decoding=\"async\" class=\"newsContent__article__imgCapa lazyloadDisabled \" src=\"https:\/\/files.sunoresearch.com.br\/n\/uploads\/2021\/04\/1a7bddd4-student-849825_1280-800x450.webp\" width=\"800\" height=\"450\" alt=\"As transforma\u00e7\u00f5es recentes nas rela\u00e7\u00f5es de comprador-fornecedor\" fetchpriority=high \/>\n\t\t\t<\/picture>\n\n\t\t\t<figcaption class=\"wp-caption-text wp-caption-text--show\">ESG. Foto: Pixabay<\/figcaption>\n\t\t<\/figure>\n\t<\/div>\n\n\n\n\n\n\t<p>\n\t\t<a href=\"\" target=\"_blank\" data-element=\"shortcode-suno-banner\" title=\"Banner SUNO, clique e saiba mais\">\n\t\t\t<picture>\n\t\t\t\t<source media=\"(max-width: 500px)\" srcset=\"\">\n\t\t\t\t<img class=\"newsContent__article__imgCapa newsContent__article__imgCapa--banner\"\n\t\t\t\t\tsrc=\"\"\n\t\t\t\t\tdata-promo-id=\"240038\"\t\t\t\t\t\t\t\t\t\t\t\t\t\t\talt=\"\"\n\t\t\t\t>\n\t\t\t<\/picture>\n\t\t<\/a>\n\t<\/p>\n\n\n\n\n\n\n\n<p>Tais mudan\u00e7as refletem um reconhecimento crescente sobre a <strong>import\u00e2ncia da sustentabilidade<\/strong>, da \u00e9tica e da responsabilidade compartilhada na cadeia de suprimentos, que ajudaram n\u00e3o apenas a promover pr\u00e1ticas comerciais mais equilibradas , mas tamb\u00e9m a fortalecer a resili\u00eancia das empresas diante de desafios globais &#8211; entre eles, as crises de sa\u00fade e as mudan\u00e7as clim\u00e1ticas.<\/p>\n\n\n\n<p>A primeira transforma\u00e7\u00e3o que pode ser observada \u00e9 que, em vez de uma abordagem transacional, as empresas est\u00e3o buscando<strong> parcerias estrat\u00e9gicas<\/strong> mais profundas com seus fornecedores. Elas buscam desenvolver relacionamentos de longo prazo, compartilhar metas e desafios e trabalhar juntas para alcan\u00e7ar seus objetivos.<\/p>\n\n\n\n<p>Uma pesquisa da Fiesp denominada <strong>Rumos ESG<\/strong> na Ind\u00fastria Paulista mostrou que mais da metade das empresas participantes afirmaram ter ampliado a avalia\u00e7\u00e3o de crit\u00e9rios ambientais, sociais e de governan\u00e7a para sele\u00e7\u00e3o ou contrata\u00e7\u00e3o de fornecedores. De acordo com o levantamento, a ado\u00e7\u00e3o de crit\u00e9rios ambientais, sociais e de governan\u00e7a corporativa na pr\u00e1tica do neg\u00f3cio \u00e9 avaliada por 60% das grandes empresas de S\u00e3o Paulo para selecionar ou contratar parceiros.<\/p>\n\n\n\n<p>A pesquisa foi realizada com 192 organiza\u00e7\u00f5es de portes pequeno, m\u00e9dio e grande. Entre as grandes, 75% afirmaram que suas metas estrat\u00e9gicas j\u00e1 abarcam integralmente os indicadores ESG.<\/p>\n\n\n\n<p>Ou seja: \u00e9 ineg\u00e1vel que as empresas est\u00e3o procurando se relacionar com outras que possam compartilhar responsabilidades. N\u00e3o se trata somente de avaliar qualidade e custos, mas tamb\u00e9m os<strong> aspectos ESG<\/strong>; dentro desta linha de pensamento, ambas as partes t\u00eam um papel na promo\u00e7\u00e3o de pr\u00e1ticas mais sustent\u00e1veis e \u00e9ticas ao longo da cadeia de suprimentos.<\/p>\n\n\n\t<p>\n\t\t<a href=\"https:\/\/lp.suno.com.br\/ebook-gratuito-investindo-no-exterior\/\" target=\"_blank\" data-element=\"shortcode-suno-banner\" title=\"Banner SUNO, clique e saiba mais\">\n\t\t\t<picture>\n\t\t\t\t<source media=\"(max-width: 500px)\" srcset=\"https:\/\/files.sunoresearch.com.br\/n\/uploads\/2023\/03\/400x300-Investindo-no-exterior.png\">\n\t\t\t\t<img class=\"newsContent__article__imgCapa newsContent__article__imgCapa--banner\"\n\t\t\t\t\tsrc=\"https:\/\/files.sunoresearch.com.br\/n\/uploads\/2023\/03\/1420x240-Investindo-no-exterior.png\"\n\t\t\t\t\tdata-promo-id=\"383161\"\t\t\t\t\t\t\t\t\t\twidth='1420' height='240'\t\t\t\t\talt=\"https:\/\/files.sunoresearch.com.br\/n\/uploads\/2023\/03\/1420x240-Investindo-no-exterior.png\"\n\t\t\t\t>\n\t\t\t<\/picture>\n\t\t<\/a>\n\t<\/p>\n\n\n\n\n\n<p>Essa transforma\u00e7\u00e3o reflete uma mudan\u00e7a na maneira como as empresas abordam suas opera\u00e7\u00f5es, estrat\u00e9gias e relacionamentos comerciais. S\u00e3o evolu\u00e7\u00f5es nas rela\u00e7\u00f5es de neg\u00f3cios que est\u00e3o sendo impulsionadas pela crescente conscientiza\u00e7\u00e3o sobre a import\u00e2ncia da sustentabilidade e da responsabilidade corporativa, bem como pelas demandas dos consumidores e pela press\u00e3o regulat\u00f3ria. As empresas que se adaptam a essas mudan\u00e7as est\u00e3o em uma melhor posi\u00e7\u00e3o para enfrentar os desafios e aproveitar as oportunidades no ambiente de neg\u00f3cios atual.<\/p>\n\n\n\n<p>Neste cen\u00e1rio, alguns aspectos merecem destaque. Entre eles, a gest\u00e3o de riscos, o desenvolvimento de estrat\u00e9gias de mitiga\u00e7\u00e3o e tamb\u00e9m os planos de conting\u00eancia. As empresas j\u00e1 compreendem a relev\u00e2ncia de fazer gest\u00e3o de impactos socioecon\u00f4micos, performance e qualidade, governan\u00e7a de fornecedores, avalia\u00e7\u00e3o e <strong>maturidade ESG<\/strong>, riscos financeiros, legais (jur\u00eddicos), trabalhistas, tribut\u00e1rios, reputa\u00e7\u00e3o p\u00fablica e exposi\u00e7\u00e3o pol\u00edtica. E o reflexo desses t\u00f3picos, dentro desta nova mentalidade, s\u00e3o compras sustent\u00e1veis.<\/p>\n\n\n\n<p>Como pano de fundo, a tecnologia de ponta, com baixo custo, de simples implanta\u00e7\u00e3o e de f\u00e1cil utiliza\u00e7\u00e3o, vem gerando um grande valor para as opera\u00e7\u00f5es como um todo, mostrando-se essencial para garantir negocia\u00e7\u00f5es mais estrat\u00e9gicas e decis\u00f5es mais assertivas e embasadas. Empresas que n\u00e3o utilizam esse tipo de tecnologia est\u00e3o correndo s\u00e9rios riscos em suas opera\u00e7\u00f5es.<\/p>\n\n\n\n<p>Ao buscar uma jornada \u00fanica para colaboradores e parceiros de neg\u00f3cios, por meio de plataformas que cumpram todos os crit\u00e9rios de seguran\u00e7a cibern\u00e9tica e disponibilizem benef\u00edcios tanto para os compradores quanto para os fornecedores, as empresas garantem evolu\u00e7\u00f5es sist\u00eamicas dentro das pr\u00e1ticas ESG para avalia\u00e7\u00e3o de performance, avalia\u00e7\u00e3o de riscos, negocia\u00e7\u00f5es, compliance, visibilidade de entrega dos pedidos, KPIs e indicadores da opera\u00e7\u00e3o como um todo.<\/p>\n\n\n\n<p>E t\u00eam ainda a garantia de governan\u00e7a e de seguirem suas pol\u00edticas internas, al\u00e9m de aumentar produtividade, reduzir riscos junto aos fornecedores e potencial redu\u00e7\u00e3o de custos de compras.<\/p>\n\n\n\n<p>O futuro \u00e9 agora, e uma nova mentalidade \u00e9 realidade agora tamb\u00e9m. A utiliza\u00e7\u00e3o de uma plataforma garante igualdade para todos, al\u00e9m de <strong>compliance<\/strong> e melhor forma de gerir o dia a dia.<\/p>\n\n\n\t<p>\n\t\t<a href=\"https:\/\/lp.suno.com.br\/planilha-da-vida-financeira\/\" target=\"_blank\" data-element=\"shortcode-suno-banner\" title=\"Banner SUNO, clique e saiba mais\">\n\t\t\t<picture>\n\t\t\t\t<source media=\"(max-width: 500px)\" srcset=\"https:\/\/files.sunoresearch.com.br\/n\/uploads\/2023\/04\/400x300-Planilha-vida-financeira-true.png\">\n\t\t\t\t<img class=\"newsContent__article__imgCapa newsContent__article__imgCapa--banner\"\n\t\t\t\t\tsrc=\"https:\/\/files.sunoresearch.com.br\/n\/uploads\/2023\/04\/1420x240-Planilha-vida-financeira-true.png\"\n\t\t\t\t\tdata-promo-id=\"383123\"\t\t\t\t\t\t\t\t\t\twidth='1420' height='240'\t\t\t\t\talt=\"https:\/\/files.sunoresearch.com.br\/n\/uploads\/2023\/04\/1420x240-Planilha-vida-financeira-true.png\"\n\t\t\t\t>\n\t\t\t<\/picture>\n\t\t<\/a>\n\t<\/p>\n\n\n","protected":false},"excerpt":{"rendered":"<p>A mentalidade das empresas na rela\u00e7\u00e3o comprador-fornecedor vem passando por mudan\u00e7as significativas nos \u00faltimos anos, sobretudo por causa das considera\u00e7\u00f5es \u00e0s pr\u00e1ticas&#8230;<\/p>\n","protected":false},"author":242,"featured_media":142648,"template":"","tags":[75364],"class_list":["post-488737","suno_column","type-suno_column","status-publish","has-post-thumbnail","hentry","tag-esg"],"yoast_head":"<!-- This site is optimized with the Yoast SEO plugin v24.4 - https:\/\/yoast.com\/wordpress\/plugins\/seo\/ -->\n<title>As transforma\u00e7\u00f5es recentes nas rela\u00e7\u00f5es de comprador-fornecedor<\/title>\n<meta name=\"description\" content=\"A mentalidade das empresas na rela\u00e7\u00e3o comprador-fornecedor vem passando por mudan\u00e7as significativas, sobretudo com as pr\u00e1ticas ESG\" \/>\n<meta name=\"robots\" content=\"index, follow, max-snippet:-1, max-image-preview:large, max-video-preview:-1\" \/>\n<link rel=\"canonical\" href=\"https:\/\/www.suno.com.br\/noticias\/colunas\/carolina-cabral\/esg-transformacoes-relacoes-comprador-fornecedor\/\" \/>\n<meta property=\"og:locale\" content=\"pt_BR\" \/>\n<meta property=\"og:type\" content=\"article\" \/>\n<meta property=\"og:title\" content=\"As transforma\u00e7\u00f5es recentes nas rela\u00e7\u00f5es de comprador-fornecedor\" \/>\n<meta property=\"og:description\" content=\"A mentalidade das empresas na rela\u00e7\u00e3o comprador-fornecedor vem passando por mudan\u00e7as significativas, sobretudo com as pr\u00e1ticas ESG\" \/>\n<meta property=\"og:url\" content=\"https:\/\/www.suno.com.br\/noticias\/colunas\/carolina-cabral\/esg-transformacoes-relacoes-comprador-fornecedor\/\" \/>\n<meta property=\"og:site_name\" content=\"Suno Not\u00edcias\" \/>\n<meta property=\"article:publisher\" content=\"https:\/\/facebook.com\/sunoresearch\" \/>\n<meta property=\"og:image\" content=\"http:\/\/files.sunoresearch.com.br\/n\/uploads\/2021\/04\/1a7bddd4-student-849825_1280.jpg\" \/>\n\t<meta property=\"og:image:width\" content=\"1280\" \/>\n\t<meta property=\"og:image:height\" content=\"853\" \/>\n\t<meta property=\"og:image:type\" content=\"image\/jpeg\" \/>\n<meta name=\"twitter:card\" content=\"summary_large_image\" \/>\n<meta name=\"twitter:site\" content=\"@sunoresearch\" \/>\n<meta name=\"twitter:label1\" content=\"Est. tempo de leitura\" \/>\n\t<meta name=\"twitter:data1\" content=\"4 minutos\" \/>\n<script type=\"application\/ld+json\" class=\"yoast-schema-graph\">{\"@context\":\"https:\/\/schema.org\",\"@graph\":[{\"@type\":\"Article\",\"@id\":\"https:\/\/www.suno.com.br\/noticias\/colunas\/carolina-cabral\/esg-transformacoes-relacoes-comprador-fornecedor\/#article\",\"isPartOf\":{\"@id\":\"https:\/\/www.suno.com.br\/noticias\/colunas\/carolina-cabral\/esg-transformacoes-relacoes-comprador-fornecedor\/\"},\"author\":{\"name\":\"Carolina Cabral\",\"@id\":\"https:\/\/www.suno.com.br\/noticias\/#\/schema\/person\/6c0830dbeb7a0a2190d3fc459290e6bd\"},\"headline\":\"As transforma\u00e7\u00f5es recentes nas rela\u00e7\u00f5es de comprador-fornecedor\",\"datePublished\":\"2023-11-22T11:00:00+00:00\",\"mainEntityOfPage\":{\"@id\":\"https:\/\/www.suno.com.br\/noticias\/colunas\/carolina-cabral\/esg-transformacoes-relacoes-comprador-fornecedor\/\"},\"wordCount\":732,\"publisher\":{\"@id\":\"https:\/\/www.suno.com.br\/noticias\/#organization\"},\"image\":{\"@id\":\"https:\/\/www.suno.com.br\/noticias\/colunas\/carolina-cabral\/esg-transformacoes-relacoes-comprador-fornecedor\/#primaryimage\"},\"thumbnailUrl\":\"https:\/\/files.sunoresearch.com.br\/n\/uploads\/2021\/04\/1a7bddd4-student-849825_1280-jpg.webp\",\"keywords\":[\"ESG\"],\"inLanguage\":\"pt-BR\"},{\"@type\":\"WebPage\",\"@id\":\"https:\/\/www.suno.com.br\/noticias\/colunas\/carolina-cabral\/esg-transformacoes-relacoes-comprador-fornecedor\/\",\"url\":\"https:\/\/www.suno.com.br\/noticias\/colunas\/carolina-cabral\/esg-transformacoes-relacoes-comprador-fornecedor\/\",\"name\":\"As transforma\u00e7\u00f5es recentes nas rela\u00e7\u00f5es de comprador-fornecedor\",\"isPartOf\":{\"@id\":\"https:\/\/www.suno.com.br\/noticias\/#website\"},\"primaryImageOfPage\":{\"@id\":\"https:\/\/www.suno.com.br\/noticias\/colunas\/carolina-cabral\/esg-transformacoes-relacoes-comprador-fornecedor\/#primaryimage\"},\"image\":{\"@id\":\"https:\/\/www.suno.com.br\/noticias\/colunas\/carolina-cabral\/esg-transformacoes-relacoes-comprador-fornecedor\/#primaryimage\"},\"thumbnailUrl\":\"https:\/\/files.sunoresearch.com.br\/n\/uploads\/2021\/04\/1a7bddd4-student-849825_1280-jpg.webp\",\"datePublished\":\"2023-11-22T11:00:00+00:00\",\"description\":\"A mentalidade das empresas na rela\u00e7\u00e3o comprador-fornecedor vem passando por mudan\u00e7as significativas, sobretudo com as pr\u00e1ticas ESG\",\"breadcrumb\":{\"@id\":\"https:\/\/www.suno.com.br\/noticias\/colunas\/carolina-cabral\/esg-transformacoes-relacoes-comprador-fornecedor\/#breadcrumb\"},\"inLanguage\":\"pt-BR\",\"potentialAction\":[{\"@type\":\"ReadAction\",\"target\":[\"https:\/\/www.suno.com.br\/noticias\/colunas\/carolina-cabral\/esg-transformacoes-relacoes-comprador-fornecedor\/\"]}]},{\"@type\":\"ImageObject\",\"inLanguage\":\"pt-BR\",\"@id\":\"https:\/\/www.suno.com.br\/noticias\/colunas\/carolina-cabral\/esg-transformacoes-relacoes-comprador-fornecedor\/#primaryimage\",\"url\":\"https:\/\/files.sunoresearch.com.br\/n\/uploads\/2021\/04\/1a7bddd4-student-849825_1280-jpg.webp\",\"contentUrl\":\"https:\/\/files.sunoresearch.com.br\/n\/uploads\/2021\/04\/1a7bddd4-student-849825_1280-jpg.webp\",\"width\":1280,\"height\":853,\"caption\":\"ESG. Foto: Pixabay\"},{\"@type\":\"BreadcrumbList\",\"@id\":\"https:\/\/www.suno.com.br\/noticias\/colunas\/carolina-cabral\/esg-transformacoes-relacoes-comprador-fornecedor\/#breadcrumb\",\"itemListElement\":[{\"@type\":\"ListItem\",\"position\":1,\"name\":\"Not\u00edcias\",\"item\":\"https:\/\/www.suno.com.br\/noticias\/\"},{\"@type\":\"ListItem\",\"position\":2,\"name\":\"Colunas\",\"item\":\"https:\/\/www.suno.com.br\/noticias\/colunas\/\"},{\"@type\":\"ListItem\",\"position\":3,\"name\":\"As transforma\u00e7\u00f5es recentes nas rela\u00e7\u00f5es de comprador-fornecedor\"}]},{\"@type\":\"WebSite\",\"@id\":\"https:\/\/www.suno.com.br\/noticias\/#website\",\"url\":\"https:\/\/www.suno.com.br\/noticias\/\",\"name\":\"Suno Not\u00edcias\",\"description\":\"Seu portal de informa\u00e7\u00e3o sobre o mundo dos investimentos\",\"publisher\":{\"@id\":\"https:\/\/www.suno.com.br\/noticias\/#organization\"},\"potentialAction\":[{\"@type\":\"SearchAction\",\"target\":{\"@type\":\"EntryPoint\",\"urlTemplate\":\"https:\/\/www.suno.com.br\/noticias\/?s={search_term_string}\"},\"query-input\":{\"@type\":\"PropertyValueSpecification\",\"valueRequired\":true,\"valueName\":\"search_term_string\"}}],\"inLanguage\":\"pt-BR\"},{\"@type\":\"Organization\",\"@id\":\"https:\/\/www.suno.com.br\/noticias\/#organization\",\"name\":\"Suno Not\u00edcias\",\"url\":\"https:\/\/www.suno.com.br\/noticias\/\",\"logo\":{\"@type\":\"ImageObject\",\"inLanguage\":\"pt-BR\",\"@id\":\"https:\/\/www.suno.com.br\/noticias\/#\/schema\/logo\/image\/\",\"url\":\"https:\/\/files.sunoresearch.com.br\/n\/uploads\/2021\/09\/suno-logo.png\",\"contentUrl\":\"https:\/\/files.sunoresearch.com.br\/n\/uploads\/2021\/09\/suno-logo.png\",\"width\":180,\"height\":180,\"caption\":\"Suno Not\u00edcias\"},\"image\":{\"@id\":\"https:\/\/www.suno.com.br\/noticias\/#\/schema\/logo\/image\/\"},\"sameAs\":[\"https:\/\/facebook.com\/sunoresearch\",\"https:\/\/x.com\/sunoresearch\",\"https:\/\/www.instagram.com\/suno\",\"https:\/\/www.linkedin.com\/company\/suno-research\/\",\"https:\/\/www.youtube.com\/c\/sunoresearch\"]},{\"@type\":\"Person\",\"@id\":\"https:\/\/www.suno.com.br\/noticias\/#\/schema\/person\/6c0830dbeb7a0a2190d3fc459290e6bd\",\"name\":\"Carolina Cabral\",\"image\":{\"@type\":\"ImageObject\",\"inLanguage\":\"pt-BR\",\"@id\":\"https:\/\/www.suno.com.br\/noticias\/#\/schema\/person\/image\/\",\"url\":\"https:\/\/secure.gravatar.com\/avatar\/dbec7100998f8a32e834ab3a98b2d608?s=96&r=g\",\"contentUrl\":\"https:\/\/secure.gravatar.com\/avatar\/dbec7100998f8a32e834ab3a98b2d608?s=96&r=g\",\"caption\":\"Carolina Cabral\"},\"description\":\"Carolina Cabral \u00e9 m\u00e3e do Gustavo e esposa da Patricia. Nascida em Joinville (SC), formada em Administra\u00e7\u00e3o. Ingressou na Nimbi em 2006 como estagi\u00e1ria no escrit\u00f3rio localizado na Cidade de Joinville (SC), a CEO tinha apenas 19 anos. Ela passou por grandes projetos nas Cidades de Curitiba (PR), Londrina (PR), Rio de Janeiro (RJ) e S\u00e3o Paulo (SP) em \u00e1reas como BPO, Central de Compras, Leil\u00e3o, Consultoria de Compras, Log\u00edstica, Implanta\u00e7\u00e3o, Relacionamento com o Cliente, Comercial e Marketing. Ap\u00f3s 15 anos chegou a posi\u00e7\u00e3o de CEO da companhia repleta de desafios. A Nimbi \u00e9 uma empresa de Tecnologia, que tem como objetivo impulsionar a economia por meio da democratiza\u00e7\u00e3o do acesso a solu\u00e7\u00f5es tecnol\u00f3gicas para Procurement, trazendo mais efici\u00eancia e competitividade para empresas de todos os tamanhos. Atualmente, a empresa conta com 100 colaboradores e o clima de oportunidade e diversidade \u00e9 um dos diferenciais da companhia para manter o seu crescimento\",\"sameAs\":[\"https:\/\/nimbi.com.br\/\",\"https:\/\/www.linkedin.com\/in\/carolina-cabral-b7603938\/\"],\"url\":\"https:\/\/www.suno.com.br\/noticias\/author\/carolina-cabral\/\"}]}<\/script>\n<!-- \/ Yoast SEO plugin. -->","yoast_head_json":{"title":"As transforma\u00e7\u00f5es recentes nas rela\u00e7\u00f5es de comprador-fornecedor","description":"A mentalidade das empresas na rela\u00e7\u00e3o comprador-fornecedor vem passando por mudan\u00e7as significativas, sobretudo com as pr\u00e1ticas ESG","robots":{"index":"index","follow":"follow","max-snippet":"max-snippet:-1","max-image-preview":"max-image-preview:large","max-video-preview":"max-video-preview:-1"},"canonical":"https:\/\/www.suno.com.br\/noticias\/colunas\/carolina-cabral\/esg-transformacoes-relacoes-comprador-fornecedor\/","og_locale":"pt_BR","og_type":"article","og_title":"As transforma\u00e7\u00f5es recentes nas rela\u00e7\u00f5es de comprador-fornecedor","og_description":"A mentalidade das empresas na rela\u00e7\u00e3o comprador-fornecedor vem passando por mudan\u00e7as significativas, sobretudo com as pr\u00e1ticas ESG","og_url":"https:\/\/www.suno.com.br\/noticias\/colunas\/carolina-cabral\/esg-transformacoes-relacoes-comprador-fornecedor\/","og_site_name":"Suno Not\u00edcias","article_publisher":"https:\/\/facebook.com\/sunoresearch","og_image":[{"width":1280,"height":853,"url":"http:\/\/files.sunoresearch.com.br\/n\/uploads\/2021\/04\/1a7bddd4-student-849825_1280.jpg","type":"image\/jpeg"}],"twitter_card":"summary_large_image","twitter_site":"@sunoresearch","twitter_misc":{"Est. tempo de leitura":"4 minutos"},"schema":{"@context":"https:\/\/schema.org","@graph":[{"@type":"Article","@id":"https:\/\/www.suno.com.br\/noticias\/colunas\/carolina-cabral\/esg-transformacoes-relacoes-comprador-fornecedor\/#article","isPartOf":{"@id":"https:\/\/www.suno.com.br\/noticias\/colunas\/carolina-cabral\/esg-transformacoes-relacoes-comprador-fornecedor\/"},"author":{"name":"Carolina Cabral","@id":"https:\/\/www.suno.com.br\/noticias\/#\/schema\/person\/6c0830dbeb7a0a2190d3fc459290e6bd"},"headline":"As transforma\u00e7\u00f5es recentes nas rela\u00e7\u00f5es de comprador-fornecedor","datePublished":"2023-11-22T11:00:00+00:00","mainEntityOfPage":{"@id":"https:\/\/www.suno.com.br\/noticias\/colunas\/carolina-cabral\/esg-transformacoes-relacoes-comprador-fornecedor\/"},"wordCount":732,"publisher":{"@id":"https:\/\/www.suno.com.br\/noticias\/#organization"},"image":{"@id":"https:\/\/www.suno.com.br\/noticias\/colunas\/carolina-cabral\/esg-transformacoes-relacoes-comprador-fornecedor\/#primaryimage"},"thumbnailUrl":"https:\/\/files.sunoresearch.com.br\/n\/uploads\/2021\/04\/1a7bddd4-student-849825_1280-jpg.webp","keywords":["ESG"],"inLanguage":"pt-BR"},{"@type":"WebPage","@id":"https:\/\/www.suno.com.br\/noticias\/colunas\/carolina-cabral\/esg-transformacoes-relacoes-comprador-fornecedor\/","url":"https:\/\/www.suno.com.br\/noticias\/colunas\/carolina-cabral\/esg-transformacoes-relacoes-comprador-fornecedor\/","name":"As transforma\u00e7\u00f5es recentes nas rela\u00e7\u00f5es de comprador-fornecedor","isPartOf":{"@id":"https:\/\/www.suno.com.br\/noticias\/#website"},"primaryImageOfPage":{"@id":"https:\/\/www.suno.com.br\/noticias\/colunas\/carolina-cabral\/esg-transformacoes-relacoes-comprador-fornecedor\/#primaryimage"},"image":{"@id":"https:\/\/www.suno.com.br\/noticias\/colunas\/carolina-cabral\/esg-transformacoes-relacoes-comprador-fornecedor\/#primaryimage"},"thumbnailUrl":"https:\/\/files.sunoresearch.com.br\/n\/uploads\/2021\/04\/1a7bddd4-student-849825_1280-jpg.webp","datePublished":"2023-11-22T11:00:00+00:00","description":"A mentalidade das empresas na rela\u00e7\u00e3o comprador-fornecedor vem passando por mudan\u00e7as significativas, sobretudo com as pr\u00e1ticas ESG","breadcrumb":{"@id":"https:\/\/www.suno.com.br\/noticias\/colunas\/carolina-cabral\/esg-transformacoes-relacoes-comprador-fornecedor\/#breadcrumb"},"inLanguage":"pt-BR","potentialAction":[{"@type":"ReadAction","target":["https:\/\/www.suno.com.br\/noticias\/colunas\/carolina-cabral\/esg-transformacoes-relacoes-comprador-fornecedor\/"]}]},{"@type":"ImageObject","inLanguage":"pt-BR","@id":"https:\/\/www.suno.com.br\/noticias\/colunas\/carolina-cabral\/esg-transformacoes-relacoes-comprador-fornecedor\/#primaryimage","url":"https:\/\/files.sunoresearch.com.br\/n\/uploads\/2021\/04\/1a7bddd4-student-849825_1280-jpg.webp","contentUrl":"https:\/\/files.sunoresearch.com.br\/n\/uploads\/2021\/04\/1a7bddd4-student-849825_1280-jpg.webp","width":1280,"height":853,"caption":"ESG. Foto: Pixabay"},{"@type":"BreadcrumbList","@id":"https:\/\/www.suno.com.br\/noticias\/colunas\/carolina-cabral\/esg-transformacoes-relacoes-comprador-fornecedor\/#breadcrumb","itemListElement":[{"@type":"ListItem","position":1,"name":"Not\u00edcias","item":"https:\/\/www.suno.com.br\/noticias\/"},{"@type":"ListItem","position":2,"name":"Colunas","item":"https:\/\/www.suno.com.br\/noticias\/colunas\/"},{"@type":"ListItem","position":3,"name":"As transforma\u00e7\u00f5es recentes nas rela\u00e7\u00f5es de comprador-fornecedor"}]},{"@type":"WebSite","@id":"https:\/\/www.suno.com.br\/noticias\/#website","url":"https:\/\/www.suno.com.br\/noticias\/","name":"Suno Not\u00edcias","description":"Seu portal de informa\u00e7\u00e3o sobre o mundo dos investimentos","publisher":{"@id":"https:\/\/www.suno.com.br\/noticias\/#organization"},"potentialAction":[{"@type":"SearchAction","target":{"@type":"EntryPoint","urlTemplate":"https:\/\/www.suno.com.br\/noticias\/?s={search_term_string}"},"query-input":{"@type":"PropertyValueSpecification","valueRequired":true,"valueName":"search_term_string"}}],"inLanguage":"pt-BR"},{"@type":"Organization","@id":"https:\/\/www.suno.com.br\/noticias\/#organization","name":"Suno Not\u00edcias","url":"https:\/\/www.suno.com.br\/noticias\/","logo":{"@type":"ImageObject","inLanguage":"pt-BR","@id":"https:\/\/www.suno.com.br\/noticias\/#\/schema\/logo\/image\/","url":"https:\/\/files.sunoresearch.com.br\/n\/uploads\/2021\/09\/suno-logo.png","contentUrl":"https:\/\/files.sunoresearch.com.br\/n\/uploads\/2021\/09\/suno-logo.png","width":180,"height":180,"caption":"Suno Not\u00edcias"},"image":{"@id":"https:\/\/www.suno.com.br\/noticias\/#\/schema\/logo\/image\/"},"sameAs":["https:\/\/facebook.com\/sunoresearch","https:\/\/x.com\/sunoresearch","https:\/\/www.instagram.com\/suno","https:\/\/www.linkedin.com\/company\/suno-research\/","https:\/\/www.youtube.com\/c\/sunoresearch"]},{"@type":"Person","@id":"https:\/\/www.suno.com.br\/noticias\/#\/schema\/person\/6c0830dbeb7a0a2190d3fc459290e6bd","name":"Carolina Cabral","image":{"@type":"ImageObject","inLanguage":"pt-BR","@id":"https:\/\/www.suno.com.br\/noticias\/#\/schema\/person\/image\/","url":"https:\/\/secure.gravatar.com\/avatar\/dbec7100998f8a32e834ab3a98b2d608?s=96&r=g","contentUrl":"https:\/\/secure.gravatar.com\/avatar\/dbec7100998f8a32e834ab3a98b2d608?s=96&r=g","caption":"Carolina Cabral"},"description":"Carolina Cabral \u00e9 m\u00e3e do Gustavo e esposa da Patricia. Nascida em Joinville (SC), formada em Administra\u00e7\u00e3o. Ingressou na Nimbi em 2006 como estagi\u00e1ria no escrit\u00f3rio localizado na Cidade de Joinville (SC), a CEO tinha apenas 19 anos. Ela passou por grandes projetos nas Cidades de Curitiba (PR), Londrina (PR), Rio de Janeiro (RJ) e S\u00e3o Paulo (SP) em \u00e1reas como BPO, Central de Compras, Leil\u00e3o, Consultoria de Compras, Log\u00edstica, Implanta\u00e7\u00e3o, Relacionamento com o Cliente, Comercial e Marketing. Ap\u00f3s 15 anos chegou a posi\u00e7\u00e3o de CEO da companhia repleta de desafios. A Nimbi \u00e9 uma empresa de Tecnologia, que tem como objetivo impulsionar a economia por meio da democratiza\u00e7\u00e3o do acesso a solu\u00e7\u00f5es tecnol\u00f3gicas para Procurement, trazendo mais efici\u00eancia e competitividade para empresas de todos os tamanhos. Atualmente, a empresa conta com 100 colaboradores e o clima de oportunidade e diversidade \u00e9 um dos diferenciais da companhia para manter o seu crescimento","sameAs":["https:\/\/nimbi.com.br\/","https:\/\/www.linkedin.com\/in\/carolina-cabral-b7603938\/"],"url":"https:\/\/www.suno.com.br\/noticias\/author\/carolina-cabral\/"}]}},"amp_enabled":true,"_links":{"self":[{"href":"https:\/\/www.suno.com.br\/noticias\/wp-json\/wp\/v2\/suno_column\/488737"}],"collection":[{"href":"https:\/\/www.suno.com.br\/noticias\/wp-json\/wp\/v2\/suno_column"}],"about":[{"href":"https:\/\/www.suno.com.br\/noticias\/wp-json\/wp\/v2\/types\/suno_column"}],"author":[{"embeddable":true,"href":"https:\/\/www.suno.com.br\/noticias\/wp-json\/wp\/v2\/users\/242"}],"wp:featuredmedia":[{"embeddable":true,"href":"https:\/\/www.suno.com.br\/noticias\/wp-json\/wp\/v2\/media\/142648"}],"wp:attachment":[{"href":"https:\/\/www.suno.com.br\/noticias\/wp-json\/wp\/v2\/media?parent=488737"}],"wp:term":[{"taxonomy":"post_tag","embeddable":true,"href":"https:\/\/www.suno.com.br\/noticias\/wp-json\/wp\/v2\/tags?post=488737"}],"curies":[{"name":"wp","href":"https:\/\/api.w.org\/{rel}","templated":true}]}}