{"id":484617,"date":"2023-11-13T08:00:00","date_gmt":"2023-11-13T11:00:00","guid":{"rendered":"https:\/\/www.suno.com.br\/noticias\/colunas\/marco-lopes\/\/"},"modified":"2023-11-10T23:58:24","modified_gmt":"2023-11-11T02:58:24","slug":"previdencia-privada-tema-deturpado-ma-comercializacao-produto","status":"publish","type":"suno_column","link":"https:\/\/www.suno.com.br\/noticias\/colunas\/antonio-duarte-junior\/previdencia-privada-tema-deturpado-ma-comercializacao-produto\/","title":{"rendered":"Previd\u00eancia privada, um tema deturpado pela m\u00e1 comercializa\u00e7\u00e3o do produto"},"content":{"rendered":"<p>A <strong>previd\u00eancia privada<\/strong> \u00e9 um assunto que gera muitas d\u00favidas e desconfian\u00e7as entre os investidores brasileiros. A m\u00e1 reputa\u00e7\u00e3o de alguns fundos previdenci\u00e1rios devido a pr\u00e1ticas inadequadas de comercializa\u00e7\u00e3o fez com que muitos tenham receio de investir nesse tipo de produto financeiro. No entanto, a previd\u00eancia privada pode ser uma ferramenta valiosa para quem deseja construir um patrim\u00f4nio s\u00f3lido, proteger seus ativos, reduzir impostos e planejar a sucess\u00e3o de bens.<\/p>\t<div class=\"wrapper-featured-image\">\n\t\t<figure class=\"spotlightImg\">\n\n\t\t\t<picture>\n\t\t\t\t<source media=\"(max-width: 768px)\" srcset=\"https:\/\/files.sunoresearch.com.br\/n\/uploads\/2022\/06\/previdencia-400x200.jpg\">\n\t\t\t\t<img loading=\"lazy\" decoding=\"async\" class=\"newsContent__article__imgCapa lazyloadDisabled \" src=\"https:\/\/files.sunoresearch.com.br\/n\/uploads\/2022\/06\/previdencia-800x450.jpg\" width=\"800\" height=\"450\" alt=\"Previd\u00eancia privada, um tema deturpado pela m\u00e1 comercializa\u00e7\u00e3o do produto\" fetchpriority=high \/>\n\t\t\t<\/picture>\n\n\t\t\t<figcaption class=\"wp-caption-text wp-caption-text--show\">Risco e recompensa. Foto: Unsplash<\/figcaption>\n\t\t<\/figure>\n\t<\/div>\n\n\n\n\n\n\t<p>\n\t\t<a href=\"https:\/\/lp.suno.com.br\/planilha-da-vida-financeira\/\" target=\"_blank\" data-element=\"shortcode-suno-banner\" title=\"Banner SUNO, clique e saiba mais\">\n\t\t\t<picture>\n\t\t\t\t<source media=\"(max-width: 500px)\" srcset=\"https:\/\/files.sunoresearch.com.br\/n\/uploads\/2023\/04\/400x300-Planilha-vida-financeira-true.png\">\n\t\t\t\t<img class=\"newsContent__article__imgCapa newsContent__article__imgCapa--banner\"\n\t\t\t\t\tsrc=\"https:\/\/files.sunoresearch.com.br\/n\/uploads\/2023\/04\/1420x240-Planilha-vida-financeira-true.png\"\n\t\t\t\t\tdata-promo-id=\"383123\"\t\t\t\t\t\t\t\t\t\twidth='1420' height='240'\t\t\t\t\talt=\"https:\/\/files.sunoresearch.com.br\/n\/uploads\/2023\/04\/1420x240-Planilha-vida-financeira-true.png\"\n\t\t\t\t>\n\t\t\t<\/picture>\n\t\t<\/a>\n\t<\/p>\n\n\n\n\n\n\n\n<h2 class=\"wp-block-heading\">Como saber se preciso de Previd\u00eancia Privada?<\/h2>\n\n\n\n<p>A primeira pergunta que voc\u00ea deve fazer \u00e9 se precisa de uma previd\u00eancia privada. Se seu objetivo \u00e9 <strong>construir riqueza<\/strong>, reduzir impostos e facilitar a transfer\u00eancia de patrim\u00f4nio aos seus benefici\u00e1rios, ent\u00e3o a resposta \u00e9 sim. A previd\u00eancia privada oferece <strong>benef\u00edcios fiscais<\/strong> que podem resultar em economia de impostos significativa, especialmente se voc\u00ea tem uma renda tribut\u00e1vel e opta pela declara\u00e7\u00e3o completa do imposto de renda.<\/p>\n\n\n\n<h2 class=\"wp-block-heading\">PGBL e VGBL: entendendo as diferen\u00e7as<\/h2>\n\n\n\n<p>Ao falar de previd\u00eancia privada, \u00e9 comum ouvir falar das siglas <strong>PGBL<\/strong> e <strong>VGBL<\/strong>. O PGBL (Plano Garantidor de Benef\u00edcio Livre) \u00e9 ideal para quem deseja obter vantagens fiscais imediatas, pois as contribui\u00e7\u00f5es para o PGBL podem reduzir a base de c\u00e1lculo do imposto de renda devido em at\u00e9 12%. Isso significa economia e, em alguns casos, restitui\u00e7\u00f5es expressivas. Al\u00e9m disso, quanto mais tempo voc\u00ea contribui, menor ser\u00e1 a al\u00edquota do imposto de renda sobre os ganhos no fundo previdenci\u00e1rio.<\/p>\n\n\n\n<p>Por outro lado, o VGBL (Vida Garantidor de Benef\u00edcio Livre) n\u00e3o oferece benef\u00edcios fiscais na fase de acumula\u00e7\u00e3o, mas \u00e9 vantajoso para aqueles que preveem estar em uma faixa de imposto mais baixa na aposentadoria. Nesse caso, voc\u00ea pagar\u00e1 impostos apenas sobre o rendimento obtido, n\u00e3o sobre o valor total acumulado como no PGBL.<\/p>\n\n\n\n<h2 class=\"wp-block-heading\">Regime de tributa\u00e7\u00e3o: progressiva e regressiva<\/h2>\n\n\n\n<p>Os <strong>regimes de tributa\u00e7\u00e3o<\/strong>, Progressiva e Regressiva, s\u00e3o importantes a considerar. No regime de tributa\u00e7\u00e3o da Tabela Progressiva, os resgates da previd\u00eancia privada s\u00e3o tributados de acordo com uma tabela que varia de 0% a 27,5%, dependendo do valor resgatado. Quanto maior o resgate, maior a al\u00edquota aplicada.<\/p>\n\n\n\n<p>No regime de tributa\u00e7\u00e3o da Tabela Regressiva, a al\u00edquota do imposto \u00e9 determinada pelo tempo de acumula\u00e7\u00e3o do investimento. Quanto mais tempo o dinheiro permanecer investido, menor ser\u00e1 a al\u00edquota aplicada sobre os rendimentos no momento do resgate.<\/p>\n\n\n\t<p>\n\t\t<a href=\"https:\/\/lp.suno.com.br\/ebook-10-livros\/\" target=\"_blank\" data-element=\"shortcode-suno-banner\" title=\"Banner SUNO, clique e saiba mais\">\n\t\t\t<picture>\n\t\t\t\t<source media=\"(max-width: 500px)\" srcset=\"https:\/\/files.sunoresearch.com.br\/n\/uploads\/2023\/03\/400x300-10-livros.png\">\n\t\t\t\t<img class=\"newsContent__article__imgCapa newsContent__article__imgCapa--banner\"\n\t\t\t\t\tsrc=\"https:\/\/files.sunoresearch.com.br\/n\/uploads\/2023\/03\/1420x240-10-livros.png\"\n\t\t\t\t\tdata-promo-id=\"383159\"\t\t\t\t\t\t\t\t\t\twidth='1420' height='240'\t\t\t\t\talt=\"https:\/\/files.sunoresearch.com.br\/n\/uploads\/2023\/03\/1420x240-10-livros.png\"\n\t\t\t\t>\n\t\t\t<\/picture>\n\t\t<\/a>\n\t<\/p>\n\n\n\n\n\n<h2 class=\"wp-block-heading\">Benef\u00edcios adicionais da Previd\u00eancia Privada<\/h2>\n\n\n\n<p>Outros <strong>aspectos favor\u00e1veis da previd\u00eancia privada<\/strong> incluem a aus\u00eancia do mecanismo de come-cotas, que permite que o investidor aproveite ao m\u00e1ximo o poder dos juros compostos. Al\u00e9m disso, a previd\u00eancia privada oferece uma solu\u00e7\u00e3o eficiente para a quest\u00e3o do invent\u00e1rio, permitindo que os benefici\u00e1rios designados recebam o saldo acumulado diretamente, evitando complica\u00e7\u00f5es e custos associados ao processo de invent\u00e1rio.<\/p>\n\n\n\n<h2 class=\"wp-block-heading\">Conclus\u00e3o: uma ferramenta valiosa para o futuro financeiro<\/h2>\n\n\n\n<p>A previd\u00eancia privada, quando usada estrategicamente, pode ser uma aliada valiosa na constru\u00e7\u00e3o do seu patrim\u00f4nio, na <strong>prote\u00e7\u00e3o dos seus ativo<\/strong>s, na redu\u00e7\u00e3o de custos fiscais e no planejamento sucess\u00f3rio. Ela oferece benef\u00edcios fiscais que podem aliviar a carga tribut\u00e1ria ao longo do tempo. A escolha entre os planos PGBL e VGBL, juntamente com os regimes de tributa\u00e7\u00e3o, oferece flexibilidade para atender \u00e0s necessidades individuais.<\/p>\n\n\n\n<p>Para tomar decis\u00f5es informadas, \u00e9 essencial buscar informa\u00e7\u00f5es claras e de qualidade e, quando necess\u00e1rio, contar com a orienta\u00e7\u00e3o de profissionais especializados. A previd\u00eancia privada pode ser uma ferramenta poderosa para alcan\u00e7ar suas <strong>metas financeiras<\/strong> e proteger seu futuro.<\/p>\n\n\n\n<p>Em resumo, a <strong>previd\u00eancia privada<\/strong> \u00e9 uma op\u00e7\u00e3o valiosa para quem deseja construir um futuro financeiro s\u00f3lido e tranquilo, e \u00e9 importante consider\u00e1-la como parte de um planejamento financeiro abrangente.<\/p>\n\n\n\t<p>\n\t\t<a href=\"https:\/\/lp.suno.com.br\/planilha-da-vida-financeira\/\" target=\"_blank\" data-element=\"shortcode-suno-banner\" title=\"Banner SUNO, clique e saiba mais\">\n\t\t\t<picture>\n\t\t\t\t<source media=\"(max-width: 500px)\" srcset=\"https:\/\/files.sunoresearch.com.br\/n\/uploads\/2023\/04\/400x300-Planilha-vida-financeira-true.png\">\n\t\t\t\t<img class=\"newsContent__article__imgCapa newsContent__article__imgCapa--banner\"\n\t\t\t\t\tsrc=\"https:\/\/files.sunoresearch.com.br\/n\/uploads\/2023\/04\/1420x240-Planilha-vida-financeira-true.png\"\n\t\t\t\t\tdata-promo-id=\"383123\"\t\t\t\t\t\t\t\t\t\twidth='1420' height='240'\t\t\t\t\talt=\"https:\/\/files.sunoresearch.com.br\/n\/uploads\/2023\/04\/1420x240-Planilha-vida-financeira-true.png\"\n\t\t\t\t>\n\t\t\t<\/picture>\n\t\t<\/a>\n\t<\/p>\n\n\n","protected":false},"excerpt":{"rendered":"<p>A previd\u00eancia privada \u00e9 um assunto que gera muitas d\u00favidas e desconfian\u00e7as entre os investidores brasileiros. A m\u00e1 reputa\u00e7\u00e3o de alguns fundos previdenci\u00e1rios devido a &#8230;<\/p>\n","protected":false},"author":261,"featured_media":264307,"template":"","tags":[106895],"class_list":["post-484617","suno_column","type-suno_column","status-publish","has-post-thumbnail","hentry","tag-previdencia"],"yoast_head":"<!-- This site is optimized with the Yoast SEO plugin v24.4 - https:\/\/yoast.com\/wordpress\/plugins\/seo\/ -->\n<title>Previd\u00eancia privada, um tema deturpado pela m\u00e1 comercializa\u00e7\u00e3o do produto<\/title>\n<meta name=\"description\" content=\"A m\u00e1 reputa\u00e7\u00e3o de alguns fundos previdenci\u00e1rios aumentou o temor pelos ativos. Mas pode ser ferramenta valiosa para proteger o patrim\u00f4nio\" \/>\n<meta name=\"robots\" content=\"index, follow, max-snippet:-1, max-image-preview:large, max-video-preview:-1\" \/>\n<link rel=\"canonical\" href=\"https:\/\/www.suno.com.br\/noticias\/colunas\/antonio-duarte-junior\/previdencia-privada-tema-deturpado-ma-comercializacao-produto\/\" \/>\n<meta property=\"og:locale\" content=\"pt_BR\" \/>\n<meta property=\"og:type\" content=\"article\" \/>\n<meta property=\"og:title\" content=\"Previd\u00eancia privada, um tema deturpado pela m\u00e1 comercializa\u00e7\u00e3o do produto\" \/>\n<meta property=\"og:description\" content=\"A m\u00e1 reputa\u00e7\u00e3o de alguns fundos previdenci\u00e1rios aumentou o temor pelos ativos. Mas pode ser ferramenta valiosa para proteger o patrim\u00f4nio\" \/>\n<meta property=\"og:url\" content=\"https:\/\/www.suno.com.br\/noticias\/colunas\/antonio-duarte-junior\/previdencia-privada-tema-deturpado-ma-comercializacao-produto\/\" \/>\n<meta property=\"og:site_name\" content=\"Suno Not\u00edcias\" \/>\n<meta property=\"article:publisher\" content=\"https:\/\/facebook.com\/sunoresearch\" \/>\n<meta property=\"og:image\" content=\"http:\/\/files.sunoresearch.com.br\/n\/uploads\/2022\/06\/previdencia.jpg\" \/>\n\t<meta property=\"og:image:width\" content=\"1280\" \/>\n\t<meta property=\"og:image:height\" content=\"853\" \/>\n\t<meta property=\"og:image:type\" content=\"image\/jpeg\" \/>\n<meta name=\"twitter:card\" content=\"summary_large_image\" \/>\n<meta name=\"twitter:site\" content=\"@sunoresearch\" \/>\n<meta name=\"twitter:label1\" content=\"Est. tempo de leitura\" \/>\n\t<meta name=\"twitter:data1\" content=\"4 minutos\" \/>\n<script type=\"application\/ld+json\" class=\"yoast-schema-graph\">{\"@context\":\"https:\/\/schema.org\",\"@graph\":[{\"@type\":\"Article\",\"@id\":\"https:\/\/www.suno.com.br\/noticias\/colunas\/antonio-duarte-junior\/previdencia-privada-tema-deturpado-ma-comercializacao-produto\/#article\",\"isPartOf\":{\"@id\":\"https:\/\/www.suno.com.br\/noticias\/colunas\/antonio-duarte-junior\/previdencia-privada-tema-deturpado-ma-comercializacao-produto\/\"},\"author\":{\"name\":\"Antonio Duarte\",\"@id\":\"https:\/\/www.suno.com.br\/noticias\/#\/schema\/person\/ca619f81cb80634e7fa42c65ea15daa9\"},\"headline\":\"Previd\u00eancia privada, um tema deturpado pela m\u00e1 comercializa\u00e7\u00e3o do produto\",\"datePublished\":\"2023-11-13T11:00:00+00:00\",\"mainEntityOfPage\":{\"@id\":\"https:\/\/www.suno.com.br\/noticias\/colunas\/antonio-duarte-junior\/previdencia-privada-tema-deturpado-ma-comercializacao-produto\/\"},\"wordCount\":668,\"publisher\":{\"@id\":\"https:\/\/www.suno.com.br\/noticias\/#organization\"},\"image\":{\"@id\":\"https:\/\/www.suno.com.br\/noticias\/colunas\/antonio-duarte-junior\/previdencia-privada-tema-deturpado-ma-comercializacao-produto\/#primaryimage\"},\"thumbnailUrl\":\"https:\/\/files.sunoresearch.com.br\/n\/uploads\/2022\/06\/previdencia.jpg\",\"keywords\":[\"Previd\u00eancia\"],\"inLanguage\":\"pt-BR\"},{\"@type\":\"WebPage\",\"@id\":\"https:\/\/www.suno.com.br\/noticias\/colunas\/antonio-duarte-junior\/previdencia-privada-tema-deturpado-ma-comercializacao-produto\/\",\"url\":\"https:\/\/www.suno.com.br\/noticias\/colunas\/antonio-duarte-junior\/previdencia-privada-tema-deturpado-ma-comercializacao-produto\/\",\"name\":\"Previd\u00eancia privada, um tema deturpado pela m\u00e1 comercializa\u00e7\u00e3o do produto\",\"isPartOf\":{\"@id\":\"https:\/\/www.suno.com.br\/noticias\/#website\"},\"primaryImageOfPage\":{\"@id\":\"https:\/\/www.suno.com.br\/noticias\/colunas\/antonio-duarte-junior\/previdencia-privada-tema-deturpado-ma-comercializacao-produto\/#primaryimage\"},\"image\":{\"@id\":\"https:\/\/www.suno.com.br\/noticias\/colunas\/antonio-duarte-junior\/previdencia-privada-tema-deturpado-ma-comercializacao-produto\/#primaryimage\"},\"thumbnailUrl\":\"https:\/\/files.sunoresearch.com.br\/n\/uploads\/2022\/06\/previdencia.jpg\",\"datePublished\":\"2023-11-13T11:00:00+00:00\",\"description\":\"A m\u00e1 reputa\u00e7\u00e3o de alguns fundos previdenci\u00e1rios aumentou o temor pelos ativos. Mas pode ser ferramenta valiosa para proteger o patrim\u00f4nio\",\"breadcrumb\":{\"@id\":\"https:\/\/www.suno.com.br\/noticias\/colunas\/antonio-duarte-junior\/previdencia-privada-tema-deturpado-ma-comercializacao-produto\/#breadcrumb\"},\"inLanguage\":\"pt-BR\",\"potentialAction\":[{\"@type\":\"ReadAction\",\"target\":[\"https:\/\/www.suno.com.br\/noticias\/colunas\/antonio-duarte-junior\/previdencia-privada-tema-deturpado-ma-comercializacao-produto\/\"]}]},{\"@type\":\"ImageObject\",\"inLanguage\":\"pt-BR\",\"@id\":\"https:\/\/www.suno.com.br\/noticias\/colunas\/antonio-duarte-junior\/previdencia-privada-tema-deturpado-ma-comercializacao-produto\/#primaryimage\",\"url\":\"https:\/\/files.sunoresearch.com.br\/n\/uploads\/2022\/06\/previdencia.jpg\",\"contentUrl\":\"https:\/\/files.sunoresearch.com.br\/n\/uploads\/2022\/06\/previdencia.jpg\",\"width\":1280,\"height\":853,\"caption\":\"Risco e recompensa. Foto: Unsplash\"},{\"@type\":\"BreadcrumbList\",\"@id\":\"https:\/\/www.suno.com.br\/noticias\/colunas\/antonio-duarte-junior\/previdencia-privada-tema-deturpado-ma-comercializacao-produto\/#breadcrumb\",\"itemListElement\":[{\"@type\":\"ListItem\",\"position\":1,\"name\":\"Not\u00edcias\",\"item\":\"https:\/\/www.suno.com.br\/noticias\/\"},{\"@type\":\"ListItem\",\"position\":2,\"name\":\"Colunas\",\"item\":\"https:\/\/www.suno.com.br\/noticias\/colunas\/\"},{\"@type\":\"ListItem\",\"position\":3,\"name\":\"Previd\u00eancia privada, um tema deturpado pela m\u00e1 comercializa\u00e7\u00e3o do produto\"}]},{\"@type\":\"WebSite\",\"@id\":\"https:\/\/www.suno.com.br\/noticias\/#website\",\"url\":\"https:\/\/www.suno.com.br\/noticias\/\",\"name\":\"Suno Not\u00edcias\",\"description\":\"Seu portal de informa\u00e7\u00e3o sobre o mundo dos investimentos\",\"publisher\":{\"@id\":\"https:\/\/www.suno.com.br\/noticias\/#organization\"},\"potentialAction\":[{\"@type\":\"SearchAction\",\"target\":{\"@type\":\"EntryPoint\",\"urlTemplate\":\"https:\/\/www.suno.com.br\/noticias\/?s={search_term_string}\"},\"query-input\":{\"@type\":\"PropertyValueSpecification\",\"valueRequired\":true,\"valueName\":\"search_term_string\"}}],\"inLanguage\":\"pt-BR\"},{\"@type\":\"Organization\",\"@id\":\"https:\/\/www.suno.com.br\/noticias\/#organization\",\"name\":\"Suno Not\u00edcias\",\"url\":\"https:\/\/www.suno.com.br\/noticias\/\",\"logo\":{\"@type\":\"ImageObject\",\"inLanguage\":\"pt-BR\",\"@id\":\"https:\/\/www.suno.com.br\/noticias\/#\/schema\/logo\/image\/\",\"url\":\"https:\/\/files.sunoresearch.com.br\/n\/uploads\/2021\/09\/suno-logo.png\",\"contentUrl\":\"https:\/\/files.sunoresearch.com.br\/n\/uploads\/2021\/09\/suno-logo.png\",\"width\":180,\"height\":180,\"caption\":\"Suno Not\u00edcias\"},\"image\":{\"@id\":\"https:\/\/www.suno.com.br\/noticias\/#\/schema\/logo\/image\/\"},\"sameAs\":[\"https:\/\/facebook.com\/sunoresearch\",\"https:\/\/x.com\/sunoresearch\",\"https:\/\/www.instagram.com\/suno\",\"https:\/\/www.linkedin.com\/company\/suno-research\/\",\"https:\/\/www.youtube.com\/c\/sunoresearch\"]},{\"@type\":\"Person\",\"@id\":\"https:\/\/www.suno.com.br\/noticias\/#\/schema\/person\/ca619f81cb80634e7fa42c65ea15daa9\",\"name\":\"Antonio Duarte\",\"image\":{\"@type\":\"ImageObject\",\"inLanguage\":\"pt-BR\",\"@id\":\"https:\/\/www.suno.com.br\/noticias\/#\/schema\/person\/image\/\",\"url\":\"https:\/\/secure.gravatar.com\/avatar\/492c02c498bd42ef632b21f65c6fbafa?s=96&r=g\",\"contentUrl\":\"https:\/\/secure.gravatar.com\/avatar\/492c02c498bd42ef632b21f65c6fbafa?s=96&r=g\",\"caption\":\"Antonio Duarte\"},\"description\":\"Consultor de investimentos na Suno Consultoria. Especialista de investimentos pela ANBIMA - CEA, com forma\u00e7\u00e3o em Ci\u00eancias Cont\u00e1beis, onde obteve maior experi\u00eancia em orientar fam\u00edlias desde 2019 e teve passagem pelas 2 maiores corretoras de valores da Am\u00e9rica Latina. \\\"Apaixonado pelo mercado financeiro por entender que a educa\u00e7\u00e3o e as finan\u00e7as s\u00e3o objetos de transforma\u00e7\u00e3o social. Atrav\u00e9s dessas ferramentas, eu pude ter a certeza de que os meus clientes puderam ter a possibilidade de uma vis\u00e3o diferente sobre a vida e mais previsibilidade sobre o seu futuro. Tenho o objetivo em direcionar a vida do cliente, onde colocamos o dinheiro a servi\u00e7o dos principais projetos de vida de cada um atrav\u00e9s dos investimentos.\\\"\",\"url\":\"https:\/\/www.suno.com.br\/noticias\/author\/antonio-duarte-junior\/\"}]}<\/script>\n<!-- \/ Yoast SEO plugin. -->","yoast_head_json":{"title":"Previd\u00eancia privada, um tema deturpado pela m\u00e1 comercializa\u00e7\u00e3o do produto","description":"A m\u00e1 reputa\u00e7\u00e3o de alguns fundos previdenci\u00e1rios aumentou o temor pelos ativos. Mas pode ser ferramenta valiosa para proteger o patrim\u00f4nio","robots":{"index":"index","follow":"follow","max-snippet":"max-snippet:-1","max-image-preview":"max-image-preview:large","max-video-preview":"max-video-preview:-1"},"canonical":"https:\/\/www.suno.com.br\/noticias\/colunas\/antonio-duarte-junior\/previdencia-privada-tema-deturpado-ma-comercializacao-produto\/","og_locale":"pt_BR","og_type":"article","og_title":"Previd\u00eancia privada, um tema deturpado pela m\u00e1 comercializa\u00e7\u00e3o do produto","og_description":"A m\u00e1 reputa\u00e7\u00e3o de alguns fundos previdenci\u00e1rios aumentou o temor pelos ativos. Mas pode ser ferramenta valiosa para proteger o patrim\u00f4nio","og_url":"https:\/\/www.suno.com.br\/noticias\/colunas\/antonio-duarte-junior\/previdencia-privada-tema-deturpado-ma-comercializacao-produto\/","og_site_name":"Suno Not\u00edcias","article_publisher":"https:\/\/facebook.com\/sunoresearch","og_image":[{"width":1280,"height":853,"url":"http:\/\/files.sunoresearch.com.br\/n\/uploads\/2022\/06\/previdencia.jpg","type":"image\/jpeg"}],"twitter_card":"summary_large_image","twitter_site":"@sunoresearch","twitter_misc":{"Est. tempo de leitura":"4 minutos"},"schema":{"@context":"https:\/\/schema.org","@graph":[{"@type":"Article","@id":"https:\/\/www.suno.com.br\/noticias\/colunas\/antonio-duarte-junior\/previdencia-privada-tema-deturpado-ma-comercializacao-produto\/#article","isPartOf":{"@id":"https:\/\/www.suno.com.br\/noticias\/colunas\/antonio-duarte-junior\/previdencia-privada-tema-deturpado-ma-comercializacao-produto\/"},"author":{"name":"Antonio Duarte","@id":"https:\/\/www.suno.com.br\/noticias\/#\/schema\/person\/ca619f81cb80634e7fa42c65ea15daa9"},"headline":"Previd\u00eancia privada, um tema deturpado pela m\u00e1 comercializa\u00e7\u00e3o do produto","datePublished":"2023-11-13T11:00:00+00:00","mainEntityOfPage":{"@id":"https:\/\/www.suno.com.br\/noticias\/colunas\/antonio-duarte-junior\/previdencia-privada-tema-deturpado-ma-comercializacao-produto\/"},"wordCount":668,"publisher":{"@id":"https:\/\/www.suno.com.br\/noticias\/#organization"},"image":{"@id":"https:\/\/www.suno.com.br\/noticias\/colunas\/antonio-duarte-junior\/previdencia-privada-tema-deturpado-ma-comercializacao-produto\/#primaryimage"},"thumbnailUrl":"https:\/\/files.sunoresearch.com.br\/n\/uploads\/2022\/06\/previdencia.jpg","keywords":["Previd\u00eancia"],"inLanguage":"pt-BR"},{"@type":"WebPage","@id":"https:\/\/www.suno.com.br\/noticias\/colunas\/antonio-duarte-junior\/previdencia-privada-tema-deturpado-ma-comercializacao-produto\/","url":"https:\/\/www.suno.com.br\/noticias\/colunas\/antonio-duarte-junior\/previdencia-privada-tema-deturpado-ma-comercializacao-produto\/","name":"Previd\u00eancia privada, um tema deturpado pela m\u00e1 comercializa\u00e7\u00e3o do produto","isPartOf":{"@id":"https:\/\/www.suno.com.br\/noticias\/#website"},"primaryImageOfPage":{"@id":"https:\/\/www.suno.com.br\/noticias\/colunas\/antonio-duarte-junior\/previdencia-privada-tema-deturpado-ma-comercializacao-produto\/#primaryimage"},"image":{"@id":"https:\/\/www.suno.com.br\/noticias\/colunas\/antonio-duarte-junior\/previdencia-privada-tema-deturpado-ma-comercializacao-produto\/#primaryimage"},"thumbnailUrl":"https:\/\/files.sunoresearch.com.br\/n\/uploads\/2022\/06\/previdencia.jpg","datePublished":"2023-11-13T11:00:00+00:00","description":"A m\u00e1 reputa\u00e7\u00e3o de alguns fundos previdenci\u00e1rios aumentou o temor pelos ativos. Mas pode ser ferramenta valiosa para proteger o patrim\u00f4nio","breadcrumb":{"@id":"https:\/\/www.suno.com.br\/noticias\/colunas\/antonio-duarte-junior\/previdencia-privada-tema-deturpado-ma-comercializacao-produto\/#breadcrumb"},"inLanguage":"pt-BR","potentialAction":[{"@type":"ReadAction","target":["https:\/\/www.suno.com.br\/noticias\/colunas\/antonio-duarte-junior\/previdencia-privada-tema-deturpado-ma-comercializacao-produto\/"]}]},{"@type":"ImageObject","inLanguage":"pt-BR","@id":"https:\/\/www.suno.com.br\/noticias\/colunas\/antonio-duarte-junior\/previdencia-privada-tema-deturpado-ma-comercializacao-produto\/#primaryimage","url":"https:\/\/files.sunoresearch.com.br\/n\/uploads\/2022\/06\/previdencia.jpg","contentUrl":"https:\/\/files.sunoresearch.com.br\/n\/uploads\/2022\/06\/previdencia.jpg","width":1280,"height":853,"caption":"Risco e recompensa. Foto: Unsplash"},{"@type":"BreadcrumbList","@id":"https:\/\/www.suno.com.br\/noticias\/colunas\/antonio-duarte-junior\/previdencia-privada-tema-deturpado-ma-comercializacao-produto\/#breadcrumb","itemListElement":[{"@type":"ListItem","position":1,"name":"Not\u00edcias","item":"https:\/\/www.suno.com.br\/noticias\/"},{"@type":"ListItem","position":2,"name":"Colunas","item":"https:\/\/www.suno.com.br\/noticias\/colunas\/"},{"@type":"ListItem","position":3,"name":"Previd\u00eancia privada, um tema deturpado pela m\u00e1 comercializa\u00e7\u00e3o do produto"}]},{"@type":"WebSite","@id":"https:\/\/www.suno.com.br\/noticias\/#website","url":"https:\/\/www.suno.com.br\/noticias\/","name":"Suno Not\u00edcias","description":"Seu portal de informa\u00e7\u00e3o sobre o mundo dos investimentos","publisher":{"@id":"https:\/\/www.suno.com.br\/noticias\/#organization"},"potentialAction":[{"@type":"SearchAction","target":{"@type":"EntryPoint","urlTemplate":"https:\/\/www.suno.com.br\/noticias\/?s={search_term_string}"},"query-input":{"@type":"PropertyValueSpecification","valueRequired":true,"valueName":"search_term_string"}}],"inLanguage":"pt-BR"},{"@type":"Organization","@id":"https:\/\/www.suno.com.br\/noticias\/#organization","name":"Suno Not\u00edcias","url":"https:\/\/www.suno.com.br\/noticias\/","logo":{"@type":"ImageObject","inLanguage":"pt-BR","@id":"https:\/\/www.suno.com.br\/noticias\/#\/schema\/logo\/image\/","url":"https:\/\/files.sunoresearch.com.br\/n\/uploads\/2021\/09\/suno-logo.png","contentUrl":"https:\/\/files.sunoresearch.com.br\/n\/uploads\/2021\/09\/suno-logo.png","width":180,"height":180,"caption":"Suno Not\u00edcias"},"image":{"@id":"https:\/\/www.suno.com.br\/noticias\/#\/schema\/logo\/image\/"},"sameAs":["https:\/\/facebook.com\/sunoresearch","https:\/\/x.com\/sunoresearch","https:\/\/www.instagram.com\/suno","https:\/\/www.linkedin.com\/company\/suno-research\/","https:\/\/www.youtube.com\/c\/sunoresearch"]},{"@type":"Person","@id":"https:\/\/www.suno.com.br\/noticias\/#\/schema\/person\/ca619f81cb80634e7fa42c65ea15daa9","name":"Antonio Duarte","image":{"@type":"ImageObject","inLanguage":"pt-BR","@id":"https:\/\/www.suno.com.br\/noticias\/#\/schema\/person\/image\/","url":"https:\/\/secure.gravatar.com\/avatar\/492c02c498bd42ef632b21f65c6fbafa?s=96&r=g","contentUrl":"https:\/\/secure.gravatar.com\/avatar\/492c02c498bd42ef632b21f65c6fbafa?s=96&r=g","caption":"Antonio Duarte"},"description":"Consultor de investimentos na Suno Consultoria. Especialista de investimentos pela ANBIMA - CEA, com forma\u00e7\u00e3o em Ci\u00eancias Cont\u00e1beis, onde obteve maior experi\u00eancia em orientar fam\u00edlias desde 2019 e teve passagem pelas 2 maiores corretoras de valores da Am\u00e9rica Latina. \"Apaixonado pelo mercado financeiro por entender que a educa\u00e7\u00e3o e as finan\u00e7as s\u00e3o objetos de transforma\u00e7\u00e3o social. Atrav\u00e9s dessas ferramentas, eu pude ter a certeza de que os meus clientes puderam ter a possibilidade de uma vis\u00e3o diferente sobre a vida e mais previsibilidade sobre o seu futuro. Tenho o objetivo em direcionar a vida do cliente, onde colocamos o dinheiro a servi\u00e7o dos principais projetos de vida de cada um atrav\u00e9s dos investimentos.\"","url":"https:\/\/www.suno.com.br\/noticias\/author\/antonio-duarte-junior\/"}]}},"amp_enabled":true,"_links":{"self":[{"href":"https:\/\/www.suno.com.br\/noticias\/wp-json\/wp\/v2\/suno_column\/484617"}],"collection":[{"href":"https:\/\/www.suno.com.br\/noticias\/wp-json\/wp\/v2\/suno_column"}],"about":[{"href":"https:\/\/www.suno.com.br\/noticias\/wp-json\/wp\/v2\/types\/suno_column"}],"author":[{"embeddable":true,"href":"https:\/\/www.suno.com.br\/noticias\/wp-json\/wp\/v2\/users\/261"}],"wp:featuredmedia":[{"embeddable":true,"href":"https:\/\/www.suno.com.br\/noticias\/wp-json\/wp\/v2\/media\/264307"}],"wp:attachment":[{"href":"https:\/\/www.suno.com.br\/noticias\/wp-json\/wp\/v2\/media?parent=484617"}],"wp:term":[{"taxonomy":"post_tag","embeddable":true,"href":"https:\/\/www.suno.com.br\/noticias\/wp-json\/wp\/v2\/tags?post=484617"}],"curies":[{"name":"wp","href":"https:\/\/api.w.org\/{rel}","templated":true}]}}