{"id":484368,"date":"2023-11-10T18:07:36","date_gmt":"2023-11-10T21:07:36","guid":{"rendered":"https:\/\/www.suno.com.br\/noticias\/colunas\/marco-lopes\/\/"},"modified":"2023-11-10T18:13:16","modified_gmt":"2023-11-10T21:13:16","slug":"renda-fixa-selic-sera-acabou-festa","status":"publish","type":"suno_column","link":"https:\/\/www.suno.com.br\/noticias\/colunas\/richetti\/renda-fixa-selic-sera-acabou-festa\/","title":{"rendered":"Renda fixa X Selic: Acabou a festa?"},"content":{"rendered":"<p>A economia vive de ciclos de juros, que s\u00e3o mecanismos dos <strong>Bancos Centrais<\/strong> para controlar a infla\u00e7\u00e3o em seus pa\u00edses. A infla\u00e7\u00e3o por si s\u00f3 \u00e9 o aumento dos pre\u00e7os, seja de produtos, servi\u00e7os e transportes.<\/p>\t<div class=\"wrapper-featured-image\">\n\t\t<figure class=\"spotlightImg\">\n\n\t\t\t<picture>\n\t\t\t\t<source media=\"(max-width: 768px)\" srcset=\"https:\/\/files.sunoresearch.com.br\/n\/uploads\/2023\/05\/selic-400x200.jpg\">\n\t\t\t\t<img loading=\"lazy\" decoding=\"async\" class=\"newsContent__article__imgCapa lazyloadDisabled \" src=\"https:\/\/files.sunoresearch.com.br\/n\/uploads\/2023\/05\/selic-800x450.jpg\" width=\"800\" height=\"450\" alt=\"Renda fixa X Selic: Acabou a festa?\" fetchpriority=high \/>\n\t\t\t<\/picture>\n\n\t\t\t<figcaption class=\"wp-caption-text wp-caption-text--show\">Quais melhores investimentos para \u201csurfar\u201d a queda da Selic? - Foto: iStock<\/figcaption>\n\t\t<\/figure>\n\t<\/div>\n\n\n\n\n\n\t<p>\n\t\t<a href=\"\" target=\"_blank\" data-element=\"shortcode-suno-banner\" title=\"Banner SUNO, clique e saiba mais\">\n\t\t\t<picture>\n\t\t\t\t<source media=\"(max-width: 500px)\" srcset=\"\">\n\t\t\t\t<img class=\"newsContent__article__imgCapa newsContent__article__imgCapa--banner\"\n\t\t\t\t\tsrc=\"\"\n\t\t\t\t\tdata-promo-id=\"240038\"\t\t\t\t\t\t\t\t\t\t\t\t\t\t\talt=\"\"\n\t\t\t\t>\n\t\t\t<\/picture>\n\t\t<\/a>\n\t<\/p>\n\n\n\n\n\n\n\n<p><strong>Juros e infla\u00e7\u00e3o<\/strong> est\u00e3o interligados no que se refere a crescimento da economia de um pa\u00eds. N\u00e3o podemos ter juros altos, j\u00e1 que isso \u00e9 economicamente invi\u00e1vel para um pa\u00eds. E precisamos ter uma infla\u00e7\u00e3o mais baixa poss\u00edvel, pois trata-se do nosso poder de compra.<\/p>\n\n\n\n<p>Conforme a figura abaixo (<strong>Hist\u00f3rico Selic<\/strong>), podemos notar dois ciclos completos de aumentos de juros: um ciclo completo de queda da Selic e outro iniciado recentemente.<\/p>\n\n\n\n<figure class=\"wp-block-image size-full\"><img loading=\"lazy\" decoding=\"async\" width=\"533\" height=\"361\" src=\"https:\/\/files.sunoresearch.com.br\/n\/uploads\/2023\/11\/coluna-Selic.jpg\" alt=\"\" class=\"wp-image-484377\" srcset=\"https:\/\/files.sunoresearch.com.br\/n\/uploads\/2023\/11\/coluna-Selic.jpg 533w, https:\/\/files.sunoresearch.com.br\/n\/uploads\/2023\/11\/coluna-Selic-300x203.jpg 300w, https:\/\/files.sunoresearch.com.br\/n\/uploads\/2023\/11\/coluna-Selic-150x102.jpg 150w\" sizes=\"(max-width: 533px) 100vw, 533px\" \/><\/figure>\n\n\n\n<p>Na minha vis\u00e3o, quando estamos em um processo de eleva\u00e7\u00e3o de <strong>taxas de juros<\/strong>, produtos p\u00f3s-fixados (atrelados ao CDI) geralmente performam melhor, pois a cada aumento da taxa o rendimento tamb\u00e9m aumenta. J\u00e1 em um processo de queda de juros, os prefixados tendem a performar melhor, pois independem da queda da Selic, j\u00e1 que \u00e9 travada uma taxa prefixada.<\/p>\n\n\n\n<p>N\u00f3s, como investidores, temos sim que aproveitar cada ciclo da melhor maneira poss\u00edvel.<\/p>\n\n\n\n<p>Mas e hoje o que podemos fazer com a Selic a 12,25%? A estimativa para a Selic ao final de 2023, segundo o \u00faltimo Boletim Focus, continuou em 11,75%, enquanto a proje\u00e7\u00e3o para 2024 ficou nos mesmos 9,25%. E em meio a esse ciclo de queda de juros, o que fazer? Seria o fim da renda fixa? Eu acredito que n\u00e3o.<\/p>\n\n\n\t<p>\n\t\t<a href=\"https:\/\/lp.suno.com.br\/ebook-gratuito-investindo-no-exterior\/\" target=\"_blank\" data-element=\"shortcode-suno-banner\" title=\"Banner SUNO, clique e saiba mais\">\n\t\t\t<picture>\n\t\t\t\t<source media=\"(max-width: 500px)\" srcset=\"https:\/\/files.sunoresearch.com.br\/n\/uploads\/2023\/03\/400x300-Investindo-no-exterior.png\">\n\t\t\t\t<img class=\"newsContent__article__imgCapa newsContent__article__imgCapa--banner\"\n\t\t\t\t\tsrc=\"https:\/\/files.sunoresearch.com.br\/n\/uploads\/2023\/03\/1420x240-Investindo-no-exterior.png\"\n\t\t\t\t\tdata-promo-id=\"383161\"\t\t\t\t\t\t\t\t\t\twidth='1420' height='240'\t\t\t\t\talt=\"https:\/\/files.sunoresearch.com.br\/n\/uploads\/2023\/03\/1420x240-Investindo-no-exterior.png\"\n\t\t\t\t>\n\t\t\t<\/picture>\n\t\t<\/a>\n\t<\/p>\n\n\n\n\n\n<p>Na minha vis\u00e3o, devemos alongar os prefixados, de prefer\u00eancia, acima de dois anos, prazo em que se encontra a menor al\u00edquota de IR. Al\u00e9m disso, uma exposi\u00e7\u00e3o a produtos atrelados \u00e0 infla\u00e7\u00e3o tamb\u00e9m \u00e9 de fundamental import\u00e2ncia para se manter a rentabilidade dos investimentos. Precisamos entender que vamos continuar tendo rentabilidade, por\u00e9m ser\u00e1 menor, em virtude do ciclo da queda de juros.<\/p>\n\n\n\n<p>A renda fixa anda em conjunto com a <strong>taxa Selic<\/strong>. A maior diferen\u00e7a neste caso \u00e9 para quem vamos emprestar o nosso dinheiro. Em caso de produtos de bancos e cr\u00e9dito privado, emprestamos para a iniciativa privada. J\u00e1 os t\u00edtulos p\u00fablicos (<strong>Tesouro Selic<\/strong>, Infla\u00e7\u00e3o e pr\u00e9-fixado), emprestamos o recurso para o Governo Federal.<\/p>\n\n\n\n<p>Qual a sua escolha? Comente abaixo! Uma coisa \u00e9 fato: a <strong>renda fixa<\/strong> n\u00e3o morreu e segue viv\u00edssima!<\/p>\n\n\n\n<p>Acompanhe o meu perfil (@diersonrichetti) e o da GT Capital (@gtcapital) no Instagram!<\/p>\n\n\n\t<p>\n\t\t<a href=\"https:\/\/lp.suno.com.br\/planilha-da-vida-financeira\/\" target=\"_blank\" data-element=\"shortcode-suno-banner\" title=\"Banner SUNO, clique e saiba mais\">\n\t\t\t<picture>\n\t\t\t\t<source media=\"(max-width: 500px)\" srcset=\"https:\/\/files.sunoresearch.com.br\/n\/uploads\/2023\/04\/400x300-Planilha-vida-financeira-true.png\">\n\t\t\t\t<img class=\"newsContent__article__imgCapa newsContent__article__imgCapa--banner\"\n\t\t\t\t\tsrc=\"https:\/\/files.sunoresearch.com.br\/n\/uploads\/2023\/04\/1420x240-Planilha-vida-financeira-true.png\"\n\t\t\t\t\tdata-promo-id=\"383123\"\t\t\t\t\t\t\t\t\t\twidth='1420' height='240'\t\t\t\t\talt=\"https:\/\/files.sunoresearch.com.br\/n\/uploads\/2023\/04\/1420x240-Planilha-vida-financeira-true.png\"\n\t\t\t\t>\n\t\t\t<\/picture>\n\t\t<\/a>\n\t<\/p>\n\n\n","protected":false},"excerpt":{"rendered":"<p>A economia vive de ciclos de juros, que s\u00e3o mecanismos dos Bancos Centrais para controlar a infla\u00e7\u00e3o em seus pa\u00edses. A infla\u00e7\u00e3o por si s\u00f3 \u00e9 o aumento dos pre\u00e7os, seja &#8230;<\/p>\n","protected":false},"author":330,"featured_media":408708,"template":"","tags":[1842,1752,290],"class_list":["post-484368","suno_column","type-suno_column","status-publish","has-post-thumbnail","hentry","tag-banco-central-bc","tag-taxa-de-juros","tag-taxa-selic"],"yoast_head":"<!-- This site is optimized with the Yoast SEO plugin v24.4 - https:\/\/yoast.com\/wordpress\/plugins\/seo\/ -->\n<title>Renda fixa X Selic: Ser\u00e1 que acabou a festa?<\/title>\n<meta name=\"description\" content=\"Como investidores, temos de aproveitar cada ciclo da melhor maneira. E com a Selic caindo, agora a 12,25%, o que fazer com a renda fixa?\" \/>\n<meta name=\"robots\" content=\"index, follow, max-snippet:-1, max-image-preview:large, max-video-preview:-1\" \/>\n<link rel=\"canonical\" href=\"https:\/\/www.suno.com.br\/noticias\/colunas\/richetti\/renda-fixa-selic-sera-acabou-festa\/\" \/>\n<meta property=\"og:locale\" content=\"pt_BR\" \/>\n<meta property=\"og:type\" content=\"article\" \/>\n<meta property=\"og:title\" content=\"Renda fixa X Selic: Ser\u00e1 que acabou a festa?\" \/>\n<meta property=\"og:description\" content=\"Como investidores, temos de aproveitar cada ciclo da melhor maneira. E com a Selic caindo, agora a 12,25%, o que fazer com a renda fixa?\" \/>\n<meta property=\"og:url\" content=\"https:\/\/www.suno.com.br\/noticias\/colunas\/richetti\/renda-fixa-selic-sera-acabou-festa\/\" \/>\n<meta property=\"og:site_name\" content=\"Suno Not\u00edcias\" \/>\n<meta property=\"article:publisher\" content=\"https:\/\/facebook.com\/sunoresearch\" \/>\n<meta property=\"og:image\" content=\"https:\/\/files.sunoresearch.com.br\/n\/uploads\/2023\/05\/selic.jpg\" \/>\n\t<meta property=\"og:image:width\" content=\"1200\" \/>\n\t<meta property=\"og:image:height\" content=\"800\" \/>\n\t<meta property=\"og:image:type\" content=\"image\/jpeg\" \/>\n<meta name=\"twitter:card\" content=\"summary_large_image\" \/>\n<meta name=\"twitter:site\" content=\"@sunoresearch\" \/>\n<meta name=\"twitter:label1\" content=\"Est. tempo de leitura\" \/>\n\t<meta name=\"twitter:data1\" content=\"3 minutos\" \/>\n<script type=\"application\/ld+json\" class=\"yoast-schema-graph\">{\"@context\":\"https:\/\/schema.org\",\"@graph\":[{\"@type\":\"Article\",\"@id\":\"https:\/\/www.suno.com.br\/noticias\/colunas\/richetti\/renda-fixa-selic-sera-acabou-festa\/#article\",\"isPartOf\":{\"@id\":\"https:\/\/www.suno.com.br\/noticias\/colunas\/richetti\/renda-fixa-selic-sera-acabou-festa\/\"},\"author\":{\"name\":\"Dierson Richetti\",\"@id\":\"https:\/\/www.suno.com.br\/noticias\/#\/schema\/person\/6a377877f327bbb16f2a435914d398a1\"},\"headline\":\"Renda fixa X Selic: Acabou a festa?\",\"datePublished\":\"2023-11-10T21:07:36+00:00\",\"dateModified\":\"2023-11-10T21:13:16+00:00\",\"mainEntityOfPage\":{\"@id\":\"https:\/\/www.suno.com.br\/noticias\/colunas\/richetti\/renda-fixa-selic-sera-acabou-festa\/\"},\"wordCount\":430,\"publisher\":{\"@id\":\"https:\/\/www.suno.com.br\/noticias\/#organization\"},\"image\":{\"@id\":\"https:\/\/www.suno.com.br\/noticias\/colunas\/richetti\/renda-fixa-selic-sera-acabou-festa\/#primaryimage\"},\"thumbnailUrl\":\"https:\/\/files.sunoresearch.com.br\/n\/uploads\/2023\/05\/selic.jpg\",\"keywords\":[\"Banco Central (BC)\",\"taxa de juros\",\"Taxa Selic\"],\"inLanguage\":\"pt-BR\"},{\"@type\":\"WebPage\",\"@id\":\"https:\/\/www.suno.com.br\/noticias\/colunas\/richetti\/renda-fixa-selic-sera-acabou-festa\/\",\"url\":\"https:\/\/www.suno.com.br\/noticias\/colunas\/richetti\/renda-fixa-selic-sera-acabou-festa\/\",\"name\":\"Renda fixa X Selic: Ser\u00e1 que acabou a festa?\",\"isPartOf\":{\"@id\":\"https:\/\/www.suno.com.br\/noticias\/#website\"},\"primaryImageOfPage\":{\"@id\":\"https:\/\/www.suno.com.br\/noticias\/colunas\/richetti\/renda-fixa-selic-sera-acabou-festa\/#primaryimage\"},\"image\":{\"@id\":\"https:\/\/www.suno.com.br\/noticias\/colunas\/richetti\/renda-fixa-selic-sera-acabou-festa\/#primaryimage\"},\"thumbnailUrl\":\"https:\/\/files.sunoresearch.com.br\/n\/uploads\/2023\/05\/selic.jpg\",\"datePublished\":\"2023-11-10T21:07:36+00:00\",\"dateModified\":\"2023-11-10T21:13:16+00:00\",\"description\":\"Como investidores, temos de aproveitar cada ciclo da melhor maneira. E com a Selic caindo, agora a 12,25%, o que fazer com a renda fixa?\",\"breadcrumb\":{\"@id\":\"https:\/\/www.suno.com.br\/noticias\/colunas\/richetti\/renda-fixa-selic-sera-acabou-festa\/#breadcrumb\"},\"inLanguage\":\"pt-BR\",\"potentialAction\":[{\"@type\":\"ReadAction\",\"target\":[\"https:\/\/www.suno.com.br\/noticias\/colunas\/richetti\/renda-fixa-selic-sera-acabou-festa\/\"]}]},{\"@type\":\"ImageObject\",\"inLanguage\":\"pt-BR\",\"@id\":\"https:\/\/www.suno.com.br\/noticias\/colunas\/richetti\/renda-fixa-selic-sera-acabou-festa\/#primaryimage\",\"url\":\"https:\/\/files.sunoresearch.com.br\/n\/uploads\/2023\/05\/selic.jpg\",\"contentUrl\":\"https:\/\/files.sunoresearch.com.br\/n\/uploads\/2023\/05\/selic.jpg\",\"width\":1200,\"height\":800,\"caption\":\"Quais melhores investimentos para \u201csurfar\u201d a queda da Selic? - Foto: iStock\"},{\"@type\":\"BreadcrumbList\",\"@id\":\"https:\/\/www.suno.com.br\/noticias\/colunas\/richetti\/renda-fixa-selic-sera-acabou-festa\/#breadcrumb\",\"itemListElement\":[{\"@type\":\"ListItem\",\"position\":1,\"name\":\"Not\u00edcias\",\"item\":\"https:\/\/www.suno.com.br\/noticias\/\"},{\"@type\":\"ListItem\",\"position\":2,\"name\":\"Colunas\",\"item\":\"https:\/\/www.suno.com.br\/noticias\/colunas\/\"},{\"@type\":\"ListItem\",\"position\":3,\"name\":\"Renda fixa X Selic: Acabou a festa?\"}]},{\"@type\":\"WebSite\",\"@id\":\"https:\/\/www.suno.com.br\/noticias\/#website\",\"url\":\"https:\/\/www.suno.com.br\/noticias\/\",\"name\":\"Suno Not\u00edcias\",\"description\":\"Seu portal de informa\u00e7\u00e3o sobre o mundo dos investimentos\",\"publisher\":{\"@id\":\"https:\/\/www.suno.com.br\/noticias\/#organization\"},\"potentialAction\":[{\"@type\":\"SearchAction\",\"target\":{\"@type\":\"EntryPoint\",\"urlTemplate\":\"https:\/\/www.suno.com.br\/noticias\/?s={search_term_string}\"},\"query-input\":{\"@type\":\"PropertyValueSpecification\",\"valueRequired\":true,\"valueName\":\"search_term_string\"}}],\"inLanguage\":\"pt-BR\"},{\"@type\":\"Organization\",\"@id\":\"https:\/\/www.suno.com.br\/noticias\/#organization\",\"name\":\"Suno Not\u00edcias\",\"url\":\"https:\/\/www.suno.com.br\/noticias\/\",\"logo\":{\"@type\":\"ImageObject\",\"inLanguage\":\"pt-BR\",\"@id\":\"https:\/\/www.suno.com.br\/noticias\/#\/schema\/logo\/image\/\",\"url\":\"https:\/\/files.sunoresearch.com.br\/n\/uploads\/2021\/09\/suno-logo.png\",\"contentUrl\":\"https:\/\/files.sunoresearch.com.br\/n\/uploads\/2021\/09\/suno-logo.png\",\"width\":180,\"height\":180,\"caption\":\"Suno Not\u00edcias\"},\"image\":{\"@id\":\"https:\/\/www.suno.com.br\/noticias\/#\/schema\/logo\/image\/\"},\"sameAs\":[\"https:\/\/facebook.com\/sunoresearch\",\"https:\/\/x.com\/sunoresearch\",\"https:\/\/www.instagram.com\/suno\",\"https:\/\/www.linkedin.com\/company\/suno-research\/\",\"https:\/\/www.youtube.com\/c\/sunoresearch\"]},{\"@type\":\"Person\",\"@id\":\"https:\/\/www.suno.com.br\/noticias\/#\/schema\/person\/6a377877f327bbb16f2a435914d398a1\",\"name\":\"Dierson Richetti\",\"image\":{\"@type\":\"ImageObject\",\"inLanguage\":\"pt-BR\",\"@id\":\"https:\/\/www.suno.com.br\/noticias\/#\/schema\/person\/image\/\",\"url\":\"https:\/\/secure.gravatar.com\/avatar\/21aefdf5c4d7c0f3dc975de8d9e83dd8?s=96&r=g\",\"contentUrl\":\"https:\/\/secure.gravatar.com\/avatar\/21aefdf5c4d7c0f3dc975de8d9e83dd8?s=96&r=g\",\"caption\":\"Dierson Richetti\"},\"description\":\"Dierson Richetti \u00e9 especialista em mercado de capitais e s\u00f3cio da GT CAPITAL. Atua no escrit\u00f3rio na \u00e1rea de prospec\u00e7\u00e3o, aloca\u00e7\u00e3o, acompanhamento de carteiras e relacionamento com os clientes. Trabalhou mais de 10 anos na Braskem S.A. E ap\u00f3s passagem pela companhia, atuou no escrit\u00f3rio Liberta Investimentos - XP. Atualmente, \u00e9 s\u00f3cio na GT Capital. Engenheiro, possui MBA em Broker Global pelo IBMEC-SP.\",\"url\":\"https:\/\/www.suno.com.br\/noticias\/author\/richetti\/\"}]}<\/script>\n<!-- \/ Yoast SEO plugin. -->","yoast_head_json":{"title":"Renda fixa X Selic: Ser\u00e1 que acabou a festa?","description":"Como investidores, temos de aproveitar cada ciclo da melhor maneira. E com a Selic caindo, agora a 12,25%, o que fazer com a renda fixa?","robots":{"index":"index","follow":"follow","max-snippet":"max-snippet:-1","max-image-preview":"max-image-preview:large","max-video-preview":"max-video-preview:-1"},"canonical":"https:\/\/www.suno.com.br\/noticias\/colunas\/richetti\/renda-fixa-selic-sera-acabou-festa\/","og_locale":"pt_BR","og_type":"article","og_title":"Renda fixa X Selic: Ser\u00e1 que acabou a festa?","og_description":"Como investidores, temos de aproveitar cada ciclo da melhor maneira. E com a Selic caindo, agora a 12,25%, o que fazer com a renda fixa?","og_url":"https:\/\/www.suno.com.br\/noticias\/colunas\/richetti\/renda-fixa-selic-sera-acabou-festa\/","og_site_name":"Suno Not\u00edcias","article_publisher":"https:\/\/facebook.com\/sunoresearch","og_image":[{"width":1200,"height":800,"url":"https:\/\/files.sunoresearch.com.br\/n\/uploads\/2023\/05\/selic.jpg","type":"image\/jpeg"}],"twitter_card":"summary_large_image","twitter_site":"@sunoresearch","twitter_misc":{"Est. tempo de leitura":"3 minutos"},"schema":{"@context":"https:\/\/schema.org","@graph":[{"@type":"Article","@id":"https:\/\/www.suno.com.br\/noticias\/colunas\/richetti\/renda-fixa-selic-sera-acabou-festa\/#article","isPartOf":{"@id":"https:\/\/www.suno.com.br\/noticias\/colunas\/richetti\/renda-fixa-selic-sera-acabou-festa\/"},"author":{"name":"Dierson Richetti","@id":"https:\/\/www.suno.com.br\/noticias\/#\/schema\/person\/6a377877f327bbb16f2a435914d398a1"},"headline":"Renda fixa X Selic: Acabou a festa?","datePublished":"2023-11-10T21:07:36+00:00","dateModified":"2023-11-10T21:13:16+00:00","mainEntityOfPage":{"@id":"https:\/\/www.suno.com.br\/noticias\/colunas\/richetti\/renda-fixa-selic-sera-acabou-festa\/"},"wordCount":430,"publisher":{"@id":"https:\/\/www.suno.com.br\/noticias\/#organization"},"image":{"@id":"https:\/\/www.suno.com.br\/noticias\/colunas\/richetti\/renda-fixa-selic-sera-acabou-festa\/#primaryimage"},"thumbnailUrl":"https:\/\/files.sunoresearch.com.br\/n\/uploads\/2023\/05\/selic.jpg","keywords":["Banco Central (BC)","taxa de juros","Taxa Selic"],"inLanguage":"pt-BR"},{"@type":"WebPage","@id":"https:\/\/www.suno.com.br\/noticias\/colunas\/richetti\/renda-fixa-selic-sera-acabou-festa\/","url":"https:\/\/www.suno.com.br\/noticias\/colunas\/richetti\/renda-fixa-selic-sera-acabou-festa\/","name":"Renda fixa X Selic: Ser\u00e1 que acabou a festa?","isPartOf":{"@id":"https:\/\/www.suno.com.br\/noticias\/#website"},"primaryImageOfPage":{"@id":"https:\/\/www.suno.com.br\/noticias\/colunas\/richetti\/renda-fixa-selic-sera-acabou-festa\/#primaryimage"},"image":{"@id":"https:\/\/www.suno.com.br\/noticias\/colunas\/richetti\/renda-fixa-selic-sera-acabou-festa\/#primaryimage"},"thumbnailUrl":"https:\/\/files.sunoresearch.com.br\/n\/uploads\/2023\/05\/selic.jpg","datePublished":"2023-11-10T21:07:36+00:00","dateModified":"2023-11-10T21:13:16+00:00","description":"Como investidores, temos de aproveitar cada ciclo da melhor maneira. E com a Selic caindo, agora a 12,25%, o que fazer com a renda fixa?","breadcrumb":{"@id":"https:\/\/www.suno.com.br\/noticias\/colunas\/richetti\/renda-fixa-selic-sera-acabou-festa\/#breadcrumb"},"inLanguage":"pt-BR","potentialAction":[{"@type":"ReadAction","target":["https:\/\/www.suno.com.br\/noticias\/colunas\/richetti\/renda-fixa-selic-sera-acabou-festa\/"]}]},{"@type":"ImageObject","inLanguage":"pt-BR","@id":"https:\/\/www.suno.com.br\/noticias\/colunas\/richetti\/renda-fixa-selic-sera-acabou-festa\/#primaryimage","url":"https:\/\/files.sunoresearch.com.br\/n\/uploads\/2023\/05\/selic.jpg","contentUrl":"https:\/\/files.sunoresearch.com.br\/n\/uploads\/2023\/05\/selic.jpg","width":1200,"height":800,"caption":"Quais melhores investimentos para \u201csurfar\u201d a queda da Selic? - Foto: iStock"},{"@type":"BreadcrumbList","@id":"https:\/\/www.suno.com.br\/noticias\/colunas\/richetti\/renda-fixa-selic-sera-acabou-festa\/#breadcrumb","itemListElement":[{"@type":"ListItem","position":1,"name":"Not\u00edcias","item":"https:\/\/www.suno.com.br\/noticias\/"},{"@type":"ListItem","position":2,"name":"Colunas","item":"https:\/\/www.suno.com.br\/noticias\/colunas\/"},{"@type":"ListItem","position":3,"name":"Renda fixa X Selic: Acabou a festa?"}]},{"@type":"WebSite","@id":"https:\/\/www.suno.com.br\/noticias\/#website","url":"https:\/\/www.suno.com.br\/noticias\/","name":"Suno Not\u00edcias","description":"Seu portal de informa\u00e7\u00e3o sobre o mundo dos investimentos","publisher":{"@id":"https:\/\/www.suno.com.br\/noticias\/#organization"},"potentialAction":[{"@type":"SearchAction","target":{"@type":"EntryPoint","urlTemplate":"https:\/\/www.suno.com.br\/noticias\/?s={search_term_string}"},"query-input":{"@type":"PropertyValueSpecification","valueRequired":true,"valueName":"search_term_string"}}],"inLanguage":"pt-BR"},{"@type":"Organization","@id":"https:\/\/www.suno.com.br\/noticias\/#organization","name":"Suno Not\u00edcias","url":"https:\/\/www.suno.com.br\/noticias\/","logo":{"@type":"ImageObject","inLanguage":"pt-BR","@id":"https:\/\/www.suno.com.br\/noticias\/#\/schema\/logo\/image\/","url":"https:\/\/files.sunoresearch.com.br\/n\/uploads\/2021\/09\/suno-logo.png","contentUrl":"https:\/\/files.sunoresearch.com.br\/n\/uploads\/2021\/09\/suno-logo.png","width":180,"height":180,"caption":"Suno Not\u00edcias"},"image":{"@id":"https:\/\/www.suno.com.br\/noticias\/#\/schema\/logo\/image\/"},"sameAs":["https:\/\/facebook.com\/sunoresearch","https:\/\/x.com\/sunoresearch","https:\/\/www.instagram.com\/suno","https:\/\/www.linkedin.com\/company\/suno-research\/","https:\/\/www.youtube.com\/c\/sunoresearch"]},{"@type":"Person","@id":"https:\/\/www.suno.com.br\/noticias\/#\/schema\/person\/6a377877f327bbb16f2a435914d398a1","name":"Dierson Richetti","image":{"@type":"ImageObject","inLanguage":"pt-BR","@id":"https:\/\/www.suno.com.br\/noticias\/#\/schema\/person\/image\/","url":"https:\/\/secure.gravatar.com\/avatar\/21aefdf5c4d7c0f3dc975de8d9e83dd8?s=96&r=g","contentUrl":"https:\/\/secure.gravatar.com\/avatar\/21aefdf5c4d7c0f3dc975de8d9e83dd8?s=96&r=g","caption":"Dierson Richetti"},"description":"Dierson Richetti \u00e9 especialista em mercado de capitais e s\u00f3cio da GT CAPITAL. Atua no escrit\u00f3rio na \u00e1rea de prospec\u00e7\u00e3o, aloca\u00e7\u00e3o, acompanhamento de carteiras e relacionamento com os clientes. Trabalhou mais de 10 anos na Braskem S.A. E ap\u00f3s passagem pela companhia, atuou no escrit\u00f3rio Liberta Investimentos - XP. Atualmente, \u00e9 s\u00f3cio na GT Capital. Engenheiro, possui MBA em Broker Global pelo IBMEC-SP.","url":"https:\/\/www.suno.com.br\/noticias\/author\/richetti\/"}]}},"amp_enabled":true,"_links":{"self":[{"href":"https:\/\/www.suno.com.br\/noticias\/wp-json\/wp\/v2\/suno_column\/484368"}],"collection":[{"href":"https:\/\/www.suno.com.br\/noticias\/wp-json\/wp\/v2\/suno_column"}],"about":[{"href":"https:\/\/www.suno.com.br\/noticias\/wp-json\/wp\/v2\/types\/suno_column"}],"author":[{"embeddable":true,"href":"https:\/\/www.suno.com.br\/noticias\/wp-json\/wp\/v2\/users\/330"}],"wp:featuredmedia":[{"embeddable":true,"href":"https:\/\/www.suno.com.br\/noticias\/wp-json\/wp\/v2\/media\/408708"}],"wp:attachment":[{"href":"https:\/\/www.suno.com.br\/noticias\/wp-json\/wp\/v2\/media?parent=484368"}],"wp:term":[{"taxonomy":"post_tag","embeddable":true,"href":"https:\/\/www.suno.com.br\/noticias\/wp-json\/wp\/v2\/tags?post=484368"}],"curies":[{"name":"wp","href":"https:\/\/api.w.org\/{rel}","templated":true}]}}