{"id":479910,"date":"2023-11-01T13:29:38","date_gmt":"2023-11-01T16:29:38","guid":{"rendered":"https:\/\/www.suno.com.br\/noticias\/colunas\/marco-lopes\/\/"},"modified":"2023-11-01T13:33:23","modified_gmt":"2023-11-01T16:33:23","slug":"novo-marco-regulatorio-fundos-obrigatorio-deposito-valores-mobiliarios","status":"publish","type":"suno_column","link":"https:\/\/www.suno.com.br\/noticias\/colunas\/rodrigo-amato\/novo-marco-regulatorio-fundos-obrigatorio-deposito-valores-mobiliarios\/","title":{"rendered":"Novo Marco Regulat\u00f3rio de Fundos torna obrigat\u00f3rio o dep\u00f3sito de valores mobili\u00e1rios"},"content":{"rendered":"<p>Desde o come\u00e7o deste m\u00eas, quando entrou em vigor a<strong> Resolu\u00e7\u00e3o CVM 175<\/strong>, uma importante regra passou a valer para valores mobili\u00e1rios adquiridos por Fundo de Investimentos em Direitos Credit\u00f3rios (FIDC): a obrigatoriedade do dep\u00f3sito em uma central deposit\u00e1ria de valores mobili\u00e1rios. Tal obrigatoriedade j\u00e1 se observava ou por exig\u00eancia regulat\u00f3ria (ICVM 555) ou por boas pr\u00e1ticas para a ind\u00fastria de fundos de renda fixa em geral, o que eleva a governan\u00e7a de um FIDC aos patamares mais seguros da ind\u00fastria de fundos.<\/p>\t<div class=\"wrapper-featured-image\">\n\t\t<figure class=\"spotlightImg\">\n\n\t\t\t<picture>\n\t\t\t\t<source media=\"(max-width: 768px)\" srcset=\"https:\/\/files.sunoresearch.com.br\/n\/uploads\/2022\/12\/cvm-400x200.jpg\">\n\t\t\t\t<img loading=\"lazy\" decoding=\"async\" class=\"newsContent__article__imgCapa lazyloadDisabled \" src=\"https:\/\/files.sunoresearch.com.br\/n\/uploads\/2022\/12\/cvm-800x450.jpg\" width=\"800\" height=\"450\" alt=\"Novo Marco Regulat\u00f3rio de Fundos torna obrigat\u00f3rio o dep\u00f3sito de valores mobili\u00e1rios\" fetchpriority=high \/>\n\t\t\t<\/picture>\n\n\t\t\t<figcaption class=\"wp-caption-text wp-caption-text--show\">Comiss\u00e3o de Valores Mobili\u00e1rios (CVM) Foto: Reprodu\u00e7\u00e3o\/Facebook<\/figcaption>\n\t\t<\/figure>\n\t<\/div>\n\n\n\n\n\n\t<p>\n\t\t<a href=\"https:\/\/lp.suno.com.br\/planilha-da-vida-financeira\/\" target=\"_blank\" data-element=\"shortcode-suno-banner\" title=\"Banner SUNO, clique e saiba mais\">\n\t\t\t<picture>\n\t\t\t\t<source media=\"(max-width: 500px)\" srcset=\"https:\/\/files.sunoresearch.com.br\/n\/uploads\/2023\/04\/400x300-Planilha-vida-financeira-true.png\">\n\t\t\t\t<img class=\"newsContent__article__imgCapa newsContent__article__imgCapa--banner\"\n\t\t\t\t\tsrc=\"https:\/\/files.sunoresearch.com.br\/n\/uploads\/2023\/04\/1420x240-Planilha-vida-financeira-true.png\"\n\t\t\t\t\tdata-promo-id=\"106682\"\t\t\t\t\t\t\t\t\t\twidth='1420' height='240'\t\t\t\t\talt=\"https:\/\/files.sunoresearch.com.br\/n\/uploads\/2023\/04\/1420x240-Planilha-vida-financeira-true.png\"\n\t\t\t\t>\n\t\t\t<\/picture>\n\t\t<\/a>\n\t<\/p>\n\n\n\n\n\n\n\n<p>A <strong>RCVM 175<\/strong>, que entrou em vigor em 2 de outubro, ressalta a import\u00e2ncia do item 1 do Artigo 28 da RCVM 31, no qual afirma que \u201cum valor mobili\u00e1rio escritural deve ter seu registro efetuado em deposit\u00e1ria central para que se possa proceder com a emiss\u00e3o e transfer\u00eancias de titularidade, tanto prim\u00e1ria quanto secund\u00e1ria\u201d. Ou seja, caso o valor mobili\u00e1rio n\u00e3o esteja depositado, \u00e9 imposs\u00edvel realizar a negocia\u00e7\u00e3o de uma nota comercial, por exemplo, com amparo legal e normativo, seja em mercado prim\u00e1rio ou secund\u00e1rio.<\/p>\n\n\n\n<p>Nesse sentido, o registro representa apenas uma parte do processo. Quando os valores s\u00e3o depositados em uma <strong>central deposit\u00e1ria<\/strong>, eles s\u00e3o mantidos em um ambiente altamente regulamentado e seguro. Dessa forma, o investidor obt\u00e9m uma trilha clara e transparente de todas as transa\u00e7\u00f5es e movimenta\u00e7\u00f5es de seus valores mobili\u00e1rios.<\/p>\n\n\n\n<ul class=\"wp-block-list\">\n<li>Entenda as vantagens do dep\u00f3sito em central deposit\u00e1ria de <strong>valores mobili\u00e1rios<\/strong>:<\/li>\n\n\n\n<li>Prote\u00e7\u00e3o contra perdas e riscos: quando se depositam valores em uma central deposit\u00e1ria, eles s\u00e3o mantidos em um ambiente altamente regulamentado e seguro.;<\/li>\n\n\n\n<li>Rastreabilidade e transpar\u00eancia: com o dep\u00f3sito, se obt\u00e9m uma trilha clara e transparente de todas as transa\u00e7\u00f5es e movimenta\u00e7\u00f5es dos valores mobili\u00e1rios. Isso oferece uma garantia de que tudo est\u00e1 ocorrendo conforme o planejado, sem espa\u00e7o para surpresas desagrad\u00e1veis;<\/li>\n\n\n\n<li>Facilita\u00e7\u00e3o das negocia\u00e7\u00f5es: quando os valores est\u00e3o depositados, a negocia\u00e7\u00e3o se torna mais simples e eficiente, j\u00e1 que o processo \u00e9 padronizado e mais \u00e1gil, o que atrai investidores e proporciona uma melhor experi\u00eancia para todos os envolvidos;<\/li>\n\n\n\n<li>Acesso a mercados regulamentados: se a inten\u00e7\u00e3o \u00e9 eventualmente listar os valores mobili\u00e1rios em uma bolsa de valores ou mercado regulamentado, o dep\u00f3sito \u00e9 um pr\u00e9-requisito. \u00c9 necess\u00e1rio seguir os <strong>procedimentos regulat\u00f3rios da CVM<\/strong>;<\/li>\n\n\n\n<li>Garantia de propriedade: o dep\u00f3sito assegura que haja o investidor seja reconhecido como o verdadeiro propriet\u00e1rio dos valores mobili\u00e1rios. Isso evita disputas por limbos regulat\u00f3rios e legais e potenciais problemas futuros.<\/li>\n<\/ul>\n\n\n\n<p>Se eu pudesse dar um conselho a um investidor, eu diria para n\u00e3o arriscar seus ativos. O mercado de capitais \u00e9 um terreno super competitivo, ent\u00e3o preze pela seguran\u00e7a, transpar\u00eancia e confiabilidade.<\/p>\n\n\n\n<p><em>(*) Fundador e CEO da Laqus, um ecossistema de solu\u00e7\u00f5es que oferece intelig\u00eancia, formaliza\u00e7\u00e3o e gest\u00e3o de opera\u00e7\u00f5es financeiras por meio da tecnologia, proporcionando uma abordagem personalizada, segura e \u00e1gil, ampliando oportunidades de neg\u00f3cios para empresas e investidores no mercado de capitais. Em junho de 2021, obteve a homologa\u00e7\u00e3o junto \u00e0 Comiss\u00e3o de Valores Mobili\u00e1rios (CVM) para atuar como Central Deposit\u00e1ria de Valores Mobili\u00e1rios, sendo a \u00fanica companhia al\u00e9m da B3 autorizada a operar neste mercado.<\/em><\/p>\n\n\n\t<p>\n\t\t<a href=\"https:\/\/lp.suno.com.br\/planilha-da-vida-financeira\/\" target=\"_blank\" data-element=\"shortcode-suno-banner\" title=\"Banner SUNO, clique e saiba mais\">\n\t\t\t<picture>\n\t\t\t\t<source media=\"(max-width: 500px)\" srcset=\"https:\/\/files.sunoresearch.com.br\/n\/uploads\/2023\/04\/400x300-Planilha-vida-financeira-true.png\">\n\t\t\t\t<img class=\"newsContent__article__imgCapa newsContent__article__imgCapa--banner\"\n\t\t\t\t\tsrc=\"https:\/\/files.sunoresearch.com.br\/n\/uploads\/2023\/04\/1420x240-Planilha-vida-financeira-true.png\"\n\t\t\t\t\tdata-promo-id=\"106682\"\t\t\t\t\t\t\t\t\t\twidth='1420' height='240'\t\t\t\t\talt=\"https:\/\/files.sunoresearch.com.br\/n\/uploads\/2023\/04\/1420x240-Planilha-vida-financeira-true.png\"\n\t\t\t\t>\n\t\t\t<\/picture>\n\t\t<\/a>\n\t<\/p>\n\n\n\n\n\t<p>\n\t\t<a href=\"https:\/\/lp.suno.com.br\/ebook-como-analisar-uma-acao\/\" target=\"_blank\" data-element=\"shortcode-suno-banner\" title=\"Banner SUNO, clique e saiba mais\">\n\t\t\t<picture>\n\t\t\t\t<source media=\"(max-width: 500px)\" srcset=\"https:\/\/files.sunoresearch.com.br\/n\/uploads\/2023\/03\/Ebook-Acoes-Mobile.jpg\">\n\t\t\t\t<img class=\"newsContent__article__imgCapa newsContent__article__imgCapa--banner\"\n\t\t\t\t\tsrc=\"https:\/\/files.sunoresearch.com.br\/n\/uploads\/2023\/03\/Ebook-Acoes-Desktop.jpg\"\n\t\t\t\t\tdata-promo-id=\"378302\"\t\t\t\t\t\t\t\t\t\twidth='1420' height='286'\t\t\t\t\talt=\"https:\/\/files.sunoresearch.com.br\/n\/uploads\/2023\/03\/Ebook-Acoes-Desktop.jpg\"\n\t\t\t\t>\n\t\t\t<\/picture>\n\t\t<\/a>\n\t<\/p>\n\n\n\n\n\t<p>\n\t\t<a href=\"https:\/\/lp.suno.com.br\/planilha-da-vida-financeira\/\" target=\"_blank\" data-element=\"shortcode-suno-banner\" title=\"Banner SUNO, clique e saiba mais\">\n\t\t\t<picture>\n\t\t\t\t<source media=\"(max-width: 500px)\" srcset=\"https:\/\/files.sunoresearch.com.br\/n\/uploads\/2023\/04\/400x300-Planilha-vida-financeira-true.png\">\n\t\t\t\t<img class=\"newsContent__article__imgCapa newsContent__article__imgCapa--banner\"\n\t\t\t\t\tsrc=\"https:\/\/files.sunoresearch.com.br\/n\/uploads\/2023\/04\/1420x240-Planilha-vida-financeira-true.png\"\n\t\t\t\t\tdata-promo-id=\"383123\"\t\t\t\t\t\t\t\t\t\twidth='1420' height='240'\t\t\t\t\talt=\"https:\/\/files.sunoresearch.com.br\/n\/uploads\/2023\/04\/1420x240-Planilha-vida-financeira-true.png\"\n\t\t\t\t>\n\t\t\t<\/picture>\n\t\t<\/a>\n\t<\/p>\n\n\n","protected":false},"excerpt":{"rendered":"<p>Desde o come\u00e7o deste m\u00eas, quando entrou em vigor a Resolu\u00e7\u00e3o CVM 175, uma importante regra passou a valer para valores mobili\u00e1rios adquiridos por Fundo de Investimento&#8230;<\/p>\n","protected":false},"author":84,"featured_media":330958,"template":"","tags":[902,38650],"class_list":["post-479910","suno_column","type-suno_column","status-publish","has-post-thumbnail","hentry","tag-comissao-de-valores-mobiliarios-cvm","tag-fidc"],"yoast_head":"<!-- This site is optimized with the Yoast SEO plugin v24.4 - https:\/\/yoast.com\/wordpress\/plugins\/seo\/ -->\n<title>Novo Marco Regulat\u00f3rio de Fundos torna obrigat\u00f3rio o dep\u00f3sito de valores mobili\u00e1rios<\/title>\n<meta name=\"description\" content=\"Com a Resolu\u00e7\u00e3o CVM 175, uma importante regra passou a valer para valores mobili\u00e1rios dos FIDCs. Saiba mais aqui\" \/>\n<meta name=\"robots\" content=\"index, follow, max-snippet:-1, max-image-preview:large, max-video-preview:-1\" \/>\n<link rel=\"canonical\" href=\"https:\/\/www.suno.com.br\/noticias\/colunas\/rodrigo-amato\/novo-marco-regulatorio-fundos-obrigatorio-deposito-valores-mobiliarios\/\" \/>\n<meta property=\"og:locale\" content=\"pt_BR\" \/>\n<meta property=\"og:type\" content=\"article\" \/>\n<meta property=\"og:title\" content=\"Novo Marco Regulat\u00f3rio de Fundos torna obrigat\u00f3rio o dep\u00f3sito de valores mobili\u00e1rios\" \/>\n<meta property=\"og:description\" content=\"Com a Resolu\u00e7\u00e3o CVM 175, uma importante regra passou a valer para valores mobili\u00e1rios dos FIDCs. Saiba mais aqui\" \/>\n<meta property=\"og:url\" content=\"https:\/\/www.suno.com.br\/noticias\/colunas\/rodrigo-amato\/novo-marco-regulatorio-fundos-obrigatorio-deposito-valores-mobiliarios\/\" \/>\n<meta property=\"og:site_name\" content=\"Suno Not\u00edcias\" \/>\n<meta property=\"article:publisher\" content=\"https:\/\/facebook.com\/sunoresearch\" \/>\n<meta property=\"og:image\" content=\"https:\/\/files.sunoresearch.com.br\/n\/uploads\/2022\/12\/cvm.jpg\" \/>\n\t<meta property=\"og:image:width\" content=\"1200\" \/>\n\t<meta property=\"og:image:height\" content=\"800\" \/>\n\t<meta property=\"og:image:type\" content=\"image\/jpeg\" \/>\n<meta name=\"twitter:card\" content=\"summary_large_image\" \/>\n<meta name=\"twitter:site\" content=\"@sunoresearch\" \/>\n<meta name=\"twitter:label1\" content=\"Est. tempo de leitura\" \/>\n\t<meta name=\"twitter:data1\" content=\"3 minutos\" \/>\n<script type=\"application\/ld+json\" class=\"yoast-schema-graph\">{\"@context\":\"https:\/\/schema.org\",\"@graph\":[{\"@type\":\"Article\",\"@id\":\"https:\/\/www.suno.com.br\/noticias\/colunas\/rodrigo-amato\/novo-marco-regulatorio-fundos-obrigatorio-deposito-valores-mobiliarios\/#article\",\"isPartOf\":{\"@id\":\"https:\/\/www.suno.com.br\/noticias\/colunas\/rodrigo-amato\/novo-marco-regulatorio-fundos-obrigatorio-deposito-valores-mobiliarios\/\"},\"author\":{\"name\":\"Rodrigo Amato\",\"@id\":\"https:\/\/www.suno.com.br\/noticias\/#\/schema\/person\/c8f66d046654c3876829fba1fdcfcf61\"},\"headline\":\"Novo Marco Regulat\u00f3rio de Fundos torna obrigat\u00f3rio o dep\u00f3sito de valores mobili\u00e1rios\",\"datePublished\":\"2023-11-01T16:29:38+00:00\",\"dateModified\":\"2023-11-01T16:33:23+00:00\",\"mainEntityOfPage\":{\"@id\":\"https:\/\/www.suno.com.br\/noticias\/colunas\/rodrigo-amato\/novo-marco-regulatorio-fundos-obrigatorio-deposito-valores-mobiliarios\/\"},\"wordCount\":593,\"publisher\":{\"@id\":\"https:\/\/www.suno.com.br\/noticias\/#organization\"},\"image\":{\"@id\":\"https:\/\/www.suno.com.br\/noticias\/colunas\/rodrigo-amato\/novo-marco-regulatorio-fundos-obrigatorio-deposito-valores-mobiliarios\/#primaryimage\"},\"thumbnailUrl\":\"https:\/\/files.sunoresearch.com.br\/n\/uploads\/2022\/12\/cvm.jpg\",\"keywords\":[\"Comiss\u00e3o de Valores Mobili\u00e1rios (CVM)\",\"FIDC\"],\"inLanguage\":\"pt-BR\"},{\"@type\":\"WebPage\",\"@id\":\"https:\/\/www.suno.com.br\/noticias\/colunas\/rodrigo-amato\/novo-marco-regulatorio-fundos-obrigatorio-deposito-valores-mobiliarios\/\",\"url\":\"https:\/\/www.suno.com.br\/noticias\/colunas\/rodrigo-amato\/novo-marco-regulatorio-fundos-obrigatorio-deposito-valores-mobiliarios\/\",\"name\":\"Novo Marco Regulat\u00f3rio de Fundos torna obrigat\u00f3rio o dep\u00f3sito de valores mobili\u00e1rios\",\"isPartOf\":{\"@id\":\"https:\/\/www.suno.com.br\/noticias\/#website\"},\"primaryImageOfPage\":{\"@id\":\"https:\/\/www.suno.com.br\/noticias\/colunas\/rodrigo-amato\/novo-marco-regulatorio-fundos-obrigatorio-deposito-valores-mobiliarios\/#primaryimage\"},\"image\":{\"@id\":\"https:\/\/www.suno.com.br\/noticias\/colunas\/rodrigo-amato\/novo-marco-regulatorio-fundos-obrigatorio-deposito-valores-mobiliarios\/#primaryimage\"},\"thumbnailUrl\":\"https:\/\/files.sunoresearch.com.br\/n\/uploads\/2022\/12\/cvm.jpg\",\"datePublished\":\"2023-11-01T16:29:38+00:00\",\"dateModified\":\"2023-11-01T16:33:23+00:00\",\"description\":\"Com a Resolu\u00e7\u00e3o CVM 175, uma importante regra passou a valer para valores mobili\u00e1rios dos FIDCs. Saiba mais aqui\",\"breadcrumb\":{\"@id\":\"https:\/\/www.suno.com.br\/noticias\/colunas\/rodrigo-amato\/novo-marco-regulatorio-fundos-obrigatorio-deposito-valores-mobiliarios\/#breadcrumb\"},\"inLanguage\":\"pt-BR\",\"potentialAction\":[{\"@type\":\"ReadAction\",\"target\":[\"https:\/\/www.suno.com.br\/noticias\/colunas\/rodrigo-amato\/novo-marco-regulatorio-fundos-obrigatorio-deposito-valores-mobiliarios\/\"]}]},{\"@type\":\"ImageObject\",\"inLanguage\":\"pt-BR\",\"@id\":\"https:\/\/www.suno.com.br\/noticias\/colunas\/rodrigo-amato\/novo-marco-regulatorio-fundos-obrigatorio-deposito-valores-mobiliarios\/#primaryimage\",\"url\":\"https:\/\/files.sunoresearch.com.br\/n\/uploads\/2022\/12\/cvm.jpg\",\"contentUrl\":\"https:\/\/files.sunoresearch.com.br\/n\/uploads\/2022\/12\/cvm.jpg\",\"width\":1200,\"height\":800,\"caption\":\"Comiss\u00e3o de Valores Mobili\u00e1rios (CVM) Foto: Reprodu\u00e7\u00e3o\/Facebook\"},{\"@type\":\"BreadcrumbList\",\"@id\":\"https:\/\/www.suno.com.br\/noticias\/colunas\/rodrigo-amato\/novo-marco-regulatorio-fundos-obrigatorio-deposito-valores-mobiliarios\/#breadcrumb\",\"itemListElement\":[{\"@type\":\"ListItem\",\"position\":1,\"name\":\"Not\u00edcias\",\"item\":\"https:\/\/www.suno.com.br\/noticias\/\"},{\"@type\":\"ListItem\",\"position\":2,\"name\":\"Colunas\",\"item\":\"https:\/\/www.suno.com.br\/noticias\/colunas\/\"},{\"@type\":\"ListItem\",\"position\":3,\"name\":\"Novo Marco Regulat\u00f3rio de Fundos torna obrigat\u00f3rio o dep\u00f3sito de valores mobili\u00e1rios\"}]},{\"@type\":\"WebSite\",\"@id\":\"https:\/\/www.suno.com.br\/noticias\/#website\",\"url\":\"https:\/\/www.suno.com.br\/noticias\/\",\"name\":\"Suno Not\u00edcias\",\"description\":\"Seu portal de informa\u00e7\u00e3o sobre o mundo dos investimentos\",\"publisher\":{\"@id\":\"https:\/\/www.suno.com.br\/noticias\/#organization\"},\"potentialAction\":[{\"@type\":\"SearchAction\",\"target\":{\"@type\":\"EntryPoint\",\"urlTemplate\":\"https:\/\/www.suno.com.br\/noticias\/?s={search_term_string}\"},\"query-input\":{\"@type\":\"PropertyValueSpecification\",\"valueRequired\":true,\"valueName\":\"search_term_string\"}}],\"inLanguage\":\"pt-BR\"},{\"@type\":\"Organization\",\"@id\":\"https:\/\/www.suno.com.br\/noticias\/#organization\",\"name\":\"Suno Not\u00edcias\",\"url\":\"https:\/\/www.suno.com.br\/noticias\/\",\"logo\":{\"@type\":\"ImageObject\",\"inLanguage\":\"pt-BR\",\"@id\":\"https:\/\/www.suno.com.br\/noticias\/#\/schema\/logo\/image\/\",\"url\":\"https:\/\/files.sunoresearch.com.br\/n\/uploads\/2021\/09\/suno-logo.png\",\"contentUrl\":\"https:\/\/files.sunoresearch.com.br\/n\/uploads\/2021\/09\/suno-logo.png\",\"width\":180,\"height\":180,\"caption\":\"Suno Not\u00edcias\"},\"image\":{\"@id\":\"https:\/\/www.suno.com.br\/noticias\/#\/schema\/logo\/image\/\"},\"sameAs\":[\"https:\/\/facebook.com\/sunoresearch\",\"https:\/\/x.com\/sunoresearch\",\"https:\/\/www.instagram.com\/suno\",\"https:\/\/www.linkedin.com\/company\/suno-research\/\",\"https:\/\/www.youtube.com\/c\/sunoresearch\"]},{\"@type\":\"Person\",\"@id\":\"https:\/\/www.suno.com.br\/noticias\/#\/schema\/person\/c8f66d046654c3876829fba1fdcfcf61\",\"name\":\"Rodrigo Amato\",\"image\":{\"@type\":\"ImageObject\",\"inLanguage\":\"pt-BR\",\"@id\":\"https:\/\/www.suno.com.br\/noticias\/#\/schema\/person\/image\/\",\"url\":\"https:\/\/secure.gravatar.com\/avatar\/ab183a34f6146f1f7f37662e153fe6b1?s=96&r=g\",\"contentUrl\":\"https:\/\/secure.gravatar.com\/avatar\/ab183a34f6146f1f7f37662e153fe6b1?s=96&r=g\",\"caption\":\"Rodrigo Amato\"},\"description\":\"Fundador e CEO da Laqus, empresa de tecnologia com ampla experi\u00eancia em assuntos relacionados \u00e0 tesouraria e gest\u00e3o de risco. Em junho de 2021, obteve a homologa\u00e7\u00e3o junto \u00e0 Comiss\u00e3o de Valores Mobili\u00e1rios (CVM) para atuar como Central Deposit\u00e1ria de Valores Mobili\u00e1rios, sendo a \u00fanica companhia al\u00e9m da B3 autorizada a operar neste mercado.\",\"sameAs\":[\"https:\/\/www.mark2market.com.br\/\",\"https:\/\/www.linkedin.com\/company\/mark2market\/\"],\"url\":\"https:\/\/www.suno.com.br\/noticias\/author\/rodrigo-amato\/\"}]}<\/script>\n<!-- \/ Yoast SEO plugin. -->","yoast_head_json":{"title":"Novo Marco Regulat\u00f3rio de Fundos torna obrigat\u00f3rio o dep\u00f3sito de valores mobili\u00e1rios","description":"Com a Resolu\u00e7\u00e3o CVM 175, uma importante regra passou a valer para valores mobili\u00e1rios dos FIDCs. Saiba mais aqui","robots":{"index":"index","follow":"follow","max-snippet":"max-snippet:-1","max-image-preview":"max-image-preview:large","max-video-preview":"max-video-preview:-1"},"canonical":"https:\/\/www.suno.com.br\/noticias\/colunas\/rodrigo-amato\/novo-marco-regulatorio-fundos-obrigatorio-deposito-valores-mobiliarios\/","og_locale":"pt_BR","og_type":"article","og_title":"Novo Marco Regulat\u00f3rio de Fundos torna obrigat\u00f3rio o dep\u00f3sito de valores mobili\u00e1rios","og_description":"Com a Resolu\u00e7\u00e3o CVM 175, uma importante regra passou a valer para valores mobili\u00e1rios dos FIDCs. Saiba mais aqui","og_url":"https:\/\/www.suno.com.br\/noticias\/colunas\/rodrigo-amato\/novo-marco-regulatorio-fundos-obrigatorio-deposito-valores-mobiliarios\/","og_site_name":"Suno Not\u00edcias","article_publisher":"https:\/\/facebook.com\/sunoresearch","og_image":[{"width":1200,"height":800,"url":"https:\/\/files.sunoresearch.com.br\/n\/uploads\/2022\/12\/cvm.jpg","type":"image\/jpeg"}],"twitter_card":"summary_large_image","twitter_site":"@sunoresearch","twitter_misc":{"Est. tempo de leitura":"3 minutos"},"schema":{"@context":"https:\/\/schema.org","@graph":[{"@type":"Article","@id":"https:\/\/www.suno.com.br\/noticias\/colunas\/rodrigo-amato\/novo-marco-regulatorio-fundos-obrigatorio-deposito-valores-mobiliarios\/#article","isPartOf":{"@id":"https:\/\/www.suno.com.br\/noticias\/colunas\/rodrigo-amato\/novo-marco-regulatorio-fundos-obrigatorio-deposito-valores-mobiliarios\/"},"author":{"name":"Rodrigo Amato","@id":"https:\/\/www.suno.com.br\/noticias\/#\/schema\/person\/c8f66d046654c3876829fba1fdcfcf61"},"headline":"Novo Marco Regulat\u00f3rio de Fundos torna obrigat\u00f3rio o dep\u00f3sito de valores mobili\u00e1rios","datePublished":"2023-11-01T16:29:38+00:00","dateModified":"2023-11-01T16:33:23+00:00","mainEntityOfPage":{"@id":"https:\/\/www.suno.com.br\/noticias\/colunas\/rodrigo-amato\/novo-marco-regulatorio-fundos-obrigatorio-deposito-valores-mobiliarios\/"},"wordCount":593,"publisher":{"@id":"https:\/\/www.suno.com.br\/noticias\/#organization"},"image":{"@id":"https:\/\/www.suno.com.br\/noticias\/colunas\/rodrigo-amato\/novo-marco-regulatorio-fundos-obrigatorio-deposito-valores-mobiliarios\/#primaryimage"},"thumbnailUrl":"https:\/\/files.sunoresearch.com.br\/n\/uploads\/2022\/12\/cvm.jpg","keywords":["Comiss\u00e3o de Valores Mobili\u00e1rios (CVM)","FIDC"],"inLanguage":"pt-BR"},{"@type":"WebPage","@id":"https:\/\/www.suno.com.br\/noticias\/colunas\/rodrigo-amato\/novo-marco-regulatorio-fundos-obrigatorio-deposito-valores-mobiliarios\/","url":"https:\/\/www.suno.com.br\/noticias\/colunas\/rodrigo-amato\/novo-marco-regulatorio-fundos-obrigatorio-deposito-valores-mobiliarios\/","name":"Novo Marco Regulat\u00f3rio de Fundos torna obrigat\u00f3rio o dep\u00f3sito de valores mobili\u00e1rios","isPartOf":{"@id":"https:\/\/www.suno.com.br\/noticias\/#website"},"primaryImageOfPage":{"@id":"https:\/\/www.suno.com.br\/noticias\/colunas\/rodrigo-amato\/novo-marco-regulatorio-fundos-obrigatorio-deposito-valores-mobiliarios\/#primaryimage"},"image":{"@id":"https:\/\/www.suno.com.br\/noticias\/colunas\/rodrigo-amato\/novo-marco-regulatorio-fundos-obrigatorio-deposito-valores-mobiliarios\/#primaryimage"},"thumbnailUrl":"https:\/\/files.sunoresearch.com.br\/n\/uploads\/2022\/12\/cvm.jpg","datePublished":"2023-11-01T16:29:38+00:00","dateModified":"2023-11-01T16:33:23+00:00","description":"Com a Resolu\u00e7\u00e3o CVM 175, uma importante regra passou a valer para valores mobili\u00e1rios dos FIDCs. Saiba mais aqui","breadcrumb":{"@id":"https:\/\/www.suno.com.br\/noticias\/colunas\/rodrigo-amato\/novo-marco-regulatorio-fundos-obrigatorio-deposito-valores-mobiliarios\/#breadcrumb"},"inLanguage":"pt-BR","potentialAction":[{"@type":"ReadAction","target":["https:\/\/www.suno.com.br\/noticias\/colunas\/rodrigo-amato\/novo-marco-regulatorio-fundos-obrigatorio-deposito-valores-mobiliarios\/"]}]},{"@type":"ImageObject","inLanguage":"pt-BR","@id":"https:\/\/www.suno.com.br\/noticias\/colunas\/rodrigo-amato\/novo-marco-regulatorio-fundos-obrigatorio-deposito-valores-mobiliarios\/#primaryimage","url":"https:\/\/files.sunoresearch.com.br\/n\/uploads\/2022\/12\/cvm.jpg","contentUrl":"https:\/\/files.sunoresearch.com.br\/n\/uploads\/2022\/12\/cvm.jpg","width":1200,"height":800,"caption":"Comiss\u00e3o de Valores Mobili\u00e1rios (CVM) Foto: Reprodu\u00e7\u00e3o\/Facebook"},{"@type":"BreadcrumbList","@id":"https:\/\/www.suno.com.br\/noticias\/colunas\/rodrigo-amato\/novo-marco-regulatorio-fundos-obrigatorio-deposito-valores-mobiliarios\/#breadcrumb","itemListElement":[{"@type":"ListItem","position":1,"name":"Not\u00edcias","item":"https:\/\/www.suno.com.br\/noticias\/"},{"@type":"ListItem","position":2,"name":"Colunas","item":"https:\/\/www.suno.com.br\/noticias\/colunas\/"},{"@type":"ListItem","position":3,"name":"Novo Marco Regulat\u00f3rio de Fundos torna obrigat\u00f3rio o dep\u00f3sito de valores mobili\u00e1rios"}]},{"@type":"WebSite","@id":"https:\/\/www.suno.com.br\/noticias\/#website","url":"https:\/\/www.suno.com.br\/noticias\/","name":"Suno Not\u00edcias","description":"Seu portal de informa\u00e7\u00e3o sobre o mundo dos investimentos","publisher":{"@id":"https:\/\/www.suno.com.br\/noticias\/#organization"},"potentialAction":[{"@type":"SearchAction","target":{"@type":"EntryPoint","urlTemplate":"https:\/\/www.suno.com.br\/noticias\/?s={search_term_string}"},"query-input":{"@type":"PropertyValueSpecification","valueRequired":true,"valueName":"search_term_string"}}],"inLanguage":"pt-BR"},{"@type":"Organization","@id":"https:\/\/www.suno.com.br\/noticias\/#organization","name":"Suno Not\u00edcias","url":"https:\/\/www.suno.com.br\/noticias\/","logo":{"@type":"ImageObject","inLanguage":"pt-BR","@id":"https:\/\/www.suno.com.br\/noticias\/#\/schema\/logo\/image\/","url":"https:\/\/files.sunoresearch.com.br\/n\/uploads\/2021\/09\/suno-logo.png","contentUrl":"https:\/\/files.sunoresearch.com.br\/n\/uploads\/2021\/09\/suno-logo.png","width":180,"height":180,"caption":"Suno Not\u00edcias"},"image":{"@id":"https:\/\/www.suno.com.br\/noticias\/#\/schema\/logo\/image\/"},"sameAs":["https:\/\/facebook.com\/sunoresearch","https:\/\/x.com\/sunoresearch","https:\/\/www.instagram.com\/suno","https:\/\/www.linkedin.com\/company\/suno-research\/","https:\/\/www.youtube.com\/c\/sunoresearch"]},{"@type":"Person","@id":"https:\/\/www.suno.com.br\/noticias\/#\/schema\/person\/c8f66d046654c3876829fba1fdcfcf61","name":"Rodrigo Amato","image":{"@type":"ImageObject","inLanguage":"pt-BR","@id":"https:\/\/www.suno.com.br\/noticias\/#\/schema\/person\/image\/","url":"https:\/\/secure.gravatar.com\/avatar\/ab183a34f6146f1f7f37662e153fe6b1?s=96&r=g","contentUrl":"https:\/\/secure.gravatar.com\/avatar\/ab183a34f6146f1f7f37662e153fe6b1?s=96&r=g","caption":"Rodrigo Amato"},"description":"Fundador e CEO da Laqus, empresa de tecnologia com ampla experi\u00eancia em assuntos relacionados \u00e0 tesouraria e gest\u00e3o de risco. Em junho de 2021, obteve a homologa\u00e7\u00e3o junto \u00e0 Comiss\u00e3o de Valores Mobili\u00e1rios (CVM) para atuar como Central Deposit\u00e1ria de Valores Mobili\u00e1rios, sendo a \u00fanica companhia al\u00e9m da B3 autorizada a operar neste mercado.","sameAs":["https:\/\/www.mark2market.com.br\/","https:\/\/www.linkedin.com\/company\/mark2market\/"],"url":"https:\/\/www.suno.com.br\/noticias\/author\/rodrigo-amato\/"}]}},"amp_enabled":true,"_links":{"self":[{"href":"https:\/\/www.suno.com.br\/noticias\/wp-json\/wp\/v2\/suno_column\/479910"}],"collection":[{"href":"https:\/\/www.suno.com.br\/noticias\/wp-json\/wp\/v2\/suno_column"}],"about":[{"href":"https:\/\/www.suno.com.br\/noticias\/wp-json\/wp\/v2\/types\/suno_column"}],"author":[{"embeddable":true,"href":"https:\/\/www.suno.com.br\/noticias\/wp-json\/wp\/v2\/users\/84"}],"wp:featuredmedia":[{"embeddable":true,"href":"https:\/\/www.suno.com.br\/noticias\/wp-json\/wp\/v2\/media\/330958"}],"wp:attachment":[{"href":"https:\/\/www.suno.com.br\/noticias\/wp-json\/wp\/v2\/media?parent=479910"}],"wp:term":[{"taxonomy":"post_tag","embeddable":true,"href":"https:\/\/www.suno.com.br\/noticias\/wp-json\/wp\/v2\/tags?post=479910"}],"curies":[{"name":"wp","href":"https:\/\/api.w.org\/{rel}","templated":true}]}}