{"id":477866,"date":"2023-10-30T08:00:00","date_gmt":"2023-10-30T11:00:00","guid":{"rendered":"https:\/\/www.suno.com.br\/noticias\/colunas\/marco-lopes\/\/"},"modified":"2023-10-27T22:46:32","modified_gmt":"2023-10-28T01:46:32","slug":"pontos-interseccao-gestao-fiscal-esg-empresas","status":"publish","type":"suno_column","link":"https:\/\/www.suno.com.br\/noticias\/colunas\/thais-borges\/pontos-interseccao-gestao-fiscal-esg-empresas\/","title":{"rendered":"Pontos de intersec\u00e7\u00e3o entre a gest\u00e3o fiscal e o ESG nas empresas"},"content":{"rendered":"<p>Trabalhar por uma agenda <strong>ESG <\/strong>(Environmental, Social and Governance) \u00e9 uma miss\u00e3o compartilhada por organiza\u00e7\u00f5es ao redor do mundo, indo ao encontro de demandas impostas por uma sociedade que j\u00e1 n\u00e3o exime empresas de suas responsabilidades. No Brasil, o cen\u00e1rio \u00e9 similar, visto a import\u00e2ncia de assuntos como sustentabilidade, compromisso social e governan\u00e7a corporativa. De fato, hoje, \u00e9 poss\u00edvel designar ao ESG uma ocupa\u00e7\u00e3o de car\u00e1ter priorit\u00e1rio, o que motiva esfor\u00e7os e inciativas por parte de lideran\u00e7as conscientes quanto ao imediatismo do tema.<\/p>\t<div class=\"wrapper-featured-image\">\n\t\t<figure class=\"spotlightImg\">\n\n\t\t\t<picture>\n\t\t\t\t<source media=\"(max-width: 768px)\" srcset=\"https:\/\/files.sunoresearch.com.br\/n\/uploads\/2022\/08\/semana-esg-final-400x200.jpg\">\n\t\t\t\t<img loading=\"lazy\" decoding=\"async\" class=\"newsContent__article__imgCapa lazyloadDisabled \" src=\"https:\/\/files.sunoresearch.com.br\/n\/uploads\/2022\/08\/semana-esg-final-800x450.jpg\" width=\"800\" height=\"450\" alt=\"Pontos de intersec\u00e7\u00e3o entre a gest\u00e3o fiscal e o ESG nas empresas\" fetchpriority=high \/>\n\t\t\t<\/picture>\n\n\t\t\t<figcaption class=\"wp-caption-text wp-caption-text--show\">ESG - Fonte: Canva<\/figcaption>\n\t\t<\/figure>\n\t<\/div>\n\n\n\n\n\n\t<p>\n\t\t<a href=\"\" target=\"_blank\" data-element=\"shortcode-suno-banner\" title=\"Banner SUNO, clique e saiba mais\">\n\t\t\t<picture>\n\t\t\t\t<source media=\"(max-width: 500px)\" srcset=\"\">\n\t\t\t\t<img class=\"newsContent__article__imgCapa newsContent__article__imgCapa--banner\"\n\t\t\t\t\tsrc=\"\"\n\t\t\t\t\tdata-promo-id=\"240038\"\t\t\t\t\t\t\t\t\t\t\t\t\t\t\talt=\"\"\n\t\t\t\t>\n\t\t\t<\/picture>\n\t\t<\/a>\n\t<\/p>\n\n\n\n\n\n\n\n<p>Transcrever discurso em ganhos reais n\u00e3o \u00e9 f\u00e1cil. E um bom ponto de partida para que <strong>pol\u00edticas de ESG <\/strong>tenham a ader\u00eancia desejada \u00e9 diagnosticar, na pr\u00e1tica, como a empresa pode fomentar essa mudan\u00e7a de DNA em sua cultura organizacional. Isso inclui, diretamente, setores diversificados dentro da cadeia operacional de um neg\u00f3cio. Mas voc\u00ea sabe, especificamente falando, qual \u00e9 a fun\u00e7\u00e3o da gest\u00e3o fiscal para que o ESG funcione como esperado?<\/p>\n\n\n\n<h2 class=\"wp-block-heading\">Austeridade, transpar\u00eancia e conformidade<\/h2>\n\n\n\n<p>O \u201cG\u201d do ESG, traduzido para <strong>governan\u00e7a corporativa<\/strong>, conversa de maneira intr\u00ednseca com um espa\u00e7o de plena conformidade, ou seja, orientado a pilares de compliance. Para atingir esse est\u00e1gio, \u00e9 necess\u00e1rio que a empresa tenha garantias de que est\u00e1 cumprindo com seus deveres fiscais, dentro de um modelo tribut\u00e1rio sem brechas para imprevistos ou irregularidades. Por exemplo, se o departamento fiscal est\u00e1 estruturalmente fragilizado, com sistemas ineficientes e que n\u00e3o trabalham a seguran\u00e7a das informa\u00e7\u00f5es movimentadas e manuseadas, como esperar que essa comunica\u00e7\u00e3o com \u00f3rg\u00e3os fiscalizat\u00f3rios seja conduzida \u00e0 excel\u00eancia?<\/p>\n\n\n\n<p>O dia a dia fiscal \u00e9 sabidamente marcado por um volume informacional elevado, com nuances e detalhes que dificultam a vida de profissionais com pouca expertise na \u00e1rea. Naturalmente, isso traz inseguran\u00e7a jur\u00eddica, deixando, em muitos casos, a empresa no escuro, seja quanto ao recolhimento devido de seus impostos e at\u00e9 mesmo \u00e0 incapacidade de acompanhar prazos e altera\u00e7\u00f5es.<\/p>\n\n\n\n<p>\u00c9 preciso jogar luz \u00e0s atividades fiscais. Em outras palavras, caso o gestor tenha o ESG como prioridade, realizar a\u00e7\u00f5es pontuais para reformular a infraestrutura do setor tribut\u00e1rio ganha tons de obrigatoriedade. A tecnologia \u00e9 uma op\u00e7\u00e3o bem-vinda, pois contribui para uma rotina de processos agilizada, eficiente e segura, liberando os colaboradores para tarefas estrat\u00e9gicas e desenvolvendo um ambiente de maior conformidade. De forma categ\u00f3rica, esse \u00e9 um passo determinante para a <strong>institui\u00e7\u00e3o do Compliance <\/strong>como filosofia corporativa.<\/p>\n\n\n\t<p>\n\t\t<a href=\"https:\/\/lp.suno.com.br\/ebook-gratuito-investindo-no-exterior\/\" target=\"_blank\" data-element=\"shortcode-suno-banner\" title=\"Banner SUNO, clique e saiba mais\">\n\t\t\t<picture>\n\t\t\t\t<source media=\"(max-width: 500px)\" srcset=\"https:\/\/files.sunoresearch.com.br\/n\/uploads\/2023\/03\/400x300-Investindo-no-exterior.png\">\n\t\t\t\t<img class=\"newsContent__article__imgCapa newsContent__article__imgCapa--banner\"\n\t\t\t\t\tsrc=\"https:\/\/files.sunoresearch.com.br\/n\/uploads\/2023\/03\/1420x240-Investindo-no-exterior.png\"\n\t\t\t\t\tdata-promo-id=\"383161\"\t\t\t\t\t\t\t\t\t\twidth='1420' height='240'\t\t\t\t\talt=\"https:\/\/files.sunoresearch.com.br\/n\/uploads\/2023\/03\/1420x240-Investindo-no-exterior.png\"\n\t\t\t\t>\n\t\t\t<\/picture>\n\t\t<\/a>\n\t<\/p>\n\n\n\n\n\n<h2 class=\"wp-block-heading\">Seguran\u00e7a fiscal para avan\u00e7ar com pautas atuais<\/h2>\n\n\n\n<p>Indo al\u00e9m dos aprimoramentos impostos \u00e0 \u00e1rea fiscal \u2013 os quais, vale relembrar, s\u00e3o important\u00edssimos para o funcionalismo e o crescimento de qualquer neg\u00f3cio \u2013, ter esse alto n\u00edvel de maturidade tribut\u00e1ria tamb\u00e9m \u00e9 um pressuposto exigido para que outras pautas promissoras sejam desenvolvidas. Se o objetivo \u00e9 avan\u00e7ar com <strong>medidas de sustentabilidade<\/strong>, \u00e9 sumariamente prefer\u00edvel que a empresa esteja resguardada com suas obriga\u00e7\u00f5es fiscais, bem como preparada para adequar suas opera\u00e7\u00f5es a um novo patamar produtivo, com demandas legais alinhadas com essa mentalidade sustent\u00e1vel.<\/p>\n\n\n\n<p>Para concluir, os pontos de intersec\u00e7\u00e3o entre <strong>gest\u00e3o fiscal<\/strong> e ESG s\u00e3o numerosos e navegam por vertentes variadas dentro de um neg\u00f3cio. N\u00e3o por acaso, o tema pode ser levado para caminhos distintos, desde a estrutura\u00e7\u00e3o de um cen\u00e1rio cont\u00e1bil que possibilite decis\u00f5es financeiras conscientes \u00e0 cria\u00e7\u00e3o de um espa\u00e7o de mais transpar\u00eancia e conformidade. Por estar inserido no cora\u00e7\u00e3o das empresas, como uma das engrenagens respons\u00e1veis pela estabilidade econ\u00f4mica e jur\u00eddica, o departamento tribut\u00e1rio deve, cada vez mais, ser visualizado como um aliado para a implementa\u00e7\u00e3o do <strong>ESG<\/strong>, sob o compromisso de avalizar toda e qualquer iniciativa que incida, mesmo que minimamente, sobre o universo fiscal brasileiro.<\/p>\n\n\n\t<p>\n\t\t<a href=\"https:\/\/lp.suno.com.br\/planilha-da-vida-financeira\/\" target=\"_blank\" data-element=\"shortcode-suno-banner\" title=\"Banner SUNO, clique e saiba mais\">\n\t\t\t<picture>\n\t\t\t\t<source media=\"(max-width: 500px)\" srcset=\"https:\/\/files.sunoresearch.com.br\/n\/uploads\/2023\/04\/400x300-Planilha-vida-financeira-true.png\">\n\t\t\t\t<img class=\"newsContent__article__imgCapa newsContent__article__imgCapa--banner\"\n\t\t\t\t\tsrc=\"https:\/\/files.sunoresearch.com.br\/n\/uploads\/2023\/04\/1420x240-Planilha-vida-financeira-true.png\"\n\t\t\t\t\tdata-promo-id=\"383123\"\t\t\t\t\t\t\t\t\t\twidth='1420' height='240'\t\t\t\t\talt=\"https:\/\/files.sunoresearch.com.br\/n\/uploads\/2023\/04\/1420x240-Planilha-vida-financeira-true.png\"\n\t\t\t\t>\n\t\t\t<\/picture>\n\t\t<\/a>\n\t<\/p>\n\n\n","protected":false},"excerpt":{"rendered":"<p>Trabalhar por uma agenda ESG (Environmental, Social and Governance) \u00e9 uma miss\u00e3o compartilhada por organiza\u00e7\u00f5es ao redor do mundo, indo ao encontro de demandas imposta&#8230;<\/p>\n","protected":false},"author":238,"featured_media":284127,"template":"","tags":[75364],"class_list":["post-477866","suno_column","type-suno_column","status-publish","has-post-thumbnail","hentry","tag-esg"],"yoast_head":"<!-- This site is optimized with the Yoast SEO plugin v24.4 - https:\/\/yoast.com\/wordpress\/plugins\/seo\/ -->\n<title>Pontos de intersec\u00e7\u00e3o entre a gest\u00e3o fiscal e o ESG nas empresas\u00a0<\/title>\n<meta name=\"description\" content=\"Meta priorit\u00e1ria entre empresas, ESG pode e deve ter o apoio de uma gest\u00e3o fiscal efetiva e alinhada com preceitos de conformidade\" \/>\n<meta name=\"robots\" content=\"index, follow, max-snippet:-1, max-image-preview:large, max-video-preview:-1\" \/>\n<link rel=\"canonical\" href=\"https:\/\/www.suno.com.br\/noticias\/colunas\/thais-borges\/pontos-interseccao-gestao-fiscal-esg-empresas\/\" \/>\n<meta property=\"og:locale\" content=\"pt_BR\" \/>\n<meta property=\"og:type\" content=\"article\" \/>\n<meta property=\"og:title\" content=\"Pontos de intersec\u00e7\u00e3o entre a gest\u00e3o fiscal e o ESG nas empresas\u00a0\" \/>\n<meta property=\"og:description\" content=\"Meta priorit\u00e1ria entre empresas, ESG pode e deve ter o apoio de uma gest\u00e3o fiscal efetiva e alinhada com preceitos de conformidade\" \/>\n<meta property=\"og:url\" content=\"https:\/\/www.suno.com.br\/noticias\/colunas\/thais-borges\/pontos-interseccao-gestao-fiscal-esg-empresas\/\" \/>\n<meta property=\"og:site_name\" content=\"Suno Not\u00edcias\" \/>\n<meta property=\"article:publisher\" content=\"https:\/\/facebook.com\/sunoresearch\" \/>\n<meta property=\"og:image\" content=\"http:\/\/files.sunoresearch.com.br\/n\/uploads\/2022\/08\/semana-esg-final.jpg\" \/>\n\t<meta property=\"og:image:width\" content=\"1200\" \/>\n\t<meta property=\"og:image:height\" content=\"800\" \/>\n\t<meta property=\"og:image:type\" content=\"image\/jpeg\" \/>\n<meta name=\"twitter:card\" content=\"summary_large_image\" \/>\n<meta name=\"twitter:site\" content=\"@sunoresearch\" \/>\n<meta name=\"twitter:label1\" content=\"Est. tempo de leitura\" \/>\n\t<meta name=\"twitter:data1\" content=\"4 minutos\" \/>\n<script type=\"application\/ld+json\" class=\"yoast-schema-graph\">{\"@context\":\"https:\/\/schema.org\",\"@graph\":[{\"@type\":\"Article\",\"@id\":\"https:\/\/www.suno.com.br\/noticias\/colunas\/thais-borges\/pontos-interseccao-gestao-fiscal-esg-empresas\/#article\",\"isPartOf\":{\"@id\":\"https:\/\/www.suno.com.br\/noticias\/colunas\/thais-borges\/pontos-interseccao-gestao-fiscal-esg-empresas\/\"},\"author\":{\"name\":\"Thais Borges\",\"@id\":\"https:\/\/www.suno.com.br\/noticias\/#\/schema\/person\/f3d075dbc82a075cbc03dcb5748ea031\"},\"headline\":\"Pontos de intersec\u00e7\u00e3o entre a gest\u00e3o fiscal e o ESG nas empresas\",\"datePublished\":\"2023-10-30T11:00:00+00:00\",\"mainEntityOfPage\":{\"@id\":\"https:\/\/www.suno.com.br\/noticias\/colunas\/thais-borges\/pontos-interseccao-gestao-fiscal-esg-empresas\/\"},\"wordCount\":664,\"publisher\":{\"@id\":\"https:\/\/www.suno.com.br\/noticias\/#organization\"},\"image\":{\"@id\":\"https:\/\/www.suno.com.br\/noticias\/colunas\/thais-borges\/pontos-interseccao-gestao-fiscal-esg-empresas\/#primaryimage\"},\"thumbnailUrl\":\"https:\/\/files.sunoresearch.com.br\/n\/uploads\/2022\/08\/semana-esg-final.jpg\",\"keywords\":[\"ESG\"],\"inLanguage\":\"pt-BR\"},{\"@type\":\"WebPage\",\"@id\":\"https:\/\/www.suno.com.br\/noticias\/colunas\/thais-borges\/pontos-interseccao-gestao-fiscal-esg-empresas\/\",\"url\":\"https:\/\/www.suno.com.br\/noticias\/colunas\/thais-borges\/pontos-interseccao-gestao-fiscal-esg-empresas\/\",\"name\":\"Pontos de intersec\u00e7\u00e3o entre a gest\u00e3o fiscal e o ESG nas empresas\u00a0\",\"isPartOf\":{\"@id\":\"https:\/\/www.suno.com.br\/noticias\/#website\"},\"primaryImageOfPage\":{\"@id\":\"https:\/\/www.suno.com.br\/noticias\/colunas\/thais-borges\/pontos-interseccao-gestao-fiscal-esg-empresas\/#primaryimage\"},\"image\":{\"@id\":\"https:\/\/www.suno.com.br\/noticias\/colunas\/thais-borges\/pontos-interseccao-gestao-fiscal-esg-empresas\/#primaryimage\"},\"thumbnailUrl\":\"https:\/\/files.sunoresearch.com.br\/n\/uploads\/2022\/08\/semana-esg-final.jpg\",\"datePublished\":\"2023-10-30T11:00:00+00:00\",\"description\":\"Meta priorit\u00e1ria entre empresas, ESG pode e deve ter o apoio de uma gest\u00e3o fiscal efetiva e alinhada com preceitos de conformidade\",\"breadcrumb\":{\"@id\":\"https:\/\/www.suno.com.br\/noticias\/colunas\/thais-borges\/pontos-interseccao-gestao-fiscal-esg-empresas\/#breadcrumb\"},\"inLanguage\":\"pt-BR\",\"potentialAction\":[{\"@type\":\"ReadAction\",\"target\":[\"https:\/\/www.suno.com.br\/noticias\/colunas\/thais-borges\/pontos-interseccao-gestao-fiscal-esg-empresas\/\"]}]},{\"@type\":\"ImageObject\",\"inLanguage\":\"pt-BR\",\"@id\":\"https:\/\/www.suno.com.br\/noticias\/colunas\/thais-borges\/pontos-interseccao-gestao-fiscal-esg-empresas\/#primaryimage\",\"url\":\"https:\/\/files.sunoresearch.com.br\/n\/uploads\/2022\/08\/semana-esg-final.jpg\",\"contentUrl\":\"https:\/\/files.sunoresearch.com.br\/n\/uploads\/2022\/08\/semana-esg-final.jpg\",\"width\":1200,\"height\":800,\"caption\":\"ESG - Fonte: Canva\"},{\"@type\":\"BreadcrumbList\",\"@id\":\"https:\/\/www.suno.com.br\/noticias\/colunas\/thais-borges\/pontos-interseccao-gestao-fiscal-esg-empresas\/#breadcrumb\",\"itemListElement\":[{\"@type\":\"ListItem\",\"position\":1,\"name\":\"Not\u00edcias\",\"item\":\"https:\/\/www.suno.com.br\/noticias\/\"},{\"@type\":\"ListItem\",\"position\":2,\"name\":\"Colunas\",\"item\":\"https:\/\/www.suno.com.br\/noticias\/colunas\/\"},{\"@type\":\"ListItem\",\"position\":3,\"name\":\"Pontos de intersec\u00e7\u00e3o entre a gest\u00e3o fiscal e o ESG nas empresas\"}]},{\"@type\":\"WebSite\",\"@id\":\"https:\/\/www.suno.com.br\/noticias\/#website\",\"url\":\"https:\/\/www.suno.com.br\/noticias\/\",\"name\":\"Suno Not\u00edcias\",\"description\":\"Seu portal de informa\u00e7\u00e3o sobre o mundo dos investimentos\",\"publisher\":{\"@id\":\"https:\/\/www.suno.com.br\/noticias\/#organization\"},\"potentialAction\":[{\"@type\":\"SearchAction\",\"target\":{\"@type\":\"EntryPoint\",\"urlTemplate\":\"https:\/\/www.suno.com.br\/noticias\/?s={search_term_string}\"},\"query-input\":{\"@type\":\"PropertyValueSpecification\",\"valueRequired\":true,\"valueName\":\"search_term_string\"}}],\"inLanguage\":\"pt-BR\"},{\"@type\":\"Organization\",\"@id\":\"https:\/\/www.suno.com.br\/noticias\/#organization\",\"name\":\"Suno Not\u00edcias\",\"url\":\"https:\/\/www.suno.com.br\/noticias\/\",\"logo\":{\"@type\":\"ImageObject\",\"inLanguage\":\"pt-BR\",\"@id\":\"https:\/\/www.suno.com.br\/noticias\/#\/schema\/logo\/image\/\",\"url\":\"https:\/\/files.sunoresearch.com.br\/n\/uploads\/2021\/09\/suno-logo.png\",\"contentUrl\":\"https:\/\/files.sunoresearch.com.br\/n\/uploads\/2021\/09\/suno-logo.png\",\"width\":180,\"height\":180,\"caption\":\"Suno Not\u00edcias\"},\"image\":{\"@id\":\"https:\/\/www.suno.com.br\/noticias\/#\/schema\/logo\/image\/\"},\"sameAs\":[\"https:\/\/facebook.com\/sunoresearch\",\"https:\/\/x.com\/sunoresearch\",\"https:\/\/www.instagram.com\/suno\",\"https:\/\/www.linkedin.com\/company\/suno-research\/\",\"https:\/\/www.youtube.com\/c\/sunoresearch\"]},{\"@type\":\"Person\",\"@id\":\"https:\/\/www.suno.com.br\/noticias\/#\/schema\/person\/f3d075dbc82a075cbc03dcb5748ea031\",\"name\":\"Thais Borges\",\"image\":{\"@type\":\"ImageObject\",\"inLanguage\":\"pt-BR\",\"@id\":\"https:\/\/www.suno.com.br\/noticias\/#\/schema\/person\/image\/\",\"url\":\"https:\/\/secure.gravatar.com\/avatar\/d5b64c8065eed70d93c882b04f90d55d?s=96&r=g\",\"contentUrl\":\"https:\/\/secure.gravatar.com\/avatar\/d5b64c8065eed70d93c882b04f90d55d?s=96&r=g\",\"caption\":\"Thais Borges\"},\"description\":\"S\u00f3cia e Diretora Comercial da Systax, empresa de intelig\u00eancia fiscal. Mais de 20 anos de atua\u00e7\u00e3o em vendas de solu\u00e7\u00f5es e servi\u00e7os para \u00e1rea fiscal\/tribut\u00e1ria. P\u00f3s-graduada em Gest\u00e3o Estrat\u00e9gica de Vendas, com MBA em Gest\u00e3o Estrat\u00e9gica e Econ\u00f4mica de Neg\u00f3cios.\",\"sameAs\":[\"https:\/\/www.linkedin.com\/in\/thas-borges\/\"],\"url\":\"https:\/\/www.suno.com.br\/noticias\/author\/thais-borges\/\"}]}<\/script>\n<!-- \/ Yoast SEO plugin. -->","yoast_head_json":{"title":"Pontos de intersec\u00e7\u00e3o entre a gest\u00e3o fiscal e o ESG nas empresas\u00a0","description":"Meta priorit\u00e1ria entre empresas, ESG pode e deve ter o apoio de uma gest\u00e3o fiscal efetiva e alinhada com preceitos de conformidade","robots":{"index":"index","follow":"follow","max-snippet":"max-snippet:-1","max-image-preview":"max-image-preview:large","max-video-preview":"max-video-preview:-1"},"canonical":"https:\/\/www.suno.com.br\/noticias\/colunas\/thais-borges\/pontos-interseccao-gestao-fiscal-esg-empresas\/","og_locale":"pt_BR","og_type":"article","og_title":"Pontos de intersec\u00e7\u00e3o entre a gest\u00e3o fiscal e o ESG nas empresas\u00a0","og_description":"Meta priorit\u00e1ria entre empresas, ESG pode e deve ter o apoio de uma gest\u00e3o fiscal efetiva e alinhada com preceitos de conformidade","og_url":"https:\/\/www.suno.com.br\/noticias\/colunas\/thais-borges\/pontos-interseccao-gestao-fiscal-esg-empresas\/","og_site_name":"Suno Not\u00edcias","article_publisher":"https:\/\/facebook.com\/sunoresearch","og_image":[{"width":1200,"height":800,"url":"http:\/\/files.sunoresearch.com.br\/n\/uploads\/2022\/08\/semana-esg-final.jpg","type":"image\/jpeg"}],"twitter_card":"summary_large_image","twitter_site":"@sunoresearch","twitter_misc":{"Est. tempo de leitura":"4 minutos"},"schema":{"@context":"https:\/\/schema.org","@graph":[{"@type":"Article","@id":"https:\/\/www.suno.com.br\/noticias\/colunas\/thais-borges\/pontos-interseccao-gestao-fiscal-esg-empresas\/#article","isPartOf":{"@id":"https:\/\/www.suno.com.br\/noticias\/colunas\/thais-borges\/pontos-interseccao-gestao-fiscal-esg-empresas\/"},"author":{"name":"Thais Borges","@id":"https:\/\/www.suno.com.br\/noticias\/#\/schema\/person\/f3d075dbc82a075cbc03dcb5748ea031"},"headline":"Pontos de intersec\u00e7\u00e3o entre a gest\u00e3o fiscal e o ESG nas empresas","datePublished":"2023-10-30T11:00:00+00:00","mainEntityOfPage":{"@id":"https:\/\/www.suno.com.br\/noticias\/colunas\/thais-borges\/pontos-interseccao-gestao-fiscal-esg-empresas\/"},"wordCount":664,"publisher":{"@id":"https:\/\/www.suno.com.br\/noticias\/#organization"},"image":{"@id":"https:\/\/www.suno.com.br\/noticias\/colunas\/thais-borges\/pontos-interseccao-gestao-fiscal-esg-empresas\/#primaryimage"},"thumbnailUrl":"https:\/\/files.sunoresearch.com.br\/n\/uploads\/2022\/08\/semana-esg-final.jpg","keywords":["ESG"],"inLanguage":"pt-BR"},{"@type":"WebPage","@id":"https:\/\/www.suno.com.br\/noticias\/colunas\/thais-borges\/pontos-interseccao-gestao-fiscal-esg-empresas\/","url":"https:\/\/www.suno.com.br\/noticias\/colunas\/thais-borges\/pontos-interseccao-gestao-fiscal-esg-empresas\/","name":"Pontos de intersec\u00e7\u00e3o entre a gest\u00e3o fiscal e o ESG nas empresas\u00a0","isPartOf":{"@id":"https:\/\/www.suno.com.br\/noticias\/#website"},"primaryImageOfPage":{"@id":"https:\/\/www.suno.com.br\/noticias\/colunas\/thais-borges\/pontos-interseccao-gestao-fiscal-esg-empresas\/#primaryimage"},"image":{"@id":"https:\/\/www.suno.com.br\/noticias\/colunas\/thais-borges\/pontos-interseccao-gestao-fiscal-esg-empresas\/#primaryimage"},"thumbnailUrl":"https:\/\/files.sunoresearch.com.br\/n\/uploads\/2022\/08\/semana-esg-final.jpg","datePublished":"2023-10-30T11:00:00+00:00","description":"Meta priorit\u00e1ria entre empresas, ESG pode e deve ter o apoio de uma gest\u00e3o fiscal efetiva e alinhada com preceitos de conformidade","breadcrumb":{"@id":"https:\/\/www.suno.com.br\/noticias\/colunas\/thais-borges\/pontos-interseccao-gestao-fiscal-esg-empresas\/#breadcrumb"},"inLanguage":"pt-BR","potentialAction":[{"@type":"ReadAction","target":["https:\/\/www.suno.com.br\/noticias\/colunas\/thais-borges\/pontos-interseccao-gestao-fiscal-esg-empresas\/"]}]},{"@type":"ImageObject","inLanguage":"pt-BR","@id":"https:\/\/www.suno.com.br\/noticias\/colunas\/thais-borges\/pontos-interseccao-gestao-fiscal-esg-empresas\/#primaryimage","url":"https:\/\/files.sunoresearch.com.br\/n\/uploads\/2022\/08\/semana-esg-final.jpg","contentUrl":"https:\/\/files.sunoresearch.com.br\/n\/uploads\/2022\/08\/semana-esg-final.jpg","width":1200,"height":800,"caption":"ESG - Fonte: Canva"},{"@type":"BreadcrumbList","@id":"https:\/\/www.suno.com.br\/noticias\/colunas\/thais-borges\/pontos-interseccao-gestao-fiscal-esg-empresas\/#breadcrumb","itemListElement":[{"@type":"ListItem","position":1,"name":"Not\u00edcias","item":"https:\/\/www.suno.com.br\/noticias\/"},{"@type":"ListItem","position":2,"name":"Colunas","item":"https:\/\/www.suno.com.br\/noticias\/colunas\/"},{"@type":"ListItem","position":3,"name":"Pontos de intersec\u00e7\u00e3o entre a gest\u00e3o fiscal e o ESG nas empresas"}]},{"@type":"WebSite","@id":"https:\/\/www.suno.com.br\/noticias\/#website","url":"https:\/\/www.suno.com.br\/noticias\/","name":"Suno Not\u00edcias","description":"Seu portal de informa\u00e7\u00e3o sobre o mundo dos investimentos","publisher":{"@id":"https:\/\/www.suno.com.br\/noticias\/#organization"},"potentialAction":[{"@type":"SearchAction","target":{"@type":"EntryPoint","urlTemplate":"https:\/\/www.suno.com.br\/noticias\/?s={search_term_string}"},"query-input":{"@type":"PropertyValueSpecification","valueRequired":true,"valueName":"search_term_string"}}],"inLanguage":"pt-BR"},{"@type":"Organization","@id":"https:\/\/www.suno.com.br\/noticias\/#organization","name":"Suno Not\u00edcias","url":"https:\/\/www.suno.com.br\/noticias\/","logo":{"@type":"ImageObject","inLanguage":"pt-BR","@id":"https:\/\/www.suno.com.br\/noticias\/#\/schema\/logo\/image\/","url":"https:\/\/files.sunoresearch.com.br\/n\/uploads\/2021\/09\/suno-logo.png","contentUrl":"https:\/\/files.sunoresearch.com.br\/n\/uploads\/2021\/09\/suno-logo.png","width":180,"height":180,"caption":"Suno Not\u00edcias"},"image":{"@id":"https:\/\/www.suno.com.br\/noticias\/#\/schema\/logo\/image\/"},"sameAs":["https:\/\/facebook.com\/sunoresearch","https:\/\/x.com\/sunoresearch","https:\/\/www.instagram.com\/suno","https:\/\/www.linkedin.com\/company\/suno-research\/","https:\/\/www.youtube.com\/c\/sunoresearch"]},{"@type":"Person","@id":"https:\/\/www.suno.com.br\/noticias\/#\/schema\/person\/f3d075dbc82a075cbc03dcb5748ea031","name":"Thais Borges","image":{"@type":"ImageObject","inLanguage":"pt-BR","@id":"https:\/\/www.suno.com.br\/noticias\/#\/schema\/person\/image\/","url":"https:\/\/secure.gravatar.com\/avatar\/d5b64c8065eed70d93c882b04f90d55d?s=96&r=g","contentUrl":"https:\/\/secure.gravatar.com\/avatar\/d5b64c8065eed70d93c882b04f90d55d?s=96&r=g","caption":"Thais Borges"},"description":"S\u00f3cia e Diretora Comercial da Systax, empresa de intelig\u00eancia fiscal. Mais de 20 anos de atua\u00e7\u00e3o em vendas de solu\u00e7\u00f5es e servi\u00e7os para \u00e1rea fiscal\/tribut\u00e1ria. P\u00f3s-graduada em Gest\u00e3o Estrat\u00e9gica de Vendas, com MBA em Gest\u00e3o Estrat\u00e9gica e Econ\u00f4mica de Neg\u00f3cios.","sameAs":["https:\/\/www.linkedin.com\/in\/thas-borges\/"],"url":"https:\/\/www.suno.com.br\/noticias\/author\/thais-borges\/"}]}},"amp_enabled":true,"_links":{"self":[{"href":"https:\/\/www.suno.com.br\/noticias\/wp-json\/wp\/v2\/suno_column\/477866"}],"collection":[{"href":"https:\/\/www.suno.com.br\/noticias\/wp-json\/wp\/v2\/suno_column"}],"about":[{"href":"https:\/\/www.suno.com.br\/noticias\/wp-json\/wp\/v2\/types\/suno_column"}],"author":[{"embeddable":true,"href":"https:\/\/www.suno.com.br\/noticias\/wp-json\/wp\/v2\/users\/238"}],"wp:featuredmedia":[{"embeddable":true,"href":"https:\/\/www.suno.com.br\/noticias\/wp-json\/wp\/v2\/media\/284127"}],"wp:attachment":[{"href":"https:\/\/www.suno.com.br\/noticias\/wp-json\/wp\/v2\/media?parent=477866"}],"wp:term":[{"taxonomy":"post_tag","embeddable":true,"href":"https:\/\/www.suno.com.br\/noticias\/wp-json\/wp\/v2\/tags?post=477866"}],"curies":[{"name":"wp","href":"https:\/\/api.w.org\/{rel}","templated":true}]}}