{"id":474994,"date":"2023-10-24T08:00:00","date_gmt":"2023-10-24T11:00:00","guid":{"rendered":"https:\/\/www.suno.com.br\/noticias\/colunas\/marco-lopes\/\/"},"modified":"2023-10-23T15:09:39","modified_gmt":"2023-10-23T18:09:39","slug":"como-fazer-sua-empresa-virar-ano-positivo","status":"publish","type":"suno_column","link":"https:\/\/www.suno.com.br\/noticias\/colunas\/pedro-signorelli\/como-fazer-sua-empresa-virar-ano-positivo\/","title":{"rendered":"Como fazer a sua empresa virar o ano positivo?"},"content":{"rendered":"<p>Estamos no \u00faltimo trimestre de 2023 e a maioria, sen\u00e3o todas as <strong>empresas<\/strong>, est\u00e3o em momento de constru\u00e7\u00e3o do or\u00e7amento para 2024, avaliando o que deu certo e o que deu errado ao longo deste ano e pensando nas mudan\u00e7as que dever\u00e3o ser feitas assim que o pr\u00f3ximo ano come\u00e7ar. Deixar para pensar nessas quest\u00f5es apenas em janeiro n\u00e3o \u00e9 uma boa ideia, visto que quanto mais voc\u00ea se prepara nesta reta final, maiores s\u00e3o as chances de come\u00e7ar o ano mais positivo.<\/p>\t<div class=\"wrapper-featured-image\">\n\t\t<figure class=\"spotlightImg\">\n\n\t\t\t<picture>\n\t\t\t\t<source media=\"(max-width: 768px)\" srcset=\"https:\/\/files.sunoresearch.com.br\/n\/uploads\/2023\/05\/Empresas-400x200.jpg\">\n\t\t\t\t<img loading=\"lazy\" decoding=\"async\" class=\"newsContent__article__imgCapa lazyloadDisabled \" src=\"https:\/\/files.sunoresearch.com.br\/n\/uploads\/2023\/05\/Empresas-800x450.jpg\" width=\"800\" height=\"450\" alt=\"Como fazer a sua empresa virar o ano positivo?\" fetchpriority=high \/>\n\t\t\t<\/picture>\n\n\t\t\t<figcaption class=\"wp-caption-text wp-caption-text--show\">Empresas. Foto: Pixabay <\/figcaption>\n\t\t<\/figure>\n\t<\/div>\n\n\n\n\n\n\t<p>\n\t\t<a href=\"\" target=\"_blank\" data-element=\"shortcode-suno-banner\" title=\"Banner SUNO, clique e saiba mais\">\n\t\t\t<picture>\n\t\t\t\t<source media=\"(max-width: 500px)\" srcset=\"\">\n\t\t\t\t<img class=\"newsContent__article__imgCapa newsContent__article__imgCapa--banner\"\n\t\t\t\t\tsrc=\"\"\n\t\t\t\t\tdata-promo-id=\"240038\"\t\t\t\t\t\t\t\t\t\t\t\t\t\t\talt=\"\"\n\t\t\t\t>\n\t\t\t<\/picture>\n\t\t<\/a>\n\t<\/p>\n\n\n\n\n\n\n\n<p>Apesar de um ano economicamente dif\u00edcil, com altos e baixos, existe disposi\u00e7\u00e3o por parte das pessoas em tentar concretizar oportunidades que encontraram no mercado. Sabemos que diante de crises financeiras, podem surgir eventuais oportunidades. Dados do Mapa de Empresas, elaborado pelo Minist\u00e9rio do Desenvolvimento, Ind\u00fastria, Com\u00e9rcio e Servi\u00e7os (Mdic) em parceria com o Servi\u00e7o Federal de Processamento de Dados (Serpro), mostram que o Brasil registrou a abertura de 2,716 milh\u00f5es de novas empresas de janeiro a agosto.<\/p>\n\n\n\n<p>Ou seja, o saldo de <strong>cria\u00e7\u00e3o de firmas<\/strong> \u00e9 positivo em 1,23 milh\u00e3o, em raz\u00e3o do fechamento de 1,47 milh\u00e3o de empresas nos primeiros oito meses de 2023. Isso j\u00e1 demonstra uma boa melhora da situa\u00e7\u00e3o para novos empreendimentos, que agora que foram abertos, precisam encontrar f\u00f4lego para conseguirem encontrar o seu lugar ao sol, se desenvolvendo um pouquinho a cada dia.<\/p>\n\n\n\n<p>O fato \u00e9 que nem sempre vai dar certo logo na primeira tentativa &#8211; \u00e9 preciso ter calma e perseveran\u00e7a. Pode ser que voc\u00ea tenha se esfor\u00e7ado bastante para fazer com que o seu <strong>neg\u00f3cio<\/strong> funcione e evolua, mas ainda faltam algumas coisas para ter o desfecho esperado, e com frequ\u00eancia, leva mais tempo do que imaginamos. \u00c9 prov\u00e1vel que exista uma falha no racional, no plano, que n\u00e3o estava t\u00e3o evidente no princ\u00edpio, por isso n\u00e3o acabou sendo notada, e que precisa de ajustes.<\/p>\n\n\n\t<p>\n\t\t<a href=\"https:\/\/lp.suno.com.br\/ebook-gratuito-investindo-no-exterior\/\" target=\"_blank\" data-element=\"shortcode-suno-banner\" title=\"Banner SUNO, clique e saiba mais\">\n\t\t\t<picture>\n\t\t\t\t<source media=\"(max-width: 500px)\" srcset=\"https:\/\/files.sunoresearch.com.br\/n\/uploads\/2023\/03\/400x300-Investindo-no-exterior.png\">\n\t\t\t\t<img class=\"newsContent__article__imgCapa newsContent__article__imgCapa--banner\"\n\t\t\t\t\tsrc=\"https:\/\/files.sunoresearch.com.br\/n\/uploads\/2023\/03\/1420x240-Investindo-no-exterior.png\"\n\t\t\t\t\tdata-promo-id=\"383161\"\t\t\t\t\t\t\t\t\t\twidth='1420' height='240'\t\t\t\t\talt=\"https:\/\/files.sunoresearch.com.br\/n\/uploads\/2023\/03\/1420x240-Investindo-no-exterior.png\"\n\t\t\t\t>\n\t\t\t<\/picture>\n\t\t<\/a>\n\t<\/p>\n\n\n\n\n\n<p>\u00c9 absolutamente normal, n\u00e3o se desespere. Por um lado, n\u00e3o adianta chorar pelo leite derramado. O que passou, passou. E o que deu errado, tamb\u00e9m. Por outro, o ideal \u00e9 utilizar esses \u00faltimos meses do ano para avaliar os erros ao longo do caminho e entender porque aconteceram. Assim, al\u00e9m de consert\u00e1-los, \u00e9 vital se estruturar para que n\u00e3o sejam cometidos novamente. \u00c9 permitido errar, desde que n\u00e3o sejam sempre os mesmos erros.<\/p>\n\n\n\n<p>Tenho insistido bastante em dois temas: trabalhar com ciclos curtos e por resultados. Neste ponto, os <strong>OKRs<\/strong> &#8211; Objectives and Key Results (Objetivos e Resultados Chaves), podem ser muito \u00fateis, pois t\u00eam ciclos de, geralmente, tr\u00eas meses, se encaixando muito bem neste contexto de elevado grau de incerteza, e permitem ajustes frequentes no seu plano de execu\u00e7\u00e3o de estrat\u00e9gia. Isso possibilita uma oportunidade maior de recalcular a rota e se adaptar aos movimentos do mercado, externamente &#8211; e internamente proporciona melhor compreens\u00e3o sobre os problemas que estamos enfrentando, gerando muito mais aprendizado e com maior efetividade de aplica\u00e7\u00e3o dos rem\u00e9dios.<\/p>\n\n\n\n<p>Neste momento de fechamento, quem usa a ferramenta em <strong>ciclos trimestrais<\/strong> j\u00e1 est\u00e1 realizando sua 3\u00aa rodada de aprendizados, ganhando mais foco e tendo mais clareza, inclusive de como melhorar o processo de planejamento e or\u00e7amento anuais. Esse processo nos ajuda a ter os objetivos mais claros, al\u00e9m de uma defini\u00e7\u00e3o melhor dos resultados a serem alcan\u00e7ados e dos projetos a serem feitos.<\/p>\n\n\n\n<p>Com isto tudo, \u00e9 mais f\u00e1cil ter todos alinhados sobre os resultados desejados e seremos mais eficientes e eficazes com o passar do tempo, uma melhoria cont\u00ednua. Dessa maneira, fecharemos melhor o ano e estaremos melhor preparados para come\u00e7ar 2024 e aprender mais r\u00e1pido como melhorar, ajustando nosso plano de curto prazo, a depender da situa\u00e7\u00e3o, sem perder de vista o m\u00e9dio e o longo prazos.<\/p>\n\n\n\n<p><em>Pedro Signorelli \u00e9 um dos maiores especialistas do Brasil em gest\u00e3o, com \u00eanfase em OKRs. J\u00e1 movimentou com seus projetos mais de R$ 2 bi e \u00e9 respons\u00e1vel, dentre outros, pelo case da Nextel, maior e mais r\u00e1pida implementa\u00e7\u00e3o da ferramenta nas Am\u00e9ricas. Mais informa\u00e7\u00f5es acesse: http:\/\/www.gestaopragmatica.com.br\/<\/em><\/p>\n\n\n\t<p>\n\t\t<a href=\"https:\/\/lp.suno.com.br\/planilha-da-vida-financeira\/\" target=\"_blank\" data-element=\"shortcode-suno-banner\" title=\"Banner SUNO, clique e saiba mais\">\n\t\t\t<picture>\n\t\t\t\t<source media=\"(max-width: 500px)\" srcset=\"https:\/\/files.sunoresearch.com.br\/n\/uploads\/2023\/04\/400x300-Planilha-vida-financeira-true.png\">\n\t\t\t\t<img class=\"newsContent__article__imgCapa newsContent__article__imgCapa--banner\"\n\t\t\t\t\tsrc=\"https:\/\/files.sunoresearch.com.br\/n\/uploads\/2023\/04\/1420x240-Planilha-vida-financeira-true.png\"\n\t\t\t\t\tdata-promo-id=\"383123\"\t\t\t\t\t\t\t\t\t\twidth='1420' height='240'\t\t\t\t\talt=\"https:\/\/files.sunoresearch.com.br\/n\/uploads\/2023\/04\/1420x240-Planilha-vida-financeira-true.png\"\n\t\t\t\t>\n\t\t\t<\/picture>\n\t\t<\/a>\n\t<\/p>\n\n\n","protected":false},"excerpt":{"rendered":"<p>Estamos no \u00faltimo trimestre de 2023 e a maioria, sen\u00e3o todas as empresas, est\u00e3o em momento de constru\u00e7\u00e3o do or\u00e7amento para 2024, avaliando o que deu certo e o que deu &#8230;<\/p>\n","protected":false},"author":115,"featured_media":410604,"template":"","tags":[1029],"class_list":["post-474994","suno_column","type-suno_column","status-publish","has-post-thumbnail","hentry","tag-balancos-trimestrais"],"yoast_head":"<!-- This site is optimized with the Yoast SEO plugin v24.4 - https:\/\/yoast.com\/wordpress\/plugins\/seo\/ -->\n<title>Como fazer a sua empresa virar o ano positivo?<\/title>\n<meta name=\"description\" content=\"O ideal \u00e9 utilizar esses \u00faltimos meses do ano para avaliar os erros ao longo do caminho e entender por que aconteceram\" \/>\n<meta name=\"robots\" content=\"index, follow, max-snippet:-1, max-image-preview:large, max-video-preview:-1\" \/>\n<link rel=\"canonical\" href=\"https:\/\/www.suno.com.br\/noticias\/colunas\/pedro-signorelli\/como-fazer-sua-empresa-virar-ano-positivo\/\" \/>\n<meta property=\"og:locale\" content=\"pt_BR\" \/>\n<meta property=\"og:type\" content=\"article\" \/>\n<meta property=\"og:title\" content=\"Como fazer a sua empresa virar o ano positivo?\" \/>\n<meta property=\"og:description\" content=\"O ideal \u00e9 utilizar esses \u00faltimos meses do ano para avaliar os erros ao longo do caminho e entender por que aconteceram\" \/>\n<meta property=\"og:url\" content=\"https:\/\/www.suno.com.br\/noticias\/colunas\/pedro-signorelli\/como-fazer-sua-empresa-virar-ano-positivo\/\" \/>\n<meta property=\"og:site_name\" content=\"Suno Not\u00edcias\" \/>\n<meta property=\"article:publisher\" content=\"https:\/\/facebook.com\/sunoresearch\" \/>\n<meta property=\"og:image\" content=\"http:\/\/files.sunoresearch.com.br\/n\/uploads\/2023\/05\/Empresas.jpg\" \/>\n\t<meta property=\"og:image:width\" content=\"1280\" \/>\n\t<meta property=\"og:image:height\" content=\"853\" \/>\n\t<meta property=\"og:image:type\" content=\"image\/jpeg\" \/>\n<meta name=\"twitter:card\" content=\"summary_large_image\" \/>\n<meta name=\"twitter:site\" content=\"@sunoresearch\" \/>\n<meta name=\"twitter:label1\" content=\"Est. tempo de leitura\" \/>\n\t<meta name=\"twitter:data1\" content=\"4 minutos\" \/>\n<script type=\"application\/ld+json\" class=\"yoast-schema-graph\">{\"@context\":\"https:\/\/schema.org\",\"@graph\":[{\"@type\":\"Article\",\"@id\":\"https:\/\/www.suno.com.br\/noticias\/colunas\/pedro-signorelli\/como-fazer-sua-empresa-virar-ano-positivo\/#article\",\"isPartOf\":{\"@id\":\"https:\/\/www.suno.com.br\/noticias\/colunas\/pedro-signorelli\/como-fazer-sua-empresa-virar-ano-positivo\/\"},\"author\":{\"name\":\"Pedro Signorelli\",\"@id\":\"https:\/\/www.suno.com.br\/noticias\/#\/schema\/person\/6385c52ff9d123bfc99eecc3a056a741\"},\"headline\":\"Como fazer a sua empresa virar o ano positivo?\",\"datePublished\":\"2023-10-24T11:00:00+00:00\",\"mainEntityOfPage\":{\"@id\":\"https:\/\/www.suno.com.br\/noticias\/colunas\/pedro-signorelli\/como-fazer-sua-empresa-virar-ano-positivo\/\"},\"wordCount\":722,\"publisher\":{\"@id\":\"https:\/\/www.suno.com.br\/noticias\/#organization\"},\"image\":{\"@id\":\"https:\/\/www.suno.com.br\/noticias\/colunas\/pedro-signorelli\/como-fazer-sua-empresa-virar-ano-positivo\/#primaryimage\"},\"thumbnailUrl\":\"https:\/\/files.sunoresearch.com.br\/n\/uploads\/2023\/05\/Empresas.jpg\",\"keywords\":[\"balan\u00e7os trimestrais\"],\"inLanguage\":\"pt-BR\"},{\"@type\":\"WebPage\",\"@id\":\"https:\/\/www.suno.com.br\/noticias\/colunas\/pedro-signorelli\/como-fazer-sua-empresa-virar-ano-positivo\/\",\"url\":\"https:\/\/www.suno.com.br\/noticias\/colunas\/pedro-signorelli\/como-fazer-sua-empresa-virar-ano-positivo\/\",\"name\":\"Como fazer a sua empresa virar o ano positivo?\",\"isPartOf\":{\"@id\":\"https:\/\/www.suno.com.br\/noticias\/#website\"},\"primaryImageOfPage\":{\"@id\":\"https:\/\/www.suno.com.br\/noticias\/colunas\/pedro-signorelli\/como-fazer-sua-empresa-virar-ano-positivo\/#primaryimage\"},\"image\":{\"@id\":\"https:\/\/www.suno.com.br\/noticias\/colunas\/pedro-signorelli\/como-fazer-sua-empresa-virar-ano-positivo\/#primaryimage\"},\"thumbnailUrl\":\"https:\/\/files.sunoresearch.com.br\/n\/uploads\/2023\/05\/Empresas.jpg\",\"datePublished\":\"2023-10-24T11:00:00+00:00\",\"description\":\"O ideal \u00e9 utilizar esses \u00faltimos meses do ano para avaliar os erros ao longo do caminho e entender por que aconteceram\",\"breadcrumb\":{\"@id\":\"https:\/\/www.suno.com.br\/noticias\/colunas\/pedro-signorelli\/como-fazer-sua-empresa-virar-ano-positivo\/#breadcrumb\"},\"inLanguage\":\"pt-BR\",\"potentialAction\":[{\"@type\":\"ReadAction\",\"target\":[\"https:\/\/www.suno.com.br\/noticias\/colunas\/pedro-signorelli\/como-fazer-sua-empresa-virar-ano-positivo\/\"]}]},{\"@type\":\"ImageObject\",\"inLanguage\":\"pt-BR\",\"@id\":\"https:\/\/www.suno.com.br\/noticias\/colunas\/pedro-signorelli\/como-fazer-sua-empresa-virar-ano-positivo\/#primaryimage\",\"url\":\"https:\/\/files.sunoresearch.com.br\/n\/uploads\/2023\/05\/Empresas.jpg\",\"contentUrl\":\"https:\/\/files.sunoresearch.com.br\/n\/uploads\/2023\/05\/Empresas.jpg\",\"width\":1280,\"height\":853,\"caption\":\"Empresas. Foto: Pixabay\"},{\"@type\":\"BreadcrumbList\",\"@id\":\"https:\/\/www.suno.com.br\/noticias\/colunas\/pedro-signorelli\/como-fazer-sua-empresa-virar-ano-positivo\/#breadcrumb\",\"itemListElement\":[{\"@type\":\"ListItem\",\"position\":1,\"name\":\"Not\u00edcias\",\"item\":\"https:\/\/www.suno.com.br\/noticias\/\"},{\"@type\":\"ListItem\",\"position\":2,\"name\":\"Colunas\",\"item\":\"https:\/\/www.suno.com.br\/noticias\/colunas\/\"},{\"@type\":\"ListItem\",\"position\":3,\"name\":\"Como fazer a sua empresa virar o ano positivo?\"}]},{\"@type\":\"WebSite\",\"@id\":\"https:\/\/www.suno.com.br\/noticias\/#website\",\"url\":\"https:\/\/www.suno.com.br\/noticias\/\",\"name\":\"Suno Not\u00edcias\",\"description\":\"Seu portal de informa\u00e7\u00e3o sobre o mundo dos investimentos\",\"publisher\":{\"@id\":\"https:\/\/www.suno.com.br\/noticias\/#organization\"},\"potentialAction\":[{\"@type\":\"SearchAction\",\"target\":{\"@type\":\"EntryPoint\",\"urlTemplate\":\"https:\/\/www.suno.com.br\/noticias\/?s={search_term_string}\"},\"query-input\":{\"@type\":\"PropertyValueSpecification\",\"valueRequired\":true,\"valueName\":\"search_term_string\"}}],\"inLanguage\":\"pt-BR\"},{\"@type\":\"Organization\",\"@id\":\"https:\/\/www.suno.com.br\/noticias\/#organization\",\"name\":\"Suno Not\u00edcias\",\"url\":\"https:\/\/www.suno.com.br\/noticias\/\",\"logo\":{\"@type\":\"ImageObject\",\"inLanguage\":\"pt-BR\",\"@id\":\"https:\/\/www.suno.com.br\/noticias\/#\/schema\/logo\/image\/\",\"url\":\"https:\/\/files.sunoresearch.com.br\/n\/uploads\/2021\/09\/suno-logo.png\",\"contentUrl\":\"https:\/\/files.sunoresearch.com.br\/n\/uploads\/2021\/09\/suno-logo.png\",\"width\":180,\"height\":180,\"caption\":\"Suno Not\u00edcias\"},\"image\":{\"@id\":\"https:\/\/www.suno.com.br\/noticias\/#\/schema\/logo\/image\/\"},\"sameAs\":[\"https:\/\/facebook.com\/sunoresearch\",\"https:\/\/x.com\/sunoresearch\",\"https:\/\/www.instagram.com\/suno\",\"https:\/\/www.linkedin.com\/company\/suno-research\/\",\"https:\/\/www.youtube.com\/c\/sunoresearch\"]},{\"@type\":\"Person\",\"@id\":\"https:\/\/www.suno.com.br\/noticias\/#\/schema\/person\/6385c52ff9d123bfc99eecc3a056a741\",\"name\":\"Pedro Signorelli\",\"image\":{\"@type\":\"ImageObject\",\"inLanguage\":\"pt-BR\",\"@id\":\"https:\/\/www.suno.com.br\/noticias\/#\/schema\/person\/image\/\",\"url\":\"https:\/\/secure.gravatar.com\/avatar\/2ede14d9d34352dfc1fb58af8a73db29?s=96&r=g\",\"contentUrl\":\"https:\/\/secure.gravatar.com\/avatar\/2ede14d9d34352dfc1fb58af8a73db29?s=96&r=g\",\"caption\":\"Pedro Signorelli\"},\"url\":\"https:\/\/www.suno.com.br\/noticias\/author\/pedro-signorelli\/\"}]}<\/script>\n<!-- \/ Yoast SEO plugin. -->","yoast_head_json":{"title":"Como fazer a sua empresa virar o ano positivo?","description":"O ideal \u00e9 utilizar esses \u00faltimos meses do ano para avaliar os erros ao longo do caminho e entender por que aconteceram","robots":{"index":"index","follow":"follow","max-snippet":"max-snippet:-1","max-image-preview":"max-image-preview:large","max-video-preview":"max-video-preview:-1"},"canonical":"https:\/\/www.suno.com.br\/noticias\/colunas\/pedro-signorelli\/como-fazer-sua-empresa-virar-ano-positivo\/","og_locale":"pt_BR","og_type":"article","og_title":"Como fazer a sua empresa virar o ano positivo?","og_description":"O ideal \u00e9 utilizar esses \u00faltimos meses do ano para avaliar os erros ao longo do caminho e entender por que aconteceram","og_url":"https:\/\/www.suno.com.br\/noticias\/colunas\/pedro-signorelli\/como-fazer-sua-empresa-virar-ano-positivo\/","og_site_name":"Suno Not\u00edcias","article_publisher":"https:\/\/facebook.com\/sunoresearch","og_image":[{"width":1280,"height":853,"url":"http:\/\/files.sunoresearch.com.br\/n\/uploads\/2023\/05\/Empresas.jpg","type":"image\/jpeg"}],"twitter_card":"summary_large_image","twitter_site":"@sunoresearch","twitter_misc":{"Est. tempo de leitura":"4 minutos"},"schema":{"@context":"https:\/\/schema.org","@graph":[{"@type":"Article","@id":"https:\/\/www.suno.com.br\/noticias\/colunas\/pedro-signorelli\/como-fazer-sua-empresa-virar-ano-positivo\/#article","isPartOf":{"@id":"https:\/\/www.suno.com.br\/noticias\/colunas\/pedro-signorelli\/como-fazer-sua-empresa-virar-ano-positivo\/"},"author":{"name":"Pedro Signorelli","@id":"https:\/\/www.suno.com.br\/noticias\/#\/schema\/person\/6385c52ff9d123bfc99eecc3a056a741"},"headline":"Como fazer a sua empresa virar o ano positivo?","datePublished":"2023-10-24T11:00:00+00:00","mainEntityOfPage":{"@id":"https:\/\/www.suno.com.br\/noticias\/colunas\/pedro-signorelli\/como-fazer-sua-empresa-virar-ano-positivo\/"},"wordCount":722,"publisher":{"@id":"https:\/\/www.suno.com.br\/noticias\/#organization"},"image":{"@id":"https:\/\/www.suno.com.br\/noticias\/colunas\/pedro-signorelli\/como-fazer-sua-empresa-virar-ano-positivo\/#primaryimage"},"thumbnailUrl":"https:\/\/files.sunoresearch.com.br\/n\/uploads\/2023\/05\/Empresas.jpg","keywords":["balan\u00e7os trimestrais"],"inLanguage":"pt-BR"},{"@type":"WebPage","@id":"https:\/\/www.suno.com.br\/noticias\/colunas\/pedro-signorelli\/como-fazer-sua-empresa-virar-ano-positivo\/","url":"https:\/\/www.suno.com.br\/noticias\/colunas\/pedro-signorelli\/como-fazer-sua-empresa-virar-ano-positivo\/","name":"Como fazer a sua empresa virar o ano positivo?","isPartOf":{"@id":"https:\/\/www.suno.com.br\/noticias\/#website"},"primaryImageOfPage":{"@id":"https:\/\/www.suno.com.br\/noticias\/colunas\/pedro-signorelli\/como-fazer-sua-empresa-virar-ano-positivo\/#primaryimage"},"image":{"@id":"https:\/\/www.suno.com.br\/noticias\/colunas\/pedro-signorelli\/como-fazer-sua-empresa-virar-ano-positivo\/#primaryimage"},"thumbnailUrl":"https:\/\/files.sunoresearch.com.br\/n\/uploads\/2023\/05\/Empresas.jpg","datePublished":"2023-10-24T11:00:00+00:00","description":"O ideal \u00e9 utilizar esses \u00faltimos meses do ano para avaliar os erros ao longo do caminho e entender por que aconteceram","breadcrumb":{"@id":"https:\/\/www.suno.com.br\/noticias\/colunas\/pedro-signorelli\/como-fazer-sua-empresa-virar-ano-positivo\/#breadcrumb"},"inLanguage":"pt-BR","potentialAction":[{"@type":"ReadAction","target":["https:\/\/www.suno.com.br\/noticias\/colunas\/pedro-signorelli\/como-fazer-sua-empresa-virar-ano-positivo\/"]}]},{"@type":"ImageObject","inLanguage":"pt-BR","@id":"https:\/\/www.suno.com.br\/noticias\/colunas\/pedro-signorelli\/como-fazer-sua-empresa-virar-ano-positivo\/#primaryimage","url":"https:\/\/files.sunoresearch.com.br\/n\/uploads\/2023\/05\/Empresas.jpg","contentUrl":"https:\/\/files.sunoresearch.com.br\/n\/uploads\/2023\/05\/Empresas.jpg","width":1280,"height":853,"caption":"Empresas. Foto: Pixabay"},{"@type":"BreadcrumbList","@id":"https:\/\/www.suno.com.br\/noticias\/colunas\/pedro-signorelli\/como-fazer-sua-empresa-virar-ano-positivo\/#breadcrumb","itemListElement":[{"@type":"ListItem","position":1,"name":"Not\u00edcias","item":"https:\/\/www.suno.com.br\/noticias\/"},{"@type":"ListItem","position":2,"name":"Colunas","item":"https:\/\/www.suno.com.br\/noticias\/colunas\/"},{"@type":"ListItem","position":3,"name":"Como fazer a sua empresa virar o ano positivo?"}]},{"@type":"WebSite","@id":"https:\/\/www.suno.com.br\/noticias\/#website","url":"https:\/\/www.suno.com.br\/noticias\/","name":"Suno Not\u00edcias","description":"Seu portal de informa\u00e7\u00e3o sobre o mundo dos investimentos","publisher":{"@id":"https:\/\/www.suno.com.br\/noticias\/#organization"},"potentialAction":[{"@type":"SearchAction","target":{"@type":"EntryPoint","urlTemplate":"https:\/\/www.suno.com.br\/noticias\/?s={search_term_string}"},"query-input":{"@type":"PropertyValueSpecification","valueRequired":true,"valueName":"search_term_string"}}],"inLanguage":"pt-BR"},{"@type":"Organization","@id":"https:\/\/www.suno.com.br\/noticias\/#organization","name":"Suno Not\u00edcias","url":"https:\/\/www.suno.com.br\/noticias\/","logo":{"@type":"ImageObject","inLanguage":"pt-BR","@id":"https:\/\/www.suno.com.br\/noticias\/#\/schema\/logo\/image\/","url":"https:\/\/files.sunoresearch.com.br\/n\/uploads\/2021\/09\/suno-logo.png","contentUrl":"https:\/\/files.sunoresearch.com.br\/n\/uploads\/2021\/09\/suno-logo.png","width":180,"height":180,"caption":"Suno Not\u00edcias"},"image":{"@id":"https:\/\/www.suno.com.br\/noticias\/#\/schema\/logo\/image\/"},"sameAs":["https:\/\/facebook.com\/sunoresearch","https:\/\/x.com\/sunoresearch","https:\/\/www.instagram.com\/suno","https:\/\/www.linkedin.com\/company\/suno-research\/","https:\/\/www.youtube.com\/c\/sunoresearch"]},{"@type":"Person","@id":"https:\/\/www.suno.com.br\/noticias\/#\/schema\/person\/6385c52ff9d123bfc99eecc3a056a741","name":"Pedro Signorelli","image":{"@type":"ImageObject","inLanguage":"pt-BR","@id":"https:\/\/www.suno.com.br\/noticias\/#\/schema\/person\/image\/","url":"https:\/\/secure.gravatar.com\/avatar\/2ede14d9d34352dfc1fb58af8a73db29?s=96&r=g","contentUrl":"https:\/\/secure.gravatar.com\/avatar\/2ede14d9d34352dfc1fb58af8a73db29?s=96&r=g","caption":"Pedro Signorelli"},"url":"https:\/\/www.suno.com.br\/noticias\/author\/pedro-signorelli\/"}]}},"amp_enabled":true,"_links":{"self":[{"href":"https:\/\/www.suno.com.br\/noticias\/wp-json\/wp\/v2\/suno_column\/474994"}],"collection":[{"href":"https:\/\/www.suno.com.br\/noticias\/wp-json\/wp\/v2\/suno_column"}],"about":[{"href":"https:\/\/www.suno.com.br\/noticias\/wp-json\/wp\/v2\/types\/suno_column"}],"author":[{"embeddable":true,"href":"https:\/\/www.suno.com.br\/noticias\/wp-json\/wp\/v2\/users\/115"}],"wp:featuredmedia":[{"embeddable":true,"href":"https:\/\/www.suno.com.br\/noticias\/wp-json\/wp\/v2\/media\/410604"}],"wp:attachment":[{"href":"https:\/\/www.suno.com.br\/noticias\/wp-json\/wp\/v2\/media?parent=474994"}],"wp:term":[{"taxonomy":"post_tag","embeddable":true,"href":"https:\/\/www.suno.com.br\/noticias\/wp-json\/wp\/v2\/tags?post=474994"}],"curies":[{"name":"wp","href":"https:\/\/api.w.org\/{rel}","templated":true}]}}