{"id":466544,"date":"2023-10-05T08:00:00","date_gmt":"2023-10-05T11:00:00","guid":{"rendered":"https:\/\/www.suno.com.br\/noticias\/colunas\/marco-lopes\/\/"},"modified":"2023-10-04T22:41:03","modified_gmt":"2023-10-05T01:41:03","slug":"recuperacao-judicial-123milhas-decisao-processo","status":"publish","type":"suno_column","link":"https:\/\/www.suno.com.br\/noticias\/colunas\/lucca-mendes\/recuperacao-judicial-123milhas-decisao-processo\/","title":{"rendered":"Constata\u00e7\u00e3o pr\u00e9via: equil\u00edbrio entre o uso da recupera\u00e7\u00e3o judicial e a prote\u00e7\u00e3o a poss\u00edveis fraudes"},"content":{"rendered":"<p>A recente decis\u00e3o judicial que suspendeu o processo de <strong>recupera\u00e7\u00e3o judicial <\/strong>da 123 Milhas no Tribunal de Justi\u00e7a de Minas Gerais levanta quest\u00f5es cruciais no contexto econ\u00f4mico e jur\u00eddico que pautaram as reformas recentes na legisla\u00e7\u00e3o \u2013 assumindo ainda maior relev\u00e2ncia no debate p\u00fablico com o aumento dos pedidos de Recupera\u00e7\u00e3o Judicial observados, especialmente, ao longo deste ano.<\/p>\t<div class=\"wrapper-featured-image\">\n\t\t<figure class=\"spotlightImg\">\n\n\t\t\t<picture>\n\t\t\t\t<source media=\"(max-width: 768px)\" srcset=\"https:\/\/files.sunoresearch.com.br\/n\/uploads\/2023\/08\/123-milhas-400x200.jpg\">\n\t\t\t\t<img loading=\"lazy\" decoding=\"async\" class=\"newsContent__article__imgCapa lazyloadDisabled \" src=\"https:\/\/files.sunoresearch.com.br\/n\/uploads\/2023\/08\/123-milhas-800x450.jpg\" width=\"800\" height=\"450\" alt=\"Constata\u00e7\u00e3o pr\u00e9via: equil\u00edbrio entre o uso da recupera\u00e7\u00e3o judicial e a prote\u00e7\u00e3o a poss\u00edveis fraudes\" fetchpriority=high \/>\n\t\t\t<\/picture>\n\n\t\t\t<figcaption class=\"wp-caption-text wp-caption-text--show\">123milhas. Foto: Divulga\u00e7\u00e3o<\/figcaption>\n\t\t<\/figure>\n\t<\/div>\n\n\n\n\n\n\t<p>\n\t\t<a href=\"\" target=\"_blank\" data-element=\"shortcode-suno-banner\" title=\"Banner SUNO, clique e saiba mais\">\n\t\t\t<picture>\n\t\t\t\t<source media=\"(max-width: 500px)\" srcset=\"\">\n\t\t\t\t<img class=\"newsContent__article__imgCapa newsContent__article__imgCapa--banner\"\n\t\t\t\t\tsrc=\"\"\n\t\t\t\t\tdata-promo-id=\"240038\"\t\t\t\t\t\t\t\t\t\t\t\t\t\t\talt=\"\"\n\t\t\t\t>\n\t\t\t<\/picture>\n\t\t<\/a>\n\t<\/p>\n\n\n\n\n\n\n\n<p>O recurso que motivou a suspens\u00e3o apresentado pelo Banco do Brasil (BBAS3) argumenta que as empresas em recupera\u00e7\u00e3o n\u00e3o apresentaram a totalidade dos documentos exigidos pela <strong>Lei de Recupera\u00e7\u00e3o Judicial<\/strong> e que os documentos n\u00e3o estariam em conformidade com as prescri\u00e7\u00f5es legais, prejudicando a an\u00e1lise dos credores e demais interessados. Al\u00e9m disso, o Banco argumentou a complexidade do caso, com centenas de milhares de credores e uma movimenta\u00e7\u00e3o financeira significativa, o que exige uma abordagem mais minuciosa \u2013 e no caso levaria, na linha defendida, a impossibilidade do regular processamento da Recupera\u00e7\u00e3o Judicial.<\/p>\n\n\n\n<p>A esse respeito, por sua vez, a <strong>inst\u00e2ncia judicial<\/strong> pautou sua decis\u00e3o na preserva\u00e7\u00e3o da empresa, sem ignorar que esse ideal n\u00e3o pode ser alcan\u00e7ado \u00e0s custas da adequada prote\u00e7\u00e3o dos direitos dos credores.<\/p>\n\n\n\n<p>Optou-se, portanto, pela suspens\u00e3o tempor\u00e1ria do processo de recupera\u00e7\u00e3o judicial para permitir que uma avalia\u00e7\u00e3o t\u00e9cnica seja conduzida, nos termos do Art. 51-A da Lei de Recupera\u00e7\u00e3o Judicial, introduzidos formalmente em nosso ordenamento em 2020, para que seja realizada a etapa de Constata\u00e7\u00e3o Pr\u00e9via.<\/p>\n\n\n\t<p>\n\t\t<a href=\"https:\/\/lp.suno.com.br\/ebook-gratuito-investindo-no-exterior\/\" target=\"_blank\" data-element=\"shortcode-suno-banner\" title=\"Banner SUNO, clique e saiba mais\">\n\t\t\t<picture>\n\t\t\t\t<source media=\"(max-width: 500px)\" srcset=\"https:\/\/files.sunoresearch.com.br\/n\/uploads\/2023\/03\/400x300-Investindo-no-exterior.png\">\n\t\t\t\t<img class=\"newsContent__article__imgCapa newsContent__article__imgCapa--banner\"\n\t\t\t\t\tsrc=\"https:\/\/files.sunoresearch.com.br\/n\/uploads\/2023\/03\/1420x240-Investindo-no-exterior.png\"\n\t\t\t\t\tdata-promo-id=\"383161\"\t\t\t\t\t\t\t\t\t\twidth='1420' height='240'\t\t\t\t\talt=\"https:\/\/files.sunoresearch.com.br\/n\/uploads\/2023\/03\/1420x240-Investindo-no-exterior.png\"\n\t\t\t\t>\n\t\t\t<\/picture>\n\t\t<\/a>\n\t<\/p>\n\n\n\n\n\n<p>A utiliza\u00e7\u00e3o desse mecanismo representa importante passo para uma an\u00e1lise cautelosa sobre a capacidade da empresa recuperanda em alcan\u00e7ar os <strong>objetivos da Recupera\u00e7\u00e3o Judicial<\/strong>, especialmente em um caso de grande complexidade, em que os valores envolvidos s\u00e3o expressivos e o n\u00famero de credores \u00e9 consider\u00e1vel \u2013 sem considerar a complexidade tecnol\u00f3gica inerente ao escopo de <strong>atua\u00e7\u00e3o da 123 Milhas<\/strong>, em espec\u00edfico.<\/p>\n\n\n\n<p>Essa etapa tamb\u00e9m \u00e9 relevante para verificar se as empresas atendem aos requisitos para o pedido de recupera\u00e7\u00e3o judicial e se h\u00e1 ind\u00edcios de abuso de direito ou cometimento de fraudes. No caso da 123 Milhas, a suspens\u00e3o da Recupera\u00e7\u00e3o Judicial manteve o denominado <strong>stay period,<\/strong> protegendo a empresa de a\u00e7\u00f5es e execu\u00e7\u00f5es de credores.<\/p>\n\n\n\n<p>Importante destacar, portanto, que essa suspens\u00e3o, por si s\u00f3, n\u00e3o significa o fim da recupera\u00e7\u00e3o judicial.<\/p>\n\n\n\n<p>Ao contr\u00e1rio, \u00e9 uma medida que visa garantir que o processo seja conduzido de forma adequada e pautado na legalidade. Caso a constata\u00e7\u00e3o pr\u00e9via seja favor\u00e1vel \u00e0 recupera\u00e7\u00e3o, o processo poder\u00e1 ser retomado.<\/p>\n\n\n\t<p>\n\t\t<a href=\"https:\/\/lp.suno.com.br\/planilha-da-vida-financeira\/\" target=\"_blank\" data-element=\"shortcode-suno-banner\" title=\"Banner SUNO, clique e saiba mais\">\n\t\t\t<picture>\n\t\t\t\t<source media=\"(max-width: 500px)\" srcset=\"https:\/\/files.sunoresearch.com.br\/n\/uploads\/2023\/04\/400x300-Planilha-vida-financeira-true.png\">\n\t\t\t\t<img class=\"newsContent__article__imgCapa newsContent__article__imgCapa--banner\"\n\t\t\t\t\tsrc=\"https:\/\/files.sunoresearch.com.br\/n\/uploads\/2023\/04\/1420x240-Planilha-vida-financeira-true.png\"\n\t\t\t\t\tdata-promo-id=\"383123\"\t\t\t\t\t\t\t\t\t\twidth='1420' height='240'\t\t\t\t\talt=\"https:\/\/files.sunoresearch.com.br\/n\/uploads\/2023\/04\/1420x240-Planilha-vida-financeira-true.png\"\n\t\t\t\t>\n\t\t\t<\/picture>\n\t\t<\/a>\n\t<\/p>\n\n\n","protected":false},"excerpt":{"rendered":"<p>A recente decis\u00e3o judicial que suspendeu o processo de recupera\u00e7\u00e3o judicial da 123 Milhas no Tribunal de Justi\u00e7a de Minas Gerais levanta quest\u00f5es cruciais no contexto &#8230;<\/p>\n","protected":false},"author":264,"featured_media":445547,"template":"","tags":[314],"class_list":["post-466544","suno_column","type-suno_column","status-publish","has-post-thumbnail","hentry","tag-recuperacao-judicial"],"yoast_head":"<!-- This site is optimized with the Yoast SEO plugin v24.4 - https:\/\/yoast.com\/wordpress\/plugins\/seo\/ -->\n<title>Constata\u00e7\u00e3o pr\u00e9via: equil\u00edbrio entre o uso da recupera\u00e7\u00e3o judicial e a prote\u00e7\u00e3o a poss\u00edveis fraudes - Suno Not\u00edcias<\/title>\n<meta name=\"description\" content=\"A decis\u00e3o judicial que suspendeu o processo de recupera\u00e7\u00e3o judicial da 123 Milhas levanta quest\u00f5es cruciais no contexto econ\u00f4mico e jur\u00eddico\" \/>\n<meta name=\"robots\" content=\"index, follow, max-snippet:-1, max-image-preview:large, max-video-preview:-1\" \/>\n<link rel=\"canonical\" href=\"https:\/\/www.suno.com.br\/noticias\/colunas\/lucca-mendes\/recuperacao-judicial-123milhas-decisao-processo\/\" \/>\n<meta property=\"og:locale\" content=\"pt_BR\" \/>\n<meta property=\"og:type\" content=\"article\" \/>\n<meta property=\"og:title\" content=\"Constata\u00e7\u00e3o pr\u00e9via: equil\u00edbrio entre o uso da recupera\u00e7\u00e3o judicial e a prote\u00e7\u00e3o a poss\u00edveis fraudes - Suno Not\u00edcias\" \/>\n<meta property=\"og:description\" content=\"A decis\u00e3o judicial que suspendeu o processo de recupera\u00e7\u00e3o judicial da 123 Milhas levanta quest\u00f5es cruciais no contexto econ\u00f4mico e jur\u00eddico\" \/>\n<meta property=\"og:url\" content=\"https:\/\/www.suno.com.br\/noticias\/colunas\/lucca-mendes\/recuperacao-judicial-123milhas-decisao-processo\/\" \/>\n<meta property=\"og:site_name\" content=\"Suno Not\u00edcias\" \/>\n<meta property=\"article:publisher\" content=\"https:\/\/facebook.com\/sunoresearch\" \/>\n<meta property=\"og:image\" content=\"http:\/\/files.sunoresearch.com.br\/n\/uploads\/2023\/08\/123-milhas.jpg\" \/>\n\t<meta property=\"og:image:width\" content=\"1550\" \/>\n\t<meta property=\"og:image:height\" content=\"805\" \/>\n\t<meta property=\"og:image:type\" content=\"image\/jpeg\" \/>\n<meta name=\"twitter:card\" content=\"summary_large_image\" \/>\n<meta name=\"twitter:site\" content=\"@sunoresearch\" \/>\n<meta name=\"twitter:label1\" content=\"Est. tempo de leitura\" \/>\n\t<meta name=\"twitter:data1\" content=\"3 minutos\" \/>\n<script type=\"application\/ld+json\" class=\"yoast-schema-graph\">{\"@context\":\"https:\/\/schema.org\",\"@graph\":[{\"@type\":\"Article\",\"@id\":\"https:\/\/www.suno.com.br\/noticias\/colunas\/lucca-mendes\/recuperacao-judicial-123milhas-decisao-processo\/#article\",\"isPartOf\":{\"@id\":\"https:\/\/www.suno.com.br\/noticias\/colunas\/lucca-mendes\/recuperacao-judicial-123milhas-decisao-processo\/\"},\"author\":{\"name\":\"Lucca Mendes\",\"@id\":\"https:\/\/www.suno.com.br\/noticias\/#\/schema\/person\/a4bbc840bf9a0e701184747ead8265c2\"},\"headline\":\"Constata\u00e7\u00e3o pr\u00e9via: equil\u00edbrio entre o uso da recupera\u00e7\u00e3o judicial e a prote\u00e7\u00e3o a poss\u00edveis fraudes\",\"datePublished\":\"2023-10-05T11:00:00+00:00\",\"mainEntityOfPage\":{\"@id\":\"https:\/\/www.suno.com.br\/noticias\/colunas\/lucca-mendes\/recuperacao-judicial-123milhas-decisao-processo\/\"},\"wordCount\":472,\"publisher\":{\"@id\":\"https:\/\/www.suno.com.br\/noticias\/#organization\"},\"image\":{\"@id\":\"https:\/\/www.suno.com.br\/noticias\/colunas\/lucca-mendes\/recuperacao-judicial-123milhas-decisao-processo\/#primaryimage\"},\"thumbnailUrl\":\"https:\/\/files.sunoresearch.com.br\/n\/uploads\/2023\/08\/123-milhas.jpg\",\"keywords\":[\"recupera\u00e7\u00e3o judicial\"],\"inLanguage\":\"pt-BR\"},{\"@type\":\"WebPage\",\"@id\":\"https:\/\/www.suno.com.br\/noticias\/colunas\/lucca-mendes\/recuperacao-judicial-123milhas-decisao-processo\/\",\"url\":\"https:\/\/www.suno.com.br\/noticias\/colunas\/lucca-mendes\/recuperacao-judicial-123milhas-decisao-processo\/\",\"name\":\"Constata\u00e7\u00e3o pr\u00e9via: equil\u00edbrio entre o uso da recupera\u00e7\u00e3o judicial e a prote\u00e7\u00e3o a poss\u00edveis fraudes - Suno Not\u00edcias\",\"isPartOf\":{\"@id\":\"https:\/\/www.suno.com.br\/noticias\/#website\"},\"primaryImageOfPage\":{\"@id\":\"https:\/\/www.suno.com.br\/noticias\/colunas\/lucca-mendes\/recuperacao-judicial-123milhas-decisao-processo\/#primaryimage\"},\"image\":{\"@id\":\"https:\/\/www.suno.com.br\/noticias\/colunas\/lucca-mendes\/recuperacao-judicial-123milhas-decisao-processo\/#primaryimage\"},\"thumbnailUrl\":\"https:\/\/files.sunoresearch.com.br\/n\/uploads\/2023\/08\/123-milhas.jpg\",\"datePublished\":\"2023-10-05T11:00:00+00:00\",\"description\":\"A decis\u00e3o judicial que suspendeu o processo de recupera\u00e7\u00e3o judicial da 123 Milhas levanta quest\u00f5es cruciais no contexto econ\u00f4mico e jur\u00eddico\",\"breadcrumb\":{\"@id\":\"https:\/\/www.suno.com.br\/noticias\/colunas\/lucca-mendes\/recuperacao-judicial-123milhas-decisao-processo\/#breadcrumb\"},\"inLanguage\":\"pt-BR\",\"potentialAction\":[{\"@type\":\"ReadAction\",\"target\":[\"https:\/\/www.suno.com.br\/noticias\/colunas\/lucca-mendes\/recuperacao-judicial-123milhas-decisao-processo\/\"]}]},{\"@type\":\"ImageObject\",\"inLanguage\":\"pt-BR\",\"@id\":\"https:\/\/www.suno.com.br\/noticias\/colunas\/lucca-mendes\/recuperacao-judicial-123milhas-decisao-processo\/#primaryimage\",\"url\":\"https:\/\/files.sunoresearch.com.br\/n\/uploads\/2023\/08\/123-milhas.jpg\",\"contentUrl\":\"https:\/\/files.sunoresearch.com.br\/n\/uploads\/2023\/08\/123-milhas.jpg\",\"width\":1550,\"height\":805,\"caption\":\"123milhas. Foto: Divulga\u00e7\u00e3o\"},{\"@type\":\"BreadcrumbList\",\"@id\":\"https:\/\/www.suno.com.br\/noticias\/colunas\/lucca-mendes\/recuperacao-judicial-123milhas-decisao-processo\/#breadcrumb\",\"itemListElement\":[{\"@type\":\"ListItem\",\"position\":1,\"name\":\"Not\u00edcias\",\"item\":\"https:\/\/www.suno.com.br\/noticias\/\"},{\"@type\":\"ListItem\",\"position\":2,\"name\":\"Colunas\",\"item\":\"https:\/\/www.suno.com.br\/noticias\/colunas\/\"},{\"@type\":\"ListItem\",\"position\":3,\"name\":\"Constata\u00e7\u00e3o pr\u00e9via: equil\u00edbrio entre o uso da recupera\u00e7\u00e3o judicial e a prote\u00e7\u00e3o a poss\u00edveis fraudes\"}]},{\"@type\":\"WebSite\",\"@id\":\"https:\/\/www.suno.com.br\/noticias\/#website\",\"url\":\"https:\/\/www.suno.com.br\/noticias\/\",\"name\":\"Suno Not\u00edcias\",\"description\":\"Seu portal de informa\u00e7\u00e3o sobre o mundo dos investimentos\",\"publisher\":{\"@id\":\"https:\/\/www.suno.com.br\/noticias\/#organization\"},\"potentialAction\":[{\"@type\":\"SearchAction\",\"target\":{\"@type\":\"EntryPoint\",\"urlTemplate\":\"https:\/\/www.suno.com.br\/noticias\/?s={search_term_string}\"},\"query-input\":{\"@type\":\"PropertyValueSpecification\",\"valueRequired\":true,\"valueName\":\"search_term_string\"}}],\"inLanguage\":\"pt-BR\"},{\"@type\":\"Organization\",\"@id\":\"https:\/\/www.suno.com.br\/noticias\/#organization\",\"name\":\"Suno Not\u00edcias\",\"url\":\"https:\/\/www.suno.com.br\/noticias\/\",\"logo\":{\"@type\":\"ImageObject\",\"inLanguage\":\"pt-BR\",\"@id\":\"https:\/\/www.suno.com.br\/noticias\/#\/schema\/logo\/image\/\",\"url\":\"https:\/\/files.sunoresearch.com.br\/n\/uploads\/2021\/09\/suno-logo.png\",\"contentUrl\":\"https:\/\/files.sunoresearch.com.br\/n\/uploads\/2021\/09\/suno-logo.png\",\"width\":180,\"height\":180,\"caption\":\"Suno Not\u00edcias\"},\"image\":{\"@id\":\"https:\/\/www.suno.com.br\/noticias\/#\/schema\/logo\/image\/\"},\"sameAs\":[\"https:\/\/facebook.com\/sunoresearch\",\"https:\/\/x.com\/sunoresearch\",\"https:\/\/www.instagram.com\/suno\",\"https:\/\/www.linkedin.com\/company\/suno-research\/\",\"https:\/\/www.youtube.com\/c\/sunoresearch\"]},{\"@type\":\"Person\",\"@id\":\"https:\/\/www.suno.com.br\/noticias\/#\/schema\/person\/a4bbc840bf9a0e701184747ead8265c2\",\"name\":\"Lucca Mendes\",\"image\":{\"@type\":\"ImageObject\",\"inLanguage\":\"pt-BR\",\"@id\":\"https:\/\/www.suno.com.br\/noticias\/#\/schema\/person\/image\/\",\"url\":\"https:\/\/secure.gravatar.com\/avatar\/ad81d72ba38004e0a2746acbd8386874?s=96&r=g\",\"contentUrl\":\"https:\/\/secure.gravatar.com\/avatar\/ad81d72ba38004e0a2746acbd8386874?s=96&r=g\",\"caption\":\"Lucca Mendes\"},\"description\":\"Lucca Darwich Mendes, s\u00f3cio administrador do escrit\u00f3rio Mendes Advocacia &amp; Consultoria (Advocacia empresarial especializada). Membro da Comiss\u00e3o de Gest\u00e3o, Empreendedorismo e Inova\u00e7\u00e3o do Conselho Federal da OAB.\",\"url\":\"https:\/\/www.suno.com.br\/noticias\/author\/lucca-mendes\/\"}]}<\/script>\n<!-- \/ Yoast SEO plugin. -->","yoast_head_json":{"title":"Constata\u00e7\u00e3o pr\u00e9via: equil\u00edbrio entre o uso da recupera\u00e7\u00e3o judicial e a prote\u00e7\u00e3o a poss\u00edveis fraudes - Suno Not\u00edcias","description":"A decis\u00e3o judicial que suspendeu o processo de recupera\u00e7\u00e3o judicial da 123 Milhas levanta quest\u00f5es cruciais no contexto econ\u00f4mico e jur\u00eddico","robots":{"index":"index","follow":"follow","max-snippet":"max-snippet:-1","max-image-preview":"max-image-preview:large","max-video-preview":"max-video-preview:-1"},"canonical":"https:\/\/www.suno.com.br\/noticias\/colunas\/lucca-mendes\/recuperacao-judicial-123milhas-decisao-processo\/","og_locale":"pt_BR","og_type":"article","og_title":"Constata\u00e7\u00e3o pr\u00e9via: equil\u00edbrio entre o uso da recupera\u00e7\u00e3o judicial e a prote\u00e7\u00e3o a poss\u00edveis fraudes - Suno Not\u00edcias","og_description":"A decis\u00e3o judicial que suspendeu o processo de recupera\u00e7\u00e3o judicial da 123 Milhas levanta quest\u00f5es cruciais no contexto econ\u00f4mico e jur\u00eddico","og_url":"https:\/\/www.suno.com.br\/noticias\/colunas\/lucca-mendes\/recuperacao-judicial-123milhas-decisao-processo\/","og_site_name":"Suno Not\u00edcias","article_publisher":"https:\/\/facebook.com\/sunoresearch","og_image":[{"width":1550,"height":805,"url":"http:\/\/files.sunoresearch.com.br\/n\/uploads\/2023\/08\/123-milhas.jpg","type":"image\/jpeg"}],"twitter_card":"summary_large_image","twitter_site":"@sunoresearch","twitter_misc":{"Est. tempo de leitura":"3 minutos"},"schema":{"@context":"https:\/\/schema.org","@graph":[{"@type":"Article","@id":"https:\/\/www.suno.com.br\/noticias\/colunas\/lucca-mendes\/recuperacao-judicial-123milhas-decisao-processo\/#article","isPartOf":{"@id":"https:\/\/www.suno.com.br\/noticias\/colunas\/lucca-mendes\/recuperacao-judicial-123milhas-decisao-processo\/"},"author":{"name":"Lucca Mendes","@id":"https:\/\/www.suno.com.br\/noticias\/#\/schema\/person\/a4bbc840bf9a0e701184747ead8265c2"},"headline":"Constata\u00e7\u00e3o pr\u00e9via: equil\u00edbrio entre o uso da recupera\u00e7\u00e3o judicial e a prote\u00e7\u00e3o a poss\u00edveis fraudes","datePublished":"2023-10-05T11:00:00+00:00","mainEntityOfPage":{"@id":"https:\/\/www.suno.com.br\/noticias\/colunas\/lucca-mendes\/recuperacao-judicial-123milhas-decisao-processo\/"},"wordCount":472,"publisher":{"@id":"https:\/\/www.suno.com.br\/noticias\/#organization"},"image":{"@id":"https:\/\/www.suno.com.br\/noticias\/colunas\/lucca-mendes\/recuperacao-judicial-123milhas-decisao-processo\/#primaryimage"},"thumbnailUrl":"https:\/\/files.sunoresearch.com.br\/n\/uploads\/2023\/08\/123-milhas.jpg","keywords":["recupera\u00e7\u00e3o judicial"],"inLanguage":"pt-BR"},{"@type":"WebPage","@id":"https:\/\/www.suno.com.br\/noticias\/colunas\/lucca-mendes\/recuperacao-judicial-123milhas-decisao-processo\/","url":"https:\/\/www.suno.com.br\/noticias\/colunas\/lucca-mendes\/recuperacao-judicial-123milhas-decisao-processo\/","name":"Constata\u00e7\u00e3o pr\u00e9via: equil\u00edbrio entre o uso da recupera\u00e7\u00e3o judicial e a prote\u00e7\u00e3o a poss\u00edveis fraudes - Suno Not\u00edcias","isPartOf":{"@id":"https:\/\/www.suno.com.br\/noticias\/#website"},"primaryImageOfPage":{"@id":"https:\/\/www.suno.com.br\/noticias\/colunas\/lucca-mendes\/recuperacao-judicial-123milhas-decisao-processo\/#primaryimage"},"image":{"@id":"https:\/\/www.suno.com.br\/noticias\/colunas\/lucca-mendes\/recuperacao-judicial-123milhas-decisao-processo\/#primaryimage"},"thumbnailUrl":"https:\/\/files.sunoresearch.com.br\/n\/uploads\/2023\/08\/123-milhas.jpg","datePublished":"2023-10-05T11:00:00+00:00","description":"A decis\u00e3o judicial que suspendeu o processo de recupera\u00e7\u00e3o judicial da 123 Milhas levanta quest\u00f5es cruciais no contexto econ\u00f4mico e jur\u00eddico","breadcrumb":{"@id":"https:\/\/www.suno.com.br\/noticias\/colunas\/lucca-mendes\/recuperacao-judicial-123milhas-decisao-processo\/#breadcrumb"},"inLanguage":"pt-BR","potentialAction":[{"@type":"ReadAction","target":["https:\/\/www.suno.com.br\/noticias\/colunas\/lucca-mendes\/recuperacao-judicial-123milhas-decisao-processo\/"]}]},{"@type":"ImageObject","inLanguage":"pt-BR","@id":"https:\/\/www.suno.com.br\/noticias\/colunas\/lucca-mendes\/recuperacao-judicial-123milhas-decisao-processo\/#primaryimage","url":"https:\/\/files.sunoresearch.com.br\/n\/uploads\/2023\/08\/123-milhas.jpg","contentUrl":"https:\/\/files.sunoresearch.com.br\/n\/uploads\/2023\/08\/123-milhas.jpg","width":1550,"height":805,"caption":"123milhas. Foto: Divulga\u00e7\u00e3o"},{"@type":"BreadcrumbList","@id":"https:\/\/www.suno.com.br\/noticias\/colunas\/lucca-mendes\/recuperacao-judicial-123milhas-decisao-processo\/#breadcrumb","itemListElement":[{"@type":"ListItem","position":1,"name":"Not\u00edcias","item":"https:\/\/www.suno.com.br\/noticias\/"},{"@type":"ListItem","position":2,"name":"Colunas","item":"https:\/\/www.suno.com.br\/noticias\/colunas\/"},{"@type":"ListItem","position":3,"name":"Constata\u00e7\u00e3o pr\u00e9via: equil\u00edbrio entre o uso da recupera\u00e7\u00e3o judicial e a prote\u00e7\u00e3o a poss\u00edveis fraudes"}]},{"@type":"WebSite","@id":"https:\/\/www.suno.com.br\/noticias\/#website","url":"https:\/\/www.suno.com.br\/noticias\/","name":"Suno Not\u00edcias","description":"Seu portal de informa\u00e7\u00e3o sobre o mundo dos investimentos","publisher":{"@id":"https:\/\/www.suno.com.br\/noticias\/#organization"},"potentialAction":[{"@type":"SearchAction","target":{"@type":"EntryPoint","urlTemplate":"https:\/\/www.suno.com.br\/noticias\/?s={search_term_string}"},"query-input":{"@type":"PropertyValueSpecification","valueRequired":true,"valueName":"search_term_string"}}],"inLanguage":"pt-BR"},{"@type":"Organization","@id":"https:\/\/www.suno.com.br\/noticias\/#organization","name":"Suno Not\u00edcias","url":"https:\/\/www.suno.com.br\/noticias\/","logo":{"@type":"ImageObject","inLanguage":"pt-BR","@id":"https:\/\/www.suno.com.br\/noticias\/#\/schema\/logo\/image\/","url":"https:\/\/files.sunoresearch.com.br\/n\/uploads\/2021\/09\/suno-logo.png","contentUrl":"https:\/\/files.sunoresearch.com.br\/n\/uploads\/2021\/09\/suno-logo.png","width":180,"height":180,"caption":"Suno Not\u00edcias"},"image":{"@id":"https:\/\/www.suno.com.br\/noticias\/#\/schema\/logo\/image\/"},"sameAs":["https:\/\/facebook.com\/sunoresearch","https:\/\/x.com\/sunoresearch","https:\/\/www.instagram.com\/suno","https:\/\/www.linkedin.com\/company\/suno-research\/","https:\/\/www.youtube.com\/c\/sunoresearch"]},{"@type":"Person","@id":"https:\/\/www.suno.com.br\/noticias\/#\/schema\/person\/a4bbc840bf9a0e701184747ead8265c2","name":"Lucca Mendes","image":{"@type":"ImageObject","inLanguage":"pt-BR","@id":"https:\/\/www.suno.com.br\/noticias\/#\/schema\/person\/image\/","url":"https:\/\/secure.gravatar.com\/avatar\/ad81d72ba38004e0a2746acbd8386874?s=96&r=g","contentUrl":"https:\/\/secure.gravatar.com\/avatar\/ad81d72ba38004e0a2746acbd8386874?s=96&r=g","caption":"Lucca Mendes"},"description":"Lucca Darwich Mendes, s\u00f3cio administrador do escrit\u00f3rio Mendes Advocacia &amp; Consultoria (Advocacia empresarial especializada). Membro da Comiss\u00e3o de Gest\u00e3o, Empreendedorismo e Inova\u00e7\u00e3o do Conselho Federal da OAB.","url":"https:\/\/www.suno.com.br\/noticias\/author\/lucca-mendes\/"}]}},"amp_enabled":true,"_links":{"self":[{"href":"https:\/\/www.suno.com.br\/noticias\/wp-json\/wp\/v2\/suno_column\/466544"}],"collection":[{"href":"https:\/\/www.suno.com.br\/noticias\/wp-json\/wp\/v2\/suno_column"}],"about":[{"href":"https:\/\/www.suno.com.br\/noticias\/wp-json\/wp\/v2\/types\/suno_column"}],"author":[{"embeddable":true,"href":"https:\/\/www.suno.com.br\/noticias\/wp-json\/wp\/v2\/users\/264"}],"wp:featuredmedia":[{"embeddable":true,"href":"https:\/\/www.suno.com.br\/noticias\/wp-json\/wp\/v2\/media\/445547"}],"wp:attachment":[{"href":"https:\/\/www.suno.com.br\/noticias\/wp-json\/wp\/v2\/media?parent=466544"}],"wp:term":[{"taxonomy":"post_tag","embeddable":true,"href":"https:\/\/www.suno.com.br\/noticias\/wp-json\/wp\/v2\/tags?post=466544"}],"curies":[{"name":"wp","href":"https:\/\/api.w.org\/{rel}","templated":true}]}}