{"id":464243,"date":"2023-10-02T08:00:00","date_gmt":"2023-10-02T11:00:00","guid":{"rendered":"https:\/\/www.suno.com.br\/noticias\/colunas\/marco-lopes\/\/"},"modified":"2023-09-29T23:03:14","modified_gmt":"2023-09-30T02:03:14","slug":"selic-precatorios-credores-atentos","status":"publish","type":"suno_column","link":"https:\/\/www.suno.com.br\/noticias\/colunas\/ernesto-schlesinger\/selic-precatorios-credores-atentos\/","title":{"rendered":"Com a queda da Selic, credores de precat\u00f3rios precisam ficar atentos para n\u00e3o perder dinheiro"},"content":{"rendered":"<p>Na sua <a href=\"https:\/\/www.suno.com.br\/noticias\/copom-decisao-taxa-selic-setembro-2023\/\">mais recente reuni\u00e3o<\/a>, o Comit\u00ea de Pol\u00edtica Monet\u00e1ria do Banco Central (o Copom) decidiu, como o mercado esperava, reduzir a <strong>Selic<\/strong>, a taxa b\u00e1sica de juros da economia brasileira. O novo corte de 0,5% refor\u00e7a o in\u00edcio de um aguardado processo de relaxamento monet\u00e1rio, que, segundo os mais de cem especialistas consultados semanalmente pelo Boletim Focus, tamb\u00e9m do Bacen, deve ter novos cap\u00edtulos ainda em 2023. Na sua edi\u00e7\u00e3o de 25 de agosto, a sondagem previu a taxa b\u00e1sica de juros em 11,75% ao ano no final de 2023, dois pontos percentuais abaixo da vigente no in\u00edcio do ano (13,75% a. a.). Para 2026, \u00faltimo ano do atual governo, a proje\u00e7\u00e3o para a Selic \u00e9 de 8,5% ao ano, o que representaria queda de 5,25%.<\/p>\t<div class=\"wrapper-featured-image\">\n\t\t<figure class=\"spotlightImg\">\n\n\t\t\t<picture>\n\t\t\t\t<source media=\"(max-width: 768px)\" srcset=\"https:\/\/files.sunoresearch.com.br\/n\/uploads\/2023\/05\/selic-400x200.jpg\">\n\t\t\t\t<img loading=\"lazy\" decoding=\"async\" class=\"newsContent__article__imgCapa lazyloadDisabled \" src=\"https:\/\/files.sunoresearch.com.br\/n\/uploads\/2023\/05\/selic-800x450.jpg\" width=\"800\" height=\"450\" alt=\"Com a queda da Selic, credores de precat\u00f3rios precisam ficar atentos para n\u00e3o perder dinheiro\" fetchpriority=high \/>\n\t\t\t<\/picture>\n\n\t\t\t<figcaption class=\"wp-caption-text wp-caption-text--show\">Quais melhores investimentos para \u201csurfar\u201d a queda da Selic? - Foto: iStock<\/figcaption>\n\t\t<\/figure>\n\t<\/div>\n\n\n\n\n\n\t<p>\n\t\t<a href=\"\" target=\"_blank\" data-element=\"shortcode-suno-banner\" title=\"Banner SUNO, clique e saiba mais\">\n\t\t\t<picture>\n\t\t\t\t<source media=\"(max-width: 500px)\" srcset=\"\">\n\t\t\t\t<img class=\"newsContent__article__imgCapa newsContent__article__imgCapa--banner\"\n\t\t\t\t\tsrc=\"\"\n\t\t\t\t\tdata-promo-id=\"240038\"\t\t\t\t\t\t\t\t\t\t\t\t\t\t\talt=\"\"\n\t\t\t\t>\n\t\t\t<\/picture>\n\t\t<\/a>\n\t<\/p>\n\n\n\n\n\n\n\n<p>Al\u00e9m de ser um instrumento de controle da infla\u00e7\u00e3o, ao estimular ou frear o acesso a empr\u00e9stimos e financiamentos, a Selic tamb\u00e9m atua como indexadora de diferentes ativos de renda fixa, incluindo t\u00edtulos p\u00fablicos (<strong>Tesouro Nacional<\/strong>) e privados (como CDBs e deb\u00eantures). Isto \u00e9, conforme a taxa sobe e desce, a rentabilidade desses investimentos tamb\u00e9m varia. Dessa forma, se as expectativas do mercado se confirmarem, em 2026 esses ativos v\u00e3o render 5,25% a menos do que rendem hoje.<\/p>\n\n\n\n<p>Mas o que isso tem a ver com <strong>precat\u00f3rios,<\/strong> nome que se d\u00e1 aos t\u00edtulos que representam d\u00edvidas de entes p\u00fablicos com pessoas ou empresas?<\/p>\n\n\n\n<p>Como a fila de recebimento pode durar d\u00e9cadas \u2014 e a infla\u00e7\u00e3o pode comprometer o poder de compra do dinheiro ao qual o credor tem direito \u2014, a legisla\u00e7\u00e3o define que os precat\u00f3rios t\u00eam seu valor corrigido Selic. At\u00e9 agosto deste ano, portanto, os cr\u00e9ditos ainda n\u00e3o pagos pelos entes federativos na forma de precat\u00f3rios ou RPVs (requisi\u00e7\u00f5es de pequeno valor, que funcionam da mesma forma que os precat\u00f3rios, mas tem valor abaixo de R$ 60 mil) rendiam 13,75% ao ano, ou cerca de 1,14% ao m\u00eas, vencendo de longe a infla\u00e7\u00e3o no per\u00edodo, que entre agosto de 2022 e julho de 2023 foi de 2,99%, ou 0,24% ao m\u00eas. Nesse contexto, a chamada rentabilidade real, ou quanto de fato os precat\u00f3rios estavam se valorizando ap\u00f3s descontada a infla\u00e7\u00e3o, era de cerca de 0,9% ao m\u00eas.<\/p>\n\n\n\n<p>Considerando que se trata de um t\u00edtulo de risco quase zero, uma vez que o pagamento \u00e9 garantido pelo governo (mesmo que demore muito), 0,9% ao m\u00eas \u00e9 uma \u00f3tima rentabilidade. Como compara\u00e7\u00e3o, a caderneta de poupan\u00e7a \u2014 um dos investimentos mais populares entre os brasileiros e considerado uma op\u00e7\u00e3o ruim pelos especialistas \u2014 rende cerca de 0,5% bruto ao m\u00eas. Em julho, considerando a infla\u00e7\u00e3o de 0,2% no m\u00eas, o rendimento que efetivamente foi para o bolso dos poupadores foi de 0,3%.<\/p>\n\n\n\t<p>\n\t\t<a href=\"https:\/\/lp.suno.com.br\/ebook-gratuito-investindo-no-exterior\/\" target=\"_blank\" data-element=\"shortcode-suno-banner\" title=\"Banner SUNO, clique e saiba mais\">\n\t\t\t<picture>\n\t\t\t\t<source media=\"(max-width: 500px)\" srcset=\"https:\/\/files.sunoresearch.com.br\/n\/uploads\/2023\/03\/400x300-Investindo-no-exterior.png\">\n\t\t\t\t<img class=\"newsContent__article__imgCapa newsContent__article__imgCapa--banner\"\n\t\t\t\t\tsrc=\"https:\/\/files.sunoresearch.com.br\/n\/uploads\/2023\/03\/1420x240-Investindo-no-exterior.png\"\n\t\t\t\t\tdata-promo-id=\"383161\"\t\t\t\t\t\t\t\t\t\twidth='1420' height='240'\t\t\t\t\talt=\"https:\/\/files.sunoresearch.com.br\/n\/uploads\/2023\/03\/1420x240-Investindo-no-exterior.png\"\n\t\t\t\t>\n\t\t\t<\/picture>\n\t\t<\/a>\n\t<\/p>\n\n\n\n\n\n<p>Por\u00e9m, esse cen\u00e1rio agora deve mudar. Caso as expectativas se confirmem e a taxa b\u00e1sica de juros des\u00e7a a 8,5% ao ano em 2026, a rentabilidade real provavelmente ser\u00e1 bem menor, dependendo da infla\u00e7\u00e3o no per\u00edodo. No Boletim Focus, os economistas consultados pelo <strong>Banco Central<\/strong> disseram acreditar que 3% seja um patamar razo\u00e1vel para a infla\u00e7\u00e3o em 2026. Se essa previs\u00e3o se concretizar, os credores passar\u00e3o a colocar no bolso 5,5% ao ano com seus precat\u00f3rios, o que corresponde a uma rentabilidade mensal de cerca de 0,4%, muito pr\u00f3ximo do que \u201cpaga\u201d a poupan\u00e7a. Logo, de 2026 em diante \u00e9 muito prov\u00e1vel que manter precat\u00f3rios \u201cpresos\u201d passar\u00e1 a ser, como a caderneta, um \u201cinvestimento ruim\u201d.<\/p>\n\n\n\n<p>A menos que o governo consiga dar solu\u00e7\u00e3o ao limite imposto ao pagamento dos precat\u00f3rios, tema que abordei no \u00faltimo post, a <strong>fila dos precat\u00f3rios<\/strong> tende a aumentar, deixando os credores uns bons anos a mais \u00e0 espera do recebimento. Segundo estudos, o prazo de recebimento de um precat\u00f3rio da Uni\u00e3o, que j\u00e1 era de 20 anos em m\u00e9dia, poder\u00e1 passar dos 30 anos por conta dos efeitos da PEC de 2021. Imagine esperar todo esse tempo e, pior, vendo o seu dinheiro perdendo valor?<\/p>\n\n\n\t<div data-element=\"shortcode-read-more\" class=\"knowMore\">\n\t\t\t\t<span class=\"knowMore__title\">Leia mais<\/span>\n\t\t\t\t<a class=\"knowMore__link\" href=\"https:\/\/www.suno.com.br\/noticias\/governo-precatorios-suspensao-satf-pagamento-mal\/\">\n\t\t\tGoverno pede ao STF suspens\u00e3o das regras atuais de pagamento de precat\u00f3rios\t\t<\/a>\n\t<\/div>\n\n\n\n\n<p>Quem tem dinheiro na m\u00e3o ou liquidez nas suas <strong>aplica\u00e7\u00f5es financeiras<\/strong> pode, neste momento, adequar suas estrat\u00e9gias ao novo cen\u00e1rio, buscando investimentos que \u201cganhem\u201d com folga da infla\u00e7\u00e3o. J\u00e1 quem mant\u00e9m um precat\u00f3rio depende da boa vontade do governo de pagar e fica na torcida por ventos favor\u00e1veis na economia \u2014 o que n\u00e3o \u00e9 o caso agora.<\/p>\n\n\n\n<p>Hoje, se o credor antecipa o recebimento do seu precat\u00f3rio, ele ainda consegue investir em t\u00edtulos de renda fixa prefixados do Tesouro Nacional (risco quase zero), que pagam quase 11% ao ano. Deixando o dinheiro parado em um investimento como esse, em no m\u00e1ximo tr\u00eas anos ele cobre os custos da antecipa\u00e7\u00e3o e, da\u00ed para frente, \u00e9 lucro acima da infla\u00e7\u00e3o e muito maior que o da poupan\u00e7a. Para quem tem um pouco mais de apetite a risco, o <strong>mercado financeiro<\/strong> est\u00e1 repleto de oportunidades na renda vari\u00e1vel, como a\u00e7\u00f5es e fundos imobili\u00e1rios. Por\u00e9m, essa \u00e9 uma janela que est\u00e1 se fechando rapidamente.<\/p>\n\n\n\n<p>O que fazer com o <strong>precat\u00f3rio<\/strong> \u00e9 uma decis\u00e3o importante, que deve ser analisada e discutida com a fam\u00edlia, sempre considerando os pr\u00f3s e contras de cada alternativa. S\u00f3 n\u00e3o \u00e9 recomend\u00e1vel deixar o tempo passar. N\u00e3o pensar no assunto, \u00e0s vezes, \u00e9 escolher o pior caminho.<\/p>\n\n\n\t<p>\n\t\t<a href=\"https:\/\/lp.suno.com.br\/planilha-da-vida-financeira\/\" target=\"_blank\" data-element=\"shortcode-suno-banner\" title=\"Banner SUNO, clique e saiba mais\">\n\t\t\t<picture>\n\t\t\t\t<source media=\"(max-width: 500px)\" srcset=\"https:\/\/files.sunoresearch.com.br\/n\/uploads\/2023\/04\/400x300-Planilha-vida-financeira-true.png\">\n\t\t\t\t<img class=\"newsContent__article__imgCapa newsContent__article__imgCapa--banner\"\n\t\t\t\t\tsrc=\"https:\/\/files.sunoresearch.com.br\/n\/uploads\/2023\/04\/1420x240-Planilha-vida-financeira-true.png\"\n\t\t\t\t\tdata-promo-id=\"383123\"\t\t\t\t\t\t\t\t\t\twidth='1420' height='240'\t\t\t\t\talt=\"https:\/\/files.sunoresearch.com.br\/n\/uploads\/2023\/04\/1420x240-Planilha-vida-financeira-true.png\"\n\t\t\t\t>\n\t\t\t<\/picture>\n\t\t<\/a>\n\t<\/p>\n\n\n","protected":false},"excerpt":{"rendered":"<p>Na sua mais recente reuni\u00e3o, o Comit\u00ea de Pol\u00edtica Monet\u00e1ria do Banco Central (o Copom) decidiu, como o mercado esperava, reduzir a Selic, a taxa b\u00e1sica de juros da eco&#8230;<\/p>\n","protected":false},"author":315,"featured_media":408708,"template":"","tags":[1842,104591,290],"class_list":["post-464243","suno_column","type-suno_column","status-publish","has-post-thumbnail","hentry","tag-banco-central-bc","tag-precatorios","tag-taxa-selic"],"yoast_head":"<!-- This site is optimized with the Yoast SEO plugin v24.4 - https:\/\/yoast.com\/wordpress\/plugins\/seo\/ -->\n<title>Com a queda da Selic, credores de precat\u00f3rios precisam ficar atentos para n\u00e3o perder dinheiro - Suno Not\u00edcias<\/title>\n<meta name=\"description\" content=\"Mas o que isso tem a ver com precat\u00f3rios, nome que se d\u00e1 aos t\u00edtulos que representam d\u00edvidas de entes p\u00fablicos com pessoas ou empresas?\" \/>\n<meta name=\"robots\" content=\"index, follow, max-snippet:-1, max-image-preview:large, max-video-preview:-1\" \/>\n<link rel=\"canonical\" href=\"https:\/\/www.suno.com.br\/noticias\/colunas\/ernesto-schlesinger\/selic-precatorios-credores-atentos\/\" \/>\n<meta property=\"og:locale\" content=\"pt_BR\" \/>\n<meta property=\"og:type\" content=\"article\" \/>\n<meta property=\"og:title\" content=\"Com a queda da Selic, credores de precat\u00f3rios precisam ficar atentos para n\u00e3o perder dinheiro - Suno Not\u00edcias\" \/>\n<meta property=\"og:description\" content=\"Mas o que isso tem a ver com precat\u00f3rios, nome que se d\u00e1 aos t\u00edtulos que representam d\u00edvidas de entes p\u00fablicos com pessoas ou empresas?\" \/>\n<meta property=\"og:url\" content=\"https:\/\/www.suno.com.br\/noticias\/colunas\/ernesto-schlesinger\/selic-precatorios-credores-atentos\/\" \/>\n<meta property=\"og:site_name\" content=\"Suno Not\u00edcias\" \/>\n<meta property=\"article:publisher\" content=\"https:\/\/facebook.com\/sunoresearch\" \/>\n<meta property=\"og:image\" content=\"http:\/\/files.sunoresearch.com.br\/n\/uploads\/2023\/05\/selic.jpg\" \/>\n\t<meta property=\"og:image:width\" content=\"1200\" \/>\n\t<meta property=\"og:image:height\" content=\"800\" \/>\n\t<meta property=\"og:image:type\" content=\"image\/jpeg\" \/>\n<meta name=\"twitter:card\" content=\"summary_large_image\" \/>\n<meta name=\"twitter:site\" content=\"@sunoresearch\" \/>\n<meta name=\"twitter:label1\" content=\"Est. tempo de leitura\" \/>\n\t<meta name=\"twitter:data1\" content=\"5 minutos\" \/>\n<script type=\"application\/ld+json\" class=\"yoast-schema-graph\">{\"@context\":\"https:\/\/schema.org\",\"@graph\":[{\"@type\":\"Article\",\"@id\":\"https:\/\/www.suno.com.br\/noticias\/colunas\/ernesto-schlesinger\/selic-precatorios-credores-atentos\/#article\",\"isPartOf\":{\"@id\":\"https:\/\/www.suno.com.br\/noticias\/colunas\/ernesto-schlesinger\/selic-precatorios-credores-atentos\/\"},\"author\":{\"name\":\"Ernesto Schlesinger\",\"@id\":\"https:\/\/www.suno.com.br\/noticias\/#\/schema\/person\/ebbafb39ce8b86bc1136406553d58c25\"},\"headline\":\"Com a queda da Selic, credores de precat\u00f3rios precisam ficar atentos para n\u00e3o perder dinheiro\",\"datePublished\":\"2023-10-02T11:00:00+00:00\",\"mainEntityOfPage\":{\"@id\":\"https:\/\/www.suno.com.br\/noticias\/colunas\/ernesto-schlesinger\/selic-precatorios-credores-atentos\/\"},\"wordCount\":932,\"publisher\":{\"@id\":\"https:\/\/www.suno.com.br\/noticias\/#organization\"},\"image\":{\"@id\":\"https:\/\/www.suno.com.br\/noticias\/colunas\/ernesto-schlesinger\/selic-precatorios-credores-atentos\/#primaryimage\"},\"thumbnailUrl\":\"https:\/\/files.sunoresearch.com.br\/n\/uploads\/2023\/05\/selic.jpg\",\"keywords\":[\"Banco Central (BC)\",\"precat\u00f3rios\",\"Taxa Selic\"],\"inLanguage\":\"pt-BR\"},{\"@type\":\"WebPage\",\"@id\":\"https:\/\/www.suno.com.br\/noticias\/colunas\/ernesto-schlesinger\/selic-precatorios-credores-atentos\/\",\"url\":\"https:\/\/www.suno.com.br\/noticias\/colunas\/ernesto-schlesinger\/selic-precatorios-credores-atentos\/\",\"name\":\"Com a queda da Selic, credores de precat\u00f3rios precisam ficar atentos para n\u00e3o perder dinheiro - Suno Not\u00edcias\",\"isPartOf\":{\"@id\":\"https:\/\/www.suno.com.br\/noticias\/#website\"},\"primaryImageOfPage\":{\"@id\":\"https:\/\/www.suno.com.br\/noticias\/colunas\/ernesto-schlesinger\/selic-precatorios-credores-atentos\/#primaryimage\"},\"image\":{\"@id\":\"https:\/\/www.suno.com.br\/noticias\/colunas\/ernesto-schlesinger\/selic-precatorios-credores-atentos\/#primaryimage\"},\"thumbnailUrl\":\"https:\/\/files.sunoresearch.com.br\/n\/uploads\/2023\/05\/selic.jpg\",\"datePublished\":\"2023-10-02T11:00:00+00:00\",\"description\":\"Mas o que isso tem a ver com precat\u00f3rios, nome que se d\u00e1 aos t\u00edtulos que representam d\u00edvidas de entes p\u00fablicos com pessoas ou empresas?\",\"breadcrumb\":{\"@id\":\"https:\/\/www.suno.com.br\/noticias\/colunas\/ernesto-schlesinger\/selic-precatorios-credores-atentos\/#breadcrumb\"},\"inLanguage\":\"pt-BR\",\"potentialAction\":[{\"@type\":\"ReadAction\",\"target\":[\"https:\/\/www.suno.com.br\/noticias\/colunas\/ernesto-schlesinger\/selic-precatorios-credores-atentos\/\"]}]},{\"@type\":\"ImageObject\",\"inLanguage\":\"pt-BR\",\"@id\":\"https:\/\/www.suno.com.br\/noticias\/colunas\/ernesto-schlesinger\/selic-precatorios-credores-atentos\/#primaryimage\",\"url\":\"https:\/\/files.sunoresearch.com.br\/n\/uploads\/2023\/05\/selic.jpg\",\"contentUrl\":\"https:\/\/files.sunoresearch.com.br\/n\/uploads\/2023\/05\/selic.jpg\",\"width\":1200,\"height\":800,\"caption\":\"Quais melhores investimentos para \u201csurfar\u201d a queda da Selic? - Foto: iStock\"},{\"@type\":\"BreadcrumbList\",\"@id\":\"https:\/\/www.suno.com.br\/noticias\/colunas\/ernesto-schlesinger\/selic-precatorios-credores-atentos\/#breadcrumb\",\"itemListElement\":[{\"@type\":\"ListItem\",\"position\":1,\"name\":\"Not\u00edcias\",\"item\":\"https:\/\/www.suno.com.br\/noticias\/\"},{\"@type\":\"ListItem\",\"position\":2,\"name\":\"Colunas\",\"item\":\"https:\/\/www.suno.com.br\/noticias\/colunas\/\"},{\"@type\":\"ListItem\",\"position\":3,\"name\":\"Com a queda da Selic, credores de precat\u00f3rios precisam ficar atentos para n\u00e3o perder dinheiro\"}]},{\"@type\":\"WebSite\",\"@id\":\"https:\/\/www.suno.com.br\/noticias\/#website\",\"url\":\"https:\/\/www.suno.com.br\/noticias\/\",\"name\":\"Suno Not\u00edcias\",\"description\":\"Seu portal de informa\u00e7\u00e3o sobre o mundo dos investimentos\",\"publisher\":{\"@id\":\"https:\/\/www.suno.com.br\/noticias\/#organization\"},\"potentialAction\":[{\"@type\":\"SearchAction\",\"target\":{\"@type\":\"EntryPoint\",\"urlTemplate\":\"https:\/\/www.suno.com.br\/noticias\/?s={search_term_string}\"},\"query-input\":{\"@type\":\"PropertyValueSpecification\",\"valueRequired\":true,\"valueName\":\"search_term_string\"}}],\"inLanguage\":\"pt-BR\"},{\"@type\":\"Organization\",\"@id\":\"https:\/\/www.suno.com.br\/noticias\/#organization\",\"name\":\"Suno Not\u00edcias\",\"url\":\"https:\/\/www.suno.com.br\/noticias\/\",\"logo\":{\"@type\":\"ImageObject\",\"inLanguage\":\"pt-BR\",\"@id\":\"https:\/\/www.suno.com.br\/noticias\/#\/schema\/logo\/image\/\",\"url\":\"https:\/\/files.sunoresearch.com.br\/n\/uploads\/2021\/09\/suno-logo.png\",\"contentUrl\":\"https:\/\/files.sunoresearch.com.br\/n\/uploads\/2021\/09\/suno-logo.png\",\"width\":180,\"height\":180,\"caption\":\"Suno Not\u00edcias\"},\"image\":{\"@id\":\"https:\/\/www.suno.com.br\/noticias\/#\/schema\/logo\/image\/\"},\"sameAs\":[\"https:\/\/facebook.com\/sunoresearch\",\"https:\/\/x.com\/sunoresearch\",\"https:\/\/www.instagram.com\/suno\",\"https:\/\/www.linkedin.com\/company\/suno-research\/\",\"https:\/\/www.youtube.com\/c\/sunoresearch\"]},{\"@type\":\"Person\",\"@id\":\"https:\/\/www.suno.com.br\/noticias\/#\/schema\/person\/ebbafb39ce8b86bc1136406553d58c25\",\"name\":\"Ernesto Schlesinger\",\"image\":{\"@type\":\"ImageObject\",\"inLanguage\":\"pt-BR\",\"@id\":\"https:\/\/www.suno.com.br\/noticias\/#\/schema\/person\/image\/\",\"url\":\"https:\/\/secure.gravatar.com\/avatar\/556f4c2705779412cac968d8c93e2e8a?s=96&r=g\",\"contentUrl\":\"https:\/\/secure.gravatar.com\/avatar\/556f4c2705779412cac968d8c93e2e8a?s=96&r=g\",\"caption\":\"Ernesto Schlesinger\"},\"description\":\"Ernesto Schlesinger \u00e9 s\u00f3cio-fundador da Jequitib\u00e1 Investimentos e tem mais tr\u00eas d\u00e9cadas de expertise em finan\u00e7as, com passagens por Unilever, Votorantim, Logicalis e Huawei.\",\"url\":\"https:\/\/www.suno.com.br\/noticias\/author\/ernesto-schlesinger\/\"}]}<\/script>\n<!-- \/ Yoast SEO plugin. -->","yoast_head_json":{"title":"Com a queda da Selic, credores de precat\u00f3rios precisam ficar atentos para n\u00e3o perder dinheiro - Suno Not\u00edcias","description":"Mas o que isso tem a ver com precat\u00f3rios, nome que se d\u00e1 aos t\u00edtulos que representam d\u00edvidas de entes p\u00fablicos com pessoas ou empresas?","robots":{"index":"index","follow":"follow","max-snippet":"max-snippet:-1","max-image-preview":"max-image-preview:large","max-video-preview":"max-video-preview:-1"},"canonical":"https:\/\/www.suno.com.br\/noticias\/colunas\/ernesto-schlesinger\/selic-precatorios-credores-atentos\/","og_locale":"pt_BR","og_type":"article","og_title":"Com a queda da Selic, credores de precat\u00f3rios precisam ficar atentos para n\u00e3o perder dinheiro - Suno Not\u00edcias","og_description":"Mas o que isso tem a ver com precat\u00f3rios, nome que se d\u00e1 aos t\u00edtulos que representam d\u00edvidas de entes p\u00fablicos com pessoas ou empresas?","og_url":"https:\/\/www.suno.com.br\/noticias\/colunas\/ernesto-schlesinger\/selic-precatorios-credores-atentos\/","og_site_name":"Suno Not\u00edcias","article_publisher":"https:\/\/facebook.com\/sunoresearch","og_image":[{"width":1200,"height":800,"url":"http:\/\/files.sunoresearch.com.br\/n\/uploads\/2023\/05\/selic.jpg","type":"image\/jpeg"}],"twitter_card":"summary_large_image","twitter_site":"@sunoresearch","twitter_misc":{"Est. tempo de leitura":"5 minutos"},"schema":{"@context":"https:\/\/schema.org","@graph":[{"@type":"Article","@id":"https:\/\/www.suno.com.br\/noticias\/colunas\/ernesto-schlesinger\/selic-precatorios-credores-atentos\/#article","isPartOf":{"@id":"https:\/\/www.suno.com.br\/noticias\/colunas\/ernesto-schlesinger\/selic-precatorios-credores-atentos\/"},"author":{"name":"Ernesto Schlesinger","@id":"https:\/\/www.suno.com.br\/noticias\/#\/schema\/person\/ebbafb39ce8b86bc1136406553d58c25"},"headline":"Com a queda da Selic, credores de precat\u00f3rios precisam ficar atentos para n\u00e3o perder dinheiro","datePublished":"2023-10-02T11:00:00+00:00","mainEntityOfPage":{"@id":"https:\/\/www.suno.com.br\/noticias\/colunas\/ernesto-schlesinger\/selic-precatorios-credores-atentos\/"},"wordCount":932,"publisher":{"@id":"https:\/\/www.suno.com.br\/noticias\/#organization"},"image":{"@id":"https:\/\/www.suno.com.br\/noticias\/colunas\/ernesto-schlesinger\/selic-precatorios-credores-atentos\/#primaryimage"},"thumbnailUrl":"https:\/\/files.sunoresearch.com.br\/n\/uploads\/2023\/05\/selic.jpg","keywords":["Banco Central (BC)","precat\u00f3rios","Taxa Selic"],"inLanguage":"pt-BR"},{"@type":"WebPage","@id":"https:\/\/www.suno.com.br\/noticias\/colunas\/ernesto-schlesinger\/selic-precatorios-credores-atentos\/","url":"https:\/\/www.suno.com.br\/noticias\/colunas\/ernesto-schlesinger\/selic-precatorios-credores-atentos\/","name":"Com a queda da Selic, credores de precat\u00f3rios precisam ficar atentos para n\u00e3o perder dinheiro - Suno Not\u00edcias","isPartOf":{"@id":"https:\/\/www.suno.com.br\/noticias\/#website"},"primaryImageOfPage":{"@id":"https:\/\/www.suno.com.br\/noticias\/colunas\/ernesto-schlesinger\/selic-precatorios-credores-atentos\/#primaryimage"},"image":{"@id":"https:\/\/www.suno.com.br\/noticias\/colunas\/ernesto-schlesinger\/selic-precatorios-credores-atentos\/#primaryimage"},"thumbnailUrl":"https:\/\/files.sunoresearch.com.br\/n\/uploads\/2023\/05\/selic.jpg","datePublished":"2023-10-02T11:00:00+00:00","description":"Mas o que isso tem a ver com precat\u00f3rios, nome que se d\u00e1 aos t\u00edtulos que representam d\u00edvidas de entes p\u00fablicos com pessoas ou empresas?","breadcrumb":{"@id":"https:\/\/www.suno.com.br\/noticias\/colunas\/ernesto-schlesinger\/selic-precatorios-credores-atentos\/#breadcrumb"},"inLanguage":"pt-BR","potentialAction":[{"@type":"ReadAction","target":["https:\/\/www.suno.com.br\/noticias\/colunas\/ernesto-schlesinger\/selic-precatorios-credores-atentos\/"]}]},{"@type":"ImageObject","inLanguage":"pt-BR","@id":"https:\/\/www.suno.com.br\/noticias\/colunas\/ernesto-schlesinger\/selic-precatorios-credores-atentos\/#primaryimage","url":"https:\/\/files.sunoresearch.com.br\/n\/uploads\/2023\/05\/selic.jpg","contentUrl":"https:\/\/files.sunoresearch.com.br\/n\/uploads\/2023\/05\/selic.jpg","width":1200,"height":800,"caption":"Quais melhores investimentos para \u201csurfar\u201d a queda da Selic? - Foto: iStock"},{"@type":"BreadcrumbList","@id":"https:\/\/www.suno.com.br\/noticias\/colunas\/ernesto-schlesinger\/selic-precatorios-credores-atentos\/#breadcrumb","itemListElement":[{"@type":"ListItem","position":1,"name":"Not\u00edcias","item":"https:\/\/www.suno.com.br\/noticias\/"},{"@type":"ListItem","position":2,"name":"Colunas","item":"https:\/\/www.suno.com.br\/noticias\/colunas\/"},{"@type":"ListItem","position":3,"name":"Com a queda da Selic, credores de precat\u00f3rios precisam ficar atentos para n\u00e3o perder dinheiro"}]},{"@type":"WebSite","@id":"https:\/\/www.suno.com.br\/noticias\/#website","url":"https:\/\/www.suno.com.br\/noticias\/","name":"Suno Not\u00edcias","description":"Seu portal de informa\u00e7\u00e3o sobre o mundo dos investimentos","publisher":{"@id":"https:\/\/www.suno.com.br\/noticias\/#organization"},"potentialAction":[{"@type":"SearchAction","target":{"@type":"EntryPoint","urlTemplate":"https:\/\/www.suno.com.br\/noticias\/?s={search_term_string}"},"query-input":{"@type":"PropertyValueSpecification","valueRequired":true,"valueName":"search_term_string"}}],"inLanguage":"pt-BR"},{"@type":"Organization","@id":"https:\/\/www.suno.com.br\/noticias\/#organization","name":"Suno Not\u00edcias","url":"https:\/\/www.suno.com.br\/noticias\/","logo":{"@type":"ImageObject","inLanguage":"pt-BR","@id":"https:\/\/www.suno.com.br\/noticias\/#\/schema\/logo\/image\/","url":"https:\/\/files.sunoresearch.com.br\/n\/uploads\/2021\/09\/suno-logo.png","contentUrl":"https:\/\/files.sunoresearch.com.br\/n\/uploads\/2021\/09\/suno-logo.png","width":180,"height":180,"caption":"Suno Not\u00edcias"},"image":{"@id":"https:\/\/www.suno.com.br\/noticias\/#\/schema\/logo\/image\/"},"sameAs":["https:\/\/facebook.com\/sunoresearch","https:\/\/x.com\/sunoresearch","https:\/\/www.instagram.com\/suno","https:\/\/www.linkedin.com\/company\/suno-research\/","https:\/\/www.youtube.com\/c\/sunoresearch"]},{"@type":"Person","@id":"https:\/\/www.suno.com.br\/noticias\/#\/schema\/person\/ebbafb39ce8b86bc1136406553d58c25","name":"Ernesto Schlesinger","image":{"@type":"ImageObject","inLanguage":"pt-BR","@id":"https:\/\/www.suno.com.br\/noticias\/#\/schema\/person\/image\/","url":"https:\/\/secure.gravatar.com\/avatar\/556f4c2705779412cac968d8c93e2e8a?s=96&r=g","contentUrl":"https:\/\/secure.gravatar.com\/avatar\/556f4c2705779412cac968d8c93e2e8a?s=96&r=g","caption":"Ernesto Schlesinger"},"description":"Ernesto Schlesinger \u00e9 s\u00f3cio-fundador da Jequitib\u00e1 Investimentos e tem mais tr\u00eas d\u00e9cadas de expertise em finan\u00e7as, com passagens por Unilever, Votorantim, Logicalis e Huawei.","url":"https:\/\/www.suno.com.br\/noticias\/author\/ernesto-schlesinger\/"}]}},"amp_enabled":true,"_links":{"self":[{"href":"https:\/\/www.suno.com.br\/noticias\/wp-json\/wp\/v2\/suno_column\/464243"}],"collection":[{"href":"https:\/\/www.suno.com.br\/noticias\/wp-json\/wp\/v2\/suno_column"}],"about":[{"href":"https:\/\/www.suno.com.br\/noticias\/wp-json\/wp\/v2\/types\/suno_column"}],"author":[{"embeddable":true,"href":"https:\/\/www.suno.com.br\/noticias\/wp-json\/wp\/v2\/users\/315"}],"wp:featuredmedia":[{"embeddable":true,"href":"https:\/\/www.suno.com.br\/noticias\/wp-json\/wp\/v2\/media\/408708"}],"wp:attachment":[{"href":"https:\/\/www.suno.com.br\/noticias\/wp-json\/wp\/v2\/media?parent=464243"}],"wp:term":[{"taxonomy":"post_tag","embeddable":true,"href":"https:\/\/www.suno.com.br\/noticias\/wp-json\/wp\/v2\/tags?post=464243"}],"curies":[{"name":"wp","href":"https:\/\/api.w.org\/{rel}","templated":true}]}}