{"id":459634,"date":"2023-09-22T08:00:00","date_gmt":"2023-09-22T11:00:00","guid":{"rendered":"https:\/\/www.suno.com.br\/noticias\/colunas\/marco-lopes\/\/"},"modified":"2023-09-20T23:08:07","modified_gmt":"2023-09-21T02:08:07","slug":"logo-prazo-qual-afinal","status":"publish","type":"suno_column","link":"https:\/\/www.suno.com.br\/noticias\/colunas\/mateus-carvalho\/logo-prazo-qual-afinal\/","title":{"rendered":"Mas, afinal, qual \u00e9 o longo prazo?"},"content":{"rendered":"<p>\u00c9 importante entender que investir em a\u00e7\u00f5es sempre envolve algum n\u00edvel de risco, e n\u00e3o h\u00e1 um per\u00edodo garantido em que voc\u00ea n\u00e3o perder\u00e1 dinheiro. O mercado de a\u00e7\u00f5es \u00e9 influenciado por uma variedade de fatores, incluindo condi\u00e7\u00f5es econ\u00f4micas, eventos geopol\u00edticos, flutua\u00e7\u00f5es de taxas de juros e muito mais, que podem afetar os pre\u00e7os das a\u00e7\u00f5es.<\/p>\t<div class=\"wrapper-featured-image\">\n\t\t<figure class=\"spotlightImg\">\n\n\t\t\t<picture>\n\t\t\t\t<source media=\"(max-width: 768px)\" srcset=\"https:\/\/files.sunoresearch.com.br\/n\/uploads\/2023\/05\/bolsa-cotacoes-400x200.jpg\">\n\t\t\t\t<img loading=\"lazy\" decoding=\"async\" class=\"newsContent__article__imgCapa lazyloadDisabled \" src=\"https:\/\/files.sunoresearch.com.br\/n\/uploads\/2023\/05\/bolsa-cotacoes-800x450.jpg\" width=\"800\" height=\"450\" alt=\"Mas, afinal, qual \u00e9 o longo prazo?\" fetchpriority=high \/>\n\t\t\t<\/picture>\n\n\t\t\t<figcaption class=\"wp-caption-text wp-caption-text--show\">BRCO11. Foto: iStock<\/figcaption>\n\t\t<\/figure>\n\t<\/div>\n\n\n\n\n\n\t<p>\n\t\t<a href=\"https:\/\/lp.suno.com.br\/planilha-da-vida-financeira\/\" target=\"_blank\" data-element=\"shortcode-suno-banner\" title=\"Banner SUNO, clique e saiba mais\">\n\t\t\t<picture>\n\t\t\t\t<source media=\"(max-width: 500px)\" srcset=\"https:\/\/files.sunoresearch.com.br\/n\/uploads\/2023\/04\/400x300-Planilha-vida-financeira-true.png\">\n\t\t\t\t<img class=\"newsContent__article__imgCapa newsContent__article__imgCapa--banner\"\n\t\t\t\t\tsrc=\"https:\/\/files.sunoresearch.com.br\/n\/uploads\/2023\/04\/1420x240-Planilha-vida-financeira-true.png\"\n\t\t\t\t\tdata-promo-id=\"106682\"\t\t\t\t\t\t\t\t\t\twidth='1420' height='240'\t\t\t\t\talt=\"https:\/\/files.sunoresearch.com.br\/n\/uploads\/2023\/04\/1420x240-Planilha-vida-financeira-true.png\"\n\t\t\t\t>\n\t\t\t<\/picture>\n\t\t<\/a>\n\t<\/p>\n\n\n\n\n\n\n\n<p>Justamente por estes motivos, que quando falamos em a\u00e7\u00f5es o termo \u201c<strong>longo prazo<\/strong>\u201d \u00e9 praticamente um pr\u00e9-requisito &#8211; por\u00e9m o longo prazo para alguns pode ser curto para outros. Uma boa an\u00e1lise deve levar em considera\u00e7\u00e3o o perfil de vida, trabalho e capacidade de poupan\u00e7a do pr\u00f3prio investidor.<\/p>\n\n\n\n<p>Um jovem em in\u00edcio de carreira, com capacidade de <strong>gera\u00e7\u00e3o de renda<\/strong> acima de 30 anos, certamente dever\u00e1 reservar parte de seus recursos para sua aposentadoria, enquanto uma pessoa com 60 anos de idade, dever\u00e1 buscar mais prote\u00e7\u00e3o, mesmo n\u00e3o havendo necessidade de utiliza\u00e7\u00e3o do recurso, pois algum fator estrutural grave, exemplo de guerras ou pandemias, poder\u00e3o gerar destrui\u00e7\u00e3o de seu patrim\u00f4nio, no curto prazo, sem necessariamente haver tempo para sua recupera\u00e7\u00e3o.<\/p>\n\n\n\n<p>No entanto, historicamente, o <strong>mercado de a\u00e7\u00f5es<\/strong> tem apresentado um desempenho positivo ao longo do tempo, apesar das flutua\u00e7\u00f5es tempor\u00e1rias e das quedas do mercado. Em um horizonte de tempo de 20 anos ou mais, os principais \u00edndices de mercado de a\u00e7\u00f5es, como o S&amp;P 500 nos Estados Unidos, tendem a ter um desempenho positivo.<\/p>\n\n\n\n<p>No Brasil, o economista Samy Dana, fez um estudo matem\u00e1tico em que apresenta probabilidades de resultados positivos considerando nosso principal \u00edndice acion\u00e1rio, o <strong>Ibovespa<\/strong>.<\/p>\n\n\n\n<figure class=\"wp-block-image size-full\"><img loading=\"lazy\" decoding=\"async\" width=\"512\" height=\"418\" src=\"https:\/\/files.sunoresearch.com.br\/n\/uploads\/2023\/09\/coluna-grafico-1.jpg\" alt=\"\" class=\"wp-image-459635\" srcset=\"https:\/\/files.sunoresearch.com.br\/n\/uploads\/2023\/09\/coluna-grafico-1.jpg 512w, https:\/\/files.sunoresearch.com.br\/n\/uploads\/2023\/09\/coluna-grafico-1-300x245.jpg 300w, https:\/\/files.sunoresearch.com.br\/n\/uploads\/2023\/09\/coluna-grafico-1-150x122.jpg 150w\" sizes=\"(max-width: 512px) 100vw, 512px\" \/><\/figure>\n\n\n\n<p>Com o tempo e maturidade, podemos desenvolver compet\u00eancias comportamentais que ajudam a n\u00e3o se apegar \u00e0s oscila\u00e7\u00f5es moment\u00e2neas e tomar decis\u00f5es com base em aspectos mais racionais, como gera\u00e7\u00e3o de renda recorrente, capacidade de crescimento e sustentabilidade das empresas investidos, solidez dos balan\u00e7os patrimoniais dos t\u00edtulos de d\u00edvidas adquiridos, entre outros.<\/p>\n\n\n\t<p>\n\t\t<a href=\"https:\/\/lp.suno.com.br\/ebook-como-analisar-uma-acao\/\" target=\"_blank\" data-element=\"shortcode-suno-banner\" title=\"Banner SUNO, clique e saiba mais\">\n\t\t\t<picture>\n\t\t\t\t<source media=\"(max-width: 500px)\" srcset=\"https:\/\/files.sunoresearch.com.br\/n\/uploads\/2023\/03\/Ebook-Acoes-Mobile.jpg\">\n\t\t\t\t<img class=\"newsContent__article__imgCapa newsContent__article__imgCapa--banner\"\n\t\t\t\t\tsrc=\"https:\/\/files.sunoresearch.com.br\/n\/uploads\/2023\/03\/Ebook-Acoes-Desktop.jpg\"\n\t\t\t\t\tdata-promo-id=\"378302\"\t\t\t\t\t\t\t\t\t\twidth='1420' height='286'\t\t\t\t\talt=\"https:\/\/files.sunoresearch.com.br\/n\/uploads\/2023\/03\/Ebook-Acoes-Desktop.jpg\"\n\t\t\t\t>\n\t\t\t<\/picture>\n\t\t<\/a>\n\t<\/p>\n\n\n\n\n\n<p>Por fim, para apoi\u00e1-lo no processo de investir, recomendo algumas estrat\u00e9gias importantes que podem lev\u00e1-lo do anseio aos retornos de curto prazo para o prazer da liberdade financeira.<\/p>\n\n\n\n<ul class=\"wp-block-list\">\n<li><strong>Diversifica\u00e7\u00e3o<\/strong>: Investir em uma variedade de a\u00e7\u00f5es de diferentes setores e regi\u00f5es pode ajudar a reduzir o impacto negativo de uma \u00fanica empresa ou setor em sua carteira.<\/li>\n\n\n\n<li><strong>Conhecimento e pesquisa<\/strong>: Realize uma pesquisa adequada sobre as empresas nas quais voc\u00ea est\u00e1 considerando investir. Entenda os fundamentos da empresa, sua posi\u00e7\u00e3o no mercado e suas perspectivas futuras.<\/li>\n\n\n\n<li><strong>Acompanhamento regular<\/strong>: Mantenha-se atualizado com as not\u00edcias econ\u00f4micas e financeiras que podem afetar os mercados. No entanto, evite tomar decis\u00f5es impulsivas com base em flutua\u00e7\u00f5es de curto prazo.<\/li>\n\n\n\n<li><strong>Consulta a profissionais<\/strong>: Se voc\u00ea n\u00e3o se sentir confiante em suas habilidades de investimento, considere buscar a orienta\u00e7\u00e3o de um consultor financeiro ou especialista em investimentos.<\/li>\n<\/ul>\n\n\n\n<p>Que voc\u00ea tenha uma \u00f3tima jornada!<\/p>\n\n\n\t<p>\n\t\t<a href=\"https:\/\/lp.suno.com.br\/planilha-da-vida-financeira\/\" target=\"_blank\" data-element=\"shortcode-suno-banner\" title=\"Banner SUNO, clique e saiba mais\">\n\t\t\t<picture>\n\t\t\t\t<source media=\"(max-width: 500px)\" srcset=\"https:\/\/files.sunoresearch.com.br\/n\/uploads\/2023\/04\/400x300-Planilha-vida-financeira-true.png\">\n\t\t\t\t<img class=\"newsContent__article__imgCapa newsContent__article__imgCapa--banner\"\n\t\t\t\t\tsrc=\"https:\/\/files.sunoresearch.com.br\/n\/uploads\/2023\/04\/1420x240-Planilha-vida-financeira-true.png\"\n\t\t\t\t\tdata-promo-id=\"383123\"\t\t\t\t\t\t\t\t\t\twidth='1420' height='240'\t\t\t\t\talt=\"https:\/\/files.sunoresearch.com.br\/n\/uploads\/2023\/04\/1420x240-Planilha-vida-financeira-true.png\"\n\t\t\t\t>\n\t\t\t<\/picture>\n\t\t<\/a>\n\t<\/p>\n\n\n","protected":false},"excerpt":{"rendered":"<p>\u00c9 importante entender que investir em a\u00e7\u00f5es sempre envolve algum n\u00edvel de risco, e n\u00e3o h\u00e1 um per\u00edodo garantido em que voc\u00ea n\u00e3o perder\u00e1 dinheiro. O mercado de a\u00e7\u00f5es \u00e9 i&#8230;<\/p>\n","protected":false},"author":282,"featured_media":406458,"template":"","tags":[286,721],"class_list":["post-459634","suno_column","type-suno_column","status-publish","has-post-thumbnail","hentry","tag-acoes","tag-ibovespa"],"yoast_head":"<!-- This site is optimized with the Yoast SEO plugin v24.4 - https:\/\/yoast.com\/wordpress\/plugins\/seo\/ -->\n<title>Mas, afinal, qual \u00e9 o longo prazo?<\/title>\n<meta name=\"description\" content=\"O mercado de a\u00e7\u00f5es tem apresentado um desempenho positivo ao longo do tempo, apesar das flutua\u00e7\u00f5es tempor\u00e1rias e das quedas do mercado\" \/>\n<meta name=\"robots\" content=\"index, follow, max-snippet:-1, max-image-preview:large, max-video-preview:-1\" \/>\n<link rel=\"canonical\" href=\"https:\/\/www.suno.com.br\/noticias\/colunas\/mateus-carvalho\/logo-prazo-qual-afinal\/\" \/>\n<meta property=\"og:locale\" content=\"pt_BR\" \/>\n<meta property=\"og:type\" content=\"article\" \/>\n<meta property=\"og:title\" content=\"Mas, afinal, qual \u00e9 o longo prazo?\" \/>\n<meta property=\"og:description\" content=\"O mercado de a\u00e7\u00f5es tem apresentado um desempenho positivo ao longo do tempo, apesar das flutua\u00e7\u00f5es tempor\u00e1rias e das quedas do mercado\" \/>\n<meta property=\"og:url\" content=\"https:\/\/www.suno.com.br\/noticias\/colunas\/mateus-carvalho\/logo-prazo-qual-afinal\/\" \/>\n<meta property=\"og:site_name\" content=\"Suno Not\u00edcias\" \/>\n<meta property=\"article:publisher\" content=\"https:\/\/facebook.com\/sunoresearch\" \/>\n<meta property=\"og:image\" content=\"http:\/\/files.sunoresearch.com.br\/n\/uploads\/2023\/05\/bolsa-cotacoes.jpg\" \/>\n\t<meta property=\"og:image:width\" content=\"1200\" \/>\n\t<meta property=\"og:image:height\" content=\"800\" \/>\n\t<meta property=\"og:image:type\" content=\"image\/jpeg\" \/>\n<meta name=\"twitter:card\" content=\"summary_large_image\" \/>\n<meta name=\"twitter:site\" content=\"@sunoresearch\" \/>\n<meta name=\"twitter:label1\" content=\"Est. tempo de leitura\" \/>\n\t<meta name=\"twitter:data1\" content=\"3 minutos\" \/>\n<script type=\"application\/ld+json\" class=\"yoast-schema-graph\">{\"@context\":\"https:\/\/schema.org\",\"@graph\":[{\"@type\":\"Article\",\"@id\":\"https:\/\/www.suno.com.br\/noticias\/colunas\/mateus-carvalho\/logo-prazo-qual-afinal\/#article\",\"isPartOf\":{\"@id\":\"https:\/\/www.suno.com.br\/noticias\/colunas\/mateus-carvalho\/logo-prazo-qual-afinal\/\"},\"author\":{\"name\":\"Mateus Carvalho\",\"@id\":\"https:\/\/www.suno.com.br\/noticias\/#\/schema\/person\/5e2d1e32c5541926f6b394d4b2dd80c6\"},\"headline\":\"Mas, afinal, qual \u00e9 o longo prazo?\",\"datePublished\":\"2023-09-22T11:00:00+00:00\",\"mainEntityOfPage\":{\"@id\":\"https:\/\/www.suno.com.br\/noticias\/colunas\/mateus-carvalho\/logo-prazo-qual-afinal\/\"},\"wordCount\":517,\"publisher\":{\"@id\":\"https:\/\/www.suno.com.br\/noticias\/#organization\"},\"image\":{\"@id\":\"https:\/\/www.suno.com.br\/noticias\/colunas\/mateus-carvalho\/logo-prazo-qual-afinal\/#primaryimage\"},\"thumbnailUrl\":\"https:\/\/files.sunoresearch.com.br\/n\/uploads\/2023\/05\/bolsa-cotacoes.jpg\",\"keywords\":[\"A\u00e7\u00f5es\",\"Ibovespa\"],\"inLanguage\":\"pt-BR\"},{\"@type\":\"WebPage\",\"@id\":\"https:\/\/www.suno.com.br\/noticias\/colunas\/mateus-carvalho\/logo-prazo-qual-afinal\/\",\"url\":\"https:\/\/www.suno.com.br\/noticias\/colunas\/mateus-carvalho\/logo-prazo-qual-afinal\/\",\"name\":\"Mas, afinal, qual \u00e9 o longo prazo?\",\"isPartOf\":{\"@id\":\"https:\/\/www.suno.com.br\/noticias\/#website\"},\"primaryImageOfPage\":{\"@id\":\"https:\/\/www.suno.com.br\/noticias\/colunas\/mateus-carvalho\/logo-prazo-qual-afinal\/#primaryimage\"},\"image\":{\"@id\":\"https:\/\/www.suno.com.br\/noticias\/colunas\/mateus-carvalho\/logo-prazo-qual-afinal\/#primaryimage\"},\"thumbnailUrl\":\"https:\/\/files.sunoresearch.com.br\/n\/uploads\/2023\/05\/bolsa-cotacoes.jpg\",\"datePublished\":\"2023-09-22T11:00:00+00:00\",\"description\":\"O mercado de a\u00e7\u00f5es tem apresentado um desempenho positivo ao longo do tempo, apesar das flutua\u00e7\u00f5es tempor\u00e1rias e das quedas do mercado\",\"breadcrumb\":{\"@id\":\"https:\/\/www.suno.com.br\/noticias\/colunas\/mateus-carvalho\/logo-prazo-qual-afinal\/#breadcrumb\"},\"inLanguage\":\"pt-BR\",\"potentialAction\":[{\"@type\":\"ReadAction\",\"target\":[\"https:\/\/www.suno.com.br\/noticias\/colunas\/mateus-carvalho\/logo-prazo-qual-afinal\/\"]}]},{\"@type\":\"ImageObject\",\"inLanguage\":\"pt-BR\",\"@id\":\"https:\/\/www.suno.com.br\/noticias\/colunas\/mateus-carvalho\/logo-prazo-qual-afinal\/#primaryimage\",\"url\":\"https:\/\/files.sunoresearch.com.br\/n\/uploads\/2023\/05\/bolsa-cotacoes.jpg\",\"contentUrl\":\"https:\/\/files.sunoresearch.com.br\/n\/uploads\/2023\/05\/bolsa-cotacoes.jpg\",\"width\":1200,\"height\":800,\"caption\":\"BRCO11. Foto: iStock\"},{\"@type\":\"BreadcrumbList\",\"@id\":\"https:\/\/www.suno.com.br\/noticias\/colunas\/mateus-carvalho\/logo-prazo-qual-afinal\/#breadcrumb\",\"itemListElement\":[{\"@type\":\"ListItem\",\"position\":1,\"name\":\"Not\u00edcias\",\"item\":\"https:\/\/www.suno.com.br\/noticias\/\"},{\"@type\":\"ListItem\",\"position\":2,\"name\":\"Colunas\",\"item\":\"https:\/\/www.suno.com.br\/noticias\/colunas\/\"},{\"@type\":\"ListItem\",\"position\":3,\"name\":\"Mas, afinal, qual \u00e9 o longo prazo?\"}]},{\"@type\":\"WebSite\",\"@id\":\"https:\/\/www.suno.com.br\/noticias\/#website\",\"url\":\"https:\/\/www.suno.com.br\/noticias\/\",\"name\":\"Suno Not\u00edcias\",\"description\":\"Seu portal de informa\u00e7\u00e3o sobre o mundo dos investimentos\",\"publisher\":{\"@id\":\"https:\/\/www.suno.com.br\/noticias\/#organization\"},\"potentialAction\":[{\"@type\":\"SearchAction\",\"target\":{\"@type\":\"EntryPoint\",\"urlTemplate\":\"https:\/\/www.suno.com.br\/noticias\/?s={search_term_string}\"},\"query-input\":{\"@type\":\"PropertyValueSpecification\",\"valueRequired\":true,\"valueName\":\"search_term_string\"}}],\"inLanguage\":\"pt-BR\"},{\"@type\":\"Organization\",\"@id\":\"https:\/\/www.suno.com.br\/noticias\/#organization\",\"name\":\"Suno Not\u00edcias\",\"url\":\"https:\/\/www.suno.com.br\/noticias\/\",\"logo\":{\"@type\":\"ImageObject\",\"inLanguage\":\"pt-BR\",\"@id\":\"https:\/\/www.suno.com.br\/noticias\/#\/schema\/logo\/image\/\",\"url\":\"https:\/\/files.sunoresearch.com.br\/n\/uploads\/2021\/09\/suno-logo.png\",\"contentUrl\":\"https:\/\/files.sunoresearch.com.br\/n\/uploads\/2021\/09\/suno-logo.png\",\"width\":180,\"height\":180,\"caption\":\"Suno Not\u00edcias\"},\"image\":{\"@id\":\"https:\/\/www.suno.com.br\/noticias\/#\/schema\/logo\/image\/\"},\"sameAs\":[\"https:\/\/facebook.com\/sunoresearch\",\"https:\/\/x.com\/sunoresearch\",\"https:\/\/www.instagram.com\/suno\",\"https:\/\/www.linkedin.com\/company\/suno-research\/\",\"https:\/\/www.youtube.com\/c\/sunoresearch\"]},{\"@type\":\"Person\",\"@id\":\"https:\/\/www.suno.com.br\/noticias\/#\/schema\/person\/5e2d1e32c5541926f6b394d4b2dd80c6\",\"name\":\"Mateus Carvalho\",\"image\":{\"@type\":\"ImageObject\",\"inLanguage\":\"pt-BR\",\"@id\":\"https:\/\/www.suno.com.br\/noticias\/#\/schema\/person\/image\/\",\"url\":\"https:\/\/secure.gravatar.com\/avatar\/ebc1d03a039fa5595d4b2a18cea1a1e2?s=96&r=g\",\"contentUrl\":\"https:\/\/secure.gravatar.com\/avatar\/ebc1d03a039fa5595d4b2a18cea1a1e2?s=96&r=g\",\"caption\":\"Mateus Carvalho\"},\"description\":\"Formado em Administra\u00e7\u00e3o de empresas pela Unoeste, p\u00f3s graduado em Finan\u00e7as, Investimentos e Banking pela PUC-RS, especialista de investimentos CEA com atua\u00e7\u00e3o profissional direta com Planejamento Financeiro Pessoa F\u00edsica h\u00e1 5 anos. \\\"Com a falta de inclus\u00e3o da educa\u00e7\u00e3o financeira em nosso sistema educacional, meu prop\u00f3sito \u00e9 disseminar conhecimento financeiro do b\u00e1sico ao avan\u00e7ado para, individualmente, contribuir de forma perp\u00e9tua com os objetivos financeiros, pessoais e profissionais das fam\u00edlias.\\\"\",\"url\":\"https:\/\/www.suno.com.br\/noticias\/author\/mateus-carvalho\/\"}]}<\/script>\n<!-- \/ Yoast SEO plugin. -->","yoast_head_json":{"title":"Mas, afinal, qual \u00e9 o longo prazo?","description":"O mercado de a\u00e7\u00f5es tem apresentado um desempenho positivo ao longo do tempo, apesar das flutua\u00e7\u00f5es tempor\u00e1rias e das quedas do mercado","robots":{"index":"index","follow":"follow","max-snippet":"max-snippet:-1","max-image-preview":"max-image-preview:large","max-video-preview":"max-video-preview:-1"},"canonical":"https:\/\/www.suno.com.br\/noticias\/colunas\/mateus-carvalho\/logo-prazo-qual-afinal\/","og_locale":"pt_BR","og_type":"article","og_title":"Mas, afinal, qual \u00e9 o longo prazo?","og_description":"O mercado de a\u00e7\u00f5es tem apresentado um desempenho positivo ao longo do tempo, apesar das flutua\u00e7\u00f5es tempor\u00e1rias e das quedas do mercado","og_url":"https:\/\/www.suno.com.br\/noticias\/colunas\/mateus-carvalho\/logo-prazo-qual-afinal\/","og_site_name":"Suno Not\u00edcias","article_publisher":"https:\/\/facebook.com\/sunoresearch","og_image":[{"width":1200,"height":800,"url":"http:\/\/files.sunoresearch.com.br\/n\/uploads\/2023\/05\/bolsa-cotacoes.jpg","type":"image\/jpeg"}],"twitter_card":"summary_large_image","twitter_site":"@sunoresearch","twitter_misc":{"Est. tempo de leitura":"3 minutos"},"schema":{"@context":"https:\/\/schema.org","@graph":[{"@type":"Article","@id":"https:\/\/www.suno.com.br\/noticias\/colunas\/mateus-carvalho\/logo-prazo-qual-afinal\/#article","isPartOf":{"@id":"https:\/\/www.suno.com.br\/noticias\/colunas\/mateus-carvalho\/logo-prazo-qual-afinal\/"},"author":{"name":"Mateus Carvalho","@id":"https:\/\/www.suno.com.br\/noticias\/#\/schema\/person\/5e2d1e32c5541926f6b394d4b2dd80c6"},"headline":"Mas, afinal, qual \u00e9 o longo prazo?","datePublished":"2023-09-22T11:00:00+00:00","mainEntityOfPage":{"@id":"https:\/\/www.suno.com.br\/noticias\/colunas\/mateus-carvalho\/logo-prazo-qual-afinal\/"},"wordCount":517,"publisher":{"@id":"https:\/\/www.suno.com.br\/noticias\/#organization"},"image":{"@id":"https:\/\/www.suno.com.br\/noticias\/colunas\/mateus-carvalho\/logo-prazo-qual-afinal\/#primaryimage"},"thumbnailUrl":"https:\/\/files.sunoresearch.com.br\/n\/uploads\/2023\/05\/bolsa-cotacoes.jpg","keywords":["A\u00e7\u00f5es","Ibovespa"],"inLanguage":"pt-BR"},{"@type":"WebPage","@id":"https:\/\/www.suno.com.br\/noticias\/colunas\/mateus-carvalho\/logo-prazo-qual-afinal\/","url":"https:\/\/www.suno.com.br\/noticias\/colunas\/mateus-carvalho\/logo-prazo-qual-afinal\/","name":"Mas, afinal, qual \u00e9 o longo prazo?","isPartOf":{"@id":"https:\/\/www.suno.com.br\/noticias\/#website"},"primaryImageOfPage":{"@id":"https:\/\/www.suno.com.br\/noticias\/colunas\/mateus-carvalho\/logo-prazo-qual-afinal\/#primaryimage"},"image":{"@id":"https:\/\/www.suno.com.br\/noticias\/colunas\/mateus-carvalho\/logo-prazo-qual-afinal\/#primaryimage"},"thumbnailUrl":"https:\/\/files.sunoresearch.com.br\/n\/uploads\/2023\/05\/bolsa-cotacoes.jpg","datePublished":"2023-09-22T11:00:00+00:00","description":"O mercado de a\u00e7\u00f5es tem apresentado um desempenho positivo ao longo do tempo, apesar das flutua\u00e7\u00f5es tempor\u00e1rias e das quedas do mercado","breadcrumb":{"@id":"https:\/\/www.suno.com.br\/noticias\/colunas\/mateus-carvalho\/logo-prazo-qual-afinal\/#breadcrumb"},"inLanguage":"pt-BR","potentialAction":[{"@type":"ReadAction","target":["https:\/\/www.suno.com.br\/noticias\/colunas\/mateus-carvalho\/logo-prazo-qual-afinal\/"]}]},{"@type":"ImageObject","inLanguage":"pt-BR","@id":"https:\/\/www.suno.com.br\/noticias\/colunas\/mateus-carvalho\/logo-prazo-qual-afinal\/#primaryimage","url":"https:\/\/files.sunoresearch.com.br\/n\/uploads\/2023\/05\/bolsa-cotacoes.jpg","contentUrl":"https:\/\/files.sunoresearch.com.br\/n\/uploads\/2023\/05\/bolsa-cotacoes.jpg","width":1200,"height":800,"caption":"BRCO11. Foto: iStock"},{"@type":"BreadcrumbList","@id":"https:\/\/www.suno.com.br\/noticias\/colunas\/mateus-carvalho\/logo-prazo-qual-afinal\/#breadcrumb","itemListElement":[{"@type":"ListItem","position":1,"name":"Not\u00edcias","item":"https:\/\/www.suno.com.br\/noticias\/"},{"@type":"ListItem","position":2,"name":"Colunas","item":"https:\/\/www.suno.com.br\/noticias\/colunas\/"},{"@type":"ListItem","position":3,"name":"Mas, afinal, qual \u00e9 o longo prazo?"}]},{"@type":"WebSite","@id":"https:\/\/www.suno.com.br\/noticias\/#website","url":"https:\/\/www.suno.com.br\/noticias\/","name":"Suno Not\u00edcias","description":"Seu portal de informa\u00e7\u00e3o sobre o mundo dos investimentos","publisher":{"@id":"https:\/\/www.suno.com.br\/noticias\/#organization"},"potentialAction":[{"@type":"SearchAction","target":{"@type":"EntryPoint","urlTemplate":"https:\/\/www.suno.com.br\/noticias\/?s={search_term_string}"},"query-input":{"@type":"PropertyValueSpecification","valueRequired":true,"valueName":"search_term_string"}}],"inLanguage":"pt-BR"},{"@type":"Organization","@id":"https:\/\/www.suno.com.br\/noticias\/#organization","name":"Suno Not\u00edcias","url":"https:\/\/www.suno.com.br\/noticias\/","logo":{"@type":"ImageObject","inLanguage":"pt-BR","@id":"https:\/\/www.suno.com.br\/noticias\/#\/schema\/logo\/image\/","url":"https:\/\/files.sunoresearch.com.br\/n\/uploads\/2021\/09\/suno-logo.png","contentUrl":"https:\/\/files.sunoresearch.com.br\/n\/uploads\/2021\/09\/suno-logo.png","width":180,"height":180,"caption":"Suno Not\u00edcias"},"image":{"@id":"https:\/\/www.suno.com.br\/noticias\/#\/schema\/logo\/image\/"},"sameAs":["https:\/\/facebook.com\/sunoresearch","https:\/\/x.com\/sunoresearch","https:\/\/www.instagram.com\/suno","https:\/\/www.linkedin.com\/company\/suno-research\/","https:\/\/www.youtube.com\/c\/sunoresearch"]},{"@type":"Person","@id":"https:\/\/www.suno.com.br\/noticias\/#\/schema\/person\/5e2d1e32c5541926f6b394d4b2dd80c6","name":"Mateus Carvalho","image":{"@type":"ImageObject","inLanguage":"pt-BR","@id":"https:\/\/www.suno.com.br\/noticias\/#\/schema\/person\/image\/","url":"https:\/\/secure.gravatar.com\/avatar\/ebc1d03a039fa5595d4b2a18cea1a1e2?s=96&r=g","contentUrl":"https:\/\/secure.gravatar.com\/avatar\/ebc1d03a039fa5595d4b2a18cea1a1e2?s=96&r=g","caption":"Mateus Carvalho"},"description":"Formado em Administra\u00e7\u00e3o de empresas pela Unoeste, p\u00f3s graduado em Finan\u00e7as, Investimentos e Banking pela PUC-RS, especialista de investimentos CEA com atua\u00e7\u00e3o profissional direta com Planejamento Financeiro Pessoa F\u00edsica h\u00e1 5 anos. \"Com a falta de inclus\u00e3o da educa\u00e7\u00e3o financeira em nosso sistema educacional, meu prop\u00f3sito \u00e9 disseminar conhecimento financeiro do b\u00e1sico ao avan\u00e7ado para, individualmente, contribuir de forma perp\u00e9tua com os objetivos financeiros, pessoais e profissionais das fam\u00edlias.\"","url":"https:\/\/www.suno.com.br\/noticias\/author\/mateus-carvalho\/"}]}},"amp_enabled":true,"_links":{"self":[{"href":"https:\/\/www.suno.com.br\/noticias\/wp-json\/wp\/v2\/suno_column\/459634"}],"collection":[{"href":"https:\/\/www.suno.com.br\/noticias\/wp-json\/wp\/v2\/suno_column"}],"about":[{"href":"https:\/\/www.suno.com.br\/noticias\/wp-json\/wp\/v2\/types\/suno_column"}],"author":[{"embeddable":true,"href":"https:\/\/www.suno.com.br\/noticias\/wp-json\/wp\/v2\/users\/282"}],"wp:featuredmedia":[{"embeddable":true,"href":"https:\/\/www.suno.com.br\/noticias\/wp-json\/wp\/v2\/media\/406458"}],"wp:attachment":[{"href":"https:\/\/www.suno.com.br\/noticias\/wp-json\/wp\/v2\/media?parent=459634"}],"wp:term":[{"taxonomy":"post_tag","embeddable":true,"href":"https:\/\/www.suno.com.br\/noticias\/wp-json\/wp\/v2\/tags?post=459634"}],"curies":[{"name":"wp","href":"https:\/\/api.w.org\/{rel}","templated":true}]}}