{"id":459554,"date":"2023-09-20T21:08:27","date_gmt":"2023-09-21T00:08:27","guid":{"rendered":"https:\/\/www.suno.com.br\/noticias\/colunas\/marco-lopes\/\/"},"modified":"2023-09-20T21:43:10","modified_gmt":"2023-09-21T00:43:10","slug":"selic-investimentos-cortepo-que-muda","status":"publish","type":"suno_column","link":"https:\/\/www.suno.com.br\/noticias\/colunas\/andre-sandri\/selic-investimentos-cortepo-que-muda\/","title":{"rendered":"A taxa Selic acabou de cair para 12,75%. E a\u00ed? O que muda?"},"content":{"rendered":"<p>A redu\u00e7\u00e3o na taxa <strong>Selic<\/strong> tende a tornar o cr\u00e9dito mais barato. Isso porque os bancos usam a Selic como refer\u00eancia para definir as taxas de juros de empr\u00e9stimos, financiamentos e at\u00e9 cart\u00f5es de cr\u00e9dito.<\/p>\t<div class=\"wrapper-featured-image\">\n\t\t<figure class=\"spotlightImg\">\n\n\t\t\t<picture>\n\t\t\t\t<source media=\"(max-width: 768px)\" srcset=\"https:\/\/files.sunoresearch.com.br\/n\/uploads\/2023\/05\/agenda-copom-natura-ntco3-braskem-cpi-eua-400x200.jpg\">\n\t\t\t\t<img loading=\"lazy\" decoding=\"async\" class=\"newsContent__article__imgCapa lazyloadDisabled \" src=\"https:\/\/files.sunoresearch.com.br\/n\/uploads\/2023\/05\/agenda-copom-natura-ntco3-braskem-cpi-eua-800x450.jpg\" width=\"800\" height=\"450\" alt=\"A taxa Selic acabou de cair para 12,75%. E a\u00ed? O que muda?\" fetchpriority=high \/>\n\t\t\t<\/picture>\n\n\t\t\t<figcaption class=\"wp-caption-text wp-caption-text--show\"> Reuni\u00e3o do Copom -  Foto: Copom \/Divulga\u00e7\u00e3o<\/figcaption>\n\t\t<\/figure>\n\t<\/div>\n\n\n\n\n\n\t<p>\n\t\t<a href=\"\" target=\"_blank\" data-element=\"shortcode-suno-banner\" title=\"Banner SUNO, clique e saiba mais\">\n\t\t\t<picture>\n\t\t\t\t<source media=\"(max-width: 500px)\" srcset=\"\">\n\t\t\t\t<img class=\"newsContent__article__imgCapa newsContent__article__imgCapa--banner\"\n\t\t\t\t\tsrc=\"\"\n\t\t\t\t\tdata-promo-id=\"240038\"\t\t\t\t\t\t\t\t\t\t\t\t\t\t\talt=\"\"\n\t\t\t\t>\n\t\t\t<\/picture>\n\t\t<\/a>\n\t<\/p>\n\n\n\n\n\n\n\n<p>Com <strong>cr\u00e9dito mais acess\u00edvel<\/strong>, o consumo pode ser estimulado. Isto \u00e9, as pessoas podem se sentir mais incentivadas a comprar bens de consumo dur\u00e1veis, como carros e eletrodom\u00e9sticos, ou at\u00e9 mesmo a adquirir im\u00f3veis devido \u00e0 queda nas taxas de financiamento, pois as parcelas ficam mais baratas.<br>J\u00e1 para quem investe, as coisas s\u00e3o um pouco diferentes.<\/p>\n\n\n\n<p>Investimentos atrelados \u00e0 Selic rendem menos, ou seja, todas as aplica\u00e7\u00f5es financeiras atreladas \u00e0 Selic, como o Tesouro Selic por exemplo, ter\u00e3o um rendimento menor. Isso j\u00e1 \u00e9 um sinal de alerta para os investidores buscarem alternativas mais rent\u00e1veis.<\/p>\n\n\n\n<p>Os analistas do <strong>mercado financeiro <\/strong>acreditam em mais redu\u00e7\u00f5es para as pr\u00f3ximas <strong>decis\u00f5es do Copom.<\/strong> E esta cont\u00ednua redu\u00e7\u00e3o da taxa de juros pode aquecer a economia \u00e0 medida que o cr\u00e9dito se torna ainda mais barato e o consumo \u00e9 ainda mais estimulado. Esta \u00e9 uma ferramenta utilizada pelo Banco Central para incentivar o crescimento econ\u00f4mico em momentos de baixa atividade. Isso equivale dizer que, quedas seguidas da taxa tendem a fazer as pessoas consumirem mais, fazendo a economia do pa\u00eds, que est\u00e1 desaquecida, voltar a girar.<\/p>\n\n\n\n\t<div data-element=\"shortcode-read-more\" class=\"readToo\">\n\t\t\t\t<span class=\"readToo__title\">Leia mais<\/span>\n\t\t\t\t<ul class=\"readToo__list\">\n\t\t\t<li><a href=\"https:\/\/www.suno.com.br\/noticias\/copom-corte-selic-setembro-bc-repercsussao-mal\/\">&#8220;BC contratou mais duas quedas de 0,50 pp da Selic&#8221;; veja repercuss\u00e3o ao Copom<\/a><\/li><li><a href=\"https:\/\/www.suno.com.br\/noticias\/copom-decisao-taxa-selic-setembro-2023\/\">Copom reduz taxa Selic em 0,5 pp, para 12,75% ao ano, e sinaliza novos cortes<\/a><\/li><li><a href=\"https:\/\/www.suno.com.br\/noticias\/nova-selic-renda-fixa-comprar-copom-evm\/\">Nova Selic: O que comprar em renda fixa ap\u00f3s o corte do Copom<\/a><\/li>\t\t<\/ul>\n\t<\/div>\n\n\n\n\t<p>\n\t\t<a href=\"https:\/\/lp.suno.com.br\/ebook-gratuito-investindo-no-exterior\/\" target=\"_blank\" data-element=\"shortcode-suno-banner\" title=\"Banner SUNO, clique e saiba mais\">\n\t\t\t<picture>\n\t\t\t\t<source media=\"(max-width: 500px)\" srcset=\"https:\/\/files.sunoresearch.com.br\/n\/uploads\/2023\/03\/400x300-Investindo-no-exterior.png\">\n\t\t\t\t<img class=\"newsContent__article__imgCapa newsContent__article__imgCapa--banner\"\n\t\t\t\t\tsrc=\"https:\/\/files.sunoresearch.com.br\/n\/uploads\/2023\/03\/1420x240-Investindo-no-exterior.png\"\n\t\t\t\t\tdata-promo-id=\"383161\"\t\t\t\t\t\t\t\t\t\twidth='1420' height='240'\t\t\t\t\talt=\"https:\/\/files.sunoresearch.com.br\/n\/uploads\/2023\/03\/1420x240-Investindo-no-exterior.png\"\n\t\t\t\t>\n\t\t\t<\/picture>\n\t\t<\/a>\n\t<\/p>\n\n\n\n\n\n<p>Um desafio para os poupadores. Se a Selic continuar caindo, investimentos tradicionais e conservadores tendem a render ainda menos. Os investimentos v\u00e3o render cada vez menos. Isso pode desafiar os poupadores a diversificar suas carteiras, buscando op\u00e7\u00f5es mais arriscadas, como o mercado de a\u00e7\u00f5es ou fundos de investimento com estrat\u00e9gias mais agressivas.<\/p>\n\n\n\n<p>Mas quero fazer um alerta. As <strong>taxas de juros<\/strong> mais baixas podem resultar em mais pessoas buscando financiamentos imobili\u00e1rios. Embora isso possa ser positivo em termos de movimenta\u00e7\u00e3o do setor, existe o risco de uma valoriza\u00e7\u00e3o excessiva dos im\u00f3veis, o que pode, no m\u00e9dio prazo, criar bolhas no mercado.<\/p>\n\n\n\n<p>E como j\u00e1 comentei, a redu\u00e7\u00e3o da taxa de juros pode levar a um <strong>aumento do consumo<\/strong>, mas se a produ\u00e7\u00e3o n\u00e3o conseguir acompanhar a demanda crescente, pode haver press\u00f5es inflacion\u00e1rias, ou seja, aumento de pre\u00e7os. O <strong>Banco Central<\/strong> precisa equilibrar essa din\u00e2mica para garantir que a infla\u00e7\u00e3o se mantenha sob controle.<\/p>\n\n\n\n<p>Embora a redu\u00e7\u00e3o da taxa Selic possa trazer al\u00edvio imediato em termos de custo de cr\u00e9dito e estimular a economia, tamb\u00e9m \u00e9 crucial monitorar os poss\u00edveis efeitos secund\u00e1rios, especialmente se essa tend\u00eancia de redu\u00e7\u00e3o continuar. Consumidores e investidores devem se adaptar a este novo ambiente, buscando oportunidades, mas tamb\u00e9m permanecendo cautelosos em rela\u00e7\u00e3o aos riscos envolvidos.<\/p>\n\n\n\n<p><strong><em>*Andr\u00e9 Sandri \u00e9 s\u00f3cio da AVG Capital, escrit\u00f3rio parceiro da BTG Pactual com unidades em S\u00e3o Paulo (SP) e Itaja\u00ed, em Santa Catarina. Investidor Profissional desde 2006, administrador de empresas e Gestor de Family Office, Andr\u00e9 \u00e9 tamb\u00e9m fundador do EDUCA$, institui\u00e7\u00e3o sem fins lucrativos que leva educa\u00e7\u00e3o financeira aos brasileiros.<\/em><\/strong><\/p>\n\n\n\t<p>\n\t\t<a href=\"https:\/\/lp.suno.com.br\/planilha-da-vida-financeira\/\" target=\"_blank\" data-element=\"shortcode-suno-banner\" title=\"Banner SUNO, clique e saiba mais\">\n\t\t\t<picture>\n\t\t\t\t<source media=\"(max-width: 500px)\" srcset=\"https:\/\/files.sunoresearch.com.br\/n\/uploads\/2023\/04\/400x300-Planilha-vida-financeira-true.png\">\n\t\t\t\t<img class=\"newsContent__article__imgCapa newsContent__article__imgCapa--banner\"\n\t\t\t\t\tsrc=\"https:\/\/files.sunoresearch.com.br\/n\/uploads\/2023\/04\/1420x240-Planilha-vida-financeira-true.png\"\n\t\t\t\t\tdata-promo-id=\"383123\"\t\t\t\t\t\t\t\t\t\twidth='1420' height='240'\t\t\t\t\talt=\"https:\/\/files.sunoresearch.com.br\/n\/uploads\/2023\/04\/1420x240-Planilha-vida-financeira-true.png\"\n\t\t\t\t>\n\t\t\t<\/picture>\n\t\t<\/a>\n\t<\/p>\n\n\n","protected":false},"excerpt":{"rendered":"<p>A redu\u00e7\u00e3o na taxa Selic tende a tornar o cr\u00e9dito mais barato. Isso porque os bancos usam a Selic como refer\u00eancia para definir as taxas de juros de empr\u00e9stimos, financi&#8230;<\/p>\n","protected":false},"author":325,"featured_media":402006,"template":"","tags":[1842,1104,1752,290],"class_list":["post-459554","suno_column","type-suno_column","status-publish","has-post-thumbnail","hentry","tag-banco-central-bc","tag-copom","tag-taxa-de-juros","tag-taxa-selic"],"yoast_head":"<!-- This site is optimized with the Yoast SEO plugin v24.4 - https:\/\/yoast.com\/wordpress\/plugins\/seo\/ -->\n<title>A taxa Selic acabou de cair para 12,75%. E a\u00ed o que muda?<\/title>\n<meta name=\"description\" content=\"\u00c9 crucial monitorar os poss\u00edveis efeitos secund\u00e1rios do corte da Selic, especialmente se essa tend\u00eancia de redu\u00e7\u00e3o continuar. Entenda por qu\u00ea\" \/>\n<meta name=\"robots\" content=\"index, follow, max-snippet:-1, max-image-preview:large, max-video-preview:-1\" \/>\n<link rel=\"canonical\" href=\"https:\/\/www.suno.com.br\/noticias\/colunas\/andre-sandri\/selic-investimentos-cortepo-que-muda\/\" \/>\n<meta property=\"og:locale\" content=\"pt_BR\" \/>\n<meta property=\"og:type\" content=\"article\" \/>\n<meta property=\"og:title\" content=\"A taxa Selic acabou de cair para 12,75%. E a\u00ed o que muda?\" \/>\n<meta property=\"og:description\" content=\"\u00c9 crucial monitorar os poss\u00edveis efeitos secund\u00e1rios do corte da Selic, especialmente se essa tend\u00eancia de redu\u00e7\u00e3o continuar. Entenda por qu\u00ea\" \/>\n<meta property=\"og:url\" content=\"https:\/\/www.suno.com.br\/noticias\/colunas\/andre-sandri\/selic-investimentos-cortepo-que-muda\/\" \/>\n<meta property=\"og:site_name\" content=\"Suno Not\u00edcias\" \/>\n<meta property=\"article:publisher\" content=\"https:\/\/facebook.com\/sunoresearch\" \/>\n<meta property=\"og:image\" content=\"https:\/\/files.sunoresearch.com.br\/n\/uploads\/2023\/05\/agenda-copom-natura-ntco3-braskem-cpi-eua.jpg\" \/>\n\t<meta property=\"og:image:width\" content=\"1200\" \/>\n\t<meta property=\"og:image:height\" content=\"800\" \/>\n\t<meta property=\"og:image:type\" content=\"image\/jpeg\" \/>\n<meta name=\"twitter:card\" content=\"summary_large_image\" \/>\n<meta name=\"twitter:site\" content=\"@sunoresearch\" \/>\n<meta name=\"twitter:label1\" content=\"Est. tempo de leitura\" \/>\n\t<meta name=\"twitter:data1\" content=\"3 minutos\" \/>\n<script type=\"application\/ld+json\" class=\"yoast-schema-graph\">{\"@context\":\"https:\/\/schema.org\",\"@graph\":[{\"@type\":\"Article\",\"@id\":\"https:\/\/www.suno.com.br\/noticias\/colunas\/andre-sandri\/selic-investimentos-cortepo-que-muda\/#article\",\"isPartOf\":{\"@id\":\"https:\/\/www.suno.com.br\/noticias\/colunas\/andre-sandri\/selic-investimentos-cortepo-que-muda\/\"},\"author\":{\"name\":\"Andr\u00e9 Sandri\",\"@id\":\"https:\/\/www.suno.com.br\/noticias\/#\/schema\/person\/3816a06d8841ac182cf47dad1435c9b1\"},\"headline\":\"A taxa Selic acabou de cair para 12,75%. E a\u00ed? O que muda?\",\"datePublished\":\"2023-09-21T00:08:27+00:00\",\"dateModified\":\"2023-09-21T00:43:10+00:00\",\"mainEntityOfPage\":{\"@id\":\"https:\/\/www.suno.com.br\/noticias\/colunas\/andre-sandri\/selic-investimentos-cortepo-que-muda\/\"},\"wordCount\":544,\"publisher\":{\"@id\":\"https:\/\/www.suno.com.br\/noticias\/#organization\"},\"image\":{\"@id\":\"https:\/\/www.suno.com.br\/noticias\/colunas\/andre-sandri\/selic-investimentos-cortepo-que-muda\/#primaryimage\"},\"thumbnailUrl\":\"https:\/\/files.sunoresearch.com.br\/n\/uploads\/2023\/05\/agenda-copom-natura-ntco3-braskem-cpi-eua.jpg\",\"keywords\":[\"Banco Central (BC)\",\"Copom\",\"taxa de juros\",\"Taxa Selic\"],\"inLanguage\":\"pt-BR\"},{\"@type\":\"WebPage\",\"@id\":\"https:\/\/www.suno.com.br\/noticias\/colunas\/andre-sandri\/selic-investimentos-cortepo-que-muda\/\",\"url\":\"https:\/\/www.suno.com.br\/noticias\/colunas\/andre-sandri\/selic-investimentos-cortepo-que-muda\/\",\"name\":\"A taxa Selic acabou de cair para 12,75%. E a\u00ed o que muda?\",\"isPartOf\":{\"@id\":\"https:\/\/www.suno.com.br\/noticias\/#website\"},\"primaryImageOfPage\":{\"@id\":\"https:\/\/www.suno.com.br\/noticias\/colunas\/andre-sandri\/selic-investimentos-cortepo-que-muda\/#primaryimage\"},\"image\":{\"@id\":\"https:\/\/www.suno.com.br\/noticias\/colunas\/andre-sandri\/selic-investimentos-cortepo-que-muda\/#primaryimage\"},\"thumbnailUrl\":\"https:\/\/files.sunoresearch.com.br\/n\/uploads\/2023\/05\/agenda-copom-natura-ntco3-braskem-cpi-eua.jpg\",\"datePublished\":\"2023-09-21T00:08:27+00:00\",\"dateModified\":\"2023-09-21T00:43:10+00:00\",\"description\":\"\u00c9 crucial monitorar os poss\u00edveis efeitos secund\u00e1rios do corte da Selic, especialmente se essa tend\u00eancia de redu\u00e7\u00e3o continuar. Entenda por qu\u00ea\",\"breadcrumb\":{\"@id\":\"https:\/\/www.suno.com.br\/noticias\/colunas\/andre-sandri\/selic-investimentos-cortepo-que-muda\/#breadcrumb\"},\"inLanguage\":\"pt-BR\",\"potentialAction\":[{\"@type\":\"ReadAction\",\"target\":[\"https:\/\/www.suno.com.br\/noticias\/colunas\/andre-sandri\/selic-investimentos-cortepo-que-muda\/\"]}]},{\"@type\":\"ImageObject\",\"inLanguage\":\"pt-BR\",\"@id\":\"https:\/\/www.suno.com.br\/noticias\/colunas\/andre-sandri\/selic-investimentos-cortepo-que-muda\/#primaryimage\",\"url\":\"https:\/\/files.sunoresearch.com.br\/n\/uploads\/2023\/05\/agenda-copom-natura-ntco3-braskem-cpi-eua.jpg\",\"contentUrl\":\"https:\/\/files.sunoresearch.com.br\/n\/uploads\/2023\/05\/agenda-copom-natura-ntco3-braskem-cpi-eua.jpg\",\"width\":1200,\"height\":800,\"caption\":\"Reuni\u00e3o do Copom - Foto: Copom \/Divulga\u00e7\u00e3o\"},{\"@type\":\"BreadcrumbList\",\"@id\":\"https:\/\/www.suno.com.br\/noticias\/colunas\/andre-sandri\/selic-investimentos-cortepo-que-muda\/#breadcrumb\",\"itemListElement\":[{\"@type\":\"ListItem\",\"position\":1,\"name\":\"Not\u00edcias\",\"item\":\"https:\/\/www.suno.com.br\/noticias\/\"},{\"@type\":\"ListItem\",\"position\":2,\"name\":\"Colunas\",\"item\":\"https:\/\/www.suno.com.br\/noticias\/colunas\/\"},{\"@type\":\"ListItem\",\"position\":3,\"name\":\"A taxa Selic acabou de cair para 12,75%. E a\u00ed? O que muda?\"}]},{\"@type\":\"WebSite\",\"@id\":\"https:\/\/www.suno.com.br\/noticias\/#website\",\"url\":\"https:\/\/www.suno.com.br\/noticias\/\",\"name\":\"Suno Not\u00edcias\",\"description\":\"Seu portal de informa\u00e7\u00e3o sobre o mundo dos investimentos\",\"publisher\":{\"@id\":\"https:\/\/www.suno.com.br\/noticias\/#organization\"},\"potentialAction\":[{\"@type\":\"SearchAction\",\"target\":{\"@type\":\"EntryPoint\",\"urlTemplate\":\"https:\/\/www.suno.com.br\/noticias\/?s={search_term_string}\"},\"query-input\":{\"@type\":\"PropertyValueSpecification\",\"valueRequired\":true,\"valueName\":\"search_term_string\"}}],\"inLanguage\":\"pt-BR\"},{\"@type\":\"Organization\",\"@id\":\"https:\/\/www.suno.com.br\/noticias\/#organization\",\"name\":\"Suno Not\u00edcias\",\"url\":\"https:\/\/www.suno.com.br\/noticias\/\",\"logo\":{\"@type\":\"ImageObject\",\"inLanguage\":\"pt-BR\",\"@id\":\"https:\/\/www.suno.com.br\/noticias\/#\/schema\/logo\/image\/\",\"url\":\"https:\/\/files.sunoresearch.com.br\/n\/uploads\/2021\/09\/suno-logo.png\",\"contentUrl\":\"https:\/\/files.sunoresearch.com.br\/n\/uploads\/2021\/09\/suno-logo.png\",\"width\":180,\"height\":180,\"caption\":\"Suno Not\u00edcias\"},\"image\":{\"@id\":\"https:\/\/www.suno.com.br\/noticias\/#\/schema\/logo\/image\/\"},\"sameAs\":[\"https:\/\/facebook.com\/sunoresearch\",\"https:\/\/x.com\/sunoresearch\",\"https:\/\/www.instagram.com\/suno\",\"https:\/\/www.linkedin.com\/company\/suno-research\/\",\"https:\/\/www.youtube.com\/c\/sunoresearch\"]},{\"@type\":\"Person\",\"@id\":\"https:\/\/www.suno.com.br\/noticias\/#\/schema\/person\/3816a06d8841ac182cf47dad1435c9b1\",\"name\":\"Andr\u00e9 Sandri\",\"image\":{\"@type\":\"ImageObject\",\"inLanguage\":\"pt-BR\",\"@id\":\"https:\/\/www.suno.com.br\/noticias\/#\/schema\/person\/image\/\",\"url\":\"https:\/\/secure.gravatar.com\/avatar\/98aa7a4b847eb951fea72c7718610d7a?s=96&r=g\",\"contentUrl\":\"https:\/\/secure.gravatar.com\/avatar\/98aa7a4b847eb951fea72c7718610d7a?s=96&r=g\",\"caption\":\"Andr\u00e9 Sandri\"},\"description\":\"Andr\u00e9 Sandri \u00e9 s\u00f3cio da AVG Capital, escrit\u00f3rio parceiro da BTG Pactual com unidades em S\u00e3o Paulo (SP) e Itaja\u00ed, em Santa Catarina. Investidor Profissional desde 2006, administrador de empresas e Gestor de Family Office, Andr\u00e9 \u00e9 tamb\u00e9m fundador do EDUCA$, institui\u00e7\u00e3o sem fins lucrativos que leva educa\u00e7\u00e3o financeira aos brasileiros.\",\"url\":\"https:\/\/www.suno.com.br\/noticias\/author\/andre-sandri\/\"}]}<\/script>\n<!-- \/ Yoast SEO plugin. -->","yoast_head_json":{"title":"A taxa Selic acabou de cair para 12,75%. E a\u00ed o que muda?","description":"\u00c9 crucial monitorar os poss\u00edveis efeitos secund\u00e1rios do corte da Selic, especialmente se essa tend\u00eancia de redu\u00e7\u00e3o continuar. Entenda por qu\u00ea","robots":{"index":"index","follow":"follow","max-snippet":"max-snippet:-1","max-image-preview":"max-image-preview:large","max-video-preview":"max-video-preview:-1"},"canonical":"https:\/\/www.suno.com.br\/noticias\/colunas\/andre-sandri\/selic-investimentos-cortepo-que-muda\/","og_locale":"pt_BR","og_type":"article","og_title":"A taxa Selic acabou de cair para 12,75%. E a\u00ed o que muda?","og_description":"\u00c9 crucial monitorar os poss\u00edveis efeitos secund\u00e1rios do corte da Selic, especialmente se essa tend\u00eancia de redu\u00e7\u00e3o continuar. Entenda por qu\u00ea","og_url":"https:\/\/www.suno.com.br\/noticias\/colunas\/andre-sandri\/selic-investimentos-cortepo-que-muda\/","og_site_name":"Suno Not\u00edcias","article_publisher":"https:\/\/facebook.com\/sunoresearch","og_image":[{"width":1200,"height":800,"url":"https:\/\/files.sunoresearch.com.br\/n\/uploads\/2023\/05\/agenda-copom-natura-ntco3-braskem-cpi-eua.jpg","type":"image\/jpeg"}],"twitter_card":"summary_large_image","twitter_site":"@sunoresearch","twitter_misc":{"Est. tempo de leitura":"3 minutos"},"schema":{"@context":"https:\/\/schema.org","@graph":[{"@type":"Article","@id":"https:\/\/www.suno.com.br\/noticias\/colunas\/andre-sandri\/selic-investimentos-cortepo-que-muda\/#article","isPartOf":{"@id":"https:\/\/www.suno.com.br\/noticias\/colunas\/andre-sandri\/selic-investimentos-cortepo-que-muda\/"},"author":{"name":"Andr\u00e9 Sandri","@id":"https:\/\/www.suno.com.br\/noticias\/#\/schema\/person\/3816a06d8841ac182cf47dad1435c9b1"},"headline":"A taxa Selic acabou de cair para 12,75%. E a\u00ed? O que muda?","datePublished":"2023-09-21T00:08:27+00:00","dateModified":"2023-09-21T00:43:10+00:00","mainEntityOfPage":{"@id":"https:\/\/www.suno.com.br\/noticias\/colunas\/andre-sandri\/selic-investimentos-cortepo-que-muda\/"},"wordCount":544,"publisher":{"@id":"https:\/\/www.suno.com.br\/noticias\/#organization"},"image":{"@id":"https:\/\/www.suno.com.br\/noticias\/colunas\/andre-sandri\/selic-investimentos-cortepo-que-muda\/#primaryimage"},"thumbnailUrl":"https:\/\/files.sunoresearch.com.br\/n\/uploads\/2023\/05\/agenda-copom-natura-ntco3-braskem-cpi-eua.jpg","keywords":["Banco Central (BC)","Copom","taxa de juros","Taxa Selic"],"inLanguage":"pt-BR"},{"@type":"WebPage","@id":"https:\/\/www.suno.com.br\/noticias\/colunas\/andre-sandri\/selic-investimentos-cortepo-que-muda\/","url":"https:\/\/www.suno.com.br\/noticias\/colunas\/andre-sandri\/selic-investimentos-cortepo-que-muda\/","name":"A taxa Selic acabou de cair para 12,75%. E a\u00ed o que muda?","isPartOf":{"@id":"https:\/\/www.suno.com.br\/noticias\/#website"},"primaryImageOfPage":{"@id":"https:\/\/www.suno.com.br\/noticias\/colunas\/andre-sandri\/selic-investimentos-cortepo-que-muda\/#primaryimage"},"image":{"@id":"https:\/\/www.suno.com.br\/noticias\/colunas\/andre-sandri\/selic-investimentos-cortepo-que-muda\/#primaryimage"},"thumbnailUrl":"https:\/\/files.sunoresearch.com.br\/n\/uploads\/2023\/05\/agenda-copom-natura-ntco3-braskem-cpi-eua.jpg","datePublished":"2023-09-21T00:08:27+00:00","dateModified":"2023-09-21T00:43:10+00:00","description":"\u00c9 crucial monitorar os poss\u00edveis efeitos secund\u00e1rios do corte da Selic, especialmente se essa tend\u00eancia de redu\u00e7\u00e3o continuar. Entenda por qu\u00ea","breadcrumb":{"@id":"https:\/\/www.suno.com.br\/noticias\/colunas\/andre-sandri\/selic-investimentos-cortepo-que-muda\/#breadcrumb"},"inLanguage":"pt-BR","potentialAction":[{"@type":"ReadAction","target":["https:\/\/www.suno.com.br\/noticias\/colunas\/andre-sandri\/selic-investimentos-cortepo-que-muda\/"]}]},{"@type":"ImageObject","inLanguage":"pt-BR","@id":"https:\/\/www.suno.com.br\/noticias\/colunas\/andre-sandri\/selic-investimentos-cortepo-que-muda\/#primaryimage","url":"https:\/\/files.sunoresearch.com.br\/n\/uploads\/2023\/05\/agenda-copom-natura-ntco3-braskem-cpi-eua.jpg","contentUrl":"https:\/\/files.sunoresearch.com.br\/n\/uploads\/2023\/05\/agenda-copom-natura-ntco3-braskem-cpi-eua.jpg","width":1200,"height":800,"caption":"Reuni\u00e3o do Copom - Foto: Copom \/Divulga\u00e7\u00e3o"},{"@type":"BreadcrumbList","@id":"https:\/\/www.suno.com.br\/noticias\/colunas\/andre-sandri\/selic-investimentos-cortepo-que-muda\/#breadcrumb","itemListElement":[{"@type":"ListItem","position":1,"name":"Not\u00edcias","item":"https:\/\/www.suno.com.br\/noticias\/"},{"@type":"ListItem","position":2,"name":"Colunas","item":"https:\/\/www.suno.com.br\/noticias\/colunas\/"},{"@type":"ListItem","position":3,"name":"A taxa Selic acabou de cair para 12,75%. E a\u00ed? O que muda?"}]},{"@type":"WebSite","@id":"https:\/\/www.suno.com.br\/noticias\/#website","url":"https:\/\/www.suno.com.br\/noticias\/","name":"Suno Not\u00edcias","description":"Seu portal de informa\u00e7\u00e3o sobre o mundo dos investimentos","publisher":{"@id":"https:\/\/www.suno.com.br\/noticias\/#organization"},"potentialAction":[{"@type":"SearchAction","target":{"@type":"EntryPoint","urlTemplate":"https:\/\/www.suno.com.br\/noticias\/?s={search_term_string}"},"query-input":{"@type":"PropertyValueSpecification","valueRequired":true,"valueName":"search_term_string"}}],"inLanguage":"pt-BR"},{"@type":"Organization","@id":"https:\/\/www.suno.com.br\/noticias\/#organization","name":"Suno Not\u00edcias","url":"https:\/\/www.suno.com.br\/noticias\/","logo":{"@type":"ImageObject","inLanguage":"pt-BR","@id":"https:\/\/www.suno.com.br\/noticias\/#\/schema\/logo\/image\/","url":"https:\/\/files.sunoresearch.com.br\/n\/uploads\/2021\/09\/suno-logo.png","contentUrl":"https:\/\/files.sunoresearch.com.br\/n\/uploads\/2021\/09\/suno-logo.png","width":180,"height":180,"caption":"Suno Not\u00edcias"},"image":{"@id":"https:\/\/www.suno.com.br\/noticias\/#\/schema\/logo\/image\/"},"sameAs":["https:\/\/facebook.com\/sunoresearch","https:\/\/x.com\/sunoresearch","https:\/\/www.instagram.com\/suno","https:\/\/www.linkedin.com\/company\/suno-research\/","https:\/\/www.youtube.com\/c\/sunoresearch"]},{"@type":"Person","@id":"https:\/\/www.suno.com.br\/noticias\/#\/schema\/person\/3816a06d8841ac182cf47dad1435c9b1","name":"Andr\u00e9 Sandri","image":{"@type":"ImageObject","inLanguage":"pt-BR","@id":"https:\/\/www.suno.com.br\/noticias\/#\/schema\/person\/image\/","url":"https:\/\/secure.gravatar.com\/avatar\/98aa7a4b847eb951fea72c7718610d7a?s=96&r=g","contentUrl":"https:\/\/secure.gravatar.com\/avatar\/98aa7a4b847eb951fea72c7718610d7a?s=96&r=g","caption":"Andr\u00e9 Sandri"},"description":"Andr\u00e9 Sandri \u00e9 s\u00f3cio da AVG Capital, escrit\u00f3rio parceiro da BTG Pactual com unidades em S\u00e3o Paulo (SP) e Itaja\u00ed, em Santa Catarina. Investidor Profissional desde 2006, administrador de empresas e Gestor de Family Office, Andr\u00e9 \u00e9 tamb\u00e9m fundador do EDUCA$, institui\u00e7\u00e3o sem fins lucrativos que leva educa\u00e7\u00e3o financeira aos brasileiros.","url":"https:\/\/www.suno.com.br\/noticias\/author\/andre-sandri\/"}]}},"amp_enabled":true,"_links":{"self":[{"href":"https:\/\/www.suno.com.br\/noticias\/wp-json\/wp\/v2\/suno_column\/459554"}],"collection":[{"href":"https:\/\/www.suno.com.br\/noticias\/wp-json\/wp\/v2\/suno_column"}],"about":[{"href":"https:\/\/www.suno.com.br\/noticias\/wp-json\/wp\/v2\/types\/suno_column"}],"author":[{"embeddable":true,"href":"https:\/\/www.suno.com.br\/noticias\/wp-json\/wp\/v2\/users\/325"}],"wp:featuredmedia":[{"embeddable":true,"href":"https:\/\/www.suno.com.br\/noticias\/wp-json\/wp\/v2\/media\/402006"}],"wp:attachment":[{"href":"https:\/\/www.suno.com.br\/noticias\/wp-json\/wp\/v2\/media?parent=459554"}],"wp:term":[{"taxonomy":"post_tag","embeddable":true,"href":"https:\/\/www.suno.com.br\/noticias\/wp-json\/wp\/v2\/tags?post=459554"}],"curies":[{"name":"wp","href":"https:\/\/api.w.org\/{rel}","templated":true}]}}