{"id":458883,"date":"2023-09-20T08:00:00","date_gmt":"2023-09-20T11:00:00","guid":{"rendered":"https:\/\/www.suno.com.br\/noticias\/colunas\/marco-lopes\/\/"},"modified":"2023-09-19T23:03:31","modified_gmt":"2023-09-20T02:03:31","slug":"impactos-reforma-tributaria-area-compras","status":"publish","type":"suno_column","link":"https:\/\/www.suno.com.br\/noticias\/colunas\/carolina-cabral\/impactos-reforma-tributaria-area-compras\/","title":{"rendered":"Os impactos da Reforma Tribut\u00e1ria na \u00e1rea de compras"},"content":{"rendered":"<p>Tornou-se um mantra dizer que o Brasil possui um dos sistemas tribut\u00e1rios mais complexos do mundo, devido \u00e0 multiplicidade de impostos, contribui\u00e7\u00f5es e taxas, aliadas \u00e0 alta carga tribut\u00e1ria. E que tudo isso representa um verdadeiro desafio para empresas e cidad\u00e3os brasileiros, que enxergam hoje na<strong> Reforma Tribut\u00e1ria<\/strong> a possibilidade de desanuviar esse cen\u00e1rio.<\/p>\t<div class=\"wrapper-featured-image\">\n\t\t<figure class=\"spotlightImg\">\n\n\t\t\t<picture>\n\t\t\t\t<source media=\"(max-width: 768px)\" srcset=\"https:\/\/files.sunoresearch.com.br\/n\/uploads\/2021\/06\/8bfda8fb-calculator-385506_1920-400x200.webp\">\n\t\t\t\t<img loading=\"lazy\" decoding=\"async\" class=\"newsContent__article__imgCapa lazyloadDisabled \" src=\"https:\/\/files.sunoresearch.com.br\/n\/uploads\/2021\/06\/8bfda8fb-calculator-385506_1920-800x450.webp\" width=\"800\" height=\"450\" alt=\"Os impactos da Reforma Tribut\u00e1ria na \u00e1rea de compras\" fetchpriority=high \/>\n\t\t\t<\/picture>\n\n\t\t\t<figcaption class=\"wp-caption-text wp-caption-text--show\">Reforma tribut\u00e1ria. Foto: Steve Buissinne\/Pixabay.<\/figcaption>\n\t\t<\/figure>\n\t<\/div>\n\n\n\n\n\n\t<p>\n\t\t<a href=\"\" target=\"_blank\" data-element=\"shortcode-suno-banner\" title=\"Banner SUNO, clique e saiba mais\">\n\t\t\t<picture>\n\t\t\t\t<source media=\"(max-width: 500px)\" srcset=\"\">\n\t\t\t\t<img class=\"newsContent__article__imgCapa newsContent__article__imgCapa--banner\"\n\t\t\t\t\tsrc=\"\"\n\t\t\t\t\tdata-promo-id=\"240038\"\t\t\t\t\t\t\t\t\t\t\t\t\t\t\talt=\"\"\n\t\t\t\t>\n\t\t\t<\/picture>\n\t\t<\/a>\n\t<\/p>\n\n\n\n\n\n\n\n<p>Apesar do otimismo que permeia o tema, sabemos que a Reforma Tribut\u00e1ria impactar\u00e1 substancialmente <strong>estrat\u00e9gias de mercado<\/strong>, incluindo posicionamento geogr\u00e1fico de empresas, sistemas adotados, processos e controles internos. Na <strong>\u00e1rea de Compras<\/strong>, especificamente, a mudan\u00e7a ser\u00e1 radical e seu grande desafio \u00e9 compreender os impactos sentidos em curto, m\u00e9dio e longo prazo. Mas trata-se do que convencionamos chamar de \u201cproblema bom\u201d: mesmo com toda a complexidade que o assunto envolve e das necessidades de estudo e adapta\u00e7\u00f5es, tudo tem uma boa raz\u00e3o de ser.<\/p>\n\n\n\n<p>Para quem atua na \u00e1rea de Compras, percebe-se uma corrida para entender de qual forma as mudan\u00e7as podem ser determinantes para bons ou maus neg\u00f3cios. Como em tudo aquilo que envolve<strong> tributos<\/strong> as vari\u00e1veis s\u00e3o enormes, \u00e9 preciso aprofundar-se no tema e estruturar um plano para o per\u00edodo de transi\u00e7\u00e3o. E o primeiro passo para isso \u00e9 entender os tributos relacionados diretamente \u00e0 atividade do comprador \u2013 PIS\/Cofins, <strong>ICMS<\/strong>, IPI, II e, \u00e0s vezes, ISS. Eles ser\u00e3o substitu\u00eddos por um Imposto sobre Valor Adicionado (<strong>IVA<\/strong>) dual, Imposto sobre Bens e Servi\u00e7os e um Imposto Seletivo.<\/p>\n\n\n\n<p>Entre os principais <strong>pontos da Reforma<\/strong>, est\u00e1 o <strong>Novo IBS<\/strong> \u2013 imposto a ser cobrado no local de consumo dos bens e servi\u00e7os, com desconto do tributo pago em fases anteriores da produ\u00e7\u00e3o, e o Imposto dual, ou seja, o IBS ter\u00e1 uma parcela gerida pela Uni\u00e3o e outra por estados e munic\u00edpios. Al\u00e9m disso, haver\u00e1 o Imposto Seletivo, que \u00e9 uma esp\u00e9cie de sobretaxa sobre produtos e servi\u00e7os que prejudiquem a sa\u00fade ou o meio ambiente. Haver\u00e1 ainda uma al\u00edquota padr\u00e3o e outra diferenciada para atender setores como o da sa\u00fade, porque esses setores n\u00e3o t\u00eam muitas etapas, como \u00e9 o caso da ind\u00fastria.<\/p>\n\n\n\t<p>\n\t\t<a href=\"https:\/\/lp.suno.com.br\/ebook-gratuito-investindo-no-exterior\/\" target=\"_blank\" data-element=\"shortcode-suno-banner\" title=\"Banner SUNO, clique e saiba mais\">\n\t\t\t<picture>\n\t\t\t\t<source media=\"(max-width: 500px)\" srcset=\"https:\/\/files.sunoresearch.com.br\/n\/uploads\/2023\/03\/400x300-Investindo-no-exterior.png\">\n\t\t\t\t<img class=\"newsContent__article__imgCapa newsContent__article__imgCapa--banner\"\n\t\t\t\t\tsrc=\"https:\/\/files.sunoresearch.com.br\/n\/uploads\/2023\/03\/1420x240-Investindo-no-exterior.png\"\n\t\t\t\t\tdata-promo-id=\"383161\"\t\t\t\t\t\t\t\t\t\twidth='1420' height='240'\t\t\t\t\talt=\"https:\/\/files.sunoresearch.com.br\/n\/uploads\/2023\/03\/1420x240-Investindo-no-exterior.png\"\n\t\t\t\t>\n\t\t\t<\/picture>\n\t\t<\/a>\n\t<\/p>\n\n\n\n\n\n<p>A <strong>Zona Franca de Manaus<\/strong> e o Simples devem manter suas regras atuais e alguns setores ter\u00e3o regimes fiscais espec\u00edficos, como \u00e9 o caso de opera\u00e7\u00f5es com bens im\u00f3veis, servi\u00e7os financeiros, seguros, cooperativas, combust\u00edveis e lubrificantes. Os livros permanecer\u00e3o com imunidade tribut\u00e1ria.<\/p>\n\n\n\n<p>No momento em que a Reforma for aprovada no Senado (a previs\u00e3o \u00e9 que isso ocorra em outubro), \u00e9 preciso que as empresas estejam preparadas para responder \u00e0s evolu\u00e7\u00f5es. Por exemplo, a <strong>an\u00e1lise de risco<\/strong> de fornecedores ser\u00e1 afetada, e isso pode trazer surpresas sobre as condi\u00e7\u00f5es fiscais de parceiros. \u00c9 necess\u00e1rio pensar com anteced\u00eancia o que precisa ser levado em considera\u00e7\u00e3o ao avaliar a confiabilidade em longo prazo.<\/p>\n\n\n\n<p>Al\u00e9m disso, as atualiza\u00e7\u00f5es nas <strong>leis tribut\u00e1rias<\/strong> podem exigir ajustes nos sistemas de compras e sistemas ERP para acomodar as novas regulamenta\u00e7\u00f5es fiscais. Uma recomenda\u00e7\u00e3o importante \u00e9 checar como est\u00e3o as tecnologias utilizadas e se elas est\u00e3o habilitadas para essas atualiza\u00e7\u00f5es.<\/p>\n\n\n\n<p>Por fim, evidentemente sabemos que as mudan\u00e7as tribut\u00e1rias podem levar a varia\u00e7\u00f5es nos custos de produtos ao longo do tempo, o que demanda monitorar e ajustar os or\u00e7amentos de compras. Flutua\u00e7\u00f5es nos impostos e custos s\u00e3o esperados e podem influenciar o poder de compra da empresa; sendo assim, \u00e9 importante considerar esses fatores ao desenvolver as estrat\u00e9gias de aquisi\u00e7\u00e3o.<\/p>\n\n\n\n<p>O segredo de tudo s\u00e3o planejamento e tecnologia. Ambos s\u00e3o a chave para avaliar os impactos da <strong>Reforma Tribut\u00e1ria <\/strong>nos custos operacionais dos fornecedores e, assim, trabalhar para a obten\u00e7\u00e3o de pre\u00e7os competitivos &#8211; tudo isso, claro, alinhado a uma boa estrat\u00e9gia.<\/p>\n\n\n\t<p>\n\t\t<a href=\"https:\/\/lp.suno.com.br\/planilha-da-vida-financeira\/\" target=\"_blank\" data-element=\"shortcode-suno-banner\" title=\"Banner SUNO, clique e saiba mais\">\n\t\t\t<picture>\n\t\t\t\t<source media=\"(max-width: 500px)\" srcset=\"https:\/\/files.sunoresearch.com.br\/n\/uploads\/2023\/04\/400x300-Planilha-vida-financeira-true.png\">\n\t\t\t\t<img class=\"newsContent__article__imgCapa newsContent__article__imgCapa--banner\"\n\t\t\t\t\tsrc=\"https:\/\/files.sunoresearch.com.br\/n\/uploads\/2023\/04\/1420x240-Planilha-vida-financeira-true.png\"\n\t\t\t\t\tdata-promo-id=\"383123\"\t\t\t\t\t\t\t\t\t\twidth='1420' height='240'\t\t\t\t\talt=\"https:\/\/files.sunoresearch.com.br\/n\/uploads\/2023\/04\/1420x240-Planilha-vida-financeira-true.png\"\n\t\t\t\t>\n\t\t\t<\/picture>\n\t\t<\/a>\n\t<\/p>\n\n\n","protected":false},"excerpt":{"rendered":"<p>Tornou-se um mantra dizer que o Brasil possui um dos sistemas tribut\u00e1rios mais complexos do mundo, devido \u00e0 multiplicidade de impostos, contribui\u00e7\u00f5es e taxas, aliadas &#8230;<\/p>\n","protected":false},"author":242,"featured_media":161752,"template":"","tags":[1286],"class_list":["post-458883","suno_column","type-suno_column","status-publish","has-post-thumbnail","hentry","tag-reforma-tributaria"],"yoast_head":"<!-- This site is optimized with the Yoast SEO plugin v24.4 - https:\/\/yoast.com\/wordpress\/plugins\/seo\/ -->\n<title>Os impactos da Reforma Tribut\u00e1ria na \u00e1rea de compras<\/title>\n<meta name=\"description\" content=\"Na \u00e1rea de Compras, a mudan\u00e7a ser\u00e1 radical e seu grande desafio \u00e9 compreender os impactos sentidos em curto, m\u00e9dio e longo prazo.\" \/>\n<meta name=\"robots\" content=\"index, follow, max-snippet:-1, max-image-preview:large, max-video-preview:-1\" \/>\n<link rel=\"canonical\" href=\"https:\/\/www.suno.com.br\/noticias\/colunas\/carolina-cabral\/impactos-reforma-tributaria-area-compras\/\" \/>\n<meta property=\"og:locale\" content=\"pt_BR\" \/>\n<meta property=\"og:type\" content=\"article\" \/>\n<meta property=\"og:title\" content=\"Os impactos da Reforma Tribut\u00e1ria na \u00e1rea de compras\" \/>\n<meta property=\"og:description\" content=\"Na \u00e1rea de Compras, a mudan\u00e7a ser\u00e1 radical e seu grande desafio \u00e9 compreender os impactos sentidos em curto, m\u00e9dio e longo prazo.\" \/>\n<meta property=\"og:url\" content=\"https:\/\/www.suno.com.br\/noticias\/colunas\/carolina-cabral\/impactos-reforma-tributaria-area-compras\/\" \/>\n<meta property=\"og:site_name\" content=\"Suno Not\u00edcias\" \/>\n<meta property=\"article:publisher\" content=\"https:\/\/facebook.com\/sunoresearch\" \/>\n<meta property=\"og:image\" content=\"http:\/\/files.sunoresearch.com.br\/n\/uploads\/2021\/06\/8bfda8fb-calculator-385506_1920.jpg\" \/>\n\t<meta property=\"og:image:width\" content=\"1920\" \/>\n\t<meta property=\"og:image:height\" content=\"1131\" \/>\n\t<meta property=\"og:image:type\" content=\"image\/jpeg\" \/>\n<meta name=\"twitter:card\" content=\"summary_large_image\" \/>\n<meta name=\"twitter:site\" content=\"@sunoresearch\" \/>\n<meta name=\"twitter:label1\" content=\"Est. tempo de leitura\" \/>\n\t<meta name=\"twitter:data1\" content=\"4 minutos\" \/>\n<script type=\"application\/ld+json\" class=\"yoast-schema-graph\">{\"@context\":\"https:\/\/schema.org\",\"@graph\":[{\"@type\":\"Article\",\"@id\":\"https:\/\/www.suno.com.br\/noticias\/colunas\/carolina-cabral\/impactos-reforma-tributaria-area-compras\/#article\",\"isPartOf\":{\"@id\":\"https:\/\/www.suno.com.br\/noticias\/colunas\/carolina-cabral\/impactos-reforma-tributaria-area-compras\/\"},\"author\":{\"name\":\"Carolina Cabral\",\"@id\":\"https:\/\/www.suno.com.br\/noticias\/#\/schema\/person\/6c0830dbeb7a0a2190d3fc459290e6bd\"},\"headline\":\"Os impactos da Reforma Tribut\u00e1ria na \u00e1rea de compras\",\"datePublished\":\"2023-09-20T11:00:00+00:00\",\"mainEntityOfPage\":{\"@id\":\"https:\/\/www.suno.com.br\/noticias\/colunas\/carolina-cabral\/impactos-reforma-tributaria-area-compras\/\"},\"wordCount\":668,\"publisher\":{\"@id\":\"https:\/\/www.suno.com.br\/noticias\/#organization\"},\"image\":{\"@id\":\"https:\/\/www.suno.com.br\/noticias\/colunas\/carolina-cabral\/impactos-reforma-tributaria-area-compras\/#primaryimage\"},\"thumbnailUrl\":\"https:\/\/files.sunoresearch.com.br\/n\/uploads\/2021\/06\/8bfda8fb-calculator-385506_1920-jpg.webp\",\"keywords\":[\"reforma tribut\u00e1ria\"],\"inLanguage\":\"pt-BR\"},{\"@type\":\"WebPage\",\"@id\":\"https:\/\/www.suno.com.br\/noticias\/colunas\/carolina-cabral\/impactos-reforma-tributaria-area-compras\/\",\"url\":\"https:\/\/www.suno.com.br\/noticias\/colunas\/carolina-cabral\/impactos-reforma-tributaria-area-compras\/\",\"name\":\"Os impactos da Reforma Tribut\u00e1ria na \u00e1rea de compras\",\"isPartOf\":{\"@id\":\"https:\/\/www.suno.com.br\/noticias\/#website\"},\"primaryImageOfPage\":{\"@id\":\"https:\/\/www.suno.com.br\/noticias\/colunas\/carolina-cabral\/impactos-reforma-tributaria-area-compras\/#primaryimage\"},\"image\":{\"@id\":\"https:\/\/www.suno.com.br\/noticias\/colunas\/carolina-cabral\/impactos-reforma-tributaria-area-compras\/#primaryimage\"},\"thumbnailUrl\":\"https:\/\/files.sunoresearch.com.br\/n\/uploads\/2021\/06\/8bfda8fb-calculator-385506_1920-jpg.webp\",\"datePublished\":\"2023-09-20T11:00:00+00:00\",\"description\":\"Na \u00e1rea de Compras, a mudan\u00e7a ser\u00e1 radical e seu grande desafio \u00e9 compreender os impactos sentidos em curto, m\u00e9dio e longo prazo.\",\"breadcrumb\":{\"@id\":\"https:\/\/www.suno.com.br\/noticias\/colunas\/carolina-cabral\/impactos-reforma-tributaria-area-compras\/#breadcrumb\"},\"inLanguage\":\"pt-BR\",\"potentialAction\":[{\"@type\":\"ReadAction\",\"target\":[\"https:\/\/www.suno.com.br\/noticias\/colunas\/carolina-cabral\/impactos-reforma-tributaria-area-compras\/\"]}]},{\"@type\":\"ImageObject\",\"inLanguage\":\"pt-BR\",\"@id\":\"https:\/\/www.suno.com.br\/noticias\/colunas\/carolina-cabral\/impactos-reforma-tributaria-area-compras\/#primaryimage\",\"url\":\"https:\/\/files.sunoresearch.com.br\/n\/uploads\/2021\/06\/8bfda8fb-calculator-385506_1920-jpg.webp\",\"contentUrl\":\"https:\/\/files.sunoresearch.com.br\/n\/uploads\/2021\/06\/8bfda8fb-calculator-385506_1920-jpg.webp\",\"width\":1920,\"height\":1131,\"caption\":\"Reforma tribut\u00e1ria. Foto: Steve Buissinne\/Pixabay.\"},{\"@type\":\"BreadcrumbList\",\"@id\":\"https:\/\/www.suno.com.br\/noticias\/colunas\/carolina-cabral\/impactos-reforma-tributaria-area-compras\/#breadcrumb\",\"itemListElement\":[{\"@type\":\"ListItem\",\"position\":1,\"name\":\"Not\u00edcias\",\"item\":\"https:\/\/www.suno.com.br\/noticias\/\"},{\"@type\":\"ListItem\",\"position\":2,\"name\":\"Colunas\",\"item\":\"https:\/\/www.suno.com.br\/noticias\/colunas\/\"},{\"@type\":\"ListItem\",\"position\":3,\"name\":\"Os impactos da Reforma Tribut\u00e1ria na \u00e1rea de compras\"}]},{\"@type\":\"WebSite\",\"@id\":\"https:\/\/www.suno.com.br\/noticias\/#website\",\"url\":\"https:\/\/www.suno.com.br\/noticias\/\",\"name\":\"Suno Not\u00edcias\",\"description\":\"Seu portal de informa\u00e7\u00e3o sobre o mundo dos investimentos\",\"publisher\":{\"@id\":\"https:\/\/www.suno.com.br\/noticias\/#organization\"},\"potentialAction\":[{\"@type\":\"SearchAction\",\"target\":{\"@type\":\"EntryPoint\",\"urlTemplate\":\"https:\/\/www.suno.com.br\/noticias\/?s={search_term_string}\"},\"query-input\":{\"@type\":\"PropertyValueSpecification\",\"valueRequired\":true,\"valueName\":\"search_term_string\"}}],\"inLanguage\":\"pt-BR\"},{\"@type\":\"Organization\",\"@id\":\"https:\/\/www.suno.com.br\/noticias\/#organization\",\"name\":\"Suno Not\u00edcias\",\"url\":\"https:\/\/www.suno.com.br\/noticias\/\",\"logo\":{\"@type\":\"ImageObject\",\"inLanguage\":\"pt-BR\",\"@id\":\"https:\/\/www.suno.com.br\/noticias\/#\/schema\/logo\/image\/\",\"url\":\"https:\/\/files.sunoresearch.com.br\/n\/uploads\/2021\/09\/suno-logo.png\",\"contentUrl\":\"https:\/\/files.sunoresearch.com.br\/n\/uploads\/2021\/09\/suno-logo.png\",\"width\":180,\"height\":180,\"caption\":\"Suno Not\u00edcias\"},\"image\":{\"@id\":\"https:\/\/www.suno.com.br\/noticias\/#\/schema\/logo\/image\/\"},\"sameAs\":[\"https:\/\/facebook.com\/sunoresearch\",\"https:\/\/x.com\/sunoresearch\",\"https:\/\/www.instagram.com\/suno\",\"https:\/\/www.linkedin.com\/company\/suno-research\/\",\"https:\/\/www.youtube.com\/c\/sunoresearch\"]},{\"@type\":\"Person\",\"@id\":\"https:\/\/www.suno.com.br\/noticias\/#\/schema\/person\/6c0830dbeb7a0a2190d3fc459290e6bd\",\"name\":\"Carolina Cabral\",\"image\":{\"@type\":\"ImageObject\",\"inLanguage\":\"pt-BR\",\"@id\":\"https:\/\/www.suno.com.br\/noticias\/#\/schema\/person\/image\/\",\"url\":\"https:\/\/secure.gravatar.com\/avatar\/dbec7100998f8a32e834ab3a98b2d608?s=96&r=g\",\"contentUrl\":\"https:\/\/secure.gravatar.com\/avatar\/dbec7100998f8a32e834ab3a98b2d608?s=96&r=g\",\"caption\":\"Carolina Cabral\"},\"description\":\"Carolina Cabral \u00e9 m\u00e3e do Gustavo e esposa da Patricia. Nascida em Joinville (SC), formada em Administra\u00e7\u00e3o. Ingressou na Nimbi em 2006 como estagi\u00e1ria no escrit\u00f3rio localizado na Cidade de Joinville (SC), a CEO tinha apenas 19 anos. Ela passou por grandes projetos nas Cidades de Curitiba (PR), Londrina (PR), Rio de Janeiro (RJ) e S\u00e3o Paulo (SP) em \u00e1reas como BPO, Central de Compras, Leil\u00e3o, Consultoria de Compras, Log\u00edstica, Implanta\u00e7\u00e3o, Relacionamento com o Cliente, Comercial e Marketing. Ap\u00f3s 15 anos chegou a posi\u00e7\u00e3o de CEO da companhia repleta de desafios. A Nimbi \u00e9 uma empresa de Tecnologia, que tem como objetivo impulsionar a economia por meio da democratiza\u00e7\u00e3o do acesso a solu\u00e7\u00f5es tecnol\u00f3gicas para Procurement, trazendo mais efici\u00eancia e competitividade para empresas de todos os tamanhos. Atualmente, a empresa conta com 100 colaboradores e o clima de oportunidade e diversidade \u00e9 um dos diferenciais da companhia para manter o seu crescimento\",\"sameAs\":[\"https:\/\/nimbi.com.br\/\",\"https:\/\/www.linkedin.com\/in\/carolina-cabral-b7603938\/\"],\"url\":\"https:\/\/www.suno.com.br\/noticias\/author\/carolina-cabral\/\"}]}<\/script>\n<!-- \/ Yoast SEO plugin. -->","yoast_head_json":{"title":"Os impactos da Reforma Tribut\u00e1ria na \u00e1rea de compras","description":"Na \u00e1rea de Compras, a mudan\u00e7a ser\u00e1 radical e seu grande desafio \u00e9 compreender os impactos sentidos em curto, m\u00e9dio e longo prazo.","robots":{"index":"index","follow":"follow","max-snippet":"max-snippet:-1","max-image-preview":"max-image-preview:large","max-video-preview":"max-video-preview:-1"},"canonical":"https:\/\/www.suno.com.br\/noticias\/colunas\/carolina-cabral\/impactos-reforma-tributaria-area-compras\/","og_locale":"pt_BR","og_type":"article","og_title":"Os impactos da Reforma Tribut\u00e1ria na \u00e1rea de compras","og_description":"Na \u00e1rea de Compras, a mudan\u00e7a ser\u00e1 radical e seu grande desafio \u00e9 compreender os impactos sentidos em curto, m\u00e9dio e longo prazo.","og_url":"https:\/\/www.suno.com.br\/noticias\/colunas\/carolina-cabral\/impactos-reforma-tributaria-area-compras\/","og_site_name":"Suno Not\u00edcias","article_publisher":"https:\/\/facebook.com\/sunoresearch","og_image":[{"width":1920,"height":1131,"url":"http:\/\/files.sunoresearch.com.br\/n\/uploads\/2021\/06\/8bfda8fb-calculator-385506_1920.jpg","type":"image\/jpeg"}],"twitter_card":"summary_large_image","twitter_site":"@sunoresearch","twitter_misc":{"Est. tempo de leitura":"4 minutos"},"schema":{"@context":"https:\/\/schema.org","@graph":[{"@type":"Article","@id":"https:\/\/www.suno.com.br\/noticias\/colunas\/carolina-cabral\/impactos-reforma-tributaria-area-compras\/#article","isPartOf":{"@id":"https:\/\/www.suno.com.br\/noticias\/colunas\/carolina-cabral\/impactos-reforma-tributaria-area-compras\/"},"author":{"name":"Carolina Cabral","@id":"https:\/\/www.suno.com.br\/noticias\/#\/schema\/person\/6c0830dbeb7a0a2190d3fc459290e6bd"},"headline":"Os impactos da Reforma Tribut\u00e1ria na \u00e1rea de compras","datePublished":"2023-09-20T11:00:00+00:00","mainEntityOfPage":{"@id":"https:\/\/www.suno.com.br\/noticias\/colunas\/carolina-cabral\/impactos-reforma-tributaria-area-compras\/"},"wordCount":668,"publisher":{"@id":"https:\/\/www.suno.com.br\/noticias\/#organization"},"image":{"@id":"https:\/\/www.suno.com.br\/noticias\/colunas\/carolina-cabral\/impactos-reforma-tributaria-area-compras\/#primaryimage"},"thumbnailUrl":"https:\/\/files.sunoresearch.com.br\/n\/uploads\/2021\/06\/8bfda8fb-calculator-385506_1920-jpg.webp","keywords":["reforma tribut\u00e1ria"],"inLanguage":"pt-BR"},{"@type":"WebPage","@id":"https:\/\/www.suno.com.br\/noticias\/colunas\/carolina-cabral\/impactos-reforma-tributaria-area-compras\/","url":"https:\/\/www.suno.com.br\/noticias\/colunas\/carolina-cabral\/impactos-reforma-tributaria-area-compras\/","name":"Os impactos da Reforma Tribut\u00e1ria na \u00e1rea de compras","isPartOf":{"@id":"https:\/\/www.suno.com.br\/noticias\/#website"},"primaryImageOfPage":{"@id":"https:\/\/www.suno.com.br\/noticias\/colunas\/carolina-cabral\/impactos-reforma-tributaria-area-compras\/#primaryimage"},"image":{"@id":"https:\/\/www.suno.com.br\/noticias\/colunas\/carolina-cabral\/impactos-reforma-tributaria-area-compras\/#primaryimage"},"thumbnailUrl":"https:\/\/files.sunoresearch.com.br\/n\/uploads\/2021\/06\/8bfda8fb-calculator-385506_1920-jpg.webp","datePublished":"2023-09-20T11:00:00+00:00","description":"Na \u00e1rea de Compras, a mudan\u00e7a ser\u00e1 radical e seu grande desafio \u00e9 compreender os impactos sentidos em curto, m\u00e9dio e longo prazo.","breadcrumb":{"@id":"https:\/\/www.suno.com.br\/noticias\/colunas\/carolina-cabral\/impactos-reforma-tributaria-area-compras\/#breadcrumb"},"inLanguage":"pt-BR","potentialAction":[{"@type":"ReadAction","target":["https:\/\/www.suno.com.br\/noticias\/colunas\/carolina-cabral\/impactos-reforma-tributaria-area-compras\/"]}]},{"@type":"ImageObject","inLanguage":"pt-BR","@id":"https:\/\/www.suno.com.br\/noticias\/colunas\/carolina-cabral\/impactos-reforma-tributaria-area-compras\/#primaryimage","url":"https:\/\/files.sunoresearch.com.br\/n\/uploads\/2021\/06\/8bfda8fb-calculator-385506_1920-jpg.webp","contentUrl":"https:\/\/files.sunoresearch.com.br\/n\/uploads\/2021\/06\/8bfda8fb-calculator-385506_1920-jpg.webp","width":1920,"height":1131,"caption":"Reforma tribut\u00e1ria. Foto: Steve Buissinne\/Pixabay."},{"@type":"BreadcrumbList","@id":"https:\/\/www.suno.com.br\/noticias\/colunas\/carolina-cabral\/impactos-reforma-tributaria-area-compras\/#breadcrumb","itemListElement":[{"@type":"ListItem","position":1,"name":"Not\u00edcias","item":"https:\/\/www.suno.com.br\/noticias\/"},{"@type":"ListItem","position":2,"name":"Colunas","item":"https:\/\/www.suno.com.br\/noticias\/colunas\/"},{"@type":"ListItem","position":3,"name":"Os impactos da Reforma Tribut\u00e1ria na \u00e1rea de compras"}]},{"@type":"WebSite","@id":"https:\/\/www.suno.com.br\/noticias\/#website","url":"https:\/\/www.suno.com.br\/noticias\/","name":"Suno Not\u00edcias","description":"Seu portal de informa\u00e7\u00e3o sobre o mundo dos investimentos","publisher":{"@id":"https:\/\/www.suno.com.br\/noticias\/#organization"},"potentialAction":[{"@type":"SearchAction","target":{"@type":"EntryPoint","urlTemplate":"https:\/\/www.suno.com.br\/noticias\/?s={search_term_string}"},"query-input":{"@type":"PropertyValueSpecification","valueRequired":true,"valueName":"search_term_string"}}],"inLanguage":"pt-BR"},{"@type":"Organization","@id":"https:\/\/www.suno.com.br\/noticias\/#organization","name":"Suno Not\u00edcias","url":"https:\/\/www.suno.com.br\/noticias\/","logo":{"@type":"ImageObject","inLanguage":"pt-BR","@id":"https:\/\/www.suno.com.br\/noticias\/#\/schema\/logo\/image\/","url":"https:\/\/files.sunoresearch.com.br\/n\/uploads\/2021\/09\/suno-logo.png","contentUrl":"https:\/\/files.sunoresearch.com.br\/n\/uploads\/2021\/09\/suno-logo.png","width":180,"height":180,"caption":"Suno Not\u00edcias"},"image":{"@id":"https:\/\/www.suno.com.br\/noticias\/#\/schema\/logo\/image\/"},"sameAs":["https:\/\/facebook.com\/sunoresearch","https:\/\/x.com\/sunoresearch","https:\/\/www.instagram.com\/suno","https:\/\/www.linkedin.com\/company\/suno-research\/","https:\/\/www.youtube.com\/c\/sunoresearch"]},{"@type":"Person","@id":"https:\/\/www.suno.com.br\/noticias\/#\/schema\/person\/6c0830dbeb7a0a2190d3fc459290e6bd","name":"Carolina Cabral","image":{"@type":"ImageObject","inLanguage":"pt-BR","@id":"https:\/\/www.suno.com.br\/noticias\/#\/schema\/person\/image\/","url":"https:\/\/secure.gravatar.com\/avatar\/dbec7100998f8a32e834ab3a98b2d608?s=96&r=g","contentUrl":"https:\/\/secure.gravatar.com\/avatar\/dbec7100998f8a32e834ab3a98b2d608?s=96&r=g","caption":"Carolina Cabral"},"description":"Carolina Cabral \u00e9 m\u00e3e do Gustavo e esposa da Patricia. Nascida em Joinville (SC), formada em Administra\u00e7\u00e3o. Ingressou na Nimbi em 2006 como estagi\u00e1ria no escrit\u00f3rio localizado na Cidade de Joinville (SC), a CEO tinha apenas 19 anos. Ela passou por grandes projetos nas Cidades de Curitiba (PR), Londrina (PR), Rio de Janeiro (RJ) e S\u00e3o Paulo (SP) em \u00e1reas como BPO, Central de Compras, Leil\u00e3o, Consultoria de Compras, Log\u00edstica, Implanta\u00e7\u00e3o, Relacionamento com o Cliente, Comercial e Marketing. Ap\u00f3s 15 anos chegou a posi\u00e7\u00e3o de CEO da companhia repleta de desafios. A Nimbi \u00e9 uma empresa de Tecnologia, que tem como objetivo impulsionar a economia por meio da democratiza\u00e7\u00e3o do acesso a solu\u00e7\u00f5es tecnol\u00f3gicas para Procurement, trazendo mais efici\u00eancia e competitividade para empresas de todos os tamanhos. Atualmente, a empresa conta com 100 colaboradores e o clima de oportunidade e diversidade \u00e9 um dos diferenciais da companhia para manter o seu crescimento","sameAs":["https:\/\/nimbi.com.br\/","https:\/\/www.linkedin.com\/in\/carolina-cabral-b7603938\/"],"url":"https:\/\/www.suno.com.br\/noticias\/author\/carolina-cabral\/"}]}},"amp_enabled":true,"_links":{"self":[{"href":"https:\/\/www.suno.com.br\/noticias\/wp-json\/wp\/v2\/suno_column\/458883"}],"collection":[{"href":"https:\/\/www.suno.com.br\/noticias\/wp-json\/wp\/v2\/suno_column"}],"about":[{"href":"https:\/\/www.suno.com.br\/noticias\/wp-json\/wp\/v2\/types\/suno_column"}],"author":[{"embeddable":true,"href":"https:\/\/www.suno.com.br\/noticias\/wp-json\/wp\/v2\/users\/242"}],"wp:featuredmedia":[{"embeddable":true,"href":"https:\/\/www.suno.com.br\/noticias\/wp-json\/wp\/v2\/media\/161752"}],"wp:attachment":[{"href":"https:\/\/www.suno.com.br\/noticias\/wp-json\/wp\/v2\/media?parent=458883"}],"wp:term":[{"taxonomy":"post_tag","embeddable":true,"href":"https:\/\/www.suno.com.br\/noticias\/wp-json\/wp\/v2\/tags?post=458883"}],"curies":[{"name":"wp","href":"https:\/\/api.w.org\/{rel}","templated":true}]}}