{"id":456541,"date":"2023-09-19T08:00:00","date_gmt":"2023-09-19T11:00:00","guid":{"rendered":"https:\/\/www.suno.com.br\/noticias\/colunas\/marco-lopes\/\/"},"modified":"2023-09-19T12:43:02","modified_gmt":"2023-09-19T15:43:02","slug":"stock-option-projeto-lei-marco-legal","status":"publish","type":"suno_column","link":"https:\/\/www.suno.com.br\/noticias\/colunas\/guilherme-champs\/stock-option-projeto-lei-marco-legal\/","title":{"rendered":"Aprovado no Senado o \u201cMarco Legal do Stock Option\u201d"},"content":{"rendered":"<p>Foi aprovado no Senado Federal, em 22 de agosto de 2023, o Projeto de Lei n\u00ba 2724\/2022 (\u201cPL 2724\u201d), conhecido como \u201c<strong>Marco Legal do Stock Options<\/strong>\u201d, de autoria do senador Carlos Portinho (PL- RJ), que tem como objetivo a regulamenta\u00e7\u00e3o das Stock Options.<\/p>\t<div class=\"wrapper-featured-image\">\n\t\t<figure class=\"spotlightImg\">\n\n\t\t\t<picture>\n\t\t\t\t<source media=\"(max-width: 768px)\" srcset=\"https:\/\/files.sunoresearch.com.br\/n\/uploads\/2022\/07\/PEC-dos-Beneficios-130722-400x200.jpg\">\n\t\t\t\t<img loading=\"lazy\" decoding=\"async\" class=\"newsContent__article__imgCapa lazyloadDisabled \" src=\"https:\/\/files.sunoresearch.com.br\/n\/uploads\/2022\/07\/PEC-dos-Beneficios-130722-800x450.jpg\" width=\"800\" height=\"450\" alt=\"Aprovado no Senado o \u201cMarco Legal do Stock Option\u201d\" fetchpriority=high \/>\n\t\t\t<\/picture>\n\n\t\t\t<figcaption class=\"wp-caption-text wp-caption-text--show\">Senado Federal. Foto: Roque de S\u00e1\/Ag\u00eancia Brasil<\/figcaption>\n\t\t<\/figure>\n\t<\/div>\n\n\n\n\n\n\t<p>\n\t\t<a href=\"https:\/\/lp.suno.com.br\/planilha-da-vida-financeira\/\" target=\"_blank\" data-element=\"shortcode-suno-banner\" title=\"Banner SUNO, clique e saiba mais\">\n\t\t\t<picture>\n\t\t\t\t<source media=\"(max-width: 500px)\" srcset=\"https:\/\/files.sunoresearch.com.br\/n\/uploads\/2023\/04\/400x300-Planilha-vida-financeira-true.png\">\n\t\t\t\t<img class=\"newsContent__article__imgCapa newsContent__article__imgCapa--banner\"\n\t\t\t\t\tsrc=\"https:\/\/files.sunoresearch.com.br\/n\/uploads\/2023\/04\/1420x240-Planilha-vida-financeira-true.png\"\n\t\t\t\t\tdata-promo-id=\"106682\"\t\t\t\t\t\t\t\t\t\twidth='1420' height='240'\t\t\t\t\talt=\"https:\/\/files.sunoresearch.com.br\/n\/uploads\/2023\/04\/1420x240-Planilha-vida-financeira-true.png\"\n\t\t\t\t>\n\t\t\t<\/picture>\n\t\t<\/a>\n\t<\/p>\n\n\n\n\n\n\n\n<p>As <strong>Stock Options<\/strong> s\u00e3o os planos de outorga de op\u00e7\u00e3o de compra de quotas\/a\u00e7\u00f5es de uma sociedade a um valor predeterminado, usualmente mais vantajoso em rela\u00e7\u00e3o ao valor de mercado daquela quota\/a\u00e7\u00e3o. Tais planos caracterizam um meio de alinhamento de interesses entre a companhia e o colaborador justamente por incentivar o atingimento de objetivos em comum dentro de um determinado prazo, definidos previamente pelo board.<\/p>\n\n\n\n<p>Pela falta de legisla\u00e7\u00e3o sobre o tema, a<strong> Receita Federal<\/strong> tem lavrado autos de infra\u00e7\u00e3o contra companhias e pessoas f\u00edsicas participantes dos <strong>planos de Stock Option<\/strong>, por entender que a diferen\u00e7a positiva entre o pre\u00e7o de exerc\u00edcio das <strong>op\u00e7\u00f5es de compra<\/strong> e o valor de mercado das quotas\/a\u00e7\u00f5es no momento do exerc\u00edcio estaria sujeita \u00e0 tributa\u00e7\u00e3o do Imposto sobre a Renda Retida na Fonte (IRRF) e \u00e0 incid\u00eancia das Contribui\u00e7\u00f5es Previdenci\u00e1rias e de Terceiros, por ser rendimento do trabalho.<\/p>\n\n\n\t<p>\n\t\t<a href=\"https:\/\/lp.suno.com.br\/ebook-como-analisar-uma-acao\/\" target=\"_blank\" data-element=\"shortcode-suno-banner\" title=\"Banner SUNO, clique e saiba mais\">\n\t\t\t<picture>\n\t\t\t\t<source media=\"(max-width: 500px)\" srcset=\"https:\/\/files.sunoresearch.com.br\/n\/uploads\/2023\/03\/Ebook-Acoes-Mobile.jpg\">\n\t\t\t\t<img class=\"newsContent__article__imgCapa newsContent__article__imgCapa--banner\"\n\t\t\t\t\tsrc=\"https:\/\/files.sunoresearch.com.br\/n\/uploads\/2023\/03\/Ebook-Acoes-Desktop.jpg\"\n\t\t\t\t\tdata-promo-id=\"378302\"\t\t\t\t\t\t\t\t\t\twidth='1420' height='286'\t\t\t\t\talt=\"https:\/\/files.sunoresearch.com.br\/n\/uploads\/2023\/03\/Ebook-Acoes-Desktop.jpg\"\n\t\t\t\t>\n\t\t\t<\/picture>\n\t\t<\/a>\n\t<\/p>\n\n\n\n\n\n<p>O <strong>PL 2724<\/strong> visa erradicar a inseguran\u00e7a jur\u00eddica existente no momento da <strong>utiliza\u00e7\u00e3o das Stock Options<\/strong> determinando a sua natureza mercantil, rejeitando expressamente o entendimento de que seja rendimento de trabalho e a possibilidade de incid\u00eancia de IRRF e encargos trabalhistas e previdenci\u00e1rios.<\/p>\n\n\n\n<p>Ainda, o referido projeto de lei determina alguns fatores necess\u00e1rios ao plano de op\u00e7\u00e3o de compra de quotas\/a\u00e7\u00f5es, como <\/p>\n\n\n\n<ul class=\"wp-block-list\">\n<li>(i) exist\u00eancia de onerosidade no exerc\u00edcio da compra; <\/li>\n\n\n\n<li>(ii) per\u00edodo m\u00ednimo de 12 meses para o exerc\u00edcio da compra (vesting); <\/li>\n\n\n\n<li>e (iii) prazo m\u00ednimo para venda das quotas\/a\u00e7\u00f5es adquiridas via Plano de Stock Option (lock-up), de 12 meses salvo determina\u00e7\u00e3o contr\u00e1ria pela companhia.<\/li>\n<\/ul>\n\n\n\n<p>No tocante \u00e0 tributa\u00e7\u00e3o, o PL 2724 indica que haver\u00e1 o recolhimento do imposto de renda por parte do benefici\u00e1rio, no momento que ocorre a venda das a\u00e7\u00f5es adquiridas por meio do Plano de Stock Option, se por acaso cause algum lucro na opera\u00e7\u00e3o.<\/p>\n\n\n\n<p>Apesar do avan\u00e7o relevante se aprovado o PL 2724, um aspecto negativo \u00e9 a sua omiss\u00e3o para os casos de evento de liquidez de uma sociedade, que deveriam servir como exce\u00e7\u00e3o ao prazo de vesting previsto.<\/p>\n\n\n\n<p>O <strong>projeto de lei <\/strong>segue agora para a C\u00e2mara dos Deputados, dispensando a etapa do plen\u00e1rio, por se tratar de um projeto iniciado no pr\u00f3prio Senado.<\/p>\n\n\n\n<p><em>Artigo escrito por Guilherme Champs e Gabriel Amon, s\u00f3cio e associado s\u00eanior da pr\u00e1tica societ\u00e1ria do Champs Law<\/em><\/p>\n\n\n\t<p>\n\t\t<a href=\"https:\/\/lp.suno.com.br\/planilha-da-vida-financeira\/\" target=\"_blank\" data-element=\"shortcode-suno-banner\" title=\"Banner SUNO, clique e saiba mais\">\n\t\t\t<picture>\n\t\t\t\t<source media=\"(max-width: 500px)\" srcset=\"https:\/\/files.sunoresearch.com.br\/n\/uploads\/2023\/04\/400x300-Planilha-vida-financeira-true.png\">\n\t\t\t\t<img class=\"newsContent__article__imgCapa newsContent__article__imgCapa--banner\"\n\t\t\t\t\tsrc=\"https:\/\/files.sunoresearch.com.br\/n\/uploads\/2023\/04\/1420x240-Planilha-vida-financeira-true.png\"\n\t\t\t\t\tdata-promo-id=\"383123\"\t\t\t\t\t\t\t\t\t\twidth='1420' height='240'\t\t\t\t\talt=\"https:\/\/files.sunoresearch.com.br\/n\/uploads\/2023\/04\/1420x240-Planilha-vida-financeira-true.png\"\n\t\t\t\t>\n\t\t\t<\/picture>\n\t\t<\/a>\n\t<\/p>\n\n\n","protected":false},"excerpt":{"rendered":"<p>Foi aprovado no Senado Federal, em 22 de agosto de 2023, o Projeto de Lei n\u00ba 2724\/2022 (\u201cPL 2724\u201d), conhecido como \u201cMarco Legal do Stock Options\u201d, de autoria do senado&#8230;<\/p>\n","protected":false},"author":289,"featured_media":275653,"template":"","tags":[1068],"class_list":["post-456541","suno_column","type-suno_column","status-publish","has-post-thumbnail","hentry","tag-senado-federal"],"yoast_head":"<!-- This site is optimized with the Yoast SEO plugin v24.4 - https:\/\/yoast.com\/wordpress\/plugins\/seo\/ -->\n<title>Aprovado no Senado o \u201cMarco Legal do Stock Option\u201d<\/title>\n<meta name=\"description\" content=\"Projeto de Lei tem como objetivo a regulamenta\u00e7\u00e3o planos de outorga de op\u00e7\u00e3o de compra de quotas\/a\u00e7\u00f5es. Saiba mais\" \/>\n<meta name=\"robots\" content=\"index, follow, max-snippet:-1, max-image-preview:large, max-video-preview:-1\" \/>\n<link rel=\"canonical\" href=\"https:\/\/www.suno.com.br\/noticias\/colunas\/guilherme-champs\/stock-option-projeto-lei-marco-legal\/\" \/>\n<meta property=\"og:locale\" content=\"pt_BR\" \/>\n<meta property=\"og:type\" content=\"article\" \/>\n<meta property=\"og:title\" content=\"Aprovado no Senado o \u201cMarco Legal do Stock Option\u201d\" \/>\n<meta property=\"og:description\" content=\"Projeto de Lei tem como objetivo a regulamenta\u00e7\u00e3o planos de outorga de op\u00e7\u00e3o de compra de quotas\/a\u00e7\u00f5es. Saiba mais\" \/>\n<meta property=\"og:url\" content=\"https:\/\/www.suno.com.br\/noticias\/colunas\/guilherme-champs\/stock-option-projeto-lei-marco-legal\/\" \/>\n<meta property=\"og:site_name\" content=\"Suno Not\u00edcias\" \/>\n<meta property=\"article:publisher\" content=\"https:\/\/facebook.com\/sunoresearch\" \/>\n<meta property=\"og:image\" content=\"https:\/\/files.sunoresearch.com.br\/n\/uploads\/2022\/07\/PEC-dos-Beneficios-130722.jpg\" \/>\n\t<meta property=\"og:image:width\" content=\"1350\" \/>\n\t<meta property=\"og:image:height\" content=\"808\" \/>\n\t<meta property=\"og:image:type\" content=\"image\/jpeg\" \/>\n<meta name=\"twitter:card\" content=\"summary_large_image\" \/>\n<meta name=\"twitter:site\" content=\"@sunoresearch\" \/>\n<meta name=\"twitter:label1\" content=\"Est. tempo de leitura\" \/>\n\t<meta name=\"twitter:data1\" content=\"3 minutos\" \/>\n<script type=\"application\/ld+json\" class=\"yoast-schema-graph\">{\"@context\":\"https:\/\/schema.org\",\"@graph\":[{\"@type\":\"Article\",\"@id\":\"https:\/\/www.suno.com.br\/noticias\/colunas\/guilherme-champs\/stock-option-projeto-lei-marco-legal\/#article\",\"isPartOf\":{\"@id\":\"https:\/\/www.suno.com.br\/noticias\/colunas\/guilherme-champs\/stock-option-projeto-lei-marco-legal\/\"},\"author\":{\"name\":\"Guilherme Champs\",\"@id\":\"https:\/\/www.suno.com.br\/noticias\/#\/schema\/person\/2fcf64ccd31beb34c60fd3ea9a876cdf\"},\"headline\":\"Aprovado no Senado o \u201cMarco Legal do Stock Option\u201d\",\"datePublished\":\"2023-09-19T11:00:00+00:00\",\"dateModified\":\"2023-09-19T15:43:02+00:00\",\"mainEntityOfPage\":{\"@id\":\"https:\/\/www.suno.com.br\/noticias\/colunas\/guilherme-champs\/stock-option-projeto-lei-marco-legal\/\"},\"wordCount\":476,\"publisher\":{\"@id\":\"https:\/\/www.suno.com.br\/noticias\/#organization\"},\"image\":{\"@id\":\"https:\/\/www.suno.com.br\/noticias\/colunas\/guilherme-champs\/stock-option-projeto-lei-marco-legal\/#primaryimage\"},\"thumbnailUrl\":\"https:\/\/files.sunoresearch.com.br\/n\/uploads\/2022\/07\/PEC-dos-Beneficios-130722.jpg\",\"keywords\":[\"Senado Federal\"],\"inLanguage\":\"pt-BR\"},{\"@type\":\"WebPage\",\"@id\":\"https:\/\/www.suno.com.br\/noticias\/colunas\/guilherme-champs\/stock-option-projeto-lei-marco-legal\/\",\"url\":\"https:\/\/www.suno.com.br\/noticias\/colunas\/guilherme-champs\/stock-option-projeto-lei-marco-legal\/\",\"name\":\"Aprovado no Senado o \u201cMarco Legal do Stock Option\u201d\",\"isPartOf\":{\"@id\":\"https:\/\/www.suno.com.br\/noticias\/#website\"},\"primaryImageOfPage\":{\"@id\":\"https:\/\/www.suno.com.br\/noticias\/colunas\/guilherme-champs\/stock-option-projeto-lei-marco-legal\/#primaryimage\"},\"image\":{\"@id\":\"https:\/\/www.suno.com.br\/noticias\/colunas\/guilherme-champs\/stock-option-projeto-lei-marco-legal\/#primaryimage\"},\"thumbnailUrl\":\"https:\/\/files.sunoresearch.com.br\/n\/uploads\/2022\/07\/PEC-dos-Beneficios-130722.jpg\",\"datePublished\":\"2023-09-19T11:00:00+00:00\",\"dateModified\":\"2023-09-19T15:43:02+00:00\",\"description\":\"Projeto de Lei tem como objetivo a regulamenta\u00e7\u00e3o planos de outorga de op\u00e7\u00e3o de compra de quotas\/a\u00e7\u00f5es. Saiba mais\",\"breadcrumb\":{\"@id\":\"https:\/\/www.suno.com.br\/noticias\/colunas\/guilherme-champs\/stock-option-projeto-lei-marco-legal\/#breadcrumb\"},\"inLanguage\":\"pt-BR\",\"potentialAction\":[{\"@type\":\"ReadAction\",\"target\":[\"https:\/\/www.suno.com.br\/noticias\/colunas\/guilherme-champs\/stock-option-projeto-lei-marco-legal\/\"]}]},{\"@type\":\"ImageObject\",\"inLanguage\":\"pt-BR\",\"@id\":\"https:\/\/www.suno.com.br\/noticias\/colunas\/guilherme-champs\/stock-option-projeto-lei-marco-legal\/#primaryimage\",\"url\":\"https:\/\/files.sunoresearch.com.br\/n\/uploads\/2022\/07\/PEC-dos-Beneficios-130722.jpg\",\"contentUrl\":\"https:\/\/files.sunoresearch.com.br\/n\/uploads\/2022\/07\/PEC-dos-Beneficios-130722.jpg\",\"width\":1350,\"height\":808,\"caption\":\"Senado Federal. Foto: Roque de S\u00e1\/Ag\u00eancia Brasil\"},{\"@type\":\"BreadcrumbList\",\"@id\":\"https:\/\/www.suno.com.br\/noticias\/colunas\/guilherme-champs\/stock-option-projeto-lei-marco-legal\/#breadcrumb\",\"itemListElement\":[{\"@type\":\"ListItem\",\"position\":1,\"name\":\"Not\u00edcias\",\"item\":\"https:\/\/www.suno.com.br\/noticias\/\"},{\"@type\":\"ListItem\",\"position\":2,\"name\":\"Colunas\",\"item\":\"https:\/\/www.suno.com.br\/noticias\/colunas\/\"},{\"@type\":\"ListItem\",\"position\":3,\"name\":\"Aprovado no Senado o \u201cMarco Legal do Stock Option\u201d\"}]},{\"@type\":\"WebSite\",\"@id\":\"https:\/\/www.suno.com.br\/noticias\/#website\",\"url\":\"https:\/\/www.suno.com.br\/noticias\/\",\"name\":\"Suno Not\u00edcias\",\"description\":\"Seu portal de informa\u00e7\u00e3o sobre o mundo dos investimentos\",\"publisher\":{\"@id\":\"https:\/\/www.suno.com.br\/noticias\/#organization\"},\"potentialAction\":[{\"@type\":\"SearchAction\",\"target\":{\"@type\":\"EntryPoint\",\"urlTemplate\":\"https:\/\/www.suno.com.br\/noticias\/?s={search_term_string}\"},\"query-input\":{\"@type\":\"PropertyValueSpecification\",\"valueRequired\":true,\"valueName\":\"search_term_string\"}}],\"inLanguage\":\"pt-BR\"},{\"@type\":\"Organization\",\"@id\":\"https:\/\/www.suno.com.br\/noticias\/#organization\",\"name\":\"Suno Not\u00edcias\",\"url\":\"https:\/\/www.suno.com.br\/noticias\/\",\"logo\":{\"@type\":\"ImageObject\",\"inLanguage\":\"pt-BR\",\"@id\":\"https:\/\/www.suno.com.br\/noticias\/#\/schema\/logo\/image\/\",\"url\":\"https:\/\/files.sunoresearch.com.br\/n\/uploads\/2021\/09\/suno-logo.png\",\"contentUrl\":\"https:\/\/files.sunoresearch.com.br\/n\/uploads\/2021\/09\/suno-logo.png\",\"width\":180,\"height\":180,\"caption\":\"Suno Not\u00edcias\"},\"image\":{\"@id\":\"https:\/\/www.suno.com.br\/noticias\/#\/schema\/logo\/image\/\"},\"sameAs\":[\"https:\/\/facebook.com\/sunoresearch\",\"https:\/\/x.com\/sunoresearch\",\"https:\/\/www.instagram.com\/suno\",\"https:\/\/www.linkedin.com\/company\/suno-research\/\",\"https:\/\/www.youtube.com\/c\/sunoresearch\"]},{\"@type\":\"Person\",\"@id\":\"https:\/\/www.suno.com.br\/noticias\/#\/schema\/person\/2fcf64ccd31beb34c60fd3ea9a876cdf\",\"name\":\"Guilherme Champs\",\"image\":{\"@type\":\"ImageObject\",\"inLanguage\":\"pt-BR\",\"@id\":\"https:\/\/www.suno.com.br\/noticias\/#\/schema\/person\/image\/\",\"url\":\"https:\/\/secure.gravatar.com\/avatar\/a1ee48a967344c377f5656c4cc134077?s=96&r=g\",\"contentUrl\":\"https:\/\/secure.gravatar.com\/avatar\/a1ee48a967344c377f5656c4cc134077?s=96&r=g\",\"caption\":\"Guilherme Champs\"},\"description\":\"Por Guilherme Champs, s\u00f3cio fundador do Champs Law, escrit\u00f3rio especializado em mercado financeiro de capitais, e j\u00e1 assessorou mais de 300 empresas de assessoria de investimento.\",\"url\":\"https:\/\/www.suno.com.br\/noticias\/author\/guilherme-champs\/\"}]}<\/script>\n<!-- \/ Yoast SEO plugin. -->","yoast_head_json":{"title":"Aprovado no Senado o \u201cMarco Legal do Stock Option\u201d","description":"Projeto de Lei tem como objetivo a regulamenta\u00e7\u00e3o planos de outorga de op\u00e7\u00e3o de compra de quotas\/a\u00e7\u00f5es. Saiba mais","robots":{"index":"index","follow":"follow","max-snippet":"max-snippet:-1","max-image-preview":"max-image-preview:large","max-video-preview":"max-video-preview:-1"},"canonical":"https:\/\/www.suno.com.br\/noticias\/colunas\/guilherme-champs\/stock-option-projeto-lei-marco-legal\/","og_locale":"pt_BR","og_type":"article","og_title":"Aprovado no Senado o \u201cMarco Legal do Stock Option\u201d","og_description":"Projeto de Lei tem como objetivo a regulamenta\u00e7\u00e3o planos de outorga de op\u00e7\u00e3o de compra de quotas\/a\u00e7\u00f5es. Saiba mais","og_url":"https:\/\/www.suno.com.br\/noticias\/colunas\/guilherme-champs\/stock-option-projeto-lei-marco-legal\/","og_site_name":"Suno Not\u00edcias","article_publisher":"https:\/\/facebook.com\/sunoresearch","og_image":[{"width":1350,"height":808,"url":"https:\/\/files.sunoresearch.com.br\/n\/uploads\/2022\/07\/PEC-dos-Beneficios-130722.jpg","type":"image\/jpeg"}],"twitter_card":"summary_large_image","twitter_site":"@sunoresearch","twitter_misc":{"Est. tempo de leitura":"3 minutos"},"schema":{"@context":"https:\/\/schema.org","@graph":[{"@type":"Article","@id":"https:\/\/www.suno.com.br\/noticias\/colunas\/guilherme-champs\/stock-option-projeto-lei-marco-legal\/#article","isPartOf":{"@id":"https:\/\/www.suno.com.br\/noticias\/colunas\/guilherme-champs\/stock-option-projeto-lei-marco-legal\/"},"author":{"name":"Guilherme Champs","@id":"https:\/\/www.suno.com.br\/noticias\/#\/schema\/person\/2fcf64ccd31beb34c60fd3ea9a876cdf"},"headline":"Aprovado no Senado o \u201cMarco Legal do Stock Option\u201d","datePublished":"2023-09-19T11:00:00+00:00","dateModified":"2023-09-19T15:43:02+00:00","mainEntityOfPage":{"@id":"https:\/\/www.suno.com.br\/noticias\/colunas\/guilherme-champs\/stock-option-projeto-lei-marco-legal\/"},"wordCount":476,"publisher":{"@id":"https:\/\/www.suno.com.br\/noticias\/#organization"},"image":{"@id":"https:\/\/www.suno.com.br\/noticias\/colunas\/guilherme-champs\/stock-option-projeto-lei-marco-legal\/#primaryimage"},"thumbnailUrl":"https:\/\/files.sunoresearch.com.br\/n\/uploads\/2022\/07\/PEC-dos-Beneficios-130722.jpg","keywords":["Senado Federal"],"inLanguage":"pt-BR"},{"@type":"WebPage","@id":"https:\/\/www.suno.com.br\/noticias\/colunas\/guilherme-champs\/stock-option-projeto-lei-marco-legal\/","url":"https:\/\/www.suno.com.br\/noticias\/colunas\/guilherme-champs\/stock-option-projeto-lei-marco-legal\/","name":"Aprovado no Senado o \u201cMarco Legal do Stock Option\u201d","isPartOf":{"@id":"https:\/\/www.suno.com.br\/noticias\/#website"},"primaryImageOfPage":{"@id":"https:\/\/www.suno.com.br\/noticias\/colunas\/guilherme-champs\/stock-option-projeto-lei-marco-legal\/#primaryimage"},"image":{"@id":"https:\/\/www.suno.com.br\/noticias\/colunas\/guilherme-champs\/stock-option-projeto-lei-marco-legal\/#primaryimage"},"thumbnailUrl":"https:\/\/files.sunoresearch.com.br\/n\/uploads\/2022\/07\/PEC-dos-Beneficios-130722.jpg","datePublished":"2023-09-19T11:00:00+00:00","dateModified":"2023-09-19T15:43:02+00:00","description":"Projeto de Lei tem como objetivo a regulamenta\u00e7\u00e3o planos de outorga de op\u00e7\u00e3o de compra de quotas\/a\u00e7\u00f5es. Saiba mais","breadcrumb":{"@id":"https:\/\/www.suno.com.br\/noticias\/colunas\/guilherme-champs\/stock-option-projeto-lei-marco-legal\/#breadcrumb"},"inLanguage":"pt-BR","potentialAction":[{"@type":"ReadAction","target":["https:\/\/www.suno.com.br\/noticias\/colunas\/guilherme-champs\/stock-option-projeto-lei-marco-legal\/"]}]},{"@type":"ImageObject","inLanguage":"pt-BR","@id":"https:\/\/www.suno.com.br\/noticias\/colunas\/guilherme-champs\/stock-option-projeto-lei-marco-legal\/#primaryimage","url":"https:\/\/files.sunoresearch.com.br\/n\/uploads\/2022\/07\/PEC-dos-Beneficios-130722.jpg","contentUrl":"https:\/\/files.sunoresearch.com.br\/n\/uploads\/2022\/07\/PEC-dos-Beneficios-130722.jpg","width":1350,"height":808,"caption":"Senado Federal. Foto: Roque de S\u00e1\/Ag\u00eancia Brasil"},{"@type":"BreadcrumbList","@id":"https:\/\/www.suno.com.br\/noticias\/colunas\/guilherme-champs\/stock-option-projeto-lei-marco-legal\/#breadcrumb","itemListElement":[{"@type":"ListItem","position":1,"name":"Not\u00edcias","item":"https:\/\/www.suno.com.br\/noticias\/"},{"@type":"ListItem","position":2,"name":"Colunas","item":"https:\/\/www.suno.com.br\/noticias\/colunas\/"},{"@type":"ListItem","position":3,"name":"Aprovado no Senado o \u201cMarco Legal do Stock Option\u201d"}]},{"@type":"WebSite","@id":"https:\/\/www.suno.com.br\/noticias\/#website","url":"https:\/\/www.suno.com.br\/noticias\/","name":"Suno Not\u00edcias","description":"Seu portal de informa\u00e7\u00e3o sobre o mundo dos investimentos","publisher":{"@id":"https:\/\/www.suno.com.br\/noticias\/#organization"},"potentialAction":[{"@type":"SearchAction","target":{"@type":"EntryPoint","urlTemplate":"https:\/\/www.suno.com.br\/noticias\/?s={search_term_string}"},"query-input":{"@type":"PropertyValueSpecification","valueRequired":true,"valueName":"search_term_string"}}],"inLanguage":"pt-BR"},{"@type":"Organization","@id":"https:\/\/www.suno.com.br\/noticias\/#organization","name":"Suno Not\u00edcias","url":"https:\/\/www.suno.com.br\/noticias\/","logo":{"@type":"ImageObject","inLanguage":"pt-BR","@id":"https:\/\/www.suno.com.br\/noticias\/#\/schema\/logo\/image\/","url":"https:\/\/files.sunoresearch.com.br\/n\/uploads\/2021\/09\/suno-logo.png","contentUrl":"https:\/\/files.sunoresearch.com.br\/n\/uploads\/2021\/09\/suno-logo.png","width":180,"height":180,"caption":"Suno Not\u00edcias"},"image":{"@id":"https:\/\/www.suno.com.br\/noticias\/#\/schema\/logo\/image\/"},"sameAs":["https:\/\/facebook.com\/sunoresearch","https:\/\/x.com\/sunoresearch","https:\/\/www.instagram.com\/suno","https:\/\/www.linkedin.com\/company\/suno-research\/","https:\/\/www.youtube.com\/c\/sunoresearch"]},{"@type":"Person","@id":"https:\/\/www.suno.com.br\/noticias\/#\/schema\/person\/2fcf64ccd31beb34c60fd3ea9a876cdf","name":"Guilherme Champs","image":{"@type":"ImageObject","inLanguage":"pt-BR","@id":"https:\/\/www.suno.com.br\/noticias\/#\/schema\/person\/image\/","url":"https:\/\/secure.gravatar.com\/avatar\/a1ee48a967344c377f5656c4cc134077?s=96&r=g","contentUrl":"https:\/\/secure.gravatar.com\/avatar\/a1ee48a967344c377f5656c4cc134077?s=96&r=g","caption":"Guilherme Champs"},"description":"Por Guilherme Champs, s\u00f3cio fundador do Champs Law, escrit\u00f3rio especializado em mercado financeiro de capitais, e j\u00e1 assessorou mais de 300 empresas de assessoria de investimento.","url":"https:\/\/www.suno.com.br\/noticias\/author\/guilherme-champs\/"}]}},"amp_enabled":true,"_links":{"self":[{"href":"https:\/\/www.suno.com.br\/noticias\/wp-json\/wp\/v2\/suno_column\/456541"}],"collection":[{"href":"https:\/\/www.suno.com.br\/noticias\/wp-json\/wp\/v2\/suno_column"}],"about":[{"href":"https:\/\/www.suno.com.br\/noticias\/wp-json\/wp\/v2\/types\/suno_column"}],"author":[{"embeddable":true,"href":"https:\/\/www.suno.com.br\/noticias\/wp-json\/wp\/v2\/users\/289"}],"wp:featuredmedia":[{"embeddable":true,"href":"https:\/\/www.suno.com.br\/noticias\/wp-json\/wp\/v2\/media\/275653"}],"wp:attachment":[{"href":"https:\/\/www.suno.com.br\/noticias\/wp-json\/wp\/v2\/media?parent=456541"}],"wp:term":[{"taxonomy":"post_tag","embeddable":true,"href":"https:\/\/www.suno.com.br\/noticias\/wp-json\/wp\/v2\/tags?post=456541"}],"curies":[{"name":"wp","href":"https:\/\/api.w.org\/{rel}","templated":true}]}}