{"id":456008,"date":"2023-09-14T08:00:00","date_gmt":"2023-09-14T11:00:00","guid":{"rendered":"https:\/\/www.suno.com.br\/noticias\/colunas\/marco-lopes\/\/"},"modified":"2023-09-13T23:29:34","modified_gmt":"2023-09-14T02:29:34","slug":"escassez-mao-de-obra-ti-caminhos-medida-contornar-cenario-brasil","status":"publish","type":"suno_column","link":"https:\/\/www.suno.com.br\/noticias\/colunas\/lima\/escassez-mao-de-obra-ti-caminhos-medida-contornar-cenario-brasil\/","title":{"rendered":"Escassez na m\u00e3o de obra de TI: caminhos e medidas para contornar o cen\u00e1rio no Brasil"},"content":{"rendered":"<p>O r\u00e1pido e exponencial crescimento do setor de <strong>Tecnologia da Informa\u00e7\u00e3o<\/strong> no mercado brasileiro \u00e9 not\u00f3rio. Nos \u00faltimos anos, cada vez mais o ramo tem se desenvolvido e conquistado um maior protagonismo nos neg\u00f3cios. Diante deste cen\u00e1rio, cria-se a necessidade de evolu\u00e7\u00e3o da m\u00e3o de obra em paralelo com um setor que, definitivamente, tamb\u00e9m tem exigido um alto n\u00edvel de habilidades t\u00e9cnicas.<\/p>\t<div class=\"wrapper-featured-image\">\n\t\t<figure class=\"spotlightImg\">\n\n\t\t\t<picture>\n\t\t\t\t<source media=\"(max-width: 768px)\" srcset=\"https:\/\/files.sunoresearch.com.br\/n\/uploads\/2021\/03\/048f167a-setor-tecnologia-400x200.webp\">\n\t\t\t\t<img loading=\"lazy\" decoding=\"async\" class=\"newsContent__article__imgCapa lazyloadDisabled \" src=\"https:\/\/files.sunoresearch.com.br\/n\/uploads\/2021\/03\/048f167a-setor-tecnologia-800x450.webp\" width=\"800\" height=\"450\" alt=\"Escassez na m\u00e3o de obra de TI: caminhos e medidas para contornar o cen\u00e1rio no Brasil\" fetchpriority=high \/>\n\t\t\t<\/picture>\n\n\t\t\t<figcaption class=\"wp-caption-text wp-caption-text--show\">Setor Tecnologia. Foto: Pixabay<\/figcaption>\n\t\t<\/figure>\n\t<\/div>\n\n\n\n\n\n\t<p>\n\t\t<a href=\"\" target=\"_blank\" data-element=\"shortcode-suno-banner\" title=\"Banner SUNO, clique e saiba mais\">\n\t\t\t<picture>\n\t\t\t\t<source media=\"(max-width: 500px)\" srcset=\"\">\n\t\t\t\t<img class=\"newsContent__article__imgCapa newsContent__article__imgCapa--banner\"\n\t\t\t\t\tsrc=\"\"\n\t\t\t\t\tdata-promo-id=\"240038\"\t\t\t\t\t\t\t\t\t\t\t\t\t\t\talt=\"\"\n\t\t\t\t>\n\t\t\t<\/picture>\n\t\t<\/a>\n\t<\/p>\n\n\n\n\n\n\n\n<p>Por conta disso, a escassez de<strong> m\u00e3o de obra qualificada em TI<\/strong> passa a ser um desafio para muitos pa\u00edses, incluindo o Brasil. Esse problema se d\u00e1 por uma combina\u00e7\u00e3o de fatores, com destaque para um gap no quesito da forma\u00e7\u00e3o adequada dos profissionais. Afinal, como superar essas barreiras que limitam os profissionais, e consequentemente, o mercado como um todo?<\/p>\n\n\n\n<p>Existem v\u00e1rias abordagens para enfrentar essa escassez e ajudar a construir uma<strong> for\u00e7a de trabalho de TI<\/strong> forte no Brasil. Neste texto, busco apresentar algumas possibilidades que julgo interessantes para consolidar o mercado de TI brasileiro.<\/p>\n\n\n\n<h2 class=\"wp-block-heading\">Promover uma cultura de inova\u00e7\u00e3o e empreendedorismo<\/h2>\n\n\n\n<p>O ecossistema de empresas do ramo da tecnologia \u00e9 altamente prop\u00edcio para profissionais que desejam explorar e desenvolver suas habilidades de inova\u00e7\u00e3o. Portanto, fomentar uma cultura organizacional que seja capaz de valorizar e incentivar a inova\u00e7\u00e3o pode ser fundamental para potencializar estes profissionais.<\/p>\n\n\n\n<p>Al\u00e9m disso, um espa\u00e7o agregador possibilita o desenvolvimento de um ambiente de trabalho aberto e colaborativo, incentivando a tomada de riscos e aumentando o repert\u00f3rio dos profissionais do setor. Cria-se, ent\u00e3o, um plano de fundo de maturidade cultural, no intuito de assegurar que a tecnologia seja traduzida em iniciativas promissoras.<\/p>\n\n\n\t<p>\n\t\t<a href=\"https:\/\/lp.suno.com.br\/ebook-gratuito-investindo-no-exterior\/\" target=\"_blank\" data-element=\"shortcode-suno-banner\" title=\"Banner SUNO, clique e saiba mais\">\n\t\t\t<picture>\n\t\t\t\t<source media=\"(max-width: 500px)\" srcset=\"https:\/\/files.sunoresearch.com.br\/n\/uploads\/2023\/03\/400x300-Investindo-no-exterior.png\">\n\t\t\t\t<img class=\"newsContent__article__imgCapa newsContent__article__imgCapa--banner\"\n\t\t\t\t\tsrc=\"https:\/\/files.sunoresearch.com.br\/n\/uploads\/2023\/03\/1420x240-Investindo-no-exterior.png\"\n\t\t\t\t\tdata-promo-id=\"383161\"\t\t\t\t\t\t\t\t\t\twidth='1420' height='240'\t\t\t\t\talt=\"https:\/\/files.sunoresearch.com.br\/n\/uploads\/2023\/03\/1420x240-Investindo-no-exterior.png\"\n\t\t\t\t>\n\t\t\t<\/picture>\n\t\t<\/a>\n\t<\/p>\n\n\n\n\n\n<h2 class=\"wp-block-heading\">Fortalecimento dos Programas de Educa\u00e7\u00e3o e Treinamento em TI<\/h2>\n\n\n\n<p>No contexto brasileiro, ampliar e aprimorar a <strong>capacita\u00e7\u00e3o em Tecnologia da Informa\u00e7\u00e3o<\/strong> se torna crucial para manter o pa\u00eds competitivo no cen\u00e1rio global de tecnologia. Direcionar recursos para cursos voltados para programa\u00e7\u00e3o, com \u00eanfase em linguagens emergentes e frameworks amplamente utilizados, pode ajudar na capacita\u00e7\u00e3o de uma nova gera\u00e7\u00e3o de desenvolvedores, que estejam prontos para enfrentar desafios tanto locais, quanto globais.<\/p>\n\n\n\n<p>Da mesma forma, \u00e0 medida que o mundo se torna cada vez mais dependente de dados, cursos especializados em an\u00e1lise de dados podem preparar profissionais para extrair informa\u00e7\u00f5es valiosas, ajudando empresas a tomar decis\u00f5es mais informadas e a impulsionar a inova\u00e7\u00e3o.<\/p>\n\n\n\n<h2 class=\"wp-block-heading\">Atualiza\u00e7\u00e3o cont\u00ednua de skills<\/h2>\n\n\n\n<p>Como j\u00e1 mencionado, o ritmo de <strong>mudan\u00e7as da ind\u00fastria de tecnologia<\/strong> \u00e9 acelerado. Diante disso, \u00e9 de suma import\u00e2ncia se manter atualizado com essas transforma\u00e7\u00f5es. Para o profissional se manter relevante e eficaz, a for\u00e7a de trabalho de TI deve se atualizar de forma cont\u00ednua.<\/p>\n\n\n\n<p>Apresentar aos colaboradores programas de treinamento, workshops e semin\u00e1rios, pode ajud\u00e1-los a se manterem em dia com as \u00faltimas tend\u00eancias e desenvolvimentos em suas \u00e1reas. Contar com uma equipe de TI atualizada \u00e9 fundamental para manter a competitividade no setor e, claro, corresponder \u00e0s expectativas depositadas na tecnologia.<\/p>\n\n\n\n<h2 class=\"wp-block-heading\">Inclus\u00e3o e diversidade no setor de TI<\/h2>\n\n\n\n<p>Atualmente, a diversidade \u00e9 tema central de in\u00fameros debates, e podemos atestar que um ambiente diverso pode ser um fator enriquecedor em qualquer ramo. Dentro de um ecossistema de TI, n\u00e3o \u00e9 diferente. Grupos que s\u00e3o historicamente sub-representados na sociedade podem trazer novas perspectivas e abordagens, ampliando o pool de talentos e acelerando o processo de inova\u00e7\u00e3o nas empresas.<\/p>\n\n\n\n<p>A diversidade pode ser fomentada por meio de pol\u00edticas de recrutamento, bolsas de estudo e outras medidas de suporte. Entendo que muitos talentos acabam desperdi\u00e7ados, visto as dificuldades de acesso a oportunidades de treinamento e carreira em TI, devido principalmente a barreiras socioecon\u00f4micas. Por isso, incentivar programas sociais que identifiquem e apoiem esses indiv\u00edduos pode ajudar a construir uma for\u00e7a de trabalho de TI mais diversificada e competente.<\/p>\n\n\n\n<p>Por fim, todas essas vertentes, se bem trabalhadas, apresentam condi\u00e7\u00f5es de melhorar o cen\u00e1rio de m\u00e3o de obra de TI no Brasil e enfrentar uma escassez que teima em perdurar. De fato, o quadro n\u00e3o \u00e9 simples, demanda esfor\u00e7os e um olhar cr\u00edtico para a import\u00e2ncia das pessoas na constru\u00e7\u00e3o de empresas digitais, que \u00e9 e continuar\u00e1 sendo imensur\u00e1vel.<\/p>\n\n\n\t<p>\n\t\t<a href=\"https:\/\/lp.suno.com.br\/planilha-da-vida-financeira\/\" target=\"_blank\" data-element=\"shortcode-suno-banner\" title=\"Banner SUNO, clique e saiba mais\">\n\t\t\t<picture>\n\t\t\t\t<source media=\"(max-width: 500px)\" srcset=\"https:\/\/files.sunoresearch.com.br\/n\/uploads\/2023\/04\/400x300-Planilha-vida-financeira-true.png\">\n\t\t\t\t<img class=\"newsContent__article__imgCapa newsContent__article__imgCapa--banner\"\n\t\t\t\t\tsrc=\"https:\/\/files.sunoresearch.com.br\/n\/uploads\/2023\/04\/1420x240-Planilha-vida-financeira-true.png\"\n\t\t\t\t\tdata-promo-id=\"383123\"\t\t\t\t\t\t\t\t\t\twidth='1420' height='240'\t\t\t\t\talt=\"https:\/\/files.sunoresearch.com.br\/n\/uploads\/2023\/04\/1420x240-Planilha-vida-financeira-true.png\"\n\t\t\t\t>\n\t\t\t<\/picture>\n\t\t<\/a>\n\t<\/p>\n\n\n","protected":false},"excerpt":{"rendered":"<p>O r\u00e1pido e exponencial crescimento do setor de Tecnologia da Informa\u00e7\u00e3o no mercado brasileiro \u00e9 not\u00f3rio. Nos \u00faltimos anos, cada vez mais o ramo tem se desenvolvido e c&#8230;<\/p>\n","protected":false},"author":236,"featured_media":130486,"template":"","tags":[1134],"class_list":["post-456008","suno_column","type-suno_column","status-publish","has-post-thumbnail","hentry","tag-tecnologia"],"yoast_head":"<!-- This site is optimized with the Yoast SEO plugin v24.4 - https:\/\/yoast.com\/wordpress\/plugins\/seo\/ -->\n<title>Escassez na m\u00e3o de obra de TI: caminhos e medidas para contornar o cen\u00e1rio no Brasil<\/title>\n<meta name=\"description\" content=\"A escassez de m\u00e3o de obra qualificada em TI passa a ser um desafio para muitos pa\u00edses, incluindo o Brasil. Como superar o gap de habilidades?\" \/>\n<meta name=\"robots\" content=\"index, follow, max-snippet:-1, max-image-preview:large, max-video-preview:-1\" \/>\n<link rel=\"canonical\" href=\"https:\/\/www.suno.com.br\/noticias\/colunas\/lima\/escassez-mao-de-obra-ti-caminhos-medida-contornar-cenario-brasil\/\" \/>\n<meta property=\"og:locale\" content=\"pt_BR\" \/>\n<meta property=\"og:type\" content=\"article\" \/>\n<meta property=\"og:title\" content=\"Escassez na m\u00e3o de obra de TI: caminhos e medidas para contornar o cen\u00e1rio no Brasil\" \/>\n<meta property=\"og:description\" content=\"A escassez de m\u00e3o de obra qualificada em TI passa a ser um desafio para muitos pa\u00edses, incluindo o Brasil. Como superar o gap de habilidades?\" \/>\n<meta property=\"og:url\" content=\"https:\/\/www.suno.com.br\/noticias\/colunas\/lima\/escassez-mao-de-obra-ti-caminhos-medida-contornar-cenario-brasil\/\" \/>\n<meta property=\"og:site_name\" content=\"Suno Not\u00edcias\" \/>\n<meta property=\"article:publisher\" content=\"https:\/\/facebook.com\/sunoresearch\" \/>\n<meta property=\"og:image\" content=\"http:\/\/files.sunoresearch.com.br\/n\/uploads\/2021\/03\/048f167a-setor-tecnologia.jpg\" \/>\n\t<meta property=\"og:image:width\" content=\"1200\" \/>\n\t<meta property=\"og:image:height\" content=\"799\" \/>\n\t<meta property=\"og:image:type\" content=\"image\/jpeg\" \/>\n<meta name=\"twitter:card\" content=\"summary_large_image\" \/>\n<meta name=\"twitter:site\" content=\"@sunoresearch\" \/>\n<meta name=\"twitter:label1\" content=\"Est. tempo de leitura\" \/>\n\t<meta name=\"twitter:data1\" content=\"4 minutos\" \/>\n<script type=\"application\/ld+json\" class=\"yoast-schema-graph\">{\"@context\":\"https:\/\/schema.org\",\"@graph\":[{\"@type\":\"Article\",\"@id\":\"https:\/\/www.suno.com.br\/noticias\/colunas\/lima\/escassez-mao-de-obra-ti-caminhos-medida-contornar-cenario-brasil\/#article\",\"isPartOf\":{\"@id\":\"https:\/\/www.suno.com.br\/noticias\/colunas\/lima\/escassez-mao-de-obra-ti-caminhos-medida-contornar-cenario-brasil\/\"},\"author\":{\"name\":\"R\u00e9gis Lima\",\"@id\":\"https:\/\/www.suno.com.br\/noticias\/#\/schema\/person\/3d2780ce89c6acf98d22d17bce599c8a\"},\"headline\":\"Escassez na m\u00e3o de obra de TI: caminhos e medidas para contornar o cen\u00e1rio no Brasil\",\"datePublished\":\"2023-09-14T11:00:00+00:00\",\"mainEntityOfPage\":{\"@id\":\"https:\/\/www.suno.com.br\/noticias\/colunas\/lima\/escassez-mao-de-obra-ti-caminhos-medida-contornar-cenario-brasil\/\"},\"wordCount\":742,\"publisher\":{\"@id\":\"https:\/\/www.suno.com.br\/noticias\/#organization\"},\"image\":{\"@id\":\"https:\/\/www.suno.com.br\/noticias\/colunas\/lima\/escassez-mao-de-obra-ti-caminhos-medida-contornar-cenario-brasil\/#primaryimage\"},\"thumbnailUrl\":\"https:\/\/files.sunoresearch.com.br\/n\/uploads\/2021\/03\/048f167a-setor-tecnologia-jpg.webp\",\"keywords\":[\"Tecnologia\"],\"inLanguage\":\"pt-BR\"},{\"@type\":\"WebPage\",\"@id\":\"https:\/\/www.suno.com.br\/noticias\/colunas\/lima\/escassez-mao-de-obra-ti-caminhos-medida-contornar-cenario-brasil\/\",\"url\":\"https:\/\/www.suno.com.br\/noticias\/colunas\/lima\/escassez-mao-de-obra-ti-caminhos-medida-contornar-cenario-brasil\/\",\"name\":\"Escassez na m\u00e3o de obra de TI: caminhos e medidas para contornar o cen\u00e1rio no Brasil\",\"isPartOf\":{\"@id\":\"https:\/\/www.suno.com.br\/noticias\/#website\"},\"primaryImageOfPage\":{\"@id\":\"https:\/\/www.suno.com.br\/noticias\/colunas\/lima\/escassez-mao-de-obra-ti-caminhos-medida-contornar-cenario-brasil\/#primaryimage\"},\"image\":{\"@id\":\"https:\/\/www.suno.com.br\/noticias\/colunas\/lima\/escassez-mao-de-obra-ti-caminhos-medida-contornar-cenario-brasil\/#primaryimage\"},\"thumbnailUrl\":\"https:\/\/files.sunoresearch.com.br\/n\/uploads\/2021\/03\/048f167a-setor-tecnologia-jpg.webp\",\"datePublished\":\"2023-09-14T11:00:00+00:00\",\"description\":\"A escassez de m\u00e3o de obra qualificada em TI passa a ser um desafio para muitos pa\u00edses, incluindo o Brasil. Como superar o gap de habilidades?\",\"breadcrumb\":{\"@id\":\"https:\/\/www.suno.com.br\/noticias\/colunas\/lima\/escassez-mao-de-obra-ti-caminhos-medida-contornar-cenario-brasil\/#breadcrumb\"},\"inLanguage\":\"pt-BR\",\"potentialAction\":[{\"@type\":\"ReadAction\",\"target\":[\"https:\/\/www.suno.com.br\/noticias\/colunas\/lima\/escassez-mao-de-obra-ti-caminhos-medida-contornar-cenario-brasil\/\"]}]},{\"@type\":\"ImageObject\",\"inLanguage\":\"pt-BR\",\"@id\":\"https:\/\/www.suno.com.br\/noticias\/colunas\/lima\/escassez-mao-de-obra-ti-caminhos-medida-contornar-cenario-brasil\/#primaryimage\",\"url\":\"https:\/\/files.sunoresearch.com.br\/n\/uploads\/2021\/03\/048f167a-setor-tecnologia-jpg.webp\",\"contentUrl\":\"https:\/\/files.sunoresearch.com.br\/n\/uploads\/2021\/03\/048f167a-setor-tecnologia-jpg.webp\",\"width\":1200,\"height\":799,\"caption\":\"Setor Tecnologia. Foto: Pixabay\"},{\"@type\":\"BreadcrumbList\",\"@id\":\"https:\/\/www.suno.com.br\/noticias\/colunas\/lima\/escassez-mao-de-obra-ti-caminhos-medida-contornar-cenario-brasil\/#breadcrumb\",\"itemListElement\":[{\"@type\":\"ListItem\",\"position\":1,\"name\":\"Not\u00edcias\",\"item\":\"https:\/\/www.suno.com.br\/noticias\/\"},{\"@type\":\"ListItem\",\"position\":2,\"name\":\"Colunas\",\"item\":\"https:\/\/www.suno.com.br\/noticias\/colunas\/\"},{\"@type\":\"ListItem\",\"position\":3,\"name\":\"Escassez na m\u00e3o de obra de TI: caminhos e medidas para contornar o cen\u00e1rio no Brasil\"}]},{\"@type\":\"WebSite\",\"@id\":\"https:\/\/www.suno.com.br\/noticias\/#website\",\"url\":\"https:\/\/www.suno.com.br\/noticias\/\",\"name\":\"Suno Not\u00edcias\",\"description\":\"Seu portal de informa\u00e7\u00e3o sobre o mundo dos investimentos\",\"publisher\":{\"@id\":\"https:\/\/www.suno.com.br\/noticias\/#organization\"},\"potentialAction\":[{\"@type\":\"SearchAction\",\"target\":{\"@type\":\"EntryPoint\",\"urlTemplate\":\"https:\/\/www.suno.com.br\/noticias\/?s={search_term_string}\"},\"query-input\":{\"@type\":\"PropertyValueSpecification\",\"valueRequired\":true,\"valueName\":\"search_term_string\"}}],\"inLanguage\":\"pt-BR\"},{\"@type\":\"Organization\",\"@id\":\"https:\/\/www.suno.com.br\/noticias\/#organization\",\"name\":\"Suno Not\u00edcias\",\"url\":\"https:\/\/www.suno.com.br\/noticias\/\",\"logo\":{\"@type\":\"ImageObject\",\"inLanguage\":\"pt-BR\",\"@id\":\"https:\/\/www.suno.com.br\/noticias\/#\/schema\/logo\/image\/\",\"url\":\"https:\/\/files.sunoresearch.com.br\/n\/uploads\/2021\/09\/suno-logo.png\",\"contentUrl\":\"https:\/\/files.sunoresearch.com.br\/n\/uploads\/2021\/09\/suno-logo.png\",\"width\":180,\"height\":180,\"caption\":\"Suno Not\u00edcias\"},\"image\":{\"@id\":\"https:\/\/www.suno.com.br\/noticias\/#\/schema\/logo\/image\/\"},\"sameAs\":[\"https:\/\/facebook.com\/sunoresearch\",\"https:\/\/x.com\/sunoresearch\",\"https:\/\/www.instagram.com\/suno\",\"https:\/\/www.linkedin.com\/company\/suno-research\/\",\"https:\/\/www.youtube.com\/c\/sunoresearch\"]},{\"@type\":\"Person\",\"@id\":\"https:\/\/www.suno.com.br\/noticias\/#\/schema\/person\/3d2780ce89c6acf98d22d17bce599c8a\",\"name\":\"R\u00e9gis Lima\",\"image\":{\"@type\":\"ImageObject\",\"inLanguage\":\"pt-BR\",\"@id\":\"https:\/\/www.suno.com.br\/noticias\/#\/schema\/person\/image\/\",\"url\":\"https:\/\/secure.gravatar.com\/avatar\/def96c3d38b9a64a6eb4cc9d70900ae0?s=96&r=g\",\"contentUrl\":\"https:\/\/secure.gravatar.com\/avatar\/def96c3d38b9a64a6eb4cc9d70900ae0?s=96&r=g\",\"caption\":\"R\u00e9gis Lima\"},\"description\":\"\u00c9 Diretor Executivo e de Opera\u00e7\u00f5es na Lumen IT. Possui mais de 20 anos de experi\u00eancia em Gest\u00e3o de Equipes e atua\u00e7\u00e3o em cargos executivos de empresas nacionais e multinacionais do mercado de TI\",\"sameAs\":[\"https:\/\/www.lumenit.com.br\/\",\"https:\/\/www.linkedin.com\/in\/regislima\/\"],\"url\":\"https:\/\/www.suno.com.br\/noticias\/author\/lima\/\"}]}<\/script>\n<!-- \/ Yoast SEO plugin. -->","yoast_head_json":{"title":"Escassez na m\u00e3o de obra de TI: caminhos e medidas para contornar o cen\u00e1rio no Brasil","description":"A escassez de m\u00e3o de obra qualificada em TI passa a ser um desafio para muitos pa\u00edses, incluindo o Brasil. Como superar o gap de habilidades?","robots":{"index":"index","follow":"follow","max-snippet":"max-snippet:-1","max-image-preview":"max-image-preview:large","max-video-preview":"max-video-preview:-1"},"canonical":"https:\/\/www.suno.com.br\/noticias\/colunas\/lima\/escassez-mao-de-obra-ti-caminhos-medida-contornar-cenario-brasil\/","og_locale":"pt_BR","og_type":"article","og_title":"Escassez na m\u00e3o de obra de TI: caminhos e medidas para contornar o cen\u00e1rio no Brasil","og_description":"A escassez de m\u00e3o de obra qualificada em TI passa a ser um desafio para muitos pa\u00edses, incluindo o Brasil. Como superar o gap de habilidades?","og_url":"https:\/\/www.suno.com.br\/noticias\/colunas\/lima\/escassez-mao-de-obra-ti-caminhos-medida-contornar-cenario-brasil\/","og_site_name":"Suno Not\u00edcias","article_publisher":"https:\/\/facebook.com\/sunoresearch","og_image":[{"width":1200,"height":799,"url":"http:\/\/files.sunoresearch.com.br\/n\/uploads\/2021\/03\/048f167a-setor-tecnologia.jpg","type":"image\/jpeg"}],"twitter_card":"summary_large_image","twitter_site":"@sunoresearch","twitter_misc":{"Est. tempo de leitura":"4 minutos"},"schema":{"@context":"https:\/\/schema.org","@graph":[{"@type":"Article","@id":"https:\/\/www.suno.com.br\/noticias\/colunas\/lima\/escassez-mao-de-obra-ti-caminhos-medida-contornar-cenario-brasil\/#article","isPartOf":{"@id":"https:\/\/www.suno.com.br\/noticias\/colunas\/lima\/escassez-mao-de-obra-ti-caminhos-medida-contornar-cenario-brasil\/"},"author":{"name":"R\u00e9gis Lima","@id":"https:\/\/www.suno.com.br\/noticias\/#\/schema\/person\/3d2780ce89c6acf98d22d17bce599c8a"},"headline":"Escassez na m\u00e3o de obra de TI: caminhos e medidas para contornar o cen\u00e1rio no Brasil","datePublished":"2023-09-14T11:00:00+00:00","mainEntityOfPage":{"@id":"https:\/\/www.suno.com.br\/noticias\/colunas\/lima\/escassez-mao-de-obra-ti-caminhos-medida-contornar-cenario-brasil\/"},"wordCount":742,"publisher":{"@id":"https:\/\/www.suno.com.br\/noticias\/#organization"},"image":{"@id":"https:\/\/www.suno.com.br\/noticias\/colunas\/lima\/escassez-mao-de-obra-ti-caminhos-medida-contornar-cenario-brasil\/#primaryimage"},"thumbnailUrl":"https:\/\/files.sunoresearch.com.br\/n\/uploads\/2021\/03\/048f167a-setor-tecnologia-jpg.webp","keywords":["Tecnologia"],"inLanguage":"pt-BR"},{"@type":"WebPage","@id":"https:\/\/www.suno.com.br\/noticias\/colunas\/lima\/escassez-mao-de-obra-ti-caminhos-medida-contornar-cenario-brasil\/","url":"https:\/\/www.suno.com.br\/noticias\/colunas\/lima\/escassez-mao-de-obra-ti-caminhos-medida-contornar-cenario-brasil\/","name":"Escassez na m\u00e3o de obra de TI: caminhos e medidas para contornar o cen\u00e1rio no Brasil","isPartOf":{"@id":"https:\/\/www.suno.com.br\/noticias\/#website"},"primaryImageOfPage":{"@id":"https:\/\/www.suno.com.br\/noticias\/colunas\/lima\/escassez-mao-de-obra-ti-caminhos-medida-contornar-cenario-brasil\/#primaryimage"},"image":{"@id":"https:\/\/www.suno.com.br\/noticias\/colunas\/lima\/escassez-mao-de-obra-ti-caminhos-medida-contornar-cenario-brasil\/#primaryimage"},"thumbnailUrl":"https:\/\/files.sunoresearch.com.br\/n\/uploads\/2021\/03\/048f167a-setor-tecnologia-jpg.webp","datePublished":"2023-09-14T11:00:00+00:00","description":"A escassez de m\u00e3o de obra qualificada em TI passa a ser um desafio para muitos pa\u00edses, incluindo o Brasil. Como superar o gap de habilidades?","breadcrumb":{"@id":"https:\/\/www.suno.com.br\/noticias\/colunas\/lima\/escassez-mao-de-obra-ti-caminhos-medida-contornar-cenario-brasil\/#breadcrumb"},"inLanguage":"pt-BR","potentialAction":[{"@type":"ReadAction","target":["https:\/\/www.suno.com.br\/noticias\/colunas\/lima\/escassez-mao-de-obra-ti-caminhos-medida-contornar-cenario-brasil\/"]}]},{"@type":"ImageObject","inLanguage":"pt-BR","@id":"https:\/\/www.suno.com.br\/noticias\/colunas\/lima\/escassez-mao-de-obra-ti-caminhos-medida-contornar-cenario-brasil\/#primaryimage","url":"https:\/\/files.sunoresearch.com.br\/n\/uploads\/2021\/03\/048f167a-setor-tecnologia-jpg.webp","contentUrl":"https:\/\/files.sunoresearch.com.br\/n\/uploads\/2021\/03\/048f167a-setor-tecnologia-jpg.webp","width":1200,"height":799,"caption":"Setor Tecnologia. Foto: Pixabay"},{"@type":"BreadcrumbList","@id":"https:\/\/www.suno.com.br\/noticias\/colunas\/lima\/escassez-mao-de-obra-ti-caminhos-medida-contornar-cenario-brasil\/#breadcrumb","itemListElement":[{"@type":"ListItem","position":1,"name":"Not\u00edcias","item":"https:\/\/www.suno.com.br\/noticias\/"},{"@type":"ListItem","position":2,"name":"Colunas","item":"https:\/\/www.suno.com.br\/noticias\/colunas\/"},{"@type":"ListItem","position":3,"name":"Escassez na m\u00e3o de obra de TI: caminhos e medidas para contornar o cen\u00e1rio no Brasil"}]},{"@type":"WebSite","@id":"https:\/\/www.suno.com.br\/noticias\/#website","url":"https:\/\/www.suno.com.br\/noticias\/","name":"Suno Not\u00edcias","description":"Seu portal de informa\u00e7\u00e3o sobre o mundo dos investimentos","publisher":{"@id":"https:\/\/www.suno.com.br\/noticias\/#organization"},"potentialAction":[{"@type":"SearchAction","target":{"@type":"EntryPoint","urlTemplate":"https:\/\/www.suno.com.br\/noticias\/?s={search_term_string}"},"query-input":{"@type":"PropertyValueSpecification","valueRequired":true,"valueName":"search_term_string"}}],"inLanguage":"pt-BR"},{"@type":"Organization","@id":"https:\/\/www.suno.com.br\/noticias\/#organization","name":"Suno Not\u00edcias","url":"https:\/\/www.suno.com.br\/noticias\/","logo":{"@type":"ImageObject","inLanguage":"pt-BR","@id":"https:\/\/www.suno.com.br\/noticias\/#\/schema\/logo\/image\/","url":"https:\/\/files.sunoresearch.com.br\/n\/uploads\/2021\/09\/suno-logo.png","contentUrl":"https:\/\/files.sunoresearch.com.br\/n\/uploads\/2021\/09\/suno-logo.png","width":180,"height":180,"caption":"Suno Not\u00edcias"},"image":{"@id":"https:\/\/www.suno.com.br\/noticias\/#\/schema\/logo\/image\/"},"sameAs":["https:\/\/facebook.com\/sunoresearch","https:\/\/x.com\/sunoresearch","https:\/\/www.instagram.com\/suno","https:\/\/www.linkedin.com\/company\/suno-research\/","https:\/\/www.youtube.com\/c\/sunoresearch"]},{"@type":"Person","@id":"https:\/\/www.suno.com.br\/noticias\/#\/schema\/person\/3d2780ce89c6acf98d22d17bce599c8a","name":"R\u00e9gis Lima","image":{"@type":"ImageObject","inLanguage":"pt-BR","@id":"https:\/\/www.suno.com.br\/noticias\/#\/schema\/person\/image\/","url":"https:\/\/secure.gravatar.com\/avatar\/def96c3d38b9a64a6eb4cc9d70900ae0?s=96&r=g","contentUrl":"https:\/\/secure.gravatar.com\/avatar\/def96c3d38b9a64a6eb4cc9d70900ae0?s=96&r=g","caption":"R\u00e9gis Lima"},"description":"\u00c9 Diretor Executivo e de Opera\u00e7\u00f5es na Lumen IT. Possui mais de 20 anos de experi\u00eancia em Gest\u00e3o de Equipes e atua\u00e7\u00e3o em cargos executivos de empresas nacionais e multinacionais do mercado de TI","sameAs":["https:\/\/www.lumenit.com.br\/","https:\/\/www.linkedin.com\/in\/regislima\/"],"url":"https:\/\/www.suno.com.br\/noticias\/author\/lima\/"}]}},"amp_enabled":true,"_links":{"self":[{"href":"https:\/\/www.suno.com.br\/noticias\/wp-json\/wp\/v2\/suno_column\/456008"}],"collection":[{"href":"https:\/\/www.suno.com.br\/noticias\/wp-json\/wp\/v2\/suno_column"}],"about":[{"href":"https:\/\/www.suno.com.br\/noticias\/wp-json\/wp\/v2\/types\/suno_column"}],"author":[{"embeddable":true,"href":"https:\/\/www.suno.com.br\/noticias\/wp-json\/wp\/v2\/users\/236"}],"wp:featuredmedia":[{"embeddable":true,"href":"https:\/\/www.suno.com.br\/noticias\/wp-json\/wp\/v2\/media\/130486"}],"wp:attachment":[{"href":"https:\/\/www.suno.com.br\/noticias\/wp-json\/wp\/v2\/media?parent=456008"}],"wp:term":[{"taxonomy":"post_tag","embeddable":true,"href":"https:\/\/www.suno.com.br\/noticias\/wp-json\/wp\/v2\/tags?post=456008"}],"curies":[{"name":"wp","href":"https:\/\/api.w.org\/{rel}","templated":true}]}}