{"id":453105,"date":"2023-09-08T08:00:00","date_gmt":"2023-09-08T11:00:00","guid":{"rendered":"https:\/\/www.suno.com.br\/noticias\/colunas\/marco-lopes\/\/"},"modified":"2023-09-06T23:01:44","modified_gmt":"2023-09-07T02:01:44","slug":"escassez-recursos-objetivos","status":"publish","type":"suno_column","link":"https:\/\/www.suno.com.br\/noticias\/colunas\/valle\/escassez-recursos-objetivos\/","title":{"rendered":"Sobre escassez de recursos e de objetivos"},"content":{"rendered":"<p>Quem se disp\u00f5e a estudar economia \u00e9 inicialmente apresentado ao conceito de <strong>escassez<\/strong>, base da teoria econ\u00f4mica, geralmente acompanhado da constata\u00e7\u00e3o de que os recursos s\u00e3o finitos e nossos desejos (ou necessidades) infinitos, implicando no desenvolvimento de fun\u00e7\u00f5es utilidade, curvas de indiferen\u00e7a e outros c\u00e1lculos que consideram as prefer\u00eancias dos agentes (pessoas como n\u00f3s) nas tentativas de otimizar a aloca\u00e7\u00e3o dos recursos.<\/p>\t<div class=\"wrapper-featured-image\">\n\t\t<figure class=\"spotlightImg\">\n\n\t\t\t<picture>\n\t\t\t\t<source media=\"(max-width: 768px)\" srcset=\"https:\/\/files.sunoresearch.com.br\/n\/uploads\/2023\/09\/landscape-2979296_1920-400x200.jpg\">\n\t\t\t\t<img loading=\"lazy\" decoding=\"async\" class=\"newsContent__article__imgCapa lazyloadDisabled \" src=\"https:\/\/files.sunoresearch.com.br\/n\/uploads\/2023\/09\/landscape-2979296_1920-800x450.jpg\" width=\"800\" height=\"450\" alt=\"Sobre escassez de recursos e de objetivos\" fetchpriority=high \/>\n\t\t\t<\/picture>\n\n\t\t\t<figcaption class=\"wp-caption-text wp-caption-text--show\">Paisagem. Foto: Pixabay<\/figcaption>\n\t\t<\/figure>\n\t<\/div>\n\n\n\n\n\n\t<p>\n\t\t<a href=\"\" target=\"_blank\" data-element=\"shortcode-suno-banner\" title=\"Banner SUNO, clique e saiba mais\">\n\t\t\t<picture>\n\t\t\t\t<source media=\"(max-width: 500px)\" srcset=\"\">\n\t\t\t\t<img class=\"newsContent__article__imgCapa newsContent__article__imgCapa--banner\"\n\t\t\t\t\tsrc=\"\"\n\t\t\t\t\tdata-promo-id=\"240038\"\t\t\t\t\t\t\t\t\t\t\t\t\t\t\talt=\"\"\n\t\t\t\t>\n\t\t\t<\/picture>\n\t\t<\/a>\n\t<\/p>\n\n\n\n\n\n\n\n<p>Um erro comum aos que t\u00eam contato com a ideia pela primeira vez \u00e9 pensar unicamente em necessidades materiais e tang\u00edveis, o que simplificaria o problema. Por\u00e9m, basta uma reflex\u00e3o adicional para compreender que os bens materiais s\u00e3o meios para se obter bem-estar, este sim a finalidade da maioria das decis\u00f5es que tomamos, muitas vezes de forma inconsciente. Obviamente, a quantidade de bem-estar desej\u00e1vel para uma sociedade ou indiv\u00edduo \u00e9 infinita, ao contr\u00e1rio do bem-estar efetivamente experimentado. Lembro uma frase de Don Draper, personagem da s\u00e9rie americana <em>Mad Men<\/em>: \u201cFelicidade \u00e9 um momento antes que voc\u00ea precise de mais felicidade\u201d.<\/p>\n\n\n\n<figure class=\"wp-block-image size-full is-resized\"><img loading=\"lazy\" decoding=\"async\" src=\"https:\/\/files.sunoresearch.com.br\/n\/uploads\/2023\/09\/Don-Drapper.jpg\" alt=\"\" class=\"wp-image-453106\" width=\"510\" height=\"338\" srcset=\"https:\/\/files.sunoresearch.com.br\/n\/uploads\/2023\/09\/Don-Drapper.jpg 421w, https:\/\/files.sunoresearch.com.br\/n\/uploads\/2023\/09\/Don-Drapper-300x199.jpg 300w, https:\/\/files.sunoresearch.com.br\/n\/uploads\/2023\/09\/Don-Drapper-150x99.jpg 150w\" sizes=\"(max-width: 510px) 100vw, 510px\" \/><figcaption class=\"wp-element-caption\">Don Draper refletindo sobre felicidade. Cr\u00e9ditos: AMC\/Divulga\u00e7\u00e3o.<\/figcaption><\/figure>\n\n\n\n<p>Uma vez que a conta de finito x infinito nunca fecha, fica evidente a import\u00e2ncia de otimizar a utilidade dos recursos, dando origem aos <strong>problemas de aloca\u00e7\u00e3o<\/strong>. Quem j\u00e1 se disp\u00f4s a realizar uma simula\u00e7\u00e3o b\u00e1sica com vari\u00e1veis incertas conhece a dificuldade de estabelecer premissas realistas, principalmente quando o c\u00e1lculo envolve longos horizontes de tempo. H\u00e1 mais convic\u00e7\u00e3o dos agentes sobre o n\u00edvel taxa de juros no m\u00eas que vem do que sobre a taxa de 5 anos no futuro, um dos motivos para os pre\u00e7os dos <strong>ativos financeiros<\/strong> oscilarem tanto, principalmente em economias como a nossa.<\/p>\n\n\n\t<p>\n\t\t<a href=\"https:\/\/lp.suno.com.br\/ebook-gratuito-investindo-no-exterior\/\" target=\"_blank\" data-element=\"shortcode-suno-banner\" title=\"Banner SUNO, clique e saiba mais\">\n\t\t\t<picture>\n\t\t\t\t<source media=\"(max-width: 500px)\" srcset=\"https:\/\/files.sunoresearch.com.br\/n\/uploads\/2023\/03\/400x300-Investindo-no-exterior.png\">\n\t\t\t\t<img class=\"newsContent__article__imgCapa newsContent__article__imgCapa--banner\"\n\t\t\t\t\tsrc=\"https:\/\/files.sunoresearch.com.br\/n\/uploads\/2023\/03\/1420x240-Investindo-no-exterior.png\"\n\t\t\t\t\tdata-promo-id=\"383161\"\t\t\t\t\t\t\t\t\t\twidth='1420' height='240'\t\t\t\t\talt=\"https:\/\/files.sunoresearch.com.br\/n\/uploads\/2023\/03\/1420x240-Investindo-no-exterior.png\"\n\t\t\t\t>\n\t\t\t<\/picture>\n\t\t<\/a>\n\t<\/p>\n\n\n\n\n\n<p>Da mesma forma, o n\u00edvel de certeza sobre nossos desejos no dia de amanh\u00e3 \u00e9 bem maior do que a certeza sobre os desejos de daqui a 5 anos, o que \u00e9 suficiente para muitos de n\u00f3s tomarmos decis\u00f5es financeiras irracionais, pensando apenas no curto prazo e ignorando a alta probabilidade de que o futuro n\u00e3o v\u00e1 se resolver sozinho. No contexto econ\u00f4mico brasileiro, em que o custo de oportunidade (representado pelo <strong>CDI<\/strong>) por vezes supera o investimento no \u00edndice acion\u00e1rio, n\u00e3o fazer nada cobra um pre\u00e7o muito alto.<\/p>\n\n\n\n<p>A teoria utilitarista considera que o julgamento de uma a\u00e7\u00e3o (boa ou ruim, certa ou errada) deve ser realizado com base nas consequ\u00eancias de tal a\u00e7\u00e3o, demandando uma avalia\u00e7\u00e3o correta das premissas e dos desdobramentos poss\u00edveis. H\u00e1 certa discuss\u00e3o acad\u00eamica sobre as diferen\u00e7as entre o <em>homo sapiens<\/em> e o <em>homo economicus<\/em> (plenamente racional e sem vieses), este \u00faltimo geralmente predominante na literatura econ\u00f4mica cl\u00e1ssica.<\/p>\n\n\n\n<p>Independentemente da dist\u00e2ncia que nos separa do ser humano idealizado pela teoria, n\u00e3o h\u00e1 preju\u00edzo em objetivar racionalidade na busca pela maximiza\u00e7\u00e3o do bem-estar. Mesmo que a felicidade real seja escassa, o processo de busc\u00e1-la deve implicar em consequ\u00eancias mais satisfat\u00f3rias do que as causadas pelo a<strong>caso da probabilidade<\/strong>.<\/p>\n\n\n\t<p>\n\t\t<a href=\"https:\/\/lp.suno.com.br\/planilha-da-vida-financeira\/\" target=\"_blank\" data-element=\"shortcode-suno-banner\" title=\"Banner SUNO, clique e saiba mais\">\n\t\t\t<picture>\n\t\t\t\t<source media=\"(max-width: 500px)\" srcset=\"https:\/\/files.sunoresearch.com.br\/n\/uploads\/2023\/04\/400x300-Planilha-vida-financeira-true.png\">\n\t\t\t\t<img class=\"newsContent__article__imgCapa newsContent__article__imgCapa--banner\"\n\t\t\t\t\tsrc=\"https:\/\/files.sunoresearch.com.br\/n\/uploads\/2023\/04\/1420x240-Planilha-vida-financeira-true.png\"\n\t\t\t\t\tdata-promo-id=\"383123\"\t\t\t\t\t\t\t\t\t\twidth='1420' height='240'\t\t\t\t\talt=\"https:\/\/files.sunoresearch.com.br\/n\/uploads\/2023\/04\/1420x240-Planilha-vida-financeira-true.png\"\n\t\t\t\t>\n\t\t\t<\/picture>\n\t\t<\/a>\n\t<\/p>\n\n\n","protected":false},"excerpt":{"rendered":"<p>Quem se disp\u00f5e a estudar economia \u00e9 inicialmente apresentado ao conceito de escassez, base da teoria econ\u00f4mica, geralmente acompanhado da constata\u00e7\u00e3o de que os recurso&#8230;<\/p>\n","protected":false},"author":171,"featured_media":453107,"template":"","tags":[],"class_list":["post-453105","suno_column","type-suno_column","status-publish","has-post-thumbnail","hentry"],"yoast_head":"<!-- This site is optimized with the Yoast SEO plugin v24.4 - https:\/\/yoast.com\/wordpress\/plugins\/seo\/ -->\n<title>Sobre escassez de recursos e de objetivos<\/title>\n<meta name=\"description\" content=\"Independente da dist\u00e2ncia que nos separa do ser humano idealizado, n\u00e3o h\u00e1 preju\u00edzo em objetivar racionalidade pela maximiza\u00e7\u00e3o do bem-estar\" \/>\n<meta name=\"robots\" content=\"index, follow, max-snippet:-1, max-image-preview:large, max-video-preview:-1\" \/>\n<link rel=\"canonical\" href=\"https:\/\/www.suno.com.br\/noticias\/colunas\/valle\/escassez-recursos-objetivos\/\" \/>\n<meta property=\"og:locale\" content=\"pt_BR\" \/>\n<meta property=\"og:type\" content=\"article\" \/>\n<meta property=\"og:title\" content=\"Sobre escassez de recursos e de objetivos\" \/>\n<meta property=\"og:description\" content=\"Independente da dist\u00e2ncia que nos separa do ser humano idealizado, n\u00e3o h\u00e1 preju\u00edzo em objetivar racionalidade pela maximiza\u00e7\u00e3o do bem-estar\" \/>\n<meta property=\"og:url\" content=\"https:\/\/www.suno.com.br\/noticias\/colunas\/valle\/escassez-recursos-objetivos\/\" \/>\n<meta property=\"og:site_name\" content=\"Suno Not\u00edcias\" \/>\n<meta property=\"article:publisher\" content=\"https:\/\/facebook.com\/sunoresearch\" \/>\n<meta property=\"og:image\" content=\"http:\/\/files.sunoresearch.com.br\/n\/uploads\/2023\/09\/landscape-2979296_1920.jpg\" \/>\n\t<meta property=\"og:image:width\" content=\"1400\" \/>\n\t<meta property=\"og:image:height\" content=\"836\" \/>\n\t<meta property=\"og:image:type\" content=\"image\/jpeg\" \/>\n<meta name=\"twitter:card\" content=\"summary_large_image\" \/>\n<meta name=\"twitter:site\" content=\"@sunoresearch\" \/>\n<meta name=\"twitter:label1\" content=\"Est. tempo de leitura\" \/>\n\t<meta name=\"twitter:data1\" content=\"3 minutos\" \/>\n<script type=\"application\/ld+json\" class=\"yoast-schema-graph\">{\"@context\":\"https:\/\/schema.org\",\"@graph\":[{\"@type\":\"Article\",\"@id\":\"https:\/\/www.suno.com.br\/noticias\/colunas\/valle\/escassez-recursos-objetivos\/#article\",\"isPartOf\":{\"@id\":\"https:\/\/www.suno.com.br\/noticias\/colunas\/valle\/escassez-recursos-objetivos\/\"},\"author\":{\"name\":\"Luiz Valle\",\"@id\":\"https:\/\/www.suno.com.br\/noticias\/#\/schema\/person\/b3463c26fa13df8eaf0ae18a6e730f90\"},\"headline\":\"Sobre escassez de recursos e de objetivos\",\"datePublished\":\"2023-09-08T11:00:00+00:00\",\"mainEntityOfPage\":{\"@id\":\"https:\/\/www.suno.com.br\/noticias\/colunas\/valle\/escassez-recursos-objetivos\/\"},\"wordCount\":535,\"publisher\":{\"@id\":\"https:\/\/www.suno.com.br\/noticias\/#organization\"},\"image\":{\"@id\":\"https:\/\/www.suno.com.br\/noticias\/colunas\/valle\/escassez-recursos-objetivos\/#primaryimage\"},\"thumbnailUrl\":\"https:\/\/files.sunoresearch.com.br\/n\/uploads\/2023\/09\/landscape-2979296_1920.jpg\",\"inLanguage\":\"pt-BR\"},{\"@type\":\"WebPage\",\"@id\":\"https:\/\/www.suno.com.br\/noticias\/colunas\/valle\/escassez-recursos-objetivos\/\",\"url\":\"https:\/\/www.suno.com.br\/noticias\/colunas\/valle\/escassez-recursos-objetivos\/\",\"name\":\"Sobre escassez de recursos e de objetivos\",\"isPartOf\":{\"@id\":\"https:\/\/www.suno.com.br\/noticias\/#website\"},\"primaryImageOfPage\":{\"@id\":\"https:\/\/www.suno.com.br\/noticias\/colunas\/valle\/escassez-recursos-objetivos\/#primaryimage\"},\"image\":{\"@id\":\"https:\/\/www.suno.com.br\/noticias\/colunas\/valle\/escassez-recursos-objetivos\/#primaryimage\"},\"thumbnailUrl\":\"https:\/\/files.sunoresearch.com.br\/n\/uploads\/2023\/09\/landscape-2979296_1920.jpg\",\"datePublished\":\"2023-09-08T11:00:00+00:00\",\"description\":\"Independente da dist\u00e2ncia que nos separa do ser humano idealizado, n\u00e3o h\u00e1 preju\u00edzo em objetivar racionalidade pela maximiza\u00e7\u00e3o do bem-estar\",\"breadcrumb\":{\"@id\":\"https:\/\/www.suno.com.br\/noticias\/colunas\/valle\/escassez-recursos-objetivos\/#breadcrumb\"},\"inLanguage\":\"pt-BR\",\"potentialAction\":[{\"@type\":\"ReadAction\",\"target\":[\"https:\/\/www.suno.com.br\/noticias\/colunas\/valle\/escassez-recursos-objetivos\/\"]}]},{\"@type\":\"ImageObject\",\"inLanguage\":\"pt-BR\",\"@id\":\"https:\/\/www.suno.com.br\/noticias\/colunas\/valle\/escassez-recursos-objetivos\/#primaryimage\",\"url\":\"https:\/\/files.sunoresearch.com.br\/n\/uploads\/2023\/09\/landscape-2979296_1920.jpg\",\"contentUrl\":\"https:\/\/files.sunoresearch.com.br\/n\/uploads\/2023\/09\/landscape-2979296_1920.jpg\",\"width\":1400,\"height\":836,\"caption\":\"Paisagem. Foto: Pixabay\"},{\"@type\":\"BreadcrumbList\",\"@id\":\"https:\/\/www.suno.com.br\/noticias\/colunas\/valle\/escassez-recursos-objetivos\/#breadcrumb\",\"itemListElement\":[{\"@type\":\"ListItem\",\"position\":1,\"name\":\"Not\u00edcias\",\"item\":\"https:\/\/www.suno.com.br\/noticias\/\"},{\"@type\":\"ListItem\",\"position\":2,\"name\":\"Colunas\",\"item\":\"https:\/\/www.suno.com.br\/noticias\/colunas\/\"},{\"@type\":\"ListItem\",\"position\":3,\"name\":\"Sobre escassez de recursos e de objetivos\"}]},{\"@type\":\"WebSite\",\"@id\":\"https:\/\/www.suno.com.br\/noticias\/#website\",\"url\":\"https:\/\/www.suno.com.br\/noticias\/\",\"name\":\"Suno Not\u00edcias\",\"description\":\"Seu portal de informa\u00e7\u00e3o sobre o mundo dos investimentos\",\"publisher\":{\"@id\":\"https:\/\/www.suno.com.br\/noticias\/#organization\"},\"potentialAction\":[{\"@type\":\"SearchAction\",\"target\":{\"@type\":\"EntryPoint\",\"urlTemplate\":\"https:\/\/www.suno.com.br\/noticias\/?s={search_term_string}\"},\"query-input\":{\"@type\":\"PropertyValueSpecification\",\"valueRequired\":true,\"valueName\":\"search_term_string\"}}],\"inLanguage\":\"pt-BR\"},{\"@type\":\"Organization\",\"@id\":\"https:\/\/www.suno.com.br\/noticias\/#organization\",\"name\":\"Suno Not\u00edcias\",\"url\":\"https:\/\/www.suno.com.br\/noticias\/\",\"logo\":{\"@type\":\"ImageObject\",\"inLanguage\":\"pt-BR\",\"@id\":\"https:\/\/www.suno.com.br\/noticias\/#\/schema\/logo\/image\/\",\"url\":\"https:\/\/files.sunoresearch.com.br\/n\/uploads\/2021\/09\/suno-logo.png\",\"contentUrl\":\"https:\/\/files.sunoresearch.com.br\/n\/uploads\/2021\/09\/suno-logo.png\",\"width\":180,\"height\":180,\"caption\":\"Suno Not\u00edcias\"},\"image\":{\"@id\":\"https:\/\/www.suno.com.br\/noticias\/#\/schema\/logo\/image\/\"},\"sameAs\":[\"https:\/\/facebook.com\/sunoresearch\",\"https:\/\/x.com\/sunoresearch\",\"https:\/\/www.instagram.com\/suno\",\"https:\/\/www.linkedin.com\/company\/suno-research\/\",\"https:\/\/www.youtube.com\/c\/sunoresearch\"]},{\"@type\":\"Person\",\"@id\":\"https:\/\/www.suno.com.br\/noticias\/#\/schema\/person\/b3463c26fa13df8eaf0ae18a6e730f90\",\"name\":\"Luiz Valle\",\"image\":{\"@type\":\"ImageObject\",\"inLanguage\":\"pt-BR\",\"@id\":\"https:\/\/www.suno.com.br\/noticias\/#\/schema\/person\/image\/\",\"url\":\"https:\/\/secure.gravatar.com\/avatar\/209693127cebed7bbdab8c25106dc85e?s=96&r=g\",\"contentUrl\":\"https:\/\/secure.gravatar.com\/avatar\/209693127cebed7bbdab8c25106dc85e?s=96&r=g\",\"caption\":\"Luiz Valle\"},\"description\":\"Membro da Equipe da Suno Consultoria, \u00e9 graduado em Administra\u00e7\u00e3o com especializa\u00e7\u00e3o em Compliance e Governan\u00e7a. Atua no mercado de investimentos desde 2014, com experi\u00eancia em Private Equity, M&amp;A e consultoria empresarial. Motivado pelo desafio de elevar o n\u00edvel de educa\u00e7\u00e3o financeira do povo brasileiro.\",\"url\":\"https:\/\/www.suno.com.br\/noticias\/author\/valle\/\"}]}<\/script>\n<!-- \/ Yoast SEO plugin. -->","yoast_head_json":{"title":"Sobre escassez de recursos e de objetivos","description":"Independente da dist\u00e2ncia que nos separa do ser humano idealizado, n\u00e3o h\u00e1 preju\u00edzo em objetivar racionalidade pela maximiza\u00e7\u00e3o do bem-estar","robots":{"index":"index","follow":"follow","max-snippet":"max-snippet:-1","max-image-preview":"max-image-preview:large","max-video-preview":"max-video-preview:-1"},"canonical":"https:\/\/www.suno.com.br\/noticias\/colunas\/valle\/escassez-recursos-objetivos\/","og_locale":"pt_BR","og_type":"article","og_title":"Sobre escassez de recursos e de objetivos","og_description":"Independente da dist\u00e2ncia que nos separa do ser humano idealizado, n\u00e3o h\u00e1 preju\u00edzo em objetivar racionalidade pela maximiza\u00e7\u00e3o do bem-estar","og_url":"https:\/\/www.suno.com.br\/noticias\/colunas\/valle\/escassez-recursos-objetivos\/","og_site_name":"Suno Not\u00edcias","article_publisher":"https:\/\/facebook.com\/sunoresearch","og_image":[{"width":1400,"height":836,"url":"http:\/\/files.sunoresearch.com.br\/n\/uploads\/2023\/09\/landscape-2979296_1920.jpg","type":"image\/jpeg"}],"twitter_card":"summary_large_image","twitter_site":"@sunoresearch","twitter_misc":{"Est. tempo de leitura":"3 minutos"},"schema":{"@context":"https:\/\/schema.org","@graph":[{"@type":"Article","@id":"https:\/\/www.suno.com.br\/noticias\/colunas\/valle\/escassez-recursos-objetivos\/#article","isPartOf":{"@id":"https:\/\/www.suno.com.br\/noticias\/colunas\/valle\/escassez-recursos-objetivos\/"},"author":{"name":"Luiz Valle","@id":"https:\/\/www.suno.com.br\/noticias\/#\/schema\/person\/b3463c26fa13df8eaf0ae18a6e730f90"},"headline":"Sobre escassez de recursos e de objetivos","datePublished":"2023-09-08T11:00:00+00:00","mainEntityOfPage":{"@id":"https:\/\/www.suno.com.br\/noticias\/colunas\/valle\/escassez-recursos-objetivos\/"},"wordCount":535,"publisher":{"@id":"https:\/\/www.suno.com.br\/noticias\/#organization"},"image":{"@id":"https:\/\/www.suno.com.br\/noticias\/colunas\/valle\/escassez-recursos-objetivos\/#primaryimage"},"thumbnailUrl":"https:\/\/files.sunoresearch.com.br\/n\/uploads\/2023\/09\/landscape-2979296_1920.jpg","inLanguage":"pt-BR"},{"@type":"WebPage","@id":"https:\/\/www.suno.com.br\/noticias\/colunas\/valle\/escassez-recursos-objetivos\/","url":"https:\/\/www.suno.com.br\/noticias\/colunas\/valle\/escassez-recursos-objetivos\/","name":"Sobre escassez de recursos e de objetivos","isPartOf":{"@id":"https:\/\/www.suno.com.br\/noticias\/#website"},"primaryImageOfPage":{"@id":"https:\/\/www.suno.com.br\/noticias\/colunas\/valle\/escassez-recursos-objetivos\/#primaryimage"},"image":{"@id":"https:\/\/www.suno.com.br\/noticias\/colunas\/valle\/escassez-recursos-objetivos\/#primaryimage"},"thumbnailUrl":"https:\/\/files.sunoresearch.com.br\/n\/uploads\/2023\/09\/landscape-2979296_1920.jpg","datePublished":"2023-09-08T11:00:00+00:00","description":"Independente da dist\u00e2ncia que nos separa do ser humano idealizado, n\u00e3o h\u00e1 preju\u00edzo em objetivar racionalidade pela maximiza\u00e7\u00e3o do bem-estar","breadcrumb":{"@id":"https:\/\/www.suno.com.br\/noticias\/colunas\/valle\/escassez-recursos-objetivos\/#breadcrumb"},"inLanguage":"pt-BR","potentialAction":[{"@type":"ReadAction","target":["https:\/\/www.suno.com.br\/noticias\/colunas\/valle\/escassez-recursos-objetivos\/"]}]},{"@type":"ImageObject","inLanguage":"pt-BR","@id":"https:\/\/www.suno.com.br\/noticias\/colunas\/valle\/escassez-recursos-objetivos\/#primaryimage","url":"https:\/\/files.sunoresearch.com.br\/n\/uploads\/2023\/09\/landscape-2979296_1920.jpg","contentUrl":"https:\/\/files.sunoresearch.com.br\/n\/uploads\/2023\/09\/landscape-2979296_1920.jpg","width":1400,"height":836,"caption":"Paisagem. Foto: Pixabay"},{"@type":"BreadcrumbList","@id":"https:\/\/www.suno.com.br\/noticias\/colunas\/valle\/escassez-recursos-objetivos\/#breadcrumb","itemListElement":[{"@type":"ListItem","position":1,"name":"Not\u00edcias","item":"https:\/\/www.suno.com.br\/noticias\/"},{"@type":"ListItem","position":2,"name":"Colunas","item":"https:\/\/www.suno.com.br\/noticias\/colunas\/"},{"@type":"ListItem","position":3,"name":"Sobre escassez de recursos e de objetivos"}]},{"@type":"WebSite","@id":"https:\/\/www.suno.com.br\/noticias\/#website","url":"https:\/\/www.suno.com.br\/noticias\/","name":"Suno Not\u00edcias","description":"Seu portal de informa\u00e7\u00e3o sobre o mundo dos investimentos","publisher":{"@id":"https:\/\/www.suno.com.br\/noticias\/#organization"},"potentialAction":[{"@type":"SearchAction","target":{"@type":"EntryPoint","urlTemplate":"https:\/\/www.suno.com.br\/noticias\/?s={search_term_string}"},"query-input":{"@type":"PropertyValueSpecification","valueRequired":true,"valueName":"search_term_string"}}],"inLanguage":"pt-BR"},{"@type":"Organization","@id":"https:\/\/www.suno.com.br\/noticias\/#organization","name":"Suno Not\u00edcias","url":"https:\/\/www.suno.com.br\/noticias\/","logo":{"@type":"ImageObject","inLanguage":"pt-BR","@id":"https:\/\/www.suno.com.br\/noticias\/#\/schema\/logo\/image\/","url":"https:\/\/files.sunoresearch.com.br\/n\/uploads\/2021\/09\/suno-logo.png","contentUrl":"https:\/\/files.sunoresearch.com.br\/n\/uploads\/2021\/09\/suno-logo.png","width":180,"height":180,"caption":"Suno Not\u00edcias"},"image":{"@id":"https:\/\/www.suno.com.br\/noticias\/#\/schema\/logo\/image\/"},"sameAs":["https:\/\/facebook.com\/sunoresearch","https:\/\/x.com\/sunoresearch","https:\/\/www.instagram.com\/suno","https:\/\/www.linkedin.com\/company\/suno-research\/","https:\/\/www.youtube.com\/c\/sunoresearch"]},{"@type":"Person","@id":"https:\/\/www.suno.com.br\/noticias\/#\/schema\/person\/b3463c26fa13df8eaf0ae18a6e730f90","name":"Luiz Valle","image":{"@type":"ImageObject","inLanguage":"pt-BR","@id":"https:\/\/www.suno.com.br\/noticias\/#\/schema\/person\/image\/","url":"https:\/\/secure.gravatar.com\/avatar\/209693127cebed7bbdab8c25106dc85e?s=96&r=g","contentUrl":"https:\/\/secure.gravatar.com\/avatar\/209693127cebed7bbdab8c25106dc85e?s=96&r=g","caption":"Luiz Valle"},"description":"Membro da Equipe da Suno Consultoria, \u00e9 graduado em Administra\u00e7\u00e3o com especializa\u00e7\u00e3o em Compliance e Governan\u00e7a. Atua no mercado de investimentos desde 2014, com experi\u00eancia em Private Equity, M&amp;A e consultoria empresarial. Motivado pelo desafio de elevar o n\u00edvel de educa\u00e7\u00e3o financeira do povo brasileiro.","url":"https:\/\/www.suno.com.br\/noticias\/author\/valle\/"}]}},"amp_enabled":true,"_links":{"self":[{"href":"https:\/\/www.suno.com.br\/noticias\/wp-json\/wp\/v2\/suno_column\/453105"}],"collection":[{"href":"https:\/\/www.suno.com.br\/noticias\/wp-json\/wp\/v2\/suno_column"}],"about":[{"href":"https:\/\/www.suno.com.br\/noticias\/wp-json\/wp\/v2\/types\/suno_column"}],"author":[{"embeddable":true,"href":"https:\/\/www.suno.com.br\/noticias\/wp-json\/wp\/v2\/users\/171"}],"wp:featuredmedia":[{"embeddable":true,"href":"https:\/\/www.suno.com.br\/noticias\/wp-json\/wp\/v2\/media\/453107"}],"wp:attachment":[{"href":"https:\/\/www.suno.com.br\/noticias\/wp-json\/wp\/v2\/media?parent=453105"}],"wp:term":[{"taxonomy":"post_tag","embeddable":true,"href":"https:\/\/www.suno.com.br\/noticias\/wp-json\/wp\/v2\/tags?post=453105"}],"curies":[{"name":"wp","href":"https:\/\/api.w.org\/{rel}","templated":true}]}}