{"id":449000,"date":"2023-08-29T21:16:33","date_gmt":"2023-08-30T00:16:33","guid":{"rendered":"https:\/\/www.suno.com.br\/noticias\/colunas\/marco-lopes\/\/"},"modified":"2023-08-29T21:18:52","modified_gmt":"2023-08-30T00:18:52","slug":"impactos-esg-supply-chain","status":"publish","type":"suno_column","link":"https:\/\/www.suno.com.br\/noticias\/colunas\/carolina-cabral\/impactos-esg-supply-chain\/","title":{"rendered":"Impactos do ESG nas pr\u00e1ticas de Supply Chain"},"content":{"rendered":"<p>N\u00e3o \u00e9 de hoje que a sustentabilidade ocupa as agendas dos tomadores de decis\u00e3o nas grandes empresas. Segundo um levantamento divulgado pela Confedera\u00e7\u00e3o Nacional da Ind\u00fastria (CNI), seis em cada dez companhias t\u00eam uma \u00e1rea ou departamento dedicado ao tema; o n\u00famero quase dobrou em rela\u00e7\u00e3o a 2021, quando 34% das ind\u00fastrias no pa\u00eds afirmaram ter essa preocupa\u00e7\u00e3o.<\/p>\t<div class=\"wrapper-featured-image\">\n\t\t<figure class=\"spotlightImg\">\n\n\t\t\t<picture>\n\t\t\t\t<source media=\"(max-width: 768px)\" srcset=\"https:\/\/files.sunoresearch.com.br\/n\/uploads\/2022\/08\/investimentos-esg-400x200.jpg\">\n\t\t\t\t<img loading=\"lazy\" decoding=\"async\" class=\"newsContent__article__imgCapa lazyloadDisabled \" src=\"https:\/\/files.sunoresearch.com.br\/n\/uploads\/2022\/08\/investimentos-esg-800x450.jpg\" width=\"800\" height=\"450\" alt=\"Impactos do ESG nas pr\u00e1ticas de Supply Chain\" fetchpriority=high \/>\n\t\t\t<\/picture>\n\n\t\t\t<figcaption class=\"wp-caption-text wp-caption-text--show\">Agenda ESG  - Fonte: Pixabay<\/figcaption>\n\t\t<\/figure>\n\t<\/div>\n\n\n\n\n\n\t<p>\n\t\t<a href=\"\" target=\"_blank\" data-element=\"shortcode-suno-banner\" title=\"Banner SUNO, clique e saiba mais\">\n\t\t\t<picture>\n\t\t\t\t<source media=\"(max-width: 500px)\" srcset=\"\">\n\t\t\t\t<img class=\"newsContent__article__imgCapa newsContent__article__imgCapa--banner\"\n\t\t\t\t\tsrc=\"\"\n\t\t\t\t\tdata-promo-id=\"240038\"\t\t\t\t\t\t\t\t\t\t\t\t\t\t\talt=\"\"\n\t\t\t\t>\n\t\t\t<\/picture>\n\t\t<\/a>\n\t<\/p>\n\n\n\n\n\n\n\n<p>Esse cen\u00e1rio leva a mudan\u00e7as importantes na forma como a cadeia de suprimentos \u00e9 gerenciada e operada no pa\u00eds. Desde que a <strong>onda ESG<\/strong> inundou o universo corporativo, busca-se o equil\u00edbrio entre a atua\u00e7\u00e3o das empresas, o meio ambiente, a sociedade e as comunidades &#8211; motivados pelas novas necessidades e pelo anseio dos consumidores contempor\u00e2neos.<\/p>\n\n\n\n<p>Ao buscar efici\u00eancia operacional, as empresas reduzem custos, diminuem desperd\u00edcios e melhoram sua produtividade. Elas est\u00e3o conscientes da necessidade de reduzir seus <strong>impactos ambientais<\/strong>, como a emiss\u00e3o de gases estufa, al\u00e9m do consumo excessivo de \u00e1gua e gera\u00e7\u00e3o de res\u00edduos.<\/p>\n\n\n\n<p>Outro ponto que est\u00e1 totalmente relacionado \u00e0 <strong>Sustentabilidade<\/strong> \u00e9 a responsabilidade social. A garantia de boas condi\u00e7\u00f5es de trabalho, o respeito aos direitos humanos, a igualdade de g\u00eanero e a inclus\u00e3o dos grupos minorit\u00e1rios s\u00e3o mandat\u00f3rias, tal qual o ar que se respira no ambiente de trabalho.<\/p>\n\n\n\n<p>Para se ter uma ideia da import\u00e2ncia desses pontos, um estudo chamado \u201cPanorama das Estrat\u00e9gias de Diversidade no Brasil 2022 e tend\u00eancias para 2023\u201d, feito pela startup Blend Edu, mostrou que 81% t\u00eam um or\u00e7amento dedicado apenas a a\u00e7\u00f5es de diversidade e inclus\u00e3o. Ao todo, foram ouvidas 117 empresas brasileiras.<\/p>\n\n\n\t<p>\n\t\t<a href=\"https:\/\/lp.suno.com.br\/ebook-gratuito-investindo-no-exterior\/\" target=\"_blank\" data-element=\"shortcode-suno-banner\" title=\"Banner SUNO, clique e saiba mais\">\n\t\t\t<picture>\n\t\t\t\t<source media=\"(max-width: 500px)\" srcset=\"https:\/\/files.sunoresearch.com.br\/n\/uploads\/2023\/03\/400x300-Investindo-no-exterior.png\">\n\t\t\t\t<img class=\"newsContent__article__imgCapa newsContent__article__imgCapa--banner\"\n\t\t\t\t\tsrc=\"https:\/\/files.sunoresearch.com.br\/n\/uploads\/2023\/03\/1420x240-Investindo-no-exterior.png\"\n\t\t\t\t\tdata-promo-id=\"383161\"\t\t\t\t\t\t\t\t\t\twidth='1420' height='240'\t\t\t\t\talt=\"https:\/\/files.sunoresearch.com.br\/n\/uploads\/2023\/03\/1420x240-Investindo-no-exterior.png\"\n\t\t\t\t>\n\t\t\t<\/picture>\n\t\t<\/a>\n\t<\/p>\n\n\n\n\n\n<p>Sabemos que a conscientiza\u00e7\u00e3o ocorre aos poucos, mas ela n\u00e3o para de avan\u00e7ar. Geralmente, ela chega por consequ\u00eancia da responsabilidade corporativa nas exig\u00eancias regulat\u00f3rias, na busca constante da inova\u00e7\u00e3o e diferencia\u00e7\u00e3o competitiva. Sem falar, \u00e9 claro, na prote\u00e7\u00e3o da <strong>imagem da marca<\/strong> e na press\u00e3o dos consumidores. \u00c0 medida que as empresas reconhecem a import\u00e2ncia de agir de forma sustent\u00e1vel para proteger o meio ambiente e atender as expectativas de seu p\u00fablico comprador, cumprir regulamenta\u00e7\u00f5es e obter vantagens competitivas, \u00e9 poss\u00edvel impulsionar grandes mudan\u00e7as.<\/p>\n\n\n\n<p>No meu ponto de vista, os consumidores est\u00e3o no centro de tudo isso. S\u00e3o eles que buscam produtos e servi\u00e7os produzidos de forma sustent\u00e1vel; eles querem sentir que est\u00e3o no comando para fazer a diferen\u00e7a em tornar o mundo um lugar melhor. Isso faz com que as empresas priorizem o tema e tracem suas estrat\u00e9gias com a mentalidade mais aberta e voltada para o ESG.<\/p>\n\n\n\n<p>Sem d\u00favida, o fator \u201cconsumidor\u201d, atrelado \u00e0 conformidade com as regulamenta\u00e7\u00f5es, \u00e0 confian\u00e7a da marca e ao acesso a investimentos, incentiva as empresas a melhorarem suas pr\u00e1ticas sociais e promoverem uma cadeia de suprimentos mais justa e inclusiva, impactando diretamente nas quest\u00f5es sociais.<\/p>\n\n\n\n<p>Outro ponto, como j\u00e1 era de se esperar, \u00e9 a ado\u00e7\u00e3o de tecnologias como IoT, IA e automa\u00e7\u00e3o. A digitaliza\u00e7\u00e3o d\u00e1 suporte a tarefas manuais, diminuindo o consumo de recursos naturais e minimizando o ritmo de desenvolvimento das organiza\u00e7\u00f5es. Por meio delas, as empresas v\u00e3o atingir maior efici\u00eancia, visibilidade da cadeia de suprimentos e ainda ter\u00e3o tomadas de decis\u00f5es mais assertivas.<\/p>\n\n\n\n<p>No futuro, acredito que a cadeia de suprimentos no Brasil ser\u00e1 moldada por sustentabilidade, adapta\u00e7\u00e3o (j\u00e1 que o cen\u00e1rio global est\u00e1 em constante mudan\u00e7a) e claro, tecnologia. Ela \u00e9 e continuar\u00e1 sendo a base para que a cadeia de suprimentos seja cada vez mais sustent\u00e1vel.<\/p>\n\n\n\t<p>\n\t\t<a href=\"https:\/\/lp.suno.com.br\/planilha-da-vida-financeira\/\" target=\"_blank\" data-element=\"shortcode-suno-banner\" title=\"Banner SUNO, clique e saiba mais\">\n\t\t\t<picture>\n\t\t\t\t<source media=\"(max-width: 500px)\" srcset=\"https:\/\/files.sunoresearch.com.br\/n\/uploads\/2023\/04\/400x300-Planilha-vida-financeira-true.png\">\n\t\t\t\t<img class=\"newsContent__article__imgCapa newsContent__article__imgCapa--banner\"\n\t\t\t\t\tsrc=\"https:\/\/files.sunoresearch.com.br\/n\/uploads\/2023\/04\/1420x240-Planilha-vida-financeira-true.png\"\n\t\t\t\t\tdata-promo-id=\"383123\"\t\t\t\t\t\t\t\t\t\twidth='1420' height='240'\t\t\t\t\talt=\"https:\/\/files.sunoresearch.com.br\/n\/uploads\/2023\/04\/1420x240-Planilha-vida-financeira-true.png\"\n\t\t\t\t>\n\t\t\t<\/picture>\n\t\t<\/a>\n\t<\/p>\n\n\n","protected":false},"excerpt":{"rendered":"<p>N\u00e3o \u00e9 de hoje que a sustentabilidade ocupa as agendas dos tomadores de decis\u00e3o nas grandes empresas. Segundo um levantamento divulgado pela Confedera\u00e7\u00e3o Nacional da In&#8230;<\/p>\n","protected":false},"author":242,"featured_media":280343,"template":"","tags":[],"class_list":["post-449000","suno_column","type-suno_column","status-publish","has-post-thumbnail","hentry"],"yoast_head":"<!-- This site is optimized with the Yoast SEO plugin v24.4 - https:\/\/yoast.com\/wordpress\/plugins\/seo\/ -->\n<title>Impactos do ESG nas pr\u00e1ticas de Supply Chain<\/title>\n<meta name=\"description\" content=\"Ao buscar efici\u00eancia operacional, as empresas reduzem custos, diminuem desperd\u00edcios e melhoram sua produtividade\" \/>\n<meta name=\"robots\" content=\"index, follow, max-snippet:-1, max-image-preview:large, max-video-preview:-1\" \/>\n<link rel=\"canonical\" href=\"https:\/\/www.suno.com.br\/noticias\/colunas\/carolina-cabral\/impactos-esg-supply-chain\/\" \/>\n<meta property=\"og:locale\" content=\"pt_BR\" \/>\n<meta property=\"og:type\" content=\"article\" \/>\n<meta property=\"og:title\" content=\"Impactos do ESG nas pr\u00e1ticas de Supply Chain\" \/>\n<meta property=\"og:description\" content=\"Ao buscar efici\u00eancia operacional, as empresas reduzem custos, diminuem desperd\u00edcios e melhoram sua produtividade\" \/>\n<meta property=\"og:url\" content=\"https:\/\/www.suno.com.br\/noticias\/colunas\/carolina-cabral\/impactos-esg-supply-chain\/\" \/>\n<meta property=\"og:site_name\" content=\"Suno Not\u00edcias\" \/>\n<meta property=\"article:publisher\" content=\"https:\/\/facebook.com\/sunoresearch\" \/>\n<meta property=\"og:image\" content=\"https:\/\/files.sunoresearch.com.br\/n\/uploads\/2022\/08\/investimentos-esg.jpg\" \/>\n\t<meta property=\"og:image:width\" content=\"1280\" \/>\n\t<meta property=\"og:image:height\" content=\"960\" \/>\n\t<meta property=\"og:image:type\" content=\"image\/jpeg\" \/>\n<meta name=\"twitter:card\" content=\"summary_large_image\" \/>\n<meta name=\"twitter:site\" content=\"@sunoresearch\" \/>\n<meta name=\"twitter:label1\" content=\"Est. tempo de leitura\" \/>\n\t<meta name=\"twitter:data1\" content=\"4 minutos\" \/>\n<script type=\"application\/ld+json\" class=\"yoast-schema-graph\">{\"@context\":\"https:\/\/schema.org\",\"@graph\":[{\"@type\":\"Article\",\"@id\":\"https:\/\/www.suno.com.br\/noticias\/colunas\/carolina-cabral\/impactos-esg-supply-chain\/#article\",\"isPartOf\":{\"@id\":\"https:\/\/www.suno.com.br\/noticias\/colunas\/carolina-cabral\/impactos-esg-supply-chain\/\"},\"author\":{\"name\":\"Carolina Cabral\",\"@id\":\"https:\/\/www.suno.com.br\/noticias\/#\/schema\/person\/6c0830dbeb7a0a2190d3fc459290e6bd\"},\"headline\":\"Impactos do ESG nas pr\u00e1ticas de Supply Chain\",\"datePublished\":\"2023-08-30T00:16:33+00:00\",\"dateModified\":\"2023-08-30T00:18:52+00:00\",\"mainEntityOfPage\":{\"@id\":\"https:\/\/www.suno.com.br\/noticias\/colunas\/carolina-cabral\/impactos-esg-supply-chain\/\"},\"wordCount\":625,\"publisher\":{\"@id\":\"https:\/\/www.suno.com.br\/noticias\/#organization\"},\"image\":{\"@id\":\"https:\/\/www.suno.com.br\/noticias\/colunas\/carolina-cabral\/impactos-esg-supply-chain\/#primaryimage\"},\"thumbnailUrl\":\"https:\/\/files.sunoresearch.com.br\/n\/uploads\/2022\/08\/investimentos-esg.jpg\",\"inLanguage\":\"pt-BR\"},{\"@type\":\"WebPage\",\"@id\":\"https:\/\/www.suno.com.br\/noticias\/colunas\/carolina-cabral\/impactos-esg-supply-chain\/\",\"url\":\"https:\/\/www.suno.com.br\/noticias\/colunas\/carolina-cabral\/impactos-esg-supply-chain\/\",\"name\":\"Impactos do ESG nas pr\u00e1ticas de Supply Chain\",\"isPartOf\":{\"@id\":\"https:\/\/www.suno.com.br\/noticias\/#website\"},\"primaryImageOfPage\":{\"@id\":\"https:\/\/www.suno.com.br\/noticias\/colunas\/carolina-cabral\/impactos-esg-supply-chain\/#primaryimage\"},\"image\":{\"@id\":\"https:\/\/www.suno.com.br\/noticias\/colunas\/carolina-cabral\/impactos-esg-supply-chain\/#primaryimage\"},\"thumbnailUrl\":\"https:\/\/files.sunoresearch.com.br\/n\/uploads\/2022\/08\/investimentos-esg.jpg\",\"datePublished\":\"2023-08-30T00:16:33+00:00\",\"dateModified\":\"2023-08-30T00:18:52+00:00\",\"description\":\"Ao buscar efici\u00eancia operacional, as empresas reduzem custos, diminuem desperd\u00edcios e melhoram sua produtividade\",\"breadcrumb\":{\"@id\":\"https:\/\/www.suno.com.br\/noticias\/colunas\/carolina-cabral\/impactos-esg-supply-chain\/#breadcrumb\"},\"inLanguage\":\"pt-BR\",\"potentialAction\":[{\"@type\":\"ReadAction\",\"target\":[\"https:\/\/www.suno.com.br\/noticias\/colunas\/carolina-cabral\/impactos-esg-supply-chain\/\"]}]},{\"@type\":\"ImageObject\",\"inLanguage\":\"pt-BR\",\"@id\":\"https:\/\/www.suno.com.br\/noticias\/colunas\/carolina-cabral\/impactos-esg-supply-chain\/#primaryimage\",\"url\":\"https:\/\/files.sunoresearch.com.br\/n\/uploads\/2022\/08\/investimentos-esg.jpg\",\"contentUrl\":\"https:\/\/files.sunoresearch.com.br\/n\/uploads\/2022\/08\/investimentos-esg.jpg\",\"width\":1280,\"height\":960,\"caption\":\"Agenda ESG - Fonte: Pixabay\"},{\"@type\":\"BreadcrumbList\",\"@id\":\"https:\/\/www.suno.com.br\/noticias\/colunas\/carolina-cabral\/impactos-esg-supply-chain\/#breadcrumb\",\"itemListElement\":[{\"@type\":\"ListItem\",\"position\":1,\"name\":\"Not\u00edcias\",\"item\":\"https:\/\/www.suno.com.br\/noticias\/\"},{\"@type\":\"ListItem\",\"position\":2,\"name\":\"Colunas\",\"item\":\"https:\/\/www.suno.com.br\/noticias\/colunas\/\"},{\"@type\":\"ListItem\",\"position\":3,\"name\":\"Impactos do ESG nas pr\u00e1ticas de Supply Chain\"}]},{\"@type\":\"WebSite\",\"@id\":\"https:\/\/www.suno.com.br\/noticias\/#website\",\"url\":\"https:\/\/www.suno.com.br\/noticias\/\",\"name\":\"Suno Not\u00edcias\",\"description\":\"Seu portal de informa\u00e7\u00e3o sobre o mundo dos investimentos\",\"publisher\":{\"@id\":\"https:\/\/www.suno.com.br\/noticias\/#organization\"},\"potentialAction\":[{\"@type\":\"SearchAction\",\"target\":{\"@type\":\"EntryPoint\",\"urlTemplate\":\"https:\/\/www.suno.com.br\/noticias\/?s={search_term_string}\"},\"query-input\":{\"@type\":\"PropertyValueSpecification\",\"valueRequired\":true,\"valueName\":\"search_term_string\"}}],\"inLanguage\":\"pt-BR\"},{\"@type\":\"Organization\",\"@id\":\"https:\/\/www.suno.com.br\/noticias\/#organization\",\"name\":\"Suno Not\u00edcias\",\"url\":\"https:\/\/www.suno.com.br\/noticias\/\",\"logo\":{\"@type\":\"ImageObject\",\"inLanguage\":\"pt-BR\",\"@id\":\"https:\/\/www.suno.com.br\/noticias\/#\/schema\/logo\/image\/\",\"url\":\"https:\/\/files.sunoresearch.com.br\/n\/uploads\/2021\/09\/suno-logo.png\",\"contentUrl\":\"https:\/\/files.sunoresearch.com.br\/n\/uploads\/2021\/09\/suno-logo.png\",\"width\":180,\"height\":180,\"caption\":\"Suno Not\u00edcias\"},\"image\":{\"@id\":\"https:\/\/www.suno.com.br\/noticias\/#\/schema\/logo\/image\/\"},\"sameAs\":[\"https:\/\/facebook.com\/sunoresearch\",\"https:\/\/x.com\/sunoresearch\",\"https:\/\/www.instagram.com\/suno\",\"https:\/\/www.linkedin.com\/company\/suno-research\/\",\"https:\/\/www.youtube.com\/c\/sunoresearch\"]},{\"@type\":\"Person\",\"@id\":\"https:\/\/www.suno.com.br\/noticias\/#\/schema\/person\/6c0830dbeb7a0a2190d3fc459290e6bd\",\"name\":\"Carolina Cabral\",\"image\":{\"@type\":\"ImageObject\",\"inLanguage\":\"pt-BR\",\"@id\":\"https:\/\/www.suno.com.br\/noticias\/#\/schema\/person\/image\/\",\"url\":\"https:\/\/secure.gravatar.com\/avatar\/dbec7100998f8a32e834ab3a98b2d608?s=96&r=g\",\"contentUrl\":\"https:\/\/secure.gravatar.com\/avatar\/dbec7100998f8a32e834ab3a98b2d608?s=96&r=g\",\"caption\":\"Carolina Cabral\"},\"description\":\"Carolina Cabral \u00e9 m\u00e3e do Gustavo e esposa da Patricia. Nascida em Joinville (SC), formada em Administra\u00e7\u00e3o. Ingressou na Nimbi em 2006 como estagi\u00e1ria no escrit\u00f3rio localizado na Cidade de Joinville (SC), a CEO tinha apenas 19 anos. Ela passou por grandes projetos nas Cidades de Curitiba (PR), Londrina (PR), Rio de Janeiro (RJ) e S\u00e3o Paulo (SP) em \u00e1reas como BPO, Central de Compras, Leil\u00e3o, Consultoria de Compras, Log\u00edstica, Implanta\u00e7\u00e3o, Relacionamento com o Cliente, Comercial e Marketing. Ap\u00f3s 15 anos chegou a posi\u00e7\u00e3o de CEO da companhia repleta de desafios. A Nimbi \u00e9 uma empresa de Tecnologia, que tem como objetivo impulsionar a economia por meio da democratiza\u00e7\u00e3o do acesso a solu\u00e7\u00f5es tecnol\u00f3gicas para Procurement, trazendo mais efici\u00eancia e competitividade para empresas de todos os tamanhos. Atualmente, a empresa conta com 100 colaboradores e o clima de oportunidade e diversidade \u00e9 um dos diferenciais da companhia para manter o seu crescimento\",\"sameAs\":[\"https:\/\/nimbi.com.br\/\",\"https:\/\/www.linkedin.com\/in\/carolina-cabral-b7603938\/\"],\"url\":\"https:\/\/www.suno.com.br\/noticias\/author\/carolina-cabral\/\"}]}<\/script>\n<!-- \/ Yoast SEO plugin. -->","yoast_head_json":{"title":"Impactos do ESG nas pr\u00e1ticas de Supply Chain","description":"Ao buscar efici\u00eancia operacional, as empresas reduzem custos, diminuem desperd\u00edcios e melhoram sua produtividade","robots":{"index":"index","follow":"follow","max-snippet":"max-snippet:-1","max-image-preview":"max-image-preview:large","max-video-preview":"max-video-preview:-1"},"canonical":"https:\/\/www.suno.com.br\/noticias\/colunas\/carolina-cabral\/impactos-esg-supply-chain\/","og_locale":"pt_BR","og_type":"article","og_title":"Impactos do ESG nas pr\u00e1ticas de Supply Chain","og_description":"Ao buscar efici\u00eancia operacional, as empresas reduzem custos, diminuem desperd\u00edcios e melhoram sua produtividade","og_url":"https:\/\/www.suno.com.br\/noticias\/colunas\/carolina-cabral\/impactos-esg-supply-chain\/","og_site_name":"Suno Not\u00edcias","article_publisher":"https:\/\/facebook.com\/sunoresearch","og_image":[{"width":1280,"height":960,"url":"https:\/\/files.sunoresearch.com.br\/n\/uploads\/2022\/08\/investimentos-esg.jpg","type":"image\/jpeg"}],"twitter_card":"summary_large_image","twitter_site":"@sunoresearch","twitter_misc":{"Est. tempo de leitura":"4 minutos"},"schema":{"@context":"https:\/\/schema.org","@graph":[{"@type":"Article","@id":"https:\/\/www.suno.com.br\/noticias\/colunas\/carolina-cabral\/impactos-esg-supply-chain\/#article","isPartOf":{"@id":"https:\/\/www.suno.com.br\/noticias\/colunas\/carolina-cabral\/impactos-esg-supply-chain\/"},"author":{"name":"Carolina Cabral","@id":"https:\/\/www.suno.com.br\/noticias\/#\/schema\/person\/6c0830dbeb7a0a2190d3fc459290e6bd"},"headline":"Impactos do ESG nas pr\u00e1ticas de Supply Chain","datePublished":"2023-08-30T00:16:33+00:00","dateModified":"2023-08-30T00:18:52+00:00","mainEntityOfPage":{"@id":"https:\/\/www.suno.com.br\/noticias\/colunas\/carolina-cabral\/impactos-esg-supply-chain\/"},"wordCount":625,"publisher":{"@id":"https:\/\/www.suno.com.br\/noticias\/#organization"},"image":{"@id":"https:\/\/www.suno.com.br\/noticias\/colunas\/carolina-cabral\/impactos-esg-supply-chain\/#primaryimage"},"thumbnailUrl":"https:\/\/files.sunoresearch.com.br\/n\/uploads\/2022\/08\/investimentos-esg.jpg","inLanguage":"pt-BR"},{"@type":"WebPage","@id":"https:\/\/www.suno.com.br\/noticias\/colunas\/carolina-cabral\/impactos-esg-supply-chain\/","url":"https:\/\/www.suno.com.br\/noticias\/colunas\/carolina-cabral\/impactos-esg-supply-chain\/","name":"Impactos do ESG nas pr\u00e1ticas de Supply Chain","isPartOf":{"@id":"https:\/\/www.suno.com.br\/noticias\/#website"},"primaryImageOfPage":{"@id":"https:\/\/www.suno.com.br\/noticias\/colunas\/carolina-cabral\/impactos-esg-supply-chain\/#primaryimage"},"image":{"@id":"https:\/\/www.suno.com.br\/noticias\/colunas\/carolina-cabral\/impactos-esg-supply-chain\/#primaryimage"},"thumbnailUrl":"https:\/\/files.sunoresearch.com.br\/n\/uploads\/2022\/08\/investimentos-esg.jpg","datePublished":"2023-08-30T00:16:33+00:00","dateModified":"2023-08-30T00:18:52+00:00","description":"Ao buscar efici\u00eancia operacional, as empresas reduzem custos, diminuem desperd\u00edcios e melhoram sua produtividade","breadcrumb":{"@id":"https:\/\/www.suno.com.br\/noticias\/colunas\/carolina-cabral\/impactos-esg-supply-chain\/#breadcrumb"},"inLanguage":"pt-BR","potentialAction":[{"@type":"ReadAction","target":["https:\/\/www.suno.com.br\/noticias\/colunas\/carolina-cabral\/impactos-esg-supply-chain\/"]}]},{"@type":"ImageObject","inLanguage":"pt-BR","@id":"https:\/\/www.suno.com.br\/noticias\/colunas\/carolina-cabral\/impactos-esg-supply-chain\/#primaryimage","url":"https:\/\/files.sunoresearch.com.br\/n\/uploads\/2022\/08\/investimentos-esg.jpg","contentUrl":"https:\/\/files.sunoresearch.com.br\/n\/uploads\/2022\/08\/investimentos-esg.jpg","width":1280,"height":960,"caption":"Agenda ESG - Fonte: Pixabay"},{"@type":"BreadcrumbList","@id":"https:\/\/www.suno.com.br\/noticias\/colunas\/carolina-cabral\/impactos-esg-supply-chain\/#breadcrumb","itemListElement":[{"@type":"ListItem","position":1,"name":"Not\u00edcias","item":"https:\/\/www.suno.com.br\/noticias\/"},{"@type":"ListItem","position":2,"name":"Colunas","item":"https:\/\/www.suno.com.br\/noticias\/colunas\/"},{"@type":"ListItem","position":3,"name":"Impactos do ESG nas pr\u00e1ticas de Supply Chain"}]},{"@type":"WebSite","@id":"https:\/\/www.suno.com.br\/noticias\/#website","url":"https:\/\/www.suno.com.br\/noticias\/","name":"Suno Not\u00edcias","description":"Seu portal de informa\u00e7\u00e3o sobre o mundo dos investimentos","publisher":{"@id":"https:\/\/www.suno.com.br\/noticias\/#organization"},"potentialAction":[{"@type":"SearchAction","target":{"@type":"EntryPoint","urlTemplate":"https:\/\/www.suno.com.br\/noticias\/?s={search_term_string}"},"query-input":{"@type":"PropertyValueSpecification","valueRequired":true,"valueName":"search_term_string"}}],"inLanguage":"pt-BR"},{"@type":"Organization","@id":"https:\/\/www.suno.com.br\/noticias\/#organization","name":"Suno Not\u00edcias","url":"https:\/\/www.suno.com.br\/noticias\/","logo":{"@type":"ImageObject","inLanguage":"pt-BR","@id":"https:\/\/www.suno.com.br\/noticias\/#\/schema\/logo\/image\/","url":"https:\/\/files.sunoresearch.com.br\/n\/uploads\/2021\/09\/suno-logo.png","contentUrl":"https:\/\/files.sunoresearch.com.br\/n\/uploads\/2021\/09\/suno-logo.png","width":180,"height":180,"caption":"Suno Not\u00edcias"},"image":{"@id":"https:\/\/www.suno.com.br\/noticias\/#\/schema\/logo\/image\/"},"sameAs":["https:\/\/facebook.com\/sunoresearch","https:\/\/x.com\/sunoresearch","https:\/\/www.instagram.com\/suno","https:\/\/www.linkedin.com\/company\/suno-research\/","https:\/\/www.youtube.com\/c\/sunoresearch"]},{"@type":"Person","@id":"https:\/\/www.suno.com.br\/noticias\/#\/schema\/person\/6c0830dbeb7a0a2190d3fc459290e6bd","name":"Carolina Cabral","image":{"@type":"ImageObject","inLanguage":"pt-BR","@id":"https:\/\/www.suno.com.br\/noticias\/#\/schema\/person\/image\/","url":"https:\/\/secure.gravatar.com\/avatar\/dbec7100998f8a32e834ab3a98b2d608?s=96&r=g","contentUrl":"https:\/\/secure.gravatar.com\/avatar\/dbec7100998f8a32e834ab3a98b2d608?s=96&r=g","caption":"Carolina Cabral"},"description":"Carolina Cabral \u00e9 m\u00e3e do Gustavo e esposa da Patricia. Nascida em Joinville (SC), formada em Administra\u00e7\u00e3o. Ingressou na Nimbi em 2006 como estagi\u00e1ria no escrit\u00f3rio localizado na Cidade de Joinville (SC), a CEO tinha apenas 19 anos. Ela passou por grandes projetos nas Cidades de Curitiba (PR), Londrina (PR), Rio de Janeiro (RJ) e S\u00e3o Paulo (SP) em \u00e1reas como BPO, Central de Compras, Leil\u00e3o, Consultoria de Compras, Log\u00edstica, Implanta\u00e7\u00e3o, Relacionamento com o Cliente, Comercial e Marketing. Ap\u00f3s 15 anos chegou a posi\u00e7\u00e3o de CEO da companhia repleta de desafios. A Nimbi \u00e9 uma empresa de Tecnologia, que tem como objetivo impulsionar a economia por meio da democratiza\u00e7\u00e3o do acesso a solu\u00e7\u00f5es tecnol\u00f3gicas para Procurement, trazendo mais efici\u00eancia e competitividade para empresas de todos os tamanhos. Atualmente, a empresa conta com 100 colaboradores e o clima de oportunidade e diversidade \u00e9 um dos diferenciais da companhia para manter o seu crescimento","sameAs":["https:\/\/nimbi.com.br\/","https:\/\/www.linkedin.com\/in\/carolina-cabral-b7603938\/"],"url":"https:\/\/www.suno.com.br\/noticias\/author\/carolina-cabral\/"}]}},"amp_enabled":true,"_links":{"self":[{"href":"https:\/\/www.suno.com.br\/noticias\/wp-json\/wp\/v2\/suno_column\/449000"}],"collection":[{"href":"https:\/\/www.suno.com.br\/noticias\/wp-json\/wp\/v2\/suno_column"}],"about":[{"href":"https:\/\/www.suno.com.br\/noticias\/wp-json\/wp\/v2\/types\/suno_column"}],"author":[{"embeddable":true,"href":"https:\/\/www.suno.com.br\/noticias\/wp-json\/wp\/v2\/users\/242"}],"wp:featuredmedia":[{"embeddable":true,"href":"https:\/\/www.suno.com.br\/noticias\/wp-json\/wp\/v2\/media\/280343"}],"wp:attachment":[{"href":"https:\/\/www.suno.com.br\/noticias\/wp-json\/wp\/v2\/media?parent=449000"}],"wp:term":[{"taxonomy":"post_tag","embeddable":true,"href":"https:\/\/www.suno.com.br\/noticias\/wp-json\/wp\/v2\/tags?post=449000"}],"curies":[{"name":"wp","href":"https:\/\/api.w.org\/{rel}","templated":true}]}}