{"id":447669,"date":"2023-08-28T08:00:00","date_gmt":"2023-08-28T11:00:00","guid":{"rendered":"https:\/\/www.suno.com.br\/noticias\/colunas\/marco-lopes\/\/"},"modified":"2023-08-26T00:13:38","modified_gmt":"2023-08-26T03:13:38","slug":"menos-ipos-caminho-participar-mercado-privado","status":"publish","type":"suno_column","link":"https:\/\/www.suno.com.br\/noticias\/colunas\/nasser\/menos-ipos-caminho-participar-mercado-privado\/","title":{"rendered":"Com menos IPOs, o caminho \u00e9 participar do mercado privado"},"content":{"rendered":"<p>O ano passado foi o primeiro sem uma oferta p\u00fablica de a\u00e7\u00f5es na bolsa &#8211; o IPO &#8211; desde 1998. A seca de <strong>IPOs<\/strong>, que j\u00e1 leva dois anos, \u00e9 consequ\u00eancia clara do momento econ\u00f4mico que estamos atravessando, mas que parece estar chegando ao fim, com o in\u00edcio do ciclo de cortes de juros e avan\u00e7os em pautas econ\u00f4micas e pol\u00edticas que levaram a <a href=\"https:\/\/www.suno.com.br\/noticias\/fitch-eleva-rating-soberado-brasil-bb-gpj\/\">Fitch<\/a> a elevar o rating do pa\u00eds.<\/p>\t<div class=\"wrapper-featured-image\">\n\t\t<figure class=\"spotlightImg\">\n\n\t\t\t<picture>\n\t\t\t\t<source media=\"(max-width: 768px)\" srcset=\"https:\/\/files.sunoresearch.com.br\/n\/uploads\/2023\/05\/bolsas-mercados-400x200.jpg\">\n\t\t\t\t<img loading=\"lazy\" decoding=\"async\" class=\"newsContent__article__imgCapa lazyloadDisabled \" src=\"https:\/\/files.sunoresearch.com.br\/n\/uploads\/2023\/05\/bolsas-mercados-800x450.jpg\" width=\"800\" height=\"450\" alt=\"Com menos IPOs, o caminho \u00e9 participar do mercado privado\" fetchpriority=high \/>\n\t\t\t<\/picture>\n\n\t\t\t<figcaption class=\"wp-caption-text wp-caption-text--show\">como diversificar investimentos. Foto: iStock<\/figcaption>\n\t\t<\/figure>\n\t<\/div>\n\n\n\n\n\n\t<p>\n\t\t<a href=\"https:\/\/lp.suno.com.br\/planilha-da-vida-financeira\/\" target=\"_blank\" data-element=\"shortcode-suno-banner\" title=\"Banner SUNO, clique e saiba mais\">\n\t\t\t<picture>\n\t\t\t\t<source media=\"(max-width: 500px)\" srcset=\"https:\/\/files.sunoresearch.com.br\/n\/uploads\/2023\/04\/400x300-Planilha-vida-financeira-true.png\">\n\t\t\t\t<img class=\"newsContent__article__imgCapa newsContent__article__imgCapa--banner\"\n\t\t\t\t\tsrc=\"https:\/\/files.sunoresearch.com.br\/n\/uploads\/2023\/04\/1420x240-Planilha-vida-financeira-true.png\"\n\t\t\t\t\tdata-promo-id=\"106682\"\t\t\t\t\t\t\t\t\t\twidth='1420' height='240'\t\t\t\t\talt=\"https:\/\/files.sunoresearch.com.br\/n\/uploads\/2023\/04\/1420x240-Planilha-vida-financeira-true.png\"\n\t\t\t\t>\n\t\t\t<\/picture>\n\t\t<\/a>\n\t<\/p>\n\n\n\n\n\n\n\n<p>Segundo Gilson Finkelsztain, CEO da B3, poderemos ver o retorno dos IPOs no final do ano ou in\u00edcio de 2024, combinado a uma melhora no cen\u00e1rio macro e maior clareza de rumos de crescimento no pa\u00eds. Para o executivo, IPO n\u00e3o combina com incerteza.<\/p>\n\n\n\n<p>A nova janela de oportunidades que se abrir\u00e1 deve trazer, inicialmente, os IPOs de grande porte, em opera\u00e7\u00f5es de neg\u00f3cios mais consolidados: o <strong>mercado brasileiro<\/strong> comprovou que ainda nos falta maturidade para impulsionarmos a bolsa de valores com empresas menores ou em seus primeiros anos.<\/p>\n\n\n\n<p>Para fins de compara\u00e7\u00e3o, em 1999, o tempo m\u00e9dio que uma empresa levava para abrir o seu capital na bolsa de valores americana era de 4 anos. Era essa a idade da <strong>Apple<\/strong> quando se tornou p\u00fablica em 1980 &#8211; e se voc\u00ea tivesse investido U$ 1.000 na Ma\u00e7\u00e3 h\u00e1 37 anos, voc\u00ea teria U$ 2.2 milh\u00f5es hoje. E a Apple n\u00e3o \u00e9 a \u00fanica empresa que ofereceu retornos estratosf\u00e9ricos a seus investidores da bolsa: at\u00e9 o final da d\u00e9cada de 1990, era poss\u00edvel ao investidor do mercado p\u00fablico capturar grande parte do valor das empresas ap\u00f3s o seu IPO.<\/p>\n\n\n\t<p>\n\t\t<a href=\"https:\/\/lp.suno.com.br\/ebook-como-analisar-uma-acao\/\" target=\"_blank\" data-element=\"shortcode-suno-banner\" title=\"Banner SUNO, clique e saiba mais\">\n\t\t\t<picture>\n\t\t\t\t<source media=\"(max-width: 500px)\" srcset=\"https:\/\/files.sunoresearch.com.br\/n\/uploads\/2023\/03\/Ebook-Acoes-Mobile.jpg\">\n\t\t\t\t<img class=\"newsContent__article__imgCapa newsContent__article__imgCapa--banner\"\n\t\t\t\t\tsrc=\"https:\/\/files.sunoresearch.com.br\/n\/uploads\/2023\/03\/Ebook-Acoes-Desktop.jpg\"\n\t\t\t\t\tdata-promo-id=\"378302\"\t\t\t\t\t\t\t\t\t\twidth='1420' height='286'\t\t\t\t\talt=\"https:\/\/files.sunoresearch.com.br\/n\/uploads\/2023\/03\/Ebook-Acoes-Desktop.jpg\"\n\t\t\t\t>\n\t\t\t<\/picture>\n\t\t<\/a>\n\t<\/p>\n\n\n\n\n\n<p>Mas isso n\u00e3o acontece mais, e se as empresas est\u00e3o levando mais tempo para se tornarem p\u00fablicas, as implica\u00e7\u00f5es s\u00e3o de que grande parte do valor gerado por elas estar\u00e1 no mercado privado.<\/p>\n\n\n\n<figure class=\"wp-block-image size-large\"><img loading=\"lazy\" decoding=\"async\" width=\"1024\" height=\"618\" src=\"https:\/\/files.sunoresearch.com.br\/n\/uploads\/2023\/08\/coluna-camila-nasser-imagem-1-1024x618.jpg\" alt=\"\" class=\"wp-image-447670\" srcset=\"https:\/\/files.sunoresearch.com.br\/n\/uploads\/2023\/08\/coluna-camila-nasser-imagem-1-1024x618.jpg 1024w, https:\/\/files.sunoresearch.com.br\/n\/uploads\/2023\/08\/coluna-camila-nasser-imagem-1-300x181.jpg 300w, https:\/\/files.sunoresearch.com.br\/n\/uploads\/2023\/08\/coluna-camila-nasser-imagem-1-768x463.jpg 768w, https:\/\/files.sunoresearch.com.br\/n\/uploads\/2023\/08\/coluna-camila-nasser-imagem-1-150x91.jpg 150w, https:\/\/files.sunoresearch.com.br\/n\/uploads\/2023\/08\/coluna-camila-nasser-imagem-1.jpg 1291w\" sizes=\"(max-width: 1024px) 100vw, 1024px\" \/><\/figure>\n\n\n\n<p>Consolidou-se ent\u00e3o um vibrante ecossistema de investimentos privados, impulsionado pelo <strong>Venture Capital<\/strong> e <strong>Private Equity<\/strong>. Esses investimentos s\u00e3o, em ess\u00eancia, em neg\u00f3cios mais incertos &#8211; e que dependem menos do humor p\u00fablico. O risco dos investimentos \u00e9 maior, assim como o seu upside de retorno, que historicamente supera os retornos do mercado p\u00fablico.<\/p>\n\n\n\n<p>Nos EUA, onde o <strong>mercado p\u00fablico de capitais<\/strong> \u00e9 bem mais desenvolvido e 60% dos americanos det\u00eam a\u00e7\u00f5es (o maior n\u00edvel desde 2008), os investimentos privados renderam tr\u00eas vezes mais do que a bolsa americana (S&amp;P 500) nos \u00faltimos 20 anos.<\/p>\n\n\n\n<figure class=\"wp-block-image size-large\"><img loading=\"lazy\" decoding=\"async\" width=\"1024\" height=\"744\" src=\"https:\/\/files.sunoresearch.com.br\/n\/uploads\/2023\/08\/coluna-camila-nasser-imagem-2-1024x744.jpg\" alt=\"\" class=\"wp-image-447671\" srcset=\"https:\/\/files.sunoresearch.com.br\/n\/uploads\/2023\/08\/coluna-camila-nasser-imagem-2-1024x744.jpg 1024w, https:\/\/files.sunoresearch.com.br\/n\/uploads\/2023\/08\/coluna-camila-nasser-imagem-2-300x218.jpg 300w, https:\/\/files.sunoresearch.com.br\/n\/uploads\/2023\/08\/coluna-camila-nasser-imagem-2-768x558.jpg 768w, https:\/\/files.sunoresearch.com.br\/n\/uploads\/2023\/08\/coluna-camila-nasser-imagem-2-150x109.jpg 150w, https:\/\/files.sunoresearch.com.br\/n\/uploads\/2023\/08\/coluna-camila-nasser-imagem-2.jpg 1079w\" sizes=\"(max-width: 1024px) 100vw, 1024px\" \/><\/figure>\n\n\n\n<p>Portanto, faz muito sentido para o investidor a constru\u00e7\u00e3o de uma carteira diversificada, com aloca\u00e7\u00e3o em empresas do mercado privado. E para al\u00e9m dos investimentos via fundos institucionais, que demandam aportes altos de investidores qualificados, recentes avan\u00e7os regulat\u00f3rios est\u00e3o facilitando o acesso de investidores do varejo a essa classe de ativos.<\/p>\n\n\n\n<p>A Resolu\u00e7\u00e3o 88 da CVM, que foi publicada h\u00e1 pouco mais de um ano como uma atualiza\u00e7\u00e3o da ent\u00e3o Instru\u00e7\u00e3o CVM 588, permite que empresas com faturamento de at\u00e9 R$ 40 milh\u00f5es acessem o mercado de capitais atrav\u00e9s de plataformas como o Kria, autorizadas a intermediarem ofertas p\u00fablicas de at\u00e9 R$ 15 milh\u00f5es.<\/p>\n\n\n\n<p>O fato \u00e9 que o futuro do mercado de capitais est\u00e1 justamente nas oportunidades de investimentos em ativos como startups, outras PMEs, tokens e at\u00e9 nas recentes SAFs &#8211; Sociedades An\u00f4nimas de Futebol. Ativos historicamente inacess\u00edveis a investidores comuns, e que se tornaram uma possibilidade para o investidor que entende que, para participar dos maiores retornos do mercado, precisa acessar os investimentos que n\u00e3o est\u00e3o (ou ainda n\u00e3o chegaram) na bolsa.<\/p>\n\n\n\t<p>\n\t\t<a href=\"https:\/\/lp.suno.com.br\/planilha-da-vida-financeira\/\" target=\"_blank\" data-element=\"shortcode-suno-banner\" title=\"Banner SUNO, clique e saiba mais\">\n\t\t\t<picture>\n\t\t\t\t<source media=\"(max-width: 500px)\" srcset=\"https:\/\/files.sunoresearch.com.br\/n\/uploads\/2023\/04\/400x300-Planilha-vida-financeira-true.png\">\n\t\t\t\t<img class=\"newsContent__article__imgCapa newsContent__article__imgCapa--banner\"\n\t\t\t\t\tsrc=\"https:\/\/files.sunoresearch.com.br\/n\/uploads\/2023\/04\/1420x240-Planilha-vida-financeira-true.png\"\n\t\t\t\t\tdata-promo-id=\"383123\"\t\t\t\t\t\t\t\t\t\twidth='1420' height='240'\t\t\t\t\talt=\"https:\/\/files.sunoresearch.com.br\/n\/uploads\/2023\/04\/1420x240-Planilha-vida-financeira-true.png\"\n\t\t\t\t>\n\t\t\t<\/picture>\n\t\t<\/a>\n\t<\/p>\n\n\n","protected":false},"excerpt":{"rendered":"<p>O ano passado foi o primeiro sem uma oferta p\u00fablica de a\u00e7\u00f5es na bolsa &#8211; o IPO &#8211; desde 1998. A seca de IPOs, que j\u00e1 leva dois anos, \u00e9 consequ\u00eancia clara do &#8230;<\/p>\n","protected":false},"author":187,"featured_media":406465,"template":"","tags":[319],"class_list":["post-447669","suno_column","type-suno_column","status-publish","has-post-thumbnail","hentry","tag-ipo-oferta-inicial-de-acoes"],"yoast_head":"<!-- This site is optimized with the Yoast SEO plugin v24.4 - https:\/\/yoast.com\/wordpress\/plugins\/seo\/ -->\n<title>Com menos IPOs, o caminho \u00e9 participar do mercado privado<\/title>\n<meta name=\"description\" content=\"Faz muito sentido para o investidor a constru\u00e7\u00e3o de uma carteira diversificada, com aloca\u00e7\u00e3o em empresas do mercado privado\" \/>\n<meta name=\"robots\" content=\"index, follow, max-snippet:-1, max-image-preview:large, max-video-preview:-1\" \/>\n<link rel=\"canonical\" href=\"https:\/\/www.suno.com.br\/noticias\/colunas\/nasser\/menos-ipos-caminho-participar-mercado-privado\/\" \/>\n<meta property=\"og:locale\" content=\"pt_BR\" \/>\n<meta property=\"og:type\" content=\"article\" \/>\n<meta property=\"og:title\" content=\"Com menos IPOs, o caminho \u00e9 participar do mercado privado\" \/>\n<meta property=\"og:description\" content=\"Faz muito sentido para o investidor a constru\u00e7\u00e3o de uma carteira diversificada, com aloca\u00e7\u00e3o em empresas do mercado privado\" \/>\n<meta property=\"og:url\" content=\"https:\/\/www.suno.com.br\/noticias\/colunas\/nasser\/menos-ipos-caminho-participar-mercado-privado\/\" \/>\n<meta property=\"og:site_name\" content=\"Suno Not\u00edcias\" \/>\n<meta property=\"article:publisher\" content=\"https:\/\/facebook.com\/sunoresearch\" \/>\n<meta property=\"og:image\" content=\"http:\/\/files.sunoresearch.com.br\/n\/uploads\/2023\/05\/bolsas-mercados.jpg\" \/>\n\t<meta property=\"og:image:width\" content=\"1200\" \/>\n\t<meta property=\"og:image:height\" content=\"800\" \/>\n\t<meta property=\"og:image:type\" content=\"image\/jpeg\" \/>\n<meta name=\"twitter:card\" content=\"summary_large_image\" \/>\n<meta name=\"twitter:site\" content=\"@sunoresearch\" \/>\n<meta name=\"twitter:label1\" content=\"Est. tempo de leitura\" \/>\n\t<meta name=\"twitter:data1\" content=\"4 minutos\" \/>\n<script type=\"application\/ld+json\" class=\"yoast-schema-graph\">{\"@context\":\"https:\/\/schema.org\",\"@graph\":[{\"@type\":\"Article\",\"@id\":\"https:\/\/www.suno.com.br\/noticias\/colunas\/nasser\/menos-ipos-caminho-participar-mercado-privado\/#article\",\"isPartOf\":{\"@id\":\"https:\/\/www.suno.com.br\/noticias\/colunas\/nasser\/menos-ipos-caminho-participar-mercado-privado\/\"},\"author\":{\"name\":\"Camila Nasser\",\"@id\":\"https:\/\/www.suno.com.br\/noticias\/#\/schema\/person\/b7464d7a054f7f7647caebf9c2d1aafa\"},\"headline\":\"Com menos IPOs, o caminho \u00e9 participar do mercado privado\",\"datePublished\":\"2023-08-28T11:00:00+00:00\",\"mainEntityOfPage\":{\"@id\":\"https:\/\/www.suno.com.br\/noticias\/colunas\/nasser\/menos-ipos-caminho-participar-mercado-privado\/\"},\"wordCount\":620,\"publisher\":{\"@id\":\"https:\/\/www.suno.com.br\/noticias\/#organization\"},\"image\":{\"@id\":\"https:\/\/www.suno.com.br\/noticias\/colunas\/nasser\/menos-ipos-caminho-participar-mercado-privado\/#primaryimage\"},\"thumbnailUrl\":\"https:\/\/files.sunoresearch.com.br\/n\/uploads\/2023\/05\/bolsas-mercados.jpg\",\"keywords\":[\"IPO (Oferta Inicial de A\u00e7\u00f5es)\"],\"inLanguage\":\"pt-BR\"},{\"@type\":\"WebPage\",\"@id\":\"https:\/\/www.suno.com.br\/noticias\/colunas\/nasser\/menos-ipos-caminho-participar-mercado-privado\/\",\"url\":\"https:\/\/www.suno.com.br\/noticias\/colunas\/nasser\/menos-ipos-caminho-participar-mercado-privado\/\",\"name\":\"Com menos IPOs, o caminho \u00e9 participar do mercado privado\",\"isPartOf\":{\"@id\":\"https:\/\/www.suno.com.br\/noticias\/#website\"},\"primaryImageOfPage\":{\"@id\":\"https:\/\/www.suno.com.br\/noticias\/colunas\/nasser\/menos-ipos-caminho-participar-mercado-privado\/#primaryimage\"},\"image\":{\"@id\":\"https:\/\/www.suno.com.br\/noticias\/colunas\/nasser\/menos-ipos-caminho-participar-mercado-privado\/#primaryimage\"},\"thumbnailUrl\":\"https:\/\/files.sunoresearch.com.br\/n\/uploads\/2023\/05\/bolsas-mercados.jpg\",\"datePublished\":\"2023-08-28T11:00:00+00:00\",\"description\":\"Faz muito sentido para o investidor a constru\u00e7\u00e3o de uma carteira diversificada, com aloca\u00e7\u00e3o em empresas do mercado privado\",\"breadcrumb\":{\"@id\":\"https:\/\/www.suno.com.br\/noticias\/colunas\/nasser\/menos-ipos-caminho-participar-mercado-privado\/#breadcrumb\"},\"inLanguage\":\"pt-BR\",\"potentialAction\":[{\"@type\":\"ReadAction\",\"target\":[\"https:\/\/www.suno.com.br\/noticias\/colunas\/nasser\/menos-ipos-caminho-participar-mercado-privado\/\"]}]},{\"@type\":\"ImageObject\",\"inLanguage\":\"pt-BR\",\"@id\":\"https:\/\/www.suno.com.br\/noticias\/colunas\/nasser\/menos-ipos-caminho-participar-mercado-privado\/#primaryimage\",\"url\":\"https:\/\/files.sunoresearch.com.br\/n\/uploads\/2023\/05\/bolsas-mercados.jpg\",\"contentUrl\":\"https:\/\/files.sunoresearch.com.br\/n\/uploads\/2023\/05\/bolsas-mercados.jpg\",\"width\":1200,\"height\":800,\"caption\":\"como diversificar investimentos. Foto: iStock\"},{\"@type\":\"BreadcrumbList\",\"@id\":\"https:\/\/www.suno.com.br\/noticias\/colunas\/nasser\/menos-ipos-caminho-participar-mercado-privado\/#breadcrumb\",\"itemListElement\":[{\"@type\":\"ListItem\",\"position\":1,\"name\":\"Not\u00edcias\",\"item\":\"https:\/\/www.suno.com.br\/noticias\/\"},{\"@type\":\"ListItem\",\"position\":2,\"name\":\"Colunas\",\"item\":\"https:\/\/www.suno.com.br\/noticias\/colunas\/\"},{\"@type\":\"ListItem\",\"position\":3,\"name\":\"Com menos IPOs, o caminho \u00e9 participar do mercado privado\"}]},{\"@type\":\"WebSite\",\"@id\":\"https:\/\/www.suno.com.br\/noticias\/#website\",\"url\":\"https:\/\/www.suno.com.br\/noticias\/\",\"name\":\"Suno Not\u00edcias\",\"description\":\"Seu portal de informa\u00e7\u00e3o sobre o mundo dos investimentos\",\"publisher\":{\"@id\":\"https:\/\/www.suno.com.br\/noticias\/#organization\"},\"potentialAction\":[{\"@type\":\"SearchAction\",\"target\":{\"@type\":\"EntryPoint\",\"urlTemplate\":\"https:\/\/www.suno.com.br\/noticias\/?s={search_term_string}\"},\"query-input\":{\"@type\":\"PropertyValueSpecification\",\"valueRequired\":true,\"valueName\":\"search_term_string\"}}],\"inLanguage\":\"pt-BR\"},{\"@type\":\"Organization\",\"@id\":\"https:\/\/www.suno.com.br\/noticias\/#organization\",\"name\":\"Suno Not\u00edcias\",\"url\":\"https:\/\/www.suno.com.br\/noticias\/\",\"logo\":{\"@type\":\"ImageObject\",\"inLanguage\":\"pt-BR\",\"@id\":\"https:\/\/www.suno.com.br\/noticias\/#\/schema\/logo\/image\/\",\"url\":\"https:\/\/files.sunoresearch.com.br\/n\/uploads\/2021\/09\/suno-logo.png\",\"contentUrl\":\"https:\/\/files.sunoresearch.com.br\/n\/uploads\/2021\/09\/suno-logo.png\",\"width\":180,\"height\":180,\"caption\":\"Suno Not\u00edcias\"},\"image\":{\"@id\":\"https:\/\/www.suno.com.br\/noticias\/#\/schema\/logo\/image\/\"},\"sameAs\":[\"https:\/\/facebook.com\/sunoresearch\",\"https:\/\/x.com\/sunoresearch\",\"https:\/\/www.instagram.com\/suno\",\"https:\/\/www.linkedin.com\/company\/suno-research\/\",\"https:\/\/www.youtube.com\/c\/sunoresearch\"]},{\"@type\":\"Person\",\"@id\":\"https:\/\/www.suno.com.br\/noticias\/#\/schema\/person\/b7464d7a054f7f7647caebf9c2d1aafa\",\"name\":\"Camila Nasser\",\"image\":{\"@type\":\"ImageObject\",\"inLanguage\":\"pt-BR\",\"@id\":\"https:\/\/www.suno.com.br\/noticias\/#\/schema\/person\/image\/\",\"url\":\"https:\/\/secure.gravatar.com\/avatar\/3987696d7c410ff57f72f1ef9c8d4614?s=96&r=g\",\"contentUrl\":\"https:\/\/secure.gravatar.com\/avatar\/3987696d7c410ff57f72f1ef9c8d4614?s=96&r=g\",\"caption\":\"Camila Nasser\"},\"description\":\"\u00c9 cofundadora e CEO do Kria, plataforma de investimentos em startups. A executiva iniciou sua carreira profissional no universo financeiro no Kria, como estagi\u00e1ria, ainda na \u00e9poca de faculdade. Ao longo dos anos, assumiu importantes cargos de lideran\u00e7a, como Head de Marketing e Chefe de Opera\u00e7\u00f5es. E, no final de 2020, foi convidada para se tornar CEO da fintech. Camila \u00e9 graduada em comunica\u00e7\u00e3o pela Escola Superior de Propaganda e Marketing.\",\"sameAs\":[\"https:\/\/www.linkedin.com\/in\/camila-nasser\/\"],\"url\":\"https:\/\/www.suno.com.br\/noticias\/author\/nasser\/\"}]}<\/script>\n<!-- \/ Yoast SEO plugin. -->","yoast_head_json":{"title":"Com menos IPOs, o caminho \u00e9 participar do mercado privado","description":"Faz muito sentido para o investidor a constru\u00e7\u00e3o de uma carteira diversificada, com aloca\u00e7\u00e3o em empresas do mercado privado","robots":{"index":"index","follow":"follow","max-snippet":"max-snippet:-1","max-image-preview":"max-image-preview:large","max-video-preview":"max-video-preview:-1"},"canonical":"https:\/\/www.suno.com.br\/noticias\/colunas\/nasser\/menos-ipos-caminho-participar-mercado-privado\/","og_locale":"pt_BR","og_type":"article","og_title":"Com menos IPOs, o caminho \u00e9 participar do mercado privado","og_description":"Faz muito sentido para o investidor a constru\u00e7\u00e3o de uma carteira diversificada, com aloca\u00e7\u00e3o em empresas do mercado privado","og_url":"https:\/\/www.suno.com.br\/noticias\/colunas\/nasser\/menos-ipos-caminho-participar-mercado-privado\/","og_site_name":"Suno Not\u00edcias","article_publisher":"https:\/\/facebook.com\/sunoresearch","og_image":[{"width":1200,"height":800,"url":"http:\/\/files.sunoresearch.com.br\/n\/uploads\/2023\/05\/bolsas-mercados.jpg","type":"image\/jpeg"}],"twitter_card":"summary_large_image","twitter_site":"@sunoresearch","twitter_misc":{"Est. tempo de leitura":"4 minutos"},"schema":{"@context":"https:\/\/schema.org","@graph":[{"@type":"Article","@id":"https:\/\/www.suno.com.br\/noticias\/colunas\/nasser\/menos-ipos-caminho-participar-mercado-privado\/#article","isPartOf":{"@id":"https:\/\/www.suno.com.br\/noticias\/colunas\/nasser\/menos-ipos-caminho-participar-mercado-privado\/"},"author":{"name":"Camila Nasser","@id":"https:\/\/www.suno.com.br\/noticias\/#\/schema\/person\/b7464d7a054f7f7647caebf9c2d1aafa"},"headline":"Com menos IPOs, o caminho \u00e9 participar do mercado privado","datePublished":"2023-08-28T11:00:00+00:00","mainEntityOfPage":{"@id":"https:\/\/www.suno.com.br\/noticias\/colunas\/nasser\/menos-ipos-caminho-participar-mercado-privado\/"},"wordCount":620,"publisher":{"@id":"https:\/\/www.suno.com.br\/noticias\/#organization"},"image":{"@id":"https:\/\/www.suno.com.br\/noticias\/colunas\/nasser\/menos-ipos-caminho-participar-mercado-privado\/#primaryimage"},"thumbnailUrl":"https:\/\/files.sunoresearch.com.br\/n\/uploads\/2023\/05\/bolsas-mercados.jpg","keywords":["IPO (Oferta Inicial de A\u00e7\u00f5es)"],"inLanguage":"pt-BR"},{"@type":"WebPage","@id":"https:\/\/www.suno.com.br\/noticias\/colunas\/nasser\/menos-ipos-caminho-participar-mercado-privado\/","url":"https:\/\/www.suno.com.br\/noticias\/colunas\/nasser\/menos-ipos-caminho-participar-mercado-privado\/","name":"Com menos IPOs, o caminho \u00e9 participar do mercado privado","isPartOf":{"@id":"https:\/\/www.suno.com.br\/noticias\/#website"},"primaryImageOfPage":{"@id":"https:\/\/www.suno.com.br\/noticias\/colunas\/nasser\/menos-ipos-caminho-participar-mercado-privado\/#primaryimage"},"image":{"@id":"https:\/\/www.suno.com.br\/noticias\/colunas\/nasser\/menos-ipos-caminho-participar-mercado-privado\/#primaryimage"},"thumbnailUrl":"https:\/\/files.sunoresearch.com.br\/n\/uploads\/2023\/05\/bolsas-mercados.jpg","datePublished":"2023-08-28T11:00:00+00:00","description":"Faz muito sentido para o investidor a constru\u00e7\u00e3o de uma carteira diversificada, com aloca\u00e7\u00e3o em empresas do mercado privado","breadcrumb":{"@id":"https:\/\/www.suno.com.br\/noticias\/colunas\/nasser\/menos-ipos-caminho-participar-mercado-privado\/#breadcrumb"},"inLanguage":"pt-BR","potentialAction":[{"@type":"ReadAction","target":["https:\/\/www.suno.com.br\/noticias\/colunas\/nasser\/menos-ipos-caminho-participar-mercado-privado\/"]}]},{"@type":"ImageObject","inLanguage":"pt-BR","@id":"https:\/\/www.suno.com.br\/noticias\/colunas\/nasser\/menos-ipos-caminho-participar-mercado-privado\/#primaryimage","url":"https:\/\/files.sunoresearch.com.br\/n\/uploads\/2023\/05\/bolsas-mercados.jpg","contentUrl":"https:\/\/files.sunoresearch.com.br\/n\/uploads\/2023\/05\/bolsas-mercados.jpg","width":1200,"height":800,"caption":"como diversificar investimentos. Foto: iStock"},{"@type":"BreadcrumbList","@id":"https:\/\/www.suno.com.br\/noticias\/colunas\/nasser\/menos-ipos-caminho-participar-mercado-privado\/#breadcrumb","itemListElement":[{"@type":"ListItem","position":1,"name":"Not\u00edcias","item":"https:\/\/www.suno.com.br\/noticias\/"},{"@type":"ListItem","position":2,"name":"Colunas","item":"https:\/\/www.suno.com.br\/noticias\/colunas\/"},{"@type":"ListItem","position":3,"name":"Com menos IPOs, o caminho \u00e9 participar do mercado privado"}]},{"@type":"WebSite","@id":"https:\/\/www.suno.com.br\/noticias\/#website","url":"https:\/\/www.suno.com.br\/noticias\/","name":"Suno Not\u00edcias","description":"Seu portal de informa\u00e7\u00e3o sobre o mundo dos investimentos","publisher":{"@id":"https:\/\/www.suno.com.br\/noticias\/#organization"},"potentialAction":[{"@type":"SearchAction","target":{"@type":"EntryPoint","urlTemplate":"https:\/\/www.suno.com.br\/noticias\/?s={search_term_string}"},"query-input":{"@type":"PropertyValueSpecification","valueRequired":true,"valueName":"search_term_string"}}],"inLanguage":"pt-BR"},{"@type":"Organization","@id":"https:\/\/www.suno.com.br\/noticias\/#organization","name":"Suno Not\u00edcias","url":"https:\/\/www.suno.com.br\/noticias\/","logo":{"@type":"ImageObject","inLanguage":"pt-BR","@id":"https:\/\/www.suno.com.br\/noticias\/#\/schema\/logo\/image\/","url":"https:\/\/files.sunoresearch.com.br\/n\/uploads\/2021\/09\/suno-logo.png","contentUrl":"https:\/\/files.sunoresearch.com.br\/n\/uploads\/2021\/09\/suno-logo.png","width":180,"height":180,"caption":"Suno Not\u00edcias"},"image":{"@id":"https:\/\/www.suno.com.br\/noticias\/#\/schema\/logo\/image\/"},"sameAs":["https:\/\/facebook.com\/sunoresearch","https:\/\/x.com\/sunoresearch","https:\/\/www.instagram.com\/suno","https:\/\/www.linkedin.com\/company\/suno-research\/","https:\/\/www.youtube.com\/c\/sunoresearch"]},{"@type":"Person","@id":"https:\/\/www.suno.com.br\/noticias\/#\/schema\/person\/b7464d7a054f7f7647caebf9c2d1aafa","name":"Camila Nasser","image":{"@type":"ImageObject","inLanguage":"pt-BR","@id":"https:\/\/www.suno.com.br\/noticias\/#\/schema\/person\/image\/","url":"https:\/\/secure.gravatar.com\/avatar\/3987696d7c410ff57f72f1ef9c8d4614?s=96&r=g","contentUrl":"https:\/\/secure.gravatar.com\/avatar\/3987696d7c410ff57f72f1ef9c8d4614?s=96&r=g","caption":"Camila Nasser"},"description":"\u00c9 cofundadora e CEO do Kria, plataforma de investimentos em startups. A executiva iniciou sua carreira profissional no universo financeiro no Kria, como estagi\u00e1ria, ainda na \u00e9poca de faculdade. Ao longo dos anos, assumiu importantes cargos de lideran\u00e7a, como Head de Marketing e Chefe de Opera\u00e7\u00f5es. E, no final de 2020, foi convidada para se tornar CEO da fintech. Camila \u00e9 graduada em comunica\u00e7\u00e3o pela Escola Superior de Propaganda e Marketing.","sameAs":["https:\/\/www.linkedin.com\/in\/camila-nasser\/"],"url":"https:\/\/www.suno.com.br\/noticias\/author\/nasser\/"}]}},"amp_enabled":true,"_links":{"self":[{"href":"https:\/\/www.suno.com.br\/noticias\/wp-json\/wp\/v2\/suno_column\/447669"}],"collection":[{"href":"https:\/\/www.suno.com.br\/noticias\/wp-json\/wp\/v2\/suno_column"}],"about":[{"href":"https:\/\/www.suno.com.br\/noticias\/wp-json\/wp\/v2\/types\/suno_column"}],"author":[{"embeddable":true,"href":"https:\/\/www.suno.com.br\/noticias\/wp-json\/wp\/v2\/users\/187"}],"wp:featuredmedia":[{"embeddable":true,"href":"https:\/\/www.suno.com.br\/noticias\/wp-json\/wp\/v2\/media\/406465"}],"wp:attachment":[{"href":"https:\/\/www.suno.com.br\/noticias\/wp-json\/wp\/v2\/media?parent=447669"}],"wp:term":[{"taxonomy":"post_tag","embeddable":true,"href":"https:\/\/www.suno.com.br\/noticias\/wp-json\/wp\/v2\/tags?post=447669"}],"curies":[{"name":"wp","href":"https:\/\/api.w.org\/{rel}","templated":true}]}}