{"id":432896,"date":"2023-07-25T08:30:00","date_gmt":"2023-07-25T11:30:00","guid":{"rendered":"https:\/\/www.suno.com.br\/noticias\/colunas\/marco-lopes\/\/"},"modified":"2023-07-24T22:55:41","modified_gmt":"2023-07-25T01:55:41","slug":"copa-mundo-feminina-anunciantes-numero-baixo","status":"publish","type":"suno_column","link":"https:\/\/www.suno.com.br\/noticias\/colunas\/marcos-neuhaus\/copa-mundo-feminina-anunciantes-numero-baixo\/","title":{"rendered":"Por que a Copa do Mundo feminina atrai um n\u00famero t\u00e3o modesto de anunciantes?"},"content":{"rendered":"<p>A <strong>Copa do Mundo Feminina 2023<\/strong> come\u00e7ou, e \u00e9 dif\u00edcil ignorar uma discrep\u00e2ncia preocupante: o baixo n\u00famero de anunciantes em compara\u00e7\u00e3o com a Copa do Mundo Masculina de 2022.<\/p>\t<div class=\"wrapper-featured-image\">\n\t\t<figure class=\"spotlightImg\">\n\n\t\t\t<picture>\n\t\t\t\t<source media=\"(max-width: 768px)\" srcset=\"https:\/\/files.sunoresearch.com.br\/n\/uploads\/2022\/11\/Colunistas-400x200.jpg\">\n\t\t\t\t<img loading=\"lazy\" decoding=\"async\" class=\"newsContent__article__imgCapa lazyloadDisabled newsContent__article__imgCapa--noCaption\" src=\"https:\/\/files.sunoresearch.com.br\/n\/uploads\/2022\/11\/Colunistas-800x450.jpg\" width=\"800\" height=\"450\" alt=\"Por que a Copa do Mundo feminina atrai um n\u00famero t\u00e3o modesto de anunciantes?\" fetchpriority=high \/>\n\t\t\t<\/picture>\n\n\t\t\t<figcaption class=\"wp-caption-text wp-caption-text--hide\"><\/figcaption>\n\t\t<\/figure>\n\t<\/div>\n\n\n\n\n\n\t<p>\n\t\t<a href=\"\" target=\"_blank\" data-element=\"shortcode-suno-banner\" title=\"Banner SUNO, clique e saiba mais\">\n\t\t\t<picture>\n\t\t\t\t<source media=\"(max-width: 500px)\" srcset=\"\">\n\t\t\t\t<img class=\"newsContent__article__imgCapa newsContent__article__imgCapa--banner\"\n\t\t\t\t\tsrc=\"\"\n\t\t\t\t\tdata-promo-id=\"240038\"\t\t\t\t\t\t\t\t\t\t\t\t\t\t\talt=\"\"\n\t\t\t\t>\n\t\t\t<\/picture>\n\t\t<\/a>\n\t<\/p>\n\n\n\n\n\n\n\n<p>A <strong>desigualdade de g\u00eanero<\/strong> tem sido uma quest\u00e3o persistente no esporte, e o futebol feminino n\u00e3o \u00e9 exce\u00e7\u00e3o. Enquanto a Copa do Mundo do Catar atraiu in\u00fameros patrocinadores e investimentos massivos em todo tipo de m\u00eddia, a edi\u00e7\u00e3o feminina n\u00e3o desfruta do mesmo n\u00edvel de aten\u00e7\u00e3o e apoio financeiro. Isso reflete uma sociedade que, em muitos aspectos, ainda subestima o valor e o potencial do <strong>esporte feminino<\/strong>.<\/p>\n\n\n\n<p>Uma das raz\u00f5es para essa disparidade pode ser atribu\u00edda ao argumento de que o futebol feminino ainda \u00e9 visto como menos popular e lucrativo em compara\u00e7\u00e3o ao masculino. No entanto, essa vis\u00e3o \u00e9 baseada em estere\u00f3tipos desatualizados e n\u00e3o reflete a realidade atual. O futebol feminino tem experimentado um <strong>crescimento exponencial <\/strong>nos \u00faltimos anos, com muitas atletas ganhando destaque e conquistando f\u00e3s em todo o mundo.<\/p>\n\n\n\n<p>Al\u00e9m da disparidade dos patroc\u00ednios, existem uma falta de investimento e apoio das pr\u00f3prias federa\u00e7\u00f5es de futebol. Muitas vezes, os recursos destinados ao desenvolvimento e <strong>promo\u00e7\u00e3o do futebol feminino<\/strong> s\u00e3o insuficientes se comparados aos aportes para o futebol masculino. Isso cria um ciclo vicioso, no qual a falta de visibilidade e apoio financeiro leva a uma menor participa\u00e7\u00e3o de anunciantes, perpetuando assim a desigualdade.<\/p>\n\n\n\t<p>\n\t\t<a href=\"https:\/\/lp.suno.com.br\/ebook-gratuito-investindo-no-exterior\/\" target=\"_blank\" data-element=\"shortcode-suno-banner\" title=\"Banner SUNO, clique e saiba mais\">\n\t\t\t<picture>\n\t\t\t\t<source media=\"(max-width: 500px)\" srcset=\"https:\/\/files.sunoresearch.com.br\/n\/uploads\/2023\/03\/400x300-Investindo-no-exterior.png\">\n\t\t\t\t<img class=\"newsContent__article__imgCapa newsContent__article__imgCapa--banner\"\n\t\t\t\t\tsrc=\"https:\/\/files.sunoresearch.com.br\/n\/uploads\/2023\/03\/1420x240-Investindo-no-exterior.png\"\n\t\t\t\t\tdata-promo-id=\"383161\"\t\t\t\t\t\t\t\t\t\twidth='1420' height='240'\t\t\t\t\talt=\"https:\/\/files.sunoresearch.com.br\/n\/uploads\/2023\/03\/1420x240-Investindo-no-exterior.png\"\n\t\t\t\t>\n\t\t\t<\/picture>\n\t\t<\/a>\n\t<\/p>\n\n\n\n\n\n<p>\u00c9 fundamental que essa desigualdade seja combatida o quanto antes. Os<strong> patrocinadores e o investimento <\/strong>dos clubes desempenham um papel crucial na promo\u00e7\u00e3o e visibilidade da Copa do Mundo e de outras competi\u00e7\u00f5es de futebol feminino, al\u00e9m de fornecerem recursos financeiros essenciais para o crescimento cont\u00ednuo do esporte, aproveitando uma oportunidade \u00fanica de atingir um p\u00fablico diversificado e em crescimento, demonstrando tamb\u00e9m um compromisso com a igualdade de g\u00eanero e a promo\u00e7\u00e3o do esporte para todos.<\/p>\n\n\n\n<p>Essa Copa do Mundo de Futebol Feminino ser\u00e1 um marco importante em toda essa jornada, desde que os anunciantes abracem a oportunidade de promover a igualdade e ajudar a impulsionar esse esporte para um futuro mais inclusivo, competitivo e lucrativo para as marcas anunciantes.<\/p>\n\n\n\n<p>Vamos torcer para a nossa sele\u00e7\u00e3o \u2014 mas, acima de tudo, para que a competi\u00e7\u00e3o cres\u00e7a mais a cada ano.<\/p>\n\n\n\t<p>\n\t\t<a href=\"https:\/\/lp.suno.com.br\/planilha-da-vida-financeira\/\" target=\"_blank\" data-element=\"shortcode-suno-banner\" title=\"Banner SUNO, clique e saiba mais\">\n\t\t\t<picture>\n\t\t\t\t<source media=\"(max-width: 500px)\" srcset=\"https:\/\/files.sunoresearch.com.br\/n\/uploads\/2023\/04\/400x300-Planilha-vida-financeira-true.png\">\n\t\t\t\t<img class=\"newsContent__article__imgCapa newsContent__article__imgCapa--banner\"\n\t\t\t\t\tsrc=\"https:\/\/files.sunoresearch.com.br\/n\/uploads\/2023\/04\/1420x240-Planilha-vida-financeira-true.png\"\n\t\t\t\t\tdata-promo-id=\"383123\"\t\t\t\t\t\t\t\t\t\twidth='1420' height='240'\t\t\t\t\talt=\"https:\/\/files.sunoresearch.com.br\/n\/uploads\/2023\/04\/1420x240-Planilha-vida-financeira-true.png\"\n\t\t\t\t>\n\t\t\t<\/picture>\n\t\t<\/a>\n\t<\/p>\n\n\n","protected":false},"excerpt":{"rendered":"<p>A Copa do Mundo Feminina 2023 come\u00e7ou, e \u00e9 dif\u00edcil ignorar uma discrep\u00e2ncia preocupante: o baixo n\u00famero de anunciantes em compara\u00e7\u00e3o com a Copa do Mundo Masculina de 2&#8230;<\/p>\n","protected":false},"author":273,"featured_media":323379,"template":"","tags":[],"class_list":["post-432896","suno_column","type-suno_column","status-publish","has-post-thumbnail","hentry"],"yoast_head":"<!-- This site is optimized with the Yoast SEO plugin v24.4 - https:\/\/yoast.com\/wordpress\/plugins\/seo\/ -->\n<title>Por que a Copa do Mundo feminina atrai um n\u00famero t\u00e3o modesto de anunciantes? - Suno Not\u00edcias<\/title>\n<meta name=\"description\" content=\"Enquanto a Copa do Catar atraiu in\u00fameros patrocinadores e investimentos massivos, a edi\u00e7\u00e3o feminina n\u00e3o desfruta do mesmo apoio financeiro\" \/>\n<meta name=\"robots\" content=\"index, follow, max-snippet:-1, max-image-preview:large, max-video-preview:-1\" \/>\n<link rel=\"canonical\" href=\"https:\/\/www.suno.com.br\/noticias\/colunas\/marcos-neuhaus\/copa-mundo-feminina-anunciantes-numero-baixo\/\" \/>\n<meta property=\"og:locale\" content=\"pt_BR\" \/>\n<meta property=\"og:type\" content=\"article\" \/>\n<meta property=\"og:title\" content=\"Por que a Copa do Mundo feminina atrai um n\u00famero t\u00e3o modesto de anunciantes? - Suno Not\u00edcias\" \/>\n<meta property=\"og:description\" content=\"Enquanto a Copa do Catar atraiu in\u00fameros patrocinadores e investimentos massivos, a edi\u00e7\u00e3o feminina n\u00e3o desfruta do mesmo apoio financeiro\" \/>\n<meta property=\"og:url\" content=\"https:\/\/www.suno.com.br\/noticias\/colunas\/marcos-neuhaus\/copa-mundo-feminina-anunciantes-numero-baixo\/\" \/>\n<meta property=\"og:site_name\" content=\"Suno Not\u00edcias\" \/>\n<meta property=\"article:publisher\" content=\"https:\/\/facebook.com\/sunoresearch\" \/>\n<meta property=\"og:image\" content=\"https:\/\/files.sunoresearch.com.br\/n\/uploads\/2022\/11\/Colunistas.jpg\" \/>\n\t<meta property=\"og:image:width\" content=\"1550\" \/>\n\t<meta property=\"og:image:height\" content=\"810\" \/>\n\t<meta property=\"og:image:type\" content=\"image\/jpeg\" \/>\n<meta name=\"twitter:card\" content=\"summary_large_image\" \/>\n<meta name=\"twitter:site\" content=\"@sunoresearch\" \/>\n<meta name=\"twitter:label1\" content=\"Est. tempo de leitura\" \/>\n\t<meta name=\"twitter:data1\" content=\"3 minutos\" \/>\n<script type=\"application\/ld+json\" class=\"yoast-schema-graph\">{\"@context\":\"https:\/\/schema.org\",\"@graph\":[{\"@type\":\"Article\",\"@id\":\"https:\/\/www.suno.com.br\/noticias\/colunas\/marcos-neuhaus\/copa-mundo-feminina-anunciantes-numero-baixo\/#article\",\"isPartOf\":{\"@id\":\"https:\/\/www.suno.com.br\/noticias\/colunas\/marcos-neuhaus\/copa-mundo-feminina-anunciantes-numero-baixo\/\"},\"author\":{\"name\":\"Marcos Neuhaus\",\"@id\":\"https:\/\/www.suno.com.br\/noticias\/#\/schema\/person\/18ae90e22b2fb8cd2aafefe56befc2d4\"},\"headline\":\"Por que a Copa do Mundo feminina atrai um n\u00famero t\u00e3o modesto de anunciantes?\",\"datePublished\":\"2023-07-25T11:30:00+00:00\",\"mainEntityOfPage\":{\"@id\":\"https:\/\/www.suno.com.br\/noticias\/colunas\/marcos-neuhaus\/copa-mundo-feminina-anunciantes-numero-baixo\/\"},\"wordCount\":423,\"publisher\":{\"@id\":\"https:\/\/www.suno.com.br\/noticias\/#organization\"},\"image\":{\"@id\":\"https:\/\/www.suno.com.br\/noticias\/colunas\/marcos-neuhaus\/copa-mundo-feminina-anunciantes-numero-baixo\/#primaryimage\"},\"thumbnailUrl\":\"https:\/\/files.sunoresearch.com.br\/n\/uploads\/2022\/11\/Colunistas.jpg\",\"inLanguage\":\"pt-BR\"},{\"@type\":\"WebPage\",\"@id\":\"https:\/\/www.suno.com.br\/noticias\/colunas\/marcos-neuhaus\/copa-mundo-feminina-anunciantes-numero-baixo\/\",\"url\":\"https:\/\/www.suno.com.br\/noticias\/colunas\/marcos-neuhaus\/copa-mundo-feminina-anunciantes-numero-baixo\/\",\"name\":\"Por que a Copa do Mundo feminina atrai um n\u00famero t\u00e3o modesto de anunciantes? - Suno Not\u00edcias\",\"isPartOf\":{\"@id\":\"https:\/\/www.suno.com.br\/noticias\/#website\"},\"primaryImageOfPage\":{\"@id\":\"https:\/\/www.suno.com.br\/noticias\/colunas\/marcos-neuhaus\/copa-mundo-feminina-anunciantes-numero-baixo\/#primaryimage\"},\"image\":{\"@id\":\"https:\/\/www.suno.com.br\/noticias\/colunas\/marcos-neuhaus\/copa-mundo-feminina-anunciantes-numero-baixo\/#primaryimage\"},\"thumbnailUrl\":\"https:\/\/files.sunoresearch.com.br\/n\/uploads\/2022\/11\/Colunistas.jpg\",\"datePublished\":\"2023-07-25T11:30:00+00:00\",\"description\":\"Enquanto a Copa do Catar atraiu in\u00fameros patrocinadores e investimentos massivos, a edi\u00e7\u00e3o feminina n\u00e3o desfruta do mesmo apoio financeiro\",\"breadcrumb\":{\"@id\":\"https:\/\/www.suno.com.br\/noticias\/colunas\/marcos-neuhaus\/copa-mundo-feminina-anunciantes-numero-baixo\/#breadcrumb\"},\"inLanguage\":\"pt-BR\",\"potentialAction\":[{\"@type\":\"ReadAction\",\"target\":[\"https:\/\/www.suno.com.br\/noticias\/colunas\/marcos-neuhaus\/copa-mundo-feminina-anunciantes-numero-baixo\/\"]}]},{\"@type\":\"ImageObject\",\"inLanguage\":\"pt-BR\",\"@id\":\"https:\/\/www.suno.com.br\/noticias\/colunas\/marcos-neuhaus\/copa-mundo-feminina-anunciantes-numero-baixo\/#primaryimage\",\"url\":\"https:\/\/files.sunoresearch.com.br\/n\/uploads\/2022\/11\/Colunistas.jpg\",\"contentUrl\":\"https:\/\/files.sunoresearch.com.br\/n\/uploads\/2022\/11\/Colunistas.jpg\",\"width\":1550,\"height\":810},{\"@type\":\"BreadcrumbList\",\"@id\":\"https:\/\/www.suno.com.br\/noticias\/colunas\/marcos-neuhaus\/copa-mundo-feminina-anunciantes-numero-baixo\/#breadcrumb\",\"itemListElement\":[{\"@type\":\"ListItem\",\"position\":1,\"name\":\"Not\u00edcias\",\"item\":\"https:\/\/www.suno.com.br\/noticias\/\"},{\"@type\":\"ListItem\",\"position\":2,\"name\":\"Colunas\",\"item\":\"https:\/\/www.suno.com.br\/noticias\/colunas\/\"},{\"@type\":\"ListItem\",\"position\":3,\"name\":\"Por que a Copa do Mundo feminina atrai um n\u00famero t\u00e3o modesto de anunciantes?\"}]},{\"@type\":\"WebSite\",\"@id\":\"https:\/\/www.suno.com.br\/noticias\/#website\",\"url\":\"https:\/\/www.suno.com.br\/noticias\/\",\"name\":\"Suno Not\u00edcias\",\"description\":\"Seu portal de informa\u00e7\u00e3o sobre o mundo dos investimentos\",\"publisher\":{\"@id\":\"https:\/\/www.suno.com.br\/noticias\/#organization\"},\"potentialAction\":[{\"@type\":\"SearchAction\",\"target\":{\"@type\":\"EntryPoint\",\"urlTemplate\":\"https:\/\/www.suno.com.br\/noticias\/?s={search_term_string}\"},\"query-input\":{\"@type\":\"PropertyValueSpecification\",\"valueRequired\":true,\"valueName\":\"search_term_string\"}}],\"inLanguage\":\"pt-BR\"},{\"@type\":\"Organization\",\"@id\":\"https:\/\/www.suno.com.br\/noticias\/#organization\",\"name\":\"Suno Not\u00edcias\",\"url\":\"https:\/\/www.suno.com.br\/noticias\/\",\"logo\":{\"@type\":\"ImageObject\",\"inLanguage\":\"pt-BR\",\"@id\":\"https:\/\/www.suno.com.br\/noticias\/#\/schema\/logo\/image\/\",\"url\":\"https:\/\/files.sunoresearch.com.br\/n\/uploads\/2021\/09\/suno-logo.png\",\"contentUrl\":\"https:\/\/files.sunoresearch.com.br\/n\/uploads\/2021\/09\/suno-logo.png\",\"width\":180,\"height\":180,\"caption\":\"Suno Not\u00edcias\"},\"image\":{\"@id\":\"https:\/\/www.suno.com.br\/noticias\/#\/schema\/logo\/image\/\"},\"sameAs\":[\"https:\/\/facebook.com\/sunoresearch\",\"https:\/\/x.com\/sunoresearch\",\"https:\/\/www.instagram.com\/suno\",\"https:\/\/www.linkedin.com\/company\/suno-research\/\",\"https:\/\/www.youtube.com\/c\/sunoresearch\"]},{\"@type\":\"Person\",\"@id\":\"https:\/\/www.suno.com.br\/noticias\/#\/schema\/person\/18ae90e22b2fb8cd2aafefe56befc2d4\",\"name\":\"Marcos Neuhaus\",\"image\":{\"@type\":\"ImageObject\",\"inLanguage\":\"pt-BR\",\"@id\":\"https:\/\/www.suno.com.br\/noticias\/#\/schema\/person\/image\/\",\"url\":\"https:\/\/secure.gravatar.com\/avatar\/c8982d75bfcf86ae24e6970d1e7cd9cd?s=96&r=g\",\"contentUrl\":\"https:\/\/secure.gravatar.com\/avatar\/c8982d75bfcf86ae24e6970d1e7cd9cd?s=96&r=g\",\"caption\":\"Marcos Neuhaus\"},\"description\":\"Marcos Neuhaus, 41, \u00e9 formado em Marketing, atuando como publicit\u00e1rio, redator e diretor de arte desde 2006. \u00c9 head de Marketing da Acqua Vero, respons\u00e1vel por toda a comunica\u00e7\u00e3o da holding de investimentos e o criador do canal Marcos do Marketing \u2014 @marcosdomkt \u2014 no Instagram.\",\"sameAs\":[\"https:\/\/www.linkedin.com\/in\/marcosneuhaus\/\"],\"url\":\"https:\/\/www.suno.com.br\/noticias\/author\/marcos-neuhaus\/\"}]}<\/script>\n<!-- \/ Yoast SEO plugin. -->","yoast_head_json":{"title":"Por que a Copa do Mundo feminina atrai um n\u00famero t\u00e3o modesto de anunciantes? - Suno Not\u00edcias","description":"Enquanto a Copa do Catar atraiu in\u00fameros patrocinadores e investimentos massivos, a edi\u00e7\u00e3o feminina n\u00e3o desfruta do mesmo apoio financeiro","robots":{"index":"index","follow":"follow","max-snippet":"max-snippet:-1","max-image-preview":"max-image-preview:large","max-video-preview":"max-video-preview:-1"},"canonical":"https:\/\/www.suno.com.br\/noticias\/colunas\/marcos-neuhaus\/copa-mundo-feminina-anunciantes-numero-baixo\/","og_locale":"pt_BR","og_type":"article","og_title":"Por que a Copa do Mundo feminina atrai um n\u00famero t\u00e3o modesto de anunciantes? - Suno Not\u00edcias","og_description":"Enquanto a Copa do Catar atraiu in\u00fameros patrocinadores e investimentos massivos, a edi\u00e7\u00e3o feminina n\u00e3o desfruta do mesmo apoio financeiro","og_url":"https:\/\/www.suno.com.br\/noticias\/colunas\/marcos-neuhaus\/copa-mundo-feminina-anunciantes-numero-baixo\/","og_site_name":"Suno Not\u00edcias","article_publisher":"https:\/\/facebook.com\/sunoresearch","og_image":[{"width":1550,"height":810,"url":"https:\/\/files.sunoresearch.com.br\/n\/uploads\/2022\/11\/Colunistas.jpg","type":"image\/jpeg"}],"twitter_card":"summary_large_image","twitter_site":"@sunoresearch","twitter_misc":{"Est. tempo de leitura":"3 minutos"},"schema":{"@context":"https:\/\/schema.org","@graph":[{"@type":"Article","@id":"https:\/\/www.suno.com.br\/noticias\/colunas\/marcos-neuhaus\/copa-mundo-feminina-anunciantes-numero-baixo\/#article","isPartOf":{"@id":"https:\/\/www.suno.com.br\/noticias\/colunas\/marcos-neuhaus\/copa-mundo-feminina-anunciantes-numero-baixo\/"},"author":{"name":"Marcos Neuhaus","@id":"https:\/\/www.suno.com.br\/noticias\/#\/schema\/person\/18ae90e22b2fb8cd2aafefe56befc2d4"},"headline":"Por que a Copa do Mundo feminina atrai um n\u00famero t\u00e3o modesto de anunciantes?","datePublished":"2023-07-25T11:30:00+00:00","mainEntityOfPage":{"@id":"https:\/\/www.suno.com.br\/noticias\/colunas\/marcos-neuhaus\/copa-mundo-feminina-anunciantes-numero-baixo\/"},"wordCount":423,"publisher":{"@id":"https:\/\/www.suno.com.br\/noticias\/#organization"},"image":{"@id":"https:\/\/www.suno.com.br\/noticias\/colunas\/marcos-neuhaus\/copa-mundo-feminina-anunciantes-numero-baixo\/#primaryimage"},"thumbnailUrl":"https:\/\/files.sunoresearch.com.br\/n\/uploads\/2022\/11\/Colunistas.jpg","inLanguage":"pt-BR"},{"@type":"WebPage","@id":"https:\/\/www.suno.com.br\/noticias\/colunas\/marcos-neuhaus\/copa-mundo-feminina-anunciantes-numero-baixo\/","url":"https:\/\/www.suno.com.br\/noticias\/colunas\/marcos-neuhaus\/copa-mundo-feminina-anunciantes-numero-baixo\/","name":"Por que a Copa do Mundo feminina atrai um n\u00famero t\u00e3o modesto de anunciantes? - Suno Not\u00edcias","isPartOf":{"@id":"https:\/\/www.suno.com.br\/noticias\/#website"},"primaryImageOfPage":{"@id":"https:\/\/www.suno.com.br\/noticias\/colunas\/marcos-neuhaus\/copa-mundo-feminina-anunciantes-numero-baixo\/#primaryimage"},"image":{"@id":"https:\/\/www.suno.com.br\/noticias\/colunas\/marcos-neuhaus\/copa-mundo-feminina-anunciantes-numero-baixo\/#primaryimage"},"thumbnailUrl":"https:\/\/files.sunoresearch.com.br\/n\/uploads\/2022\/11\/Colunistas.jpg","datePublished":"2023-07-25T11:30:00+00:00","description":"Enquanto a Copa do Catar atraiu in\u00fameros patrocinadores e investimentos massivos, a edi\u00e7\u00e3o feminina n\u00e3o desfruta do mesmo apoio financeiro","breadcrumb":{"@id":"https:\/\/www.suno.com.br\/noticias\/colunas\/marcos-neuhaus\/copa-mundo-feminina-anunciantes-numero-baixo\/#breadcrumb"},"inLanguage":"pt-BR","potentialAction":[{"@type":"ReadAction","target":["https:\/\/www.suno.com.br\/noticias\/colunas\/marcos-neuhaus\/copa-mundo-feminina-anunciantes-numero-baixo\/"]}]},{"@type":"ImageObject","inLanguage":"pt-BR","@id":"https:\/\/www.suno.com.br\/noticias\/colunas\/marcos-neuhaus\/copa-mundo-feminina-anunciantes-numero-baixo\/#primaryimage","url":"https:\/\/files.sunoresearch.com.br\/n\/uploads\/2022\/11\/Colunistas.jpg","contentUrl":"https:\/\/files.sunoresearch.com.br\/n\/uploads\/2022\/11\/Colunistas.jpg","width":1550,"height":810},{"@type":"BreadcrumbList","@id":"https:\/\/www.suno.com.br\/noticias\/colunas\/marcos-neuhaus\/copa-mundo-feminina-anunciantes-numero-baixo\/#breadcrumb","itemListElement":[{"@type":"ListItem","position":1,"name":"Not\u00edcias","item":"https:\/\/www.suno.com.br\/noticias\/"},{"@type":"ListItem","position":2,"name":"Colunas","item":"https:\/\/www.suno.com.br\/noticias\/colunas\/"},{"@type":"ListItem","position":3,"name":"Por que a Copa do Mundo feminina atrai um n\u00famero t\u00e3o modesto de anunciantes?"}]},{"@type":"WebSite","@id":"https:\/\/www.suno.com.br\/noticias\/#website","url":"https:\/\/www.suno.com.br\/noticias\/","name":"Suno Not\u00edcias","description":"Seu portal de informa\u00e7\u00e3o sobre o mundo dos investimentos","publisher":{"@id":"https:\/\/www.suno.com.br\/noticias\/#organization"},"potentialAction":[{"@type":"SearchAction","target":{"@type":"EntryPoint","urlTemplate":"https:\/\/www.suno.com.br\/noticias\/?s={search_term_string}"},"query-input":{"@type":"PropertyValueSpecification","valueRequired":true,"valueName":"search_term_string"}}],"inLanguage":"pt-BR"},{"@type":"Organization","@id":"https:\/\/www.suno.com.br\/noticias\/#organization","name":"Suno Not\u00edcias","url":"https:\/\/www.suno.com.br\/noticias\/","logo":{"@type":"ImageObject","inLanguage":"pt-BR","@id":"https:\/\/www.suno.com.br\/noticias\/#\/schema\/logo\/image\/","url":"https:\/\/files.sunoresearch.com.br\/n\/uploads\/2021\/09\/suno-logo.png","contentUrl":"https:\/\/files.sunoresearch.com.br\/n\/uploads\/2021\/09\/suno-logo.png","width":180,"height":180,"caption":"Suno Not\u00edcias"},"image":{"@id":"https:\/\/www.suno.com.br\/noticias\/#\/schema\/logo\/image\/"},"sameAs":["https:\/\/facebook.com\/sunoresearch","https:\/\/x.com\/sunoresearch","https:\/\/www.instagram.com\/suno","https:\/\/www.linkedin.com\/company\/suno-research\/","https:\/\/www.youtube.com\/c\/sunoresearch"]},{"@type":"Person","@id":"https:\/\/www.suno.com.br\/noticias\/#\/schema\/person\/18ae90e22b2fb8cd2aafefe56befc2d4","name":"Marcos Neuhaus","image":{"@type":"ImageObject","inLanguage":"pt-BR","@id":"https:\/\/www.suno.com.br\/noticias\/#\/schema\/person\/image\/","url":"https:\/\/secure.gravatar.com\/avatar\/c8982d75bfcf86ae24e6970d1e7cd9cd?s=96&r=g","contentUrl":"https:\/\/secure.gravatar.com\/avatar\/c8982d75bfcf86ae24e6970d1e7cd9cd?s=96&r=g","caption":"Marcos Neuhaus"},"description":"Marcos Neuhaus, 41, \u00e9 formado em Marketing, atuando como publicit\u00e1rio, redator e diretor de arte desde 2006. \u00c9 head de Marketing da Acqua Vero, respons\u00e1vel por toda a comunica\u00e7\u00e3o da holding de investimentos e o criador do canal Marcos do Marketing \u2014 @marcosdomkt \u2014 no Instagram.","sameAs":["https:\/\/www.linkedin.com\/in\/marcosneuhaus\/"],"url":"https:\/\/www.suno.com.br\/noticias\/author\/marcos-neuhaus\/"}]}},"amp_enabled":true,"_links":{"self":[{"href":"https:\/\/www.suno.com.br\/noticias\/wp-json\/wp\/v2\/suno_column\/432896"}],"collection":[{"href":"https:\/\/www.suno.com.br\/noticias\/wp-json\/wp\/v2\/suno_column"}],"about":[{"href":"https:\/\/www.suno.com.br\/noticias\/wp-json\/wp\/v2\/types\/suno_column"}],"author":[{"embeddable":true,"href":"https:\/\/www.suno.com.br\/noticias\/wp-json\/wp\/v2\/users\/273"}],"wp:featuredmedia":[{"embeddable":true,"href":"https:\/\/www.suno.com.br\/noticias\/wp-json\/wp\/v2\/media\/323379"}],"wp:attachment":[{"href":"https:\/\/www.suno.com.br\/noticias\/wp-json\/wp\/v2\/media?parent=432896"}],"wp:term":[{"taxonomy":"post_tag","embeddable":true,"href":"https:\/\/www.suno.com.br\/noticias\/wp-json\/wp\/v2\/tags?post=432896"}],"curies":[{"name":"wp","href":"https:\/\/api.w.org\/{rel}","templated":true}]}}