{"id":428768,"date":"2023-07-14T08:00:00","date_gmt":"2023-07-14T11:00:00","guid":{"rendered":"https:\/\/www.suno.com.br\/noticias\/colunas\/marco-lopes\/\/"},"modified":"2023-07-13T22:26:13","modified_gmt":"2023-07-14T01:26:13","slug":"foco-mudanca-ciclo","status":"publish","type":"suno_column","link":"https:\/\/www.suno.com.br\/noticias\/colunas\/luciano-costa\/foco-mudanca-ciclo\/","title":{"rendered":"Foco agora est\u00e1 na mudan\u00e7a de ciclo"},"content":{"rendered":"<p>No semestre que se inicia agora em julho, tivemos algumas mudan\u00e7as em rela\u00e7\u00e3o ao que enxerg\u00e1vamos no come\u00e7o de 2023. Uma atividade mais t\u00edmida da China e sinaliza\u00e7\u00e3o de continuidade de uma postura hawkish dos principais <strong>Bancos Centrais<\/strong> do mundo nos revela um cen\u00e1rio desafiador pela frente.<\/p>\t<div class=\"wrapper-featured-image\">\n\t\t<figure class=\"spotlightImg\">\n\n\t\t\t<picture>\n\t\t\t\t<source media=\"(max-width: 768px)\" srcset=\"https:\/\/files.sunoresearch.com.br\/n\/uploads\/2023\/05\/banco-central-brasil-bc-bacen-400x200.jpg\">\n\t\t\t\t<img loading=\"lazy\" decoding=\"async\" class=\"newsContent__article__imgCapa lazyloadDisabled \" src=\"https:\/\/files.sunoresearch.com.br\/n\/uploads\/2023\/05\/banco-central-brasil-bc-bacen-800x450.jpg\" width=\"800\" height=\"450\" alt=\"Foco agora est\u00e1 na mudan\u00e7a de ciclo\" fetchpriority=high \/>\n\t\t\t<\/picture>\n\n\t\t\t<figcaption class=\"wp-caption-text wp-caption-text--show\">Banco Central e programa Desenrola. Foto: iStock<\/figcaption>\n\t\t<\/figure>\n\t<\/div>\n\n\n\n\n\n\t<p>\n\t\t<a href=\"\" target=\"_blank\" data-element=\"shortcode-suno-banner\" title=\"Banner SUNO, clique e saiba mais\">\n\t\t\t<picture>\n\t\t\t\t<source media=\"(max-width: 500px)\" srcset=\"\">\n\t\t\t\t<img class=\"newsContent__article__imgCapa newsContent__article__imgCapa--banner\"\n\t\t\t\t\tsrc=\"\"\n\t\t\t\t\tdata-promo-id=\"240038\"\t\t\t\t\t\t\t\t\t\t\t\t\t\t\talt=\"\"\n\t\t\t\t>\n\t\t\t<\/picture>\n\t\t<\/a>\n\t<\/p>\n\n\n\n\n\n\n\n<p>Isto porque o <strong>Federal Reserve<\/strong>, como esperado, fez a pausa imaginada pelo mercado. A surpresa, no entanto, est\u00e1 em uma mensagem mais dura em rela\u00e7\u00e3o ao que se pensava.<\/p>\n\n\n\n<p>Com isso, houve uma sinaliza\u00e7\u00e3o de continuidade de <strong>ciclo restritivo<\/strong>. A mediana das <strong>proje\u00e7\u00f5es do Fed <\/strong>nos indicam duas altas adicionais de juros nas reuni\u00f5es de julho e setembro ou outubro, a depender da evolu\u00e7\u00e3o dos dados de infla\u00e7\u00e3o.<\/p>\n\n\n\n<p>Em nosso cen\u00e1rio, trabalhamos com a ideia de ajustes da ordem de 0,25 bps cada e, caso nossas proje\u00e7\u00f5es estejam corretas, devemos ver uma press\u00e3o menor, especialmente, no setor de servi\u00e7os, com ritmo de aumento salarial e de vagas reduzido<\/p>\n\n\n\n<p>Caso isso se confirme, provavelmente o <strong>Fed<\/strong> far\u00e1 apenas mais uma alta nos juros e, como eu disse anteriormente, este movimento depender\u00e1 da evolu\u00e7\u00e3o dos dados.<\/p>\n\n\n\n<p>Acreditamos que novas surpresas n\u00e3o devam ocorrer e, al\u00e9m do mais, uma alta adicional n\u00e3o traria um grande efeito pr\u00e1tico. Seria apenas uma sinaliza\u00e7\u00e3o de que a autoridade monet\u00e1ria est\u00e1 de olhos abertos e atenta \u00e0s metas.<\/p>\n\n\n\n<p>Ainda no cen\u00e1rio global, temos a discuss\u00e3o em torno do crescimento da China.<\/p>\n\n\n\n<p>No segundo trimestre, o gigante asi\u00e1tico apresentou dados de crescimento mais fracos que o esperado. A leitura do mercado \u00e9 de que houve uma devolu\u00e7\u00e3o dos efeitos da reabertura da economia p\u00f3s-Covid e de que a resposta para os est\u00edmulos feitos pelo governo chin\u00eas ficou aqu\u00e9m do que se imaginava.<\/p>\n\n\n\t<p>\n\t\t<a href=\"https:\/\/lp.suno.com.br\/ebook-gratuito-investindo-no-exterior\/\" target=\"_blank\" data-element=\"shortcode-suno-banner\" title=\"Banner SUNO, clique e saiba mais\">\n\t\t\t<picture>\n\t\t\t\t<source media=\"(max-width: 500px)\" srcset=\"https:\/\/files.sunoresearch.com.br\/n\/uploads\/2023\/03\/400x300-Investindo-no-exterior.png\">\n\t\t\t\t<img class=\"newsContent__article__imgCapa newsContent__article__imgCapa--banner\"\n\t\t\t\t\tsrc=\"https:\/\/files.sunoresearch.com.br\/n\/uploads\/2023\/03\/1420x240-Investindo-no-exterior.png\"\n\t\t\t\t\tdata-promo-id=\"383161\"\t\t\t\t\t\t\t\t\t\twidth='1420' height='240'\t\t\t\t\talt=\"https:\/\/files.sunoresearch.com.br\/n\/uploads\/2023\/03\/1420x240-Investindo-no-exterior.png\"\n\t\t\t\t>\n\t\t\t<\/picture>\n\t\t<\/a>\n\t<\/p>\n\n\n\n\n\n<p>Ainda assim, a proje\u00e7\u00e3o de crescimento de 6% no ano para a China deve ser mantida uma vez que novas medidas devem ser tomadas para que a atividade d\u00ea respostas mais positivas do que as apresentadas recentemente.<\/p>\n\n\n\n<p>Esperamos, especialmente a partir do terceiro trimestre, que novos est\u00edmulos sejam feitos nas \u00e1reas de infraestrutura, constru\u00e7\u00e3o civil, corte de juros e outras medidas.<\/p>\n\n\n\n<p>O resumo \u00e9 que provavelmente veremos uma evolu\u00e7\u00e3o que deve fazer com que o PIB do pa\u00eds ainda mantenha um ritmo de crescimento acima da m\u00e9dia global.<\/p>\n\n\n\n<p>Neste ponto, \u00e9 importante ressaltar que a <strong>infla\u00e7\u00e3o na China<\/strong> n\u00e3o \u00e9 uma quest\u00e3o fundamental, com os \u00edndices bem comportados neste momento.<\/p>\n\n\n\n<p>Explicado este ponto, e o Brasil? A grande quest\u00e3o que fica para n\u00f3s \u00e9: quais as consequ\u00eancias em um cen\u00e1rio cheio de incertezas?<\/p>\n\n\n\n<p>Al\u00e9m do Federal Reserve, o ECB (Banco Central Europeu) tamb\u00e9m tem indicado um tom mais hawkish para a condu\u00e7\u00e3o da pol\u00edtica monet\u00e1ria. Contudo, esses fatores combinados n\u00e3o devem interferir na mudan\u00e7a de ciclo da Selic por aqui.<\/p>\n\n\n\n<p>A divulga\u00e7\u00e3o da \u00faltima <strong>ata do Copom<\/strong>, por exemplo, nos sinalizou que as chances de uma redu\u00e7\u00e3o nos juros a partir de agosto aumentaram. Antes trabalh\u00e1vamos com a ideia de que este movimento apenas aconteceria em setembro.<\/p>\n\n\n\n<p>Contudo, uma parte majorit\u00e1ria do comit\u00ea v\u00ea espa\u00e7o para cortes a partir do pr\u00f3ximo m\u00eas.<\/p>\n\n\n\n<p>Neste sentido, a <strong>decis\u00e3o do CMN<\/strong> (Comit\u00ea Monet\u00e1rio Nacional) em manter as metas de infla\u00e7\u00e3o em 3% foi vista como positiva pelo mercado, que enxergou na resolu\u00e7\u00e3o um compromisso com a estabilidade de pre\u00e7os.<\/p>\n\n\n\n<p>Isto porque o processo de melhora nas proje\u00e7\u00f5es inflacion\u00e1rias ajuda a trazer mais confian\u00e7a de que o processo de desinfla\u00e7\u00e3o est\u00e1, de fato, acontecendo, o que ajuda a ancorar as expectativas.<\/p>\n\n\n\n<p>Com a redu\u00e7\u00e3o da Selic, o que veremos ao longo dos meses \u00e9 um juro real menor com a economia colhendo os benef\u00edcios desse est\u00edmulo, que deve acontecer de forma mais impactante em meados de 2024.<\/p>\n\n\n\n<p>Al\u00e9m disso, a posi\u00e7\u00e3o favor\u00e1vel que temos visto nas contas externas via balan\u00e7a comercial e entrada de investimentos (renda fixa e bolsa de valores) tem ajudado o c\u00e2mbio a se manter bem comportado.<\/p>\n\n\n\n<p>Em outras palavras, uma moeda valorizada ajuda a popula\u00e7\u00e3o a aumentar o poder de compra e indica para os agentes econ\u00f4micos que as condi\u00e7\u00f5es financeiras est\u00e3o mais positivas para cortes nos juros.<\/p>\n\n\n\n<p>Sobre a taxa b\u00e1sica, esperamos que o Banco Central realize uma redu\u00e7\u00e3o de 0,25 bps em agosto e outras duas de 0,50 bps em setembro e outubro\/ novembro e 0,50 bps em dezembro, para encerrar o ano em 12,00%.<\/p>\n\n\n\n<p>Quando olhamos para o ciclo como um todo, imaginamos uma infla\u00e7\u00e3o em torno de 4% com a <strong>Selic<\/strong> no fim de 2023 fechando em 9,5% a.a., com juro real em torno de 5,5% (a taxa neutra \u00e9 de 4,5% segundo o Banco Central).<\/p>\n\n\n\n<p>De olho nos efeitos para os ativos, a mudan\u00e7a de<strong> pol\u00edtica monet\u00e1ria <\/strong>provavelmente ser\u00e1 ben\u00e9fica para os setores ligados ao crescimento econ\u00f4mico, como constru\u00e7\u00e3o civil, bancos e com\u00e9rcio (consumo).<\/p>\n\n\n\n<p>Por fim, temos visto uma <strong>curva de juros<\/strong> j\u00e1 precificada com taxa real em torno de 5% a 5,5%. Para que a evolu\u00e7\u00e3o vista at\u00e9 aqui continue, \u00e9 preciso que o cen\u00e1rio ganhe novas \u201crodadas de melhorias\u201d.<\/p>\n\n\n\n<p>Uma surpresa na arrecada\u00e7\u00e3o, por exemplo, poderia contribuir para a melhor fiscal.<\/p>\n\n\n\n<p>\u00c9 esperar para ver.<\/p>\n\n\n\n<p>At\u00e9 o pr\u00f3ximo artigo e bons neg\u00f3cios!<\/p>\n\n\n\t<p>\n\t\t<a href=\"https:\/\/lp.suno.com.br\/planilha-da-vida-financeira\/\" target=\"_blank\" data-element=\"shortcode-suno-banner\" title=\"Banner SUNO, clique e saiba mais\">\n\t\t\t<picture>\n\t\t\t\t<source media=\"(max-width: 500px)\" srcset=\"https:\/\/files.sunoresearch.com.br\/n\/uploads\/2023\/04\/400x300-Planilha-vida-financeira-true.png\">\n\t\t\t\t<img class=\"newsContent__article__imgCapa newsContent__article__imgCapa--banner\"\n\t\t\t\t\tsrc=\"https:\/\/files.sunoresearch.com.br\/n\/uploads\/2023\/04\/1420x240-Planilha-vida-financeira-true.png\"\n\t\t\t\t\tdata-promo-id=\"383123\"\t\t\t\t\t\t\t\t\t\twidth='1420' height='240'\t\t\t\t\talt=\"https:\/\/files.sunoresearch.com.br\/n\/uploads\/2023\/04\/1420x240-Planilha-vida-financeira-true.png\"\n\t\t\t\t>\n\t\t\t<\/picture>\n\t\t<\/a>\n\t<\/p>\n\n\n","protected":false},"excerpt":{"rendered":"<p>No semestre que se inicia agora em julho, tivemos algumas mudan\u00e7as em rela\u00e7\u00e3o ao que enxerg\u00e1vamos no come\u00e7o de 2023. Uma atividade mais t\u00edmida da China e sinaliza\u00e7\u00e3o d&#8230;<\/p>\n","protected":false},"author":228,"featured_media":401535,"template":"","tags":[1842,776,2448,1752,290],"class_list":["post-428768","suno_column","type-suno_column","status-publish","has-post-thumbnail","hentry","tag-banco-central-bc","tag-federal-reseve-fed","tag-politica-monetaria","tag-taxa-de-juros","tag-taxa-selic"],"yoast_head":"<!-- This site is optimized with the Yoast SEO plugin v24.4 - https:\/\/yoast.com\/wordpress\/plugins\/seo\/ -->\n<title>Foco agora est\u00e1 na mudan\u00e7a de ciclo<\/title>\n<meta name=\"description\" content=\"Atividade mais t\u00edmida da China e sinaliza\u00e7\u00e3o de continuidade da postura hawkish dos Bancos Centrais nos revela um cen\u00e1rio desafiador\" \/>\n<meta name=\"robots\" content=\"index, follow, max-snippet:-1, max-image-preview:large, max-video-preview:-1\" \/>\n<link rel=\"canonical\" href=\"https:\/\/www.suno.com.br\/noticias\/colunas\/luciano-costa\/foco-mudanca-ciclo\/\" \/>\n<meta property=\"og:locale\" content=\"pt_BR\" \/>\n<meta property=\"og:type\" content=\"article\" \/>\n<meta property=\"og:title\" content=\"Foco agora est\u00e1 na mudan\u00e7a de ciclo\" \/>\n<meta property=\"og:description\" content=\"Atividade mais t\u00edmida da China e sinaliza\u00e7\u00e3o de continuidade da postura hawkish dos Bancos Centrais nos revela um cen\u00e1rio desafiador\" \/>\n<meta property=\"og:url\" content=\"https:\/\/www.suno.com.br\/noticias\/colunas\/luciano-costa\/foco-mudanca-ciclo\/\" \/>\n<meta property=\"og:site_name\" content=\"Suno Not\u00edcias\" \/>\n<meta property=\"article:publisher\" content=\"https:\/\/facebook.com\/sunoresearch\" \/>\n<meta property=\"og:image\" content=\"https:\/\/files.sunoresearch.com.br\/n\/uploads\/2023\/05\/banco-central-brasil-bc-bacen.jpg\" \/>\n\t<meta property=\"og:image:width\" content=\"1200\" \/>\n\t<meta property=\"og:image:height\" content=\"800\" \/>\n\t<meta property=\"og:image:type\" content=\"image\/jpeg\" \/>\n<meta name=\"twitter:card\" content=\"summary_large_image\" \/>\n<meta name=\"twitter:site\" content=\"@sunoresearch\" \/>\n<meta name=\"twitter:label1\" content=\"Est. tempo de leitura\" \/>\n\t<meta name=\"twitter:data1\" content=\"5 minutos\" \/>\n<script type=\"application\/ld+json\" class=\"yoast-schema-graph\">{\"@context\":\"https:\/\/schema.org\",\"@graph\":[{\"@type\":\"Article\",\"@id\":\"https:\/\/www.suno.com.br\/noticias\/colunas\/luciano-costa\/foco-mudanca-ciclo\/#article\",\"isPartOf\":{\"@id\":\"https:\/\/www.suno.com.br\/noticias\/colunas\/luciano-costa\/foco-mudanca-ciclo\/\"},\"author\":{\"name\":\"Luciano Costa\",\"@id\":\"https:\/\/www.suno.com.br\/noticias\/#\/schema\/person\/5928ff3feca72898a2dd78294bf046c2\"},\"headline\":\"Foco agora est\u00e1 na mudan\u00e7a de ciclo\",\"datePublished\":\"2023-07-14T11:00:00+00:00\",\"mainEntityOfPage\":{\"@id\":\"https:\/\/www.suno.com.br\/noticias\/colunas\/luciano-costa\/foco-mudanca-ciclo\/\"},\"wordCount\":928,\"publisher\":{\"@id\":\"https:\/\/www.suno.com.br\/noticias\/#organization\"},\"image\":{\"@id\":\"https:\/\/www.suno.com.br\/noticias\/colunas\/luciano-costa\/foco-mudanca-ciclo\/#primaryimage\"},\"thumbnailUrl\":\"https:\/\/files.sunoresearch.com.br\/n\/uploads\/2023\/05\/banco-central-brasil-bc-bacen.jpg\",\"keywords\":[\"Banco Central (BC)\",\"Federal Reserve (FED)\",\"pol\u00edtica monet\u00e1ria\",\"taxa de juros\",\"Taxa Selic\"],\"inLanguage\":\"pt-BR\"},{\"@type\":\"WebPage\",\"@id\":\"https:\/\/www.suno.com.br\/noticias\/colunas\/luciano-costa\/foco-mudanca-ciclo\/\",\"url\":\"https:\/\/www.suno.com.br\/noticias\/colunas\/luciano-costa\/foco-mudanca-ciclo\/\",\"name\":\"Foco agora est\u00e1 na mudan\u00e7a de ciclo\",\"isPartOf\":{\"@id\":\"https:\/\/www.suno.com.br\/noticias\/#website\"},\"primaryImageOfPage\":{\"@id\":\"https:\/\/www.suno.com.br\/noticias\/colunas\/luciano-costa\/foco-mudanca-ciclo\/#primaryimage\"},\"image\":{\"@id\":\"https:\/\/www.suno.com.br\/noticias\/colunas\/luciano-costa\/foco-mudanca-ciclo\/#primaryimage\"},\"thumbnailUrl\":\"https:\/\/files.sunoresearch.com.br\/n\/uploads\/2023\/05\/banco-central-brasil-bc-bacen.jpg\",\"datePublished\":\"2023-07-14T11:00:00+00:00\",\"description\":\"Atividade mais t\u00edmida da China e sinaliza\u00e7\u00e3o de continuidade da postura hawkish dos Bancos Centrais nos revela um cen\u00e1rio desafiador\",\"breadcrumb\":{\"@id\":\"https:\/\/www.suno.com.br\/noticias\/colunas\/luciano-costa\/foco-mudanca-ciclo\/#breadcrumb\"},\"inLanguage\":\"pt-BR\",\"potentialAction\":[{\"@type\":\"ReadAction\",\"target\":[\"https:\/\/www.suno.com.br\/noticias\/colunas\/luciano-costa\/foco-mudanca-ciclo\/\"]}]},{\"@type\":\"ImageObject\",\"inLanguage\":\"pt-BR\",\"@id\":\"https:\/\/www.suno.com.br\/noticias\/colunas\/luciano-costa\/foco-mudanca-ciclo\/#primaryimage\",\"url\":\"https:\/\/files.sunoresearch.com.br\/n\/uploads\/2023\/05\/banco-central-brasil-bc-bacen.jpg\",\"contentUrl\":\"https:\/\/files.sunoresearch.com.br\/n\/uploads\/2023\/05\/banco-central-brasil-bc-bacen.jpg\",\"width\":1200,\"height\":800,\"caption\":\"Banco Central e programa Desenrola. Foto: iStock\"},{\"@type\":\"BreadcrumbList\",\"@id\":\"https:\/\/www.suno.com.br\/noticias\/colunas\/luciano-costa\/foco-mudanca-ciclo\/#breadcrumb\",\"itemListElement\":[{\"@type\":\"ListItem\",\"position\":1,\"name\":\"Not\u00edcias\",\"item\":\"https:\/\/www.suno.com.br\/noticias\/\"},{\"@type\":\"ListItem\",\"position\":2,\"name\":\"Colunas\",\"item\":\"https:\/\/www.suno.com.br\/noticias\/colunas\/\"},{\"@type\":\"ListItem\",\"position\":3,\"name\":\"Foco agora est\u00e1 na mudan\u00e7a de ciclo\"}]},{\"@type\":\"WebSite\",\"@id\":\"https:\/\/www.suno.com.br\/noticias\/#website\",\"url\":\"https:\/\/www.suno.com.br\/noticias\/\",\"name\":\"Suno Not\u00edcias\",\"description\":\"Seu portal de informa\u00e7\u00e3o sobre o mundo dos investimentos\",\"publisher\":{\"@id\":\"https:\/\/www.suno.com.br\/noticias\/#organization\"},\"potentialAction\":[{\"@type\":\"SearchAction\",\"target\":{\"@type\":\"EntryPoint\",\"urlTemplate\":\"https:\/\/www.suno.com.br\/noticias\/?s={search_term_string}\"},\"query-input\":{\"@type\":\"PropertyValueSpecification\",\"valueRequired\":true,\"valueName\":\"search_term_string\"}}],\"inLanguage\":\"pt-BR\"},{\"@type\":\"Organization\",\"@id\":\"https:\/\/www.suno.com.br\/noticias\/#organization\",\"name\":\"Suno Not\u00edcias\",\"url\":\"https:\/\/www.suno.com.br\/noticias\/\",\"logo\":{\"@type\":\"ImageObject\",\"inLanguage\":\"pt-BR\",\"@id\":\"https:\/\/www.suno.com.br\/noticias\/#\/schema\/logo\/image\/\",\"url\":\"https:\/\/files.sunoresearch.com.br\/n\/uploads\/2021\/09\/suno-logo.png\",\"contentUrl\":\"https:\/\/files.sunoresearch.com.br\/n\/uploads\/2021\/09\/suno-logo.png\",\"width\":180,\"height\":180,\"caption\":\"Suno Not\u00edcias\"},\"image\":{\"@id\":\"https:\/\/www.suno.com.br\/noticias\/#\/schema\/logo\/image\/\"},\"sameAs\":[\"https:\/\/facebook.com\/sunoresearch\",\"https:\/\/x.com\/sunoresearch\",\"https:\/\/www.instagram.com\/suno\",\"https:\/\/www.linkedin.com\/company\/suno-research\/\",\"https:\/\/www.youtube.com\/c\/sunoresearch\"]},{\"@type\":\"Person\",\"@id\":\"https:\/\/www.suno.com.br\/noticias\/#\/schema\/person\/5928ff3feca72898a2dd78294bf046c2\",\"name\":\"Luciano Costa\",\"image\":{\"@type\":\"ImageObject\",\"inLanguage\":\"pt-BR\",\"@id\":\"https:\/\/www.suno.com.br\/noticias\/#\/schema\/person\/image\/\",\"url\":\"https:\/\/secure.gravatar.com\/avatar\/2c4c184e27cefc0be78cd65e867883fc?s=96&r=g\",\"contentUrl\":\"https:\/\/secure.gravatar.com\/avatar\/2c4c184e27cefc0be78cd65e867883fc?s=96&r=g\",\"caption\":\"Luciano Costa\"},\"description\":\"Jos\u00e9 Luciano da Silva Costa \u00e9 economista-chefe e s\u00f3cio da Monte Bravo. Formado em economia pela FEA-USP e com mestrado em economia pela FGV-SP. Durante sua carreira se especializou em pol\u00edtica monet\u00e1ria, modelagem econom\u00e9trica e a cobertura de economia local e global. Com experi\u00eancia de mais de 20 anos foi Gerente Executivo de Renda Fixa e Macroeconomia da Funda\u00e7\u00e3o Petrobras de Seguridade Social (PETROS). Anteriormente, foi economista s\u00eanior e economista-chefe na Bradesco Asset Management, Ita\u00fa Asset Management e Unibanco Asset Management. Tamb\u00e9m trabalhou como economista pleno no Banco Ita\u00fa e no ABN AMRO Bank.\",\"url\":\"https:\/\/www.suno.com.br\/noticias\/author\/luciano-costa\/\"}]}<\/script>\n<!-- \/ Yoast SEO plugin. -->","yoast_head_json":{"title":"Foco agora est\u00e1 na mudan\u00e7a de ciclo","description":"Atividade mais t\u00edmida da China e sinaliza\u00e7\u00e3o de continuidade da postura hawkish dos Bancos Centrais nos revela um cen\u00e1rio desafiador","robots":{"index":"index","follow":"follow","max-snippet":"max-snippet:-1","max-image-preview":"max-image-preview:large","max-video-preview":"max-video-preview:-1"},"canonical":"https:\/\/www.suno.com.br\/noticias\/colunas\/luciano-costa\/foco-mudanca-ciclo\/","og_locale":"pt_BR","og_type":"article","og_title":"Foco agora est\u00e1 na mudan\u00e7a de ciclo","og_description":"Atividade mais t\u00edmida da China e sinaliza\u00e7\u00e3o de continuidade da postura hawkish dos Bancos Centrais nos revela um cen\u00e1rio desafiador","og_url":"https:\/\/www.suno.com.br\/noticias\/colunas\/luciano-costa\/foco-mudanca-ciclo\/","og_site_name":"Suno Not\u00edcias","article_publisher":"https:\/\/facebook.com\/sunoresearch","og_image":[{"width":1200,"height":800,"url":"https:\/\/files.sunoresearch.com.br\/n\/uploads\/2023\/05\/banco-central-brasil-bc-bacen.jpg","type":"image\/jpeg"}],"twitter_card":"summary_large_image","twitter_site":"@sunoresearch","twitter_misc":{"Est. tempo de leitura":"5 minutos"},"schema":{"@context":"https:\/\/schema.org","@graph":[{"@type":"Article","@id":"https:\/\/www.suno.com.br\/noticias\/colunas\/luciano-costa\/foco-mudanca-ciclo\/#article","isPartOf":{"@id":"https:\/\/www.suno.com.br\/noticias\/colunas\/luciano-costa\/foco-mudanca-ciclo\/"},"author":{"name":"Luciano Costa","@id":"https:\/\/www.suno.com.br\/noticias\/#\/schema\/person\/5928ff3feca72898a2dd78294bf046c2"},"headline":"Foco agora est\u00e1 na mudan\u00e7a de ciclo","datePublished":"2023-07-14T11:00:00+00:00","mainEntityOfPage":{"@id":"https:\/\/www.suno.com.br\/noticias\/colunas\/luciano-costa\/foco-mudanca-ciclo\/"},"wordCount":928,"publisher":{"@id":"https:\/\/www.suno.com.br\/noticias\/#organization"},"image":{"@id":"https:\/\/www.suno.com.br\/noticias\/colunas\/luciano-costa\/foco-mudanca-ciclo\/#primaryimage"},"thumbnailUrl":"https:\/\/files.sunoresearch.com.br\/n\/uploads\/2023\/05\/banco-central-brasil-bc-bacen.jpg","keywords":["Banco Central (BC)","Federal Reserve (FED)","pol\u00edtica monet\u00e1ria","taxa de juros","Taxa Selic"],"inLanguage":"pt-BR"},{"@type":"WebPage","@id":"https:\/\/www.suno.com.br\/noticias\/colunas\/luciano-costa\/foco-mudanca-ciclo\/","url":"https:\/\/www.suno.com.br\/noticias\/colunas\/luciano-costa\/foco-mudanca-ciclo\/","name":"Foco agora est\u00e1 na mudan\u00e7a de ciclo","isPartOf":{"@id":"https:\/\/www.suno.com.br\/noticias\/#website"},"primaryImageOfPage":{"@id":"https:\/\/www.suno.com.br\/noticias\/colunas\/luciano-costa\/foco-mudanca-ciclo\/#primaryimage"},"image":{"@id":"https:\/\/www.suno.com.br\/noticias\/colunas\/luciano-costa\/foco-mudanca-ciclo\/#primaryimage"},"thumbnailUrl":"https:\/\/files.sunoresearch.com.br\/n\/uploads\/2023\/05\/banco-central-brasil-bc-bacen.jpg","datePublished":"2023-07-14T11:00:00+00:00","description":"Atividade mais t\u00edmida da China e sinaliza\u00e7\u00e3o de continuidade da postura hawkish dos Bancos Centrais nos revela um cen\u00e1rio desafiador","breadcrumb":{"@id":"https:\/\/www.suno.com.br\/noticias\/colunas\/luciano-costa\/foco-mudanca-ciclo\/#breadcrumb"},"inLanguage":"pt-BR","potentialAction":[{"@type":"ReadAction","target":["https:\/\/www.suno.com.br\/noticias\/colunas\/luciano-costa\/foco-mudanca-ciclo\/"]}]},{"@type":"ImageObject","inLanguage":"pt-BR","@id":"https:\/\/www.suno.com.br\/noticias\/colunas\/luciano-costa\/foco-mudanca-ciclo\/#primaryimage","url":"https:\/\/files.sunoresearch.com.br\/n\/uploads\/2023\/05\/banco-central-brasil-bc-bacen.jpg","contentUrl":"https:\/\/files.sunoresearch.com.br\/n\/uploads\/2023\/05\/banco-central-brasil-bc-bacen.jpg","width":1200,"height":800,"caption":"Banco Central e programa Desenrola. Foto: iStock"},{"@type":"BreadcrumbList","@id":"https:\/\/www.suno.com.br\/noticias\/colunas\/luciano-costa\/foco-mudanca-ciclo\/#breadcrumb","itemListElement":[{"@type":"ListItem","position":1,"name":"Not\u00edcias","item":"https:\/\/www.suno.com.br\/noticias\/"},{"@type":"ListItem","position":2,"name":"Colunas","item":"https:\/\/www.suno.com.br\/noticias\/colunas\/"},{"@type":"ListItem","position":3,"name":"Foco agora est\u00e1 na mudan\u00e7a de ciclo"}]},{"@type":"WebSite","@id":"https:\/\/www.suno.com.br\/noticias\/#website","url":"https:\/\/www.suno.com.br\/noticias\/","name":"Suno Not\u00edcias","description":"Seu portal de informa\u00e7\u00e3o sobre o mundo dos investimentos","publisher":{"@id":"https:\/\/www.suno.com.br\/noticias\/#organization"},"potentialAction":[{"@type":"SearchAction","target":{"@type":"EntryPoint","urlTemplate":"https:\/\/www.suno.com.br\/noticias\/?s={search_term_string}"},"query-input":{"@type":"PropertyValueSpecification","valueRequired":true,"valueName":"search_term_string"}}],"inLanguage":"pt-BR"},{"@type":"Organization","@id":"https:\/\/www.suno.com.br\/noticias\/#organization","name":"Suno Not\u00edcias","url":"https:\/\/www.suno.com.br\/noticias\/","logo":{"@type":"ImageObject","inLanguage":"pt-BR","@id":"https:\/\/www.suno.com.br\/noticias\/#\/schema\/logo\/image\/","url":"https:\/\/files.sunoresearch.com.br\/n\/uploads\/2021\/09\/suno-logo.png","contentUrl":"https:\/\/files.sunoresearch.com.br\/n\/uploads\/2021\/09\/suno-logo.png","width":180,"height":180,"caption":"Suno Not\u00edcias"},"image":{"@id":"https:\/\/www.suno.com.br\/noticias\/#\/schema\/logo\/image\/"},"sameAs":["https:\/\/facebook.com\/sunoresearch","https:\/\/x.com\/sunoresearch","https:\/\/www.instagram.com\/suno","https:\/\/www.linkedin.com\/company\/suno-research\/","https:\/\/www.youtube.com\/c\/sunoresearch"]},{"@type":"Person","@id":"https:\/\/www.suno.com.br\/noticias\/#\/schema\/person\/5928ff3feca72898a2dd78294bf046c2","name":"Luciano Costa","image":{"@type":"ImageObject","inLanguage":"pt-BR","@id":"https:\/\/www.suno.com.br\/noticias\/#\/schema\/person\/image\/","url":"https:\/\/secure.gravatar.com\/avatar\/2c4c184e27cefc0be78cd65e867883fc?s=96&r=g","contentUrl":"https:\/\/secure.gravatar.com\/avatar\/2c4c184e27cefc0be78cd65e867883fc?s=96&r=g","caption":"Luciano Costa"},"description":"Jos\u00e9 Luciano da Silva Costa \u00e9 economista-chefe e s\u00f3cio da Monte Bravo. Formado em economia pela FEA-USP e com mestrado em economia pela FGV-SP. Durante sua carreira se especializou em pol\u00edtica monet\u00e1ria, modelagem econom\u00e9trica e a cobertura de economia local e global. Com experi\u00eancia de mais de 20 anos foi Gerente Executivo de Renda Fixa e Macroeconomia da Funda\u00e7\u00e3o Petrobras de Seguridade Social (PETROS). Anteriormente, foi economista s\u00eanior e economista-chefe na Bradesco Asset Management, Ita\u00fa Asset Management e Unibanco Asset Management. Tamb\u00e9m trabalhou como economista pleno no Banco Ita\u00fa e no ABN AMRO Bank.","url":"https:\/\/www.suno.com.br\/noticias\/author\/luciano-costa\/"}]}},"amp_enabled":true,"_links":{"self":[{"href":"https:\/\/www.suno.com.br\/noticias\/wp-json\/wp\/v2\/suno_column\/428768"}],"collection":[{"href":"https:\/\/www.suno.com.br\/noticias\/wp-json\/wp\/v2\/suno_column"}],"about":[{"href":"https:\/\/www.suno.com.br\/noticias\/wp-json\/wp\/v2\/types\/suno_column"}],"author":[{"embeddable":true,"href":"https:\/\/www.suno.com.br\/noticias\/wp-json\/wp\/v2\/users\/228"}],"wp:featuredmedia":[{"embeddable":true,"href":"https:\/\/www.suno.com.br\/noticias\/wp-json\/wp\/v2\/media\/401535"}],"wp:attachment":[{"href":"https:\/\/www.suno.com.br\/noticias\/wp-json\/wp\/v2\/media?parent=428768"}],"wp:term":[{"taxonomy":"post_tag","embeddable":true,"href":"https:\/\/www.suno.com.br\/noticias\/wp-json\/wp\/v2\/tags?post=428768"}],"curies":[{"name":"wp","href":"https:\/\/api.w.org\/{rel}","templated":true}]}}