{"id":427428,"date":"2023-07-11T08:20:00","date_gmt":"2023-07-11T11:20:00","guid":{"rendered":"https:\/\/www.suno.com.br\/noticias\/colunas\/marco-lopes\/\/"},"modified":"2023-07-10T22:51:29","modified_gmt":"2023-07-11T01:51:29","slug":"revolucao-inteligencia-artificial-estradas","status":"publish","type":"suno_column","link":"https:\/\/www.suno.com.br\/noticias\/colunas\/thomas-gautier\/revolucao-inteligencia-artificial-estradas\/","title":{"rendered":"A revolu\u00e7\u00e3o que a Intelig\u00eancia Artificial j\u00e1 faz nas estradas"},"content":{"rendered":"<p>Embora tenha come\u00e7ado a se popularizar nos \u00faltimos meses em plataformas de design, v\u00eddeo e texto, a <strong>Intelig\u00eancia Artificial<\/strong> (IA) chegou h\u00e1 alguns anos \u00e0s Estradas. Quando nossa \u201ctela\u201d principal \u00e9 o para-brisas do ve\u00edculo, os recursos avan\u00e7ados t\u00eam potencial de tornar as rodovias um ambiente mais humano, que permite aos motoristas transitar com maior seguran\u00e7a e \u00e0s empresas estabelecerem estrat\u00e9gias log\u00edsticas com maior efici\u00eancia. A IA re\u00fane todas as condi\u00e7\u00f5es para consolidar a estrada como um ambiente de tecnologia, sustentabilidade e crescimento econ\u00f4mico.<\/p>\t<div class=\"wrapper-featured-image\">\n\t\t<figure class=\"spotlightImg\">\n\n\t\t\t<picture>\n\t\t\t\t<source media=\"(max-width: 768px)\" srcset=\"https:\/\/files.sunoresearch.com.br\/n\/uploads\/2023\/05\/inteligencia-artificial-400x200.jpg\">\n\t\t\t\t<img loading=\"lazy\" decoding=\"async\" class=\"newsContent__article__imgCapa lazyloadDisabled newsContent__article__imgCapa--noCaption\" src=\"https:\/\/files.sunoresearch.com.br\/n\/uploads\/2023\/05\/inteligencia-artificial-800x450.jpg\" width=\"800\" height=\"450\" alt=\"A revolu\u00e7\u00e3o que a Intelig\u00eancia Artificial j\u00e1 faz nas estradas\" fetchpriority=high \/>\n\t\t\t<\/picture>\n\n\t\t\t<figcaption class=\"wp-caption-text wp-caption-text--hide\"><\/figcaption>\n\t\t<\/figure>\n\t<\/div>\n\n\n\n\n\n\t<p>\n\t\t<a href=\"\" target=\"_blank\" data-element=\"shortcode-suno-banner\" title=\"Banner SUNO, clique e saiba mais\">\n\t\t\t<picture>\n\t\t\t\t<source media=\"(max-width: 500px)\" srcset=\"\">\n\t\t\t\t<img class=\"newsContent__article__imgCapa newsContent__article__imgCapa--banner\"\n\t\t\t\t\tsrc=\"\"\n\t\t\t\t\tdata-promo-id=\"240038\"\t\t\t\t\t\t\t\t\t\t\t\t\t\t\talt=\"\"\n\t\t\t\t>\n\t\t\t<\/picture>\n\t\t<\/a>\n\t<\/p>\n\n\n\n\n\n\n\n<p>Em um pa\u00eds onde, de acordo com o Minist\u00e9rio da Sa\u00fade, uma pessoa morre em m\u00e9dia a cada 13 minutos v\u00edtima de <strong>acidentes no tr\u00e2nsito<\/strong>, podem fazer diferen\u00e7a tecnologias, por exemplo, que ajudem a detectar sem interven\u00e7\u00e3o humana informa\u00e7\u00f5es sobre deformidades na pista, prevenindo consequ\u00eancias graves. Em outra frente, diante do cen\u00e1rio de mudan\u00e7as clim\u00e1ticas que tornam inc\u00eandios florestais mais frequentes, no Esp\u00edrito Santo pesquisadores <strong>desenvolvem IA <\/strong>que prev\u00ea risco de fogo em 35 zonas do estado, identificando inclusive a proximidade das rodovias, o que pode ser \u00fatil a caminhoneiros que circulam por essas \u00e1reas.<\/p>\n\n\n\n<p>Os <strong>motoristas<\/strong> tamb\u00e9m t\u00eam suporte de uma s\u00e9rie de dispositivos preparados para interpretar movimentos incomuns na dire\u00e7\u00e3o, desde drones com algoritmos que registram poss\u00edveis perigos a bon\u00e9s que emitem alertas ao menor sinal de cansa\u00e7o de quem dirige. No Jap\u00e3o, pensando nos efeitos repentinos de males card\u00edacos, vasculares e epilepsia, uma empresa usa <strong>c\u00e2meras e IA<\/strong> para medir altera\u00e7\u00f5es na pele e na press\u00e3o sangu\u00ednea do motorista, possibilitando que um sistema semiaut\u00f4nomo assuma o volante at\u00e9 parar o ve\u00edculo com seguran\u00e7a.<\/p>\n\n\n\n<p>A <strong>evolu\u00e7\u00e3o da IA e do 5G<\/strong> tamb\u00e9m abre espa\u00e7o para a seguran\u00e7a na via, uma das principais demandas de quem trabalha na Estrada. H\u00e1 sensores que monitoram se as cargas est\u00e3o sendo transportadas nas condi\u00e7\u00f5es ideais, bem como mudan\u00e7as incomuns de rota e at\u00e9 a dist\u00e2ncia do motorista para outros ve\u00edculos, contribuindo para a redu\u00e7\u00e3o de riscos de perdas, roubos, danos, acidentes e, consequentemente, dos pr\u00eamios dos seguros.<\/p>\n\n\n\t<p>\n\t\t<a href=\"https:\/\/lp.suno.com.br\/ebook-gratuito-investindo-no-exterior\/\" target=\"_blank\" data-element=\"shortcode-suno-banner\" title=\"Banner SUNO, clique e saiba mais\">\n\t\t\t<picture>\n\t\t\t\t<source media=\"(max-width: 500px)\" srcset=\"https:\/\/files.sunoresearch.com.br\/n\/uploads\/2023\/03\/400x300-Investindo-no-exterior.png\">\n\t\t\t\t<img class=\"newsContent__article__imgCapa newsContent__article__imgCapa--banner\"\n\t\t\t\t\tsrc=\"https:\/\/files.sunoresearch.com.br\/n\/uploads\/2023\/03\/1420x240-Investindo-no-exterior.png\"\n\t\t\t\t\tdata-promo-id=\"383161\"\t\t\t\t\t\t\t\t\t\twidth='1420' height='240'\t\t\t\t\talt=\"https:\/\/files.sunoresearch.com.br\/n\/uploads\/2023\/03\/1420x240-Investindo-no-exterior.png\"\n\t\t\t\t>\n\t\t\t<\/picture>\n\t\t<\/a>\n\t<\/p>\n\n\n\n\n\n<p>Com <strong>recursos tecnol\u00f3gicos<\/strong>, acompanha-se desde o desgaste das pe\u00e7as dos ve\u00edculos \u00e0s condi\u00e7\u00f5es das rodovias, ajudando a diminuir as despesas com manuten\u00e7\u00e3o e reparos ou o pr\u00f3prio consumo de combust\u00edvel. Um projeto de universidades americanas promete inibir esse mesmo consumo em at\u00e9 20% conectando sensores a sem\u00e1foros para otimizar seu funcionamento e melhorar o tr\u00e1fego.<\/p>\n\n\n\n<p>No campo fiscal e mercadol\u00f3gico, perdas com sonega\u00e7\u00e3o de impostos e a concorr\u00eancia desleal tamb\u00e9m podem ser reduzidas. Em Goi\u00e1s, um sistema utilizado pela Secretaria de Economia do Estado cruza as informa\u00e7\u00f5es das placas dos caminh\u00f5es com dados da Receita e de notas fiscais das mercadorias para impedir a atua\u00e7\u00e3o ilegal.<\/p>\n\n\n\n<p>Na log\u00edstica B2B, pesquisas indicam que 98% dos caminhoneiros possuem acesso \u00e0 internet. Est\u00e3o, portanto, habilitados para usar a intelig\u00eancia de dados a seu favor. Ao organizar digitalmente suas entregas, deixam de rodar em m\u00e9dia 150 quil\u00f4metros com o caminh\u00e3o vazio em busca de novas cargas, o que se traduz em melhor uso do tempo, economia de combust\u00edvel, menos <strong>emiss\u00f5es de CO2<\/strong>, mais tranquilidade, libera\u00e7\u00e3o do tr\u00e2nsito e at\u00e9 melhores margens de ganhos com o frete.<\/p>\n\n\n\n<p>Um estudo da Escola Superior de Agricultura Luiz de Queiroz (Esalq), da USP, ali\u00e1s, defende que, somada a outras a\u00e7\u00f5es, a melhor efici\u00eancia energ\u00e9tica do frete rodovi\u00e1rio pode reduzir 28% dos custos do transporte de soja e 32% das emiss\u00f5es de CO2 derivadas da atividade at\u00e9 2050.<\/p>\n\n\n\n<p>\u00c9 ou n\u00e3o \u00e9 uma revolu\u00e7\u00e3o?<\/p>\n\n\n\t<p>\n\t\t<a href=\"https:\/\/lp.suno.com.br\/suno-one\/?utm_campaign=_SNC6964518A_\" target=\"_blank\" data-element=\"shortcode-suno-banner\" title=\"Banner SUNO, clique e saiba mais\">\n\t\t\t<picture>\n\t\t\t\t<source media=\"(max-width: 500px)\" srcset=\"https:\/\/files.sunoresearch.com.br\/n\/uploads\/2025\/09\/400x300-Suno-One-png.webp\">\n\t\t\t\t<img class=\"newsContent__article__imgCapa newsContent__article__imgCapa--banner\"\n\t\t\t\t\tsrc=\"https:\/\/files.sunoresearch.com.br\/n\/uploads\/2025\/09\/1420x240-Suno-One-png.webp\"\n\t\t\t\t\tdata-promo-id=\"383121\"\t\t\t\t\t\t\t\t\t\twidth='1420' height='240'\t\t\t\t\talt=\"https:\/\/files.sunoresearch.com.br\/n\/uploads\/2025\/09\/1420x240-Suno-One-png.webp\"\n\t\t\t\t>\n\t\t\t<\/picture>\n\t\t<\/a>\n\t<\/p>\n\n\n","protected":false},"excerpt":{"rendered":"<p>Embora tenha come\u00e7ado a se popularizar nos \u00faltimos meses em plataformas de design, v\u00eddeo e texto, a Intelig\u00eancia Artificial (IA) chegou h\u00e1 alguns anos \u00e0s Estradas. Qua&#8230;<\/p>\n","protected":false},"author":246,"featured_media":400981,"template":"","tags":[1577],"class_list":["post-427428","suno_column","type-suno_column","status-publish","has-post-thumbnail","hentry","tag-inteligencia-artificial"],"yoast_head":"<!-- This site is optimized with the Yoast SEO plugin v24.4 - https:\/\/yoast.com\/wordpress\/plugins\/seo\/ -->\n<title>A revolu\u00e7\u00e3o que a Intelig\u00eancia Artificial j\u00e1 faz nas estradas<\/title>\n<meta name=\"description\" content=\"Como uma s\u00e9rie de inova\u00e7\u00f5es tecnol\u00f3gicas est\u00e1 transformando as rodovias no Brasil e no mundo, com potencial de torn\u00e1-las mais seguras\" \/>\n<meta name=\"robots\" content=\"index, follow, max-snippet:-1, max-image-preview:large, max-video-preview:-1\" \/>\n<link rel=\"canonical\" href=\"https:\/\/www.suno.com.br\/noticias\/colunas\/thomas-gautier\/revolucao-inteligencia-artificial-estradas\/\" \/>\n<meta property=\"og:locale\" content=\"pt_BR\" \/>\n<meta property=\"og:type\" content=\"article\" \/>\n<meta property=\"og:title\" content=\"A revolu\u00e7\u00e3o que a Intelig\u00eancia Artificial j\u00e1 faz nas estradas\" \/>\n<meta property=\"og:description\" content=\"Como uma s\u00e9rie de inova\u00e7\u00f5es tecnol\u00f3gicas est\u00e1 transformando as rodovias no Brasil e no mundo, com potencial de torn\u00e1-las mais seguras\" \/>\n<meta property=\"og:url\" content=\"https:\/\/www.suno.com.br\/noticias\/colunas\/thomas-gautier\/revolucao-inteligencia-artificial-estradas\/\" \/>\n<meta property=\"og:site_name\" content=\"Suno Not\u00edcias\" \/>\n<meta property=\"article:publisher\" content=\"https:\/\/facebook.com\/sunoresearch\" \/>\n<meta property=\"og:image\" content=\"https:\/\/files.sunoresearch.com.br\/n\/uploads\/2023\/05\/inteligencia-artificial-scaled.jpg\" \/>\n\t<meta property=\"og:image:width\" content=\"2560\" \/>\n\t<meta property=\"og:image:height\" content=\"1707\" \/>\n\t<meta property=\"og:image:type\" content=\"image\/jpeg\" \/>\n<meta name=\"twitter:card\" content=\"summary_large_image\" \/>\n<meta name=\"twitter:site\" content=\"@sunoresearch\" \/>\n<meta name=\"twitter:label1\" content=\"Est. tempo de leitura\" \/>\n\t<meta name=\"twitter:data1\" content=\"4 minutos\" \/>\n<script type=\"application\/ld+json\" class=\"yoast-schema-graph\">{\"@context\":\"https:\/\/schema.org\",\"@graph\":[{\"@type\":\"Article\",\"@id\":\"https:\/\/www.suno.com.br\/noticias\/colunas\/thomas-gautier\/revolucao-inteligencia-artificial-estradas\/#article\",\"isPartOf\":{\"@id\":\"https:\/\/www.suno.com.br\/noticias\/colunas\/thomas-gautier\/revolucao-inteligencia-artificial-estradas\/\"},\"author\":{\"name\":\"Thomas Gautier\",\"@id\":\"https:\/\/www.suno.com.br\/noticias\/#\/schema\/person\/868c82dfe8f50aeb0e7a4b70b7a12dac\"},\"headline\":\"A revolu\u00e7\u00e3o que a Intelig\u00eancia Artificial j\u00e1 faz nas estradas\",\"datePublished\":\"2023-07-11T11:20:00+00:00\",\"mainEntityOfPage\":{\"@id\":\"https:\/\/www.suno.com.br\/noticias\/colunas\/thomas-gautier\/revolucao-inteligencia-artificial-estradas\/\"},\"wordCount\":664,\"publisher\":{\"@id\":\"https:\/\/www.suno.com.br\/noticias\/#organization\"},\"image\":{\"@id\":\"https:\/\/www.suno.com.br\/noticias\/colunas\/thomas-gautier\/revolucao-inteligencia-artificial-estradas\/#primaryimage\"},\"thumbnailUrl\":\"https:\/\/files.sunoresearch.com.br\/n\/uploads\/2023\/05\/inteligencia-artificial-scaled.jpg\",\"keywords\":[\"intelig\u00eancia artificial\"],\"inLanguage\":\"pt-BR\"},{\"@type\":\"WebPage\",\"@id\":\"https:\/\/www.suno.com.br\/noticias\/colunas\/thomas-gautier\/revolucao-inteligencia-artificial-estradas\/\",\"url\":\"https:\/\/www.suno.com.br\/noticias\/colunas\/thomas-gautier\/revolucao-inteligencia-artificial-estradas\/\",\"name\":\"A revolu\u00e7\u00e3o que a Intelig\u00eancia Artificial j\u00e1 faz nas estradas\",\"isPartOf\":{\"@id\":\"https:\/\/www.suno.com.br\/noticias\/#website\"},\"primaryImageOfPage\":{\"@id\":\"https:\/\/www.suno.com.br\/noticias\/colunas\/thomas-gautier\/revolucao-inteligencia-artificial-estradas\/#primaryimage\"},\"image\":{\"@id\":\"https:\/\/www.suno.com.br\/noticias\/colunas\/thomas-gautier\/revolucao-inteligencia-artificial-estradas\/#primaryimage\"},\"thumbnailUrl\":\"https:\/\/files.sunoresearch.com.br\/n\/uploads\/2023\/05\/inteligencia-artificial-scaled.jpg\",\"datePublished\":\"2023-07-11T11:20:00+00:00\",\"description\":\"Como uma s\u00e9rie de inova\u00e7\u00f5es tecnol\u00f3gicas est\u00e1 transformando as rodovias no Brasil e no mundo, com potencial de torn\u00e1-las mais seguras\",\"breadcrumb\":{\"@id\":\"https:\/\/www.suno.com.br\/noticias\/colunas\/thomas-gautier\/revolucao-inteligencia-artificial-estradas\/#breadcrumb\"},\"inLanguage\":\"pt-BR\",\"potentialAction\":[{\"@type\":\"ReadAction\",\"target\":[\"https:\/\/www.suno.com.br\/noticias\/colunas\/thomas-gautier\/revolucao-inteligencia-artificial-estradas\/\"]}]},{\"@type\":\"ImageObject\",\"inLanguage\":\"pt-BR\",\"@id\":\"https:\/\/www.suno.com.br\/noticias\/colunas\/thomas-gautier\/revolucao-inteligencia-artificial-estradas\/#primaryimage\",\"url\":\"https:\/\/files.sunoresearch.com.br\/n\/uploads\/2023\/05\/inteligencia-artificial-scaled.jpg\",\"contentUrl\":\"https:\/\/files.sunoresearch.com.br\/n\/uploads\/2023\/05\/inteligencia-artificial-scaled.jpg\",\"width\":2560,\"height\":1707,\"caption\":\"inteligencia artificial\"},{\"@type\":\"BreadcrumbList\",\"@id\":\"https:\/\/www.suno.com.br\/noticias\/colunas\/thomas-gautier\/revolucao-inteligencia-artificial-estradas\/#breadcrumb\",\"itemListElement\":[{\"@type\":\"ListItem\",\"position\":1,\"name\":\"Not\u00edcias\",\"item\":\"https:\/\/www.suno.com.br\/noticias\/\"},{\"@type\":\"ListItem\",\"position\":2,\"name\":\"Colunas\",\"item\":\"https:\/\/www.suno.com.br\/noticias\/colunas\/\"},{\"@type\":\"ListItem\",\"position\":3,\"name\":\"A revolu\u00e7\u00e3o que a Intelig\u00eancia Artificial j\u00e1 faz nas estradas\"}]},{\"@type\":\"WebSite\",\"@id\":\"https:\/\/www.suno.com.br\/noticias\/#website\",\"url\":\"https:\/\/www.suno.com.br\/noticias\/\",\"name\":\"Suno Not\u00edcias\",\"description\":\"Seu portal de informa\u00e7\u00e3o sobre o mundo dos investimentos\",\"publisher\":{\"@id\":\"https:\/\/www.suno.com.br\/noticias\/#organization\"},\"potentialAction\":[{\"@type\":\"SearchAction\",\"target\":{\"@type\":\"EntryPoint\",\"urlTemplate\":\"https:\/\/www.suno.com.br\/noticias\/?s={search_term_string}\"},\"query-input\":{\"@type\":\"PropertyValueSpecification\",\"valueRequired\":true,\"valueName\":\"search_term_string\"}}],\"inLanguage\":\"pt-BR\"},{\"@type\":\"Organization\",\"@id\":\"https:\/\/www.suno.com.br\/noticias\/#organization\",\"name\":\"Suno Not\u00edcias\",\"url\":\"https:\/\/www.suno.com.br\/noticias\/\",\"logo\":{\"@type\":\"ImageObject\",\"inLanguage\":\"pt-BR\",\"@id\":\"https:\/\/www.suno.com.br\/noticias\/#\/schema\/logo\/image\/\",\"url\":\"https:\/\/files.sunoresearch.com.br\/n\/uploads\/2021\/09\/suno-logo.png\",\"contentUrl\":\"https:\/\/files.sunoresearch.com.br\/n\/uploads\/2021\/09\/suno-logo.png\",\"width\":180,\"height\":180,\"caption\":\"Suno Not\u00edcias\"},\"image\":{\"@id\":\"https:\/\/www.suno.com.br\/noticias\/#\/schema\/logo\/image\/\"},\"sameAs\":[\"https:\/\/facebook.com\/sunoresearch\",\"https:\/\/x.com\/sunoresearch\",\"https:\/\/www.instagram.com\/suno\",\"https:\/\/www.linkedin.com\/company\/suno-research\/\",\"https:\/\/www.youtube.com\/c\/sunoresearch\"]},{\"@type\":\"Person\",\"@id\":\"https:\/\/www.suno.com.br\/noticias\/#\/schema\/person\/868c82dfe8f50aeb0e7a4b70b7a12dac\",\"name\":\"Thomas Gautier\",\"image\":{\"@type\":\"ImageObject\",\"inLanguage\":\"pt-BR\",\"@id\":\"https:\/\/www.suno.com.br\/noticias\/#\/schema\/person\/image\/\",\"url\":\"https:\/\/secure.gravatar.com\/avatar\/509a1eba5a075fe91580a665f1f6b8be?s=96&r=g\",\"contentUrl\":\"https:\/\/secure.gravatar.com\/avatar\/509a1eba5a075fe91580a665f1f6b8be?s=96&r=g\",\"caption\":\"Thomas Gautier\"},\"description\":\"Thomas Gautier tem duas d\u00e9cadas de experi\u00eancia em grupos internacionais e assumiu como CEO do Freto em 2021. O executivo iniciou sua carreira na Fran\u00e7a e tornou-se CFO da Repom, no Brasil, em 2013. Em 2017, virou diretor-geral da Repom e, em 2018, passou a ser Head de Log\u00edstica do Grupo Edenred, quando, em sua gest\u00e3o, o Freto nasceu. Desde o come\u00e7o do ano, o Freto assumiu a gest\u00e3o do Clube da Estrada, maior plataforma do pa\u00eds de apoio a Caminhoneiros\",\"url\":\"https:\/\/www.suno.com.br\/noticias\/author\/thomas-gautier\/\"}]}<\/script>\n<!-- \/ Yoast SEO plugin. -->","yoast_head_json":{"title":"A revolu\u00e7\u00e3o que a Intelig\u00eancia Artificial j\u00e1 faz nas estradas","description":"Como uma s\u00e9rie de inova\u00e7\u00f5es tecnol\u00f3gicas est\u00e1 transformando as rodovias no Brasil e no mundo, com potencial de torn\u00e1-las mais seguras","robots":{"index":"index","follow":"follow","max-snippet":"max-snippet:-1","max-image-preview":"max-image-preview:large","max-video-preview":"max-video-preview:-1"},"canonical":"https:\/\/www.suno.com.br\/noticias\/colunas\/thomas-gautier\/revolucao-inteligencia-artificial-estradas\/","og_locale":"pt_BR","og_type":"article","og_title":"A revolu\u00e7\u00e3o que a Intelig\u00eancia Artificial j\u00e1 faz nas estradas","og_description":"Como uma s\u00e9rie de inova\u00e7\u00f5es tecnol\u00f3gicas est\u00e1 transformando as rodovias no Brasil e no mundo, com potencial de torn\u00e1-las mais seguras","og_url":"https:\/\/www.suno.com.br\/noticias\/colunas\/thomas-gautier\/revolucao-inteligencia-artificial-estradas\/","og_site_name":"Suno Not\u00edcias","article_publisher":"https:\/\/facebook.com\/sunoresearch","og_image":[{"width":2560,"height":1707,"url":"https:\/\/files.sunoresearch.com.br\/n\/uploads\/2023\/05\/inteligencia-artificial-scaled.jpg","type":"image\/jpeg"}],"twitter_card":"summary_large_image","twitter_site":"@sunoresearch","twitter_misc":{"Est. tempo de leitura":"4 minutos"},"schema":{"@context":"https:\/\/schema.org","@graph":[{"@type":"Article","@id":"https:\/\/www.suno.com.br\/noticias\/colunas\/thomas-gautier\/revolucao-inteligencia-artificial-estradas\/#article","isPartOf":{"@id":"https:\/\/www.suno.com.br\/noticias\/colunas\/thomas-gautier\/revolucao-inteligencia-artificial-estradas\/"},"author":{"name":"Thomas Gautier","@id":"https:\/\/www.suno.com.br\/noticias\/#\/schema\/person\/868c82dfe8f50aeb0e7a4b70b7a12dac"},"headline":"A revolu\u00e7\u00e3o que a Intelig\u00eancia Artificial j\u00e1 faz nas estradas","datePublished":"2023-07-11T11:20:00+00:00","mainEntityOfPage":{"@id":"https:\/\/www.suno.com.br\/noticias\/colunas\/thomas-gautier\/revolucao-inteligencia-artificial-estradas\/"},"wordCount":664,"publisher":{"@id":"https:\/\/www.suno.com.br\/noticias\/#organization"},"image":{"@id":"https:\/\/www.suno.com.br\/noticias\/colunas\/thomas-gautier\/revolucao-inteligencia-artificial-estradas\/#primaryimage"},"thumbnailUrl":"https:\/\/files.sunoresearch.com.br\/n\/uploads\/2023\/05\/inteligencia-artificial-scaled.jpg","keywords":["intelig\u00eancia artificial"],"inLanguage":"pt-BR"},{"@type":"WebPage","@id":"https:\/\/www.suno.com.br\/noticias\/colunas\/thomas-gautier\/revolucao-inteligencia-artificial-estradas\/","url":"https:\/\/www.suno.com.br\/noticias\/colunas\/thomas-gautier\/revolucao-inteligencia-artificial-estradas\/","name":"A revolu\u00e7\u00e3o que a Intelig\u00eancia Artificial j\u00e1 faz nas estradas","isPartOf":{"@id":"https:\/\/www.suno.com.br\/noticias\/#website"},"primaryImageOfPage":{"@id":"https:\/\/www.suno.com.br\/noticias\/colunas\/thomas-gautier\/revolucao-inteligencia-artificial-estradas\/#primaryimage"},"image":{"@id":"https:\/\/www.suno.com.br\/noticias\/colunas\/thomas-gautier\/revolucao-inteligencia-artificial-estradas\/#primaryimage"},"thumbnailUrl":"https:\/\/files.sunoresearch.com.br\/n\/uploads\/2023\/05\/inteligencia-artificial-scaled.jpg","datePublished":"2023-07-11T11:20:00+00:00","description":"Como uma s\u00e9rie de inova\u00e7\u00f5es tecnol\u00f3gicas est\u00e1 transformando as rodovias no Brasil e no mundo, com potencial de torn\u00e1-las mais seguras","breadcrumb":{"@id":"https:\/\/www.suno.com.br\/noticias\/colunas\/thomas-gautier\/revolucao-inteligencia-artificial-estradas\/#breadcrumb"},"inLanguage":"pt-BR","potentialAction":[{"@type":"ReadAction","target":["https:\/\/www.suno.com.br\/noticias\/colunas\/thomas-gautier\/revolucao-inteligencia-artificial-estradas\/"]}]},{"@type":"ImageObject","inLanguage":"pt-BR","@id":"https:\/\/www.suno.com.br\/noticias\/colunas\/thomas-gautier\/revolucao-inteligencia-artificial-estradas\/#primaryimage","url":"https:\/\/files.sunoresearch.com.br\/n\/uploads\/2023\/05\/inteligencia-artificial-scaled.jpg","contentUrl":"https:\/\/files.sunoresearch.com.br\/n\/uploads\/2023\/05\/inteligencia-artificial-scaled.jpg","width":2560,"height":1707,"caption":"inteligencia artificial"},{"@type":"BreadcrumbList","@id":"https:\/\/www.suno.com.br\/noticias\/colunas\/thomas-gautier\/revolucao-inteligencia-artificial-estradas\/#breadcrumb","itemListElement":[{"@type":"ListItem","position":1,"name":"Not\u00edcias","item":"https:\/\/www.suno.com.br\/noticias\/"},{"@type":"ListItem","position":2,"name":"Colunas","item":"https:\/\/www.suno.com.br\/noticias\/colunas\/"},{"@type":"ListItem","position":3,"name":"A revolu\u00e7\u00e3o que a Intelig\u00eancia Artificial j\u00e1 faz nas estradas"}]},{"@type":"WebSite","@id":"https:\/\/www.suno.com.br\/noticias\/#website","url":"https:\/\/www.suno.com.br\/noticias\/","name":"Suno Not\u00edcias","description":"Seu portal de informa\u00e7\u00e3o sobre o mundo dos investimentos","publisher":{"@id":"https:\/\/www.suno.com.br\/noticias\/#organization"},"potentialAction":[{"@type":"SearchAction","target":{"@type":"EntryPoint","urlTemplate":"https:\/\/www.suno.com.br\/noticias\/?s={search_term_string}"},"query-input":{"@type":"PropertyValueSpecification","valueRequired":true,"valueName":"search_term_string"}}],"inLanguage":"pt-BR"},{"@type":"Organization","@id":"https:\/\/www.suno.com.br\/noticias\/#organization","name":"Suno Not\u00edcias","url":"https:\/\/www.suno.com.br\/noticias\/","logo":{"@type":"ImageObject","inLanguage":"pt-BR","@id":"https:\/\/www.suno.com.br\/noticias\/#\/schema\/logo\/image\/","url":"https:\/\/files.sunoresearch.com.br\/n\/uploads\/2021\/09\/suno-logo.png","contentUrl":"https:\/\/files.sunoresearch.com.br\/n\/uploads\/2021\/09\/suno-logo.png","width":180,"height":180,"caption":"Suno Not\u00edcias"},"image":{"@id":"https:\/\/www.suno.com.br\/noticias\/#\/schema\/logo\/image\/"},"sameAs":["https:\/\/facebook.com\/sunoresearch","https:\/\/x.com\/sunoresearch","https:\/\/www.instagram.com\/suno","https:\/\/www.linkedin.com\/company\/suno-research\/","https:\/\/www.youtube.com\/c\/sunoresearch"]},{"@type":"Person","@id":"https:\/\/www.suno.com.br\/noticias\/#\/schema\/person\/868c82dfe8f50aeb0e7a4b70b7a12dac","name":"Thomas Gautier","image":{"@type":"ImageObject","inLanguage":"pt-BR","@id":"https:\/\/www.suno.com.br\/noticias\/#\/schema\/person\/image\/","url":"https:\/\/secure.gravatar.com\/avatar\/509a1eba5a075fe91580a665f1f6b8be?s=96&r=g","contentUrl":"https:\/\/secure.gravatar.com\/avatar\/509a1eba5a075fe91580a665f1f6b8be?s=96&r=g","caption":"Thomas Gautier"},"description":"Thomas Gautier tem duas d\u00e9cadas de experi\u00eancia em grupos internacionais e assumiu como CEO do Freto em 2021. O executivo iniciou sua carreira na Fran\u00e7a e tornou-se CFO da Repom, no Brasil, em 2013. Em 2017, virou diretor-geral da Repom e, em 2018, passou a ser Head de Log\u00edstica do Grupo Edenred, quando, em sua gest\u00e3o, o Freto nasceu. Desde o come\u00e7o do ano, o Freto assumiu a gest\u00e3o do Clube da Estrada, maior plataforma do pa\u00eds de apoio a Caminhoneiros","url":"https:\/\/www.suno.com.br\/noticias\/author\/thomas-gautier\/"}]}},"amp_enabled":true,"_links":{"self":[{"href":"https:\/\/www.suno.com.br\/noticias\/wp-json\/wp\/v2\/suno_column\/427428"}],"collection":[{"href":"https:\/\/www.suno.com.br\/noticias\/wp-json\/wp\/v2\/suno_column"}],"about":[{"href":"https:\/\/www.suno.com.br\/noticias\/wp-json\/wp\/v2\/types\/suno_column"}],"author":[{"embeddable":true,"href":"https:\/\/www.suno.com.br\/noticias\/wp-json\/wp\/v2\/users\/246"}],"wp:featuredmedia":[{"embeddable":true,"href":"https:\/\/www.suno.com.br\/noticias\/wp-json\/wp\/v2\/media\/400981"}],"wp:attachment":[{"href":"https:\/\/www.suno.com.br\/noticias\/wp-json\/wp\/v2\/media?parent=427428"}],"wp:term":[{"taxonomy":"post_tag","embeddable":true,"href":"https:\/\/www.suno.com.br\/noticias\/wp-json\/wp\/v2\/tags?post=427428"}],"curies":[{"name":"wp","href":"https:\/\/api.w.org\/{rel}","templated":true}]}}