{"id":423578,"date":"2023-07-03T08:00:00","date_gmt":"2023-07-03T11:00:00","guid":{"rendered":"https:\/\/www.suno.com.br\/noticias\/colunas\/marco-lopes\/\/"},"modified":"2023-06-30T22:38:57","modified_gmt":"2023-07-01T01:38:57","slug":"como-funciona-bonus-adimplencia-fiscal","status":"publish","type":"suno_column","link":"https:\/\/www.suno.com.br\/noticias\/colunas\/leandro-ferreira\/como-funciona-bonus-adimplencia-fiscal\/","title":{"rendered":"Como funciona o b\u00f4nus de adimpl\u00eancia fiscal"},"content":{"rendered":"<p>Frente a um universo fiscal cuja complexidade \u00e9 sentida todos os dias, n\u00e3o \u00e9 incomum que contribuintes estejam alheios a benef\u00edcios fiscais que poderiam, se adotados, culminar em ganhos importantes para o fluxo de caixa e o andamento de suas atividades. Desenvolvido para premiar e estimular empresas a se manterem em um ritmo de adimpl\u00eancia com seus tributos e contribui\u00e7\u00f5es pagas \u00e0 Uni\u00e3o, estes direcionados para a tutela da Receita Federal do Brasil (RFB), o b\u00f4nus de <strong>adimpl\u00eancia fiscal<\/strong> surge como uma grande oportunidade de redu\u00e7\u00e3o econ\u00f4mica, atribuindo valor \u00e0 conformidade como um objetivo a ser perseguido por companhias brasileiras.<\/p>\t<div class=\"wrapper-featured-image\">\n\t\t<figure class=\"spotlightImg\">\n\n\t\t\t<picture>\n\t\t\t\t<source media=\"(max-width: 768px)\" srcset=\"https:\/\/files.sunoresearch.com.br\/n\/uploads\/2022\/11\/Colunistas-400x200.jpg\">\n\t\t\t\t<img loading=\"lazy\" decoding=\"async\" class=\"newsContent__article__imgCapa lazyloadDisabled newsContent__article__imgCapa--noCaption\" src=\"https:\/\/files.sunoresearch.com.br\/n\/uploads\/2022\/11\/Colunistas-800x450.jpg\" width=\"800\" height=\"450\" alt=\"Como funciona o b\u00f4nus de adimpl\u00eancia fiscal\" fetchpriority=high \/>\n\t\t\t<\/picture>\n\n\t\t\t<figcaption class=\"wp-caption-text wp-caption-text--hide\"><\/figcaption>\n\t\t<\/figure>\n\t<\/div>\n\n\n\n\n\n\t<p>\n\t\t<a href=\"\" target=\"_blank\" data-element=\"shortcode-suno-banner\" title=\"Banner SUNO, clique e saiba mais\">\n\t\t\t<picture>\n\t\t\t\t<source media=\"(max-width: 500px)\" srcset=\"\">\n\t\t\t\t<img class=\"newsContent__article__imgCapa newsContent__article__imgCapa--banner\"\n\t\t\t\t\tsrc=\"\"\n\t\t\t\t\tdata-promo-id=\"240038\"\t\t\t\t\t\t\t\t\t\t\t\t\t\t\talt=\"\"\n\t\t\t\t>\n\t\t\t<\/picture>\n\t\t<\/a>\n\t<\/p>\n\n\n\n\n\n\n\n<p>Primeiro, \u00e9 necess\u00e1rio destacar que o <strong>b\u00f4nu<\/strong>s teve sua regulamenta\u00e7\u00e3o originada pela Lei n\u00ba 10.637 de 2002, com institui\u00e7\u00e3o decretada no Artigo n\u00ba 38. Como constam no trecho referido, as hip\u00f3teses v\u00e3o desde os crit\u00e9rios para que determinada empresa aproveite o benef\u00edcio ao alerta para o uso indevido da bonifica\u00e7\u00e3o, com o risco de que san\u00e7\u00f5es administrativas sejam aplicadas. Antes de qualquer coisa, sob a perspectiva do contribuinte, mostra-se fundamental entrar a fundo no que defende a legisla\u00e7\u00e3o quanto \u00e0 possibilidade de se materializar o <strong>b\u00f4nus de adimpl\u00eancia fiscal<\/strong>.<\/p>\n\n\n\n<h2 class=\"wp-block-heading\">O b\u00f4nus de adimpl\u00eancia fiscal em termos pr\u00e1ticos<\/h2>\n\n\n\n<p>Seguindo as normas fixadas para empresas submetidas ao regime tribut\u00e1rio de apura\u00e7\u00e3o baseada no lucro presumido (Artigo n\u00ba 272 da IN RFB n\u00ba 1700 de 2017), a bonifica\u00e7\u00e3o por adimpl\u00eancia fiscal \u00e9 calculada por meio da aplica\u00e7\u00e3o do percentual de 1% sobre a base de <strong>c\u00e1lculo da Contribui\u00e7\u00e3o Social<\/strong> sobre o Lucro (CSL), apurado sob a metodologia do lucro presumido, ainda que para optantes do lucro real, relativa ao ano-calend\u00e1rio em que fora autorizada a ado\u00e7\u00e3o do benef\u00edcio citado.<\/p>\n\n\n\t<p>\n\t\t<a href=\"https:\/\/lp.suno.com.br\/ebook-gratuito-investindo-no-exterior\/\" target=\"_blank\" data-element=\"shortcode-suno-banner\" title=\"Banner SUNO, clique e saiba mais\">\n\t\t\t<picture>\n\t\t\t\t<source media=\"(max-width: 500px)\" srcset=\"https:\/\/files.sunoresearch.com.br\/n\/uploads\/2023\/03\/400x300-Investindo-no-exterior.png\">\n\t\t\t\t<img class=\"newsContent__article__imgCapa newsContent__article__imgCapa--banner\"\n\t\t\t\t\tsrc=\"https:\/\/files.sunoresearch.com.br\/n\/uploads\/2023\/03\/1420x240-Investindo-no-exterior.png\"\n\t\t\t\t\tdata-promo-id=\"383161\"\t\t\t\t\t\t\t\t\t\twidth='1420' height='240'\t\t\t\t\talt=\"https:\/\/files.sunoresearch.com.br\/n\/uploads\/2023\/03\/1420x240-Investindo-no-exterior.png\"\n\t\t\t\t>\n\t\t\t<\/picture>\n\t\t<\/a>\n\t<\/p>\n\n\n\n\n\n<p>Vale mencionar que, em casos de apura\u00e7\u00e3o trimestral, o <strong>c\u00e1lculo do b\u00f4nus<\/strong> deve ser conduzido sobre os quatro trimestres vigentes no ano-calend\u00e1rio, tendo a <strong>dedu\u00e7\u00e3o da CSL<\/strong> devida correspondente ao \u00faltimo trimestre. Ademais, o per\u00edodo estabelecido de forma pr\u00e9via para o aproveitamento do benef\u00edcio \u00e9 de cinco anos-calend\u00e1rio, como tamb\u00e9m indica a Instru\u00e7\u00e3o Normativa.<\/p>\n\n\n\n<h2 class=\"wp-block-heading\">Quais empresas t\u00eam direito ao b\u00f4nus? E quem est\u00e1 impedido?<\/h2>\n\n\n\n<p>A<strong> redu\u00e7\u00e3o da base tribut\u00e1vel<\/strong> \u00e9 uma possibilidade aberta a empresas que forem adimplentes nos \u00faltimos cinco anos, referentes a tributos federais e obriga\u00e7\u00f5es acess\u00f3rias, incluindo o ano de redu\u00e7\u00e3o como parte da contagem de tempo. A mesma legisla\u00e7\u00e3o tribut\u00e1ria, por sua vez, impede a utiliza\u00e7\u00e3o do b\u00f4nus de adimpl\u00eancia fiscal para empresas que se enquadrem em condi\u00e7\u00f5es espec\u00edficas, ao exemplo de: lan\u00e7amento de of\u00edcio; d\u00e9bitos com exigibilidade suspensa; inscri\u00e7\u00e3o em d\u00edvida ativa; recolhimento ou pagamentos em atraso; e falta ou atraso no cumprimento de obriga\u00e7\u00f5es acess\u00f3rias.<\/p>\n\n\n\n<p>Tais situa\u00e7\u00f5es, enquanto impeditivas, devem ser analisadas com rigor, de modo a assegurar uma rela\u00e7\u00e3o de ampla conformidade com \u00f3rg\u00e3os fiscalizat\u00f3rios. A relativiza\u00e7\u00e3o de situa\u00e7\u00f5es classificadas como limitadoras n\u00e3o est\u00e1 fora de quest\u00e3o, quando respaldada por adequada fundamenta\u00e7\u00e3o jur\u00eddica e jurisprudencial, em papel desempenhado por profissionais especializados no tema \u2013 o que atribui muito mais clareza para que contribuintes tomem as decis\u00f5es mais adequadas.<\/p>\n\n\n\n<p>Concluindo o artigo, dentro de um contexto de alta carga tribut\u00e1ria e um sistema fiscal de incid\u00eancia sobre a sa\u00fade e a pr\u00f3pria austeridade financeira de milhares de empresas, levantar pontos de contribui\u00e7\u00e3o para a eficiente gest\u00e3o econ\u00f4mica \u00e9 uma medida mais do que bem-vinda. O b\u00f4nus de <strong>adimpl\u00eancia fiscal <\/strong>vai de encontro \u00e0 esta linha de racioc\u00ednio, expondo um caminho de reduzida carga tribut\u00e1ria para quem prioriza a conformidade e a seguran\u00e7a jur\u00eddica.<\/p>\n\n\n\t<p>\n\t\t<a href=\"https:\/\/lp.suno.com.br\/suno-one\/?utm_campaign=_SNC6964518A_\" target=\"_blank\" data-element=\"shortcode-suno-banner\" title=\"Banner SUNO, clique e saiba mais\">\n\t\t\t<picture>\n\t\t\t\t<source media=\"(max-width: 500px)\" srcset=\"https:\/\/files.sunoresearch.com.br\/n\/uploads\/2025\/09\/400x300-Suno-One-png.webp\">\n\t\t\t\t<img class=\"newsContent__article__imgCapa newsContent__article__imgCapa--banner\"\n\t\t\t\t\tsrc=\"https:\/\/files.sunoresearch.com.br\/n\/uploads\/2025\/09\/1420x240-Suno-One-png.webp\"\n\t\t\t\t\tdata-promo-id=\"383121\"\t\t\t\t\t\t\t\t\t\twidth='1420' height='240'\t\t\t\t\talt=\"https:\/\/files.sunoresearch.com.br\/n\/uploads\/2025\/09\/1420x240-Suno-One-png.webp\"\n\t\t\t\t>\n\t\t\t<\/picture>\n\t\t<\/a>\n\t<\/p>\n\n\n","protected":false},"excerpt":{"rendered":"<p>Frente a um universo fiscal cuja complexidade \u00e9 sentida todos os dias, n\u00e3o \u00e9 incomum que contribuintes estejam alheios a benef\u00edcios fiscais que poderiam, se adotados, &#8230;<\/p>\n","protected":false},"author":308,"featured_media":323379,"template":"","tags":[704],"class_list":["post-423578","suno_column","type-suno_column","status-publish","has-post-thumbnail","hentry","tag-impostos"],"yoast_head":"<!-- This site is optimized with the Yoast SEO plugin v24.4 - https:\/\/yoast.com\/wordpress\/plugins\/seo\/ -->\n<title>Como funciona o b\u00f4nus de adimpl\u00eancia fiscal<\/title>\n<meta name=\"description\" content=\"Quais empresas t\u00eam direito ao benef\u00edcio? Entenda a funcionalidade e as exig\u00eancias por tr\u00e1s do b\u00f4nus de adimpl\u00eancia fiscal\" \/>\n<meta name=\"robots\" content=\"index, follow, max-snippet:-1, max-image-preview:large, max-video-preview:-1\" \/>\n<link rel=\"canonical\" href=\"https:\/\/www.suno.com.br\/noticias\/colunas\/leandro-ferreira\/como-funciona-bonus-adimplencia-fiscal\/\" \/>\n<meta property=\"og:locale\" content=\"pt_BR\" \/>\n<meta property=\"og:type\" content=\"article\" \/>\n<meta property=\"og:title\" content=\"Como funciona o b\u00f4nus de adimpl\u00eancia fiscal\" \/>\n<meta property=\"og:description\" content=\"Quais empresas t\u00eam direito ao benef\u00edcio? Entenda a funcionalidade e as exig\u00eancias por tr\u00e1s do b\u00f4nus de adimpl\u00eancia fiscal\" \/>\n<meta property=\"og:url\" content=\"https:\/\/www.suno.com.br\/noticias\/colunas\/leandro-ferreira\/como-funciona-bonus-adimplencia-fiscal\/\" \/>\n<meta property=\"og:site_name\" content=\"Suno Not\u00edcias\" \/>\n<meta property=\"article:publisher\" content=\"https:\/\/facebook.com\/sunoresearch\" \/>\n<meta property=\"og:image\" content=\"https:\/\/files.sunoresearch.com.br\/n\/uploads\/2022\/11\/Colunistas.jpg\" \/>\n\t<meta property=\"og:image:width\" content=\"1550\" \/>\n\t<meta property=\"og:image:height\" content=\"810\" \/>\n\t<meta property=\"og:image:type\" content=\"image\/jpeg\" \/>\n<meta name=\"twitter:card\" content=\"summary_large_image\" \/>\n<meta name=\"twitter:site\" content=\"@sunoresearch\" \/>\n<meta name=\"twitter:label1\" content=\"Est. tempo de leitura\" \/>\n\t<meta name=\"twitter:data1\" content=\"4 minutos\" \/>\n<script type=\"application\/ld+json\" class=\"yoast-schema-graph\">{\"@context\":\"https:\/\/schema.org\",\"@graph\":[{\"@type\":\"Article\",\"@id\":\"https:\/\/www.suno.com.br\/noticias\/colunas\/leandro-ferreira\/como-funciona-bonus-adimplencia-fiscal\/#article\",\"isPartOf\":{\"@id\":\"https:\/\/www.suno.com.br\/noticias\/colunas\/leandro-ferreira\/como-funciona-bonus-adimplencia-fiscal\/\"},\"author\":{\"name\":\"Leandro Ferreira\",\"@id\":\"https:\/\/www.suno.com.br\/noticias\/#\/schema\/person\/c22f5bbcd06d2b38404a00f6e71a5c77\"},\"headline\":\"Como funciona o b\u00f4nus de adimpl\u00eancia fiscal\",\"datePublished\":\"2023-07-03T11:00:00+00:00\",\"mainEntityOfPage\":{\"@id\":\"https:\/\/www.suno.com.br\/noticias\/colunas\/leandro-ferreira\/como-funciona-bonus-adimplencia-fiscal\/\"},\"wordCount\":655,\"publisher\":{\"@id\":\"https:\/\/www.suno.com.br\/noticias\/#organization\"},\"image\":{\"@id\":\"https:\/\/www.suno.com.br\/noticias\/colunas\/leandro-ferreira\/como-funciona-bonus-adimplencia-fiscal\/#primaryimage\"},\"thumbnailUrl\":\"https:\/\/files.sunoresearch.com.br\/n\/uploads\/2022\/11\/Colunistas.jpg\",\"keywords\":[\"impostos\"],\"inLanguage\":\"pt-BR\"},{\"@type\":\"WebPage\",\"@id\":\"https:\/\/www.suno.com.br\/noticias\/colunas\/leandro-ferreira\/como-funciona-bonus-adimplencia-fiscal\/\",\"url\":\"https:\/\/www.suno.com.br\/noticias\/colunas\/leandro-ferreira\/como-funciona-bonus-adimplencia-fiscal\/\",\"name\":\"Como funciona o b\u00f4nus de adimpl\u00eancia fiscal\",\"isPartOf\":{\"@id\":\"https:\/\/www.suno.com.br\/noticias\/#website\"},\"primaryImageOfPage\":{\"@id\":\"https:\/\/www.suno.com.br\/noticias\/colunas\/leandro-ferreira\/como-funciona-bonus-adimplencia-fiscal\/#primaryimage\"},\"image\":{\"@id\":\"https:\/\/www.suno.com.br\/noticias\/colunas\/leandro-ferreira\/como-funciona-bonus-adimplencia-fiscal\/#primaryimage\"},\"thumbnailUrl\":\"https:\/\/files.sunoresearch.com.br\/n\/uploads\/2022\/11\/Colunistas.jpg\",\"datePublished\":\"2023-07-03T11:00:00+00:00\",\"description\":\"Quais empresas t\u00eam direito ao benef\u00edcio? Entenda a funcionalidade e as exig\u00eancias por tr\u00e1s do b\u00f4nus de adimpl\u00eancia fiscal\",\"breadcrumb\":{\"@id\":\"https:\/\/www.suno.com.br\/noticias\/colunas\/leandro-ferreira\/como-funciona-bonus-adimplencia-fiscal\/#breadcrumb\"},\"inLanguage\":\"pt-BR\",\"potentialAction\":[{\"@type\":\"ReadAction\",\"target\":[\"https:\/\/www.suno.com.br\/noticias\/colunas\/leandro-ferreira\/como-funciona-bonus-adimplencia-fiscal\/\"]}]},{\"@type\":\"ImageObject\",\"inLanguage\":\"pt-BR\",\"@id\":\"https:\/\/www.suno.com.br\/noticias\/colunas\/leandro-ferreira\/como-funciona-bonus-adimplencia-fiscal\/#primaryimage\",\"url\":\"https:\/\/files.sunoresearch.com.br\/n\/uploads\/2022\/11\/Colunistas.jpg\",\"contentUrl\":\"https:\/\/files.sunoresearch.com.br\/n\/uploads\/2022\/11\/Colunistas.jpg\",\"width\":1550,\"height\":810},{\"@type\":\"BreadcrumbList\",\"@id\":\"https:\/\/www.suno.com.br\/noticias\/colunas\/leandro-ferreira\/como-funciona-bonus-adimplencia-fiscal\/#breadcrumb\",\"itemListElement\":[{\"@type\":\"ListItem\",\"position\":1,\"name\":\"Not\u00edcias\",\"item\":\"https:\/\/www.suno.com.br\/noticias\/\"},{\"@type\":\"ListItem\",\"position\":2,\"name\":\"Colunas\",\"item\":\"https:\/\/www.suno.com.br\/noticias\/colunas\/\"},{\"@type\":\"ListItem\",\"position\":3,\"name\":\"Como funciona o b\u00f4nus de adimpl\u00eancia fiscal\"}]},{\"@type\":\"WebSite\",\"@id\":\"https:\/\/www.suno.com.br\/noticias\/#website\",\"url\":\"https:\/\/www.suno.com.br\/noticias\/\",\"name\":\"Suno Not\u00edcias\",\"description\":\"Seu portal de informa\u00e7\u00e3o sobre o mundo dos investimentos\",\"publisher\":{\"@id\":\"https:\/\/www.suno.com.br\/noticias\/#organization\"},\"potentialAction\":[{\"@type\":\"SearchAction\",\"target\":{\"@type\":\"EntryPoint\",\"urlTemplate\":\"https:\/\/www.suno.com.br\/noticias\/?s={search_term_string}\"},\"query-input\":{\"@type\":\"PropertyValueSpecification\",\"valueRequired\":true,\"valueName\":\"search_term_string\"}}],\"inLanguage\":\"pt-BR\"},{\"@type\":\"Organization\",\"@id\":\"https:\/\/www.suno.com.br\/noticias\/#organization\",\"name\":\"Suno Not\u00edcias\",\"url\":\"https:\/\/www.suno.com.br\/noticias\/\",\"logo\":{\"@type\":\"ImageObject\",\"inLanguage\":\"pt-BR\",\"@id\":\"https:\/\/www.suno.com.br\/noticias\/#\/schema\/logo\/image\/\",\"url\":\"https:\/\/files.sunoresearch.com.br\/n\/uploads\/2021\/09\/suno-logo.png\",\"contentUrl\":\"https:\/\/files.sunoresearch.com.br\/n\/uploads\/2021\/09\/suno-logo.png\",\"width\":180,\"height\":180,\"caption\":\"Suno Not\u00edcias\"},\"image\":{\"@id\":\"https:\/\/www.suno.com.br\/noticias\/#\/schema\/logo\/image\/\"},\"sameAs\":[\"https:\/\/facebook.com\/sunoresearch\",\"https:\/\/x.com\/sunoresearch\",\"https:\/\/www.instagram.com\/suno\",\"https:\/\/www.linkedin.com\/company\/suno-research\/\",\"https:\/\/www.youtube.com\/c\/sunoresearch\"]},{\"@type\":\"Person\",\"@id\":\"https:\/\/www.suno.com.br\/noticias\/#\/schema\/person\/c22f5bbcd06d2b38404a00f6e71a5c77\",\"name\":\"Leandro Ferreira\",\"image\":{\"@type\":\"ImageObject\",\"inLanguage\":\"pt-BR\",\"@id\":\"https:\/\/www.suno.com.br\/noticias\/#\/schema\/person\/image\/\",\"url\":\"https:\/\/secure.gravatar.com\/avatar\/fe91a9b0e57fc508c10dc67eb31bb1a3?s=96&r=g\",\"contentUrl\":\"https:\/\/secure.gravatar.com\/avatar\/fe91a9b0e57fc508c10dc67eb31bb1a3?s=96&r=g\",\"caption\":\"Leandro Ferreira\"},\"description\":\"Leandro Ferreira \u00e9 S\u00f3cio Especialista em Revis\u00e3o e Planejamento Tribut\u00e1rio no Ferreira &amp; Vuono Advogados. O executivo \u00e9 P\u00f3s-Graduado em Direito Tribut\u00e1rio, possui mais de 15 anos de experi\u00eancia e, ao longo da carreira, tem desenvolvido as melhores solu\u00e7\u00f5es para que as empresas evoluam seu planejamento\u00a0tribut\u00e1rio.\",\"url\":\"https:\/\/www.suno.com.br\/noticias\/author\/leandro-ferreira\/\"}]}<\/script>\n<!-- \/ Yoast SEO plugin. -->","yoast_head_json":{"title":"Como funciona o b\u00f4nus de adimpl\u00eancia fiscal","description":"Quais empresas t\u00eam direito ao benef\u00edcio? Entenda a funcionalidade e as exig\u00eancias por tr\u00e1s do b\u00f4nus de adimpl\u00eancia fiscal","robots":{"index":"index","follow":"follow","max-snippet":"max-snippet:-1","max-image-preview":"max-image-preview:large","max-video-preview":"max-video-preview:-1"},"canonical":"https:\/\/www.suno.com.br\/noticias\/colunas\/leandro-ferreira\/como-funciona-bonus-adimplencia-fiscal\/","og_locale":"pt_BR","og_type":"article","og_title":"Como funciona o b\u00f4nus de adimpl\u00eancia fiscal","og_description":"Quais empresas t\u00eam direito ao benef\u00edcio? Entenda a funcionalidade e as exig\u00eancias por tr\u00e1s do b\u00f4nus de adimpl\u00eancia fiscal","og_url":"https:\/\/www.suno.com.br\/noticias\/colunas\/leandro-ferreira\/como-funciona-bonus-adimplencia-fiscal\/","og_site_name":"Suno Not\u00edcias","article_publisher":"https:\/\/facebook.com\/sunoresearch","og_image":[{"width":1550,"height":810,"url":"https:\/\/files.sunoresearch.com.br\/n\/uploads\/2022\/11\/Colunistas.jpg","type":"image\/jpeg"}],"twitter_card":"summary_large_image","twitter_site":"@sunoresearch","twitter_misc":{"Est. tempo de leitura":"4 minutos"},"schema":{"@context":"https:\/\/schema.org","@graph":[{"@type":"Article","@id":"https:\/\/www.suno.com.br\/noticias\/colunas\/leandro-ferreira\/como-funciona-bonus-adimplencia-fiscal\/#article","isPartOf":{"@id":"https:\/\/www.suno.com.br\/noticias\/colunas\/leandro-ferreira\/como-funciona-bonus-adimplencia-fiscal\/"},"author":{"name":"Leandro Ferreira","@id":"https:\/\/www.suno.com.br\/noticias\/#\/schema\/person\/c22f5bbcd06d2b38404a00f6e71a5c77"},"headline":"Como funciona o b\u00f4nus de adimpl\u00eancia fiscal","datePublished":"2023-07-03T11:00:00+00:00","mainEntityOfPage":{"@id":"https:\/\/www.suno.com.br\/noticias\/colunas\/leandro-ferreira\/como-funciona-bonus-adimplencia-fiscal\/"},"wordCount":655,"publisher":{"@id":"https:\/\/www.suno.com.br\/noticias\/#organization"},"image":{"@id":"https:\/\/www.suno.com.br\/noticias\/colunas\/leandro-ferreira\/como-funciona-bonus-adimplencia-fiscal\/#primaryimage"},"thumbnailUrl":"https:\/\/files.sunoresearch.com.br\/n\/uploads\/2022\/11\/Colunistas.jpg","keywords":["impostos"],"inLanguage":"pt-BR"},{"@type":"WebPage","@id":"https:\/\/www.suno.com.br\/noticias\/colunas\/leandro-ferreira\/como-funciona-bonus-adimplencia-fiscal\/","url":"https:\/\/www.suno.com.br\/noticias\/colunas\/leandro-ferreira\/como-funciona-bonus-adimplencia-fiscal\/","name":"Como funciona o b\u00f4nus de adimpl\u00eancia fiscal","isPartOf":{"@id":"https:\/\/www.suno.com.br\/noticias\/#website"},"primaryImageOfPage":{"@id":"https:\/\/www.suno.com.br\/noticias\/colunas\/leandro-ferreira\/como-funciona-bonus-adimplencia-fiscal\/#primaryimage"},"image":{"@id":"https:\/\/www.suno.com.br\/noticias\/colunas\/leandro-ferreira\/como-funciona-bonus-adimplencia-fiscal\/#primaryimage"},"thumbnailUrl":"https:\/\/files.sunoresearch.com.br\/n\/uploads\/2022\/11\/Colunistas.jpg","datePublished":"2023-07-03T11:00:00+00:00","description":"Quais empresas t\u00eam direito ao benef\u00edcio? Entenda a funcionalidade e as exig\u00eancias por tr\u00e1s do b\u00f4nus de adimpl\u00eancia fiscal","breadcrumb":{"@id":"https:\/\/www.suno.com.br\/noticias\/colunas\/leandro-ferreira\/como-funciona-bonus-adimplencia-fiscal\/#breadcrumb"},"inLanguage":"pt-BR","potentialAction":[{"@type":"ReadAction","target":["https:\/\/www.suno.com.br\/noticias\/colunas\/leandro-ferreira\/como-funciona-bonus-adimplencia-fiscal\/"]}]},{"@type":"ImageObject","inLanguage":"pt-BR","@id":"https:\/\/www.suno.com.br\/noticias\/colunas\/leandro-ferreira\/como-funciona-bonus-adimplencia-fiscal\/#primaryimage","url":"https:\/\/files.sunoresearch.com.br\/n\/uploads\/2022\/11\/Colunistas.jpg","contentUrl":"https:\/\/files.sunoresearch.com.br\/n\/uploads\/2022\/11\/Colunistas.jpg","width":1550,"height":810},{"@type":"BreadcrumbList","@id":"https:\/\/www.suno.com.br\/noticias\/colunas\/leandro-ferreira\/como-funciona-bonus-adimplencia-fiscal\/#breadcrumb","itemListElement":[{"@type":"ListItem","position":1,"name":"Not\u00edcias","item":"https:\/\/www.suno.com.br\/noticias\/"},{"@type":"ListItem","position":2,"name":"Colunas","item":"https:\/\/www.suno.com.br\/noticias\/colunas\/"},{"@type":"ListItem","position":3,"name":"Como funciona o b\u00f4nus de adimpl\u00eancia fiscal"}]},{"@type":"WebSite","@id":"https:\/\/www.suno.com.br\/noticias\/#website","url":"https:\/\/www.suno.com.br\/noticias\/","name":"Suno Not\u00edcias","description":"Seu portal de informa\u00e7\u00e3o sobre o mundo dos investimentos","publisher":{"@id":"https:\/\/www.suno.com.br\/noticias\/#organization"},"potentialAction":[{"@type":"SearchAction","target":{"@type":"EntryPoint","urlTemplate":"https:\/\/www.suno.com.br\/noticias\/?s={search_term_string}"},"query-input":{"@type":"PropertyValueSpecification","valueRequired":true,"valueName":"search_term_string"}}],"inLanguage":"pt-BR"},{"@type":"Organization","@id":"https:\/\/www.suno.com.br\/noticias\/#organization","name":"Suno Not\u00edcias","url":"https:\/\/www.suno.com.br\/noticias\/","logo":{"@type":"ImageObject","inLanguage":"pt-BR","@id":"https:\/\/www.suno.com.br\/noticias\/#\/schema\/logo\/image\/","url":"https:\/\/files.sunoresearch.com.br\/n\/uploads\/2021\/09\/suno-logo.png","contentUrl":"https:\/\/files.sunoresearch.com.br\/n\/uploads\/2021\/09\/suno-logo.png","width":180,"height":180,"caption":"Suno Not\u00edcias"},"image":{"@id":"https:\/\/www.suno.com.br\/noticias\/#\/schema\/logo\/image\/"},"sameAs":["https:\/\/facebook.com\/sunoresearch","https:\/\/x.com\/sunoresearch","https:\/\/www.instagram.com\/suno","https:\/\/www.linkedin.com\/company\/suno-research\/","https:\/\/www.youtube.com\/c\/sunoresearch"]},{"@type":"Person","@id":"https:\/\/www.suno.com.br\/noticias\/#\/schema\/person\/c22f5bbcd06d2b38404a00f6e71a5c77","name":"Leandro Ferreira","image":{"@type":"ImageObject","inLanguage":"pt-BR","@id":"https:\/\/www.suno.com.br\/noticias\/#\/schema\/person\/image\/","url":"https:\/\/secure.gravatar.com\/avatar\/fe91a9b0e57fc508c10dc67eb31bb1a3?s=96&r=g","contentUrl":"https:\/\/secure.gravatar.com\/avatar\/fe91a9b0e57fc508c10dc67eb31bb1a3?s=96&r=g","caption":"Leandro Ferreira"},"description":"Leandro Ferreira \u00e9 S\u00f3cio Especialista em Revis\u00e3o e Planejamento Tribut\u00e1rio no Ferreira &amp; Vuono Advogados. O executivo \u00e9 P\u00f3s-Graduado em Direito Tribut\u00e1rio, possui mais de 15 anos de experi\u00eancia e, ao longo da carreira, tem desenvolvido as melhores solu\u00e7\u00f5es para que as empresas evoluam seu planejamento\u00a0tribut\u00e1rio.","url":"https:\/\/www.suno.com.br\/noticias\/author\/leandro-ferreira\/"}]}},"amp_enabled":true,"_links":{"self":[{"href":"https:\/\/www.suno.com.br\/noticias\/wp-json\/wp\/v2\/suno_column\/423578"}],"collection":[{"href":"https:\/\/www.suno.com.br\/noticias\/wp-json\/wp\/v2\/suno_column"}],"about":[{"href":"https:\/\/www.suno.com.br\/noticias\/wp-json\/wp\/v2\/types\/suno_column"}],"author":[{"embeddable":true,"href":"https:\/\/www.suno.com.br\/noticias\/wp-json\/wp\/v2\/users\/308"}],"wp:featuredmedia":[{"embeddable":true,"href":"https:\/\/www.suno.com.br\/noticias\/wp-json\/wp\/v2\/media\/323379"}],"wp:attachment":[{"href":"https:\/\/www.suno.com.br\/noticias\/wp-json\/wp\/v2\/media?parent=423578"}],"wp:term":[{"taxonomy":"post_tag","embeddable":true,"href":"https:\/\/www.suno.com.br\/noticias\/wp-json\/wp\/v2\/tags?post=423578"}],"curies":[{"name":"wp","href":"https:\/\/api.w.org\/{rel}","templated":true}]}}