{"id":417366,"date":"2023-06-23T08:00:00","date_gmt":"2023-06-23T11:00:00","guid":{"rendered":"https:\/\/www.suno.com.br\/noticias\/colunas\/marco-lopes\/\/"},"modified":"2023-06-22T20:58:31","modified_gmt":"2023-06-22T23:58:31","slug":"esg-transformacao-digital","status":"publish","type":"suno_column","link":"https:\/\/www.suno.com.br\/noticias\/colunas\/lima\/esg-transformacao-digital\/","title":{"rendered":"O \u201cG\u201d do ESG tem tudo a ver com transforma\u00e7\u00e3o digital!"},"content":{"rendered":"<p>O conceito de <strong>ESG<\/strong>, enquanto uma sigla que representa pilares ambientais, sociais e de governan\u00e7a corporativa em uma organiza\u00e7\u00e3o, vem ganhando cada vez mais relev\u00e2ncia no setor empresarial, por in\u00fameras raz\u00f5es. Em termos pr\u00e1ticos, trata-se de um conjunto de crit\u00e9rios utilizados por investidores, parceiros e consumidores que buscam avaliar a sustentabilidade e a responsabilidade social das empresas as quais nutrem uma rela\u00e7\u00e3o ou possuem um interesse genu\u00edno em estreitar la\u00e7os e\/ou adquirir produtos e servi\u00e7os.<\/p>\t<div class=\"wrapper-featured-image\">\n\t\t<figure class=\"spotlightImg\">\n\n\t\t\t<picture>\n\t\t\t\t<source media=\"(max-width: 768px)\" srcset=\"https:\/\/files.sunoresearch.com.br\/n\/uploads\/2023\/05\/esg-investimento-empresa-desenvolvimento-400x200.jpg\">\n\t\t\t\t<img loading=\"lazy\" decoding=\"async\" class=\"newsContent__article__imgCapa lazyloadDisabled \" src=\"https:\/\/files.sunoresearch.com.br\/n\/uploads\/2023\/05\/esg-investimento-empresa-desenvolvimento-800x450.jpg\" width=\"800\" height=\"450\" alt=\"O \u201cG\u201d do ESG tem tudo a ver com transforma\u00e7\u00e3o digital!\" fetchpriority=high \/>\n\t\t\t<\/picture>\n\n\t\t\t<figcaption class=\"wp-caption-text wp-caption-text--show\">ESG - Foto: iStock<\/figcaption>\n\t\t<\/figure>\n\t<\/div>\n\n\n\n\n\n\t<p>\n\t\t<a href=\"\" target=\"_blank\" data-element=\"shortcode-suno-banner\" title=\"Banner SUNO, clique e saiba mais\">\n\t\t\t<picture>\n\t\t\t\t<source media=\"(max-width: 500px)\" srcset=\"\">\n\t\t\t\t<img class=\"newsContent__article__imgCapa newsContent__article__imgCapa--banner\"\n\t\t\t\t\tsrc=\"\"\n\t\t\t\t\tdata-promo-id=\"240038\"\t\t\t\t\t\t\t\t\t\t\t\t\t\t\talt=\"\"\n\t\t\t\t>\n\t\t\t<\/picture>\n\t\t<\/a>\n\t<\/p>\n\n\n\n\n\n\n\n<p>S\u00e3o tr\u00eas os principais fatores a serem considerados na avalia\u00e7\u00e3o das empresas sob essas m\u00e9tricas: Ambiental (E), Social (S) e <strong>Governan\u00e7a Corporativa<\/strong> (G), em tradu\u00e7\u00e3o direta. Esse trip\u00e9, quando devidamente equilibrado com a ado\u00e7\u00e3o de pr\u00e1ticas sustent\u00e1veis e socialmente respons\u00e1veis, pode trazer benef\u00edcios tanto para a empresa quanto para a sociedade em geral. Afinal, o ESG surge com a proposta de materializar uma fun\u00e7\u00e3o c\u00edvica natural a todas as organiza\u00e7\u00f5es, sem exce\u00e7\u00f5es.<\/p>\n\n\n\n<p>O terceiro fator desta avalia\u00e7\u00e3o, &#8211; que est\u00e1 longe de ser o menos importante -, \u00e9 o <strong>G da sigla<\/strong>, que por sua vez, representa a governan\u00e7a corporativa. Portanto, refere-se \u00e0s pr\u00e1ticas de gest\u00e3o da empresa, tratando de aspectos como a transpar\u00eancia das informa\u00e7\u00f5es financeiras, a inser\u00e7\u00e3o do Compliance no \u00e2mbito interno, a independ\u00eancia e efetividade dos conselhos de administra\u00e7\u00e3o, a gest\u00e3o de riscos, a \u00e9tica nos neg\u00f3cios e a responsabilidade social corporativa, al\u00e9m, evidentemente, da forma como a companhia gerencia seus colaboradores.<\/p>\n\n\n\n<h2 class=\"wp-block-heading\">A tecnologia, os dados e a governan\u00e7a no centro de mudan\u00e7as<\/h2>\n\n\n\n<p>A governan\u00e7a empresarial, quando praticada de maneira adequada, pode ser usada estrategicamente para ajudar as empresas na <strong>transforma\u00e7\u00e3o digital<\/strong>. O processo de automatiza\u00e7\u00e3o, que para muitos \u00e9 complexo, passa pela ado\u00e7\u00e3o de novas tecnologias e mudan\u00e7as significativas nos processos e modelos de trabalho, impactando, especialmente, o fluxo de dados, outra vertente imperativa para a gest\u00e3o de todas as empresas.<\/p>\n\n\n\n<p>N\u00e3o por acaso, na \u00faltima Confer\u00eancia de Contabilidade e Responsabilidade para o Crescimento Econ\u00f4mico Regional (CReCER), sediada em S\u00e3o Paulo, estimou-se que 85% dos investidores abordados entendem que os <strong>par\u00e2metros de ESG<\/strong> j\u00e1 s\u00e3o utilizados como base para a tomada de decis\u00f5es relacionadas a investimentos, com foco para o uso de informa\u00e7\u00f5es de qualidade, com alta confiabilidade.<\/p>\n\n\n\n<p>Sem d\u00favidas, a <strong>governan\u00e7a empresarial<\/strong> pode viabilizar que essas mudan\u00e7as aconte\u00e7am de forma eficiente, din\u00e2mica e bem-sucedida. Por\u00e9m, \u00e9 importante considerar algumas circunst\u00e2ncias antes de pavimentar um terreno propenso \u00e0 inova\u00e7\u00e3o. \u00c9 de extrema import\u00e2ncia que os diretores e l\u00edderes da empresa estejam devidamente comprometidos em promover essa transforma\u00e7\u00e3o digital, propondo uma vis\u00e3o clara dos objetivos a serem alcan\u00e7ados. A comunica\u00e7\u00e3o, sendo assertiva e inclusiva, tem totais condi\u00e7\u00f5es de facilitar esse per\u00edodo de adapta\u00e7\u00e3o.<\/p>\n\n\n\t<p>\n\t\t<a href=\"https:\/\/lp.suno.com.br\/ebook-gratuito-investindo-no-exterior\/\" target=\"_blank\" data-element=\"shortcode-suno-banner\" title=\"Banner SUNO, clique e saiba mais\">\n\t\t\t<picture>\n\t\t\t\t<source media=\"(max-width: 500px)\" srcset=\"https:\/\/files.sunoresearch.com.br\/n\/uploads\/2023\/03\/400x300-Investindo-no-exterior.png\">\n\t\t\t\t<img class=\"newsContent__article__imgCapa newsContent__article__imgCapa--banner\"\n\t\t\t\t\tsrc=\"https:\/\/files.sunoresearch.com.br\/n\/uploads\/2023\/03\/1420x240-Investindo-no-exterior.png\"\n\t\t\t\t\tdata-promo-id=\"383161\"\t\t\t\t\t\t\t\t\t\twidth='1420' height='240'\t\t\t\t\talt=\"https:\/\/files.sunoresearch.com.br\/n\/uploads\/2023\/03\/1420x240-Investindo-no-exterior.png\"\n\t\t\t\t>\n\t\t\t<\/picture>\n\t\t<\/a>\n\t<\/p>\n\n\n\n\n\n<p>Outro ponto de grande valor e relev\u00e2ncia \u00e9 definir as responsabilidades para as equipes envolvidas no processo, a fim de garantir que as opera\u00e7\u00f5es sejam transparentes e aut\u00f4nomas. A governan\u00e7a tamb\u00e9m pode ajudar a identificar e gerenciar riscos, al\u00e9m de garantir a conformidade com as regulamenta\u00e7\u00f5es previstas no espa\u00e7o legal e, por que n\u00e3o, nas diretrizes institucionais do neg\u00f3cio, o que abre portas para uma <strong>cultura de Compliance<\/strong>. Definir prioridades e alocar recursos de maneira inteligente, para que a transforma\u00e7\u00e3o digital seja implementada de forma escalon\u00e1vel e sustent\u00e1vel, faz ampla diferen\u00e7a para a obten\u00e7\u00e3o de resultados satisfat\u00f3rios e com a ader\u00eancia desejada.<\/p>\n\n\n\n<p>Por fim, volto a enfatizar a import\u00e2ncia de se construir uma governan\u00e7a empresarial que esteja em um estado de constante evolu\u00e7\u00e3o, para que consiga acompanhar tend\u00eancias e novidades que n\u00e3o deixar\u00e3o de surgir, garantindo que a empresa se mantenha sempre na vanguarda da inova\u00e7\u00e3o. Como voc\u00ea p\u00f4de conferir, o \u201cG\u201d do <strong>ESG<\/strong>, de fato, tem tudo a ver com transforma\u00e7\u00e3o digital.<\/p>\n\n\n\t<p>\n\t\t<a href=\"https:\/\/lp.suno.com.br\/suno-one\/?utm_campaign=_SNC6964518A_\" target=\"_blank\" data-element=\"shortcode-suno-banner\" title=\"Banner SUNO, clique e saiba mais\">\n\t\t\t<picture>\n\t\t\t\t<source media=\"(max-width: 500px)\" srcset=\"https:\/\/files.sunoresearch.com.br\/n\/uploads\/2025\/09\/400x300-Suno-One-png.webp\">\n\t\t\t\t<img class=\"newsContent__article__imgCapa newsContent__article__imgCapa--banner\"\n\t\t\t\t\tsrc=\"https:\/\/files.sunoresearch.com.br\/n\/uploads\/2025\/09\/1420x240-Suno-One-png.webp\"\n\t\t\t\t\tdata-promo-id=\"383121\"\t\t\t\t\t\t\t\t\t\twidth='1420' height='240'\t\t\t\t\talt=\"https:\/\/files.sunoresearch.com.br\/n\/uploads\/2025\/09\/1420x240-Suno-One-png.webp\"\n\t\t\t\t>\n\t\t\t<\/picture>\n\t\t<\/a>\n\t<\/p>\n\n\n","protected":false},"excerpt":{"rendered":"<p>O conceito de ESG, enquanto uma sigla que representa pilares ambientais, sociais e de governan\u00e7a corporativa em uma organiza\u00e7\u00e3o, vem ganhando cada vez mais relev\u00e2ncia &#8230;<\/p>\n","protected":false},"author":236,"featured_media":401509,"template":"","tags":[75364],"class_list":["post-417366","suno_column","type-suno_column","status-publish","has-post-thumbnail","hentry","tag-esg"],"yoast_head":"<!-- This site is optimized with the Yoast SEO plugin v24.4 - https:\/\/yoast.com\/wordpress\/plugins\/seo\/ -->\n<title>O \u201cG\u201d do ESG tem tudo a ver com transforma\u00e7\u00e3o digital!<\/title>\n<meta name=\"description\" content=\"A governan\u00e7a empresarial, se bem estruturada e aplicada, pode ser uma aliada importante no per\u00edodo de transforma\u00e7\u00e3o digital dos processos\" \/>\n<meta name=\"robots\" content=\"index, follow, max-snippet:-1, max-image-preview:large, max-video-preview:-1\" \/>\n<link rel=\"canonical\" href=\"https:\/\/www.suno.com.br\/noticias\/colunas\/lima\/esg-transformacao-digital\/\" \/>\n<meta property=\"og:locale\" content=\"pt_BR\" \/>\n<meta property=\"og:type\" content=\"article\" \/>\n<meta property=\"og:title\" content=\"O \u201cG\u201d do ESG tem tudo a ver com transforma\u00e7\u00e3o digital!\" \/>\n<meta property=\"og:description\" content=\"A governan\u00e7a empresarial, se bem estruturada e aplicada, pode ser uma aliada importante no per\u00edodo de transforma\u00e7\u00e3o digital dos processos\" \/>\n<meta property=\"og:url\" content=\"https:\/\/www.suno.com.br\/noticias\/colunas\/lima\/esg-transformacao-digital\/\" \/>\n<meta property=\"og:site_name\" content=\"Suno Not\u00edcias\" \/>\n<meta property=\"article:publisher\" content=\"https:\/\/facebook.com\/sunoresearch\" \/>\n<meta property=\"og:image\" content=\"https:\/\/files.sunoresearch.com.br\/n\/uploads\/2023\/05\/esg-investimento-empresa-desenvolvimento.jpg\" \/>\n\t<meta property=\"og:image:width\" content=\"1200\" \/>\n\t<meta property=\"og:image:height\" content=\"800\" \/>\n\t<meta property=\"og:image:type\" content=\"image\/jpeg\" \/>\n<meta name=\"twitter:card\" content=\"summary_large_image\" \/>\n<meta name=\"twitter:site\" content=\"@sunoresearch\" \/>\n<meta name=\"twitter:label1\" content=\"Est. tempo de leitura\" \/>\n\t<meta name=\"twitter:data1\" content=\"4 minutos\" \/>\n<script type=\"application\/ld+json\" class=\"yoast-schema-graph\">{\"@context\":\"https:\/\/schema.org\",\"@graph\":[{\"@type\":\"Article\",\"@id\":\"https:\/\/www.suno.com.br\/noticias\/colunas\/lima\/esg-transformacao-digital\/#article\",\"isPartOf\":{\"@id\":\"https:\/\/www.suno.com.br\/noticias\/colunas\/lima\/esg-transformacao-digital\/\"},\"author\":{\"name\":\"R\u00e9gis Lima\",\"@id\":\"https:\/\/www.suno.com.br\/noticias\/#\/schema\/person\/3d2780ce89c6acf98d22d17bce599c8a\"},\"headline\":\"O \u201cG\u201d do ESG tem tudo a ver com transforma\u00e7\u00e3o digital!\",\"datePublished\":\"2023-06-23T11:00:00+00:00\",\"mainEntityOfPage\":{\"@id\":\"https:\/\/www.suno.com.br\/noticias\/colunas\/lima\/esg-transformacao-digital\/\"},\"wordCount\":706,\"publisher\":{\"@id\":\"https:\/\/www.suno.com.br\/noticias\/#organization\"},\"image\":{\"@id\":\"https:\/\/www.suno.com.br\/noticias\/colunas\/lima\/esg-transformacao-digital\/#primaryimage\"},\"thumbnailUrl\":\"https:\/\/files.sunoresearch.com.br\/n\/uploads\/2023\/05\/esg-investimento-empresa-desenvolvimento.jpg\",\"keywords\":[\"ESG\"],\"inLanguage\":\"pt-BR\"},{\"@type\":\"WebPage\",\"@id\":\"https:\/\/www.suno.com.br\/noticias\/colunas\/lima\/esg-transformacao-digital\/\",\"url\":\"https:\/\/www.suno.com.br\/noticias\/colunas\/lima\/esg-transformacao-digital\/\",\"name\":\"O \u201cG\u201d do ESG tem tudo a ver com transforma\u00e7\u00e3o digital!\",\"isPartOf\":{\"@id\":\"https:\/\/www.suno.com.br\/noticias\/#website\"},\"primaryImageOfPage\":{\"@id\":\"https:\/\/www.suno.com.br\/noticias\/colunas\/lima\/esg-transformacao-digital\/#primaryimage\"},\"image\":{\"@id\":\"https:\/\/www.suno.com.br\/noticias\/colunas\/lima\/esg-transformacao-digital\/#primaryimage\"},\"thumbnailUrl\":\"https:\/\/files.sunoresearch.com.br\/n\/uploads\/2023\/05\/esg-investimento-empresa-desenvolvimento.jpg\",\"datePublished\":\"2023-06-23T11:00:00+00:00\",\"description\":\"A governan\u00e7a empresarial, se bem estruturada e aplicada, pode ser uma aliada importante no per\u00edodo de transforma\u00e7\u00e3o digital dos processos\",\"breadcrumb\":{\"@id\":\"https:\/\/www.suno.com.br\/noticias\/colunas\/lima\/esg-transformacao-digital\/#breadcrumb\"},\"inLanguage\":\"pt-BR\",\"potentialAction\":[{\"@type\":\"ReadAction\",\"target\":[\"https:\/\/www.suno.com.br\/noticias\/colunas\/lima\/esg-transformacao-digital\/\"]}]},{\"@type\":\"ImageObject\",\"inLanguage\":\"pt-BR\",\"@id\":\"https:\/\/www.suno.com.br\/noticias\/colunas\/lima\/esg-transformacao-digital\/#primaryimage\",\"url\":\"https:\/\/files.sunoresearch.com.br\/n\/uploads\/2023\/05\/esg-investimento-empresa-desenvolvimento.jpg\",\"contentUrl\":\"https:\/\/files.sunoresearch.com.br\/n\/uploads\/2023\/05\/esg-investimento-empresa-desenvolvimento.jpg\",\"width\":1200,\"height\":800,\"caption\":\"ESG - Foto: iStock\"},{\"@type\":\"BreadcrumbList\",\"@id\":\"https:\/\/www.suno.com.br\/noticias\/colunas\/lima\/esg-transformacao-digital\/#breadcrumb\",\"itemListElement\":[{\"@type\":\"ListItem\",\"position\":1,\"name\":\"Not\u00edcias\",\"item\":\"https:\/\/www.suno.com.br\/noticias\/\"},{\"@type\":\"ListItem\",\"position\":2,\"name\":\"Colunas\",\"item\":\"https:\/\/www.suno.com.br\/noticias\/colunas\/\"},{\"@type\":\"ListItem\",\"position\":3,\"name\":\"O \u201cG\u201d do ESG tem tudo a ver com transforma\u00e7\u00e3o digital!\"}]},{\"@type\":\"WebSite\",\"@id\":\"https:\/\/www.suno.com.br\/noticias\/#website\",\"url\":\"https:\/\/www.suno.com.br\/noticias\/\",\"name\":\"Suno Not\u00edcias\",\"description\":\"Seu portal de informa\u00e7\u00e3o sobre o mundo dos investimentos\",\"publisher\":{\"@id\":\"https:\/\/www.suno.com.br\/noticias\/#organization\"},\"potentialAction\":[{\"@type\":\"SearchAction\",\"target\":{\"@type\":\"EntryPoint\",\"urlTemplate\":\"https:\/\/www.suno.com.br\/noticias\/?s={search_term_string}\"},\"query-input\":{\"@type\":\"PropertyValueSpecification\",\"valueRequired\":true,\"valueName\":\"search_term_string\"}}],\"inLanguage\":\"pt-BR\"},{\"@type\":\"Organization\",\"@id\":\"https:\/\/www.suno.com.br\/noticias\/#organization\",\"name\":\"Suno Not\u00edcias\",\"url\":\"https:\/\/www.suno.com.br\/noticias\/\",\"logo\":{\"@type\":\"ImageObject\",\"inLanguage\":\"pt-BR\",\"@id\":\"https:\/\/www.suno.com.br\/noticias\/#\/schema\/logo\/image\/\",\"url\":\"https:\/\/files.sunoresearch.com.br\/n\/uploads\/2021\/09\/suno-logo.png\",\"contentUrl\":\"https:\/\/files.sunoresearch.com.br\/n\/uploads\/2021\/09\/suno-logo.png\",\"width\":180,\"height\":180,\"caption\":\"Suno Not\u00edcias\"},\"image\":{\"@id\":\"https:\/\/www.suno.com.br\/noticias\/#\/schema\/logo\/image\/\"},\"sameAs\":[\"https:\/\/facebook.com\/sunoresearch\",\"https:\/\/x.com\/sunoresearch\",\"https:\/\/www.instagram.com\/suno\",\"https:\/\/www.linkedin.com\/company\/suno-research\/\",\"https:\/\/www.youtube.com\/c\/sunoresearch\"]},{\"@type\":\"Person\",\"@id\":\"https:\/\/www.suno.com.br\/noticias\/#\/schema\/person\/3d2780ce89c6acf98d22d17bce599c8a\",\"name\":\"R\u00e9gis Lima\",\"image\":{\"@type\":\"ImageObject\",\"inLanguage\":\"pt-BR\",\"@id\":\"https:\/\/www.suno.com.br\/noticias\/#\/schema\/person\/image\/\",\"url\":\"https:\/\/secure.gravatar.com\/avatar\/def96c3d38b9a64a6eb4cc9d70900ae0?s=96&r=g\",\"contentUrl\":\"https:\/\/secure.gravatar.com\/avatar\/def96c3d38b9a64a6eb4cc9d70900ae0?s=96&r=g\",\"caption\":\"R\u00e9gis Lima\"},\"description\":\"\u00c9 Diretor Executivo e de Opera\u00e7\u00f5es na Lumen IT. Possui mais de 20 anos de experi\u00eancia em Gest\u00e3o de Equipes e atua\u00e7\u00e3o em cargos executivos de empresas nacionais e multinacionais do mercado de TI\",\"sameAs\":[\"https:\/\/www.lumenit.com.br\/\",\"https:\/\/www.linkedin.com\/in\/regislima\/\"],\"url\":\"https:\/\/www.suno.com.br\/noticias\/author\/lima\/\"}]}<\/script>\n<!-- \/ Yoast SEO plugin. -->","yoast_head_json":{"title":"O \u201cG\u201d do ESG tem tudo a ver com transforma\u00e7\u00e3o digital!","description":"A governan\u00e7a empresarial, se bem estruturada e aplicada, pode ser uma aliada importante no per\u00edodo de transforma\u00e7\u00e3o digital dos processos","robots":{"index":"index","follow":"follow","max-snippet":"max-snippet:-1","max-image-preview":"max-image-preview:large","max-video-preview":"max-video-preview:-1"},"canonical":"https:\/\/www.suno.com.br\/noticias\/colunas\/lima\/esg-transformacao-digital\/","og_locale":"pt_BR","og_type":"article","og_title":"O \u201cG\u201d do ESG tem tudo a ver com transforma\u00e7\u00e3o digital!","og_description":"A governan\u00e7a empresarial, se bem estruturada e aplicada, pode ser uma aliada importante no per\u00edodo de transforma\u00e7\u00e3o digital dos processos","og_url":"https:\/\/www.suno.com.br\/noticias\/colunas\/lima\/esg-transformacao-digital\/","og_site_name":"Suno Not\u00edcias","article_publisher":"https:\/\/facebook.com\/sunoresearch","og_image":[{"width":1200,"height":800,"url":"https:\/\/files.sunoresearch.com.br\/n\/uploads\/2023\/05\/esg-investimento-empresa-desenvolvimento.jpg","type":"image\/jpeg"}],"twitter_card":"summary_large_image","twitter_site":"@sunoresearch","twitter_misc":{"Est. tempo de leitura":"4 minutos"},"schema":{"@context":"https:\/\/schema.org","@graph":[{"@type":"Article","@id":"https:\/\/www.suno.com.br\/noticias\/colunas\/lima\/esg-transformacao-digital\/#article","isPartOf":{"@id":"https:\/\/www.suno.com.br\/noticias\/colunas\/lima\/esg-transformacao-digital\/"},"author":{"name":"R\u00e9gis Lima","@id":"https:\/\/www.suno.com.br\/noticias\/#\/schema\/person\/3d2780ce89c6acf98d22d17bce599c8a"},"headline":"O \u201cG\u201d do ESG tem tudo a ver com transforma\u00e7\u00e3o digital!","datePublished":"2023-06-23T11:00:00+00:00","mainEntityOfPage":{"@id":"https:\/\/www.suno.com.br\/noticias\/colunas\/lima\/esg-transformacao-digital\/"},"wordCount":706,"publisher":{"@id":"https:\/\/www.suno.com.br\/noticias\/#organization"},"image":{"@id":"https:\/\/www.suno.com.br\/noticias\/colunas\/lima\/esg-transformacao-digital\/#primaryimage"},"thumbnailUrl":"https:\/\/files.sunoresearch.com.br\/n\/uploads\/2023\/05\/esg-investimento-empresa-desenvolvimento.jpg","keywords":["ESG"],"inLanguage":"pt-BR"},{"@type":"WebPage","@id":"https:\/\/www.suno.com.br\/noticias\/colunas\/lima\/esg-transformacao-digital\/","url":"https:\/\/www.suno.com.br\/noticias\/colunas\/lima\/esg-transformacao-digital\/","name":"O \u201cG\u201d do ESG tem tudo a ver com transforma\u00e7\u00e3o digital!","isPartOf":{"@id":"https:\/\/www.suno.com.br\/noticias\/#website"},"primaryImageOfPage":{"@id":"https:\/\/www.suno.com.br\/noticias\/colunas\/lima\/esg-transformacao-digital\/#primaryimage"},"image":{"@id":"https:\/\/www.suno.com.br\/noticias\/colunas\/lima\/esg-transformacao-digital\/#primaryimage"},"thumbnailUrl":"https:\/\/files.sunoresearch.com.br\/n\/uploads\/2023\/05\/esg-investimento-empresa-desenvolvimento.jpg","datePublished":"2023-06-23T11:00:00+00:00","description":"A governan\u00e7a empresarial, se bem estruturada e aplicada, pode ser uma aliada importante no per\u00edodo de transforma\u00e7\u00e3o digital dos processos","breadcrumb":{"@id":"https:\/\/www.suno.com.br\/noticias\/colunas\/lima\/esg-transformacao-digital\/#breadcrumb"},"inLanguage":"pt-BR","potentialAction":[{"@type":"ReadAction","target":["https:\/\/www.suno.com.br\/noticias\/colunas\/lima\/esg-transformacao-digital\/"]}]},{"@type":"ImageObject","inLanguage":"pt-BR","@id":"https:\/\/www.suno.com.br\/noticias\/colunas\/lima\/esg-transformacao-digital\/#primaryimage","url":"https:\/\/files.sunoresearch.com.br\/n\/uploads\/2023\/05\/esg-investimento-empresa-desenvolvimento.jpg","contentUrl":"https:\/\/files.sunoresearch.com.br\/n\/uploads\/2023\/05\/esg-investimento-empresa-desenvolvimento.jpg","width":1200,"height":800,"caption":"ESG - Foto: iStock"},{"@type":"BreadcrumbList","@id":"https:\/\/www.suno.com.br\/noticias\/colunas\/lima\/esg-transformacao-digital\/#breadcrumb","itemListElement":[{"@type":"ListItem","position":1,"name":"Not\u00edcias","item":"https:\/\/www.suno.com.br\/noticias\/"},{"@type":"ListItem","position":2,"name":"Colunas","item":"https:\/\/www.suno.com.br\/noticias\/colunas\/"},{"@type":"ListItem","position":3,"name":"O \u201cG\u201d do ESG tem tudo a ver com transforma\u00e7\u00e3o digital!"}]},{"@type":"WebSite","@id":"https:\/\/www.suno.com.br\/noticias\/#website","url":"https:\/\/www.suno.com.br\/noticias\/","name":"Suno Not\u00edcias","description":"Seu portal de informa\u00e7\u00e3o sobre o mundo dos investimentos","publisher":{"@id":"https:\/\/www.suno.com.br\/noticias\/#organization"},"potentialAction":[{"@type":"SearchAction","target":{"@type":"EntryPoint","urlTemplate":"https:\/\/www.suno.com.br\/noticias\/?s={search_term_string}"},"query-input":{"@type":"PropertyValueSpecification","valueRequired":true,"valueName":"search_term_string"}}],"inLanguage":"pt-BR"},{"@type":"Organization","@id":"https:\/\/www.suno.com.br\/noticias\/#organization","name":"Suno Not\u00edcias","url":"https:\/\/www.suno.com.br\/noticias\/","logo":{"@type":"ImageObject","inLanguage":"pt-BR","@id":"https:\/\/www.suno.com.br\/noticias\/#\/schema\/logo\/image\/","url":"https:\/\/files.sunoresearch.com.br\/n\/uploads\/2021\/09\/suno-logo.png","contentUrl":"https:\/\/files.sunoresearch.com.br\/n\/uploads\/2021\/09\/suno-logo.png","width":180,"height":180,"caption":"Suno Not\u00edcias"},"image":{"@id":"https:\/\/www.suno.com.br\/noticias\/#\/schema\/logo\/image\/"},"sameAs":["https:\/\/facebook.com\/sunoresearch","https:\/\/x.com\/sunoresearch","https:\/\/www.instagram.com\/suno","https:\/\/www.linkedin.com\/company\/suno-research\/","https:\/\/www.youtube.com\/c\/sunoresearch"]},{"@type":"Person","@id":"https:\/\/www.suno.com.br\/noticias\/#\/schema\/person\/3d2780ce89c6acf98d22d17bce599c8a","name":"R\u00e9gis Lima","image":{"@type":"ImageObject","inLanguage":"pt-BR","@id":"https:\/\/www.suno.com.br\/noticias\/#\/schema\/person\/image\/","url":"https:\/\/secure.gravatar.com\/avatar\/def96c3d38b9a64a6eb4cc9d70900ae0?s=96&r=g","contentUrl":"https:\/\/secure.gravatar.com\/avatar\/def96c3d38b9a64a6eb4cc9d70900ae0?s=96&r=g","caption":"R\u00e9gis Lima"},"description":"\u00c9 Diretor Executivo e de Opera\u00e7\u00f5es na Lumen IT. Possui mais de 20 anos de experi\u00eancia em Gest\u00e3o de Equipes e atua\u00e7\u00e3o em cargos executivos de empresas nacionais e multinacionais do mercado de TI","sameAs":["https:\/\/www.lumenit.com.br\/","https:\/\/www.linkedin.com\/in\/regislima\/"],"url":"https:\/\/www.suno.com.br\/noticias\/author\/lima\/"}]}},"amp_enabled":true,"_links":{"self":[{"href":"https:\/\/www.suno.com.br\/noticias\/wp-json\/wp\/v2\/suno_column\/417366"}],"collection":[{"href":"https:\/\/www.suno.com.br\/noticias\/wp-json\/wp\/v2\/suno_column"}],"about":[{"href":"https:\/\/www.suno.com.br\/noticias\/wp-json\/wp\/v2\/types\/suno_column"}],"author":[{"embeddable":true,"href":"https:\/\/www.suno.com.br\/noticias\/wp-json\/wp\/v2\/users\/236"}],"wp:featuredmedia":[{"embeddable":true,"href":"https:\/\/www.suno.com.br\/noticias\/wp-json\/wp\/v2\/media\/401509"}],"wp:attachment":[{"href":"https:\/\/www.suno.com.br\/noticias\/wp-json\/wp\/v2\/media?parent=417366"}],"wp:term":[{"taxonomy":"post_tag","embeddable":true,"href":"https:\/\/www.suno.com.br\/noticias\/wp-json\/wp\/v2\/tags?post=417366"}],"curies":[{"name":"wp","href":"https:\/\/api.w.org\/{rel}","templated":true}]}}