{"id":415823,"date":"2023-06-13T08:00:00","date_gmt":"2023-06-13T11:00:00","guid":{"rendered":"https:\/\/www.suno.com.br\/noticias\/colunas\/marco-lopes\/\/"},"modified":"2023-06-12T23:52:38","modified_gmt":"2023-06-13T02:52:38","slug":"operacoes-ma-aquecidas-setor-eletrico","status":"publish","type":"suno_column","link":"https:\/\/www.suno.com.br\/noticias\/colunas\/ricardo-thomaz\/operacoes-ma-aquecidas-setor-eletrico\/","title":{"rendered":"Opera\u00e7\u00f5es de M&amp;A seguem aquecidas no setor el\u00e9trico; estruturas se subordinam a regras espec\u00edficas"},"content":{"rendered":"<p>H\u00e1 um crescimento de<strong> <\/strong>investimentos em energia no Brasil, principalmente em renov\u00e1veis, impulsionado pelos temas de transi\u00e7\u00e3o energ\u00e9tica e pela ascens\u00e3o do ESG. Da mesma forma, os <strong>M&amp;As<\/strong> na \u00e1rea est\u00e3o muito aquecidos e a tend\u00eancia \u00e9 a de se manterem assim nos pr\u00f3ximos anos.<\/p>\t<div class=\"wrapper-featured-image\">\n\t\t<figure class=\"spotlightImg\">\n\n\t\t\t<picture>\n\t\t\t\t<source media=\"(max-width: 768px)\" srcset=\"https:\/\/files.sunoresearch.com.br\/n\/uploads\/2023\/05\/esg-investimento-empresa-desenvolvimento-400x200.jpg\">\n\t\t\t\t<img loading=\"lazy\" decoding=\"async\" class=\"newsContent__article__imgCapa lazyloadDisabled \" src=\"https:\/\/files.sunoresearch.com.br\/n\/uploads\/2023\/05\/esg-investimento-empresa-desenvolvimento-800x450.jpg\" width=\"800\" height=\"450\" alt=\"Opera\u00e7\u00f5es de M&amp;A seguem aquecidas no setor el\u00e9trico; estruturas se subordinam a regras espec\u00edficas\" fetchpriority=high \/>\n\t\t\t<\/picture>\n\n\t\t\t<figcaption class=\"wp-caption-text wp-caption-text--show\">ESG - Foto: iStock<\/figcaption>\n\t\t<\/figure>\n\t<\/div>\n\n\n\n\n\n\t<p>\n\t\t<a href=\"https:\/\/lp.suno.com.br\/planilha-da-vida-financeira\/\" target=\"_blank\" data-element=\"shortcode-suno-banner\" title=\"Banner SUNO, clique e saiba mais\">\n\t\t\t<picture>\n\t\t\t\t<source media=\"(max-width: 500px)\" srcset=\"https:\/\/files.sunoresearch.com.br\/n\/uploads\/2023\/04\/400x300-Planilha-vida-financeira-true.png\">\n\t\t\t\t<img class=\"newsContent__article__imgCapa newsContent__article__imgCapa--banner\"\n\t\t\t\t\tsrc=\"https:\/\/files.sunoresearch.com.br\/n\/uploads\/2023\/04\/1420x240-Planilha-vida-financeira-true.png\"\n\t\t\t\t\tdata-promo-id=\"106682\"\t\t\t\t\t\t\t\t\t\twidth='1420' height='240'\t\t\t\t\talt=\"https:\/\/files.sunoresearch.com.br\/n\/uploads\/2023\/04\/1420x240-Planilha-vida-financeira-true.png\"\n\t\t\t\t>\n\t\t\t<\/picture>\n\t\t<\/a>\n\t<\/p>\n\n\n\n\n\n\n\n<p>Os neg\u00f3cios no <strong>setor de energia<\/strong>, no pa\u00eds, sempre foram vinculados ao bin\u00f4mino seguran\u00e7a\/ renovabilidade. O fator da renovabilidade ganhou especial import\u00e2ncia nos \u00faltimos anos, pois grandes empresas do segmento e relevantes gestoras de investimentos incrementaram o n\u00famero de transa\u00e7\u00f5es com tais ativos, especialmente na \u00e1rea de gera\u00e7\u00e3o de energia limpa.<\/p>\n\n\n\n<p>A <strong>legisla\u00e7\u00e3o do setor el\u00e9trico<\/strong> se formatou ao longo de quase setenta anos de hist\u00f3ria, passando de um modelo eminentemente privado para um modelo eminentemente p\u00fablico, e a partir de 1990, a um modelo misto, com as privatiza\u00e7\u00f5es e importante regula\u00e7\u00e3o estatal. Portanto, h\u00e1 especificidades a serem observadas para validar as fus\u00f5es, aquisi\u00e7\u00f5es e outras opera\u00e7\u00f5es no setor de energia no \u00e2mbito nacional, apesar de n\u00e3o haver, ainda, um controle formal sobre a aquisi\u00e7\u00e3o de ativos por estrangeiros, nos moldes americanos e europeu.<\/p>\n\n\n\n<h2 class=\"wp-block-heading\">Regula\u00e7\u00e3o<\/h2>\n\n\n\n<p>A regula\u00e7\u00e3o estatal varia conforme o porte do empreendimento e da matriz energ\u00e9tica e tem como bases principais a Constitui\u00e7\u00e3o, as Leis Complementares e Ordin\u00e1rias e Decretos e Resolu\u00e7\u00f5es da Ag\u00eancia Nacional de Energia El\u00e9trica (Autorizativas, Normativas e Homologat\u00f3rias). Como exemplos mais relevantes, temos a Lei de Concess\u00f5es de Servi\u00e7os P\u00fablicos (Lei n\u00ba 8.987\/1995) e a Lei n\u00ba 9.427\/1996 (que trata da cria\u00e7\u00e3o da ANEEL). Para o M&amp;A, a Resolu\u00e7\u00e3o Normativa Aneel n\u00b0 948\/21 cuida, dentre outros assuntos, das notifica\u00e7\u00f5es e aprova\u00e7\u00f5es de transfer\u00eancia de controle.<\/p>\n\n\n\n<p>Como falado, as fontes renov\u00e1veis s\u00e3o \u201ca bola da vez\u201d, impulsionadas ainda mais pelo marco legal da gera\u00e7\u00e3o distribu\u00edda (Lei n\u00ba 14.300\/2022), ou seja, a<strong> gera\u00e7\u00e3o el\u00e9trica <\/strong>realizada por consumidores independentes. Este tipo de gera\u00e7\u00e3o se vale de fontes renov\u00e1veis de energia ou com elevada efici\u00eancia energ\u00e9tica, localizadas pr\u00f3ximo aos centros de consumo de energia el\u00e9trica.<\/p>\n\n\n\n<p>Al\u00e9m destes elementos, \u00e9 poss\u00edvel mencionar que a gera\u00e7\u00e3o distribu\u00edda no territ\u00f3rio nacional assumiu, com efeito, a faceta solar. A seguran\u00e7a jur\u00eddica para os investidores trazida pelo marco legal e os incentivos fiscais para a instala\u00e7\u00e3o de sistemas fotovoltaicos trouxeram grandes oportunidades para acelerar a transi\u00e7\u00e3o da matriz energ\u00e9tica. Assim, o setor macro de energia apresentou crescimento no volume de fus\u00f5es e aquisi\u00e7\u00f5es.<\/p>\n\n\n\n<p>Entre os maiores destaques \u2013 tanto no volume financeiro, quanto na quantidade de energia negociada \u2013 podemos citar os seguintes exemplos:<\/p>\n\n\n\n<p>A italiana <strong>Enel <\/strong>segue, desde 2022, na tentativa de aliena\u00e7\u00e3o da Companhia Energ\u00e9tica do Cear\u00e1, Coelce (COCE5), uma transa\u00e7\u00e3o que pode girar entre R$ 6 bilh\u00f5es e R$ 8 bilh\u00f5es (sem incluir d\u00edvidas).<\/p>\n\n\n\n<p>Outra empresa multi utilities que sempre olha para as janelas de mercado \u00e9 a Neoenergia (NEOE3), pertencente ao grupo espanhol Iberdrola. Seus acionistas informam que h\u00e1 bancos em busca de um investidor para a venda de linhas e subesta\u00e7\u00f5es\/instala\u00e7\u00f5es de transmiss\u00e3o. Tratam-se de opera\u00e7\u00f5es de M&amp;A na ordem de mais de R$ 2 bilh\u00f5es. Ainda aumentam a fila a Eneva (ENEV3) e a EDP (ENBR3).<\/p>\n\n\n\n<p>Ao contabilizar as <strong>comercializadoras de energia<\/strong>, al\u00e9m das gigantes que foram nominalmente citadas, estaremos a falar da casa de trinta bilh\u00f5es de reais em potenciais <strong>transa\u00e7\u00f5es de M&amp;A <\/strong>no setor.<\/p>\n\n\n\n<p>No ano de 2022, as opera\u00e7\u00f5es envolvendo companhias energ\u00e9ticas representaram 10% das transa\u00e7\u00f5es totais registradas em \u00e2mbito nacional, com 114 negocia\u00e7\u00f5es consolidadas. Nesse setor espec\u00edfico, tivemos um crescimento que representa 81%, j\u00e1 que no ano anterior houve 63 negocia\u00e7\u00f5es fechadas.<\/p>\n\n\n\t<p>\n\t\t<a href=\"https:\/\/lp.suno.com.br\/ebook-como-analisar-uma-acao\/\" target=\"_blank\" data-element=\"shortcode-suno-banner\" title=\"Banner SUNO, clique e saiba mais\">\n\t\t\t<picture>\n\t\t\t\t<source media=\"(max-width: 500px)\" srcset=\"https:\/\/files.sunoresearch.com.br\/n\/uploads\/2023\/03\/Ebook-Acoes-Mobile.jpg\">\n\t\t\t\t<img class=\"newsContent__article__imgCapa newsContent__article__imgCapa--banner\"\n\t\t\t\t\tsrc=\"https:\/\/files.sunoresearch.com.br\/n\/uploads\/2023\/03\/Ebook-Acoes-Desktop.jpg\"\n\t\t\t\t\tdata-promo-id=\"378302\"\t\t\t\t\t\t\t\t\t\twidth='1420' height='286'\t\t\t\t\talt=\"https:\/\/files.sunoresearch.com.br\/n\/uploads\/2023\/03\/Ebook-Acoes-Desktop.jpg\"\n\t\t\t\t>\n\t\t\t<\/picture>\n\t\t<\/a>\n\t<\/p>\n\n\n\n\n\n<h2 class=\"wp-block-heading\">Pot\u00eancia instalada de sistemas fotovoltaicos aumentou 84% no pa\u00eds<\/h2>\n\n\n\n<p>Nos \u00faltimos quinze meses, a pot\u00eancia instalada de sistemas fotovoltaicos aumentou 84% no pa\u00eds, passando de 13 gigawatts (GW), em janeiro de 2022, a 24 GW logo no in\u00edcio de 2023. Segundo os dados da Associa\u00e7\u00e3o Brasileira Solar (ABSOLAR), a expectativa \u00e9 que a capacidade produtiva aumente 42% em 2023, alcan\u00e7ando 34GW de pot\u00eancia instalada.<\/p>\n\n\n\n<p>Considerado mais resiliente, o setor de energia n\u00e3o est\u00e1 contaminado pelo pessimismo do mercado de capitais \u2013 que se caracteriza pela volatilidade e vive um momento dif\u00edcil. Oferecendo perspectivas que se alocam muito mais no universo da renda fixa, os \u201cproject finances\u201d voltados para o setor el\u00e9trico continuam tendo \u00f3tima recep\u00e7\u00e3o pelo investidor nacional e internacional.<\/p>\n\n\n\n<p>Por fim, os dados da Redirection International mostram que o <strong>mercado de energytechs <\/strong>tamb\u00e9m deve permanecer em curva ascendente; o setor de energia est\u00e1 passando ao largo da retra\u00e7\u00e3o de investimentos em startups verificada neste come\u00e7o de ano no pa\u00eds. Enquanto os aportes totais em startups recuaram 86% no primeiro trimestre de 2023, as energytechs est\u00e3o captando.<\/p>\n\n\n\n<p>Somadas, essas empresas levantaram perto de R$ 350 milh\u00f5es entre janeiro e mar\u00e7o do presente ano, atra\u00eddas principalmente pelo foco em energia renov\u00e1vel e variedade de modelagens aplic\u00e1veis. Todas elas subordinadas, entretanto, ao ordenamento aqui disposto.<\/p>\n\n\n\n<p>Assim, para o investidor, a aten\u00e7\u00e3o a esta mudan\u00e7a estrutural no mercado \u00e9 importante, considerando-se o investimento em renov\u00e1veis e uma acelera\u00e7\u00e3o dos M&amp;As. Estamos em um momento de constru\u00e7\u00e3o de um novo mercado de energia com novos ganhadores e perdedores, como em todo mercado.<\/p>\n\n\n\n<p><em>*Texto produzido em parceria com Daniel Steffens, s\u00f3cio e especialista em direito de Energia no Urbano Vitalino Advogados<\/em><\/p>\n\n\n\t<p>\n\t\t<a href=\"https:\/\/lp.suno.com.br\/suno-one\/?utm_campaign=_SNC6964518A_\" target=\"_blank\" data-element=\"shortcode-suno-banner\" title=\"Banner SUNO, clique e saiba mais\">\n\t\t\t<picture>\n\t\t\t\t<source media=\"(max-width: 500px)\" srcset=\"https:\/\/files.sunoresearch.com.br\/n\/uploads\/2025\/09\/400x300-Suno-One-png.webp\">\n\t\t\t\t<img class=\"newsContent__article__imgCapa newsContent__article__imgCapa--banner\"\n\t\t\t\t\tsrc=\"https:\/\/files.sunoresearch.com.br\/n\/uploads\/2025\/09\/1420x240-Suno-One-png.webp\"\n\t\t\t\t\tdata-promo-id=\"383121\"\t\t\t\t\t\t\t\t\t\twidth='1420' height='240'\t\t\t\t\talt=\"https:\/\/files.sunoresearch.com.br\/n\/uploads\/2025\/09\/1420x240-Suno-One-png.webp\"\n\t\t\t\t>\n\t\t\t<\/picture>\n\t\t<\/a>\n\t<\/p>\n\n\n","protected":false},"excerpt":{"rendered":"<p>H\u00e1 um crescimento de investimentos em energia no Brasil, principalmente em renov\u00e1veis, impulsionado pelos temas de transi\u00e7\u00e3o energ\u00e9tica e pela ascens\u00e3o do ESG. Da mesm&#8230;<\/p>\n","protected":false},"author":279,"featured_media":401509,"template":"","tags":[75364,62812],"class_list":["post-415823","suno_column","type-suno_column","status-publish","has-post-thumbnail","hentry","tag-esg","tag-fusoes-e-aquisicoes"],"yoast_head":"<!-- This site is optimized with the Yoast SEO plugin v24.4 - https:\/\/yoast.com\/wordpress\/plugins\/seo\/ -->\n<title>Opera\u00e7\u00f5es de M&amp;A seguem aquecidas no setor el\u00e9trico<\/title>\n<meta name=\"description\" content=\"H\u00e1 um crescimento de investimentos em energia no Brasil, principalmente em renov\u00e1veis, impulsionado pela ascens\u00e3o do ESG\" \/>\n<meta name=\"robots\" content=\"index, follow, max-snippet:-1, max-image-preview:large, max-video-preview:-1\" \/>\n<link rel=\"canonical\" href=\"https:\/\/www.suno.com.br\/noticias\/colunas\/ricardo-thomaz\/operacoes-ma-aquecidas-setor-eletrico\/\" \/>\n<meta property=\"og:locale\" content=\"pt_BR\" \/>\n<meta property=\"og:type\" content=\"article\" \/>\n<meta property=\"og:title\" content=\"Opera\u00e7\u00f5es de M&amp;A seguem aquecidas no setor el\u00e9trico\" \/>\n<meta property=\"og:description\" content=\"H\u00e1 um crescimento de investimentos em energia no Brasil, principalmente em renov\u00e1veis, impulsionado pela ascens\u00e3o do ESG\" \/>\n<meta property=\"og:url\" content=\"https:\/\/www.suno.com.br\/noticias\/colunas\/ricardo-thomaz\/operacoes-ma-aquecidas-setor-eletrico\/\" \/>\n<meta property=\"og:site_name\" content=\"Suno Not\u00edcias\" \/>\n<meta property=\"article:publisher\" content=\"https:\/\/facebook.com\/sunoresearch\" \/>\n<meta property=\"og:image\" content=\"https:\/\/files.sunoresearch.com.br\/n\/uploads\/2023\/05\/esg-investimento-empresa-desenvolvimento.jpg\" \/>\n\t<meta property=\"og:image:width\" content=\"1200\" \/>\n\t<meta property=\"og:image:height\" content=\"800\" \/>\n\t<meta property=\"og:image:type\" content=\"image\/jpeg\" \/>\n<meta name=\"twitter:card\" content=\"summary_large_image\" \/>\n<meta name=\"twitter:site\" content=\"@sunoresearch\" \/>\n<meta name=\"twitter:label1\" content=\"Est. tempo de leitura\" \/>\n\t<meta name=\"twitter:data1\" content=\"5 minutos\" \/>\n<script type=\"application\/ld+json\" class=\"yoast-schema-graph\">{\"@context\":\"https:\/\/schema.org\",\"@graph\":[{\"@type\":\"Article\",\"@id\":\"https:\/\/www.suno.com.br\/noticias\/colunas\/ricardo-thomaz\/operacoes-ma-aquecidas-setor-eletrico\/#article\",\"isPartOf\":{\"@id\":\"https:\/\/www.suno.com.br\/noticias\/colunas\/ricardo-thomaz\/operacoes-ma-aquecidas-setor-eletrico\/\"},\"author\":{\"name\":\"Ricardo Thomazinho\",\"@id\":\"https:\/\/www.suno.com.br\/noticias\/#\/schema\/person\/d16f31ca5aae6bc18e19103bd33bf1dc\"},\"headline\":\"Opera\u00e7\u00f5es de M&amp;A seguem aquecidas no setor el\u00e9trico; estruturas se subordinam a regras espec\u00edficas\",\"datePublished\":\"2023-06-13T11:00:00+00:00\",\"mainEntityOfPage\":{\"@id\":\"https:\/\/www.suno.com.br\/noticias\/colunas\/ricardo-thomaz\/operacoes-ma-aquecidas-setor-eletrico\/\"},\"wordCount\":971,\"publisher\":{\"@id\":\"https:\/\/www.suno.com.br\/noticias\/#organization\"},\"image\":{\"@id\":\"https:\/\/www.suno.com.br\/noticias\/colunas\/ricardo-thomaz\/operacoes-ma-aquecidas-setor-eletrico\/#primaryimage\"},\"thumbnailUrl\":\"https:\/\/files.sunoresearch.com.br\/n\/uploads\/2023\/05\/esg-investimento-empresa-desenvolvimento.jpg\",\"keywords\":[\"ESG\",\"fus\u00f5es e aquisi\u00e7\u00f5es\"],\"inLanguage\":\"pt-BR\"},{\"@type\":\"WebPage\",\"@id\":\"https:\/\/www.suno.com.br\/noticias\/colunas\/ricardo-thomaz\/operacoes-ma-aquecidas-setor-eletrico\/\",\"url\":\"https:\/\/www.suno.com.br\/noticias\/colunas\/ricardo-thomaz\/operacoes-ma-aquecidas-setor-eletrico\/\",\"name\":\"Opera\u00e7\u00f5es de M&A seguem aquecidas no setor el\u00e9trico\",\"isPartOf\":{\"@id\":\"https:\/\/www.suno.com.br\/noticias\/#website\"},\"primaryImageOfPage\":{\"@id\":\"https:\/\/www.suno.com.br\/noticias\/colunas\/ricardo-thomaz\/operacoes-ma-aquecidas-setor-eletrico\/#primaryimage\"},\"image\":{\"@id\":\"https:\/\/www.suno.com.br\/noticias\/colunas\/ricardo-thomaz\/operacoes-ma-aquecidas-setor-eletrico\/#primaryimage\"},\"thumbnailUrl\":\"https:\/\/files.sunoresearch.com.br\/n\/uploads\/2023\/05\/esg-investimento-empresa-desenvolvimento.jpg\",\"datePublished\":\"2023-06-13T11:00:00+00:00\",\"description\":\"H\u00e1 um crescimento de investimentos em energia no Brasil, principalmente em renov\u00e1veis, impulsionado pela ascens\u00e3o do ESG\",\"breadcrumb\":{\"@id\":\"https:\/\/www.suno.com.br\/noticias\/colunas\/ricardo-thomaz\/operacoes-ma-aquecidas-setor-eletrico\/#breadcrumb\"},\"inLanguage\":\"pt-BR\",\"potentialAction\":[{\"@type\":\"ReadAction\",\"target\":[\"https:\/\/www.suno.com.br\/noticias\/colunas\/ricardo-thomaz\/operacoes-ma-aquecidas-setor-eletrico\/\"]}]},{\"@type\":\"ImageObject\",\"inLanguage\":\"pt-BR\",\"@id\":\"https:\/\/www.suno.com.br\/noticias\/colunas\/ricardo-thomaz\/operacoes-ma-aquecidas-setor-eletrico\/#primaryimage\",\"url\":\"https:\/\/files.sunoresearch.com.br\/n\/uploads\/2023\/05\/esg-investimento-empresa-desenvolvimento.jpg\",\"contentUrl\":\"https:\/\/files.sunoresearch.com.br\/n\/uploads\/2023\/05\/esg-investimento-empresa-desenvolvimento.jpg\",\"width\":1200,\"height\":800,\"caption\":\"ESG - Foto: iStock\"},{\"@type\":\"BreadcrumbList\",\"@id\":\"https:\/\/www.suno.com.br\/noticias\/colunas\/ricardo-thomaz\/operacoes-ma-aquecidas-setor-eletrico\/#breadcrumb\",\"itemListElement\":[{\"@type\":\"ListItem\",\"position\":1,\"name\":\"Not\u00edcias\",\"item\":\"https:\/\/www.suno.com.br\/noticias\/\"},{\"@type\":\"ListItem\",\"position\":2,\"name\":\"Colunas\",\"item\":\"https:\/\/www.suno.com.br\/noticias\/colunas\/\"},{\"@type\":\"ListItem\",\"position\":3,\"name\":\"Opera\u00e7\u00f5es de M&amp;A seguem aquecidas no setor el\u00e9trico; estruturas se subordinam a regras espec\u00edficas\"}]},{\"@type\":\"WebSite\",\"@id\":\"https:\/\/www.suno.com.br\/noticias\/#website\",\"url\":\"https:\/\/www.suno.com.br\/noticias\/\",\"name\":\"Suno Not\u00edcias\",\"description\":\"Seu portal de informa\u00e7\u00e3o sobre o mundo dos investimentos\",\"publisher\":{\"@id\":\"https:\/\/www.suno.com.br\/noticias\/#organization\"},\"potentialAction\":[{\"@type\":\"SearchAction\",\"target\":{\"@type\":\"EntryPoint\",\"urlTemplate\":\"https:\/\/www.suno.com.br\/noticias\/?s={search_term_string}\"},\"query-input\":{\"@type\":\"PropertyValueSpecification\",\"valueRequired\":true,\"valueName\":\"search_term_string\"}}],\"inLanguage\":\"pt-BR\"},{\"@type\":\"Organization\",\"@id\":\"https:\/\/www.suno.com.br\/noticias\/#organization\",\"name\":\"Suno Not\u00edcias\",\"url\":\"https:\/\/www.suno.com.br\/noticias\/\",\"logo\":{\"@type\":\"ImageObject\",\"inLanguage\":\"pt-BR\",\"@id\":\"https:\/\/www.suno.com.br\/noticias\/#\/schema\/logo\/image\/\",\"url\":\"https:\/\/files.sunoresearch.com.br\/n\/uploads\/2021\/09\/suno-logo.png\",\"contentUrl\":\"https:\/\/files.sunoresearch.com.br\/n\/uploads\/2021\/09\/suno-logo.png\",\"width\":180,\"height\":180,\"caption\":\"Suno Not\u00edcias\"},\"image\":{\"@id\":\"https:\/\/www.suno.com.br\/noticias\/#\/schema\/logo\/image\/\"},\"sameAs\":[\"https:\/\/facebook.com\/sunoresearch\",\"https:\/\/x.com\/sunoresearch\",\"https:\/\/www.instagram.com\/suno\",\"https:\/\/www.linkedin.com\/company\/suno-research\/\",\"https:\/\/www.youtube.com\/c\/sunoresearch\"]},{\"@type\":\"Person\",\"@id\":\"https:\/\/www.suno.com.br\/noticias\/#\/schema\/person\/d16f31ca5aae6bc18e19103bd33bf1dc\",\"name\":\"Ricardo Thomazinho\",\"image\":{\"@type\":\"ImageObject\",\"inLanguage\":\"pt-BR\",\"@id\":\"https:\/\/www.suno.com.br\/noticias\/#\/schema\/person\/image\/\",\"url\":\"https:\/\/secure.gravatar.com\/avatar\/ef5f23737b6f157bae4e2bd7ef06ce05?s=96&r=g\",\"contentUrl\":\"https:\/\/secure.gravatar.com\/avatar\/ef5f23737b6f157bae4e2bd7ef06ce05?s=96&r=g\",\"caption\":\"Ricardo Thomazinho\"},\"description\":\"Formado em 1999 e com doutorado Faculdade de Direito da Universidade de S\u00e3o Paulo, atuou por sete anos como professor da Funda\u00e7\u00e3o Armando \u00c1lvares Penteado (Faap) e h\u00e1 23 anos formou sua pr\u00f3pria banca advocat\u00edcia, que em 2022 foi incorporada pelo Urbano Vitalino Advogados, de onde agora \u00e9 s\u00f3cio. Nessa trajet\u00f3ria, se notabilizou por seu conhecimento em direito societ\u00e1rio, assessorando opera\u00e7\u00f5es de compra, venda e fus\u00e3o de empresas (M&amp;A).\",\"sameAs\":[\"https:\/\/www.linkedin.com\/in\/ricardo-thomazinho-63899\/\"],\"url\":\"https:\/\/www.suno.com.br\/noticias\/author\/ricardo-thomaz\/\"}]}<\/script>\n<!-- \/ Yoast SEO plugin. -->","yoast_head_json":{"title":"Opera\u00e7\u00f5es de M&A seguem aquecidas no setor el\u00e9trico","description":"H\u00e1 um crescimento de investimentos em energia no Brasil, principalmente em renov\u00e1veis, impulsionado pela ascens\u00e3o do ESG","robots":{"index":"index","follow":"follow","max-snippet":"max-snippet:-1","max-image-preview":"max-image-preview:large","max-video-preview":"max-video-preview:-1"},"canonical":"https:\/\/www.suno.com.br\/noticias\/colunas\/ricardo-thomaz\/operacoes-ma-aquecidas-setor-eletrico\/","og_locale":"pt_BR","og_type":"article","og_title":"Opera\u00e7\u00f5es de M&A seguem aquecidas no setor el\u00e9trico","og_description":"H\u00e1 um crescimento de investimentos em energia no Brasil, principalmente em renov\u00e1veis, impulsionado pela ascens\u00e3o do ESG","og_url":"https:\/\/www.suno.com.br\/noticias\/colunas\/ricardo-thomaz\/operacoes-ma-aquecidas-setor-eletrico\/","og_site_name":"Suno Not\u00edcias","article_publisher":"https:\/\/facebook.com\/sunoresearch","og_image":[{"width":1200,"height":800,"url":"https:\/\/files.sunoresearch.com.br\/n\/uploads\/2023\/05\/esg-investimento-empresa-desenvolvimento.jpg","type":"image\/jpeg"}],"twitter_card":"summary_large_image","twitter_site":"@sunoresearch","twitter_misc":{"Est. tempo de leitura":"5 minutos"},"schema":{"@context":"https:\/\/schema.org","@graph":[{"@type":"Article","@id":"https:\/\/www.suno.com.br\/noticias\/colunas\/ricardo-thomaz\/operacoes-ma-aquecidas-setor-eletrico\/#article","isPartOf":{"@id":"https:\/\/www.suno.com.br\/noticias\/colunas\/ricardo-thomaz\/operacoes-ma-aquecidas-setor-eletrico\/"},"author":{"name":"Ricardo Thomazinho","@id":"https:\/\/www.suno.com.br\/noticias\/#\/schema\/person\/d16f31ca5aae6bc18e19103bd33bf1dc"},"headline":"Opera\u00e7\u00f5es de M&amp;A seguem aquecidas no setor el\u00e9trico; estruturas se subordinam a regras espec\u00edficas","datePublished":"2023-06-13T11:00:00+00:00","mainEntityOfPage":{"@id":"https:\/\/www.suno.com.br\/noticias\/colunas\/ricardo-thomaz\/operacoes-ma-aquecidas-setor-eletrico\/"},"wordCount":971,"publisher":{"@id":"https:\/\/www.suno.com.br\/noticias\/#organization"},"image":{"@id":"https:\/\/www.suno.com.br\/noticias\/colunas\/ricardo-thomaz\/operacoes-ma-aquecidas-setor-eletrico\/#primaryimage"},"thumbnailUrl":"https:\/\/files.sunoresearch.com.br\/n\/uploads\/2023\/05\/esg-investimento-empresa-desenvolvimento.jpg","keywords":["ESG","fus\u00f5es e aquisi\u00e7\u00f5es"],"inLanguage":"pt-BR"},{"@type":"WebPage","@id":"https:\/\/www.suno.com.br\/noticias\/colunas\/ricardo-thomaz\/operacoes-ma-aquecidas-setor-eletrico\/","url":"https:\/\/www.suno.com.br\/noticias\/colunas\/ricardo-thomaz\/operacoes-ma-aquecidas-setor-eletrico\/","name":"Opera\u00e7\u00f5es de M&A seguem aquecidas no setor el\u00e9trico","isPartOf":{"@id":"https:\/\/www.suno.com.br\/noticias\/#website"},"primaryImageOfPage":{"@id":"https:\/\/www.suno.com.br\/noticias\/colunas\/ricardo-thomaz\/operacoes-ma-aquecidas-setor-eletrico\/#primaryimage"},"image":{"@id":"https:\/\/www.suno.com.br\/noticias\/colunas\/ricardo-thomaz\/operacoes-ma-aquecidas-setor-eletrico\/#primaryimage"},"thumbnailUrl":"https:\/\/files.sunoresearch.com.br\/n\/uploads\/2023\/05\/esg-investimento-empresa-desenvolvimento.jpg","datePublished":"2023-06-13T11:00:00+00:00","description":"H\u00e1 um crescimento de investimentos em energia no Brasil, principalmente em renov\u00e1veis, impulsionado pela ascens\u00e3o do ESG","breadcrumb":{"@id":"https:\/\/www.suno.com.br\/noticias\/colunas\/ricardo-thomaz\/operacoes-ma-aquecidas-setor-eletrico\/#breadcrumb"},"inLanguage":"pt-BR","potentialAction":[{"@type":"ReadAction","target":["https:\/\/www.suno.com.br\/noticias\/colunas\/ricardo-thomaz\/operacoes-ma-aquecidas-setor-eletrico\/"]}]},{"@type":"ImageObject","inLanguage":"pt-BR","@id":"https:\/\/www.suno.com.br\/noticias\/colunas\/ricardo-thomaz\/operacoes-ma-aquecidas-setor-eletrico\/#primaryimage","url":"https:\/\/files.sunoresearch.com.br\/n\/uploads\/2023\/05\/esg-investimento-empresa-desenvolvimento.jpg","contentUrl":"https:\/\/files.sunoresearch.com.br\/n\/uploads\/2023\/05\/esg-investimento-empresa-desenvolvimento.jpg","width":1200,"height":800,"caption":"ESG - Foto: iStock"},{"@type":"BreadcrumbList","@id":"https:\/\/www.suno.com.br\/noticias\/colunas\/ricardo-thomaz\/operacoes-ma-aquecidas-setor-eletrico\/#breadcrumb","itemListElement":[{"@type":"ListItem","position":1,"name":"Not\u00edcias","item":"https:\/\/www.suno.com.br\/noticias\/"},{"@type":"ListItem","position":2,"name":"Colunas","item":"https:\/\/www.suno.com.br\/noticias\/colunas\/"},{"@type":"ListItem","position":3,"name":"Opera\u00e7\u00f5es de M&amp;A seguem aquecidas no setor el\u00e9trico; estruturas se subordinam a regras espec\u00edficas"}]},{"@type":"WebSite","@id":"https:\/\/www.suno.com.br\/noticias\/#website","url":"https:\/\/www.suno.com.br\/noticias\/","name":"Suno Not\u00edcias","description":"Seu portal de informa\u00e7\u00e3o sobre o mundo dos investimentos","publisher":{"@id":"https:\/\/www.suno.com.br\/noticias\/#organization"},"potentialAction":[{"@type":"SearchAction","target":{"@type":"EntryPoint","urlTemplate":"https:\/\/www.suno.com.br\/noticias\/?s={search_term_string}"},"query-input":{"@type":"PropertyValueSpecification","valueRequired":true,"valueName":"search_term_string"}}],"inLanguage":"pt-BR"},{"@type":"Organization","@id":"https:\/\/www.suno.com.br\/noticias\/#organization","name":"Suno Not\u00edcias","url":"https:\/\/www.suno.com.br\/noticias\/","logo":{"@type":"ImageObject","inLanguage":"pt-BR","@id":"https:\/\/www.suno.com.br\/noticias\/#\/schema\/logo\/image\/","url":"https:\/\/files.sunoresearch.com.br\/n\/uploads\/2021\/09\/suno-logo.png","contentUrl":"https:\/\/files.sunoresearch.com.br\/n\/uploads\/2021\/09\/suno-logo.png","width":180,"height":180,"caption":"Suno Not\u00edcias"},"image":{"@id":"https:\/\/www.suno.com.br\/noticias\/#\/schema\/logo\/image\/"},"sameAs":["https:\/\/facebook.com\/sunoresearch","https:\/\/x.com\/sunoresearch","https:\/\/www.instagram.com\/suno","https:\/\/www.linkedin.com\/company\/suno-research\/","https:\/\/www.youtube.com\/c\/sunoresearch"]},{"@type":"Person","@id":"https:\/\/www.suno.com.br\/noticias\/#\/schema\/person\/d16f31ca5aae6bc18e19103bd33bf1dc","name":"Ricardo Thomazinho","image":{"@type":"ImageObject","inLanguage":"pt-BR","@id":"https:\/\/www.suno.com.br\/noticias\/#\/schema\/person\/image\/","url":"https:\/\/secure.gravatar.com\/avatar\/ef5f23737b6f157bae4e2bd7ef06ce05?s=96&r=g","contentUrl":"https:\/\/secure.gravatar.com\/avatar\/ef5f23737b6f157bae4e2bd7ef06ce05?s=96&r=g","caption":"Ricardo Thomazinho"},"description":"Formado em 1999 e com doutorado Faculdade de Direito da Universidade de S\u00e3o Paulo, atuou por sete anos como professor da Funda\u00e7\u00e3o Armando \u00c1lvares Penteado (Faap) e h\u00e1 23 anos formou sua pr\u00f3pria banca advocat\u00edcia, que em 2022 foi incorporada pelo Urbano Vitalino Advogados, de onde agora \u00e9 s\u00f3cio. Nessa trajet\u00f3ria, se notabilizou por seu conhecimento em direito societ\u00e1rio, assessorando opera\u00e7\u00f5es de compra, venda e fus\u00e3o de empresas (M&amp;A).","sameAs":["https:\/\/www.linkedin.com\/in\/ricardo-thomazinho-63899\/"],"url":"https:\/\/www.suno.com.br\/noticias\/author\/ricardo-thomaz\/"}]}},"amp_enabled":true,"_links":{"self":[{"href":"https:\/\/www.suno.com.br\/noticias\/wp-json\/wp\/v2\/suno_column\/415823"}],"collection":[{"href":"https:\/\/www.suno.com.br\/noticias\/wp-json\/wp\/v2\/suno_column"}],"about":[{"href":"https:\/\/www.suno.com.br\/noticias\/wp-json\/wp\/v2\/types\/suno_column"}],"author":[{"embeddable":true,"href":"https:\/\/www.suno.com.br\/noticias\/wp-json\/wp\/v2\/users\/279"}],"wp:featuredmedia":[{"embeddable":true,"href":"https:\/\/www.suno.com.br\/noticias\/wp-json\/wp\/v2\/media\/401509"}],"wp:attachment":[{"href":"https:\/\/www.suno.com.br\/noticias\/wp-json\/wp\/v2\/media?parent=415823"}],"wp:term":[{"taxonomy":"post_tag","embeddable":true,"href":"https:\/\/www.suno.com.br\/noticias\/wp-json\/wp\/v2\/tags?post=415823"}],"curies":[{"name":"wp","href":"https:\/\/api.w.org\/{rel}","templated":true}]}}