{"id":415070,"date":"2023-06-12T08:00:00","date_gmt":"2023-06-12T11:00:00","guid":{"rendered":"https:\/\/www.suno.com.br\/noticias\/colunas\/marco-lopes\/\/"},"modified":"2023-06-12T13:24:19","modified_gmt":"2023-06-12T16:24:19","slug":"investimento-acoes-moda-filosofia-2","status":"publish","type":"suno_column","link":"https:\/\/www.suno.com.br\/noticias\/colunas\/mateus-carvalho\/investimento-acoes-moda-filosofia-2\/","title":{"rendered":"Investimento em a\u00e7\u00f5es, moda ou filosofia?"},"content":{"rendered":"<p>Desde mar\u00e7o de 2020 vivemos uma tend\u00eancia de queda de pre\u00e7os generalizada nos <strong>mercados acion\u00e1rios<\/strong> nacionais e internacionais &#8211; portanto, as perguntas que n\u00e3o param de assombrar nossas mentes s\u00e3o: at\u00e9 quando terei que ouvir que investimentos em a\u00e7\u00f5es s\u00e3o para longo prazo? O longo prazo n\u00e3o acaba nunca? A\u00e7\u00f5es s\u00e3o iguais jogos de azar.<\/p>\t<div class=\"wrapper-featured-image\">\n\t\t<figure class=\"spotlightImg\">\n\n\t\t\t<picture>\n\t\t\t\t<source media=\"(max-width: 768px)\" srcset=\"https:\/\/files.sunoresearch.com.br\/n\/uploads\/2023\/05\/graficos-investimentos-crescimento-400x200.jpg\">\n\t\t\t\t<img loading=\"lazy\" decoding=\"async\" class=\"newsContent__article__imgCapa lazyloadDisabled \" src=\"https:\/\/files.sunoresearch.com.br\/n\/uploads\/2023\/05\/graficos-investimentos-crescimento-800x450.jpg\" width=\"800\" height=\"450\" alt=\"Investimento em a\u00e7\u00f5es, moda ou filosofia?\" fetchpriority=high \/>\n\t\t\t<\/picture>\n\n\t\t\t<figcaption class=\"wp-caption-text wp-caption-text--show\">Melhores investimentos. Foto: iStock<\/figcaption>\n\t\t<\/figure>\n\t<\/div>\n\n\n\n\n\n\t<p>\n\t\t<a href=\"https:\/\/lp.suno.com.br\/planilha-da-vida-financeira\/\" target=\"_blank\" data-element=\"shortcode-suno-banner\" title=\"Banner SUNO, clique e saiba mais\">\n\t\t\t<picture>\n\t\t\t\t<source media=\"(max-width: 500px)\" srcset=\"https:\/\/files.sunoresearch.com.br\/n\/uploads\/2023\/04\/400x300-Planilha-vida-financeira-true.png\">\n\t\t\t\t<img class=\"newsContent__article__imgCapa newsContent__article__imgCapa--banner\"\n\t\t\t\t\tsrc=\"https:\/\/files.sunoresearch.com.br\/n\/uploads\/2023\/04\/1420x240-Planilha-vida-financeira-true.png\"\n\t\t\t\t\tdata-promo-id=\"106682\"\t\t\t\t\t\t\t\t\t\twidth='1420' height='240'\t\t\t\t\talt=\"https:\/\/files.sunoresearch.com.br\/n\/uploads\/2023\/04\/1420x240-Planilha-vida-financeira-true.png\"\n\t\t\t\t>\n\t\t\t<\/picture>\n\t\t<\/a>\n\t<\/p>\n\n\n\n\n\n\n\n<p>Estes pensamentos s\u00e3o perfeitamente compreens\u00edveis, principalmente aos investidores que iniciaram sua jornada em <strong>renda vari\u00e1vel<\/strong> em 2019, pois no acumulado do ano o Ibovespa, principal \u00edndice acion\u00e1rio rentabilizou 33,74% enquanto t\u00ednhamos uma Selic meta de 4,5% e uma infla\u00e7\u00e3o (IPCA) de 4,31%.<\/p>\n\n\n\n<figure class=\"wp-block-image size-full is-resized\"><img loading=\"lazy\" decoding=\"async\" src=\"https:\/\/files.sunoresearch.com.br\/n\/uploads\/2023\/06\/ilustraccao-coluna.jpg\" alt=\"\" class=\"wp-image-415071\" width=\"778\" height=\"363\" srcset=\"https:\/\/files.sunoresearch.com.br\/n\/uploads\/2023\/06\/ilustraccao-coluna.jpg 551w, https:\/\/files.sunoresearch.com.br\/n\/uploads\/2023\/06\/ilustraccao-coluna-300x140.jpg 300w, https:\/\/files.sunoresearch.com.br\/n\/uploads\/2023\/06\/ilustraccao-coluna-150x70.jpg 150w\" sizes=\"(max-width: 778px) 100vw, 778px\" \/><\/figure>\n\n\n\n<p>Se este for o seu caso, n\u00e3o se preocupe, voc\u00ea n\u00e3o est\u00e1 sozinho. Em 2018 a <strong>B3<\/strong> informou que aproximadamente 700 mil CPFs acessavam a bolsa de valores sendo que no final de 2019 este n\u00famero foi de 1,4 milh\u00e3o (100% de crescimento) e em 2020 atingiu 2,7 milh\u00f5es .<\/p>\n\n\n\n<p>Veja bem, ap\u00f3s um crescimento relevante de pre\u00e7os, temos tamb\u00e9m um crescimento exponencial de demanda por este investimento? Aqui est\u00e1 o primeiro ponto de aten\u00e7\u00e3o. Para <strong>profissionais de investimentos<\/strong> \u00e9 infinitamente mais f\u00e1cil e menos contradit\u00f3rio recomendar classes com as maiores rentabilidades recentes, afinal naturalmente temos a intui\u00e7\u00e3o que determinado investimento que rendeu muito, continuar\u00e1 rendendo.<\/p>\n\n\n\n<p>A verdade \u00e9 que os pre\u00e7os tendem a se ajustar de acordo com caracter\u00edsticas especificas dos neg\u00f3cios mas tamb\u00e9m refletem fatores macroecon\u00f4micos que por sua vez s\u00e3o c\u00edclicos, expans\u00e3o, matura\u00e7\u00e3o, estabilidade, corre\u00e7\u00e3o, recess\u00e3o, recupera\u00e7\u00e3o, expans\u00e3o e assim sucessivamente.<\/p>\n\n\n\n<p>Neste sentido supondo que ciclos ter\u00e3o continuidade, o ideal \u00e9 se interessar por neg\u00f3cios resilientes, perenes, com hist\u00f3rico de boa gest\u00e3o nos per\u00edodos dos ciclos e que apresentam margem de seguran\u00e7a em seus pre\u00e7os, entretanto, agora est\u00e1 a pior parte do problema. O mesmo profissional que recomendou a\u00e7\u00f5es em 2019 por hist\u00f3rico de rentabilidade te induzir\u00e1 a migrar para renda fixa neste momento, pois atualmente o Ibovespa fechou 2022 com aproximadamente 4,8% de <strong>rentabilidade<\/strong> contra 13,75% da renda fixa. Para que correr riscos?<\/p>\n\n\n\t<p>\n\t\t<a href=\"https:\/\/lp.suno.com.br\/ebook-como-analisar-uma-acao\/\" target=\"_blank\" data-element=\"shortcode-suno-banner\" title=\"Banner SUNO, clique e saiba mais\">\n\t\t\t<picture>\n\t\t\t\t<source media=\"(max-width: 500px)\" srcset=\"https:\/\/files.sunoresearch.com.br\/n\/uploads\/2023\/03\/Ebook-Acoes-Mobile.jpg\">\n\t\t\t\t<img class=\"newsContent__article__imgCapa newsContent__article__imgCapa--banner\"\n\t\t\t\t\tsrc=\"https:\/\/files.sunoresearch.com.br\/n\/uploads\/2023\/03\/Ebook-Acoes-Desktop.jpg\"\n\t\t\t\t\tdata-promo-id=\"378302\"\t\t\t\t\t\t\t\t\t\twidth='1420' height='286'\t\t\t\t\talt=\"https:\/\/files.sunoresearch.com.br\/n\/uploads\/2023\/03\/Ebook-Acoes-Desktop.jpg\"\n\t\t\t\t>\n\t\t\t<\/picture>\n\t\t<\/a>\n\t<\/p>\n\n\n\n\n\n<p>Esta f\u00f3rmula evita o desgaste para quem est\u00e1 do lado das recomenda\u00e7\u00f5es mas para o investidor \u00e9 a receita da destrui\u00e7\u00e3o de patrim\u00f4nio. N\u00f3s que acreditamos no valor dos neg\u00f3cios iremos sempre recomendar a\u00e7\u00f5es independente dos momentos do ciclo, mas o diferencial est\u00e1 na curadoria da sele\u00e7\u00e3o, para que com an\u00e1lises possamos direcionar os aportes em empresas com maior margem de seguran\u00e7a segundo os princ\u00edpios do <strong>value investing <\/strong>em cada momento econ\u00f4mico.<\/p>\n\n\n\n<p>N\u00e3o podemos esquecer que o real <strong>gerador de valor<\/strong> em nosso modelo cultural e econ\u00f4mico s\u00e3o as empresas. Em prazos maiores, s\u00e3o empresas que gerar\u00e3o ganhos sociais, tecnol\u00f3gicos e econ\u00f4micos n\u00e3o t\u00edtulos de d\u00edvida (renda fixa), pois se existe capta\u00e7\u00e3o de d\u00edvidas s\u00e3o para investimentos em projetos que pagar\u00e3o as d\u00edvidas e gerar\u00e3o lucro econ\u00f4mico, sendo assim em qual lado voc\u00ea quer estar?<\/p>\n\n\n\n<p>Para finalizar, al\u00e9m das <strong>classes de investimentos<\/strong> que estar\u00e3o presentes em sua carteira, se faz necess\u00e1rio um estudo profundo de quais s\u00e3o seus objetivos de curto, m\u00e9dio e longo prazo, necessidade de liquidez, toler\u00e2ncia a risco, planejamento familiar, pois o ativo certo na quantidade e momento errado, poder\u00e1 gerar preju\u00edzos relevantes ao seu patrim\u00f4nio.<\/p>\n\n\n\t<p>\n\t\t<a href=\"https:\/\/lp.suno.com.br\/suno-one\/?utm_campaign=_SNC6964518A_\" target=\"_blank\" data-element=\"shortcode-suno-banner\" title=\"Banner SUNO, clique e saiba mais\">\n\t\t\t<picture>\n\t\t\t\t<source media=\"(max-width: 500px)\" srcset=\"https:\/\/files.sunoresearch.com.br\/n\/uploads\/2025\/09\/400x300-Suno-One-png.webp\">\n\t\t\t\t<img class=\"newsContent__article__imgCapa newsContent__article__imgCapa--banner\"\n\t\t\t\t\tsrc=\"https:\/\/files.sunoresearch.com.br\/n\/uploads\/2025\/09\/1420x240-Suno-One-png.webp\"\n\t\t\t\t\tdata-promo-id=\"383121\"\t\t\t\t\t\t\t\t\t\twidth='1420' height='240'\t\t\t\t\talt=\"https:\/\/files.sunoresearch.com.br\/n\/uploads\/2025\/09\/1420x240-Suno-One-png.webp\"\n\t\t\t\t>\n\t\t\t<\/picture>\n\t\t<\/a>\n\t<\/p>\n\n\n","protected":false},"excerpt":{"rendered":"<p>Desde mar\u00e7o de 2020 vivemos uma tend\u00eancia de queda de pre\u00e7os generalizada nos mercados acion\u00e1rios nacionais e internacionais &#8211; portanto, as perguntas que n\u00e3o par&#8230;<\/p>\n","protected":false},"author":282,"featured_media":401515,"template":"","tags":[],"class_list":["post-415070","suno_column","type-suno_column","status-publish","has-post-thumbnail","hentry"],"yoast_head":"<!-- This site is optimized with the Yoast SEO plugin v24.4 - https:\/\/yoast.com\/wordpress\/plugins\/seo\/ -->\n<title>Investimento em a\u00e7\u00f5es, moda ou filosofia?<\/title>\n<meta name=\"description\" content=\"At\u00e9 quando terei que ouvir que investimentos em a\u00e7\u00f5es s\u00e3o para longo prazo? O longo prazo n\u00e3o acaba nunca? Saiba mais\" \/>\n<meta name=\"robots\" content=\"index, follow, max-snippet:-1, max-image-preview:large, max-video-preview:-1\" \/>\n<link rel=\"canonical\" href=\"https:\/\/www.suno.com.br\/noticias\/colunas\/mateus-carvalho\/investimento-acoes-moda-filosofia-2\/\" \/>\n<meta property=\"og:locale\" content=\"pt_BR\" \/>\n<meta property=\"og:type\" content=\"article\" \/>\n<meta property=\"og:title\" content=\"Investimento em a\u00e7\u00f5es, moda ou filosofia?\" \/>\n<meta property=\"og:description\" content=\"At\u00e9 quando terei que ouvir que investimentos em a\u00e7\u00f5es s\u00e3o para longo prazo? O longo prazo n\u00e3o acaba nunca? Saiba mais\" \/>\n<meta property=\"og:url\" content=\"https:\/\/www.suno.com.br\/noticias\/colunas\/mateus-carvalho\/investimento-acoes-moda-filosofia-2\/\" \/>\n<meta property=\"og:site_name\" content=\"Suno Not\u00edcias\" \/>\n<meta property=\"article:publisher\" content=\"https:\/\/facebook.com\/sunoresearch\" \/>\n<meta property=\"og:image\" content=\"https:\/\/files.sunoresearch.com.br\/n\/uploads\/2023\/05\/graficos-investimentos-crescimento.jpg\" \/>\n\t<meta property=\"og:image:width\" content=\"1200\" \/>\n\t<meta property=\"og:image:height\" content=\"800\" \/>\n\t<meta property=\"og:image:type\" content=\"image\/jpeg\" \/>\n<meta name=\"twitter:card\" content=\"summary_large_image\" \/>\n<meta name=\"twitter:site\" content=\"@sunoresearch\" \/>\n<meta name=\"twitter:label1\" content=\"Est. tempo de leitura\" \/>\n\t<meta name=\"twitter:data1\" content=\"4 minutos\" \/>\n<script type=\"application\/ld+json\" class=\"yoast-schema-graph\">{\"@context\":\"https:\/\/schema.org\",\"@graph\":[{\"@type\":\"Article\",\"@id\":\"https:\/\/www.suno.com.br\/noticias\/colunas\/mateus-carvalho\/investimento-acoes-moda-filosofia-2\/#article\",\"isPartOf\":{\"@id\":\"https:\/\/www.suno.com.br\/noticias\/colunas\/mateus-carvalho\/investimento-acoes-moda-filosofia-2\/\"},\"author\":{\"name\":\"Mateus Carvalho\",\"@id\":\"https:\/\/www.suno.com.br\/noticias\/#\/schema\/person\/5e2d1e32c5541926f6b394d4b2dd80c6\"},\"headline\":\"Investimento em a\u00e7\u00f5es, moda ou filosofia?\",\"datePublished\":\"2023-06-12T11:00:00+00:00\",\"dateModified\":\"2023-06-12T16:24:19+00:00\",\"mainEntityOfPage\":{\"@id\":\"https:\/\/www.suno.com.br\/noticias\/colunas\/mateus-carvalho\/investimento-acoes-moda-filosofia-2\/\"},\"wordCount\":596,\"publisher\":{\"@id\":\"https:\/\/www.suno.com.br\/noticias\/#organization\"},\"image\":{\"@id\":\"https:\/\/www.suno.com.br\/noticias\/colunas\/mateus-carvalho\/investimento-acoes-moda-filosofia-2\/#primaryimage\"},\"thumbnailUrl\":\"https:\/\/files.sunoresearch.com.br\/n\/uploads\/2023\/05\/graficos-investimentos-crescimento.jpg\",\"inLanguage\":\"pt-BR\"},{\"@type\":\"WebPage\",\"@id\":\"https:\/\/www.suno.com.br\/noticias\/colunas\/mateus-carvalho\/investimento-acoes-moda-filosofia-2\/\",\"url\":\"https:\/\/www.suno.com.br\/noticias\/colunas\/mateus-carvalho\/investimento-acoes-moda-filosofia-2\/\",\"name\":\"Investimento em a\u00e7\u00f5es, moda ou filosofia?\",\"isPartOf\":{\"@id\":\"https:\/\/www.suno.com.br\/noticias\/#website\"},\"primaryImageOfPage\":{\"@id\":\"https:\/\/www.suno.com.br\/noticias\/colunas\/mateus-carvalho\/investimento-acoes-moda-filosofia-2\/#primaryimage\"},\"image\":{\"@id\":\"https:\/\/www.suno.com.br\/noticias\/colunas\/mateus-carvalho\/investimento-acoes-moda-filosofia-2\/#primaryimage\"},\"thumbnailUrl\":\"https:\/\/files.sunoresearch.com.br\/n\/uploads\/2023\/05\/graficos-investimentos-crescimento.jpg\",\"datePublished\":\"2023-06-12T11:00:00+00:00\",\"dateModified\":\"2023-06-12T16:24:19+00:00\",\"description\":\"At\u00e9 quando terei que ouvir que investimentos em a\u00e7\u00f5es s\u00e3o para longo prazo? O longo prazo n\u00e3o acaba nunca? Saiba mais\",\"breadcrumb\":{\"@id\":\"https:\/\/www.suno.com.br\/noticias\/colunas\/mateus-carvalho\/investimento-acoes-moda-filosofia-2\/#breadcrumb\"},\"inLanguage\":\"pt-BR\",\"potentialAction\":[{\"@type\":\"ReadAction\",\"target\":[\"https:\/\/www.suno.com.br\/noticias\/colunas\/mateus-carvalho\/investimento-acoes-moda-filosofia-2\/\"]}]},{\"@type\":\"ImageObject\",\"inLanguage\":\"pt-BR\",\"@id\":\"https:\/\/www.suno.com.br\/noticias\/colunas\/mateus-carvalho\/investimento-acoes-moda-filosofia-2\/#primaryimage\",\"url\":\"https:\/\/files.sunoresearch.com.br\/n\/uploads\/2023\/05\/graficos-investimentos-crescimento.jpg\",\"contentUrl\":\"https:\/\/files.sunoresearch.com.br\/n\/uploads\/2023\/05\/graficos-investimentos-crescimento.jpg\",\"width\":1200,\"height\":800,\"caption\":\"Melhores investimentos. Foto: iStock\"},{\"@type\":\"BreadcrumbList\",\"@id\":\"https:\/\/www.suno.com.br\/noticias\/colunas\/mateus-carvalho\/investimento-acoes-moda-filosofia-2\/#breadcrumb\",\"itemListElement\":[{\"@type\":\"ListItem\",\"position\":1,\"name\":\"Not\u00edcias\",\"item\":\"https:\/\/www.suno.com.br\/noticias\/\"},{\"@type\":\"ListItem\",\"position\":2,\"name\":\"Colunas\",\"item\":\"https:\/\/www.suno.com.br\/noticias\/colunas\/\"},{\"@type\":\"ListItem\",\"position\":3,\"name\":\"Investimento em a\u00e7\u00f5es, moda ou filosofia?\"}]},{\"@type\":\"WebSite\",\"@id\":\"https:\/\/www.suno.com.br\/noticias\/#website\",\"url\":\"https:\/\/www.suno.com.br\/noticias\/\",\"name\":\"Suno Not\u00edcias\",\"description\":\"Seu portal de informa\u00e7\u00e3o sobre o mundo dos investimentos\",\"publisher\":{\"@id\":\"https:\/\/www.suno.com.br\/noticias\/#organization\"},\"potentialAction\":[{\"@type\":\"SearchAction\",\"target\":{\"@type\":\"EntryPoint\",\"urlTemplate\":\"https:\/\/www.suno.com.br\/noticias\/?s={search_term_string}\"},\"query-input\":{\"@type\":\"PropertyValueSpecification\",\"valueRequired\":true,\"valueName\":\"search_term_string\"}}],\"inLanguage\":\"pt-BR\"},{\"@type\":\"Organization\",\"@id\":\"https:\/\/www.suno.com.br\/noticias\/#organization\",\"name\":\"Suno Not\u00edcias\",\"url\":\"https:\/\/www.suno.com.br\/noticias\/\",\"logo\":{\"@type\":\"ImageObject\",\"inLanguage\":\"pt-BR\",\"@id\":\"https:\/\/www.suno.com.br\/noticias\/#\/schema\/logo\/image\/\",\"url\":\"https:\/\/files.sunoresearch.com.br\/n\/uploads\/2021\/09\/suno-logo.png\",\"contentUrl\":\"https:\/\/files.sunoresearch.com.br\/n\/uploads\/2021\/09\/suno-logo.png\",\"width\":180,\"height\":180,\"caption\":\"Suno Not\u00edcias\"},\"image\":{\"@id\":\"https:\/\/www.suno.com.br\/noticias\/#\/schema\/logo\/image\/\"},\"sameAs\":[\"https:\/\/facebook.com\/sunoresearch\",\"https:\/\/x.com\/sunoresearch\",\"https:\/\/www.instagram.com\/suno\",\"https:\/\/www.linkedin.com\/company\/suno-research\/\",\"https:\/\/www.youtube.com\/c\/sunoresearch\"]},{\"@type\":\"Person\",\"@id\":\"https:\/\/www.suno.com.br\/noticias\/#\/schema\/person\/5e2d1e32c5541926f6b394d4b2dd80c6\",\"name\":\"Mateus Carvalho\",\"image\":{\"@type\":\"ImageObject\",\"inLanguage\":\"pt-BR\",\"@id\":\"https:\/\/www.suno.com.br\/noticias\/#\/schema\/person\/image\/\",\"url\":\"https:\/\/secure.gravatar.com\/avatar\/ebc1d03a039fa5595d4b2a18cea1a1e2?s=96&r=g\",\"contentUrl\":\"https:\/\/secure.gravatar.com\/avatar\/ebc1d03a039fa5595d4b2a18cea1a1e2?s=96&r=g\",\"caption\":\"Mateus Carvalho\"},\"description\":\"Formado em Administra\u00e7\u00e3o de empresas pela Unoeste, p\u00f3s graduado em Finan\u00e7as, Investimentos e Banking pela PUC-RS, especialista de investimentos CEA com atua\u00e7\u00e3o profissional direta com Planejamento Financeiro Pessoa F\u00edsica h\u00e1 5 anos. \\\"Com a falta de inclus\u00e3o da educa\u00e7\u00e3o financeira em nosso sistema educacional, meu prop\u00f3sito \u00e9 disseminar conhecimento financeiro do b\u00e1sico ao avan\u00e7ado para, individualmente, contribuir de forma perp\u00e9tua com os objetivos financeiros, pessoais e profissionais das fam\u00edlias.\\\"\",\"url\":\"https:\/\/www.suno.com.br\/noticias\/author\/mateus-carvalho\/\"}]}<\/script>\n<!-- \/ Yoast SEO plugin. -->","yoast_head_json":{"title":"Investimento em a\u00e7\u00f5es, moda ou filosofia?","description":"At\u00e9 quando terei que ouvir que investimentos em a\u00e7\u00f5es s\u00e3o para longo prazo? O longo prazo n\u00e3o acaba nunca? Saiba mais","robots":{"index":"index","follow":"follow","max-snippet":"max-snippet:-1","max-image-preview":"max-image-preview:large","max-video-preview":"max-video-preview:-1"},"canonical":"https:\/\/www.suno.com.br\/noticias\/colunas\/mateus-carvalho\/investimento-acoes-moda-filosofia-2\/","og_locale":"pt_BR","og_type":"article","og_title":"Investimento em a\u00e7\u00f5es, moda ou filosofia?","og_description":"At\u00e9 quando terei que ouvir que investimentos em a\u00e7\u00f5es s\u00e3o para longo prazo? O longo prazo n\u00e3o acaba nunca? Saiba mais","og_url":"https:\/\/www.suno.com.br\/noticias\/colunas\/mateus-carvalho\/investimento-acoes-moda-filosofia-2\/","og_site_name":"Suno Not\u00edcias","article_publisher":"https:\/\/facebook.com\/sunoresearch","og_image":[{"width":1200,"height":800,"url":"https:\/\/files.sunoresearch.com.br\/n\/uploads\/2023\/05\/graficos-investimentos-crescimento.jpg","type":"image\/jpeg"}],"twitter_card":"summary_large_image","twitter_site":"@sunoresearch","twitter_misc":{"Est. tempo de leitura":"4 minutos"},"schema":{"@context":"https:\/\/schema.org","@graph":[{"@type":"Article","@id":"https:\/\/www.suno.com.br\/noticias\/colunas\/mateus-carvalho\/investimento-acoes-moda-filosofia-2\/#article","isPartOf":{"@id":"https:\/\/www.suno.com.br\/noticias\/colunas\/mateus-carvalho\/investimento-acoes-moda-filosofia-2\/"},"author":{"name":"Mateus Carvalho","@id":"https:\/\/www.suno.com.br\/noticias\/#\/schema\/person\/5e2d1e32c5541926f6b394d4b2dd80c6"},"headline":"Investimento em a\u00e7\u00f5es, moda ou filosofia?","datePublished":"2023-06-12T11:00:00+00:00","dateModified":"2023-06-12T16:24:19+00:00","mainEntityOfPage":{"@id":"https:\/\/www.suno.com.br\/noticias\/colunas\/mateus-carvalho\/investimento-acoes-moda-filosofia-2\/"},"wordCount":596,"publisher":{"@id":"https:\/\/www.suno.com.br\/noticias\/#organization"},"image":{"@id":"https:\/\/www.suno.com.br\/noticias\/colunas\/mateus-carvalho\/investimento-acoes-moda-filosofia-2\/#primaryimage"},"thumbnailUrl":"https:\/\/files.sunoresearch.com.br\/n\/uploads\/2023\/05\/graficos-investimentos-crescimento.jpg","inLanguage":"pt-BR"},{"@type":"WebPage","@id":"https:\/\/www.suno.com.br\/noticias\/colunas\/mateus-carvalho\/investimento-acoes-moda-filosofia-2\/","url":"https:\/\/www.suno.com.br\/noticias\/colunas\/mateus-carvalho\/investimento-acoes-moda-filosofia-2\/","name":"Investimento em a\u00e7\u00f5es, moda ou filosofia?","isPartOf":{"@id":"https:\/\/www.suno.com.br\/noticias\/#website"},"primaryImageOfPage":{"@id":"https:\/\/www.suno.com.br\/noticias\/colunas\/mateus-carvalho\/investimento-acoes-moda-filosofia-2\/#primaryimage"},"image":{"@id":"https:\/\/www.suno.com.br\/noticias\/colunas\/mateus-carvalho\/investimento-acoes-moda-filosofia-2\/#primaryimage"},"thumbnailUrl":"https:\/\/files.sunoresearch.com.br\/n\/uploads\/2023\/05\/graficos-investimentos-crescimento.jpg","datePublished":"2023-06-12T11:00:00+00:00","dateModified":"2023-06-12T16:24:19+00:00","description":"At\u00e9 quando terei que ouvir que investimentos em a\u00e7\u00f5es s\u00e3o para longo prazo? O longo prazo n\u00e3o acaba nunca? Saiba mais","breadcrumb":{"@id":"https:\/\/www.suno.com.br\/noticias\/colunas\/mateus-carvalho\/investimento-acoes-moda-filosofia-2\/#breadcrumb"},"inLanguage":"pt-BR","potentialAction":[{"@type":"ReadAction","target":["https:\/\/www.suno.com.br\/noticias\/colunas\/mateus-carvalho\/investimento-acoes-moda-filosofia-2\/"]}]},{"@type":"ImageObject","inLanguage":"pt-BR","@id":"https:\/\/www.suno.com.br\/noticias\/colunas\/mateus-carvalho\/investimento-acoes-moda-filosofia-2\/#primaryimage","url":"https:\/\/files.sunoresearch.com.br\/n\/uploads\/2023\/05\/graficos-investimentos-crescimento.jpg","contentUrl":"https:\/\/files.sunoresearch.com.br\/n\/uploads\/2023\/05\/graficos-investimentos-crescimento.jpg","width":1200,"height":800,"caption":"Melhores investimentos. Foto: iStock"},{"@type":"BreadcrumbList","@id":"https:\/\/www.suno.com.br\/noticias\/colunas\/mateus-carvalho\/investimento-acoes-moda-filosofia-2\/#breadcrumb","itemListElement":[{"@type":"ListItem","position":1,"name":"Not\u00edcias","item":"https:\/\/www.suno.com.br\/noticias\/"},{"@type":"ListItem","position":2,"name":"Colunas","item":"https:\/\/www.suno.com.br\/noticias\/colunas\/"},{"@type":"ListItem","position":3,"name":"Investimento em a\u00e7\u00f5es, moda ou filosofia?"}]},{"@type":"WebSite","@id":"https:\/\/www.suno.com.br\/noticias\/#website","url":"https:\/\/www.suno.com.br\/noticias\/","name":"Suno Not\u00edcias","description":"Seu portal de informa\u00e7\u00e3o sobre o mundo dos investimentos","publisher":{"@id":"https:\/\/www.suno.com.br\/noticias\/#organization"},"potentialAction":[{"@type":"SearchAction","target":{"@type":"EntryPoint","urlTemplate":"https:\/\/www.suno.com.br\/noticias\/?s={search_term_string}"},"query-input":{"@type":"PropertyValueSpecification","valueRequired":true,"valueName":"search_term_string"}}],"inLanguage":"pt-BR"},{"@type":"Organization","@id":"https:\/\/www.suno.com.br\/noticias\/#organization","name":"Suno Not\u00edcias","url":"https:\/\/www.suno.com.br\/noticias\/","logo":{"@type":"ImageObject","inLanguage":"pt-BR","@id":"https:\/\/www.suno.com.br\/noticias\/#\/schema\/logo\/image\/","url":"https:\/\/files.sunoresearch.com.br\/n\/uploads\/2021\/09\/suno-logo.png","contentUrl":"https:\/\/files.sunoresearch.com.br\/n\/uploads\/2021\/09\/suno-logo.png","width":180,"height":180,"caption":"Suno Not\u00edcias"},"image":{"@id":"https:\/\/www.suno.com.br\/noticias\/#\/schema\/logo\/image\/"},"sameAs":["https:\/\/facebook.com\/sunoresearch","https:\/\/x.com\/sunoresearch","https:\/\/www.instagram.com\/suno","https:\/\/www.linkedin.com\/company\/suno-research\/","https:\/\/www.youtube.com\/c\/sunoresearch"]},{"@type":"Person","@id":"https:\/\/www.suno.com.br\/noticias\/#\/schema\/person\/5e2d1e32c5541926f6b394d4b2dd80c6","name":"Mateus Carvalho","image":{"@type":"ImageObject","inLanguage":"pt-BR","@id":"https:\/\/www.suno.com.br\/noticias\/#\/schema\/person\/image\/","url":"https:\/\/secure.gravatar.com\/avatar\/ebc1d03a039fa5595d4b2a18cea1a1e2?s=96&r=g","contentUrl":"https:\/\/secure.gravatar.com\/avatar\/ebc1d03a039fa5595d4b2a18cea1a1e2?s=96&r=g","caption":"Mateus Carvalho"},"description":"Formado em Administra\u00e7\u00e3o de empresas pela Unoeste, p\u00f3s graduado em Finan\u00e7as, Investimentos e Banking pela PUC-RS, especialista de investimentos CEA com atua\u00e7\u00e3o profissional direta com Planejamento Financeiro Pessoa F\u00edsica h\u00e1 5 anos. \"Com a falta de inclus\u00e3o da educa\u00e7\u00e3o financeira em nosso sistema educacional, meu prop\u00f3sito \u00e9 disseminar conhecimento financeiro do b\u00e1sico ao avan\u00e7ado para, individualmente, contribuir de forma perp\u00e9tua com os objetivos financeiros, pessoais e profissionais das fam\u00edlias.\"","url":"https:\/\/www.suno.com.br\/noticias\/author\/mateus-carvalho\/"}]}},"amp_enabled":true,"_links":{"self":[{"href":"https:\/\/www.suno.com.br\/noticias\/wp-json\/wp\/v2\/suno_column\/415070"}],"collection":[{"href":"https:\/\/www.suno.com.br\/noticias\/wp-json\/wp\/v2\/suno_column"}],"about":[{"href":"https:\/\/www.suno.com.br\/noticias\/wp-json\/wp\/v2\/types\/suno_column"}],"author":[{"embeddable":true,"href":"https:\/\/www.suno.com.br\/noticias\/wp-json\/wp\/v2\/users\/282"}],"wp:featuredmedia":[{"embeddable":true,"href":"https:\/\/www.suno.com.br\/noticias\/wp-json\/wp\/v2\/media\/401515"}],"wp:attachment":[{"href":"https:\/\/www.suno.com.br\/noticias\/wp-json\/wp\/v2\/media?parent=415070"}],"wp:term":[{"taxonomy":"post_tag","embeddable":true,"href":"https:\/\/www.suno.com.br\/noticias\/wp-json\/wp\/v2\/tags?post=415070"}],"curies":[{"name":"wp","href":"https:\/\/api.w.org\/{rel}","templated":true}]}}