{"id":412777,"date":"2023-06-06T08:02:00","date_gmt":"2023-06-06T11:02:00","guid":{"rendered":"https:\/\/www.suno.com.br\/noticias\/colunas\/marco-lopes\/\/"},"modified":"2023-06-05T21:22:49","modified_gmt":"2023-06-06T00:22:49","slug":"ponto-inflacao-cenario","status":"publish","type":"suno_column","link":"https:\/\/www.suno.com.br\/noticias\/colunas\/luciano-costa\/ponto-inflacao-cenario\/","title":{"rendered":"Ponto de inflex\u00e3o do cen\u00e1rio\u00a0"},"content":{"rendered":"<p>Quando a crise sanit\u00e1ria de covid ganhou for\u00e7a em 2020 e obrigou governos a fecharem com\u00e9rcios, servi\u00e7os e outros tipos de neg\u00f3cios, surgiram sinais de preocupa\u00e7\u00e3o importantes em rela\u00e7\u00e3o ao andamento da economia global. Com est\u00edmulos, em grande parte realmente necess\u00e1rios, e a quebra das cadeias produtivas, vimos uma escalada da infla\u00e7\u00e3o que h\u00e1 muito tempo n\u00e3o era observada.<\/p>\t<div class=\"wrapper-featured-image\">\n\t\t<figure class=\"spotlightImg\">\n\n\t\t\t<picture>\n\t\t\t\t<source media=\"(max-width: 768px)\" srcset=\"https:\/\/files.sunoresearch.com.br\/n\/uploads\/2023\/05\/selic-juros-400x200.jpg\">\n\t\t\t\t<img loading=\"lazy\" decoding=\"async\" class=\"newsContent__article__imgCapa lazyloadDisabled \" src=\"https:\/\/files.sunoresearch.com.br\/n\/uploads\/2023\/05\/selic-juros-800x450.jpg\" width=\"800\" height=\"450\" alt=\"Ponto de inflex\u00e3o do cen\u00e1rio\u00a0\" fetchpriority=high \/>\n\t\t\t<\/picture>\n\n\t\t\t<figcaption class=\"wp-caption-text wp-caption-text--show\">Juros e Selic.  Foto: iStock<\/figcaption>\n\t\t<\/figure>\n\t<\/div>\n\n\n\n\n\n\t<p>\n\t\t<a href=\"\" target=\"_blank\" data-element=\"shortcode-suno-banner\" title=\"Banner SUNO, clique e saiba mais\">\n\t\t\t<picture>\n\t\t\t\t<source media=\"(max-width: 500px)\" srcset=\"\">\n\t\t\t\t<img class=\"newsContent__article__imgCapa newsContent__article__imgCapa--banner\"\n\t\t\t\t\tsrc=\"\"\n\t\t\t\t\tdata-promo-id=\"240038\"\t\t\t\t\t\t\t\t\t\t\t\t\t\t\talt=\"\"\n\t\t\t\t>\n\t\t\t<\/picture>\n\t\t<\/a>\n\t<\/p>\n\n\n\n\n\n\n\n<p>Partes do mundo que antes mal sabiam o que era lidar com a <strong>alta dos pre\u00e7os<\/strong> precisaram adotar pol\u00edticas monet\u00e1rias mais duras a fim de conter os choques para a popula\u00e7\u00e3o, especialmente, as parcelas mais vulner\u00e1veis.<\/p>\n\n\n\n<p>Nos Estados Unidos, por exemplo, o CPI, que mede a infla\u00e7\u00e3o ao consumidor norte-americano, fechou o ano de 2021 com alta de 7%, a maior em quase 40 anos.<\/p>\n\n\n\n<p>Isto fez com que o <strong>Federal Reserve<\/strong> (Fed) tivesse que elevar a <strong>taxa b\u00e1sica de juros<\/strong> de 0,25% a.a. atingida durante a pandemia para mais de 5% a.a. atuais com previs\u00e3o de encerramento de ciclo em 5,25% a.a.<\/p>\n\n\n\n<p>No Brasil, vimos o <strong>Banco Central<\/strong> adotar uma postura que chamamos de hawkish com a mesma finalidade: conter o aumento de pre\u00e7os. Por aqui, o IPCA, um dos principais indicadores inflacion\u00e1rios da nossa economia, fechou o ano de 2021 com alta de mais de 10%.<\/p>\n\n\n\n<p>Para conter este movimento, a Selic saiu de 2,0% a.a em meados de 2020 para os mais de 13,75% a.a. atualmente, o que coloca o Brasil como um dos pa\u00edses com maior juro real no mundo.<\/p>\n\n\n\n<p>Neste ponto, \u00e9 importante destacar que entendemos que a <strong>pol\u00edtica monet\u00e1ria<\/strong> adotada pelo Banco Central \u00e9 correta e que os t\u00e3o esperados cortes na taxa b\u00e1sica dependem de um fiscal mais equilibrado e de um ambiente externo mais benigno, o que, como vou discorrer a seguir, \u00e9 o que tem acontecido.<\/p>\n\n\n\n<p>Hoje, com os per\u00edodos de ajustes quase no fim, observamos o que os economistas costumam chamar de <strong>ponto de inflex\u00e3o.<\/strong><\/p>\n\n\n\n<p>Em outras palavras, \u00e9 quando uma linha ou curva passa de descendente para ascendente, ou vice-versa.<\/p>\n\n\n\n<p>Felizmente, o que vemos \u00e9 uma necessidade cada vez menor de juros mais altos, o que abrir\u00e1 espa\u00e7o para que os Bancos Centrais possam adotar pol\u00edticas monet\u00e1rias menos duras.<\/p>\n\n\n\n<h2 class=\"wp-block-heading\">Fed deve pausar aumentos de juros<\/h2>\n\n\n\n<p>Nos Estados Unidos, por exemplo, o Fed deve pausar os aumentos de juros j\u00e1 na pr\u00f3xima reuni\u00e3o de junho e os riscos de uma recess\u00e3o na economia norte-americana parecem cada vez mais distantes.<\/p>\n\n\n\n<p>Isto porque os dados de consumo e de mercado de trabalho por l\u00e1 est\u00e3o melhores. Por outro lado, ainda que exista uma discuss\u00e3o sobre um poss\u00edvel calote da d\u00edvida p\u00fablica norte-americana, obviamente, entendemos que se trata de um problema pouco prov\u00e1vel como pudemos observar no notici\u00e1rio recentemente.<\/p>\n\n\n\n<p>Isto porque os Democratas j\u00e1 haviam admitido que ajustes seriam necess\u00e1rios e, tanto um quanto o outro grupo pol\u00edtico, n\u00e3o quer tomar para si a heran\u00e7a de terem colapsado a economia do pa\u00eds.<\/p>\n\n\n\n<p>Portanto, chegamos a um momento no qual precisaremos sentar e observar os pr\u00f3ximos desdobramentos. Ainda temos uma infla\u00e7\u00e3o alta, por\u00e9m, os efeitos acumulados da pol\u00edtica monet\u00e1ria apertada come\u00e7am a se materializar na economia como um todo.<\/p>\n\n\n\n<p>Caso n\u00e3o surjam novos choques veremos uma queda gradual dos pre\u00e7os e espa\u00e7o para cortes de juros pelo Fed.<\/p>\n\n\n\n<p>Ainda que a taxa b\u00e1sica n\u00e3o caia antes do final do ano, o mercado j\u00e1 pode come\u00e7ar a trabalhar com a probabilidade de redu\u00e7\u00e3o ao longo de 2024, o que deve ajudar os pre\u00e7os dos ativos.<\/p>\n\n\n\n<p>\u00c9 esperar e observar.<\/p>\n\n\n\t<p>\n\t\t<a href=\"https:\/\/lp.suno.com.br\/ebook-gratuito-investindo-no-exterior\/\" target=\"_blank\" data-element=\"shortcode-suno-banner\" title=\"Banner SUNO, clique e saiba mais\">\n\t\t\t<picture>\n\t\t\t\t<source media=\"(max-width: 500px)\" srcset=\"https:\/\/files.sunoresearch.com.br\/n\/uploads\/2023\/03\/400x300-Investindo-no-exterior.png\">\n\t\t\t\t<img class=\"newsContent__article__imgCapa newsContent__article__imgCapa--banner\"\n\t\t\t\t\tsrc=\"https:\/\/files.sunoresearch.com.br\/n\/uploads\/2023\/03\/1420x240-Investindo-no-exterior.png\"\n\t\t\t\t\tdata-promo-id=\"383161\"\t\t\t\t\t\t\t\t\t\twidth='1420' height='240'\t\t\t\t\talt=\"https:\/\/files.sunoresearch.com.br\/n\/uploads\/2023\/03\/1420x240-Investindo-no-exterior.png\"\n\t\t\t\t>\n\t\t\t<\/picture>\n\t\t<\/a>\n\t<\/p>\n\n\n\n\n\n<p>No Brasil, ainda que a vota\u00e7\u00e3o do Arcabou\u00e7o Fiscal tenha que passar pelo Senado, acreditamos que n\u00e3o teremos grandes altera\u00e7\u00f5es e, quando finalmente aprovada, tiraremos uma d\u00favida importante do cen\u00e1rio.<\/p>\n\n\n\n<p>Em outras palavras, isto ocorre porque a falta de uma \u00e2ncora com regras claras para as contas p\u00fablicas acaba por dificultar a previsibilidade dos agentes de mercado e isso, de uma forma ou de outra, acaba bagun\u00e7ando as proje\u00e7\u00f5es e atrapalha o andamento da economia.<\/p>\n\n\n\n<p>No caso do Arcabou\u00e7o apresentado pelo governo, ainda que persistam d\u00favidas sobre o cumprimento da trajet\u00f3ria de super\u00e1vit prim\u00e1rio, existem dois pontos favor\u00e1veis para um desfecho positivo:<\/p>\n\n\n\n<ol class=\"wp-block-list\">\n<li>Foi criada uma regra de limite de aumento nos gastos. Desta forma, no ciclo favor\u00e1vel, as despesas podem ser reajustadas em at\u00e9 2,5% (o teto estabelecido pela regra), e, no caso de descumprimento das metas de resultado prim\u00e1rio, h\u00e1 mecanismos de corre\u00e7\u00e3o.<\/li>\n\n\n\n<li>Maior previsibilidade na trajet\u00f3ria da d\u00edvida. Apesar de continuar em crescimento, a velocidade n\u00e3o \u00e9 t\u00e3o explosiva quanto se observava anteriormente.<\/li>\n<\/ol>\n\n\n\n<p>Esses, sem d\u00favidas, s\u00e3o elementos a serem considerados pelo Banco Central nas pr\u00f3ximas decis\u00f5es de juros uma vez que o cen\u00e1rio, aos poucos, come\u00e7a a ganhar contornos mais favor\u00e1veis.<\/p>\n\n\n\n<p>Em outras palavras, vencemos uma etapa que era a quest\u00e3o fiscal, de como a regra funcionaria e sobre como o projeto ficaria ap\u00f3s a aprova\u00e7\u00e3o do Congresso Nacional.<\/p>\n\n\n\n<p>Passado este ponto, o que resta \u00e9 o caminho para um cen\u00e1rio mais benigno olhando para 2024 e 2025 uma vez que muitas incertezas v\u00e3o, aos poucos, perdendo for\u00e7a.<\/p>\n\n\n\n<p>Com isso, as consequ\u00eancias tendem a ser de um ambiente mais favor\u00e1vel para os pre\u00e7os dos ativos e para uma aprecia\u00e7\u00e3o do c\u00e2mbio.<\/p>\n\n\n\n<p>Em nosso cen\u00e1rio base, por exemplo, esperamos um<strong> Ibovespa<\/strong> na casa dos 125 mil pontos at\u00e9 o final de 2023 e o d\u00f3lar na casa dos R$5 por d\u00f3lar, mas podendo atingir no curto prazo um patamar de R$ R$4,85 por d\u00f3lar.<\/p>\n\n\n\n<p>At\u00e9 l\u00e1, muitas coisas podem acontecer, boas ou ruins.<\/p>\n\n\n\n<p>Como eu disse mais acima, \u00e9 esperar e observar.<\/p>\n\n\n\n<p>Bons neg\u00f3cios!<\/p>\n\n\n\t<p>\n\t\t<a href=\"https:\/\/lp.suno.com.br\/suno-one\/?utm_campaign=_SNC6964518A_\" target=\"_blank\" data-element=\"shortcode-suno-banner\" title=\"Banner SUNO, clique e saiba mais\">\n\t\t\t<picture>\n\t\t\t\t<source media=\"(max-width: 500px)\" srcset=\"https:\/\/files.sunoresearch.com.br\/n\/uploads\/2025\/09\/400x300-Suno-One-png.webp\">\n\t\t\t\t<img class=\"newsContent__article__imgCapa newsContent__article__imgCapa--banner\"\n\t\t\t\t\tsrc=\"https:\/\/files.sunoresearch.com.br\/n\/uploads\/2025\/09\/1420x240-Suno-One-png.webp\"\n\t\t\t\t\tdata-promo-id=\"383121\"\t\t\t\t\t\t\t\t\t\twidth='1420' height='240'\t\t\t\t\talt=\"https:\/\/files.sunoresearch.com.br\/n\/uploads\/2025\/09\/1420x240-Suno-One-png.webp\"\n\t\t\t\t>\n\t\t\t<\/picture>\n\t\t<\/a>\n\t<\/p>\n\n\n","protected":false},"excerpt":{"rendered":"<p>Quando a crise sanit\u00e1ria de covid ganhou for\u00e7a em 2020 e obrigou governos a fecharem com\u00e9rcios, servi\u00e7os e outros tipos de neg\u00f3cios, surgiram sinais de preocupa\u00e7\u00e3o imp&#8230;<\/p>\n","protected":false},"author":228,"featured_media":408701,"template":"","tags":[1842,776,850,1752,290],"class_list":["post-412777","suno_column","type-suno_column","status-publish","has-post-thumbnail","hentry","tag-banco-central-bc","tag-federal-reseve-fed","tag-inflacao","tag-taxa-de-juros","tag-taxa-selic"],"yoast_head":"<!-- This site is optimized with the Yoast SEO plugin v24.4 - https:\/\/yoast.com\/wordpress\/plugins\/seo\/ -->\n<title>Ponto de inflex\u00e3o do cen\u00e1rio\u00a0 - Suno Not\u00edcias<\/title>\n<meta name=\"description\" content=\"O que vemos agora \u00e9 uma necessidade cada vez menor de juros mais altos, o que abrir\u00e1 espa\u00e7o para pol\u00edticas monet\u00e1rias menos duras\" \/>\n<meta name=\"robots\" content=\"index, follow, max-snippet:-1, max-image-preview:large, max-video-preview:-1\" \/>\n<link rel=\"canonical\" href=\"https:\/\/www.suno.com.br\/noticias\/colunas\/luciano-costa\/ponto-inflacao-cenario\/\" \/>\n<meta property=\"og:locale\" content=\"pt_BR\" \/>\n<meta property=\"og:type\" content=\"article\" \/>\n<meta property=\"og:title\" content=\"Ponto de inflex\u00e3o do cen\u00e1rio\u00a0 - Suno Not\u00edcias\" \/>\n<meta property=\"og:description\" content=\"O que vemos agora \u00e9 uma necessidade cada vez menor de juros mais altos, o que abrir\u00e1 espa\u00e7o para pol\u00edticas monet\u00e1rias menos duras\" \/>\n<meta property=\"og:url\" content=\"https:\/\/www.suno.com.br\/noticias\/colunas\/luciano-costa\/ponto-inflacao-cenario\/\" \/>\n<meta property=\"og:site_name\" content=\"Suno Not\u00edcias\" \/>\n<meta property=\"article:publisher\" content=\"https:\/\/facebook.com\/sunoresearch\" \/>\n<meta property=\"og:image\" content=\"https:\/\/files.sunoresearch.com.br\/n\/uploads\/2023\/05\/selic-juros.jpg\" \/>\n\t<meta property=\"og:image:width\" content=\"1200\" \/>\n\t<meta property=\"og:image:height\" content=\"800\" \/>\n\t<meta property=\"og:image:type\" content=\"image\/jpeg\" \/>\n<meta name=\"twitter:card\" content=\"summary_large_image\" \/>\n<meta name=\"twitter:site\" content=\"@sunoresearch\" \/>\n<meta name=\"twitter:label1\" content=\"Est. tempo de leitura\" \/>\n\t<meta name=\"twitter:data1\" content=\"6 minutos\" \/>\n<script type=\"application\/ld+json\" class=\"yoast-schema-graph\">{\"@context\":\"https:\/\/schema.org\",\"@graph\":[{\"@type\":\"Article\",\"@id\":\"https:\/\/www.suno.com.br\/noticias\/colunas\/luciano-costa\/ponto-inflacao-cenario\/#article\",\"isPartOf\":{\"@id\":\"https:\/\/www.suno.com.br\/noticias\/colunas\/luciano-costa\/ponto-inflacao-cenario\/\"},\"author\":{\"name\":\"Luciano Costa\",\"@id\":\"https:\/\/www.suno.com.br\/noticias\/#\/schema\/person\/5928ff3feca72898a2dd78294bf046c2\"},\"headline\":\"Ponto de inflex\u00e3o do cen\u00e1rio\u00a0\",\"datePublished\":\"2023-06-06T11:02:00+00:00\",\"mainEntityOfPage\":{\"@id\":\"https:\/\/www.suno.com.br\/noticias\/colunas\/luciano-costa\/ponto-inflacao-cenario\/\"},\"wordCount\":1008,\"publisher\":{\"@id\":\"https:\/\/www.suno.com.br\/noticias\/#organization\"},\"image\":{\"@id\":\"https:\/\/www.suno.com.br\/noticias\/colunas\/luciano-costa\/ponto-inflacao-cenario\/#primaryimage\"},\"thumbnailUrl\":\"https:\/\/files.sunoresearch.com.br\/n\/uploads\/2023\/05\/selic-juros.jpg\",\"keywords\":[\"Banco Central (BC)\",\"Federal Reserve (FED)\",\"infla\u00e7\u00e3o\",\"taxa de juros\",\"Taxa Selic\"],\"inLanguage\":\"pt-BR\"},{\"@type\":\"WebPage\",\"@id\":\"https:\/\/www.suno.com.br\/noticias\/colunas\/luciano-costa\/ponto-inflacao-cenario\/\",\"url\":\"https:\/\/www.suno.com.br\/noticias\/colunas\/luciano-costa\/ponto-inflacao-cenario\/\",\"name\":\"Ponto de inflex\u00e3o do cen\u00e1rio\u00a0 - Suno Not\u00edcias\",\"isPartOf\":{\"@id\":\"https:\/\/www.suno.com.br\/noticias\/#website\"},\"primaryImageOfPage\":{\"@id\":\"https:\/\/www.suno.com.br\/noticias\/colunas\/luciano-costa\/ponto-inflacao-cenario\/#primaryimage\"},\"image\":{\"@id\":\"https:\/\/www.suno.com.br\/noticias\/colunas\/luciano-costa\/ponto-inflacao-cenario\/#primaryimage\"},\"thumbnailUrl\":\"https:\/\/files.sunoresearch.com.br\/n\/uploads\/2023\/05\/selic-juros.jpg\",\"datePublished\":\"2023-06-06T11:02:00+00:00\",\"description\":\"O que vemos agora \u00e9 uma necessidade cada vez menor de juros mais altos, o que abrir\u00e1 espa\u00e7o para pol\u00edticas monet\u00e1rias menos duras\",\"breadcrumb\":{\"@id\":\"https:\/\/www.suno.com.br\/noticias\/colunas\/luciano-costa\/ponto-inflacao-cenario\/#breadcrumb\"},\"inLanguage\":\"pt-BR\",\"potentialAction\":[{\"@type\":\"ReadAction\",\"target\":[\"https:\/\/www.suno.com.br\/noticias\/colunas\/luciano-costa\/ponto-inflacao-cenario\/\"]}]},{\"@type\":\"ImageObject\",\"inLanguage\":\"pt-BR\",\"@id\":\"https:\/\/www.suno.com.br\/noticias\/colunas\/luciano-costa\/ponto-inflacao-cenario\/#primaryimage\",\"url\":\"https:\/\/files.sunoresearch.com.br\/n\/uploads\/2023\/05\/selic-juros.jpg\",\"contentUrl\":\"https:\/\/files.sunoresearch.com.br\/n\/uploads\/2023\/05\/selic-juros.jpg\",\"width\":1200,\"height\":800,\"caption\":\"Juros e Selic. Foto: iStock\"},{\"@type\":\"BreadcrumbList\",\"@id\":\"https:\/\/www.suno.com.br\/noticias\/colunas\/luciano-costa\/ponto-inflacao-cenario\/#breadcrumb\",\"itemListElement\":[{\"@type\":\"ListItem\",\"position\":1,\"name\":\"Not\u00edcias\",\"item\":\"https:\/\/www.suno.com.br\/noticias\/\"},{\"@type\":\"ListItem\",\"position\":2,\"name\":\"Colunas\",\"item\":\"https:\/\/www.suno.com.br\/noticias\/colunas\/\"},{\"@type\":\"ListItem\",\"position\":3,\"name\":\"Ponto de inflex\u00e3o do cen\u00e1rio\u00a0\"}]},{\"@type\":\"WebSite\",\"@id\":\"https:\/\/www.suno.com.br\/noticias\/#website\",\"url\":\"https:\/\/www.suno.com.br\/noticias\/\",\"name\":\"Suno Not\u00edcias\",\"description\":\"Seu portal de informa\u00e7\u00e3o sobre o mundo dos investimentos\",\"publisher\":{\"@id\":\"https:\/\/www.suno.com.br\/noticias\/#organization\"},\"potentialAction\":[{\"@type\":\"SearchAction\",\"target\":{\"@type\":\"EntryPoint\",\"urlTemplate\":\"https:\/\/www.suno.com.br\/noticias\/?s={search_term_string}\"},\"query-input\":{\"@type\":\"PropertyValueSpecification\",\"valueRequired\":true,\"valueName\":\"search_term_string\"}}],\"inLanguage\":\"pt-BR\"},{\"@type\":\"Organization\",\"@id\":\"https:\/\/www.suno.com.br\/noticias\/#organization\",\"name\":\"Suno Not\u00edcias\",\"url\":\"https:\/\/www.suno.com.br\/noticias\/\",\"logo\":{\"@type\":\"ImageObject\",\"inLanguage\":\"pt-BR\",\"@id\":\"https:\/\/www.suno.com.br\/noticias\/#\/schema\/logo\/image\/\",\"url\":\"https:\/\/files.sunoresearch.com.br\/n\/uploads\/2021\/09\/suno-logo.png\",\"contentUrl\":\"https:\/\/files.sunoresearch.com.br\/n\/uploads\/2021\/09\/suno-logo.png\",\"width\":180,\"height\":180,\"caption\":\"Suno Not\u00edcias\"},\"image\":{\"@id\":\"https:\/\/www.suno.com.br\/noticias\/#\/schema\/logo\/image\/\"},\"sameAs\":[\"https:\/\/facebook.com\/sunoresearch\",\"https:\/\/x.com\/sunoresearch\",\"https:\/\/www.instagram.com\/suno\",\"https:\/\/www.linkedin.com\/company\/suno-research\/\",\"https:\/\/www.youtube.com\/c\/sunoresearch\"]},{\"@type\":\"Person\",\"@id\":\"https:\/\/www.suno.com.br\/noticias\/#\/schema\/person\/5928ff3feca72898a2dd78294bf046c2\",\"name\":\"Luciano Costa\",\"image\":{\"@type\":\"ImageObject\",\"inLanguage\":\"pt-BR\",\"@id\":\"https:\/\/www.suno.com.br\/noticias\/#\/schema\/person\/image\/\",\"url\":\"https:\/\/secure.gravatar.com\/avatar\/2c4c184e27cefc0be78cd65e867883fc?s=96&r=g\",\"contentUrl\":\"https:\/\/secure.gravatar.com\/avatar\/2c4c184e27cefc0be78cd65e867883fc?s=96&r=g\",\"caption\":\"Luciano Costa\"},\"description\":\"Jos\u00e9 Luciano da Silva Costa \u00e9 economista-chefe e s\u00f3cio da Monte Bravo. Formado em economia pela FEA-USP e com mestrado em economia pela FGV-SP. Durante sua carreira se especializou em pol\u00edtica monet\u00e1ria, modelagem econom\u00e9trica e a cobertura de economia local e global. Com experi\u00eancia de mais de 20 anos foi Gerente Executivo de Renda Fixa e Macroeconomia da Funda\u00e7\u00e3o Petrobras de Seguridade Social (PETROS). Anteriormente, foi economista s\u00eanior e economista-chefe na Bradesco Asset Management, Ita\u00fa Asset Management e Unibanco Asset Management. Tamb\u00e9m trabalhou como economista pleno no Banco Ita\u00fa e no ABN AMRO Bank.\",\"url\":\"https:\/\/www.suno.com.br\/noticias\/author\/luciano-costa\/\"}]}<\/script>\n<!-- \/ Yoast SEO plugin. -->","yoast_head_json":{"title":"Ponto de inflex\u00e3o do cen\u00e1rio\u00a0 - Suno Not\u00edcias","description":"O que vemos agora \u00e9 uma necessidade cada vez menor de juros mais altos, o que abrir\u00e1 espa\u00e7o para pol\u00edticas monet\u00e1rias menos duras","robots":{"index":"index","follow":"follow","max-snippet":"max-snippet:-1","max-image-preview":"max-image-preview:large","max-video-preview":"max-video-preview:-1"},"canonical":"https:\/\/www.suno.com.br\/noticias\/colunas\/luciano-costa\/ponto-inflacao-cenario\/","og_locale":"pt_BR","og_type":"article","og_title":"Ponto de inflex\u00e3o do cen\u00e1rio\u00a0 - Suno Not\u00edcias","og_description":"O que vemos agora \u00e9 uma necessidade cada vez menor de juros mais altos, o que abrir\u00e1 espa\u00e7o para pol\u00edticas monet\u00e1rias menos duras","og_url":"https:\/\/www.suno.com.br\/noticias\/colunas\/luciano-costa\/ponto-inflacao-cenario\/","og_site_name":"Suno Not\u00edcias","article_publisher":"https:\/\/facebook.com\/sunoresearch","og_image":[{"width":1200,"height":800,"url":"https:\/\/files.sunoresearch.com.br\/n\/uploads\/2023\/05\/selic-juros.jpg","type":"image\/jpeg"}],"twitter_card":"summary_large_image","twitter_site":"@sunoresearch","twitter_misc":{"Est. tempo de leitura":"6 minutos"},"schema":{"@context":"https:\/\/schema.org","@graph":[{"@type":"Article","@id":"https:\/\/www.suno.com.br\/noticias\/colunas\/luciano-costa\/ponto-inflacao-cenario\/#article","isPartOf":{"@id":"https:\/\/www.suno.com.br\/noticias\/colunas\/luciano-costa\/ponto-inflacao-cenario\/"},"author":{"name":"Luciano Costa","@id":"https:\/\/www.suno.com.br\/noticias\/#\/schema\/person\/5928ff3feca72898a2dd78294bf046c2"},"headline":"Ponto de inflex\u00e3o do cen\u00e1rio\u00a0","datePublished":"2023-06-06T11:02:00+00:00","mainEntityOfPage":{"@id":"https:\/\/www.suno.com.br\/noticias\/colunas\/luciano-costa\/ponto-inflacao-cenario\/"},"wordCount":1008,"publisher":{"@id":"https:\/\/www.suno.com.br\/noticias\/#organization"},"image":{"@id":"https:\/\/www.suno.com.br\/noticias\/colunas\/luciano-costa\/ponto-inflacao-cenario\/#primaryimage"},"thumbnailUrl":"https:\/\/files.sunoresearch.com.br\/n\/uploads\/2023\/05\/selic-juros.jpg","keywords":["Banco Central (BC)","Federal Reserve (FED)","infla\u00e7\u00e3o","taxa de juros","Taxa Selic"],"inLanguage":"pt-BR"},{"@type":"WebPage","@id":"https:\/\/www.suno.com.br\/noticias\/colunas\/luciano-costa\/ponto-inflacao-cenario\/","url":"https:\/\/www.suno.com.br\/noticias\/colunas\/luciano-costa\/ponto-inflacao-cenario\/","name":"Ponto de inflex\u00e3o do cen\u00e1rio\u00a0 - Suno Not\u00edcias","isPartOf":{"@id":"https:\/\/www.suno.com.br\/noticias\/#website"},"primaryImageOfPage":{"@id":"https:\/\/www.suno.com.br\/noticias\/colunas\/luciano-costa\/ponto-inflacao-cenario\/#primaryimage"},"image":{"@id":"https:\/\/www.suno.com.br\/noticias\/colunas\/luciano-costa\/ponto-inflacao-cenario\/#primaryimage"},"thumbnailUrl":"https:\/\/files.sunoresearch.com.br\/n\/uploads\/2023\/05\/selic-juros.jpg","datePublished":"2023-06-06T11:02:00+00:00","description":"O que vemos agora \u00e9 uma necessidade cada vez menor de juros mais altos, o que abrir\u00e1 espa\u00e7o para pol\u00edticas monet\u00e1rias menos duras","breadcrumb":{"@id":"https:\/\/www.suno.com.br\/noticias\/colunas\/luciano-costa\/ponto-inflacao-cenario\/#breadcrumb"},"inLanguage":"pt-BR","potentialAction":[{"@type":"ReadAction","target":["https:\/\/www.suno.com.br\/noticias\/colunas\/luciano-costa\/ponto-inflacao-cenario\/"]}]},{"@type":"ImageObject","inLanguage":"pt-BR","@id":"https:\/\/www.suno.com.br\/noticias\/colunas\/luciano-costa\/ponto-inflacao-cenario\/#primaryimage","url":"https:\/\/files.sunoresearch.com.br\/n\/uploads\/2023\/05\/selic-juros.jpg","contentUrl":"https:\/\/files.sunoresearch.com.br\/n\/uploads\/2023\/05\/selic-juros.jpg","width":1200,"height":800,"caption":"Juros e Selic. Foto: iStock"},{"@type":"BreadcrumbList","@id":"https:\/\/www.suno.com.br\/noticias\/colunas\/luciano-costa\/ponto-inflacao-cenario\/#breadcrumb","itemListElement":[{"@type":"ListItem","position":1,"name":"Not\u00edcias","item":"https:\/\/www.suno.com.br\/noticias\/"},{"@type":"ListItem","position":2,"name":"Colunas","item":"https:\/\/www.suno.com.br\/noticias\/colunas\/"},{"@type":"ListItem","position":3,"name":"Ponto de inflex\u00e3o do cen\u00e1rio\u00a0"}]},{"@type":"WebSite","@id":"https:\/\/www.suno.com.br\/noticias\/#website","url":"https:\/\/www.suno.com.br\/noticias\/","name":"Suno Not\u00edcias","description":"Seu portal de informa\u00e7\u00e3o sobre o mundo dos investimentos","publisher":{"@id":"https:\/\/www.suno.com.br\/noticias\/#organization"},"potentialAction":[{"@type":"SearchAction","target":{"@type":"EntryPoint","urlTemplate":"https:\/\/www.suno.com.br\/noticias\/?s={search_term_string}"},"query-input":{"@type":"PropertyValueSpecification","valueRequired":true,"valueName":"search_term_string"}}],"inLanguage":"pt-BR"},{"@type":"Organization","@id":"https:\/\/www.suno.com.br\/noticias\/#organization","name":"Suno Not\u00edcias","url":"https:\/\/www.suno.com.br\/noticias\/","logo":{"@type":"ImageObject","inLanguage":"pt-BR","@id":"https:\/\/www.suno.com.br\/noticias\/#\/schema\/logo\/image\/","url":"https:\/\/files.sunoresearch.com.br\/n\/uploads\/2021\/09\/suno-logo.png","contentUrl":"https:\/\/files.sunoresearch.com.br\/n\/uploads\/2021\/09\/suno-logo.png","width":180,"height":180,"caption":"Suno Not\u00edcias"},"image":{"@id":"https:\/\/www.suno.com.br\/noticias\/#\/schema\/logo\/image\/"},"sameAs":["https:\/\/facebook.com\/sunoresearch","https:\/\/x.com\/sunoresearch","https:\/\/www.instagram.com\/suno","https:\/\/www.linkedin.com\/company\/suno-research\/","https:\/\/www.youtube.com\/c\/sunoresearch"]},{"@type":"Person","@id":"https:\/\/www.suno.com.br\/noticias\/#\/schema\/person\/5928ff3feca72898a2dd78294bf046c2","name":"Luciano Costa","image":{"@type":"ImageObject","inLanguage":"pt-BR","@id":"https:\/\/www.suno.com.br\/noticias\/#\/schema\/person\/image\/","url":"https:\/\/secure.gravatar.com\/avatar\/2c4c184e27cefc0be78cd65e867883fc?s=96&r=g","contentUrl":"https:\/\/secure.gravatar.com\/avatar\/2c4c184e27cefc0be78cd65e867883fc?s=96&r=g","caption":"Luciano Costa"},"description":"Jos\u00e9 Luciano da Silva Costa \u00e9 economista-chefe e s\u00f3cio da Monte Bravo. Formado em economia pela FEA-USP e com mestrado em economia pela FGV-SP. Durante sua carreira se especializou em pol\u00edtica monet\u00e1ria, modelagem econom\u00e9trica e a cobertura de economia local e global. Com experi\u00eancia de mais de 20 anos foi Gerente Executivo de Renda Fixa e Macroeconomia da Funda\u00e7\u00e3o Petrobras de Seguridade Social (PETROS). Anteriormente, foi economista s\u00eanior e economista-chefe na Bradesco Asset Management, Ita\u00fa Asset Management e Unibanco Asset Management. Tamb\u00e9m trabalhou como economista pleno no Banco Ita\u00fa e no ABN AMRO Bank.","url":"https:\/\/www.suno.com.br\/noticias\/author\/luciano-costa\/"}]}},"amp_enabled":true,"_links":{"self":[{"href":"https:\/\/www.suno.com.br\/noticias\/wp-json\/wp\/v2\/suno_column\/412777"}],"collection":[{"href":"https:\/\/www.suno.com.br\/noticias\/wp-json\/wp\/v2\/suno_column"}],"about":[{"href":"https:\/\/www.suno.com.br\/noticias\/wp-json\/wp\/v2\/types\/suno_column"}],"author":[{"embeddable":true,"href":"https:\/\/www.suno.com.br\/noticias\/wp-json\/wp\/v2\/users\/228"}],"wp:featuredmedia":[{"embeddable":true,"href":"https:\/\/www.suno.com.br\/noticias\/wp-json\/wp\/v2\/media\/408701"}],"wp:attachment":[{"href":"https:\/\/www.suno.com.br\/noticias\/wp-json\/wp\/v2\/media?parent=412777"}],"wp:term":[{"taxonomy":"post_tag","embeddable":true,"href":"https:\/\/www.suno.com.br\/noticias\/wp-json\/wp\/v2\/tags?post=412777"}],"curies":[{"name":"wp","href":"https:\/\/api.w.org\/{rel}","templated":true}]}}