{"id":403172,"date":"2023-05-11T13:28:15","date_gmt":"2023-05-11T16:28:15","guid":{"rendered":"https:\/\/www.suno.com.br\/noticias\/colunas\/vanessa-imai\/\/"},"modified":"2023-05-11T13:31:45","modified_gmt":"2023-05-11T16:31:45","slug":"aluguel-variavel-em-fundos-de-shoppings","status":"publish","type":"suno_column","link":"https:\/\/www.suno.com.br\/noticias\/colunas\/marcos-correa\/aluguel-variavel-em-fundos-de-shoppings\/","title":{"rendered":"Aluguel vari\u00e1vel em fundos de shoppings"},"content":{"rendered":"<p>Aproveitando que estamos perto do Dia das M\u00e3es, explicaremos uma din\u00e2mica menos conhecida, mas muito relevante, dos rendimentos dos <a href=\"https:\/\/www.suno.com.br\/fundos-imobiliarios\/setores\/shoppings\/\">fundos imobili\u00e1rios do setor de <em>shoppings<\/em><\/a><em>.<\/em><\/p>\t<div class=\"wrapper-featured-image\">\n\t\t<figure class=\"spotlightImg\">\n\n\t\t\t<picture>\n\t\t\t\t<source media=\"(max-width: 768px)\" srcset=\"https:\/\/files.sunoresearch.com.br\/n\/uploads\/2023\/05\/Aluguel-variavel-em-fundos-de-shoppings-400x200.jpg\">\n\t\t\t\t<img loading=\"lazy\" decoding=\"async\" class=\"newsContent__article__imgCapa lazyloadDisabled \" src=\"https:\/\/files.sunoresearch.com.br\/n\/uploads\/2023\/05\/Aluguel-variavel-em-fundos-de-shoppings-800x450.jpg\" width=\"800\" height=\"450\" alt=\"Aluguel vari\u00e1vel em fundos de shoppings\" fetchpriority=high \/>\n\t\t\t<\/picture>\n\n\t\t\t<figcaption class=\"wp-caption-text wp-caption-text--show\">Foto: Unsplash. Foto: Unsplash<\/figcaption>\n\t\t<\/figure>\n\t<\/div>\n\n\n\n\n\n\n<p>Como a maioria das pessoas j\u00e1 sabe, os rendimentos dos <a href=\"https:\/\/www.suno.com.br\/artigos\/fundos-de-tijolo\/\">FIIs de Tijolos<\/a> s\u00e3o provenientes dos contratos de aluguel com seus inquilinos. Entretanto, no <strong>setor de <em>shoppings<\/em> h\u00e1 um componente adicional<\/strong> em suas receitas.<\/p>\n\n\n\t<p>\n\t\t<a href=\"https:\/\/lp.suno.com.br\/ebook-investindo-em-fiis\/\" target=\"_blank\" data-element=\"shortcode-suno-banner\" title=\"Banner SUNO, clique e saiba mais\">\n\t\t\t<picture>\n\t\t\t\t<source media=\"(max-width: 500px)\" srcset=\"https:\/\/files.sunoresearch.com.br\/n\/uploads\/2023\/07\/Ebook-Fundos-Imobiliarios-Mobile.jpg\">\n\t\t\t\t<img class=\"newsContent__article__imgCapa newsContent__article__imgCapa--banner\"\n\t\t\t\t\tsrc=\"https:\/\/files.sunoresearch.com.br\/n\/uploads\/2023\/07\/Ebook-Fundos-Imobiliarios-Desktop.jpg\"\n\t\t\t\t\tdata-promo-id=\"378301\"\t\t\t\t\t\t\t\t\t\twidth='1420' height='286'\t\t\t\t\talt=\"https:\/\/files.sunoresearch.com.br\/n\/uploads\/2023\/07\/Ebook-Fundos-Imobiliarios-Desktop.jpg\"\n\t\t\t\t>\n\t\t\t<\/picture>\n\t\t<\/a>\n\t<\/p>\n\n\n\n\n\n<p>Os fundos de <em>shoppings<\/em> cobram um aluguel m\u00ednimo de seus inquilinos, que seria o tradicional aluguel. Al\u00e9m disso, h\u00e1 tamb\u00e9m o aluguel vari\u00e1vel, baseado na receita das empresas.<\/p>\n\n\n\n<p>Portanto, se o faturamento das lojas ultrapassa uma determinada marca, o fundo tamb\u00e9m receber\u00e1 uma participa\u00e7\u00e3o desse resultado e poder\u00e1 distribuir uma renda maior aos seus <a href=\"https:\/\/www.suno.com.br\/artigos\/cotista\/\">cotistas<\/a>.<\/p>\n\n\n\n<p>Sendo assim, o Dia das M\u00e3es, que \u00e9 um dos principais feriados do ano para o varejo, assim como o Natal, costuma indicar uma receita maior para os lojistas e, consequentemente, para os fundos de <em>shopping.<\/em><\/p>\n\n\n\n<p>Historicamente, \u00e9 poss\u00edvel notar que <strong>os fundos de <em>shopping<\/em> apresentam resultados superiores em maio e dezembro,<\/strong> justamente por conta das datas festivas citadas.<\/p>\n\n\n\n<p>O lado positivo dessa din\u00e2mica \u00e9 que o fundo receber\u00e1 mais receita em per\u00edodos fartos e absorver\u00e1 o aluguel m\u00ednimo nos per\u00edodos de dificuldade para seus inquilinos, assegurando uma estabilidade para sua renda.<\/p>\n\n\n\t<p>\n\t\t<a href=\"https:\/\/lp.suno.com.br\/suno-one\/?utm_campaign=_SNC6964518A_\" target=\"_blank\" data-element=\"shortcode-suno-banner\" title=\"Banner SUNO, clique e saiba mais\">\n\t\t\t<picture>\n\t\t\t\t<source media=\"(max-width: 500px)\" srcset=\"https:\/\/files.sunoresearch.com.br\/n\/uploads\/2025\/09\/400x300-Suno-One-png.webp\">\n\t\t\t\t<img class=\"newsContent__article__imgCapa newsContent__article__imgCapa--banner\"\n\t\t\t\t\tsrc=\"https:\/\/files.sunoresearch.com.br\/n\/uploads\/2025\/09\/1420x240-Suno-One-png.webp\"\n\t\t\t\t\tdata-promo-id=\"383121\"\t\t\t\t\t\t\t\t\t\twidth='1420' height='240'\t\t\t\t\talt=\"https:\/\/files.sunoresearch.com.br\/n\/uploads\/2025\/09\/1420x240-Suno-One-png.webp\"\n\t\t\t\t>\n\t\t\t<\/picture>\n\t\t<\/a>\n\t<\/p>\n\n\n","protected":false},"excerpt":{"rendered":"<p>Aproveitando que estamos perto do Dia das M\u00e3es, explicaremos uma din\u00e2mica menos conhecida, mas muito relevante, dos rendimentos dos fundos imobili\u00e1rios do setor de sho&#8230;<\/p>\n","protected":false},"author":104,"featured_media":403195,"template":"","tags":[],"class_list":["post-403172","suno_column","type-suno_column","status-publish","has-post-thumbnail","hentry"],"yoast_head":"<!-- This site is optimized with the Yoast SEO plugin v24.4 - https:\/\/yoast.com\/wordpress\/plugins\/seo\/ -->\n<title>Aluguel vari\u00e1vel em fundos de shoppings<\/title>\n<meta name=\"description\" content=\"Descubra como os fundos imobili\u00e1rios de shoppings podem trazer uma renda extra por meio do aluguel vari\u00e1vel. Clique aqui e saiba mais!\" \/>\n<meta name=\"robots\" content=\"index, follow, max-snippet:-1, max-image-preview:large, max-video-preview:-1\" \/>\n<link rel=\"canonical\" href=\"https:\/\/www.suno.com.br\/noticias\/colunas\/marcos-correa\/aluguel-variavel-em-fundos-de-shoppings\/\" \/>\n<meta property=\"og:locale\" content=\"pt_BR\" \/>\n<meta property=\"og:type\" content=\"article\" \/>\n<meta property=\"og:title\" content=\"Aluguel vari\u00e1vel em fundos de shoppings\" \/>\n<meta property=\"og:description\" content=\"Descubra como os fundos imobili\u00e1rios de shoppings podem trazer uma renda extra por meio do aluguel vari\u00e1vel. Clique aqui e saiba mais!\" \/>\n<meta property=\"og:url\" content=\"https:\/\/www.suno.com.br\/noticias\/colunas\/marcos-correa\/aluguel-variavel-em-fundos-de-shoppings\/\" \/>\n<meta property=\"og:site_name\" content=\"Suno Not\u00edcias\" \/>\n<meta property=\"article:publisher\" content=\"https:\/\/facebook.com\/sunoresearch\" \/>\n<meta property=\"og:image\" content=\"https:\/\/files.sunoresearch.com.br\/n\/uploads\/2023\/05\/Aluguel-variavel-em-fundos-de-shoppings.jpg\" \/>\n\t<meta property=\"og:image:width\" content=\"1280\" \/>\n\t<meta property=\"og:image:height\" content=\"853\" \/>\n\t<meta property=\"og:image:type\" content=\"image\/jpeg\" \/>\n<meta name=\"twitter:card\" content=\"summary_large_image\" \/>\n<meta name=\"twitter:site\" content=\"@sunoresearch\" \/>\n<meta name=\"twitter:label1\" content=\"Est. tempo de leitura\" \/>\n\t<meta name=\"twitter:data1\" content=\"2 minutos\" \/>\n<script type=\"application\/ld+json\" class=\"yoast-schema-graph\">{\"@context\":\"https:\/\/schema.org\",\"@graph\":[{\"@type\":\"Article\",\"@id\":\"https:\/\/www.suno.com.br\/noticias\/colunas\/marcos-correa\/aluguel-variavel-em-fundos-de-shoppings\/#article\",\"isPartOf\":{\"@id\":\"https:\/\/www.suno.com.br\/noticias\/colunas\/marcos-correa\/aluguel-variavel-em-fundos-de-shoppings\/\"},\"author\":{\"name\":\"Marcos Correa\",\"@id\":\"https:\/\/www.suno.com.br\/noticias\/#\/schema\/person\/740b12cd2d5ac713ce4330d3446445de\"},\"headline\":\"Aluguel vari\u00e1vel em fundos de shoppings\",\"datePublished\":\"2023-05-11T16:28:15+00:00\",\"dateModified\":\"2023-05-11T16:31:45+00:00\",\"mainEntityOfPage\":{\"@id\":\"https:\/\/www.suno.com.br\/noticias\/colunas\/marcos-correa\/aluguel-variavel-em-fundos-de-shoppings\/\"},\"wordCount\":232,\"publisher\":{\"@id\":\"https:\/\/www.suno.com.br\/noticias\/#organization\"},\"image\":{\"@id\":\"https:\/\/www.suno.com.br\/noticias\/colunas\/marcos-correa\/aluguel-variavel-em-fundos-de-shoppings\/#primaryimage\"},\"thumbnailUrl\":\"https:\/\/files.sunoresearch.com.br\/n\/uploads\/2023\/05\/Aluguel-variavel-em-fundos-de-shoppings.jpg\",\"inLanguage\":\"pt-BR\"},{\"@type\":\"WebPage\",\"@id\":\"https:\/\/www.suno.com.br\/noticias\/colunas\/marcos-correa\/aluguel-variavel-em-fundos-de-shoppings\/\",\"url\":\"https:\/\/www.suno.com.br\/noticias\/colunas\/marcos-correa\/aluguel-variavel-em-fundos-de-shoppings\/\",\"name\":\"Aluguel vari\u00e1vel em fundos de shoppings\",\"isPartOf\":{\"@id\":\"https:\/\/www.suno.com.br\/noticias\/#website\"},\"primaryImageOfPage\":{\"@id\":\"https:\/\/www.suno.com.br\/noticias\/colunas\/marcos-correa\/aluguel-variavel-em-fundos-de-shoppings\/#primaryimage\"},\"image\":{\"@id\":\"https:\/\/www.suno.com.br\/noticias\/colunas\/marcos-correa\/aluguel-variavel-em-fundos-de-shoppings\/#primaryimage\"},\"thumbnailUrl\":\"https:\/\/files.sunoresearch.com.br\/n\/uploads\/2023\/05\/Aluguel-variavel-em-fundos-de-shoppings.jpg\",\"datePublished\":\"2023-05-11T16:28:15+00:00\",\"dateModified\":\"2023-05-11T16:31:45+00:00\",\"description\":\"Descubra como os fundos imobili\u00e1rios de shoppings podem trazer uma renda extra por meio do aluguel vari\u00e1vel. Clique aqui e saiba mais!\",\"breadcrumb\":{\"@id\":\"https:\/\/www.suno.com.br\/noticias\/colunas\/marcos-correa\/aluguel-variavel-em-fundos-de-shoppings\/#breadcrumb\"},\"inLanguage\":\"pt-BR\",\"potentialAction\":[{\"@type\":\"ReadAction\",\"target\":[\"https:\/\/www.suno.com.br\/noticias\/colunas\/marcos-correa\/aluguel-variavel-em-fundos-de-shoppings\/\"]}]},{\"@type\":\"ImageObject\",\"inLanguage\":\"pt-BR\",\"@id\":\"https:\/\/www.suno.com.br\/noticias\/colunas\/marcos-correa\/aluguel-variavel-em-fundos-de-shoppings\/#primaryimage\",\"url\":\"https:\/\/files.sunoresearch.com.br\/n\/uploads\/2023\/05\/Aluguel-variavel-em-fundos-de-shoppings.jpg\",\"contentUrl\":\"https:\/\/files.sunoresearch.com.br\/n\/uploads\/2023\/05\/Aluguel-variavel-em-fundos-de-shoppings.jpg\",\"width\":1280,\"height\":853,\"caption\":\"Foto: Unsplash. Foto: Unsplash\"},{\"@type\":\"BreadcrumbList\",\"@id\":\"https:\/\/www.suno.com.br\/noticias\/colunas\/marcos-correa\/aluguel-variavel-em-fundos-de-shoppings\/#breadcrumb\",\"itemListElement\":[{\"@type\":\"ListItem\",\"position\":1,\"name\":\"Not\u00edcias\",\"item\":\"https:\/\/www.suno.com.br\/noticias\/\"},{\"@type\":\"ListItem\",\"position\":2,\"name\":\"Colunas\",\"item\":\"https:\/\/www.suno.com.br\/noticias\/colunas\/\"},{\"@type\":\"ListItem\",\"position\":3,\"name\":\"Aluguel vari\u00e1vel em fundos de shoppings\"}]},{\"@type\":\"WebSite\",\"@id\":\"https:\/\/www.suno.com.br\/noticias\/#website\",\"url\":\"https:\/\/www.suno.com.br\/noticias\/\",\"name\":\"Suno Not\u00edcias\",\"description\":\"Seu portal de informa\u00e7\u00e3o sobre o mundo dos investimentos\",\"publisher\":{\"@id\":\"https:\/\/www.suno.com.br\/noticias\/#organization\"},\"potentialAction\":[{\"@type\":\"SearchAction\",\"target\":{\"@type\":\"EntryPoint\",\"urlTemplate\":\"https:\/\/www.suno.com.br\/noticias\/?s={search_term_string}\"},\"query-input\":{\"@type\":\"PropertyValueSpecification\",\"valueRequired\":true,\"valueName\":\"search_term_string\"}}],\"inLanguage\":\"pt-BR\"},{\"@type\":\"Organization\",\"@id\":\"https:\/\/www.suno.com.br\/noticias\/#organization\",\"name\":\"Suno Not\u00edcias\",\"url\":\"https:\/\/www.suno.com.br\/noticias\/\",\"logo\":{\"@type\":\"ImageObject\",\"inLanguage\":\"pt-BR\",\"@id\":\"https:\/\/www.suno.com.br\/noticias\/#\/schema\/logo\/image\/\",\"url\":\"https:\/\/files.sunoresearch.com.br\/n\/uploads\/2021\/09\/suno-logo.png\",\"contentUrl\":\"https:\/\/files.sunoresearch.com.br\/n\/uploads\/2021\/09\/suno-logo.png\",\"width\":180,\"height\":180,\"caption\":\"Suno Not\u00edcias\"},\"image\":{\"@id\":\"https:\/\/www.suno.com.br\/noticias\/#\/schema\/logo\/image\/\"},\"sameAs\":[\"https:\/\/facebook.com\/sunoresearch\",\"https:\/\/x.com\/sunoresearch\",\"https:\/\/www.instagram.com\/suno\",\"https:\/\/www.linkedin.com\/company\/suno-research\/\",\"https:\/\/www.youtube.com\/c\/sunoresearch\"]},{\"@type\":\"Person\",\"@id\":\"https:\/\/www.suno.com.br\/noticias\/#\/schema\/person\/740b12cd2d5ac713ce4330d3446445de\",\"name\":\"Marcos Correa\",\"image\":{\"@type\":\"ImageObject\",\"inLanguage\":\"pt-BR\",\"@id\":\"https:\/\/www.suno.com.br\/noticias\/#\/schema\/person\/image\/\",\"url\":\"https:\/\/secure.gravatar.com\/avatar\/1ee64179e88e32abfa795e720473eb3c?s=96&r=g\",\"contentUrl\":\"https:\/\/secure.gravatar.com\/avatar\/1ee64179e88e32abfa795e720473eb3c?s=96&r=g\",\"caption\":\"Marcos Correa\"},\"description\":\"Marcos Correa \u00e9 formado em Ci\u00eancia da Computa\u00e7\u00e3o pela Universidade de Miami e \u00e9 especialista em investimentos com certifica\u00e7\u00e3o CEA. Ap\u00f3s significativas contribui\u00e7\u00f5es no time de FIIs da Suno, como especialista em FIIs no time do professor Baroni, hoje \u00e9 respons\u00e1vel pela assinatura Start, trazendo educa\u00e7\u00e3o financeira de forma acess\u00edvel para investidores iniciantes.\",\"sameAs\":[\"https:\/\/www.instagram.com\/mcorrea.jr\/\"],\"url\":\"https:\/\/www.suno.com.br\/noticias\/author\/marcos-correa\/\"}]}<\/script>\n<!-- \/ Yoast SEO plugin. -->","yoast_head_json":{"title":"Aluguel vari\u00e1vel em fundos de shoppings","description":"Descubra como os fundos imobili\u00e1rios de shoppings podem trazer uma renda extra por meio do aluguel vari\u00e1vel. Clique aqui e saiba mais!","robots":{"index":"index","follow":"follow","max-snippet":"max-snippet:-1","max-image-preview":"max-image-preview:large","max-video-preview":"max-video-preview:-1"},"canonical":"https:\/\/www.suno.com.br\/noticias\/colunas\/marcos-correa\/aluguel-variavel-em-fundos-de-shoppings\/","og_locale":"pt_BR","og_type":"article","og_title":"Aluguel vari\u00e1vel em fundos de shoppings","og_description":"Descubra como os fundos imobili\u00e1rios de shoppings podem trazer uma renda extra por meio do aluguel vari\u00e1vel. Clique aqui e saiba mais!","og_url":"https:\/\/www.suno.com.br\/noticias\/colunas\/marcos-correa\/aluguel-variavel-em-fundos-de-shoppings\/","og_site_name":"Suno Not\u00edcias","article_publisher":"https:\/\/facebook.com\/sunoresearch","og_image":[{"width":1280,"height":853,"url":"https:\/\/files.sunoresearch.com.br\/n\/uploads\/2023\/05\/Aluguel-variavel-em-fundos-de-shoppings.jpg","type":"image\/jpeg"}],"twitter_card":"summary_large_image","twitter_site":"@sunoresearch","twitter_misc":{"Est. tempo de leitura":"2 minutos"},"schema":{"@context":"https:\/\/schema.org","@graph":[{"@type":"Article","@id":"https:\/\/www.suno.com.br\/noticias\/colunas\/marcos-correa\/aluguel-variavel-em-fundos-de-shoppings\/#article","isPartOf":{"@id":"https:\/\/www.suno.com.br\/noticias\/colunas\/marcos-correa\/aluguel-variavel-em-fundos-de-shoppings\/"},"author":{"name":"Marcos Correa","@id":"https:\/\/www.suno.com.br\/noticias\/#\/schema\/person\/740b12cd2d5ac713ce4330d3446445de"},"headline":"Aluguel vari\u00e1vel em fundos de shoppings","datePublished":"2023-05-11T16:28:15+00:00","dateModified":"2023-05-11T16:31:45+00:00","mainEntityOfPage":{"@id":"https:\/\/www.suno.com.br\/noticias\/colunas\/marcos-correa\/aluguel-variavel-em-fundos-de-shoppings\/"},"wordCount":232,"publisher":{"@id":"https:\/\/www.suno.com.br\/noticias\/#organization"},"image":{"@id":"https:\/\/www.suno.com.br\/noticias\/colunas\/marcos-correa\/aluguel-variavel-em-fundos-de-shoppings\/#primaryimage"},"thumbnailUrl":"https:\/\/files.sunoresearch.com.br\/n\/uploads\/2023\/05\/Aluguel-variavel-em-fundos-de-shoppings.jpg","inLanguage":"pt-BR"},{"@type":"WebPage","@id":"https:\/\/www.suno.com.br\/noticias\/colunas\/marcos-correa\/aluguel-variavel-em-fundos-de-shoppings\/","url":"https:\/\/www.suno.com.br\/noticias\/colunas\/marcos-correa\/aluguel-variavel-em-fundos-de-shoppings\/","name":"Aluguel vari\u00e1vel em fundos de shoppings","isPartOf":{"@id":"https:\/\/www.suno.com.br\/noticias\/#website"},"primaryImageOfPage":{"@id":"https:\/\/www.suno.com.br\/noticias\/colunas\/marcos-correa\/aluguel-variavel-em-fundos-de-shoppings\/#primaryimage"},"image":{"@id":"https:\/\/www.suno.com.br\/noticias\/colunas\/marcos-correa\/aluguel-variavel-em-fundos-de-shoppings\/#primaryimage"},"thumbnailUrl":"https:\/\/files.sunoresearch.com.br\/n\/uploads\/2023\/05\/Aluguel-variavel-em-fundos-de-shoppings.jpg","datePublished":"2023-05-11T16:28:15+00:00","dateModified":"2023-05-11T16:31:45+00:00","description":"Descubra como os fundos imobili\u00e1rios de shoppings podem trazer uma renda extra por meio do aluguel vari\u00e1vel. Clique aqui e saiba mais!","breadcrumb":{"@id":"https:\/\/www.suno.com.br\/noticias\/colunas\/marcos-correa\/aluguel-variavel-em-fundos-de-shoppings\/#breadcrumb"},"inLanguage":"pt-BR","potentialAction":[{"@type":"ReadAction","target":["https:\/\/www.suno.com.br\/noticias\/colunas\/marcos-correa\/aluguel-variavel-em-fundos-de-shoppings\/"]}]},{"@type":"ImageObject","inLanguage":"pt-BR","@id":"https:\/\/www.suno.com.br\/noticias\/colunas\/marcos-correa\/aluguel-variavel-em-fundos-de-shoppings\/#primaryimage","url":"https:\/\/files.sunoresearch.com.br\/n\/uploads\/2023\/05\/Aluguel-variavel-em-fundos-de-shoppings.jpg","contentUrl":"https:\/\/files.sunoresearch.com.br\/n\/uploads\/2023\/05\/Aluguel-variavel-em-fundos-de-shoppings.jpg","width":1280,"height":853,"caption":"Foto: Unsplash. Foto: Unsplash"},{"@type":"BreadcrumbList","@id":"https:\/\/www.suno.com.br\/noticias\/colunas\/marcos-correa\/aluguel-variavel-em-fundos-de-shoppings\/#breadcrumb","itemListElement":[{"@type":"ListItem","position":1,"name":"Not\u00edcias","item":"https:\/\/www.suno.com.br\/noticias\/"},{"@type":"ListItem","position":2,"name":"Colunas","item":"https:\/\/www.suno.com.br\/noticias\/colunas\/"},{"@type":"ListItem","position":3,"name":"Aluguel vari\u00e1vel em fundos de shoppings"}]},{"@type":"WebSite","@id":"https:\/\/www.suno.com.br\/noticias\/#website","url":"https:\/\/www.suno.com.br\/noticias\/","name":"Suno Not\u00edcias","description":"Seu portal de informa\u00e7\u00e3o sobre o mundo dos investimentos","publisher":{"@id":"https:\/\/www.suno.com.br\/noticias\/#organization"},"potentialAction":[{"@type":"SearchAction","target":{"@type":"EntryPoint","urlTemplate":"https:\/\/www.suno.com.br\/noticias\/?s={search_term_string}"},"query-input":{"@type":"PropertyValueSpecification","valueRequired":true,"valueName":"search_term_string"}}],"inLanguage":"pt-BR"},{"@type":"Organization","@id":"https:\/\/www.suno.com.br\/noticias\/#organization","name":"Suno Not\u00edcias","url":"https:\/\/www.suno.com.br\/noticias\/","logo":{"@type":"ImageObject","inLanguage":"pt-BR","@id":"https:\/\/www.suno.com.br\/noticias\/#\/schema\/logo\/image\/","url":"https:\/\/files.sunoresearch.com.br\/n\/uploads\/2021\/09\/suno-logo.png","contentUrl":"https:\/\/files.sunoresearch.com.br\/n\/uploads\/2021\/09\/suno-logo.png","width":180,"height":180,"caption":"Suno Not\u00edcias"},"image":{"@id":"https:\/\/www.suno.com.br\/noticias\/#\/schema\/logo\/image\/"},"sameAs":["https:\/\/facebook.com\/sunoresearch","https:\/\/x.com\/sunoresearch","https:\/\/www.instagram.com\/suno","https:\/\/www.linkedin.com\/company\/suno-research\/","https:\/\/www.youtube.com\/c\/sunoresearch"]},{"@type":"Person","@id":"https:\/\/www.suno.com.br\/noticias\/#\/schema\/person\/740b12cd2d5ac713ce4330d3446445de","name":"Marcos Correa","image":{"@type":"ImageObject","inLanguage":"pt-BR","@id":"https:\/\/www.suno.com.br\/noticias\/#\/schema\/person\/image\/","url":"https:\/\/secure.gravatar.com\/avatar\/1ee64179e88e32abfa795e720473eb3c?s=96&r=g","contentUrl":"https:\/\/secure.gravatar.com\/avatar\/1ee64179e88e32abfa795e720473eb3c?s=96&r=g","caption":"Marcos Correa"},"description":"Marcos Correa \u00e9 formado em Ci\u00eancia da Computa\u00e7\u00e3o pela Universidade de Miami e \u00e9 especialista em investimentos com certifica\u00e7\u00e3o CEA. Ap\u00f3s significativas contribui\u00e7\u00f5es no time de FIIs da Suno, como especialista em FIIs no time do professor Baroni, hoje \u00e9 respons\u00e1vel pela assinatura Start, trazendo educa\u00e7\u00e3o financeira de forma acess\u00edvel para investidores iniciantes.","sameAs":["https:\/\/www.instagram.com\/mcorrea.jr\/"],"url":"https:\/\/www.suno.com.br\/noticias\/author\/marcos-correa\/"}]}},"amp_enabled":true,"_links":{"self":[{"href":"https:\/\/www.suno.com.br\/noticias\/wp-json\/wp\/v2\/suno_column\/403172"}],"collection":[{"href":"https:\/\/www.suno.com.br\/noticias\/wp-json\/wp\/v2\/suno_column"}],"about":[{"href":"https:\/\/www.suno.com.br\/noticias\/wp-json\/wp\/v2\/types\/suno_column"}],"author":[{"embeddable":true,"href":"https:\/\/www.suno.com.br\/noticias\/wp-json\/wp\/v2\/users\/104"}],"wp:featuredmedia":[{"embeddable":true,"href":"https:\/\/www.suno.com.br\/noticias\/wp-json\/wp\/v2\/media\/403195"}],"wp:attachment":[{"href":"https:\/\/www.suno.com.br\/noticias\/wp-json\/wp\/v2\/media?parent=403172"}],"wp:term":[{"taxonomy":"post_tag","embeddable":true,"href":"https:\/\/www.suno.com.br\/noticias\/wp-json\/wp\/v2\/tags?post=403172"}],"curies":[{"name":"wp","href":"https:\/\/api.w.org\/{rel}","templated":true}]}}