{"id":398627,"date":"2023-05-03T15:34:24","date_gmt":"2023-05-03T18:34:24","guid":{"rendered":"https:\/\/www.suno.com.br\/noticias\/colunas\/vanessa-imai\/\/"},"modified":"2023-05-03T15:38:21","modified_gmt":"2023-05-03T18:38:21","slug":"a-cotacao-influencia-a-taxa-de-administracao-de-um-fii-2","status":"publish","type":"suno_column","link":"https:\/\/www.suno.com.br\/noticias\/colunas\/marcos-correa\/a-cotacao-influencia-a-taxa-de-administracao-de-um-fii-2\/","title":{"rendered":"A cota\u00e7\u00e3o influencia a taxa de administra\u00e7\u00e3o de um FII?"},"content":{"rendered":"<p>Os<a href=\"https:\/\/www.suno.com.br\/guias\/melhores-fundos-imobiliarios-para-2023\/\"> fundos imobili\u00e1rios<\/a> s\u00e3o fundos de investimento que possuem uma estrutura profissionalizada que inclui um gestor para cuidar das opera\u00e7\u00f5es di\u00e1rias e um administrador para gerenciar toda a parte burocr\u00e1tica, jur\u00eddica e financeira.<\/p>\t<div class=\"wrapper-featured-image\">\n\t\t<figure class=\"spotlightImg\">\n\n\t\t\t<picture>\n\t\t\t\t<source media=\"(max-width: 768px)\" srcset=\"https:\/\/files.sunoresearch.com.br\/n\/uploads\/2023\/05\/A-cotacao-influencia-a-taxa-de-administracao-de-um-FII-3-400x200.jpg\">\n\t\t\t\t<img loading=\"lazy\" decoding=\"async\" class=\"newsContent__article__imgCapa lazyloadDisabled \" src=\"https:\/\/files.sunoresearch.com.br\/n\/uploads\/2023\/05\/A-cotacao-influencia-a-taxa-de-administracao-de-um-FII-3-800x450.jpg\" width=\"800\" height=\"450\" alt=\"A cota\u00e7\u00e3o influencia a taxa de administra\u00e7\u00e3o de um FII?\" fetchpriority=high \/>\n\t\t\t<\/picture>\n\n\t\t\t<figcaption class=\"wp-caption-text wp-caption-text--show\">Ve<\/figcaption>\n\t\t<\/figure>\n\t<\/div>\n\n\n\n\n\n\t<p>\n\t\t<a href=\"https:\/\/lp.suno.com.br\/ebook-investindo-em-fiis\/\" target=\"_blank\" data-element=\"shortcode-suno-banner\" title=\"Banner SUNO, clique e saiba mais\">\n\t\t\t<picture>\n\t\t\t\t<source media=\"(max-width: 500px)\" srcset=\"https:\/\/files.sunoresearch.com.br\/n\/uploads\/2023\/07\/Ebook-Fundos-Imobiliarios-Mobile.jpg\">\n\t\t\t\t<img class=\"newsContent__article__imgCapa newsContent__article__imgCapa--banner\"\n\t\t\t\t\tsrc=\"https:\/\/files.sunoresearch.com.br\/n\/uploads\/2023\/07\/Ebook-Fundos-Imobiliarios-Desktop.jpg\"\n\t\t\t\t\tdata-promo-id=\"378301\"\t\t\t\t\t\t\t\t\t\twidth='1420' height='286'\t\t\t\t\talt=\"https:\/\/files.sunoresearch.com.br\/n\/uploads\/2023\/07\/Ebook-Fundos-Imobiliarios-Desktop.jpg\"\n\t\t\t\t>\n\t\t\t<\/picture>\n\t\t<\/a>\n\t<\/p>\n\n\n\n\n\n<p>Tanto a administradora como a gestora s\u00e3o prestadores de servi\u00e7o do fundo que, portanto, devem ser pagos por seus servi\u00e7os. A taxa de administra\u00e7\u00e3o de um FII costuma ser uma porcentagem sobre o seu patrim\u00f4nio l\u00edquido (ativos menos passivos). Por exemplo, 1,00% ao ano sobre o Patrim\u00f4nio L\u00edquido do fundo.<\/p>\n\n\n\n<p>Sendo assim, j\u00e1 podemos responder parte da pergunta do t\u00edtulo deste Fiikipedia: <strong>como a taxa \u00e9 cobrada sobre o patrim\u00f4nio l\u00edquido, a cota\u00e7\u00e3o n\u00e3o interfere na cobran\u00e7a do valor.<\/strong><\/p>\n\n\n\n<p>Entretanto, para muitos fundos, conforme eles crescem, ganham liquidez e passam a integrar o IFIX, \u00edndice de performance do mercado de fundos imobili\u00e1rios, a cobran\u00e7a da taxa passa a ser sobre o seu valor de mercado, ao inv\u00e9s do patrim\u00f4nio l\u00edquido.<\/p>\n\n\n\n<p><strong>Dessa forma, a cota\u00e7\u00e3o pode influenciar a cobran\u00e7a da taxa de administra\u00e7\u00e3o para esse grupo espec\u00edfico de FIIs. <\/strong>Quando a cota\u00e7\u00e3o est\u00e1 valorizando, a taxa tende a subir, e quando est\u00e1 desvalorizando, a taxa tende a cair. Portanto, ao estudar um ativo, sempre verifique o regulamento dele para entender como funciona a cobran\u00e7a da taxa.<\/p>\n\n\n\t<p>\n\t\t<a href=\"https:\/\/lp.suno.com.br\/suno-one\/?utm_campaign=_SNC6964518A_\" target=\"_blank\" data-element=\"shortcode-suno-banner\" title=\"Banner SUNO, clique e saiba mais\">\n\t\t\t<picture>\n\t\t\t\t<source media=\"(max-width: 500px)\" srcset=\"https:\/\/files.sunoresearch.com.br\/n\/uploads\/2025\/09\/400x300-Suno-One-png.webp\">\n\t\t\t\t<img class=\"newsContent__article__imgCapa newsContent__article__imgCapa--banner\"\n\t\t\t\t\tsrc=\"https:\/\/files.sunoresearch.com.br\/n\/uploads\/2025\/09\/1420x240-Suno-One-png.webp\"\n\t\t\t\t\tdata-promo-id=\"383121\"\t\t\t\t\t\t\t\t\t\twidth='1420' height='240'\t\t\t\t\talt=\"https:\/\/files.sunoresearch.com.br\/n\/uploads\/2025\/09\/1420x240-Suno-One-png.webp\"\n\t\t\t\t>\n\t\t\t<\/picture>\n\t\t<\/a>\n\t<\/p>\n\n\n","protected":false},"excerpt":{"rendered":"<p>Os fundos imobili\u00e1rios s\u00e3o fundos de investimento que possuem uma estrutura profissionalizada que inclui um gestor para cuidar das opera\u00e7\u00f5es di\u00e1rias e um administrador&#8230;<\/p>\n","protected":false},"author":104,"featured_media":398647,"template":"","tags":[],"class_list":["post-398627","suno_column","type-suno_column","status-publish","has-post-thumbnail","hentry"],"yoast_head":"<!-- This site is optimized with the Yoast SEO plugin v24.4 - https:\/\/yoast.com\/wordpress\/plugins\/seo\/ -->\n<title>A cota\u00e7\u00e3o influencia a taxa de administra\u00e7\u00e3o de um FII?<\/title>\n<meta name=\"description\" content=\"Descubra em nosso artigo se a cota\u00e7\u00e3o de um fundo imobili\u00e1rio pode influenciar na taxa de administra\u00e7\u00e3o e entenda como essa rela\u00e7\u00e3o funciona!\" \/>\n<meta name=\"robots\" content=\"index, follow, max-snippet:-1, max-image-preview:large, max-video-preview:-1\" \/>\n<link rel=\"canonical\" href=\"https:\/\/www.suno.com.br\/noticias\/colunas\/marcos-correa\/a-cotacao-influencia-a-taxa-de-administracao-de-um-fii-2\/\" \/>\n<meta property=\"og:locale\" content=\"pt_BR\" \/>\n<meta property=\"og:type\" content=\"article\" \/>\n<meta property=\"og:title\" content=\"A cota\u00e7\u00e3o influencia a taxa de administra\u00e7\u00e3o de um FII?\" \/>\n<meta property=\"og:description\" content=\"Descubra em nosso artigo se a cota\u00e7\u00e3o de um fundo imobili\u00e1rio pode influenciar na taxa de administra\u00e7\u00e3o e entenda como essa rela\u00e7\u00e3o funciona!\" \/>\n<meta property=\"og:url\" content=\"https:\/\/www.suno.com.br\/noticias\/colunas\/marcos-correa\/a-cotacao-influencia-a-taxa-de-administracao-de-um-fii-2\/\" \/>\n<meta property=\"og:site_name\" content=\"Suno Not\u00edcias\" \/>\n<meta property=\"article:publisher\" content=\"https:\/\/facebook.com\/sunoresearch\" \/>\n<meta property=\"og:image\" content=\"https:\/\/files.sunoresearch.com.br\/n\/uploads\/2023\/05\/A-cotacao-influencia-a-taxa-de-administracao-de-um-FII-3.jpg\" \/>\n\t<meta property=\"og:image:width\" content=\"1280\" \/>\n\t<meta property=\"og:image:height\" content=\"712\" \/>\n\t<meta property=\"og:image:type\" content=\"image\/jpeg\" \/>\n<meta name=\"twitter:card\" content=\"summary_large_image\" \/>\n<meta name=\"twitter:site\" content=\"@sunoresearch\" \/>\n<meta name=\"twitter:label1\" content=\"Est. tempo de leitura\" \/>\n\t<meta name=\"twitter:data1\" content=\"2 minutos\" \/>\n<script type=\"application\/ld+json\" class=\"yoast-schema-graph\">{\"@context\":\"https:\/\/schema.org\",\"@graph\":[{\"@type\":\"Article\",\"@id\":\"https:\/\/www.suno.com.br\/noticias\/colunas\/marcos-correa\/a-cotacao-influencia-a-taxa-de-administracao-de-um-fii-2\/#article\",\"isPartOf\":{\"@id\":\"https:\/\/www.suno.com.br\/noticias\/colunas\/marcos-correa\/a-cotacao-influencia-a-taxa-de-administracao-de-um-fii-2\/\"},\"author\":{\"name\":\"Marcos Correa\",\"@id\":\"https:\/\/www.suno.com.br\/noticias\/#\/schema\/person\/740b12cd2d5ac713ce4330d3446445de\"},\"headline\":\"A cota\u00e7\u00e3o influencia a taxa de administra\u00e7\u00e3o de um FII?\",\"datePublished\":\"2023-05-03T18:34:24+00:00\",\"dateModified\":\"2023-05-03T18:38:21+00:00\",\"mainEntityOfPage\":{\"@id\":\"https:\/\/www.suno.com.br\/noticias\/colunas\/marcos-correa\/a-cotacao-influencia-a-taxa-de-administracao-de-um-fii-2\/\"},\"wordCount\":255,\"publisher\":{\"@id\":\"https:\/\/www.suno.com.br\/noticias\/#organization\"},\"image\":{\"@id\":\"https:\/\/www.suno.com.br\/noticias\/colunas\/marcos-correa\/a-cotacao-influencia-a-taxa-de-administracao-de-um-fii-2\/#primaryimage\"},\"thumbnailUrl\":\"https:\/\/files.sunoresearch.com.br\/n\/uploads\/2023\/05\/A-cotacao-influencia-a-taxa-de-administracao-de-um-FII-3.jpg\",\"inLanguage\":\"pt-BR\"},{\"@type\":\"WebPage\",\"@id\":\"https:\/\/www.suno.com.br\/noticias\/colunas\/marcos-correa\/a-cotacao-influencia-a-taxa-de-administracao-de-um-fii-2\/\",\"url\":\"https:\/\/www.suno.com.br\/noticias\/colunas\/marcos-correa\/a-cotacao-influencia-a-taxa-de-administracao-de-um-fii-2\/\",\"name\":\"A cota\u00e7\u00e3o influencia a taxa de administra\u00e7\u00e3o de um FII?\",\"isPartOf\":{\"@id\":\"https:\/\/www.suno.com.br\/noticias\/#website\"},\"primaryImageOfPage\":{\"@id\":\"https:\/\/www.suno.com.br\/noticias\/colunas\/marcos-correa\/a-cotacao-influencia-a-taxa-de-administracao-de-um-fii-2\/#primaryimage\"},\"image\":{\"@id\":\"https:\/\/www.suno.com.br\/noticias\/colunas\/marcos-correa\/a-cotacao-influencia-a-taxa-de-administracao-de-um-fii-2\/#primaryimage\"},\"thumbnailUrl\":\"https:\/\/files.sunoresearch.com.br\/n\/uploads\/2023\/05\/A-cotacao-influencia-a-taxa-de-administracao-de-um-FII-3.jpg\",\"datePublished\":\"2023-05-03T18:34:24+00:00\",\"dateModified\":\"2023-05-03T18:38:21+00:00\",\"description\":\"Descubra em nosso artigo se a cota\u00e7\u00e3o de um fundo imobili\u00e1rio pode influenciar na taxa de administra\u00e7\u00e3o e entenda como essa rela\u00e7\u00e3o funciona!\",\"breadcrumb\":{\"@id\":\"https:\/\/www.suno.com.br\/noticias\/colunas\/marcos-correa\/a-cotacao-influencia-a-taxa-de-administracao-de-um-fii-2\/#breadcrumb\"},\"inLanguage\":\"pt-BR\",\"potentialAction\":[{\"@type\":\"ReadAction\",\"target\":[\"https:\/\/www.suno.com.br\/noticias\/colunas\/marcos-correa\/a-cotacao-influencia-a-taxa-de-administracao-de-um-fii-2\/\"]}]},{\"@type\":\"ImageObject\",\"inLanguage\":\"pt-BR\",\"@id\":\"https:\/\/www.suno.com.br\/noticias\/colunas\/marcos-correa\/a-cotacao-influencia-a-taxa-de-administracao-de-um-fii-2\/#primaryimage\",\"url\":\"https:\/\/files.sunoresearch.com.br\/n\/uploads\/2023\/05\/A-cotacao-influencia-a-taxa-de-administracao-de-um-FII-3.jpg\",\"contentUrl\":\"https:\/\/files.sunoresearch.com.br\/n\/uploads\/2023\/05\/A-cotacao-influencia-a-taxa-de-administracao-de-um-FII-3.jpg\",\"width\":1280,\"height\":712,\"caption\":\"Ve\"},{\"@type\":\"BreadcrumbList\",\"@id\":\"https:\/\/www.suno.com.br\/noticias\/colunas\/marcos-correa\/a-cotacao-influencia-a-taxa-de-administracao-de-um-fii-2\/#breadcrumb\",\"itemListElement\":[{\"@type\":\"ListItem\",\"position\":1,\"name\":\"Not\u00edcias\",\"item\":\"https:\/\/www.suno.com.br\/noticias\/\"},{\"@type\":\"ListItem\",\"position\":2,\"name\":\"Colunas\",\"item\":\"https:\/\/www.suno.com.br\/noticias\/colunas\/\"},{\"@type\":\"ListItem\",\"position\":3,\"name\":\"A cota\u00e7\u00e3o influencia a taxa de administra\u00e7\u00e3o de um FII?\"}]},{\"@type\":\"WebSite\",\"@id\":\"https:\/\/www.suno.com.br\/noticias\/#website\",\"url\":\"https:\/\/www.suno.com.br\/noticias\/\",\"name\":\"Suno Not\u00edcias\",\"description\":\"Seu portal de informa\u00e7\u00e3o sobre o mundo dos investimentos\",\"publisher\":{\"@id\":\"https:\/\/www.suno.com.br\/noticias\/#organization\"},\"potentialAction\":[{\"@type\":\"SearchAction\",\"target\":{\"@type\":\"EntryPoint\",\"urlTemplate\":\"https:\/\/www.suno.com.br\/noticias\/?s={search_term_string}\"},\"query-input\":{\"@type\":\"PropertyValueSpecification\",\"valueRequired\":true,\"valueName\":\"search_term_string\"}}],\"inLanguage\":\"pt-BR\"},{\"@type\":\"Organization\",\"@id\":\"https:\/\/www.suno.com.br\/noticias\/#organization\",\"name\":\"Suno Not\u00edcias\",\"url\":\"https:\/\/www.suno.com.br\/noticias\/\",\"logo\":{\"@type\":\"ImageObject\",\"inLanguage\":\"pt-BR\",\"@id\":\"https:\/\/www.suno.com.br\/noticias\/#\/schema\/logo\/image\/\",\"url\":\"https:\/\/files.sunoresearch.com.br\/n\/uploads\/2021\/09\/suno-logo.png\",\"contentUrl\":\"https:\/\/files.sunoresearch.com.br\/n\/uploads\/2021\/09\/suno-logo.png\",\"width\":180,\"height\":180,\"caption\":\"Suno Not\u00edcias\"},\"image\":{\"@id\":\"https:\/\/www.suno.com.br\/noticias\/#\/schema\/logo\/image\/\"},\"sameAs\":[\"https:\/\/facebook.com\/sunoresearch\",\"https:\/\/x.com\/sunoresearch\",\"https:\/\/www.instagram.com\/suno\",\"https:\/\/www.linkedin.com\/company\/suno-research\/\",\"https:\/\/www.youtube.com\/c\/sunoresearch\"]},{\"@type\":\"Person\",\"@id\":\"https:\/\/www.suno.com.br\/noticias\/#\/schema\/person\/740b12cd2d5ac713ce4330d3446445de\",\"name\":\"Marcos Correa\",\"image\":{\"@type\":\"ImageObject\",\"inLanguage\":\"pt-BR\",\"@id\":\"https:\/\/www.suno.com.br\/noticias\/#\/schema\/person\/image\/\",\"url\":\"https:\/\/secure.gravatar.com\/avatar\/1ee64179e88e32abfa795e720473eb3c?s=96&r=g\",\"contentUrl\":\"https:\/\/secure.gravatar.com\/avatar\/1ee64179e88e32abfa795e720473eb3c?s=96&r=g\",\"caption\":\"Marcos Correa\"},\"description\":\"Marcos Correa \u00e9 formado em Ci\u00eancia da Computa\u00e7\u00e3o pela Universidade de Miami e \u00e9 especialista em investimentos com certifica\u00e7\u00e3o CEA. Ap\u00f3s significativas contribui\u00e7\u00f5es no time de FIIs da Suno, como especialista em FIIs no time do professor Baroni, hoje \u00e9 respons\u00e1vel pela assinatura Start, trazendo educa\u00e7\u00e3o financeira de forma acess\u00edvel para investidores iniciantes.\",\"sameAs\":[\"https:\/\/www.instagram.com\/mcorrea.jr\/\"],\"url\":\"https:\/\/www.suno.com.br\/noticias\/author\/marcos-correa\/\"}]}<\/script>\n<!-- \/ Yoast SEO plugin. -->","yoast_head_json":{"title":"A cota\u00e7\u00e3o influencia a taxa de administra\u00e7\u00e3o de um FII?","description":"Descubra em nosso artigo se a cota\u00e7\u00e3o de um fundo imobili\u00e1rio pode influenciar na taxa de administra\u00e7\u00e3o e entenda como essa rela\u00e7\u00e3o funciona!","robots":{"index":"index","follow":"follow","max-snippet":"max-snippet:-1","max-image-preview":"max-image-preview:large","max-video-preview":"max-video-preview:-1"},"canonical":"https:\/\/www.suno.com.br\/noticias\/colunas\/marcos-correa\/a-cotacao-influencia-a-taxa-de-administracao-de-um-fii-2\/","og_locale":"pt_BR","og_type":"article","og_title":"A cota\u00e7\u00e3o influencia a taxa de administra\u00e7\u00e3o de um FII?","og_description":"Descubra em nosso artigo se a cota\u00e7\u00e3o de um fundo imobili\u00e1rio pode influenciar na taxa de administra\u00e7\u00e3o e entenda como essa rela\u00e7\u00e3o funciona!","og_url":"https:\/\/www.suno.com.br\/noticias\/colunas\/marcos-correa\/a-cotacao-influencia-a-taxa-de-administracao-de-um-fii-2\/","og_site_name":"Suno Not\u00edcias","article_publisher":"https:\/\/facebook.com\/sunoresearch","og_image":[{"width":1280,"height":712,"url":"https:\/\/files.sunoresearch.com.br\/n\/uploads\/2023\/05\/A-cotacao-influencia-a-taxa-de-administracao-de-um-FII-3.jpg","type":"image\/jpeg"}],"twitter_card":"summary_large_image","twitter_site":"@sunoresearch","twitter_misc":{"Est. tempo de leitura":"2 minutos"},"schema":{"@context":"https:\/\/schema.org","@graph":[{"@type":"Article","@id":"https:\/\/www.suno.com.br\/noticias\/colunas\/marcos-correa\/a-cotacao-influencia-a-taxa-de-administracao-de-um-fii-2\/#article","isPartOf":{"@id":"https:\/\/www.suno.com.br\/noticias\/colunas\/marcos-correa\/a-cotacao-influencia-a-taxa-de-administracao-de-um-fii-2\/"},"author":{"name":"Marcos Correa","@id":"https:\/\/www.suno.com.br\/noticias\/#\/schema\/person\/740b12cd2d5ac713ce4330d3446445de"},"headline":"A cota\u00e7\u00e3o influencia a taxa de administra\u00e7\u00e3o de um FII?","datePublished":"2023-05-03T18:34:24+00:00","dateModified":"2023-05-03T18:38:21+00:00","mainEntityOfPage":{"@id":"https:\/\/www.suno.com.br\/noticias\/colunas\/marcos-correa\/a-cotacao-influencia-a-taxa-de-administracao-de-um-fii-2\/"},"wordCount":255,"publisher":{"@id":"https:\/\/www.suno.com.br\/noticias\/#organization"},"image":{"@id":"https:\/\/www.suno.com.br\/noticias\/colunas\/marcos-correa\/a-cotacao-influencia-a-taxa-de-administracao-de-um-fii-2\/#primaryimage"},"thumbnailUrl":"https:\/\/files.sunoresearch.com.br\/n\/uploads\/2023\/05\/A-cotacao-influencia-a-taxa-de-administracao-de-um-FII-3.jpg","inLanguage":"pt-BR"},{"@type":"WebPage","@id":"https:\/\/www.suno.com.br\/noticias\/colunas\/marcos-correa\/a-cotacao-influencia-a-taxa-de-administracao-de-um-fii-2\/","url":"https:\/\/www.suno.com.br\/noticias\/colunas\/marcos-correa\/a-cotacao-influencia-a-taxa-de-administracao-de-um-fii-2\/","name":"A cota\u00e7\u00e3o influencia a taxa de administra\u00e7\u00e3o de um FII?","isPartOf":{"@id":"https:\/\/www.suno.com.br\/noticias\/#website"},"primaryImageOfPage":{"@id":"https:\/\/www.suno.com.br\/noticias\/colunas\/marcos-correa\/a-cotacao-influencia-a-taxa-de-administracao-de-um-fii-2\/#primaryimage"},"image":{"@id":"https:\/\/www.suno.com.br\/noticias\/colunas\/marcos-correa\/a-cotacao-influencia-a-taxa-de-administracao-de-um-fii-2\/#primaryimage"},"thumbnailUrl":"https:\/\/files.sunoresearch.com.br\/n\/uploads\/2023\/05\/A-cotacao-influencia-a-taxa-de-administracao-de-um-FII-3.jpg","datePublished":"2023-05-03T18:34:24+00:00","dateModified":"2023-05-03T18:38:21+00:00","description":"Descubra em nosso artigo se a cota\u00e7\u00e3o de um fundo imobili\u00e1rio pode influenciar na taxa de administra\u00e7\u00e3o e entenda como essa rela\u00e7\u00e3o funciona!","breadcrumb":{"@id":"https:\/\/www.suno.com.br\/noticias\/colunas\/marcos-correa\/a-cotacao-influencia-a-taxa-de-administracao-de-um-fii-2\/#breadcrumb"},"inLanguage":"pt-BR","potentialAction":[{"@type":"ReadAction","target":["https:\/\/www.suno.com.br\/noticias\/colunas\/marcos-correa\/a-cotacao-influencia-a-taxa-de-administracao-de-um-fii-2\/"]}]},{"@type":"ImageObject","inLanguage":"pt-BR","@id":"https:\/\/www.suno.com.br\/noticias\/colunas\/marcos-correa\/a-cotacao-influencia-a-taxa-de-administracao-de-um-fii-2\/#primaryimage","url":"https:\/\/files.sunoresearch.com.br\/n\/uploads\/2023\/05\/A-cotacao-influencia-a-taxa-de-administracao-de-um-FII-3.jpg","contentUrl":"https:\/\/files.sunoresearch.com.br\/n\/uploads\/2023\/05\/A-cotacao-influencia-a-taxa-de-administracao-de-um-FII-3.jpg","width":1280,"height":712,"caption":"Ve"},{"@type":"BreadcrumbList","@id":"https:\/\/www.suno.com.br\/noticias\/colunas\/marcos-correa\/a-cotacao-influencia-a-taxa-de-administracao-de-um-fii-2\/#breadcrumb","itemListElement":[{"@type":"ListItem","position":1,"name":"Not\u00edcias","item":"https:\/\/www.suno.com.br\/noticias\/"},{"@type":"ListItem","position":2,"name":"Colunas","item":"https:\/\/www.suno.com.br\/noticias\/colunas\/"},{"@type":"ListItem","position":3,"name":"A cota\u00e7\u00e3o influencia a taxa de administra\u00e7\u00e3o de um FII?"}]},{"@type":"WebSite","@id":"https:\/\/www.suno.com.br\/noticias\/#website","url":"https:\/\/www.suno.com.br\/noticias\/","name":"Suno Not\u00edcias","description":"Seu portal de informa\u00e7\u00e3o sobre o mundo dos investimentos","publisher":{"@id":"https:\/\/www.suno.com.br\/noticias\/#organization"},"potentialAction":[{"@type":"SearchAction","target":{"@type":"EntryPoint","urlTemplate":"https:\/\/www.suno.com.br\/noticias\/?s={search_term_string}"},"query-input":{"@type":"PropertyValueSpecification","valueRequired":true,"valueName":"search_term_string"}}],"inLanguage":"pt-BR"},{"@type":"Organization","@id":"https:\/\/www.suno.com.br\/noticias\/#organization","name":"Suno Not\u00edcias","url":"https:\/\/www.suno.com.br\/noticias\/","logo":{"@type":"ImageObject","inLanguage":"pt-BR","@id":"https:\/\/www.suno.com.br\/noticias\/#\/schema\/logo\/image\/","url":"https:\/\/files.sunoresearch.com.br\/n\/uploads\/2021\/09\/suno-logo.png","contentUrl":"https:\/\/files.sunoresearch.com.br\/n\/uploads\/2021\/09\/suno-logo.png","width":180,"height":180,"caption":"Suno Not\u00edcias"},"image":{"@id":"https:\/\/www.suno.com.br\/noticias\/#\/schema\/logo\/image\/"},"sameAs":["https:\/\/facebook.com\/sunoresearch","https:\/\/x.com\/sunoresearch","https:\/\/www.instagram.com\/suno","https:\/\/www.linkedin.com\/company\/suno-research\/","https:\/\/www.youtube.com\/c\/sunoresearch"]},{"@type":"Person","@id":"https:\/\/www.suno.com.br\/noticias\/#\/schema\/person\/740b12cd2d5ac713ce4330d3446445de","name":"Marcos Correa","image":{"@type":"ImageObject","inLanguage":"pt-BR","@id":"https:\/\/www.suno.com.br\/noticias\/#\/schema\/person\/image\/","url":"https:\/\/secure.gravatar.com\/avatar\/1ee64179e88e32abfa795e720473eb3c?s=96&r=g","contentUrl":"https:\/\/secure.gravatar.com\/avatar\/1ee64179e88e32abfa795e720473eb3c?s=96&r=g","caption":"Marcos Correa"},"description":"Marcos Correa \u00e9 formado em Ci\u00eancia da Computa\u00e7\u00e3o pela Universidade de Miami e \u00e9 especialista em investimentos com certifica\u00e7\u00e3o CEA. Ap\u00f3s significativas contribui\u00e7\u00f5es no time de FIIs da Suno, como especialista em FIIs no time do professor Baroni, hoje \u00e9 respons\u00e1vel pela assinatura Start, trazendo educa\u00e7\u00e3o financeira de forma acess\u00edvel para investidores iniciantes.","sameAs":["https:\/\/www.instagram.com\/mcorrea.jr\/"],"url":"https:\/\/www.suno.com.br\/noticias\/author\/marcos-correa\/"}]}},"amp_enabled":true,"_links":{"self":[{"href":"https:\/\/www.suno.com.br\/noticias\/wp-json\/wp\/v2\/suno_column\/398627"}],"collection":[{"href":"https:\/\/www.suno.com.br\/noticias\/wp-json\/wp\/v2\/suno_column"}],"about":[{"href":"https:\/\/www.suno.com.br\/noticias\/wp-json\/wp\/v2\/types\/suno_column"}],"author":[{"embeddable":true,"href":"https:\/\/www.suno.com.br\/noticias\/wp-json\/wp\/v2\/users\/104"}],"wp:featuredmedia":[{"embeddable":true,"href":"https:\/\/www.suno.com.br\/noticias\/wp-json\/wp\/v2\/media\/398647"}],"wp:attachment":[{"href":"https:\/\/www.suno.com.br\/noticias\/wp-json\/wp\/v2\/media?parent=398627"}],"wp:term":[{"taxonomy":"post_tag","embeddable":true,"href":"https:\/\/www.suno.com.br\/noticias\/wp-json\/wp\/v2\/tags?post=398627"}],"curies":[{"name":"wp","href":"https:\/\/api.w.org\/{rel}","templated":true}]}}