{"id":392701,"date":"2023-04-20T16:25:08","date_gmt":"2023-04-20T19:25:08","guid":{"rendered":"https:\/\/www.suno.com.br\/noticias\/colunas\/vanessa-imai\/\/"},"modified":"2023-04-20T16:27:45","modified_gmt":"2023-04-20T19:27:45","slug":"devo-realizar-prejuizo-em-fundos-imobiliarios","status":"publish","type":"suno_column","link":"https:\/\/www.suno.com.br\/noticias\/colunas\/marcos-correa\/devo-realizar-prejuizo-em-fundos-imobiliarios\/","title":{"rendered":"Devo realizar preju\u00edzo em fundos imobili\u00e1rios?"},"content":{"rendered":"<p>Preju\u00edzo \u00e9 algo que nenhum investidor deseja ter, mas, muitas vezes, acontece, seja por uma mudan\u00e7a repentina do mercado ou uma falha na an\u00e1lise. Todo investidor enfrentar\u00e1 um cen\u00e1rio de preju\u00edzo e o mais importante \u00e9 aprender com ele.<\/p>\t<div class=\"wrapper-featured-image\">\n\t\t<figure class=\"spotlightImg\">\n\n\t\t\t<picture>\n\t\t\t\t<source media=\"(max-width: 768px)\" srcset=\"https:\/\/files.sunoresearch.com.br\/n\/uploads\/2023\/04\/devo-realizar-prejuizo-em-fundos-imobiliarios-400x200.jpg\">\n\t\t\t\t<img loading=\"lazy\" decoding=\"async\" class=\"newsContent__article__imgCapa lazyloadDisabled newsContent__article__imgCapa--noCaption\" src=\"https:\/\/files.sunoresearch.com.br\/n\/uploads\/2023\/04\/devo-realizar-prejuizo-em-fundos-imobiliarios-800x450.jpg\" width=\"800\" height=\"450\" alt=\"Devo realizar preju\u00edzo em fundos imobili\u00e1rios?\" fetchpriority=high \/>\n\t\t\t<\/picture>\n\n\t\t\t<figcaption class=\"wp-caption-text wp-caption-text--hide\"><\/figcaption>\n\t\t<\/figure>\n\t<\/div>\n\n\n\n\n\n\n<p>Com isso, uma d\u00favida muito comum \u00e9 se devemos vender logo nossas cotas de fundos imobili\u00e1rios quando est\u00e3o no preju\u00edzo ou se o melhor caminho \u00e9 mant\u00ea-las e aguardar que valorizem novamente para, depois, fazer a venda.<\/p>\n\n\n\t<p>\n\t\t<a href=\"https:\/\/lp.suno.com.br\/ebook-investindo-em-fiis\/\" target=\"_blank\" data-element=\"shortcode-suno-banner\" title=\"Banner SUNO, clique e saiba mais\">\n\t\t\t<picture>\n\t\t\t\t<source media=\"(max-width: 500px)\" srcset=\"https:\/\/files.sunoresearch.com.br\/n\/uploads\/2023\/07\/Ebook-Fundos-Imobiliarios-Mobile.jpg\">\n\t\t\t\t<img class=\"newsContent__article__imgCapa newsContent__article__imgCapa--banner\"\n\t\t\t\t\tsrc=\"https:\/\/files.sunoresearch.com.br\/n\/uploads\/2023\/07\/Ebook-Fundos-Imobiliarios-Desktop.jpg\"\n\t\t\t\t\tdata-promo-id=\"378301\"\t\t\t\t\t\t\t\t\t\twidth='1420' height='286'\t\t\t\t\talt=\"https:\/\/files.sunoresearch.com.br\/n\/uploads\/2023\/07\/Ebook-Fundos-Imobiliarios-Desktop.jpg\"\n\t\t\t\t>\n\t\t\t<\/picture>\n\t\t<\/a>\n\t<\/p>\n\n\n\n\n\n<p>Entretanto, existe uma falha fundamental nessa pergunta, que iremos responder ao longo deste artigo. Antes, no entanto, precisamos saber quando a venda dos seus ativos \u00e9 recomend\u00e1vel.<\/p>\n\n\n\n<p>Existem dois grandes cen\u00e1rios para realizar uma venda:<\/p>\n\n\n\n<ol class=\"wp-block-list\" type=\"1\" start=\"1\">\n<li><strong>Perda de fundamentos: <\/strong>quando o ativo n\u00e3o est\u00e1 mais performando de acordo com a estrat\u00e9gia inicial e n\u00e3o possui mais boas perspectivas para o futuro.<\/li>\n\n\n\n<li><strong>Substitui\u00e7\u00e3o:<\/strong> quando encontramos um outro ativo igualmente bom, ou at\u00e9 melhor, para o qual podemos trocar de posi\u00e7\u00e3o, vendendo todas as cotas do fundo anterior e comprando a do novo.<\/li>\n<\/ol>\n\n\n\n<p><a href=\"https:\/\/www.suno.com.br\/artigos\/fiikipedia-quando-vender-um-fii\/\">Neste texto<\/a>, entramos em mais detalhes sobre esses cen\u00e1rios de venda, caso deseje mais informa\u00e7\u00f5es.<\/p>\n\n\n\n<p>No mercado atual, com o <a href=\"https:\/\/www.suno.com.br\/artigos\/ifix\/\">IFIX<\/a> em queda, a maioria dos fundos imobili\u00e1rios se desvalorizou e est\u00e1 dando preju\u00edzo para os seus cotistas (desconsiderando os rendimentos). Por\u00e9m, ser\u00e1 que isso deveria preocupar os investidores?<\/p>\n\n\n\n<p>O primeiro passo \u00e9 avaliar se realmente houve algum problema com o fundo e se ele perdeu seus fundamentos. Se n\u00e3o, se foi apenas um cen\u00e1rio macroecon\u00f4mico que criou quedas generalizadas, ent\u00e3o n\u00e3o h\u00e1 motivos para se desfazer de um bom ativo. Ele provavelmente se recuperar\u00e1 assim que o mercado melhorar.<\/p>\n\n\n\n<p>Por\u00e9m, se o ativo realmente est\u00e1 com problemas que parecem que n\u00e3o melhorar\u00e3o no curto prazo, a venda pode ser o caminho. Mas e se voc\u00ea estiver com preju\u00edzo, ainda sim \u00e9 melhor vender?<\/p>\n\n\n\t<p>\n\t\t<a href=\"https:\/\/lp.suno.com.br\/minicurso-investindo-fiis\/\" target=\"_blank\" data-element=\"shortcode-suno-banner\" title=\"Banner SUNO, clique e saiba mais\">\n\t\t\t<picture>\n\t\t\t\t<source media=\"(max-width: 500px)\" srcset=\"https:\/\/files.sunoresearch.com.br\/n\/uploads\/2023\/03\/400x300-Minicurso-FIIS.png\">\n\t\t\t\t<img class=\"newsContent__article__imgCapa newsContent__article__imgCapa--banner\"\n\t\t\t\t\tsrc=\"https:\/\/files.sunoresearch.com.br\/n\/uploads\/2023\/03\/1420x240-Minicurso-FIIS.png\"\n\t\t\t\t\tdata-promo-id=\"383125\"\t\t\t\t\t\t\t\t\t\twidth='1420' height='240'\t\t\t\t\talt=\"https:\/\/files.sunoresearch.com.br\/n\/uploads\/2023\/03\/1420x240-Minicurso-FIIS.png\"\n\t\t\t\t>\n\t\t\t<\/picture>\n\t\t<\/a>\n\t<\/p>\n\n\n\n\n\n<p>Muitos investidores n\u00e3o querendo vender no preju\u00edzo aguardam a recupera\u00e7\u00e3o das cotas para vender no zero a zero \u2013 a famosa <strong>ancoragem<\/strong>. Entretanto, h\u00e1 um erro fundamental nessa estrat\u00e9gia: o preju\u00edzo j\u00e1 aconteceu. Ele pode n\u00e3o ter sido realizado ainda, mas as suas cotas j\u00e1 se desvalorizaram e voc\u00ea j\u00e1 entrou em um estado de preju\u00edzo.<\/p>\n\n\n\n<p>Aguardar at\u00e9 que as cotas se valorizem \u00e9 acreditar que o ativo \u2013 com problemas \u2013 conseguir\u00e1 gerar valor o suficiente para que as pessoas queiram compr\u00e1-lo, gerando uma valoriza\u00e7\u00e3o de suas cotas e consequente recupera\u00e7\u00e3o do preju\u00edzo.<\/p>\n\n\n\n<p>Infelizmente, quando um ativo apresenta diversos problemas e n\u00e3o possui mais uma perspectiva positiva para o futuro, \u00e9 muito dif\u00edcil e\/ou muito demorado para que ele se recupere, se ele recuperar.<\/p>\n\n\n\n<p>Uma forma de reavaliar sua posi\u00e7\u00e3o \u00e9 se perguntar se voc\u00ea compraria mais cotas desse fundo hoje. Se a resposta for n\u00e3o, por que voc\u00ea o manteria na carteira, ent\u00e3o?<\/p>\n\n\n\t<p>\n\t\t<a href=\"https:\/\/lp.suno.com.br\/suno-one\/?utm_campaign=_SNC6964518A_\" target=\"_blank\" data-element=\"shortcode-suno-banner\" title=\"Banner SUNO, clique e saiba mais\">\n\t\t\t<picture>\n\t\t\t\t<source media=\"(max-width: 500px)\" srcset=\"https:\/\/files.sunoresearch.com.br\/n\/uploads\/2025\/09\/400x300-Suno-One-png.webp\">\n\t\t\t\t<img class=\"newsContent__article__imgCapa newsContent__article__imgCapa--banner\"\n\t\t\t\t\tsrc=\"https:\/\/files.sunoresearch.com.br\/n\/uploads\/2025\/09\/1420x240-Suno-One-png.webp\"\n\t\t\t\t\tdata-promo-id=\"383121\"\t\t\t\t\t\t\t\t\t\twidth='1420' height='240'\t\t\t\t\talt=\"https:\/\/files.sunoresearch.com.br\/n\/uploads\/2025\/09\/1420x240-Suno-One-png.webp\"\n\t\t\t\t>\n\t\t\t<\/picture>\n\t\t<\/a>\n\t<\/p>\n\n\n","protected":false},"excerpt":{"rendered":"<p>Preju\u00edzo \u00e9 algo que nenhum investidor deseja ter, mas, muitas vezes, acontece, seja por uma mudan\u00e7a repentina do mercado ou uma falha na an\u00e1lise. Todo investidor enfre&#8230;<\/p>\n","protected":false},"author":104,"featured_media":392711,"template":"","tags":[315],"class_list":["post-392701","suno_column","type-suno_column","status-publish","has-post-thumbnail","hentry","tag-fundos-imobiliarios-fiis"],"yoast_head":"<!-- This site is optimized with the Yoast SEO plugin v24.4 - https:\/\/yoast.com\/wordpress\/plugins\/seo\/ -->\n<title>Devo realizar preju\u00edzo em fundos imobili\u00e1rios?<\/title>\n<meta name=\"description\" content=\"Em tempos de incerteza no mercado, muitos investidores est\u00e3o se perguntando se devem realizar preju\u00edzo em fundos imobili\u00e1rios. Saiba aqui!\" \/>\n<meta name=\"robots\" content=\"index, follow, max-snippet:-1, max-image-preview:large, max-video-preview:-1\" \/>\n<link rel=\"canonical\" href=\"https:\/\/www.suno.com.br\/noticias\/colunas\/marcos-correa\/devo-realizar-prejuizo-em-fundos-imobiliarios\/\" \/>\n<meta property=\"og:locale\" content=\"pt_BR\" \/>\n<meta property=\"og:type\" content=\"article\" \/>\n<meta property=\"og:title\" content=\"Devo realizar preju\u00edzo em fundos imobili\u00e1rios?\" \/>\n<meta property=\"og:description\" content=\"Em tempos de incerteza no mercado, muitos investidores est\u00e3o se perguntando se devem realizar preju\u00edzo em fundos imobili\u00e1rios. Saiba aqui!\" \/>\n<meta property=\"og:url\" content=\"https:\/\/www.suno.com.br\/noticias\/colunas\/marcos-correa\/devo-realizar-prejuizo-em-fundos-imobiliarios\/\" \/>\n<meta property=\"og:site_name\" content=\"Suno Not\u00edcias\" \/>\n<meta property=\"article:publisher\" content=\"https:\/\/facebook.com\/sunoresearch\" \/>\n<meta property=\"og:image\" content=\"https:\/\/files.sunoresearch.com.br\/n\/uploads\/2023\/04\/devo-realizar-prejuizo-em-fundos-imobiliarios.jpg\" \/>\n\t<meta property=\"og:image:width\" content=\"1280\" \/>\n\t<meta property=\"og:image:height\" content=\"853\" \/>\n\t<meta property=\"og:image:type\" content=\"image\/jpeg\" \/>\n<meta name=\"twitter:card\" content=\"summary_large_image\" \/>\n<meta name=\"twitter:site\" content=\"@sunoresearch\" \/>\n<meta name=\"twitter:label1\" content=\"Est. tempo de leitura\" \/>\n\t<meta name=\"twitter:data1\" content=\"3 minutos\" \/>\n<script type=\"application\/ld+json\" class=\"yoast-schema-graph\">{\"@context\":\"https:\/\/schema.org\",\"@graph\":[{\"@type\":\"Article\",\"@id\":\"https:\/\/www.suno.com.br\/noticias\/colunas\/marcos-correa\/devo-realizar-prejuizo-em-fundos-imobiliarios\/#article\",\"isPartOf\":{\"@id\":\"https:\/\/www.suno.com.br\/noticias\/colunas\/marcos-correa\/devo-realizar-prejuizo-em-fundos-imobiliarios\/\"},\"author\":{\"name\":\"Marcos Correa\",\"@id\":\"https:\/\/www.suno.com.br\/noticias\/#\/schema\/person\/740b12cd2d5ac713ce4330d3446445de\"},\"headline\":\"Devo realizar preju\u00edzo em fundos imobili\u00e1rios?\",\"datePublished\":\"2023-04-20T19:25:08+00:00\",\"dateModified\":\"2023-04-20T19:27:45+00:00\",\"mainEntityOfPage\":{\"@id\":\"https:\/\/www.suno.com.br\/noticias\/colunas\/marcos-correa\/devo-realizar-prejuizo-em-fundos-imobiliarios\/\"},\"wordCount\":507,\"publisher\":{\"@id\":\"https:\/\/www.suno.com.br\/noticias\/#organization\"},\"image\":{\"@id\":\"https:\/\/www.suno.com.br\/noticias\/colunas\/marcos-correa\/devo-realizar-prejuizo-em-fundos-imobiliarios\/#primaryimage\"},\"thumbnailUrl\":\"https:\/\/files.sunoresearch.com.br\/n\/uploads\/2023\/04\/devo-realizar-prejuizo-em-fundos-imobiliarios.jpg\",\"keywords\":[\"Fundos Imobili\u00e1rios (FIIs)\"],\"inLanguage\":\"pt-BR\"},{\"@type\":\"WebPage\",\"@id\":\"https:\/\/www.suno.com.br\/noticias\/colunas\/marcos-correa\/devo-realizar-prejuizo-em-fundos-imobiliarios\/\",\"url\":\"https:\/\/www.suno.com.br\/noticias\/colunas\/marcos-correa\/devo-realizar-prejuizo-em-fundos-imobiliarios\/\",\"name\":\"Devo realizar preju\u00edzo em fundos imobili\u00e1rios?\",\"isPartOf\":{\"@id\":\"https:\/\/www.suno.com.br\/noticias\/#website\"},\"primaryImageOfPage\":{\"@id\":\"https:\/\/www.suno.com.br\/noticias\/colunas\/marcos-correa\/devo-realizar-prejuizo-em-fundos-imobiliarios\/#primaryimage\"},\"image\":{\"@id\":\"https:\/\/www.suno.com.br\/noticias\/colunas\/marcos-correa\/devo-realizar-prejuizo-em-fundos-imobiliarios\/#primaryimage\"},\"thumbnailUrl\":\"https:\/\/files.sunoresearch.com.br\/n\/uploads\/2023\/04\/devo-realizar-prejuizo-em-fundos-imobiliarios.jpg\",\"datePublished\":\"2023-04-20T19:25:08+00:00\",\"dateModified\":\"2023-04-20T19:27:45+00:00\",\"description\":\"Em tempos de incerteza no mercado, muitos investidores est\u00e3o se perguntando se devem realizar preju\u00edzo em fundos imobili\u00e1rios. Saiba aqui!\",\"breadcrumb\":{\"@id\":\"https:\/\/www.suno.com.br\/noticias\/colunas\/marcos-correa\/devo-realizar-prejuizo-em-fundos-imobiliarios\/#breadcrumb\"},\"inLanguage\":\"pt-BR\",\"potentialAction\":[{\"@type\":\"ReadAction\",\"target\":[\"https:\/\/www.suno.com.br\/noticias\/colunas\/marcos-correa\/devo-realizar-prejuizo-em-fundos-imobiliarios\/\"]}]},{\"@type\":\"ImageObject\",\"inLanguage\":\"pt-BR\",\"@id\":\"https:\/\/www.suno.com.br\/noticias\/colunas\/marcos-correa\/devo-realizar-prejuizo-em-fundos-imobiliarios\/#primaryimage\",\"url\":\"https:\/\/files.sunoresearch.com.br\/n\/uploads\/2023\/04\/devo-realizar-prejuizo-em-fundos-imobiliarios.jpg\",\"contentUrl\":\"https:\/\/files.sunoresearch.com.br\/n\/uploads\/2023\/04\/devo-realizar-prejuizo-em-fundos-imobiliarios.jpg\",\"width\":1280,\"height\":853},{\"@type\":\"BreadcrumbList\",\"@id\":\"https:\/\/www.suno.com.br\/noticias\/colunas\/marcos-correa\/devo-realizar-prejuizo-em-fundos-imobiliarios\/#breadcrumb\",\"itemListElement\":[{\"@type\":\"ListItem\",\"position\":1,\"name\":\"Not\u00edcias\",\"item\":\"https:\/\/www.suno.com.br\/noticias\/\"},{\"@type\":\"ListItem\",\"position\":2,\"name\":\"Colunas\",\"item\":\"https:\/\/www.suno.com.br\/noticias\/colunas\/\"},{\"@type\":\"ListItem\",\"position\":3,\"name\":\"Devo realizar preju\u00edzo em fundos imobili\u00e1rios?\"}]},{\"@type\":\"WebSite\",\"@id\":\"https:\/\/www.suno.com.br\/noticias\/#website\",\"url\":\"https:\/\/www.suno.com.br\/noticias\/\",\"name\":\"Suno Not\u00edcias\",\"description\":\"Seu portal de informa\u00e7\u00e3o sobre o mundo dos investimentos\",\"publisher\":{\"@id\":\"https:\/\/www.suno.com.br\/noticias\/#organization\"},\"potentialAction\":[{\"@type\":\"SearchAction\",\"target\":{\"@type\":\"EntryPoint\",\"urlTemplate\":\"https:\/\/www.suno.com.br\/noticias\/?s={search_term_string}\"},\"query-input\":{\"@type\":\"PropertyValueSpecification\",\"valueRequired\":true,\"valueName\":\"search_term_string\"}}],\"inLanguage\":\"pt-BR\"},{\"@type\":\"Organization\",\"@id\":\"https:\/\/www.suno.com.br\/noticias\/#organization\",\"name\":\"Suno Not\u00edcias\",\"url\":\"https:\/\/www.suno.com.br\/noticias\/\",\"logo\":{\"@type\":\"ImageObject\",\"inLanguage\":\"pt-BR\",\"@id\":\"https:\/\/www.suno.com.br\/noticias\/#\/schema\/logo\/image\/\",\"url\":\"https:\/\/files.sunoresearch.com.br\/n\/uploads\/2021\/09\/suno-logo.png\",\"contentUrl\":\"https:\/\/files.sunoresearch.com.br\/n\/uploads\/2021\/09\/suno-logo.png\",\"width\":180,\"height\":180,\"caption\":\"Suno Not\u00edcias\"},\"image\":{\"@id\":\"https:\/\/www.suno.com.br\/noticias\/#\/schema\/logo\/image\/\"},\"sameAs\":[\"https:\/\/facebook.com\/sunoresearch\",\"https:\/\/x.com\/sunoresearch\",\"https:\/\/www.instagram.com\/suno\",\"https:\/\/www.linkedin.com\/company\/suno-research\/\",\"https:\/\/www.youtube.com\/c\/sunoresearch\"]},{\"@type\":\"Person\",\"@id\":\"https:\/\/www.suno.com.br\/noticias\/#\/schema\/person\/740b12cd2d5ac713ce4330d3446445de\",\"name\":\"Marcos Correa\",\"image\":{\"@type\":\"ImageObject\",\"inLanguage\":\"pt-BR\",\"@id\":\"https:\/\/www.suno.com.br\/noticias\/#\/schema\/person\/image\/\",\"url\":\"https:\/\/secure.gravatar.com\/avatar\/1ee64179e88e32abfa795e720473eb3c?s=96&r=g\",\"contentUrl\":\"https:\/\/secure.gravatar.com\/avatar\/1ee64179e88e32abfa795e720473eb3c?s=96&r=g\",\"caption\":\"Marcos Correa\"},\"description\":\"Marcos Correa \u00e9 formado em Ci\u00eancia da Computa\u00e7\u00e3o pela Universidade de Miami e \u00e9 especialista em investimentos com certifica\u00e7\u00e3o CEA. Ap\u00f3s significativas contribui\u00e7\u00f5es no time de FIIs da Suno, como especialista em FIIs no time do professor Baroni, hoje \u00e9 respons\u00e1vel pela assinatura Start, trazendo educa\u00e7\u00e3o financeira de forma acess\u00edvel para investidores iniciantes.\",\"sameAs\":[\"https:\/\/www.instagram.com\/mcorrea.jr\/\"],\"url\":\"https:\/\/www.suno.com.br\/noticias\/author\/marcos-correa\/\"}]}<\/script>\n<!-- \/ Yoast SEO plugin. -->","yoast_head_json":{"title":"Devo realizar preju\u00edzo em fundos imobili\u00e1rios?","description":"Em tempos de incerteza no mercado, muitos investidores est\u00e3o se perguntando se devem realizar preju\u00edzo em fundos imobili\u00e1rios. Saiba aqui!","robots":{"index":"index","follow":"follow","max-snippet":"max-snippet:-1","max-image-preview":"max-image-preview:large","max-video-preview":"max-video-preview:-1"},"canonical":"https:\/\/www.suno.com.br\/noticias\/colunas\/marcos-correa\/devo-realizar-prejuizo-em-fundos-imobiliarios\/","og_locale":"pt_BR","og_type":"article","og_title":"Devo realizar preju\u00edzo em fundos imobili\u00e1rios?","og_description":"Em tempos de incerteza no mercado, muitos investidores est\u00e3o se perguntando se devem realizar preju\u00edzo em fundos imobili\u00e1rios. Saiba aqui!","og_url":"https:\/\/www.suno.com.br\/noticias\/colunas\/marcos-correa\/devo-realizar-prejuizo-em-fundos-imobiliarios\/","og_site_name":"Suno Not\u00edcias","article_publisher":"https:\/\/facebook.com\/sunoresearch","og_image":[{"width":1280,"height":853,"url":"https:\/\/files.sunoresearch.com.br\/n\/uploads\/2023\/04\/devo-realizar-prejuizo-em-fundos-imobiliarios.jpg","type":"image\/jpeg"}],"twitter_card":"summary_large_image","twitter_site":"@sunoresearch","twitter_misc":{"Est. tempo de leitura":"3 minutos"},"schema":{"@context":"https:\/\/schema.org","@graph":[{"@type":"Article","@id":"https:\/\/www.suno.com.br\/noticias\/colunas\/marcos-correa\/devo-realizar-prejuizo-em-fundos-imobiliarios\/#article","isPartOf":{"@id":"https:\/\/www.suno.com.br\/noticias\/colunas\/marcos-correa\/devo-realizar-prejuizo-em-fundos-imobiliarios\/"},"author":{"name":"Marcos Correa","@id":"https:\/\/www.suno.com.br\/noticias\/#\/schema\/person\/740b12cd2d5ac713ce4330d3446445de"},"headline":"Devo realizar preju\u00edzo em fundos imobili\u00e1rios?","datePublished":"2023-04-20T19:25:08+00:00","dateModified":"2023-04-20T19:27:45+00:00","mainEntityOfPage":{"@id":"https:\/\/www.suno.com.br\/noticias\/colunas\/marcos-correa\/devo-realizar-prejuizo-em-fundos-imobiliarios\/"},"wordCount":507,"publisher":{"@id":"https:\/\/www.suno.com.br\/noticias\/#organization"},"image":{"@id":"https:\/\/www.suno.com.br\/noticias\/colunas\/marcos-correa\/devo-realizar-prejuizo-em-fundos-imobiliarios\/#primaryimage"},"thumbnailUrl":"https:\/\/files.sunoresearch.com.br\/n\/uploads\/2023\/04\/devo-realizar-prejuizo-em-fundos-imobiliarios.jpg","keywords":["Fundos Imobili\u00e1rios (FIIs)"],"inLanguage":"pt-BR"},{"@type":"WebPage","@id":"https:\/\/www.suno.com.br\/noticias\/colunas\/marcos-correa\/devo-realizar-prejuizo-em-fundos-imobiliarios\/","url":"https:\/\/www.suno.com.br\/noticias\/colunas\/marcos-correa\/devo-realizar-prejuizo-em-fundos-imobiliarios\/","name":"Devo realizar preju\u00edzo em fundos imobili\u00e1rios?","isPartOf":{"@id":"https:\/\/www.suno.com.br\/noticias\/#website"},"primaryImageOfPage":{"@id":"https:\/\/www.suno.com.br\/noticias\/colunas\/marcos-correa\/devo-realizar-prejuizo-em-fundos-imobiliarios\/#primaryimage"},"image":{"@id":"https:\/\/www.suno.com.br\/noticias\/colunas\/marcos-correa\/devo-realizar-prejuizo-em-fundos-imobiliarios\/#primaryimage"},"thumbnailUrl":"https:\/\/files.sunoresearch.com.br\/n\/uploads\/2023\/04\/devo-realizar-prejuizo-em-fundos-imobiliarios.jpg","datePublished":"2023-04-20T19:25:08+00:00","dateModified":"2023-04-20T19:27:45+00:00","description":"Em tempos de incerteza no mercado, muitos investidores est\u00e3o se perguntando se devem realizar preju\u00edzo em fundos imobili\u00e1rios. Saiba aqui!","breadcrumb":{"@id":"https:\/\/www.suno.com.br\/noticias\/colunas\/marcos-correa\/devo-realizar-prejuizo-em-fundos-imobiliarios\/#breadcrumb"},"inLanguage":"pt-BR","potentialAction":[{"@type":"ReadAction","target":["https:\/\/www.suno.com.br\/noticias\/colunas\/marcos-correa\/devo-realizar-prejuizo-em-fundos-imobiliarios\/"]}]},{"@type":"ImageObject","inLanguage":"pt-BR","@id":"https:\/\/www.suno.com.br\/noticias\/colunas\/marcos-correa\/devo-realizar-prejuizo-em-fundos-imobiliarios\/#primaryimage","url":"https:\/\/files.sunoresearch.com.br\/n\/uploads\/2023\/04\/devo-realizar-prejuizo-em-fundos-imobiliarios.jpg","contentUrl":"https:\/\/files.sunoresearch.com.br\/n\/uploads\/2023\/04\/devo-realizar-prejuizo-em-fundos-imobiliarios.jpg","width":1280,"height":853},{"@type":"BreadcrumbList","@id":"https:\/\/www.suno.com.br\/noticias\/colunas\/marcos-correa\/devo-realizar-prejuizo-em-fundos-imobiliarios\/#breadcrumb","itemListElement":[{"@type":"ListItem","position":1,"name":"Not\u00edcias","item":"https:\/\/www.suno.com.br\/noticias\/"},{"@type":"ListItem","position":2,"name":"Colunas","item":"https:\/\/www.suno.com.br\/noticias\/colunas\/"},{"@type":"ListItem","position":3,"name":"Devo realizar preju\u00edzo em fundos imobili\u00e1rios?"}]},{"@type":"WebSite","@id":"https:\/\/www.suno.com.br\/noticias\/#website","url":"https:\/\/www.suno.com.br\/noticias\/","name":"Suno Not\u00edcias","description":"Seu portal de informa\u00e7\u00e3o sobre o mundo dos investimentos","publisher":{"@id":"https:\/\/www.suno.com.br\/noticias\/#organization"},"potentialAction":[{"@type":"SearchAction","target":{"@type":"EntryPoint","urlTemplate":"https:\/\/www.suno.com.br\/noticias\/?s={search_term_string}"},"query-input":{"@type":"PropertyValueSpecification","valueRequired":true,"valueName":"search_term_string"}}],"inLanguage":"pt-BR"},{"@type":"Organization","@id":"https:\/\/www.suno.com.br\/noticias\/#organization","name":"Suno Not\u00edcias","url":"https:\/\/www.suno.com.br\/noticias\/","logo":{"@type":"ImageObject","inLanguage":"pt-BR","@id":"https:\/\/www.suno.com.br\/noticias\/#\/schema\/logo\/image\/","url":"https:\/\/files.sunoresearch.com.br\/n\/uploads\/2021\/09\/suno-logo.png","contentUrl":"https:\/\/files.sunoresearch.com.br\/n\/uploads\/2021\/09\/suno-logo.png","width":180,"height":180,"caption":"Suno Not\u00edcias"},"image":{"@id":"https:\/\/www.suno.com.br\/noticias\/#\/schema\/logo\/image\/"},"sameAs":["https:\/\/facebook.com\/sunoresearch","https:\/\/x.com\/sunoresearch","https:\/\/www.instagram.com\/suno","https:\/\/www.linkedin.com\/company\/suno-research\/","https:\/\/www.youtube.com\/c\/sunoresearch"]},{"@type":"Person","@id":"https:\/\/www.suno.com.br\/noticias\/#\/schema\/person\/740b12cd2d5ac713ce4330d3446445de","name":"Marcos Correa","image":{"@type":"ImageObject","inLanguage":"pt-BR","@id":"https:\/\/www.suno.com.br\/noticias\/#\/schema\/person\/image\/","url":"https:\/\/secure.gravatar.com\/avatar\/1ee64179e88e32abfa795e720473eb3c?s=96&r=g","contentUrl":"https:\/\/secure.gravatar.com\/avatar\/1ee64179e88e32abfa795e720473eb3c?s=96&r=g","caption":"Marcos Correa"},"description":"Marcos Correa \u00e9 formado em Ci\u00eancia da Computa\u00e7\u00e3o pela Universidade de Miami e \u00e9 especialista em investimentos com certifica\u00e7\u00e3o CEA. Ap\u00f3s significativas contribui\u00e7\u00f5es no time de FIIs da Suno, como especialista em FIIs no time do professor Baroni, hoje \u00e9 respons\u00e1vel pela assinatura Start, trazendo educa\u00e7\u00e3o financeira de forma acess\u00edvel para investidores iniciantes.","sameAs":["https:\/\/www.instagram.com\/mcorrea.jr\/"],"url":"https:\/\/www.suno.com.br\/noticias\/author\/marcos-correa\/"}]}},"amp_enabled":true,"_links":{"self":[{"href":"https:\/\/www.suno.com.br\/noticias\/wp-json\/wp\/v2\/suno_column\/392701"}],"collection":[{"href":"https:\/\/www.suno.com.br\/noticias\/wp-json\/wp\/v2\/suno_column"}],"about":[{"href":"https:\/\/www.suno.com.br\/noticias\/wp-json\/wp\/v2\/types\/suno_column"}],"author":[{"embeddable":true,"href":"https:\/\/www.suno.com.br\/noticias\/wp-json\/wp\/v2\/users\/104"}],"wp:featuredmedia":[{"embeddable":true,"href":"https:\/\/www.suno.com.br\/noticias\/wp-json\/wp\/v2\/media\/392711"}],"wp:attachment":[{"href":"https:\/\/www.suno.com.br\/noticias\/wp-json\/wp\/v2\/media?parent=392701"}],"wp:term":[{"taxonomy":"post_tag","embeddable":true,"href":"https:\/\/www.suno.com.br\/noticias\/wp-json\/wp\/v2\/tags?post=392701"}],"curies":[{"name":"wp","href":"https:\/\/api.w.org\/{rel}","templated":true}]}}