{"id":386738,"date":"2023-04-07T08:00:00","date_gmt":"2023-04-07T11:00:00","guid":{"rendered":"https:\/\/www.suno.com.br\/noticias\/colunas\/marco-lopes\/\/"},"modified":"2023-04-06T21:30:08","modified_gmt":"2023-04-07T00:30:08","slug":"pascoa-precos-tributos","status":"publish","type":"suno_column","link":"https:\/\/www.suno.com.br\/noticias\/colunas\/monica-feltrin\/pascoa-precos-tributos\/","title":{"rendered":"Cesta de P\u00e1scoa, os pre\u00e7os e os tributos"},"content":{"rendered":"<p>Os produtos tradicionais da cesta de <strong>P\u00e1scoa<\/strong>, como os pescados e ovos de chocolate, apresentam varia\u00e7\u00e3o de pre\u00e7o por uma s\u00e9rie de fatores.<\/p>\t<div class=\"wrapper-featured-image\">\n\t\t<figure class=\"spotlightImg\">\n\n\t\t\t<picture>\n\t\t\t\t<source media=\"(max-width: 768px)\" srcset=\"https:\/\/files.sunoresearch.com.br\/n\/uploads\/2022\/11\/Colunistas-400x200.jpg\">\n\t\t\t\t<img loading=\"lazy\" decoding=\"async\" class=\"newsContent__article__imgCapa lazyloadDisabled newsContent__article__imgCapa--noCaption\" src=\"https:\/\/files.sunoresearch.com.br\/n\/uploads\/2022\/11\/Colunistas-800x450.jpg\" width=\"800\" height=\"450\" alt=\"Cesta de P\u00e1scoa, os pre\u00e7os e os tributos\" fetchpriority=high \/>\n\t\t\t<\/picture>\n\n\t\t\t<figcaption class=\"wp-caption-text wp-caption-text--hide\"><\/figcaption>\n\t\t<\/figure>\n\t<\/div>\n\n\n\n\n\n\t<p>\n\t\t<a href=\"\" target=\"_blank\" data-element=\"shortcode-suno-banner\" title=\"Banner SUNO, clique e saiba mais\">\n\t\t\t<picture>\n\t\t\t\t<source media=\"(max-width: 500px)\" srcset=\"\">\n\t\t\t\t<img class=\"newsContent__article__imgCapa newsContent__article__imgCapa--banner\"\n\t\t\t\t\tsrc=\"\"\n\t\t\t\t\tdata-promo-id=\"240038\"\t\t\t\t\t\t\t\t\t\t\t\t\t\t\talt=\"\"\n\t\t\t\t>\n\t\t\t<\/picture>\n\t\t<\/a>\n\t<\/p>\n\n\n\n\n\n<p>Al\u00e9m dos <strong>custos de produ\u00e7\u00e3o<\/strong> dos itens sazonais, contribuem para um aumento de pre\u00e7o a varia\u00e7\u00e3o do d\u00f3lar dos insumos importados, os pre\u00e7os dos combust\u00edveis no escoamento da produ\u00e7\u00e3o, al\u00e9m, \u00e9 claro, dos <strong>tributos incidentes<\/strong>, que acompanham esse aumento, dentre outros aspectos.<\/p>\n\n\n\n<p>Na medida do poss\u00edvel os fabricantes e comerciantes vendem os produtos com o melhor <strong>custo-benef\u00edcio<\/strong>, visto ser uma data importante para o com\u00e9rcio em geral. Os clientes compram para consumo ou para presentear e procuram as ofertas mais acess\u00edveis.<\/p>\n\n\n\n<p>Das medidas que podem gerar um <strong>pre\u00e7o competitivo<\/strong>, a <strong>gest\u00e3o proativa dos tributos<\/strong> certamente trar\u00e1 resultados positivos.<\/p>\n\n\n\t<p>\n\t\t<a href=\"https:\/\/lp.suno.com.br\/ebook-gratuito-investindo-no-exterior\/\" target=\"_blank\" data-element=\"shortcode-suno-banner\" title=\"Banner SUNO, clique e saiba mais\">\n\t\t\t<picture>\n\t\t\t\t<source media=\"(max-width: 500px)\" srcset=\"https:\/\/files.sunoresearch.com.br\/n\/uploads\/2023\/03\/400x300-Investindo-no-exterior.png\">\n\t\t\t\t<img class=\"newsContent__article__imgCapa newsContent__article__imgCapa--banner\"\n\t\t\t\t\tsrc=\"https:\/\/files.sunoresearch.com.br\/n\/uploads\/2023\/03\/1420x240-Investindo-no-exterior.png\"\n\t\t\t\t\tdata-promo-id=\"383161\"\t\t\t\t\t\t\t\t\t\twidth='1420' height='240'\t\t\t\t\talt=\"https:\/\/files.sunoresearch.com.br\/n\/uploads\/2023\/03\/1420x240-Investindo-no-exterior.png\"\n\t\t\t\t>\n\t\t\t<\/picture>\n\t\t<\/a>\n\t<\/p>\n\n\n\n\n\n<h2 class=\"wp-block-heading\">A administra\u00e7\u00e3o dos tributos<\/h2>\n\n\n\n<p>A produ\u00e7\u00e3o dos itens est\u00e1 no <strong>planejamento das empresas<\/strong> antes que cheguem ao mercado nessa data t\u00e3o especial que \u00e9 a P\u00e1scoa. Da mesma forma, a <strong>gest\u00e3o tribut\u00e1ria<\/strong> tamb\u00e9m deve estar presente nesse planejamento, como geradora de oportunidades.<\/p>\n\n\n\n<p>Certamente, a<strong> administra\u00e7\u00e3o dos tributos<\/strong> \u00e9 algo muito relevante na determina\u00e7\u00e3o de pre\u00e7os.<\/p>\n\n\n\n<p>Logo, acompanhar a constante altera\u00e7\u00e3o da <strong>legisla\u00e7\u00e3o tribut\u00e1ria<\/strong> e atualizar os ERPs \u00e9 tarefa \u00e1rdua. Nesse sentido, a sistematiza\u00e7\u00e3o dos <strong>c\u00e1lculos dos tributos<\/strong>, por meio de regras l\u00f3gicas atreladas ao conte\u00fado tribut\u00e1rio, busca evitar erros e permite que os funcion\u00e1rios se dediquem a atividades mais estrat\u00e9gicas, que, por fim, certamente se converter\u00e3o em melhor posicionamento da empresa no mercado, seja na P\u00e1scoa ou em outras datas.<\/p>\n\n\n\t<p>\n\t\t<a href=\"https:\/\/lp.suno.com.br\/planilha-da-vida-financeira\/\" target=\"_blank\" data-element=\"shortcode-suno-banner\" title=\"Banner SUNO, clique e saiba mais\">\n\t\t\t<picture>\n\t\t\t\t<source media=\"(max-width: 500px)\" srcset=\"https:\/\/files.sunoresearch.com.br\/n\/uploads\/2023\/04\/400x300-Planilha-vida-financeira-true.png\">\n\t\t\t\t<img class=\"newsContent__article__imgCapa newsContent__article__imgCapa--banner\"\n\t\t\t\t\tsrc=\"https:\/\/files.sunoresearch.com.br\/n\/uploads\/2023\/04\/1420x240-Planilha-vida-financeira-true.png\"\n\t\t\t\t\tdata-promo-id=\"383123\"\t\t\t\t\t\t\t\t\t\twidth='1420' height='240'\t\t\t\t\talt=\"https:\/\/files.sunoresearch.com.br\/n\/uploads\/2023\/04\/1420x240-Planilha-vida-financeira-true.png\"\n\t\t\t\t>\n\t\t\t<\/picture>\n\t\t<\/a>\n\t<\/p>\n\n\n","protected":false},"excerpt":{"rendered":"<p>Os produtos tradicionais da cesta de P\u00e1scoa, como os pescados e ovos de chocolate, apresentam varia\u00e7\u00e3o de pre\u00e7o por uma s\u00e9rie de fatores. Al\u00e9m dos custos de produ\u00e7\u00e3o d&#8230;<\/p>\n","protected":false},"author":281,"featured_media":323379,"template":"","tags":[704],"class_list":["post-386738","suno_column","type-suno_column","status-publish","has-post-thumbnail","hentry","tag-impostos"],"yoast_head":"<!-- This site is optimized with the Yoast SEO plugin v24.4 - https:\/\/yoast.com\/wordpress\/plugins\/seo\/ -->\n<title>Cesta de P\u00e1scoa, os pre\u00e7os e os tributos<\/title>\n<meta name=\"description\" content=\"Contribuem para um aumento de pre\u00e7o a varia\u00e7\u00e3o do d\u00f3lar dos insumos importados, os pre\u00e7os dos combust\u00edveis e os tributos incidentes\" \/>\n<meta name=\"robots\" content=\"index, follow, max-snippet:-1, max-image-preview:large, max-video-preview:-1\" \/>\n<link rel=\"canonical\" href=\"https:\/\/www.suno.com.br\/noticias\/colunas\/monica-feltrin\/pascoa-precos-tributos\/\" \/>\n<meta property=\"og:locale\" content=\"pt_BR\" \/>\n<meta property=\"og:type\" content=\"article\" \/>\n<meta property=\"og:title\" content=\"Cesta de P\u00e1scoa, os pre\u00e7os e os tributos\" \/>\n<meta property=\"og:description\" content=\"Contribuem para um aumento de pre\u00e7o a varia\u00e7\u00e3o do d\u00f3lar dos insumos importados, os pre\u00e7os dos combust\u00edveis e os tributos incidentes\" \/>\n<meta property=\"og:url\" content=\"https:\/\/www.suno.com.br\/noticias\/colunas\/monica-feltrin\/pascoa-precos-tributos\/\" \/>\n<meta property=\"og:site_name\" content=\"Suno Not\u00edcias\" \/>\n<meta property=\"article:publisher\" content=\"https:\/\/facebook.com\/sunoresearch\" \/>\n<meta property=\"og:image\" content=\"https:\/\/files.sunoresearch.com.br\/n\/uploads\/2022\/11\/Colunistas.jpg\" \/>\n\t<meta property=\"og:image:width\" content=\"1550\" \/>\n\t<meta property=\"og:image:height\" content=\"810\" \/>\n\t<meta property=\"og:image:type\" content=\"image\/jpeg\" \/>\n<meta name=\"twitter:card\" content=\"summary_large_image\" \/>\n<meta name=\"twitter:site\" content=\"@sunoresearch\" \/>\n<meta name=\"twitter:label1\" content=\"Est. tempo de leitura\" \/>\n\t<meta name=\"twitter:data1\" content=\"2 minutos\" \/>\n<script type=\"application\/ld+json\" class=\"yoast-schema-graph\">{\"@context\":\"https:\/\/schema.org\",\"@graph\":[{\"@type\":\"Article\",\"@id\":\"https:\/\/www.suno.com.br\/noticias\/colunas\/monica-feltrin\/pascoa-precos-tributos\/#article\",\"isPartOf\":{\"@id\":\"https:\/\/www.suno.com.br\/noticias\/colunas\/monica-feltrin\/pascoa-precos-tributos\/\"},\"author\":{\"name\":\"M\u00f4nica Feltrin\",\"@id\":\"https:\/\/www.suno.com.br\/noticias\/#\/schema\/person\/53f9526659b133f40245899ee7da2feb\"},\"headline\":\"Cesta de P\u00e1scoa, os pre\u00e7os e os tributos\",\"datePublished\":\"2023-04-07T11:00:00+00:00\",\"mainEntityOfPage\":{\"@id\":\"https:\/\/www.suno.com.br\/noticias\/colunas\/monica-feltrin\/pascoa-precos-tributos\/\"},\"wordCount\":298,\"publisher\":{\"@id\":\"https:\/\/www.suno.com.br\/noticias\/#organization\"},\"image\":{\"@id\":\"https:\/\/www.suno.com.br\/noticias\/colunas\/monica-feltrin\/pascoa-precos-tributos\/#primaryimage\"},\"thumbnailUrl\":\"https:\/\/files.sunoresearch.com.br\/n\/uploads\/2022\/11\/Colunistas.jpg\",\"keywords\":[\"impostos\"],\"inLanguage\":\"pt-BR\"},{\"@type\":\"WebPage\",\"@id\":\"https:\/\/www.suno.com.br\/noticias\/colunas\/monica-feltrin\/pascoa-precos-tributos\/\",\"url\":\"https:\/\/www.suno.com.br\/noticias\/colunas\/monica-feltrin\/pascoa-precos-tributos\/\",\"name\":\"Cesta de P\u00e1scoa, os pre\u00e7os e os tributos\",\"isPartOf\":{\"@id\":\"https:\/\/www.suno.com.br\/noticias\/#website\"},\"primaryImageOfPage\":{\"@id\":\"https:\/\/www.suno.com.br\/noticias\/colunas\/monica-feltrin\/pascoa-precos-tributos\/#primaryimage\"},\"image\":{\"@id\":\"https:\/\/www.suno.com.br\/noticias\/colunas\/monica-feltrin\/pascoa-precos-tributos\/#primaryimage\"},\"thumbnailUrl\":\"https:\/\/files.sunoresearch.com.br\/n\/uploads\/2022\/11\/Colunistas.jpg\",\"datePublished\":\"2023-04-07T11:00:00+00:00\",\"description\":\"Contribuem para um aumento de pre\u00e7o a varia\u00e7\u00e3o do d\u00f3lar dos insumos importados, os pre\u00e7os dos combust\u00edveis e os tributos incidentes\",\"breadcrumb\":{\"@id\":\"https:\/\/www.suno.com.br\/noticias\/colunas\/monica-feltrin\/pascoa-precos-tributos\/#breadcrumb\"},\"inLanguage\":\"pt-BR\",\"potentialAction\":[{\"@type\":\"ReadAction\",\"target\":[\"https:\/\/www.suno.com.br\/noticias\/colunas\/monica-feltrin\/pascoa-precos-tributos\/\"]}]},{\"@type\":\"ImageObject\",\"inLanguage\":\"pt-BR\",\"@id\":\"https:\/\/www.suno.com.br\/noticias\/colunas\/monica-feltrin\/pascoa-precos-tributos\/#primaryimage\",\"url\":\"https:\/\/files.sunoresearch.com.br\/n\/uploads\/2022\/11\/Colunistas.jpg\",\"contentUrl\":\"https:\/\/files.sunoresearch.com.br\/n\/uploads\/2022\/11\/Colunistas.jpg\",\"width\":1550,\"height\":810},{\"@type\":\"BreadcrumbList\",\"@id\":\"https:\/\/www.suno.com.br\/noticias\/colunas\/monica-feltrin\/pascoa-precos-tributos\/#breadcrumb\",\"itemListElement\":[{\"@type\":\"ListItem\",\"position\":1,\"name\":\"Not\u00edcias\",\"item\":\"https:\/\/www.suno.com.br\/noticias\/\"},{\"@type\":\"ListItem\",\"position\":2,\"name\":\"Colunas\",\"item\":\"https:\/\/www.suno.com.br\/noticias\/colunas\/\"},{\"@type\":\"ListItem\",\"position\":3,\"name\":\"Cesta de P\u00e1scoa, os pre\u00e7os e os tributos\"}]},{\"@type\":\"WebSite\",\"@id\":\"https:\/\/www.suno.com.br\/noticias\/#website\",\"url\":\"https:\/\/www.suno.com.br\/noticias\/\",\"name\":\"Suno Not\u00edcias\",\"description\":\"Seu portal de informa\u00e7\u00e3o sobre o mundo dos investimentos\",\"publisher\":{\"@id\":\"https:\/\/www.suno.com.br\/noticias\/#organization\"},\"potentialAction\":[{\"@type\":\"SearchAction\",\"target\":{\"@type\":\"EntryPoint\",\"urlTemplate\":\"https:\/\/www.suno.com.br\/noticias\/?s={search_term_string}\"},\"query-input\":{\"@type\":\"PropertyValueSpecification\",\"valueRequired\":true,\"valueName\":\"search_term_string\"}}],\"inLanguage\":\"pt-BR\"},{\"@type\":\"Organization\",\"@id\":\"https:\/\/www.suno.com.br\/noticias\/#organization\",\"name\":\"Suno Not\u00edcias\",\"url\":\"https:\/\/www.suno.com.br\/noticias\/\",\"logo\":{\"@type\":\"ImageObject\",\"inLanguage\":\"pt-BR\",\"@id\":\"https:\/\/www.suno.com.br\/noticias\/#\/schema\/logo\/image\/\",\"url\":\"https:\/\/files.sunoresearch.com.br\/n\/uploads\/2021\/09\/suno-logo.png\",\"contentUrl\":\"https:\/\/files.sunoresearch.com.br\/n\/uploads\/2021\/09\/suno-logo.png\",\"width\":180,\"height\":180,\"caption\":\"Suno Not\u00edcias\"},\"image\":{\"@id\":\"https:\/\/www.suno.com.br\/noticias\/#\/schema\/logo\/image\/\"},\"sameAs\":[\"https:\/\/facebook.com\/sunoresearch\",\"https:\/\/x.com\/sunoresearch\",\"https:\/\/www.instagram.com\/suno\",\"https:\/\/www.linkedin.com\/company\/suno-research\/\",\"https:\/\/www.youtube.com\/c\/sunoresearch\"]},{\"@type\":\"Person\",\"@id\":\"https:\/\/www.suno.com.br\/noticias\/#\/schema\/person\/53f9526659b133f40245899ee7da2feb\",\"name\":\"M\u00f4nica Feltrin\",\"image\":{\"@type\":\"ImageObject\",\"inLanguage\":\"pt-BR\",\"@id\":\"https:\/\/www.suno.com.br\/noticias\/#\/schema\/person\/image\/\",\"url\":\"https:\/\/secure.gravatar.com\/avatar\/137f8e4d1a7ea9ae3a510fb98713a149?s=96&r=g\",\"contentUrl\":\"https:\/\/secure.gravatar.com\/avatar\/137f8e4d1a7ea9ae3a510fb98713a149?s=96&r=g\",\"caption\":\"M\u00f4nica Feltrin\"},\"url\":\"https:\/\/www.suno.com.br\/noticias\/author\/monica-feltrin\/\"}]}<\/script>\n<!-- \/ Yoast SEO plugin. -->","yoast_head_json":{"title":"Cesta de P\u00e1scoa, os pre\u00e7os e os tributos","description":"Contribuem para um aumento de pre\u00e7o a varia\u00e7\u00e3o do d\u00f3lar dos insumos importados, os pre\u00e7os dos combust\u00edveis e os tributos incidentes","robots":{"index":"index","follow":"follow","max-snippet":"max-snippet:-1","max-image-preview":"max-image-preview:large","max-video-preview":"max-video-preview:-1"},"canonical":"https:\/\/www.suno.com.br\/noticias\/colunas\/monica-feltrin\/pascoa-precos-tributos\/","og_locale":"pt_BR","og_type":"article","og_title":"Cesta de P\u00e1scoa, os pre\u00e7os e os tributos","og_description":"Contribuem para um aumento de pre\u00e7o a varia\u00e7\u00e3o do d\u00f3lar dos insumos importados, os pre\u00e7os dos combust\u00edveis e os tributos incidentes","og_url":"https:\/\/www.suno.com.br\/noticias\/colunas\/monica-feltrin\/pascoa-precos-tributos\/","og_site_name":"Suno Not\u00edcias","article_publisher":"https:\/\/facebook.com\/sunoresearch","og_image":[{"width":1550,"height":810,"url":"https:\/\/files.sunoresearch.com.br\/n\/uploads\/2022\/11\/Colunistas.jpg","type":"image\/jpeg"}],"twitter_card":"summary_large_image","twitter_site":"@sunoresearch","twitter_misc":{"Est. tempo de leitura":"2 minutos"},"schema":{"@context":"https:\/\/schema.org","@graph":[{"@type":"Article","@id":"https:\/\/www.suno.com.br\/noticias\/colunas\/monica-feltrin\/pascoa-precos-tributos\/#article","isPartOf":{"@id":"https:\/\/www.suno.com.br\/noticias\/colunas\/monica-feltrin\/pascoa-precos-tributos\/"},"author":{"name":"M\u00f4nica Feltrin","@id":"https:\/\/www.suno.com.br\/noticias\/#\/schema\/person\/53f9526659b133f40245899ee7da2feb"},"headline":"Cesta de P\u00e1scoa, os pre\u00e7os e os tributos","datePublished":"2023-04-07T11:00:00+00:00","mainEntityOfPage":{"@id":"https:\/\/www.suno.com.br\/noticias\/colunas\/monica-feltrin\/pascoa-precos-tributos\/"},"wordCount":298,"publisher":{"@id":"https:\/\/www.suno.com.br\/noticias\/#organization"},"image":{"@id":"https:\/\/www.suno.com.br\/noticias\/colunas\/monica-feltrin\/pascoa-precos-tributos\/#primaryimage"},"thumbnailUrl":"https:\/\/files.sunoresearch.com.br\/n\/uploads\/2022\/11\/Colunistas.jpg","keywords":["impostos"],"inLanguage":"pt-BR"},{"@type":"WebPage","@id":"https:\/\/www.suno.com.br\/noticias\/colunas\/monica-feltrin\/pascoa-precos-tributos\/","url":"https:\/\/www.suno.com.br\/noticias\/colunas\/monica-feltrin\/pascoa-precos-tributos\/","name":"Cesta de P\u00e1scoa, os pre\u00e7os e os tributos","isPartOf":{"@id":"https:\/\/www.suno.com.br\/noticias\/#website"},"primaryImageOfPage":{"@id":"https:\/\/www.suno.com.br\/noticias\/colunas\/monica-feltrin\/pascoa-precos-tributos\/#primaryimage"},"image":{"@id":"https:\/\/www.suno.com.br\/noticias\/colunas\/monica-feltrin\/pascoa-precos-tributos\/#primaryimage"},"thumbnailUrl":"https:\/\/files.sunoresearch.com.br\/n\/uploads\/2022\/11\/Colunistas.jpg","datePublished":"2023-04-07T11:00:00+00:00","description":"Contribuem para um aumento de pre\u00e7o a varia\u00e7\u00e3o do d\u00f3lar dos insumos importados, os pre\u00e7os dos combust\u00edveis e os tributos incidentes","breadcrumb":{"@id":"https:\/\/www.suno.com.br\/noticias\/colunas\/monica-feltrin\/pascoa-precos-tributos\/#breadcrumb"},"inLanguage":"pt-BR","potentialAction":[{"@type":"ReadAction","target":["https:\/\/www.suno.com.br\/noticias\/colunas\/monica-feltrin\/pascoa-precos-tributos\/"]}]},{"@type":"ImageObject","inLanguage":"pt-BR","@id":"https:\/\/www.suno.com.br\/noticias\/colunas\/monica-feltrin\/pascoa-precos-tributos\/#primaryimage","url":"https:\/\/files.sunoresearch.com.br\/n\/uploads\/2022\/11\/Colunistas.jpg","contentUrl":"https:\/\/files.sunoresearch.com.br\/n\/uploads\/2022\/11\/Colunistas.jpg","width":1550,"height":810},{"@type":"BreadcrumbList","@id":"https:\/\/www.suno.com.br\/noticias\/colunas\/monica-feltrin\/pascoa-precos-tributos\/#breadcrumb","itemListElement":[{"@type":"ListItem","position":1,"name":"Not\u00edcias","item":"https:\/\/www.suno.com.br\/noticias\/"},{"@type":"ListItem","position":2,"name":"Colunas","item":"https:\/\/www.suno.com.br\/noticias\/colunas\/"},{"@type":"ListItem","position":3,"name":"Cesta de P\u00e1scoa, os pre\u00e7os e os tributos"}]},{"@type":"WebSite","@id":"https:\/\/www.suno.com.br\/noticias\/#website","url":"https:\/\/www.suno.com.br\/noticias\/","name":"Suno Not\u00edcias","description":"Seu portal de informa\u00e7\u00e3o sobre o mundo dos investimentos","publisher":{"@id":"https:\/\/www.suno.com.br\/noticias\/#organization"},"potentialAction":[{"@type":"SearchAction","target":{"@type":"EntryPoint","urlTemplate":"https:\/\/www.suno.com.br\/noticias\/?s={search_term_string}"},"query-input":{"@type":"PropertyValueSpecification","valueRequired":true,"valueName":"search_term_string"}}],"inLanguage":"pt-BR"},{"@type":"Organization","@id":"https:\/\/www.suno.com.br\/noticias\/#organization","name":"Suno Not\u00edcias","url":"https:\/\/www.suno.com.br\/noticias\/","logo":{"@type":"ImageObject","inLanguage":"pt-BR","@id":"https:\/\/www.suno.com.br\/noticias\/#\/schema\/logo\/image\/","url":"https:\/\/files.sunoresearch.com.br\/n\/uploads\/2021\/09\/suno-logo.png","contentUrl":"https:\/\/files.sunoresearch.com.br\/n\/uploads\/2021\/09\/suno-logo.png","width":180,"height":180,"caption":"Suno Not\u00edcias"},"image":{"@id":"https:\/\/www.suno.com.br\/noticias\/#\/schema\/logo\/image\/"},"sameAs":["https:\/\/facebook.com\/sunoresearch","https:\/\/x.com\/sunoresearch","https:\/\/www.instagram.com\/suno","https:\/\/www.linkedin.com\/company\/suno-research\/","https:\/\/www.youtube.com\/c\/sunoresearch"]},{"@type":"Person","@id":"https:\/\/www.suno.com.br\/noticias\/#\/schema\/person\/53f9526659b133f40245899ee7da2feb","name":"M\u00f4nica Feltrin","image":{"@type":"ImageObject","inLanguage":"pt-BR","@id":"https:\/\/www.suno.com.br\/noticias\/#\/schema\/person\/image\/","url":"https:\/\/secure.gravatar.com\/avatar\/137f8e4d1a7ea9ae3a510fb98713a149?s=96&r=g","contentUrl":"https:\/\/secure.gravatar.com\/avatar\/137f8e4d1a7ea9ae3a510fb98713a149?s=96&r=g","caption":"M\u00f4nica Feltrin"},"url":"https:\/\/www.suno.com.br\/noticias\/author\/monica-feltrin\/"}]}},"amp_enabled":true,"_links":{"self":[{"href":"https:\/\/www.suno.com.br\/noticias\/wp-json\/wp\/v2\/suno_column\/386738"}],"collection":[{"href":"https:\/\/www.suno.com.br\/noticias\/wp-json\/wp\/v2\/suno_column"}],"about":[{"href":"https:\/\/www.suno.com.br\/noticias\/wp-json\/wp\/v2\/types\/suno_column"}],"author":[{"embeddable":true,"href":"https:\/\/www.suno.com.br\/noticias\/wp-json\/wp\/v2\/users\/281"}],"wp:featuredmedia":[{"embeddable":true,"href":"https:\/\/www.suno.com.br\/noticias\/wp-json\/wp\/v2\/media\/323379"}],"wp:attachment":[{"href":"https:\/\/www.suno.com.br\/noticias\/wp-json\/wp\/v2\/media?parent=386738"}],"wp:term":[{"taxonomy":"post_tag","embeddable":true,"href":"https:\/\/www.suno.com.br\/noticias\/wp-json\/wp\/v2\/tags?post=386738"}],"curies":[{"name":"wp","href":"https:\/\/api.w.org\/{rel}","templated":true}]}}