{"id":381859,"date":"2023-03-30T08:00:00","date_gmt":"2023-03-30T11:00:00","guid":{"rendered":"https:\/\/www.suno.com.br\/noticias\/colunas\/marco-lopes\/\/"},"modified":"2023-03-28T21:19:31","modified_gmt":"2023-03-29T00:19:31","slug":"responsabilidade-instituicoes-financeiras-endividamento","status":"publish","type":"suno_column","link":"https:\/\/www.suno.com.br\/noticias\/colunas\/diogo-angioleti\/responsabilidade-instituicoes-financeiras-endividamento\/","title":{"rendered":"A responsabilidade das institui\u00e7\u00f5es financeiras no endividamento das fam\u00edlias"},"content":{"rendered":"<p>Faz alguns anos que a preocupa\u00e7\u00e3o com o <strong>endividamento<\/strong> dos brasileiros tem sido pauta importante. Desde o letramento financeiro, ou seja, os conhecimentos b\u00e1sicos sobre finan\u00e7as pessoais, at\u00e9 a responsabilidade das institui\u00e7\u00f5es financeiras. Entre 2022 e 2023, mais 5 milh\u00f5es de pessoas ficaram inadimplentes, segundo o Serasa, e chegamos a um oneroso recorde de mais de 70 milh\u00f5es de pessoas que n\u00e3o conseguem mais honrar suas d\u00edvidas.<\/p>\t<div class=\"wrapper-featured-image\">\n\t\t<figure class=\"spotlightImg\">\n\n\t\t\t<picture>\n\t\t\t\t<source media=\"(max-width: 768px)\" srcset=\"https:\/\/files.sunoresearch.com.br\/n\/uploads\/2022\/11\/Colunistas-400x200.jpg\">\n\t\t\t\t<img loading=\"lazy\" decoding=\"async\" class=\"newsContent__article__imgCapa lazyloadDisabled newsContent__article__imgCapa--noCaption\" src=\"https:\/\/files.sunoresearch.com.br\/n\/uploads\/2022\/11\/Colunistas-800x450.jpg\" width=\"800\" height=\"450\" alt=\"A responsabilidade das institui\u00e7\u00f5es financeiras no endividamento das fam\u00edlias\" fetchpriority=high \/>\n\t\t\t<\/picture>\n\n\t\t\t<figcaption class=\"wp-caption-text wp-caption-text--hide\"><\/figcaption>\n\t\t<\/figure>\n\t<\/div>\n\n\n\n\n\n\t<p>\n\t\t<a href=\"\" target=\"_blank\" data-element=\"shortcode-suno-banner\" title=\"Banner SUNO, clique e saiba mais\">\n\t\t\t<picture>\n\t\t\t\t<source media=\"(max-width: 500px)\" srcset=\"\">\n\t\t\t\t<img class=\"newsContent__article__imgCapa newsContent__article__imgCapa--banner\"\n\t\t\t\t\tsrc=\"\"\n\t\t\t\t\tdata-promo-id=\"240038\"\t\t\t\t\t\t\t\t\t\t\t\t\t\t\talt=\"\"\n\t\t\t\t>\n\t\t\t<\/picture>\n\t\t<\/a>\n\t<\/p>\n\n\n\n\n\n<p>Ap\u00f3s a Segunda Guerra Mundial, o consumismo tomou for\u00e7a. Os bens foram sendo programados para estragar e o mercado aprimorando formas de atrair mais e mais compradores. Estudos recentes da neuroci\u00eancia ajudam empresas a atra\u00edrem consumidores e incentivarem as compras. Redes sociais, ferramentas do <strong>marketing digital<\/strong> e algoritmos, influenciadores que d\u00e3o ainda mais fantasia ao status, s\u00e3o campo f\u00e9rtil para compras f\u00fateis. Mas essa \u00e9 s\u00f3 metade da hist\u00f3ria.<\/p>\n\n\n\n<p>Do outro lado, temos indiv\u00edduos emocionais, sem <strong>educa\u00e7\u00e3o financeira<\/strong>, sem poupan\u00e7a e que est\u00e3o sujeitos a riscos de perda de renda &#8211; v\u00edtimas, em certos casos, de uma for\u00e7a social maior, como uma recess\u00e3o ou uma onda de desemprego. N\u00e3o vamos esquecer que o endividamento depende de que o consumidor tenha tido <strong>acesso ao cr\u00e9dito<\/strong>, e conced\u00ea-lo \u00e9 responsabilidade do credor.<\/p>\n\n\n\t<p>\n\t\t<a href=\"https:\/\/lp.suno.com.br\/planilha-controle-gastos\/\" target=\"_blank\" data-element=\"shortcode-suno-banner\" title=\"Banner SUNO, clique e saiba mais\">\n\t\t\t<picture>\n\t\t\t\t<source media=\"(max-width: 500px)\" srcset=\"https:\/\/files.sunoresearch.com.br\/n\/uploads\/2023\/03\/400x300-Planilha-controle-de-gastos.png\">\n\t\t\t\t<img class=\"newsContent__article__imgCapa newsContent__article__imgCapa--banner\"\n\t\t\t\t\tsrc=\"https:\/\/files.sunoresearch.com.br\/n\/uploads\/2023\/03\/1420x240-Planilha-controle-de-gastos.png\"\n\t\t\t\t\tdata-promo-id=\"101751\"\t\t\t\t\t\t\t\t\t\twidth='1420' height='240'\t\t\t\t\talt=\"https:\/\/files.sunoresearch.com.br\/n\/uploads\/2023\/03\/1420x240-Planilha-controle-de-gastos.png\"\n\t\t\t\t>\n\t\t\t<\/picture>\n\t\t<\/a>\n\t<\/p>\n\n\n\n\n\n<p>Explico: os entes membros do <strong>Sistema Financeiro Nacional<\/strong> \u2013 bancos, cooperativas, fintechs, cons\u00f3rcios, entre outros \u2013 t\u00eam acesso a sistemas em comum que cont\u00eam informa\u00e7\u00f5es de contas banc\u00e1rias, contratos de cr\u00e9dito em vigor e liquidados, como, por exemplo, o sistema SCR (Sistema de Informa\u00e7\u00e3o de Cr\u00e9dito) e o REGISTRATO.<br><br>Com esses dados, \u00e9 poss\u00edvel analisar e visualizar a realidade do <strong>endividamento das pessoas e empresas <\/strong>em qualquer outra institui\u00e7\u00e3o financeira. A situa\u00e7\u00e3o pessoal do consumidor deve ser considerada pelas institui\u00e7\u00f5es com o dever de \u201cinformar e esclarecer\u201d quanto ao consumo consciente de cr\u00e9dito.<\/p>\n\n\n\n<p>A vida financeira do proponente ao cr\u00e9dito d\u00e1 ind\u00edcios de aten\u00e7\u00e3o quando come\u00e7a a ser excessivamente comprometida com empr\u00e9stimos e financiamentos em mais de 50% do total de sua renda mensal. Quando falta dinheiro, o primeiro a padecer \u00e9 o lazer e depois a dignidade humana \u00e9 corro\u00edda por juros, renegocia\u00e7\u00f5es progressivas e situa\u00e7\u00f5es vexat\u00f3rias.<\/p>\n\n\n\n<p>Chegamos \u00e0 seguinte encruzilhada: de um lado, um embara\u00e7ado indiv\u00edduo que n\u00e3o soube lidar com suas finan\u00e7as e que sofreu rupturas financeiras que n\u00e3o o deixam mais honrar suas d\u00edvidas; e de outro lado, \u00e1vidos agentes financeiros, alugadores do dinheiro que precisam alcan\u00e7ar suas metas e efetuar suas cobran\u00e7as. O encontro desses dois pode, muitas vezes, promover uma vida feliz, saud\u00e1vel, empreendedorismo e realiza\u00e7\u00e3o de sonhos, por\u00e9m cada vez mais vem produzindo endividamento excessivo, atrasos de pagamentos persistentes e, por \u00faltimo, o calote.<\/p>\n\n\n\n<p>A falta de pagamento cr\u00f4nica provoca consterna\u00e7\u00e3o e ansiedade, um problema social grave. Muito al\u00e9m da culpa, as pessoas sofrem, quando endividadas, reflexos morais, ps\u00edquicos e emocionais que desaguam em doen\u00e7as f\u00edsicas, separa\u00e7\u00f5es conjugais, t\u00e9rminos de rela\u00e7\u00f5es familiares etc. O mais preocupante e impag\u00e1vel d\u00e9bito n\u00e3o \u00e9 financeiro e sim de exist\u00eancia: a priva\u00e7\u00e3o de liberdade que a<strong> falta de dinheiro<\/strong> pode provocar na vida social, a pobreza, a fome coletiva, a subnutri\u00e7\u00e3o, a marginaliza\u00e7\u00e3o social, a priva\u00e7\u00e3o de direitos b\u00e1sicos, a car\u00eancia de oportunidades, a opress\u00e3o e a inseguran\u00e7a econ\u00f4mica.<\/p>\n\n\n\n<p>O artigo 14 do <strong>C\u00f3digo de Defesa do Consumidor<\/strong> (CDC) declara que cabe n\u00e3o apenas ao consumidor a contrata\u00e7\u00e3o consciente de <strong>cr\u00e9dito.<\/strong> O ente financeiro tem, ou pelo menos deveria ter, responsabilidade em fornecer cr\u00e9dito com crit\u00e9rios. A Lei 14.181\/2021 (Lei do Superendividamento) pro\u00edbe a concess\u00e3o de cr\u00e9dito sem consulta aos sistemas de restri\u00e7\u00e3o ao cr\u00e9dito e avalia\u00e7\u00e3o da situa\u00e7\u00e3o financeira do consumidor. Tamb\u00e9m exige que os solicitantes de cr\u00e9dito tenham boa-f\u00e9. As d\u00edvidas devem ser decorrentes de rela\u00e7\u00f5es de consumos e n\u00e3o de artigos sup\u00e9rfluos. De forma alguma o consumidor pode agir de m\u00e1-f\u00e9, ou seja, contrair acumular d\u00edvidas sem inten\u00e7\u00e3o de pag\u00e1-las.<\/p>\n\n\n\n<h2 class=\"wp-block-heading\">Cooperativas de cr\u00e9dito<\/h2>\n\n\n\n<p>O paternalismo libert\u00e1rio \u00e9 a ideia de que as institui\u00e7\u00f5es afetam o comportamento, respeitando as escolhas dos consumidores, oferecendo primeiramente op\u00e7\u00f5es que n\u00e3o os induza ao erro, agindo em prol do bem-estar destes. Uma vez que as institui\u00e7\u00f5es s\u00e3o em geral mais experientes no<strong> uso do dinheiro<\/strong>, deveriam direcionar as pessoas a op\u00e7\u00f5es que ir\u00e3o promover seu bem-estar.<\/p>\n\n\n\n<p>Um exemplo positivo dessa atitude positiva s\u00e3o as <strong>cooperativas de cr\u00e9dito<\/strong>, que t\u00eam sido inclusivas e importantes protagonistas na sa\u00fade financeira do nosso pa\u00eds. Esse modelo de neg\u00f3cio da economia colaborativa tem fins econ\u00f4micos, mas n\u00e3o objetiva lucro \u2013 prova maior \u00e9 a devolu\u00e7\u00e3o dos resultados financeiros no final do exerc\u00edcio a todos os cooperados, de forma proporcional. Essa rela\u00e7\u00e3o provoca um tino solid\u00e1rio que impele a cooperativa a cuidar da vida financeira do seu associado e, assim, educ\u00e1-lo financeiramente. Tudo isso \u00e9 essencial para a prosperidade do empreendimento coletivo.<\/p>\n\n\n\n<p>Por fim, fica claro que o <strong>fornecimento de cr\u00e9dito<\/strong> sem padr\u00f5es torna as institui\u00e7\u00f5es financeiras respons\u00e1veis pelo superendividamento dos indiv\u00edduos. Para diminuir essa vulnerabilidade \u00e9 preciso investir na forma\u00e7\u00e3o da <strong>cidadania financeira<\/strong>, facilitando aos compradores a oportunidade de serem aut\u00f4nomos e autoconfiantes ao gerenciar bem seus recursos financeiros, sabendo monitorar seu or\u00e7amento, planejar-se no uso dinheiro, poupar ativamente, gerenciar o uso do cr\u00e9dito e solucionar eventuais problemas de endividamento, al\u00e9m de comparar criticamente op\u00e7\u00f5es de servi\u00e7os financeiros e de fornecedores.<\/p>\n\n\n\n<p>Para vencer o consumo irrespons\u00e1vel do cr\u00e9dito, \u00e9 importante uma maior consci\u00eancia dos agentes econ\u00f4micos e de toda a sociedade. Fica clara a necessidade de mais <strong>educa\u00e7\u00e3o financeira<\/strong>.<\/p>\n\n\n\t<p>\n\t\t<a href=\"https:\/\/lp.suno.com.br\/planilha-da-vida-financeira\/\" target=\"_blank\" data-element=\"shortcode-suno-banner\" title=\"Banner SUNO, clique e saiba mais\">\n\t\t\t<picture>\n\t\t\t\t<source media=\"(max-width: 500px)\" srcset=\"https:\/\/files.sunoresearch.com.br\/n\/uploads\/2023\/04\/400x300-Planilha-vida-financeira-true.png\">\n\t\t\t\t<img class=\"newsContent__article__imgCapa newsContent__article__imgCapa--banner\"\n\t\t\t\t\tsrc=\"https:\/\/files.sunoresearch.com.br\/n\/uploads\/2023\/04\/1420x240-Planilha-vida-financeira-true.png\"\n\t\t\t\t\tdata-promo-id=\"106682\"\t\t\t\t\t\t\t\t\t\twidth='1420' height='240'\t\t\t\t\talt=\"https:\/\/files.sunoresearch.com.br\/n\/uploads\/2023\/04\/1420x240-Planilha-vida-financeira-true.png\"\n\t\t\t\t>\n\t\t\t<\/picture>\n\t\t<\/a>\n\t<\/p>\n\n\n","protected":false},"excerpt":{"rendered":"<p>Faz alguns anos que a preocupa\u00e7\u00e3o com o endividamento dos brasileiros tem sido pauta importante. Desde o letramento financeiro, ou seja, os conhecimentos b\u00e1sicos sobre&#8230;<\/p>\n","protected":false},"author":235,"featured_media":323379,"template":"","tags":[305,1858],"class_list":["post-381859","suno_column","type-suno_column","status-publish","has-post-thumbnail","hentry","tag-educacao-financeira","tag-endividamento"],"yoast_head":"<!-- This site is optimized with the Yoast SEO plugin v24.4 - https:\/\/yoast.com\/wordpress\/plugins\/seo\/ -->\n<title>A responsabilidade das institui\u00e7\u00f5es financeiras no endividamento das fam\u00edlias<\/title>\n<meta name=\"description\" content=\"N\u00e3o vamos esquecer que o endividamento depende de que o consumidor tenha tido acesso ao cr\u00e9dito, e conced\u00ea-lo \u00e9 responsabilidade do credor.\" \/>\n<meta name=\"robots\" content=\"index, follow, max-snippet:-1, max-image-preview:large, max-video-preview:-1\" \/>\n<link rel=\"canonical\" href=\"https:\/\/www.suno.com.br\/noticias\/colunas\/diogo-angioleti\/responsabilidade-instituicoes-financeiras-endividamento\/\" \/>\n<meta property=\"og:locale\" content=\"pt_BR\" \/>\n<meta property=\"og:type\" content=\"article\" \/>\n<meta property=\"og:title\" content=\"A responsabilidade das institui\u00e7\u00f5es financeiras no endividamento das fam\u00edlias\" \/>\n<meta property=\"og:description\" content=\"N\u00e3o vamos esquecer que o endividamento depende de que o consumidor tenha tido acesso ao cr\u00e9dito, e conced\u00ea-lo \u00e9 responsabilidade do credor.\" \/>\n<meta property=\"og:url\" content=\"https:\/\/www.suno.com.br\/noticias\/colunas\/diogo-angioleti\/responsabilidade-instituicoes-financeiras-endividamento\/\" \/>\n<meta property=\"og:site_name\" content=\"Suno Not\u00edcias\" \/>\n<meta property=\"article:publisher\" content=\"https:\/\/facebook.com\/sunoresearch\" \/>\n<meta property=\"og:image\" content=\"https:\/\/files.sunoresearch.com.br\/n\/uploads\/2022\/11\/Colunistas.jpg\" \/>\n\t<meta property=\"og:image:width\" content=\"1550\" \/>\n\t<meta property=\"og:image:height\" content=\"810\" \/>\n\t<meta property=\"og:image:type\" content=\"image\/jpeg\" \/>\n<meta name=\"twitter:card\" content=\"summary_large_image\" \/>\n<meta name=\"twitter:site\" content=\"@sunoresearch\" \/>\n<meta name=\"twitter:label1\" content=\"Est. tempo de leitura\" \/>\n\t<meta name=\"twitter:data1\" content=\"5 minutos\" \/>\n<script type=\"application\/ld+json\" class=\"yoast-schema-graph\">{\"@context\":\"https:\/\/schema.org\",\"@graph\":[{\"@type\":\"Article\",\"@id\":\"https:\/\/www.suno.com.br\/noticias\/colunas\/diogo-angioleti\/responsabilidade-instituicoes-financeiras-endividamento\/#article\",\"isPartOf\":{\"@id\":\"https:\/\/www.suno.com.br\/noticias\/colunas\/diogo-angioleti\/responsabilidade-instituicoes-financeiras-endividamento\/\"},\"author\":{\"name\":\"Diogo Angioleti\",\"@id\":\"https:\/\/www.suno.com.br\/noticias\/#\/schema\/person\/8620c04d64ba0d737a6aab4fc9ea35fe\"},\"headline\":\"A responsabilidade das institui\u00e7\u00f5es financeiras no endividamento das fam\u00edlias\",\"datePublished\":\"2023-03-30T11:00:00+00:00\",\"mainEntityOfPage\":{\"@id\":\"https:\/\/www.suno.com.br\/noticias\/colunas\/diogo-angioleti\/responsabilidade-instituicoes-financeiras-endividamento\/\"},\"wordCount\":1024,\"publisher\":{\"@id\":\"https:\/\/www.suno.com.br\/noticias\/#organization\"},\"image\":{\"@id\":\"https:\/\/www.suno.com.br\/noticias\/colunas\/diogo-angioleti\/responsabilidade-instituicoes-financeiras-endividamento\/#primaryimage\"},\"thumbnailUrl\":\"https:\/\/files.sunoresearch.com.br\/n\/uploads\/2022\/11\/Colunistas.jpg\",\"keywords\":[\"Educa\u00e7\u00e3o Financeira\",\"endividamento\"],\"inLanguage\":\"pt-BR\"},{\"@type\":\"WebPage\",\"@id\":\"https:\/\/www.suno.com.br\/noticias\/colunas\/diogo-angioleti\/responsabilidade-instituicoes-financeiras-endividamento\/\",\"url\":\"https:\/\/www.suno.com.br\/noticias\/colunas\/diogo-angioleti\/responsabilidade-instituicoes-financeiras-endividamento\/\",\"name\":\"A responsabilidade das institui\u00e7\u00f5es financeiras no endividamento das fam\u00edlias\",\"isPartOf\":{\"@id\":\"https:\/\/www.suno.com.br\/noticias\/#website\"},\"primaryImageOfPage\":{\"@id\":\"https:\/\/www.suno.com.br\/noticias\/colunas\/diogo-angioleti\/responsabilidade-instituicoes-financeiras-endividamento\/#primaryimage\"},\"image\":{\"@id\":\"https:\/\/www.suno.com.br\/noticias\/colunas\/diogo-angioleti\/responsabilidade-instituicoes-financeiras-endividamento\/#primaryimage\"},\"thumbnailUrl\":\"https:\/\/files.sunoresearch.com.br\/n\/uploads\/2022\/11\/Colunistas.jpg\",\"datePublished\":\"2023-03-30T11:00:00+00:00\",\"description\":\"N\u00e3o vamos esquecer que o endividamento depende de que o consumidor tenha tido acesso ao cr\u00e9dito, e conced\u00ea-lo \u00e9 responsabilidade do credor.\",\"breadcrumb\":{\"@id\":\"https:\/\/www.suno.com.br\/noticias\/colunas\/diogo-angioleti\/responsabilidade-instituicoes-financeiras-endividamento\/#breadcrumb\"},\"inLanguage\":\"pt-BR\",\"potentialAction\":[{\"@type\":\"ReadAction\",\"target\":[\"https:\/\/www.suno.com.br\/noticias\/colunas\/diogo-angioleti\/responsabilidade-instituicoes-financeiras-endividamento\/\"]}]},{\"@type\":\"ImageObject\",\"inLanguage\":\"pt-BR\",\"@id\":\"https:\/\/www.suno.com.br\/noticias\/colunas\/diogo-angioleti\/responsabilidade-instituicoes-financeiras-endividamento\/#primaryimage\",\"url\":\"https:\/\/files.sunoresearch.com.br\/n\/uploads\/2022\/11\/Colunistas.jpg\",\"contentUrl\":\"https:\/\/files.sunoresearch.com.br\/n\/uploads\/2022\/11\/Colunistas.jpg\",\"width\":1550,\"height\":810},{\"@type\":\"BreadcrumbList\",\"@id\":\"https:\/\/www.suno.com.br\/noticias\/colunas\/diogo-angioleti\/responsabilidade-instituicoes-financeiras-endividamento\/#breadcrumb\",\"itemListElement\":[{\"@type\":\"ListItem\",\"position\":1,\"name\":\"Not\u00edcias\",\"item\":\"https:\/\/www.suno.com.br\/noticias\/\"},{\"@type\":\"ListItem\",\"position\":2,\"name\":\"Colunas\",\"item\":\"https:\/\/www.suno.com.br\/noticias\/colunas\/\"},{\"@type\":\"ListItem\",\"position\":3,\"name\":\"A responsabilidade das institui\u00e7\u00f5es financeiras no endividamento das fam\u00edlias\"}]},{\"@type\":\"WebSite\",\"@id\":\"https:\/\/www.suno.com.br\/noticias\/#website\",\"url\":\"https:\/\/www.suno.com.br\/noticias\/\",\"name\":\"Suno Not\u00edcias\",\"description\":\"Seu portal de informa\u00e7\u00e3o sobre o mundo dos investimentos\",\"publisher\":{\"@id\":\"https:\/\/www.suno.com.br\/noticias\/#organization\"},\"potentialAction\":[{\"@type\":\"SearchAction\",\"target\":{\"@type\":\"EntryPoint\",\"urlTemplate\":\"https:\/\/www.suno.com.br\/noticias\/?s={search_term_string}\"},\"query-input\":{\"@type\":\"PropertyValueSpecification\",\"valueRequired\":true,\"valueName\":\"search_term_string\"}}],\"inLanguage\":\"pt-BR\"},{\"@type\":\"Organization\",\"@id\":\"https:\/\/www.suno.com.br\/noticias\/#organization\",\"name\":\"Suno Not\u00edcias\",\"url\":\"https:\/\/www.suno.com.br\/noticias\/\",\"logo\":{\"@type\":\"ImageObject\",\"inLanguage\":\"pt-BR\",\"@id\":\"https:\/\/www.suno.com.br\/noticias\/#\/schema\/logo\/image\/\",\"url\":\"https:\/\/files.sunoresearch.com.br\/n\/uploads\/2021\/09\/suno-logo.png\",\"contentUrl\":\"https:\/\/files.sunoresearch.com.br\/n\/uploads\/2021\/09\/suno-logo.png\",\"width\":180,\"height\":180,\"caption\":\"Suno Not\u00edcias\"},\"image\":{\"@id\":\"https:\/\/www.suno.com.br\/noticias\/#\/schema\/logo\/image\/\"},\"sameAs\":[\"https:\/\/facebook.com\/sunoresearch\",\"https:\/\/x.com\/sunoresearch\",\"https:\/\/www.instagram.com\/suno\",\"https:\/\/www.linkedin.com\/company\/suno-research\/\",\"https:\/\/www.youtube.com\/c\/sunoresearch\"]},{\"@type\":\"Person\",\"@id\":\"https:\/\/www.suno.com.br\/noticias\/#\/schema\/person\/8620c04d64ba0d737a6aab4fc9ea35fe\",\"name\":\"Diogo Angioleti\",\"image\":{\"@type\":\"ImageObject\",\"inLanguage\":\"pt-BR\",\"@id\":\"https:\/\/www.suno.com.br\/noticias\/#\/schema\/person\/image\/\",\"url\":\"https:\/\/secure.gravatar.com\/avatar\/3db4a1911ac4574440a7130f014bfceb?s=96&r=g\",\"contentUrl\":\"https:\/\/secure.gravatar.com\/avatar\/3db4a1911ac4574440a7130f014bfceb?s=96&r=g\",\"caption\":\"Diogo Angioleti\"},\"description\":\"Diogo Anderson Angioleti \u00e9 Gerente de RH, Gest\u00e3o Estrat\u00e9gica, Governan\u00e7a Cooperativa, Relacionamento e Marketing. Atua como colunista na Suno Economia, com participa\u00e7\u00f5es em TV, jornais e r\u00e1dio. Presidente na ABRH Blumenau\/SC, professor de p\u00f3s-gradua\u00e7\u00e3o em Economia Colaborativa e instrutor financeiro pelo Banco Central do Brasil e Sescoop Nacional. Com mais de duas d\u00e9cadas de experi\u00eancia no mercado financeiro, \u00e9 um especialista em Gest\u00e3o de empresas com \u00eanfase em cooperativas de cr\u00e9dito, Neuroci\u00eancia Cognitiva e Experi\u00eancia do Consumidor (CX). Minha expertise abrange lideran\u00e7a, marketing, desenvolvimento social, governan\u00e7a, customer-centric e estrat\u00e9gia de neg\u00f3cios. Consolidando uma trajet\u00f3ria marcada por muito aprendizado, empreendedorismo, inova\u00e7\u00e3o e alegria por realizar.\",\"url\":\"https:\/\/www.suno.com.br\/noticias\/author\/diogo-angioleti\/\"}]}<\/script>\n<!-- \/ Yoast SEO plugin. -->","yoast_head_json":{"title":"A responsabilidade das institui\u00e7\u00f5es financeiras no endividamento das fam\u00edlias","description":"N\u00e3o vamos esquecer que o endividamento depende de que o consumidor tenha tido acesso ao cr\u00e9dito, e conced\u00ea-lo \u00e9 responsabilidade do credor.","robots":{"index":"index","follow":"follow","max-snippet":"max-snippet:-1","max-image-preview":"max-image-preview:large","max-video-preview":"max-video-preview:-1"},"canonical":"https:\/\/www.suno.com.br\/noticias\/colunas\/diogo-angioleti\/responsabilidade-instituicoes-financeiras-endividamento\/","og_locale":"pt_BR","og_type":"article","og_title":"A responsabilidade das institui\u00e7\u00f5es financeiras no endividamento das fam\u00edlias","og_description":"N\u00e3o vamos esquecer que o endividamento depende de que o consumidor tenha tido acesso ao cr\u00e9dito, e conced\u00ea-lo \u00e9 responsabilidade do credor.","og_url":"https:\/\/www.suno.com.br\/noticias\/colunas\/diogo-angioleti\/responsabilidade-instituicoes-financeiras-endividamento\/","og_site_name":"Suno Not\u00edcias","article_publisher":"https:\/\/facebook.com\/sunoresearch","og_image":[{"width":1550,"height":810,"url":"https:\/\/files.sunoresearch.com.br\/n\/uploads\/2022\/11\/Colunistas.jpg","type":"image\/jpeg"}],"twitter_card":"summary_large_image","twitter_site":"@sunoresearch","twitter_misc":{"Est. tempo de leitura":"5 minutos"},"schema":{"@context":"https:\/\/schema.org","@graph":[{"@type":"Article","@id":"https:\/\/www.suno.com.br\/noticias\/colunas\/diogo-angioleti\/responsabilidade-instituicoes-financeiras-endividamento\/#article","isPartOf":{"@id":"https:\/\/www.suno.com.br\/noticias\/colunas\/diogo-angioleti\/responsabilidade-instituicoes-financeiras-endividamento\/"},"author":{"name":"Diogo Angioleti","@id":"https:\/\/www.suno.com.br\/noticias\/#\/schema\/person\/8620c04d64ba0d737a6aab4fc9ea35fe"},"headline":"A responsabilidade das institui\u00e7\u00f5es financeiras no endividamento das fam\u00edlias","datePublished":"2023-03-30T11:00:00+00:00","mainEntityOfPage":{"@id":"https:\/\/www.suno.com.br\/noticias\/colunas\/diogo-angioleti\/responsabilidade-instituicoes-financeiras-endividamento\/"},"wordCount":1024,"publisher":{"@id":"https:\/\/www.suno.com.br\/noticias\/#organization"},"image":{"@id":"https:\/\/www.suno.com.br\/noticias\/colunas\/diogo-angioleti\/responsabilidade-instituicoes-financeiras-endividamento\/#primaryimage"},"thumbnailUrl":"https:\/\/files.sunoresearch.com.br\/n\/uploads\/2022\/11\/Colunistas.jpg","keywords":["Educa\u00e7\u00e3o Financeira","endividamento"],"inLanguage":"pt-BR"},{"@type":"WebPage","@id":"https:\/\/www.suno.com.br\/noticias\/colunas\/diogo-angioleti\/responsabilidade-instituicoes-financeiras-endividamento\/","url":"https:\/\/www.suno.com.br\/noticias\/colunas\/diogo-angioleti\/responsabilidade-instituicoes-financeiras-endividamento\/","name":"A responsabilidade das institui\u00e7\u00f5es financeiras no endividamento das fam\u00edlias","isPartOf":{"@id":"https:\/\/www.suno.com.br\/noticias\/#website"},"primaryImageOfPage":{"@id":"https:\/\/www.suno.com.br\/noticias\/colunas\/diogo-angioleti\/responsabilidade-instituicoes-financeiras-endividamento\/#primaryimage"},"image":{"@id":"https:\/\/www.suno.com.br\/noticias\/colunas\/diogo-angioleti\/responsabilidade-instituicoes-financeiras-endividamento\/#primaryimage"},"thumbnailUrl":"https:\/\/files.sunoresearch.com.br\/n\/uploads\/2022\/11\/Colunistas.jpg","datePublished":"2023-03-30T11:00:00+00:00","description":"N\u00e3o vamos esquecer que o endividamento depende de que o consumidor tenha tido acesso ao cr\u00e9dito, e conced\u00ea-lo \u00e9 responsabilidade do credor.","breadcrumb":{"@id":"https:\/\/www.suno.com.br\/noticias\/colunas\/diogo-angioleti\/responsabilidade-instituicoes-financeiras-endividamento\/#breadcrumb"},"inLanguage":"pt-BR","potentialAction":[{"@type":"ReadAction","target":["https:\/\/www.suno.com.br\/noticias\/colunas\/diogo-angioleti\/responsabilidade-instituicoes-financeiras-endividamento\/"]}]},{"@type":"ImageObject","inLanguage":"pt-BR","@id":"https:\/\/www.suno.com.br\/noticias\/colunas\/diogo-angioleti\/responsabilidade-instituicoes-financeiras-endividamento\/#primaryimage","url":"https:\/\/files.sunoresearch.com.br\/n\/uploads\/2022\/11\/Colunistas.jpg","contentUrl":"https:\/\/files.sunoresearch.com.br\/n\/uploads\/2022\/11\/Colunistas.jpg","width":1550,"height":810},{"@type":"BreadcrumbList","@id":"https:\/\/www.suno.com.br\/noticias\/colunas\/diogo-angioleti\/responsabilidade-instituicoes-financeiras-endividamento\/#breadcrumb","itemListElement":[{"@type":"ListItem","position":1,"name":"Not\u00edcias","item":"https:\/\/www.suno.com.br\/noticias\/"},{"@type":"ListItem","position":2,"name":"Colunas","item":"https:\/\/www.suno.com.br\/noticias\/colunas\/"},{"@type":"ListItem","position":3,"name":"A responsabilidade das institui\u00e7\u00f5es financeiras no endividamento das fam\u00edlias"}]},{"@type":"WebSite","@id":"https:\/\/www.suno.com.br\/noticias\/#website","url":"https:\/\/www.suno.com.br\/noticias\/","name":"Suno Not\u00edcias","description":"Seu portal de informa\u00e7\u00e3o sobre o mundo dos investimentos","publisher":{"@id":"https:\/\/www.suno.com.br\/noticias\/#organization"},"potentialAction":[{"@type":"SearchAction","target":{"@type":"EntryPoint","urlTemplate":"https:\/\/www.suno.com.br\/noticias\/?s={search_term_string}"},"query-input":{"@type":"PropertyValueSpecification","valueRequired":true,"valueName":"search_term_string"}}],"inLanguage":"pt-BR"},{"@type":"Organization","@id":"https:\/\/www.suno.com.br\/noticias\/#organization","name":"Suno Not\u00edcias","url":"https:\/\/www.suno.com.br\/noticias\/","logo":{"@type":"ImageObject","inLanguage":"pt-BR","@id":"https:\/\/www.suno.com.br\/noticias\/#\/schema\/logo\/image\/","url":"https:\/\/files.sunoresearch.com.br\/n\/uploads\/2021\/09\/suno-logo.png","contentUrl":"https:\/\/files.sunoresearch.com.br\/n\/uploads\/2021\/09\/suno-logo.png","width":180,"height":180,"caption":"Suno Not\u00edcias"},"image":{"@id":"https:\/\/www.suno.com.br\/noticias\/#\/schema\/logo\/image\/"},"sameAs":["https:\/\/facebook.com\/sunoresearch","https:\/\/x.com\/sunoresearch","https:\/\/www.instagram.com\/suno","https:\/\/www.linkedin.com\/company\/suno-research\/","https:\/\/www.youtube.com\/c\/sunoresearch"]},{"@type":"Person","@id":"https:\/\/www.suno.com.br\/noticias\/#\/schema\/person\/8620c04d64ba0d737a6aab4fc9ea35fe","name":"Diogo Angioleti","image":{"@type":"ImageObject","inLanguage":"pt-BR","@id":"https:\/\/www.suno.com.br\/noticias\/#\/schema\/person\/image\/","url":"https:\/\/secure.gravatar.com\/avatar\/3db4a1911ac4574440a7130f014bfceb?s=96&r=g","contentUrl":"https:\/\/secure.gravatar.com\/avatar\/3db4a1911ac4574440a7130f014bfceb?s=96&r=g","caption":"Diogo Angioleti"},"description":"Diogo Anderson Angioleti \u00e9 Gerente de RH, Gest\u00e3o Estrat\u00e9gica, Governan\u00e7a Cooperativa, Relacionamento e Marketing. Atua como colunista na Suno Economia, com participa\u00e7\u00f5es em TV, jornais e r\u00e1dio. Presidente na ABRH Blumenau\/SC, professor de p\u00f3s-gradua\u00e7\u00e3o em Economia Colaborativa e instrutor financeiro pelo Banco Central do Brasil e Sescoop Nacional. Com mais de duas d\u00e9cadas de experi\u00eancia no mercado financeiro, \u00e9 um especialista em Gest\u00e3o de empresas com \u00eanfase em cooperativas de cr\u00e9dito, Neuroci\u00eancia Cognitiva e Experi\u00eancia do Consumidor (CX). Minha expertise abrange lideran\u00e7a, marketing, desenvolvimento social, governan\u00e7a, customer-centric e estrat\u00e9gia de neg\u00f3cios. Consolidando uma trajet\u00f3ria marcada por muito aprendizado, empreendedorismo, inova\u00e7\u00e3o e alegria por realizar.","url":"https:\/\/www.suno.com.br\/noticias\/author\/diogo-angioleti\/"}]}},"amp_enabled":true,"_links":{"self":[{"href":"https:\/\/www.suno.com.br\/noticias\/wp-json\/wp\/v2\/suno_column\/381859"}],"collection":[{"href":"https:\/\/www.suno.com.br\/noticias\/wp-json\/wp\/v2\/suno_column"}],"about":[{"href":"https:\/\/www.suno.com.br\/noticias\/wp-json\/wp\/v2\/types\/suno_column"}],"author":[{"embeddable":true,"href":"https:\/\/www.suno.com.br\/noticias\/wp-json\/wp\/v2\/users\/235"}],"wp:featuredmedia":[{"embeddable":true,"href":"https:\/\/www.suno.com.br\/noticias\/wp-json\/wp\/v2\/media\/323379"}],"wp:attachment":[{"href":"https:\/\/www.suno.com.br\/noticias\/wp-json\/wp\/v2\/media?parent=381859"}],"wp:term":[{"taxonomy":"post_tag","embeddable":true,"href":"https:\/\/www.suno.com.br\/noticias\/wp-json\/wp\/v2\/tags?post=381859"}],"curies":[{"name":"wp","href":"https:\/\/api.w.org\/{rel}","templated":true}]}}