{"id":381354,"date":"2023-03-28T08:12:00","date_gmt":"2023-03-28T11:12:00","guid":{"rendered":"https:\/\/www.suno.com.br\/noticias\/colunas\/marco-lopes\/\/"},"modified":"2023-03-28T14:59:26","modified_gmt":"2023-03-28T17:59:26","slug":"ir-2023-mudancas","status":"publish","type":"suno_column","link":"https:\/\/www.suno.com.br\/noticias\/colunas\/alice-porto\/ir-2023-mudancas\/","title":{"rendered":"As novidades do IRPF 2023"},"content":{"rendered":"<p>N\u00e3o d\u00e1 mais para fugir do <strong>IR 2023<\/strong>: a Declara\u00e7\u00e3o Anual do <strong><a href=\"https:\/\/www.suno.com.br\/guias\/imposto-de-renda-guia\/\">Imposto de Renda<\/a><\/strong> chegou e, se voc\u00ea se enquadra nos crit\u00e9rios de obrigatoriedade, n\u00e3o pode evit\u00e1-la. Caso contr\u00e1rio, \u00e9 CPF bloqueado na certa.<\/p>\t<div class=\"wrapper-featured-image\">\n\t\t<figure class=\"spotlightImg\">\n\n\t\t\t<picture>\n\t\t\t\t<source media=\"(max-width: 768px)\" srcset=\"https:\/\/files.sunoresearch.com.br\/n\/uploads\/2023\/02\/imposto-de-renda-2023-foto-marcelo-camargo-agencira-brasil-400x200.jpg\">\n\t\t\t\t<img loading=\"lazy\" decoding=\"async\" class=\"newsContent__article__imgCapa lazyloadDisabled \" src=\"https:\/\/files.sunoresearch.com.br\/n\/uploads\/2023\/02\/imposto-de-renda-2023-foto-marcelo-camargo-agencira-brasil-800x450.jpg\" width=\"800\" height=\"450\" alt=\"As novidades do IRPF 2023\" fetchpriority=high \/>\n\t\t\t<\/picture>\n\n\t\t\t<figcaption class=\"wp-caption-text wp-caption-text--show\">Imposto de Renda. Foto: Marcelo Camargo\/Ag\u00eancia Brasil<\/figcaption>\n\t\t<\/figure>\n\t<\/div>\n\n\n\n\n\n\t<p>\n\t\t<a href=\"\" target=\"_blank\" data-element=\"shortcode-suno-banner\" title=\"Banner SUNO, clique e saiba mais\">\n\t\t\t<picture>\n\t\t\t\t<source media=\"(max-width: 500px)\" srcset=\"\">\n\t\t\t\t<img class=\"newsContent__article__imgCapa newsContent__article__imgCapa--banner\"\n\t\t\t\t\tsrc=\"\"\n\t\t\t\t\tdata-promo-id=\"264348\"\t\t\t\t\t\t\t\t\t\t\t\t\t\t\talt=\"\"\n\t\t\t\t>\n\t\t\t<\/picture>\n\t\t<\/a>\n\t<\/p>\n\n\n\n\n\n\n\n<p>Em 15\/03, a Receita Federal liberou oficialmente o <strong><a href=\"https:\/\/www.suno.com.br\/noticias\/imposto-renda-2023-como-declarar-acoes-confira\/\">IRPF 2023<\/a><\/strong> para preenchimento e transmiss\u00e3o.<\/p>\n\n\n\n<p>N\u00e3o d\u00e1 mais para fugir: a Declara\u00e7\u00e3o Anual chegou e o investidor que se enquadra nos crit\u00e9rios de obrigatoriedade &#8211; sobre os quais falaremos mais abaixo &#8211; n\u00e3o pode evit\u00e1-la. Caso contr\u00e1rio, \u00e9 CPF bloqueado na certa.<\/p>\n\n\n\n<p>Isso significa que quem ainda n\u00e3o tem os c\u00e1lculos, DARFs e outros dados de Bolsa em dia, para serem preenchidos no IRPF 2023, precisa correr. O prazo final para <strong>transmiss\u00e3o da Declara\u00e7\u00e3o<\/strong> se encerra dia 31 de maio e, embora esse per\u00edodo possa parecer tempo suficiente, \u00e9 evidente que quem n\u00e3o colocou a documenta\u00e7\u00e3o em dia em um ano ter\u00e1 dificuldade para coloc\u00e1-la em pouco mais de um m\u00eas.<\/p>\n\n\n\n<h2 class=\"wp-block-heading\" id=\"h-principais-mudancas-no-irpf-2023\">Principais mudan\u00e7as no IRPF 2023<\/h2>\n\n\n\n<p>O IRPF 2023, que j\u00e1 havia sido liberado para download &#8211; n\u00e3o para transmiss\u00e3o! &#8211; dia 09\/03, trouxe consigo algumas novidades.<\/p>\n\n\n\n<p>Al\u00e9m das altera\u00e7\u00f5es no pr\u00f3prio programa, houve tamb\u00e9m uma mudan\u00e7a consider\u00e1vel na regra que era quase um mantra para o<strong> investidor da Bolsa de Valores<\/strong>: se antes \u201cinvestiu R$ 1,00 na Bolsa, tem que declarar\u201d era a lei, em 2023 as coisas est\u00e3o um pouco diferentes.<\/p>\n\n\n\t<p>\n\t\t<a href=\"\" target=\"_blank\" data-element=\"shortcode-suno-banner\" title=\"Banner SUNO, clique e saiba mais\">\n\t\t\t<picture>\n\t\t\t\t<source media=\"(max-width: 500px)\" srcset=\"\">\n\t\t\t\t<img class=\"newsContent__article__imgCapa newsContent__article__imgCapa--banner\"\n\t\t\t\t\tsrc=\"\"\n\t\t\t\t\tdata-promo-id=\"77035\"\t\t\t\t\t\t\t\t\t\t\t\t\t\t\talt=\"\"\n\t\t\t\t>\n\t\t\t<\/picture>\n\t\t<\/a>\n\t<\/p>\n\n\n\n\n\n<h2 class=\"wp-block-heading\" id=\"h-obrigatoriedade\">Obrigatoriedade<\/h2>\n\n\n\n<p>\u00c9 verdade que agora, a partir de 2023, nem todo mundo que investe na renda vari\u00e1vel precisa entregar a <strong>Declara\u00e7\u00e3o Anual<\/strong>, mas se engana quem saiu comemorando antes da hora: a maior parcela dos investidores de Bolsa segue inclusa nos crit\u00e9rios de obrigatoriedade.<\/p>\n\n\n\n<p>A regra, que antes era f\u00e1cil e \u00f3bvia &#8211; quem investiu, n\u00e3o importa o montante, \u00e9 obrigado a declarar -, agora ficou mais complexa: \u00e9 preciso fazer a an\u00e1lise de 7 crit\u00e9rios, inseridos em tr\u00eas pilares: renda, patrim\u00f4nio e Bolsa.<\/p>\n\n\n\n<h2 class=\"wp-block-heading\" id=\"h-renda\">Renda<\/h2>\n\n\n\n<ul class=\"wp-block-list\">\n<li>Recebeu mais de R$ 28.559,70 no ano;<\/li>\n\n\n\n<li>Recebeu mais de R$ 40.000,00 em rendimentos isentos, n\u00e3o tribut\u00e1veis ou tributados exclusivamente na fonte;<\/li>\n\n\n\n<li>Teve receita rural superior a R$ 142.798,50;<\/li>\n<\/ul>\n\n\n\n<h2 class=\"wp-block-heading\" id=\"h-patrimonio\">Patrim\u00f4nio<\/h2>\n\n\n\n<ul class=\"wp-block-list\">\n<li>Teve patrim\u00f4nio total superior a R$ 300.000,00, incluindo carros, im\u00f3veis, investimentos em Bolsa ou outros bens;<\/li>\n\n\n\n<li>Teve lucro na venda de algum im\u00f3vel, em um prazo inferior ao per\u00edodo de 180 dias;<\/li>\n<\/ul>\n\n\n\n<h2 class=\"wp-block-heading\" id=\"h-bolsa\">Bolsa<\/h2>\n\n\n\n<ul class=\"wp-block-list\">\n<li>Realizou vendas com valor superior ou igual a R$ 40.000,00, independente do resultado em Bolsa;<\/li>\n\n\n\n<li>Teve ao menos uma <strong>DARF<\/strong>.<\/li>\n<\/ul>\n\n\n\n<p>O investidor que atende a pelo menos um desses 7 crit\u00e9rios, tendo 2022 como o ano base, \u00e9 obrigado a entregar a Declara\u00e7\u00e3o Anual vigente.<\/p>\n\n\n\n<h2 class=\"wp-block-heading\" id=\"h-mudancas-no-programa\">Mudan\u00e7as no programa<\/h2>\n\n\n\n<p>Mas aten\u00e7\u00e3o: apesar das mudan\u00e7as para o IRPF 2023, a antiga regra de obrigatoriedade continua aplicada a 2022 e anos anteriores.<br><br>Outras mudan\u00e7as significativas no IRPF 2023 est\u00e3o no programa da Receita; elas v\u00e3o desde altera\u00e7\u00f5es em menus e tickers at\u00e9 a fila da restitui\u00e7\u00e3o.<\/p>\n\n\n\n<p>No menu Bens e Direitos foram inclu\u00eddos dois novos campos: \u201cNegociado em Bolsa\u201d que, em caso de resposta afirmativa, um novo campo de \u201cC\u00f3digo de negocia\u00e7\u00e3o\u201d \u00e9 aberto para que sejam inseridos neles os ativos que o investidor adquiriu na Bolsa &#8211; e que viraram o ano em sua carteira &#8211; e seus respectivos tickers.<\/p>\n\n\n\n<p>J\u00e1 no menu Rendimentos Isentos e N\u00e3o Tribut\u00e1veis deve ser usado o c\u00f3digo \u201c99 &#8211; Outros\u201d &#8211; que at\u00e9 2022 era \u201c26 &#8211; Outros\u201d &#8211; para informar os rendimentos isentos adquiridos na Renda Vari\u00e1vel.<\/p>\n\n\n\n<p>Novamente no menu Bens e Direitos, o CNPJ do \u201cGrupo 7\u201d, que se refere aos fundos, deve ser o do pr\u00f3prio fundo. At\u00e9 as altera\u00e7\u00f5es no programa deste ano, o CNPJ deste grupo era indefinido.<\/p>\n\n\n\n<p>Por fim, vale ressaltar a mudan\u00e7a na fila da restitui\u00e7\u00e3o: quem a solicitar por meio da Declara\u00e7\u00e3o pr\u00e9-preenchida ou via Pix ter\u00e1 prioridade. A nova regra se aplica, \u00e9 claro, somente ap\u00f3s as prioridades j\u00e1 previstas em lei anteriormente.<\/p>\n\n\n\n<p>As mudan\u00e7as do <strong>IR 2023<\/strong>, percebe-se, s\u00e3o muitas. Mas para ficar em dia com a Receita, o caminho \u00e9 um s\u00f3: quem tem obriga\u00e7\u00f5es fiscais diante da Receita deve cumpri-las para, assim, evitar o CPF bloqueado.<\/p>\n\n\n\t<p>\n\t\t<a href=\"https:\/\/lp.suno.com.br\/planilha-controle-gastos\/\" target=\"_blank\" data-element=\"shortcode-suno-banner\" title=\"Banner SUNO, clique e saiba mais\">\n\t\t\t<picture>\n\t\t\t\t<source media=\"(max-width: 500px)\" srcset=\"https:\/\/files.sunoresearch.com.br\/n\/uploads\/2023\/03\/400x300-Planilha-controle-de-gastos.png\">\n\t\t\t\t<img class=\"newsContent__article__imgCapa newsContent__article__imgCapa--banner\"\n\t\t\t\t\tsrc=\"https:\/\/files.sunoresearch.com.br\/n\/uploads\/2023\/03\/1420x240-Planilha-controle-de-gastos.png\"\n\t\t\t\t\tdata-promo-id=\"101751\"\t\t\t\t\t\t\t\t\t\twidth='1420' height='240'\t\t\t\t\talt=\"https:\/\/files.sunoresearch.com.br\/n\/uploads\/2023\/03\/1420x240-Planilha-controle-de-gastos.png\"\n\t\t\t\t>\n\t\t\t<\/picture>\n\t\t<\/a>\n\t<\/p>\n\n\n","protected":false},"excerpt":{"rendered":"<p>N\u00e3o d\u00e1 mais para fugir do IR 2023: a Declara\u00e7\u00e3o Anual do Imposto de Renda chegou e, se voc\u00ea se enquadra nos crit\u00e9rios de obrigatoriedade, n\u00e3o pode evit\u00e1-la. Caso contr&#8230;<\/p>\n","protected":false},"author":96,"featured_media":363902,"template":"","tags":[303],"class_list":["post-381354","suno_column","type-suno_column","status-publish","has-post-thumbnail","hentry","tag-imposto-de-renda"],"yoast_head":"<!-- This site is optimized with the Yoast SEO plugin v24.4 - https:\/\/yoast.com\/wordpress\/plugins\/seo\/ -->\n<title>As novidades do IRPF 2023 - Suno Not\u00edcias<\/title>\n<meta name=\"description\" content=\"A Declara\u00e7\u00e3o Anual chegou e o investidor que se enquadra nos crit\u00e9rios de obrigatoriedade n\u00e3o pode evit\u00e1-la. Veja as mudan\u00e7as no IR 2023\" \/>\n<meta name=\"robots\" content=\"index, follow, max-snippet:-1, max-image-preview:large, max-video-preview:-1\" \/>\n<link rel=\"canonical\" href=\"https:\/\/www.suno.com.br\/noticias\/colunas\/alice-porto\/ir-2023-mudancas\/\" \/>\n<meta property=\"og:locale\" content=\"pt_BR\" \/>\n<meta property=\"og:type\" content=\"article\" \/>\n<meta property=\"og:title\" content=\"As novidades do IRPF 2023 - Suno Not\u00edcias\" \/>\n<meta property=\"og:description\" content=\"A Declara\u00e7\u00e3o Anual chegou e o investidor que se enquadra nos crit\u00e9rios de obrigatoriedade n\u00e3o pode evit\u00e1-la. Veja as mudan\u00e7as no IR 2023\" \/>\n<meta property=\"og:url\" content=\"https:\/\/www.suno.com.br\/noticias\/colunas\/alice-porto\/ir-2023-mudancas\/\" \/>\n<meta property=\"og:site_name\" content=\"Suno Not\u00edcias\" \/>\n<meta property=\"article:publisher\" content=\"https:\/\/facebook.com\/sunoresearch\" \/>\n<meta property=\"og:image\" content=\"https:\/\/files.sunoresearch.com.br\/n\/uploads\/2023\/02\/imposto-de-renda-2023-foto-marcelo-camargo-agencira-brasil.jpg\" \/>\n\t<meta property=\"og:image:width\" content=\"1200\" \/>\n\t<meta property=\"og:image:height\" content=\"675\" \/>\n\t<meta property=\"og:image:type\" content=\"image\/jpeg\" \/>\n<meta name=\"twitter:card\" content=\"summary_large_image\" \/>\n<meta name=\"twitter:site\" content=\"@sunoresearch\" \/>\n<meta name=\"twitter:label1\" content=\"Est. tempo de leitura\" \/>\n\t<meta name=\"twitter:data1\" content=\"4 minutos\" \/>\n<script type=\"application\/ld+json\" class=\"yoast-schema-graph\">{\"@context\":\"https:\/\/schema.org\",\"@graph\":[{\"@type\":\"Article\",\"@id\":\"https:\/\/www.suno.com.br\/noticias\/colunas\/alice-porto\/ir-2023-mudancas\/#article\",\"isPartOf\":{\"@id\":\"https:\/\/www.suno.com.br\/noticias\/colunas\/alice-porto\/ir-2023-mudancas\/\"},\"author\":{\"name\":\"Alice Porto\",\"@id\":\"https:\/\/www.suno.com.br\/noticias\/#\/schema\/person\/7bace7aa1ad3a4850791903590cccb84\"},\"headline\":\"As novidades do IRPF 2023\",\"datePublished\":\"2023-03-28T11:12:00+00:00\",\"dateModified\":\"2023-03-28T17:59:26+00:00\",\"mainEntityOfPage\":{\"@id\":\"https:\/\/www.suno.com.br\/noticias\/colunas\/alice-porto\/ir-2023-mudancas\/\"},\"wordCount\":717,\"publisher\":{\"@id\":\"https:\/\/www.suno.com.br\/noticias\/#organization\"},\"image\":{\"@id\":\"https:\/\/www.suno.com.br\/noticias\/colunas\/alice-porto\/ir-2023-mudancas\/#primaryimage\"},\"thumbnailUrl\":\"https:\/\/files.sunoresearch.com.br\/n\/uploads\/2023\/02\/imposto-de-renda-2023-foto-marcelo-camargo-agencira-brasil.jpg\",\"keywords\":[\"Imposto de Renda\"],\"inLanguage\":\"pt-BR\"},{\"@type\":\"WebPage\",\"@id\":\"https:\/\/www.suno.com.br\/noticias\/colunas\/alice-porto\/ir-2023-mudancas\/\",\"url\":\"https:\/\/www.suno.com.br\/noticias\/colunas\/alice-porto\/ir-2023-mudancas\/\",\"name\":\"As novidades do IRPF 2023 - Suno Not\u00edcias\",\"isPartOf\":{\"@id\":\"https:\/\/www.suno.com.br\/noticias\/#website\"},\"primaryImageOfPage\":{\"@id\":\"https:\/\/www.suno.com.br\/noticias\/colunas\/alice-porto\/ir-2023-mudancas\/#primaryimage\"},\"image\":{\"@id\":\"https:\/\/www.suno.com.br\/noticias\/colunas\/alice-porto\/ir-2023-mudancas\/#primaryimage\"},\"thumbnailUrl\":\"https:\/\/files.sunoresearch.com.br\/n\/uploads\/2023\/02\/imposto-de-renda-2023-foto-marcelo-camargo-agencira-brasil.jpg\",\"datePublished\":\"2023-03-28T11:12:00+00:00\",\"dateModified\":\"2023-03-28T17:59:26+00:00\",\"description\":\"A Declara\u00e7\u00e3o Anual chegou e o investidor que se enquadra nos crit\u00e9rios de obrigatoriedade n\u00e3o pode evit\u00e1-la. Veja as mudan\u00e7as no IR 2023\",\"breadcrumb\":{\"@id\":\"https:\/\/www.suno.com.br\/noticias\/colunas\/alice-porto\/ir-2023-mudancas\/#breadcrumb\"},\"inLanguage\":\"pt-BR\",\"potentialAction\":[{\"@type\":\"ReadAction\",\"target\":[\"https:\/\/www.suno.com.br\/noticias\/colunas\/alice-porto\/ir-2023-mudancas\/\"]}]},{\"@type\":\"ImageObject\",\"inLanguage\":\"pt-BR\",\"@id\":\"https:\/\/www.suno.com.br\/noticias\/colunas\/alice-porto\/ir-2023-mudancas\/#primaryimage\",\"url\":\"https:\/\/files.sunoresearch.com.br\/n\/uploads\/2023\/02\/imposto-de-renda-2023-foto-marcelo-camargo-agencira-brasil.jpg\",\"contentUrl\":\"https:\/\/files.sunoresearch.com.br\/n\/uploads\/2023\/02\/imposto-de-renda-2023-foto-marcelo-camargo-agencira-brasil.jpg\",\"width\":1200,\"height\":675,\"caption\":\"Imposto de Renda. Foto: Marcelo Camargo\/Ag\u00eancia Brasil\"},{\"@type\":\"BreadcrumbList\",\"@id\":\"https:\/\/www.suno.com.br\/noticias\/colunas\/alice-porto\/ir-2023-mudancas\/#breadcrumb\",\"itemListElement\":[{\"@type\":\"ListItem\",\"position\":1,\"name\":\"Not\u00edcias\",\"item\":\"https:\/\/www.suno.com.br\/noticias\/\"},{\"@type\":\"ListItem\",\"position\":2,\"name\":\"Colunas\",\"item\":\"https:\/\/www.suno.com.br\/noticias\/colunas\/\"},{\"@type\":\"ListItem\",\"position\":3,\"name\":\"As novidades do IRPF 2023\"}]},{\"@type\":\"WebSite\",\"@id\":\"https:\/\/www.suno.com.br\/noticias\/#website\",\"url\":\"https:\/\/www.suno.com.br\/noticias\/\",\"name\":\"Suno Not\u00edcias\",\"description\":\"Seu portal de informa\u00e7\u00e3o sobre o mundo dos investimentos\",\"publisher\":{\"@id\":\"https:\/\/www.suno.com.br\/noticias\/#organization\"},\"potentialAction\":[{\"@type\":\"SearchAction\",\"target\":{\"@type\":\"EntryPoint\",\"urlTemplate\":\"https:\/\/www.suno.com.br\/noticias\/?s={search_term_string}\"},\"query-input\":{\"@type\":\"PropertyValueSpecification\",\"valueRequired\":true,\"valueName\":\"search_term_string\"}}],\"inLanguage\":\"pt-BR\"},{\"@type\":\"Organization\",\"@id\":\"https:\/\/www.suno.com.br\/noticias\/#organization\",\"name\":\"Suno Not\u00edcias\",\"url\":\"https:\/\/www.suno.com.br\/noticias\/\",\"logo\":{\"@type\":\"ImageObject\",\"inLanguage\":\"pt-BR\",\"@id\":\"https:\/\/www.suno.com.br\/noticias\/#\/schema\/logo\/image\/\",\"url\":\"https:\/\/files.sunoresearch.com.br\/n\/uploads\/2021\/09\/suno-logo.png\",\"contentUrl\":\"https:\/\/files.sunoresearch.com.br\/n\/uploads\/2021\/09\/suno-logo.png\",\"width\":180,\"height\":180,\"caption\":\"Suno Not\u00edcias\"},\"image\":{\"@id\":\"https:\/\/www.suno.com.br\/noticias\/#\/schema\/logo\/image\/\"},\"sameAs\":[\"https:\/\/facebook.com\/sunoresearch\",\"https:\/\/x.com\/sunoresearch\",\"https:\/\/www.instagram.com\/suno\",\"https:\/\/www.linkedin.com\/company\/suno-research\/\",\"https:\/\/www.youtube.com\/c\/sunoresearch\"]},{\"@type\":\"Person\",\"@id\":\"https:\/\/www.suno.com.br\/noticias\/#\/schema\/person\/7bace7aa1ad3a4850791903590cccb84\",\"name\":\"Alice Porto\",\"image\":{\"@type\":\"ImageObject\",\"inLanguage\":\"pt-BR\",\"@id\":\"https:\/\/www.suno.com.br\/noticias\/#\/schema\/person\/image\/\",\"url\":\"https:\/\/secure.gravatar.com\/avatar\/ca59176af9d0c3b016a44136d2586050?s=96&r=g\",\"contentUrl\":\"https:\/\/secure.gravatar.com\/avatar\/ca59176af9d0c3b016a44136d2586050?s=96&r=g\",\"caption\":\"Alice Porto\"},\"description\":\"Alice Porto \u00e9 empreendedora com mais de 25 anos de experi\u00eancia multidisciplinar em Gest\u00e3o de Neg\u00f3cios, nos setores de ind\u00fastria, com\u00e9rcio e assessoria tribut\u00e1ria de investimentos de Bolsa, e tamb\u00e9m realiza um trabalho de forma\u00e7\u00e3o educacional tribut\u00e1ria, atrav\u00e9s de uma linguagem acess\u00edvel e inusitada nas redes sociais. \u00c9 a primeira profissional do Brasil especializada em tributa\u00e7\u00e3o para investidores de Bolsa brasileira e americana, e \u00e9 autora do livro \\\"101 Perguntas e Respostas Sobre Tributa\u00e7\u00e3o em Renda Vari\u00e1vel. Youtube: https:\/\/www.youtube.com\/c\/ContadoradaBolsa\",\"sameAs\":[\"https:\/\/www.youtube.com\/c\/ContadoradaBolsa\",\"https:\/\/www.instagram.com\/contadoradabolsa\",\"https:\/\/www.linkedin.com\/in\/alice-porto-14b28b9a\/\",\"https:\/\/x.com\/_aliceporto\"],\"url\":\"https:\/\/www.suno.com.br\/noticias\/author\/alice-porto\/\"}]}<\/script>\n<!-- \/ Yoast SEO plugin. -->","yoast_head_json":{"title":"As novidades do IRPF 2023 - Suno Not\u00edcias","description":"A Declara\u00e7\u00e3o Anual chegou e o investidor que se enquadra nos crit\u00e9rios de obrigatoriedade n\u00e3o pode evit\u00e1-la. Veja as mudan\u00e7as no IR 2023","robots":{"index":"index","follow":"follow","max-snippet":"max-snippet:-1","max-image-preview":"max-image-preview:large","max-video-preview":"max-video-preview:-1"},"canonical":"https:\/\/www.suno.com.br\/noticias\/colunas\/alice-porto\/ir-2023-mudancas\/","og_locale":"pt_BR","og_type":"article","og_title":"As novidades do IRPF 2023 - Suno Not\u00edcias","og_description":"A Declara\u00e7\u00e3o Anual chegou e o investidor que se enquadra nos crit\u00e9rios de obrigatoriedade n\u00e3o pode evit\u00e1-la. Veja as mudan\u00e7as no IR 2023","og_url":"https:\/\/www.suno.com.br\/noticias\/colunas\/alice-porto\/ir-2023-mudancas\/","og_site_name":"Suno Not\u00edcias","article_publisher":"https:\/\/facebook.com\/sunoresearch","og_image":[{"width":1200,"height":675,"url":"https:\/\/files.sunoresearch.com.br\/n\/uploads\/2023\/02\/imposto-de-renda-2023-foto-marcelo-camargo-agencira-brasil.jpg","type":"image\/jpeg"}],"twitter_card":"summary_large_image","twitter_site":"@sunoresearch","twitter_misc":{"Est. tempo de leitura":"4 minutos"},"schema":{"@context":"https:\/\/schema.org","@graph":[{"@type":"Article","@id":"https:\/\/www.suno.com.br\/noticias\/colunas\/alice-porto\/ir-2023-mudancas\/#article","isPartOf":{"@id":"https:\/\/www.suno.com.br\/noticias\/colunas\/alice-porto\/ir-2023-mudancas\/"},"author":{"name":"Alice Porto","@id":"https:\/\/www.suno.com.br\/noticias\/#\/schema\/person\/7bace7aa1ad3a4850791903590cccb84"},"headline":"As novidades do IRPF 2023","datePublished":"2023-03-28T11:12:00+00:00","dateModified":"2023-03-28T17:59:26+00:00","mainEntityOfPage":{"@id":"https:\/\/www.suno.com.br\/noticias\/colunas\/alice-porto\/ir-2023-mudancas\/"},"wordCount":717,"publisher":{"@id":"https:\/\/www.suno.com.br\/noticias\/#organization"},"image":{"@id":"https:\/\/www.suno.com.br\/noticias\/colunas\/alice-porto\/ir-2023-mudancas\/#primaryimage"},"thumbnailUrl":"https:\/\/files.sunoresearch.com.br\/n\/uploads\/2023\/02\/imposto-de-renda-2023-foto-marcelo-camargo-agencira-brasil.jpg","keywords":["Imposto de Renda"],"inLanguage":"pt-BR"},{"@type":"WebPage","@id":"https:\/\/www.suno.com.br\/noticias\/colunas\/alice-porto\/ir-2023-mudancas\/","url":"https:\/\/www.suno.com.br\/noticias\/colunas\/alice-porto\/ir-2023-mudancas\/","name":"As novidades do IRPF 2023 - Suno Not\u00edcias","isPartOf":{"@id":"https:\/\/www.suno.com.br\/noticias\/#website"},"primaryImageOfPage":{"@id":"https:\/\/www.suno.com.br\/noticias\/colunas\/alice-porto\/ir-2023-mudancas\/#primaryimage"},"image":{"@id":"https:\/\/www.suno.com.br\/noticias\/colunas\/alice-porto\/ir-2023-mudancas\/#primaryimage"},"thumbnailUrl":"https:\/\/files.sunoresearch.com.br\/n\/uploads\/2023\/02\/imposto-de-renda-2023-foto-marcelo-camargo-agencira-brasil.jpg","datePublished":"2023-03-28T11:12:00+00:00","dateModified":"2023-03-28T17:59:26+00:00","description":"A Declara\u00e7\u00e3o Anual chegou e o investidor que se enquadra nos crit\u00e9rios de obrigatoriedade n\u00e3o pode evit\u00e1-la. Veja as mudan\u00e7as no IR 2023","breadcrumb":{"@id":"https:\/\/www.suno.com.br\/noticias\/colunas\/alice-porto\/ir-2023-mudancas\/#breadcrumb"},"inLanguage":"pt-BR","potentialAction":[{"@type":"ReadAction","target":["https:\/\/www.suno.com.br\/noticias\/colunas\/alice-porto\/ir-2023-mudancas\/"]}]},{"@type":"ImageObject","inLanguage":"pt-BR","@id":"https:\/\/www.suno.com.br\/noticias\/colunas\/alice-porto\/ir-2023-mudancas\/#primaryimage","url":"https:\/\/files.sunoresearch.com.br\/n\/uploads\/2023\/02\/imposto-de-renda-2023-foto-marcelo-camargo-agencira-brasil.jpg","contentUrl":"https:\/\/files.sunoresearch.com.br\/n\/uploads\/2023\/02\/imposto-de-renda-2023-foto-marcelo-camargo-agencira-brasil.jpg","width":1200,"height":675,"caption":"Imposto de Renda. Foto: Marcelo Camargo\/Ag\u00eancia Brasil"},{"@type":"BreadcrumbList","@id":"https:\/\/www.suno.com.br\/noticias\/colunas\/alice-porto\/ir-2023-mudancas\/#breadcrumb","itemListElement":[{"@type":"ListItem","position":1,"name":"Not\u00edcias","item":"https:\/\/www.suno.com.br\/noticias\/"},{"@type":"ListItem","position":2,"name":"Colunas","item":"https:\/\/www.suno.com.br\/noticias\/colunas\/"},{"@type":"ListItem","position":3,"name":"As novidades do IRPF 2023"}]},{"@type":"WebSite","@id":"https:\/\/www.suno.com.br\/noticias\/#website","url":"https:\/\/www.suno.com.br\/noticias\/","name":"Suno Not\u00edcias","description":"Seu portal de informa\u00e7\u00e3o sobre o mundo dos investimentos","publisher":{"@id":"https:\/\/www.suno.com.br\/noticias\/#organization"},"potentialAction":[{"@type":"SearchAction","target":{"@type":"EntryPoint","urlTemplate":"https:\/\/www.suno.com.br\/noticias\/?s={search_term_string}"},"query-input":{"@type":"PropertyValueSpecification","valueRequired":true,"valueName":"search_term_string"}}],"inLanguage":"pt-BR"},{"@type":"Organization","@id":"https:\/\/www.suno.com.br\/noticias\/#organization","name":"Suno Not\u00edcias","url":"https:\/\/www.suno.com.br\/noticias\/","logo":{"@type":"ImageObject","inLanguage":"pt-BR","@id":"https:\/\/www.suno.com.br\/noticias\/#\/schema\/logo\/image\/","url":"https:\/\/files.sunoresearch.com.br\/n\/uploads\/2021\/09\/suno-logo.png","contentUrl":"https:\/\/files.sunoresearch.com.br\/n\/uploads\/2021\/09\/suno-logo.png","width":180,"height":180,"caption":"Suno Not\u00edcias"},"image":{"@id":"https:\/\/www.suno.com.br\/noticias\/#\/schema\/logo\/image\/"},"sameAs":["https:\/\/facebook.com\/sunoresearch","https:\/\/x.com\/sunoresearch","https:\/\/www.instagram.com\/suno","https:\/\/www.linkedin.com\/company\/suno-research\/","https:\/\/www.youtube.com\/c\/sunoresearch"]},{"@type":"Person","@id":"https:\/\/www.suno.com.br\/noticias\/#\/schema\/person\/7bace7aa1ad3a4850791903590cccb84","name":"Alice Porto","image":{"@type":"ImageObject","inLanguage":"pt-BR","@id":"https:\/\/www.suno.com.br\/noticias\/#\/schema\/person\/image\/","url":"https:\/\/secure.gravatar.com\/avatar\/ca59176af9d0c3b016a44136d2586050?s=96&r=g","contentUrl":"https:\/\/secure.gravatar.com\/avatar\/ca59176af9d0c3b016a44136d2586050?s=96&r=g","caption":"Alice Porto"},"description":"Alice Porto \u00e9 empreendedora com mais de 25 anos de experi\u00eancia multidisciplinar em Gest\u00e3o de Neg\u00f3cios, nos setores de ind\u00fastria, com\u00e9rcio e assessoria tribut\u00e1ria de investimentos de Bolsa, e tamb\u00e9m realiza um trabalho de forma\u00e7\u00e3o educacional tribut\u00e1ria, atrav\u00e9s de uma linguagem acess\u00edvel e inusitada nas redes sociais. \u00c9 a primeira profissional do Brasil especializada em tributa\u00e7\u00e3o para investidores de Bolsa brasileira e americana, e \u00e9 autora do livro \"101 Perguntas e Respostas Sobre Tributa\u00e7\u00e3o em Renda Vari\u00e1vel. Youtube: https:\/\/www.youtube.com\/c\/ContadoradaBolsa","sameAs":["https:\/\/www.youtube.com\/c\/ContadoradaBolsa","https:\/\/www.instagram.com\/contadoradabolsa","https:\/\/www.linkedin.com\/in\/alice-porto-14b28b9a\/","https:\/\/x.com\/_aliceporto"],"url":"https:\/\/www.suno.com.br\/noticias\/author\/alice-porto\/"}]}},"amp_enabled":true,"_links":{"self":[{"href":"https:\/\/www.suno.com.br\/noticias\/wp-json\/wp\/v2\/suno_column\/381354"}],"collection":[{"href":"https:\/\/www.suno.com.br\/noticias\/wp-json\/wp\/v2\/suno_column"}],"about":[{"href":"https:\/\/www.suno.com.br\/noticias\/wp-json\/wp\/v2\/types\/suno_column"}],"author":[{"embeddable":true,"href":"https:\/\/www.suno.com.br\/noticias\/wp-json\/wp\/v2\/users\/96"}],"wp:featuredmedia":[{"embeddable":true,"href":"https:\/\/www.suno.com.br\/noticias\/wp-json\/wp\/v2\/media\/363902"}],"wp:attachment":[{"href":"https:\/\/www.suno.com.br\/noticias\/wp-json\/wp\/v2\/media?parent=381354"}],"wp:term":[{"taxonomy":"post_tag","embeddable":true,"href":"https:\/\/www.suno.com.br\/noticias\/wp-json\/wp\/v2\/tags?post=381354"}],"curies":[{"name":"wp","href":"https:\/\/api.w.org\/{rel}","templated":true}]}}