{"id":381047,"date":"2023-03-27T12:51:17","date_gmt":"2023-03-27T15:51:17","guid":{"rendered":"https:\/\/www.suno.com.br\/noticias\/colunas\/marco-lopes\/\/"},"modified":"2023-03-27T13:04:29","modified_gmt":"2023-03-27T16:04:29","slug":"fiis-tijolo-recuperacao","status":"publish","type":"suno_column","link":"https:\/\/www.suno.com.br\/noticias\/colunas\/gustavo-asdourian\/fiis-tijolo-recuperacao\/","title":{"rendered":"A recupera\u00e7\u00e3o dos FIIs de tijolo"},"content":{"rendered":"<p>Nos \u00faltimos dois anos, com a acelera\u00e7\u00e3o da infla\u00e7\u00e3o, a meta da taxa Selic foi elevada de 2% ao ano para 13,75% ao ano. Esse aumento substancial em um curto espa\u00e7o de tempo fez com que os ativos negociados em bolsa, de forma geral, sofressem varia\u00e7\u00f5es negativas em seus pre\u00e7os. Os <strong>FIIs<\/strong> listados em bolsa n\u00e3o ficaram ilesos a este processo, apresentando queda nos pre\u00e7os de suas cotas. Com a oportunidade de ganhar 13,75% na renda fixa, naturalmente os investidores exigiram mais retorno para comprar cotas dos FIIs.<\/p>\t<div class=\"wrapper-featured-image\">\n\t\t<figure class=\"spotlightImg\">\n\n\t\t\t<picture>\n\t\t\t\t<source media=\"(max-width: 768px)\" srcset=\"https:\/\/files.sunoresearch.com.br\/n\/uploads\/2023\/03\/architecture-g3c0834c2d_1920-400x200.jpg\">\n\t\t\t\t<img loading=\"lazy\" decoding=\"async\" class=\"newsContent__article__imgCapa lazyloadDisabled \" src=\"https:\/\/files.sunoresearch.com.br\/n\/uploads\/2023\/03\/architecture-g3c0834c2d_1920-800x450.jpg\" width=\"800\" height=\"450\" alt=\"A recupera\u00e7\u00e3o dos FIIs de tijolo\" fetchpriority=high \/>\n\t\t\t<\/picture>\n\n\t\t\t<figcaption class=\"wp-caption-text wp-caption-text--show\">XPML11 compra participa\u00e7\u00e3o de shopping no Rio de Janeiro; saiba qual. Foto: Unsplash<\/figcaption>\n\t\t<\/figure>\n\t<\/div>\n\n\n\n\n\n\t<p>\n\t\t<a href=\"\" target=\"_blank\" data-element=\"shortcode-suno-banner\" title=\"Banner SUNO, clique e saiba mais\">\n\t\t\t<picture>\n\t\t\t\t<source media=\"(max-width: 500px)\" srcset=\"\">\n\t\t\t\t<img class=\"newsContent__article__imgCapa newsContent__article__imgCapa--banner\"\n\t\t\t\t\tsrc=\"\"\n\t\t\t\t\tdata-promo-id=\"77050\"\t\t\t\t\t\t\t\t\t\t\t\t\t\t\talt=\"\"\n\t\t\t\t>\n\t\t\t<\/picture>\n\t\t<\/a>\n\t<\/p>\n\n\n\n\n\n\n\n<p>Entretanto, quando olhamos para a economia real, percebemos que o <strong>setor de log\u00edstica<\/strong> est\u00e1 aquecido. No \u00e2mbito nacional a vac\u00e2ncia vem caindo desde 2017, de 24,8% para 10,5% em 2022. O Brasil ainda carece muito de infraestrutura e a log\u00edstica \u00e9 parte importante dela. Nos \u00faltimos anos, observamos aumento na oferta, \u00e0 medida que novos empreendimentos foram sendo entregues, mas a demanda foi consistentemente mais forte, provocando essa redu\u00e7\u00e3o na vac\u00e2ncia. J\u00e1 no segmento de <strong>lajes comerciais<\/strong> na cidade de S\u00e3o Paulo, ap\u00f3s uma alta acentuada na vac\u00e2ncia a partir de 2020 com a pandemia, j\u00e1 observamos recupera\u00e7\u00e3o nos \u00faltimos meses. Ou seja, este segmento tamb\u00e9m apresenta uma melhora. Com o fim da pandemia, a reabertura da economia est\u00e1 trazendo cada vez mais as pessoas de volta presencialmente aos escrit\u00f3rios. Muitas empresas comentam que o trabalho presencial \u00e9 fundamental para transmiss\u00e3o da cultura da companhia aos trabalhadores mais novos. Tamb\u00e9m observamos que formatos h\u00edbridos, que antes consistiam em um ou dois dias por semana no escrit\u00f3rio agora j\u00e1 se inverteram. Onde, agora, os colaboradores ficam apenas um dia em casa.<\/p>\n\n\n\t<p>\n\t\t<a href=\"https:\/\/lp.suno.com.br\/planilha-controle-gastos\/\" target=\"_blank\" data-element=\"shortcode-suno-banner\" title=\"Banner SUNO, clique e saiba mais\">\n\t\t\t<picture>\n\t\t\t\t<source media=\"(max-width: 500px)\" srcset=\"https:\/\/files.sunoresearch.com.br\/n\/uploads\/2023\/03\/400x300-Planilha-controle-de-gastos.png\">\n\t\t\t\t<img class=\"newsContent__article__imgCapa newsContent__article__imgCapa--banner\"\n\t\t\t\t\tsrc=\"https:\/\/files.sunoresearch.com.br\/n\/uploads\/2023\/03\/1420x240-Planilha-controle-de-gastos.png\"\n\t\t\t\t\tdata-promo-id=\"101751\"\t\t\t\t\t\t\t\t\t\twidth='1420' height='240'\t\t\t\t\talt=\"https:\/\/files.sunoresearch.com.br\/n\/uploads\/2023\/03\/1420x240-Planilha-controle-de-gastos.png\"\n\t\t\t\t>\n\t\t\t<\/picture>\n\t\t<\/a>\n\t<\/p>\n\n\n\n\n\n<p>Al\u00e9m da an\u00e1lise da economia real, quando olhamos para a parte macroecon\u00f4mica, j\u00e1 \u00e9 consenso no mercado que o <strong>ciclo de alta na taxa Selic<\/strong> est\u00e1 chegando ao fim, se \u00e9 que n\u00e3o terminou. A infla\u00e7\u00e3o ainda est\u00e1 acima da meta, mas vem perdendo for\u00e7a desde meados do ano passado. O PIB apresentou varia\u00e7\u00e3o negativa no \u00faltimo trimestre e o desemprego vem aumentando.<\/p>\n\n\n\n<p>Desta forma, com a economia real no setor de escrit\u00f3rios e log\u00edstica apresentando um bom desempenho e com visibilidade de curto prazo para uma virada na parte macroecon\u00f4mica, os <strong>FIIs de tijolo<\/strong> podem ter um bom desempenho na valoriza\u00e7\u00e3o do pre\u00e7o de suas cotas at\u00e9 o final desse ano. Lembrando que o mercado financeiro antecipa os movimentos macroecon\u00f4micos, ou seja, n\u00e3o \u00e9 necess\u00e1rio esperar a taxa Selic cair de forma relevante para uma rea\u00e7\u00e3o nos pre\u00e7os dos ativos negociados em bolsa. Uma mudan\u00e7a nas expectativas j\u00e1 pode gerar esse movimento.<\/p>\n\n\n\t<p>\n\t\t<a href=\"https:\/\/lp.suno.com.br\/planilha-da-vida-financeira\/\" target=\"_blank\" data-element=\"shortcode-suno-banner\" title=\"Banner SUNO, clique e saiba mais\">\n\t\t\t<picture>\n\t\t\t\t<source media=\"(max-width: 500px)\" srcset=\"https:\/\/files.sunoresearch.com.br\/n\/uploads\/2023\/04\/400x300-Planilha-vida-financeira-true.png\">\n\t\t\t\t<img class=\"newsContent__article__imgCapa newsContent__article__imgCapa--banner\"\n\t\t\t\t\tsrc=\"https:\/\/files.sunoresearch.com.br\/n\/uploads\/2023\/04\/1420x240-Planilha-vida-financeira-true.png\"\n\t\t\t\t\tdata-promo-id=\"106682\"\t\t\t\t\t\t\t\t\t\twidth='1420' height='240'\t\t\t\t\talt=\"https:\/\/files.sunoresearch.com.br\/n\/uploads\/2023\/04\/1420x240-Planilha-vida-financeira-true.png\"\n\t\t\t\t>\n\t\t\t<\/picture>\n\t\t<\/a>\n\t<\/p>\n\n\n","protected":false},"excerpt":{"rendered":"<p>Nos \u00faltimos dois anos, com a acelera\u00e7\u00e3o da infla\u00e7\u00e3o, a meta da taxa Selic foi elevada de 2% ao ano para 13,75% ao ano. Esse aumento substancial em um curto espa\u00e7o de t&#8230;<\/p>\n","protected":false},"author":139,"featured_media":370251,"template":"","tags":[315],"class_list":["post-381047","suno_column","type-suno_column","status-publish","has-post-thumbnail","hentry","tag-fundos-imobiliarios-fiis"],"yoast_head":"<!-- This site is optimized with the Yoast SEO plugin v24.4 - https:\/\/yoast.com\/wordpress\/plugins\/seo\/ -->\n<title>A recupera\u00e7\u00e3o dos FIIs de tijolo - Suno Not\u00edcias<\/title>\n<meta name=\"description\" content=\"Os FIIs de tijolo podem ter um bom desempenho na valoriza\u00e7\u00e3o do pre\u00e7o de suas cotas at\u00e9 o final deste ano. Entenda mais aqui\" \/>\n<meta name=\"robots\" content=\"index, follow, max-snippet:-1, max-image-preview:large, max-video-preview:-1\" \/>\n<link rel=\"canonical\" href=\"https:\/\/www.suno.com.br\/noticias\/colunas\/gustavo-asdourian\/fiis-tijolo-recuperacao\/\" \/>\n<meta property=\"og:locale\" content=\"pt_BR\" \/>\n<meta property=\"og:type\" content=\"article\" \/>\n<meta property=\"og:title\" content=\"A recupera\u00e7\u00e3o dos FIIs de tijolo - Suno Not\u00edcias\" \/>\n<meta property=\"og:description\" content=\"Os FIIs de tijolo podem ter um bom desempenho na valoriza\u00e7\u00e3o do pre\u00e7o de suas cotas at\u00e9 o final deste ano. Entenda mais aqui\" \/>\n<meta property=\"og:url\" content=\"https:\/\/www.suno.com.br\/noticias\/colunas\/gustavo-asdourian\/fiis-tijolo-recuperacao\/\" \/>\n<meta property=\"og:site_name\" content=\"Suno Not\u00edcias\" \/>\n<meta property=\"article:publisher\" content=\"https:\/\/facebook.com\/sunoresearch\" \/>\n<meta property=\"og:image\" content=\"https:\/\/files.sunoresearch.com.br\/n\/uploads\/2023\/03\/architecture-g3c0834c2d_1920.jpg\" \/>\n\t<meta property=\"og:image:width\" content=\"1920\" \/>\n\t<meta property=\"og:image:height\" content=\"1280\" \/>\n\t<meta property=\"og:image:type\" content=\"image\/jpeg\" \/>\n<meta name=\"twitter:card\" content=\"summary_large_image\" \/>\n<meta name=\"twitter:site\" content=\"@sunoresearch\" \/>\n<meta name=\"twitter:label1\" content=\"Est. tempo de leitura\" \/>\n\t<meta name=\"twitter:data1\" content=\"3 minutos\" \/>\n<script type=\"application\/ld+json\" class=\"yoast-schema-graph\">{\"@context\":\"https:\/\/schema.org\",\"@graph\":[{\"@type\":\"Article\",\"@id\":\"https:\/\/www.suno.com.br\/noticias\/colunas\/gustavo-asdourian\/fiis-tijolo-recuperacao\/#article\",\"isPartOf\":{\"@id\":\"https:\/\/www.suno.com.br\/noticias\/colunas\/gustavo-asdourian\/fiis-tijolo-recuperacao\/\"},\"author\":{\"name\":\"Gustavo Asdourian\",\"@id\":\"https:\/\/www.suno.com.br\/noticias\/#\/schema\/person\/cc5b91057b8311ba636e225f125a4120\"},\"headline\":\"A recupera\u00e7\u00e3o dos FIIs de tijolo\",\"datePublished\":\"2023-03-27T15:51:17+00:00\",\"dateModified\":\"2023-03-27T16:04:29+00:00\",\"mainEntityOfPage\":{\"@id\":\"https:\/\/www.suno.com.br\/noticias\/colunas\/gustavo-asdourian\/fiis-tijolo-recuperacao\/\"},\"wordCount\":463,\"publisher\":{\"@id\":\"https:\/\/www.suno.com.br\/noticias\/#organization\"},\"image\":{\"@id\":\"https:\/\/www.suno.com.br\/noticias\/colunas\/gustavo-asdourian\/fiis-tijolo-recuperacao\/#primaryimage\"},\"thumbnailUrl\":\"https:\/\/files.sunoresearch.com.br\/n\/uploads\/2023\/03\/architecture-g3c0834c2d_1920.jpg\",\"keywords\":[\"Fundos Imobili\u00e1rios (FIIs)\"],\"inLanguage\":\"pt-BR\"},{\"@type\":\"WebPage\",\"@id\":\"https:\/\/www.suno.com.br\/noticias\/colunas\/gustavo-asdourian\/fiis-tijolo-recuperacao\/\",\"url\":\"https:\/\/www.suno.com.br\/noticias\/colunas\/gustavo-asdourian\/fiis-tijolo-recuperacao\/\",\"name\":\"A recupera\u00e7\u00e3o dos FIIs de tijolo - Suno Not\u00edcias\",\"isPartOf\":{\"@id\":\"https:\/\/www.suno.com.br\/noticias\/#website\"},\"primaryImageOfPage\":{\"@id\":\"https:\/\/www.suno.com.br\/noticias\/colunas\/gustavo-asdourian\/fiis-tijolo-recuperacao\/#primaryimage\"},\"image\":{\"@id\":\"https:\/\/www.suno.com.br\/noticias\/colunas\/gustavo-asdourian\/fiis-tijolo-recuperacao\/#primaryimage\"},\"thumbnailUrl\":\"https:\/\/files.sunoresearch.com.br\/n\/uploads\/2023\/03\/architecture-g3c0834c2d_1920.jpg\",\"datePublished\":\"2023-03-27T15:51:17+00:00\",\"dateModified\":\"2023-03-27T16:04:29+00:00\",\"description\":\"Os FIIs de tijolo podem ter um bom desempenho na valoriza\u00e7\u00e3o do pre\u00e7o de suas cotas at\u00e9 o final deste ano. Entenda mais aqui\",\"breadcrumb\":{\"@id\":\"https:\/\/www.suno.com.br\/noticias\/colunas\/gustavo-asdourian\/fiis-tijolo-recuperacao\/#breadcrumb\"},\"inLanguage\":\"pt-BR\",\"potentialAction\":[{\"@type\":\"ReadAction\",\"target\":[\"https:\/\/www.suno.com.br\/noticias\/colunas\/gustavo-asdourian\/fiis-tijolo-recuperacao\/\"]}]},{\"@type\":\"ImageObject\",\"inLanguage\":\"pt-BR\",\"@id\":\"https:\/\/www.suno.com.br\/noticias\/colunas\/gustavo-asdourian\/fiis-tijolo-recuperacao\/#primaryimage\",\"url\":\"https:\/\/files.sunoresearch.com.br\/n\/uploads\/2023\/03\/architecture-g3c0834c2d_1920.jpg\",\"contentUrl\":\"https:\/\/files.sunoresearch.com.br\/n\/uploads\/2023\/03\/architecture-g3c0834c2d_1920.jpg\",\"width\":1920,\"height\":1280,\"caption\":\"XPML11 compra participa\u00e7\u00e3o de shopping no Rio de Janeiro; saiba qual. Foto: Unsplash\"},{\"@type\":\"BreadcrumbList\",\"@id\":\"https:\/\/www.suno.com.br\/noticias\/colunas\/gustavo-asdourian\/fiis-tijolo-recuperacao\/#breadcrumb\",\"itemListElement\":[{\"@type\":\"ListItem\",\"position\":1,\"name\":\"Not\u00edcias\",\"item\":\"https:\/\/www.suno.com.br\/noticias\/\"},{\"@type\":\"ListItem\",\"position\":2,\"name\":\"Colunas\",\"item\":\"https:\/\/www.suno.com.br\/noticias\/colunas\/\"},{\"@type\":\"ListItem\",\"position\":3,\"name\":\"A recupera\u00e7\u00e3o dos FIIs de tijolo\"}]},{\"@type\":\"WebSite\",\"@id\":\"https:\/\/www.suno.com.br\/noticias\/#website\",\"url\":\"https:\/\/www.suno.com.br\/noticias\/\",\"name\":\"Suno Not\u00edcias\",\"description\":\"Seu portal de informa\u00e7\u00e3o sobre o mundo dos investimentos\",\"publisher\":{\"@id\":\"https:\/\/www.suno.com.br\/noticias\/#organization\"},\"potentialAction\":[{\"@type\":\"SearchAction\",\"target\":{\"@type\":\"EntryPoint\",\"urlTemplate\":\"https:\/\/www.suno.com.br\/noticias\/?s={search_term_string}\"},\"query-input\":{\"@type\":\"PropertyValueSpecification\",\"valueRequired\":true,\"valueName\":\"search_term_string\"}}],\"inLanguage\":\"pt-BR\"},{\"@type\":\"Organization\",\"@id\":\"https:\/\/www.suno.com.br\/noticias\/#organization\",\"name\":\"Suno Not\u00edcias\",\"url\":\"https:\/\/www.suno.com.br\/noticias\/\",\"logo\":{\"@type\":\"ImageObject\",\"inLanguage\":\"pt-BR\",\"@id\":\"https:\/\/www.suno.com.br\/noticias\/#\/schema\/logo\/image\/\",\"url\":\"https:\/\/files.sunoresearch.com.br\/n\/uploads\/2021\/09\/suno-logo.png\",\"contentUrl\":\"https:\/\/files.sunoresearch.com.br\/n\/uploads\/2021\/09\/suno-logo.png\",\"width\":180,\"height\":180,\"caption\":\"Suno Not\u00edcias\"},\"image\":{\"@id\":\"https:\/\/www.suno.com.br\/noticias\/#\/schema\/logo\/image\/\"},\"sameAs\":[\"https:\/\/facebook.com\/sunoresearch\",\"https:\/\/x.com\/sunoresearch\",\"https:\/\/www.instagram.com\/suno\",\"https:\/\/www.linkedin.com\/company\/suno-research\/\",\"https:\/\/www.youtube.com\/c\/sunoresearch\"]},{\"@type\":\"Person\",\"@id\":\"https:\/\/www.suno.com.br\/noticias\/#\/schema\/person\/cc5b91057b8311ba636e225f125a4120\",\"name\":\"Gustavo Asdourian\",\"image\":{\"@type\":\"ImageObject\",\"inLanguage\":\"pt-BR\",\"@id\":\"https:\/\/www.suno.com.br\/noticias\/#\/schema\/person\/image\/\",\"url\":\"https:\/\/secure.gravatar.com\/avatar\/d3ed65ee17a52140c4a1bb16f8aeec42?s=96&r=g\",\"contentUrl\":\"https:\/\/secure.gravatar.com\/avatar\/d3ed65ee17a52140c4a1bb16f8aeec42?s=96&r=g\",\"caption\":\"Gustavo Asdourian\"},\"description\":\"Gustavo Asdourian \u00e9 s\u00f3cio-fundador da Guardian Gestora, sobre FIIs\",\"url\":\"https:\/\/www.suno.com.br\/noticias\/author\/gustavo-asdourian\/\"}]}<\/script>\n<!-- \/ Yoast SEO plugin. -->","yoast_head_json":{"title":"A recupera\u00e7\u00e3o dos FIIs de tijolo - Suno Not\u00edcias","description":"Os FIIs de tijolo podem ter um bom desempenho na valoriza\u00e7\u00e3o do pre\u00e7o de suas cotas at\u00e9 o final deste ano. Entenda mais aqui","robots":{"index":"index","follow":"follow","max-snippet":"max-snippet:-1","max-image-preview":"max-image-preview:large","max-video-preview":"max-video-preview:-1"},"canonical":"https:\/\/www.suno.com.br\/noticias\/colunas\/gustavo-asdourian\/fiis-tijolo-recuperacao\/","og_locale":"pt_BR","og_type":"article","og_title":"A recupera\u00e7\u00e3o dos FIIs de tijolo - Suno Not\u00edcias","og_description":"Os FIIs de tijolo podem ter um bom desempenho na valoriza\u00e7\u00e3o do pre\u00e7o de suas cotas at\u00e9 o final deste ano. Entenda mais aqui","og_url":"https:\/\/www.suno.com.br\/noticias\/colunas\/gustavo-asdourian\/fiis-tijolo-recuperacao\/","og_site_name":"Suno Not\u00edcias","article_publisher":"https:\/\/facebook.com\/sunoresearch","og_image":[{"width":1920,"height":1280,"url":"https:\/\/files.sunoresearch.com.br\/n\/uploads\/2023\/03\/architecture-g3c0834c2d_1920.jpg","type":"image\/jpeg"}],"twitter_card":"summary_large_image","twitter_site":"@sunoresearch","twitter_misc":{"Est. tempo de leitura":"3 minutos"},"schema":{"@context":"https:\/\/schema.org","@graph":[{"@type":"Article","@id":"https:\/\/www.suno.com.br\/noticias\/colunas\/gustavo-asdourian\/fiis-tijolo-recuperacao\/#article","isPartOf":{"@id":"https:\/\/www.suno.com.br\/noticias\/colunas\/gustavo-asdourian\/fiis-tijolo-recuperacao\/"},"author":{"name":"Gustavo Asdourian","@id":"https:\/\/www.suno.com.br\/noticias\/#\/schema\/person\/cc5b91057b8311ba636e225f125a4120"},"headline":"A recupera\u00e7\u00e3o dos FIIs de tijolo","datePublished":"2023-03-27T15:51:17+00:00","dateModified":"2023-03-27T16:04:29+00:00","mainEntityOfPage":{"@id":"https:\/\/www.suno.com.br\/noticias\/colunas\/gustavo-asdourian\/fiis-tijolo-recuperacao\/"},"wordCount":463,"publisher":{"@id":"https:\/\/www.suno.com.br\/noticias\/#organization"},"image":{"@id":"https:\/\/www.suno.com.br\/noticias\/colunas\/gustavo-asdourian\/fiis-tijolo-recuperacao\/#primaryimage"},"thumbnailUrl":"https:\/\/files.sunoresearch.com.br\/n\/uploads\/2023\/03\/architecture-g3c0834c2d_1920.jpg","keywords":["Fundos Imobili\u00e1rios (FIIs)"],"inLanguage":"pt-BR"},{"@type":"WebPage","@id":"https:\/\/www.suno.com.br\/noticias\/colunas\/gustavo-asdourian\/fiis-tijolo-recuperacao\/","url":"https:\/\/www.suno.com.br\/noticias\/colunas\/gustavo-asdourian\/fiis-tijolo-recuperacao\/","name":"A recupera\u00e7\u00e3o dos FIIs de tijolo - Suno Not\u00edcias","isPartOf":{"@id":"https:\/\/www.suno.com.br\/noticias\/#website"},"primaryImageOfPage":{"@id":"https:\/\/www.suno.com.br\/noticias\/colunas\/gustavo-asdourian\/fiis-tijolo-recuperacao\/#primaryimage"},"image":{"@id":"https:\/\/www.suno.com.br\/noticias\/colunas\/gustavo-asdourian\/fiis-tijolo-recuperacao\/#primaryimage"},"thumbnailUrl":"https:\/\/files.sunoresearch.com.br\/n\/uploads\/2023\/03\/architecture-g3c0834c2d_1920.jpg","datePublished":"2023-03-27T15:51:17+00:00","dateModified":"2023-03-27T16:04:29+00:00","description":"Os FIIs de tijolo podem ter um bom desempenho na valoriza\u00e7\u00e3o do pre\u00e7o de suas cotas at\u00e9 o final deste ano. Entenda mais aqui","breadcrumb":{"@id":"https:\/\/www.suno.com.br\/noticias\/colunas\/gustavo-asdourian\/fiis-tijolo-recuperacao\/#breadcrumb"},"inLanguage":"pt-BR","potentialAction":[{"@type":"ReadAction","target":["https:\/\/www.suno.com.br\/noticias\/colunas\/gustavo-asdourian\/fiis-tijolo-recuperacao\/"]}]},{"@type":"ImageObject","inLanguage":"pt-BR","@id":"https:\/\/www.suno.com.br\/noticias\/colunas\/gustavo-asdourian\/fiis-tijolo-recuperacao\/#primaryimage","url":"https:\/\/files.sunoresearch.com.br\/n\/uploads\/2023\/03\/architecture-g3c0834c2d_1920.jpg","contentUrl":"https:\/\/files.sunoresearch.com.br\/n\/uploads\/2023\/03\/architecture-g3c0834c2d_1920.jpg","width":1920,"height":1280,"caption":"XPML11 compra participa\u00e7\u00e3o de shopping no Rio de Janeiro; saiba qual. Foto: Unsplash"},{"@type":"BreadcrumbList","@id":"https:\/\/www.suno.com.br\/noticias\/colunas\/gustavo-asdourian\/fiis-tijolo-recuperacao\/#breadcrumb","itemListElement":[{"@type":"ListItem","position":1,"name":"Not\u00edcias","item":"https:\/\/www.suno.com.br\/noticias\/"},{"@type":"ListItem","position":2,"name":"Colunas","item":"https:\/\/www.suno.com.br\/noticias\/colunas\/"},{"@type":"ListItem","position":3,"name":"A recupera\u00e7\u00e3o dos FIIs de tijolo"}]},{"@type":"WebSite","@id":"https:\/\/www.suno.com.br\/noticias\/#website","url":"https:\/\/www.suno.com.br\/noticias\/","name":"Suno Not\u00edcias","description":"Seu portal de informa\u00e7\u00e3o sobre o mundo dos investimentos","publisher":{"@id":"https:\/\/www.suno.com.br\/noticias\/#organization"},"potentialAction":[{"@type":"SearchAction","target":{"@type":"EntryPoint","urlTemplate":"https:\/\/www.suno.com.br\/noticias\/?s={search_term_string}"},"query-input":{"@type":"PropertyValueSpecification","valueRequired":true,"valueName":"search_term_string"}}],"inLanguage":"pt-BR"},{"@type":"Organization","@id":"https:\/\/www.suno.com.br\/noticias\/#organization","name":"Suno Not\u00edcias","url":"https:\/\/www.suno.com.br\/noticias\/","logo":{"@type":"ImageObject","inLanguage":"pt-BR","@id":"https:\/\/www.suno.com.br\/noticias\/#\/schema\/logo\/image\/","url":"https:\/\/files.sunoresearch.com.br\/n\/uploads\/2021\/09\/suno-logo.png","contentUrl":"https:\/\/files.sunoresearch.com.br\/n\/uploads\/2021\/09\/suno-logo.png","width":180,"height":180,"caption":"Suno Not\u00edcias"},"image":{"@id":"https:\/\/www.suno.com.br\/noticias\/#\/schema\/logo\/image\/"},"sameAs":["https:\/\/facebook.com\/sunoresearch","https:\/\/x.com\/sunoresearch","https:\/\/www.instagram.com\/suno","https:\/\/www.linkedin.com\/company\/suno-research\/","https:\/\/www.youtube.com\/c\/sunoresearch"]},{"@type":"Person","@id":"https:\/\/www.suno.com.br\/noticias\/#\/schema\/person\/cc5b91057b8311ba636e225f125a4120","name":"Gustavo Asdourian","image":{"@type":"ImageObject","inLanguage":"pt-BR","@id":"https:\/\/www.suno.com.br\/noticias\/#\/schema\/person\/image\/","url":"https:\/\/secure.gravatar.com\/avatar\/d3ed65ee17a52140c4a1bb16f8aeec42?s=96&r=g","contentUrl":"https:\/\/secure.gravatar.com\/avatar\/d3ed65ee17a52140c4a1bb16f8aeec42?s=96&r=g","caption":"Gustavo Asdourian"},"description":"Gustavo Asdourian \u00e9 s\u00f3cio-fundador da Guardian Gestora, sobre FIIs","url":"https:\/\/www.suno.com.br\/noticias\/author\/gustavo-asdourian\/"}]}},"amp_enabled":true,"_links":{"self":[{"href":"https:\/\/www.suno.com.br\/noticias\/wp-json\/wp\/v2\/suno_column\/381047"}],"collection":[{"href":"https:\/\/www.suno.com.br\/noticias\/wp-json\/wp\/v2\/suno_column"}],"about":[{"href":"https:\/\/www.suno.com.br\/noticias\/wp-json\/wp\/v2\/types\/suno_column"}],"author":[{"embeddable":true,"href":"https:\/\/www.suno.com.br\/noticias\/wp-json\/wp\/v2\/users\/139"}],"wp:featuredmedia":[{"embeddable":true,"href":"https:\/\/www.suno.com.br\/noticias\/wp-json\/wp\/v2\/media\/370251"}],"wp:attachment":[{"href":"https:\/\/www.suno.com.br\/noticias\/wp-json\/wp\/v2\/media?parent=381047"}],"wp:term":[{"taxonomy":"post_tag","embeddable":true,"href":"https:\/\/www.suno.com.br\/noticias\/wp-json\/wp\/v2\/tags?post=381047"}],"curies":[{"name":"wp","href":"https:\/\/api.w.org\/{rel}","templated":true}]}}