{"id":380322,"date":"2023-03-29T08:00:49","date_gmt":"2023-03-29T11:00:49","guid":{"rendered":"https:\/\/www.suno.com.br\/noticias\/colunas\/janize-colaco\/\/"},"modified":"2023-03-24T12:33:31","modified_gmt":"2023-03-24T15:33:31","slug":"da-festa-ao-velorio-o-que-mudou-ibovespa","status":"publish","type":"suno_column","link":"https:\/\/www.suno.com.br\/noticias\/colunas\/gabriel-diniz-junqueira\/da-festa-ao-velorio-o-que-mudou-ibovespa\/","title":{"rendered":"Da festa ao vel\u00f3rio: o que mudou nos 100 mil pontos do Ibovespa"},"content":{"rendered":"<p>No dia 18 de mar\u00e7o de 2019 o <strong>Ibovespa<\/strong>, principal \u00edndice acion\u00e1rio da B3, atingiu pela primeira vez a marca de 100.000 pontos. Naquele ano a bolsa brasileira ainda chegaria \u00e0 expressiva marca de 115.000 pontos e bateria diversos recordes. Est\u00e1vamos no meio de um ciclo de alta iniciado em 2016. A marca dos 100.000, no entanto, ficou muito marcada, seja para representar um momento de prosperidade ou por simbolizar um patamar nunca antes visto! <em>Memes<\/em> e figurinhas viralizaram com convites para a suposta festa de comemora\u00e7\u00e3o desta marca hist\u00f3rica. Passados 4 anos o Ibovespa se aproxima novamente deste patamar, no entanto, pelo caminho reverso, da queda. A festa virou vel\u00f3rio, os <em>memes<\/em> inverteram e o pessimismo tomou conta da cena. Afinal o que tanto mudou nestes 4 anos para tamanha invertida de sentimento?&nbsp;<\/p>\t<div class=\"wrapper-featured-image\">\n\t\t<figure class=\"spotlightImg\">\n\n\t\t\t<picture>\n\t\t\t\t<source media=\"(max-width: 768px)\" srcset=\"https:\/\/files.sunoresearch.com.br\/n\/uploads\/2023\/03\/chart-gd72913af3_1920-e1692625644123-400x200.jpg\">\n\t\t\t\t<img loading=\"lazy\" decoding=\"async\" class=\"newsContent__article__imgCapa lazyloadDisabled \" src=\"https:\/\/files.sunoresearch.com.br\/n\/uploads\/2023\/03\/chart-gd72913af3_1920-e1692625644123-800x450.jpg\" width=\"800\" height=\"450\" alt=\"Da festa ao vel\u00f3rio: o que mudou nos 100 mil pontos do Ibovespa\" fetchpriority=high \/>\n\t\t\t<\/picture>\n\n\t\t\t<figcaption class=\"wp-caption-text wp-caption-text--show\">Ibovespa. Foto: Pixabay<\/figcaption>\n\t\t<\/figure>\n\t<\/div>\n\n\n\n\n\n\t<p>\n\t\t<a href=\"\" target=\"_blank\" data-element=\"shortcode-suno-banner\" title=\"Banner SUNO, clique e saiba mais\">\n\t\t\t<picture>\n\t\t\t\t<source media=\"(max-width: 500px)\" srcset=\"\">\n\t\t\t\t<img class=\"newsContent__article__imgCapa newsContent__article__imgCapa--banner\"\n\t\t\t\t\tsrc=\"\"\n\t\t\t\t\tdata-promo-id=\"138420\"\t\t\t\t\t\t\t\t\t\t\t\t\t\t\talt=\"\"\n\t\t\t\t>\n\t\t\t<\/picture>\n\t\t<\/a>\n\t<\/p>\n\n\n\n\n\n<p>Em 2019, o mundo se encontrava em um cen\u00e1rio muito positivo para investimentos. Os juros baixos trouxeram fluxo para ativos de risco, as principais guerras se aproximavam do fim e o ambiente de neg\u00f3cios prosperava. No cen\u00e1rio nacional n\u00e3o era diferente, reformas haviam sido aprovadas, outras tramitavam e os <strong>investidores brasileiros<\/strong> come\u00e7avam a deixar a poupan\u00e7a para se arriscar mais. Tudo indicava para um longo ciclo positivo. Mas em 2020 o jogo come\u00e7ou a virar. A pandemia da COVID-19 e o <em>lockdown<\/em> da economia global desestabilizaram as cadeias produtivas, necessitando um afrouxamento extremo das pol\u00edticas monet\u00e1rias afim de evitar uma crise ainda maior. As consequ\u00eancias desses atos, totalmente previs\u00edveis, puderam ser notadas nos anos seguintes.&nbsp;<\/p>\n\n\n\n<p>A forte inje\u00e7\u00e3o de dinheiro e juros<strong> <\/strong>ainda mais baixos causaram em 2021 um forte <strong><em>rally<\/em> nos mercados<\/strong>. Nosso querido Ibovespa atingiu sua m\u00e1xima hist\u00f3rica de 130.776 pontos em 7 de junho de 2021. Mas uma hora a conta desta festa teria que ser paga e \u00e9 exatamente esse movimento que estamos presenciando atualmente e que j\u00e1 dura 18 meses!&nbsp;<\/p>\n\n\n\n<p>Com a estabiliza\u00e7\u00e3o da pandemia e o gradual retorno das atividades econ\u00f4micas, o mundo deparou-se com uma<strong> infla\u00e7\u00e3o galopante<\/strong> que corroeria por completo o poder de compra da popula\u00e7\u00e3o. A situa\u00e7\u00e3o se tornou ainda mais cr\u00edtica quando no in\u00edcio de 2022, a R\u00fassia invadiu a Ucr\u00e2nia trazendo a guerra de volta ao continente Europeu depois de quase 30 anos. Tendo que lidar com o drag\u00e3o da infla\u00e7\u00e3o, Bancos Centrais ao redor do mundo tiveram que elevar o tom e reverter suas pol\u00edticas monet\u00e1rias. Iniciou-se ent\u00e3o um dos maiores ciclos de aperto monet\u00e1rio na hist\u00f3ria recente. <\/p>\n\n\n\t<p>\n\t\t<a href=\"https:\/\/lp.suno.com.br\/planilha-controle-gastos\/\" target=\"_blank\" data-element=\"shortcode-suno-banner\" title=\"Banner SUNO, clique e saiba mais\">\n\t\t\t<picture>\n\t\t\t\t<source media=\"(max-width: 500px)\" srcset=\"https:\/\/files.sunoresearch.com.br\/n\/uploads\/2023\/03\/400x300-Planilha-controle-de-gastos.png\">\n\t\t\t\t<img class=\"newsContent__article__imgCapa newsContent__article__imgCapa--banner\"\n\t\t\t\t\tsrc=\"https:\/\/files.sunoresearch.com.br\/n\/uploads\/2023\/03\/1420x240-Planilha-controle-de-gastos.png\"\n\t\t\t\t\tdata-promo-id=\"101751\"\t\t\t\t\t\t\t\t\t\twidth='1420' height='240'\t\t\t\t\talt=\"https:\/\/files.sunoresearch.com.br\/n\/uploads\/2023\/03\/1420x240-Planilha-controle-de-gastos.png\"\n\t\t\t\t>\n\t\t\t<\/picture>\n\t\t<\/a>\n\t<\/p>\n\n\n\n\n\n<p>As <strong>taxas de juros<\/strong> subiram e como j\u00e1 disse o grande investidor Warren Buffet: \u201cQuando a mar\u00e9 baixa \u00e9 que vemos quem est\u00e1 nadando pelado\u201d. Sem a facilidade de conseguir dinheiro, muitos neg\u00f3cios est\u00e3o enfrentando dificuldade para se manter de p\u00e9 e somado aos esc\u00e2ndalos recentes em grandes empresas nacionais e internacionais, tudo indica para al\u00e9m dos juros altos que uma crise de cr\u00e9dito est\u00e1 pr\u00f3xima de explodir com grandes bancos passando por dificuldades.&nbsp;<\/p>\n\n\n\n<p>Com tudo que vimos nos \u00faltimos anos, o <strong>mercado<\/strong> oscilou e apresentou muita volatilidade. Em um primeiro momento de euforia e posterior \u201cressaca\u201d. \u00c9 muito importante para o investidor entender que o mundo se encontra em uma conjuntura complicada e os Banco Centrais n\u00e3o ter\u00e3o vida f\u00e1cil. A miss\u00e3o de estabilizar a economia mundial ap\u00f3s a pandemia nunca pareceu ser f\u00e1cil e novas crises podem ocorrer, o essencial \u00e9 buscar entender quem sair\u00e1 vencedor e mais fortalecido, pois como diz um famoso prov\u00e9rbio chin\u00eas: tudo passa!&nbsp;&nbsp;&nbsp;<\/p>\n\n\n\t<p>\n\t\t<a href=\"https:\/\/lp.suno.com.br\/planilha-de-controle-de-investimentos\/\" target=\"_blank\" data-element=\"shortcode-suno-banner\" title=\"Banner SUNO, clique e saiba mais\">\n\t\t\t<picture>\n\t\t\t\t<source media=\"(max-width: 500px)\" srcset=\"https:\/\/files.sunoresearch.com.br\/n\/uploads\/2023\/03\/400x300-Controle-de-Investimentos.png\">\n\t\t\t\t<img class=\"newsContent__article__imgCapa newsContent__article__imgCapa--banner\"\n\t\t\t\t\tsrc=\"https:\/\/files.sunoresearch.com.br\/n\/uploads\/2023\/03\/1420x240-Controle-de-Investimentos.png\"\n\t\t\t\t\tdata-promo-id=\"75934\"\t\t\t\t\t\t\t\t\t\twidth='1420' height='240'\t\t\t\t\talt=\"https:\/\/files.sunoresearch.com.br\/n\/uploads\/2023\/03\/1420x240-Controle-de-Investimentos.png\"\n\t\t\t\t>\n\t\t\t<\/picture>\n\t\t<\/a>\n\t<\/p>\n\n\n","protected":false},"excerpt":{"rendered":"<p>No dia 18 de mar\u00e7o de 2019 o Ibovespa, principal \u00edndice acion\u00e1rio da B3, atingiu pela primeira vez a marca de 100.000 pontos. Naquele ano a bolsa brasileira ainda cheg&#8230;<\/p>\n","protected":false},"author":130,"featured_media":370109,"template":"","tags":[721],"class_list":["post-380322","suno_column","type-suno_column","status-publish","has-post-thumbnail","hentry","tag-ibovespa"],"yoast_head":"<!-- This site is optimized with the Yoast SEO plugin v24.4 - https:\/\/yoast.com\/wordpress\/plugins\/seo\/ -->\n<title>Da festa ao vel\u00f3rio: o que mudou nos 100 mil pontos do Ibovespa<\/title>\n<meta name=\"description\" content=\"Nosso querido Ibovespa atingiu sua m\u00e1xima hist\u00f3rica de 130.776 pontos em 7 de junho de 2021. Mas uma hora a conta teria que ser paga.\" \/>\n<meta name=\"robots\" content=\"index, follow, max-snippet:-1, max-image-preview:large, max-video-preview:-1\" \/>\n<link rel=\"canonical\" href=\"https:\/\/www.suno.com.br\/noticias\/colunas\/gabriel-diniz-junqueira\/da-festa-ao-velorio-o-que-mudou-ibovespa\/\" \/>\n<meta property=\"og:locale\" content=\"pt_BR\" \/>\n<meta property=\"og:type\" content=\"article\" \/>\n<meta property=\"og:title\" content=\"Da festa ao vel\u00f3rio: o que mudou nos 100 mil pontos do Ibovespa\" \/>\n<meta property=\"og:description\" content=\"Nosso querido Ibovespa atingiu sua m\u00e1xima hist\u00f3rica de 130.776 pontos em 7 de junho de 2021. Mas uma hora a conta teria que ser paga.\" \/>\n<meta property=\"og:url\" content=\"https:\/\/www.suno.com.br\/noticias\/colunas\/gabriel-diniz-junqueira\/da-festa-ao-velorio-o-que-mudou-ibovespa\/\" \/>\n<meta property=\"og:site_name\" content=\"Suno Not\u00edcias\" \/>\n<meta property=\"article:publisher\" content=\"https:\/\/facebook.com\/sunoresearch\" \/>\n<meta property=\"og:image\" content=\"https:\/\/files.sunoresearch.com.br\/n\/uploads\/2023\/03\/chart-gd72913af3_1920.jpg\" \/>\n\t<meta property=\"og:image:width\" content=\"1920\" \/>\n\t<meta property=\"og:image:height\" content=\"1078\" \/>\n\t<meta property=\"og:image:type\" content=\"image\/jpeg\" \/>\n<meta name=\"twitter:card\" content=\"summary_large_image\" \/>\n<meta name=\"twitter:site\" content=\"@sunoresearch\" \/>\n<meta name=\"twitter:label1\" content=\"Est. tempo de leitura\" \/>\n\t<meta name=\"twitter:data1\" content=\"4 minutos\" \/>\n<script type=\"application\/ld+json\" class=\"yoast-schema-graph\">{\"@context\":\"https:\/\/schema.org\",\"@graph\":[{\"@type\":\"Article\",\"@id\":\"https:\/\/www.suno.com.br\/noticias\/colunas\/gabriel-diniz-junqueira\/da-festa-ao-velorio-o-que-mudou-ibovespa\/#article\",\"isPartOf\":{\"@id\":\"https:\/\/www.suno.com.br\/noticias\/colunas\/gabriel-diniz-junqueira\/da-festa-ao-velorio-o-que-mudou-ibovespa\/\"},\"author\":{\"name\":\"Gabriel Diniz Junqueira\",\"@id\":\"https:\/\/www.suno.com.br\/noticias\/#\/schema\/person\/b1826056e4acd7d0b2d5078b56d74c55\"},\"headline\":\"Da festa ao vel\u00f3rio: o que mudou nos 100 mil pontos do Ibovespa\",\"datePublished\":\"2023-03-29T11:00:49+00:00\",\"mainEntityOfPage\":{\"@id\":\"https:\/\/www.suno.com.br\/noticias\/colunas\/gabriel-diniz-junqueira\/da-festa-ao-velorio-o-que-mudou-ibovespa\/\"},\"wordCount\":621,\"publisher\":{\"@id\":\"https:\/\/www.suno.com.br\/noticias\/#organization\"},\"image\":{\"@id\":\"https:\/\/www.suno.com.br\/noticias\/colunas\/gabriel-diniz-junqueira\/da-festa-ao-velorio-o-que-mudou-ibovespa\/#primaryimage\"},\"thumbnailUrl\":\"https:\/\/files.sunoresearch.com.br\/n\/uploads\/2023\/03\/chart-gd72913af3_1920-e1692625644123.jpg\",\"keywords\":[\"Ibovespa\"],\"inLanguage\":\"pt-BR\"},{\"@type\":\"WebPage\",\"@id\":\"https:\/\/www.suno.com.br\/noticias\/colunas\/gabriel-diniz-junqueira\/da-festa-ao-velorio-o-que-mudou-ibovespa\/\",\"url\":\"https:\/\/www.suno.com.br\/noticias\/colunas\/gabriel-diniz-junqueira\/da-festa-ao-velorio-o-que-mudou-ibovespa\/\",\"name\":\"Da festa ao vel\u00f3rio: o que mudou nos 100 mil pontos do Ibovespa\",\"isPartOf\":{\"@id\":\"https:\/\/www.suno.com.br\/noticias\/#website\"},\"primaryImageOfPage\":{\"@id\":\"https:\/\/www.suno.com.br\/noticias\/colunas\/gabriel-diniz-junqueira\/da-festa-ao-velorio-o-que-mudou-ibovespa\/#primaryimage\"},\"image\":{\"@id\":\"https:\/\/www.suno.com.br\/noticias\/colunas\/gabriel-diniz-junqueira\/da-festa-ao-velorio-o-que-mudou-ibovespa\/#primaryimage\"},\"thumbnailUrl\":\"https:\/\/files.sunoresearch.com.br\/n\/uploads\/2023\/03\/chart-gd72913af3_1920-e1692625644123.jpg\",\"datePublished\":\"2023-03-29T11:00:49+00:00\",\"description\":\"Nosso querido Ibovespa atingiu sua m\u00e1xima hist\u00f3rica de 130.776 pontos em 7 de junho de 2021. Mas uma hora a conta teria que ser paga.\",\"breadcrumb\":{\"@id\":\"https:\/\/www.suno.com.br\/noticias\/colunas\/gabriel-diniz-junqueira\/da-festa-ao-velorio-o-que-mudou-ibovespa\/#breadcrumb\"},\"inLanguage\":\"pt-BR\",\"potentialAction\":[{\"@type\":\"ReadAction\",\"target\":[\"https:\/\/www.suno.com.br\/noticias\/colunas\/gabriel-diniz-junqueira\/da-festa-ao-velorio-o-que-mudou-ibovespa\/\"]}]},{\"@type\":\"ImageObject\",\"inLanguage\":\"pt-BR\",\"@id\":\"https:\/\/www.suno.com.br\/noticias\/colunas\/gabriel-diniz-junqueira\/da-festa-ao-velorio-o-que-mudou-ibovespa\/#primaryimage\",\"url\":\"https:\/\/files.sunoresearch.com.br\/n\/uploads\/2023\/03\/chart-gd72913af3_1920-e1692625644123.jpg\",\"contentUrl\":\"https:\/\/files.sunoresearch.com.br\/n\/uploads\/2023\/03\/chart-gd72913af3_1920-e1692625644123.jpg\",\"width\":1200,\"height\":674,\"caption\":\"Ibovespa. Foto: Pixabay\"},{\"@type\":\"BreadcrumbList\",\"@id\":\"https:\/\/www.suno.com.br\/noticias\/colunas\/gabriel-diniz-junqueira\/da-festa-ao-velorio-o-que-mudou-ibovespa\/#breadcrumb\",\"itemListElement\":[{\"@type\":\"ListItem\",\"position\":1,\"name\":\"Not\u00edcias\",\"item\":\"https:\/\/www.suno.com.br\/noticias\/\"},{\"@type\":\"ListItem\",\"position\":2,\"name\":\"Colunas\",\"item\":\"https:\/\/www.suno.com.br\/noticias\/colunas\/\"},{\"@type\":\"ListItem\",\"position\":3,\"name\":\"Da festa ao vel\u00f3rio: o que mudou nos 100 mil pontos do Ibovespa\"}]},{\"@type\":\"WebSite\",\"@id\":\"https:\/\/www.suno.com.br\/noticias\/#website\",\"url\":\"https:\/\/www.suno.com.br\/noticias\/\",\"name\":\"Suno Not\u00edcias\",\"description\":\"Seu portal de informa\u00e7\u00e3o sobre o mundo dos investimentos\",\"publisher\":{\"@id\":\"https:\/\/www.suno.com.br\/noticias\/#organization\"},\"potentialAction\":[{\"@type\":\"SearchAction\",\"target\":{\"@type\":\"EntryPoint\",\"urlTemplate\":\"https:\/\/www.suno.com.br\/noticias\/?s={search_term_string}\"},\"query-input\":{\"@type\":\"PropertyValueSpecification\",\"valueRequired\":true,\"valueName\":\"search_term_string\"}}],\"inLanguage\":\"pt-BR\"},{\"@type\":\"Organization\",\"@id\":\"https:\/\/www.suno.com.br\/noticias\/#organization\",\"name\":\"Suno Not\u00edcias\",\"url\":\"https:\/\/www.suno.com.br\/noticias\/\",\"logo\":{\"@type\":\"ImageObject\",\"inLanguage\":\"pt-BR\",\"@id\":\"https:\/\/www.suno.com.br\/noticias\/#\/schema\/logo\/image\/\",\"url\":\"https:\/\/files.sunoresearch.com.br\/n\/uploads\/2021\/09\/suno-logo.png\",\"contentUrl\":\"https:\/\/files.sunoresearch.com.br\/n\/uploads\/2021\/09\/suno-logo.png\",\"width\":180,\"height\":180,\"caption\":\"Suno Not\u00edcias\"},\"image\":{\"@id\":\"https:\/\/www.suno.com.br\/noticias\/#\/schema\/logo\/image\/\"},\"sameAs\":[\"https:\/\/facebook.com\/sunoresearch\",\"https:\/\/x.com\/sunoresearch\",\"https:\/\/www.instagram.com\/suno\",\"https:\/\/www.linkedin.com\/company\/suno-research\/\",\"https:\/\/www.youtube.com\/c\/sunoresearch\"]},{\"@type\":\"Person\",\"@id\":\"https:\/\/www.suno.com.br\/noticias\/#\/schema\/person\/b1826056e4acd7d0b2d5078b56d74c55\",\"name\":\"Gabriel Diniz Junqueira\",\"image\":{\"@type\":\"ImageObject\",\"inLanguage\":\"pt-BR\",\"@id\":\"https:\/\/www.suno.com.br\/noticias\/#\/schema\/person\/image\/\",\"url\":\"https:\/\/secure.gravatar.com\/avatar\/66203fb9349983855fb0f20b18db3291?s=96&r=g\",\"contentUrl\":\"https:\/\/secure.gravatar.com\/avatar\/66203fb9349983855fb0f20b18db3291?s=96&r=g\",\"caption\":\"Gabriel Diniz Junqueira\"},\"description\":\"Engenheiro Civil pela Poli\/USP, iniciou sua carreia no JP Morgan na \u00e1rea de Private Banking e especializou-se em an\u00e1lise de empresas voltadas ao setor agro, estudando profundamente a estrutura\u00e7\u00e3o dos FIAGROS no mundo.\",\"sameAs\":[\"https:\/\/www.instagram.com\/santafe_investimentos\/\",\"https:\/\/br.linkedin.com\/company\/santa-fe-investimentos\",\"https:\/\/www.youtube.com\/channel\/UCCekNzSLGS8qu28M4ADIkBw\"],\"url\":\"https:\/\/www.suno.com.br\/noticias\/author\/gabriel-diniz-junqueira\/\"}]}<\/script>\n<!-- \/ Yoast SEO plugin. -->","yoast_head_json":{"title":"Da festa ao vel\u00f3rio: o que mudou nos 100 mil pontos do Ibovespa","description":"Nosso querido Ibovespa atingiu sua m\u00e1xima hist\u00f3rica de 130.776 pontos em 7 de junho de 2021. Mas uma hora a conta teria que ser paga.","robots":{"index":"index","follow":"follow","max-snippet":"max-snippet:-1","max-image-preview":"max-image-preview:large","max-video-preview":"max-video-preview:-1"},"canonical":"https:\/\/www.suno.com.br\/noticias\/colunas\/gabriel-diniz-junqueira\/da-festa-ao-velorio-o-que-mudou-ibovespa\/","og_locale":"pt_BR","og_type":"article","og_title":"Da festa ao vel\u00f3rio: o que mudou nos 100 mil pontos do Ibovespa","og_description":"Nosso querido Ibovespa atingiu sua m\u00e1xima hist\u00f3rica de 130.776 pontos em 7 de junho de 2021. Mas uma hora a conta teria que ser paga.","og_url":"https:\/\/www.suno.com.br\/noticias\/colunas\/gabriel-diniz-junqueira\/da-festa-ao-velorio-o-que-mudou-ibovespa\/","og_site_name":"Suno Not\u00edcias","article_publisher":"https:\/\/facebook.com\/sunoresearch","og_image":[{"width":1920,"height":1078,"url":"https:\/\/files.sunoresearch.com.br\/n\/uploads\/2023\/03\/chart-gd72913af3_1920.jpg","type":"image\/jpeg"}],"twitter_card":"summary_large_image","twitter_site":"@sunoresearch","twitter_misc":{"Est. tempo de leitura":"4 minutos"},"schema":{"@context":"https:\/\/schema.org","@graph":[{"@type":"Article","@id":"https:\/\/www.suno.com.br\/noticias\/colunas\/gabriel-diniz-junqueira\/da-festa-ao-velorio-o-que-mudou-ibovespa\/#article","isPartOf":{"@id":"https:\/\/www.suno.com.br\/noticias\/colunas\/gabriel-diniz-junqueira\/da-festa-ao-velorio-o-que-mudou-ibovespa\/"},"author":{"name":"Gabriel Diniz Junqueira","@id":"https:\/\/www.suno.com.br\/noticias\/#\/schema\/person\/b1826056e4acd7d0b2d5078b56d74c55"},"headline":"Da festa ao vel\u00f3rio: o que mudou nos 100 mil pontos do Ibovespa","datePublished":"2023-03-29T11:00:49+00:00","mainEntityOfPage":{"@id":"https:\/\/www.suno.com.br\/noticias\/colunas\/gabriel-diniz-junqueira\/da-festa-ao-velorio-o-que-mudou-ibovespa\/"},"wordCount":621,"publisher":{"@id":"https:\/\/www.suno.com.br\/noticias\/#organization"},"image":{"@id":"https:\/\/www.suno.com.br\/noticias\/colunas\/gabriel-diniz-junqueira\/da-festa-ao-velorio-o-que-mudou-ibovespa\/#primaryimage"},"thumbnailUrl":"https:\/\/files.sunoresearch.com.br\/n\/uploads\/2023\/03\/chart-gd72913af3_1920-e1692625644123.jpg","keywords":["Ibovespa"],"inLanguage":"pt-BR"},{"@type":"WebPage","@id":"https:\/\/www.suno.com.br\/noticias\/colunas\/gabriel-diniz-junqueira\/da-festa-ao-velorio-o-que-mudou-ibovespa\/","url":"https:\/\/www.suno.com.br\/noticias\/colunas\/gabriel-diniz-junqueira\/da-festa-ao-velorio-o-que-mudou-ibovespa\/","name":"Da festa ao vel\u00f3rio: o que mudou nos 100 mil pontos do Ibovespa","isPartOf":{"@id":"https:\/\/www.suno.com.br\/noticias\/#website"},"primaryImageOfPage":{"@id":"https:\/\/www.suno.com.br\/noticias\/colunas\/gabriel-diniz-junqueira\/da-festa-ao-velorio-o-que-mudou-ibovespa\/#primaryimage"},"image":{"@id":"https:\/\/www.suno.com.br\/noticias\/colunas\/gabriel-diniz-junqueira\/da-festa-ao-velorio-o-que-mudou-ibovespa\/#primaryimage"},"thumbnailUrl":"https:\/\/files.sunoresearch.com.br\/n\/uploads\/2023\/03\/chart-gd72913af3_1920-e1692625644123.jpg","datePublished":"2023-03-29T11:00:49+00:00","description":"Nosso querido Ibovespa atingiu sua m\u00e1xima hist\u00f3rica de 130.776 pontos em 7 de junho de 2021. Mas uma hora a conta teria que ser paga.","breadcrumb":{"@id":"https:\/\/www.suno.com.br\/noticias\/colunas\/gabriel-diniz-junqueira\/da-festa-ao-velorio-o-que-mudou-ibovespa\/#breadcrumb"},"inLanguage":"pt-BR","potentialAction":[{"@type":"ReadAction","target":["https:\/\/www.suno.com.br\/noticias\/colunas\/gabriel-diniz-junqueira\/da-festa-ao-velorio-o-que-mudou-ibovespa\/"]}]},{"@type":"ImageObject","inLanguage":"pt-BR","@id":"https:\/\/www.suno.com.br\/noticias\/colunas\/gabriel-diniz-junqueira\/da-festa-ao-velorio-o-que-mudou-ibovespa\/#primaryimage","url":"https:\/\/files.sunoresearch.com.br\/n\/uploads\/2023\/03\/chart-gd72913af3_1920-e1692625644123.jpg","contentUrl":"https:\/\/files.sunoresearch.com.br\/n\/uploads\/2023\/03\/chart-gd72913af3_1920-e1692625644123.jpg","width":1200,"height":674,"caption":"Ibovespa. Foto: Pixabay"},{"@type":"BreadcrumbList","@id":"https:\/\/www.suno.com.br\/noticias\/colunas\/gabriel-diniz-junqueira\/da-festa-ao-velorio-o-que-mudou-ibovespa\/#breadcrumb","itemListElement":[{"@type":"ListItem","position":1,"name":"Not\u00edcias","item":"https:\/\/www.suno.com.br\/noticias\/"},{"@type":"ListItem","position":2,"name":"Colunas","item":"https:\/\/www.suno.com.br\/noticias\/colunas\/"},{"@type":"ListItem","position":3,"name":"Da festa ao vel\u00f3rio: o que mudou nos 100 mil pontos do Ibovespa"}]},{"@type":"WebSite","@id":"https:\/\/www.suno.com.br\/noticias\/#website","url":"https:\/\/www.suno.com.br\/noticias\/","name":"Suno Not\u00edcias","description":"Seu portal de informa\u00e7\u00e3o sobre o mundo dos investimentos","publisher":{"@id":"https:\/\/www.suno.com.br\/noticias\/#organization"},"potentialAction":[{"@type":"SearchAction","target":{"@type":"EntryPoint","urlTemplate":"https:\/\/www.suno.com.br\/noticias\/?s={search_term_string}"},"query-input":{"@type":"PropertyValueSpecification","valueRequired":true,"valueName":"search_term_string"}}],"inLanguage":"pt-BR"},{"@type":"Organization","@id":"https:\/\/www.suno.com.br\/noticias\/#organization","name":"Suno Not\u00edcias","url":"https:\/\/www.suno.com.br\/noticias\/","logo":{"@type":"ImageObject","inLanguage":"pt-BR","@id":"https:\/\/www.suno.com.br\/noticias\/#\/schema\/logo\/image\/","url":"https:\/\/files.sunoresearch.com.br\/n\/uploads\/2021\/09\/suno-logo.png","contentUrl":"https:\/\/files.sunoresearch.com.br\/n\/uploads\/2021\/09\/suno-logo.png","width":180,"height":180,"caption":"Suno Not\u00edcias"},"image":{"@id":"https:\/\/www.suno.com.br\/noticias\/#\/schema\/logo\/image\/"},"sameAs":["https:\/\/facebook.com\/sunoresearch","https:\/\/x.com\/sunoresearch","https:\/\/www.instagram.com\/suno","https:\/\/www.linkedin.com\/company\/suno-research\/","https:\/\/www.youtube.com\/c\/sunoresearch"]},{"@type":"Person","@id":"https:\/\/www.suno.com.br\/noticias\/#\/schema\/person\/b1826056e4acd7d0b2d5078b56d74c55","name":"Gabriel Diniz Junqueira","image":{"@type":"ImageObject","inLanguage":"pt-BR","@id":"https:\/\/www.suno.com.br\/noticias\/#\/schema\/person\/image\/","url":"https:\/\/secure.gravatar.com\/avatar\/66203fb9349983855fb0f20b18db3291?s=96&r=g","contentUrl":"https:\/\/secure.gravatar.com\/avatar\/66203fb9349983855fb0f20b18db3291?s=96&r=g","caption":"Gabriel Diniz Junqueira"},"description":"Engenheiro Civil pela Poli\/USP, iniciou sua carreia no JP Morgan na \u00e1rea de Private Banking e especializou-se em an\u00e1lise de empresas voltadas ao setor agro, estudando profundamente a estrutura\u00e7\u00e3o dos FIAGROS no mundo.","sameAs":["https:\/\/www.instagram.com\/santafe_investimentos\/","https:\/\/br.linkedin.com\/company\/santa-fe-investimentos","https:\/\/www.youtube.com\/channel\/UCCekNzSLGS8qu28M4ADIkBw"],"url":"https:\/\/www.suno.com.br\/noticias\/author\/gabriel-diniz-junqueira\/"}]}},"amp_enabled":true,"_links":{"self":[{"href":"https:\/\/www.suno.com.br\/noticias\/wp-json\/wp\/v2\/suno_column\/380322"}],"collection":[{"href":"https:\/\/www.suno.com.br\/noticias\/wp-json\/wp\/v2\/suno_column"}],"about":[{"href":"https:\/\/www.suno.com.br\/noticias\/wp-json\/wp\/v2\/types\/suno_column"}],"author":[{"embeddable":true,"href":"https:\/\/www.suno.com.br\/noticias\/wp-json\/wp\/v2\/users\/130"}],"wp:featuredmedia":[{"embeddable":true,"href":"https:\/\/www.suno.com.br\/noticias\/wp-json\/wp\/v2\/media\/370109"}],"wp:attachment":[{"href":"https:\/\/www.suno.com.br\/noticias\/wp-json\/wp\/v2\/media?parent=380322"}],"wp:term":[{"taxonomy":"post_tag","embeddable":true,"href":"https:\/\/www.suno.com.br\/noticias\/wp-json\/wp\/v2\/tags?post=380322"}],"curies":[{"name":"wp","href":"https:\/\/api.w.org\/{rel}","templated":true}]}}