{"id":377512,"date":"2023-03-23T08:00:00","date_gmt":"2023-03-23T11:00:00","guid":{"rendered":"https:\/\/www.suno.com.br\/noticias\/colunas\/janize-vianasuno-com-br\/\/"},"modified":"2023-03-17T11:56:27","modified_gmt":"2023-03-17T14:56:27","slug":"sera-que-pib-virou-pibinho","status":"publish","type":"suno_column","link":"https:\/\/www.suno.com.br\/noticias\/colunas\/piter-carvalho\/sera-que-pib-virou-pibinho\/","title":{"rendered":"Ser\u00e1 que o PIB virou Pibinho?"},"content":{"rendered":"<p>O <strong>PIB<\/strong> de 2022 fechou com alta de 2,9% equivalente a R$ 9,9 trilh\u00f5es, menor crescimento entre os seus pares e abaixo do propagado pelo ex-ministro da economia Paulo Guedes. S\u00f3 para efeito de compara\u00e7\u00e3o, crescemos menos que Ar\u00e1bia Saudita (8,7%), Turquia (5,6%), Mo\u00e7ambique (4,2%), Nig\u00e9ria (3,1%), ficando na 35\u00b0 posi\u00e7\u00e3o no ranking de 54 pa\u00edses, principalmente pela queda do PIB no quarto trimestre de 0,2%, justificada por muitos estudiosos pelo efeito dos juros altos na economia.<\/p>\t<div class=\"wrapper-featured-image\">\n\t\t<figure class=\"spotlightImg\">\n\n\t\t\t<picture>\n\t\t\t\t<source media=\"(max-width: 768px)\" srcset=\"https:\/\/files.sunoresearch.com.br\/n\/uploads\/2020\/09\/6a3a41ed-11-inflacao-e-deflacao-400x200.webp\">\n\t\t\t\t<img loading=\"lazy\" decoding=\"async\" class=\"newsContent__article__imgCapa lazyloadDisabled \" src=\"https:\/\/files.sunoresearch.com.br\/n\/uploads\/2020\/09\/6a3a41ed-11-inflacao-e-deflacao-800x450.webp\" width=\"800\" height=\"450\" alt=\"Ser\u00e1 que o PIB virou Pibinho?\" fetchpriority=high \/>\n\t\t\t<\/picture>\n\n\t\t\t<figcaption class=\"wp-caption-text wp-caption-text--show\">Foto: Pixabay<\/figcaption>\n\t\t<\/figure>\n\t<\/div>\n\n\n\n\n\n\t<p>\n\t\t<a href=\"\" target=\"_blank\" data-element=\"shortcode-suno-banner\" title=\"Banner SUNO, clique e saiba mais\">\n\t\t\t<picture>\n\t\t\t\t<source media=\"(max-width: 500px)\" srcset=\"\">\n\t\t\t\t<img class=\"newsContent__article__imgCapa newsContent__article__imgCapa--banner\"\n\t\t\t\t\tsrc=\"\"\n\t\t\t\t\tdata-promo-id=\"240038\"\t\t\t\t\t\t\t\t\t\t\t\t\t\t\talt=\"\"\n\t\t\t\t>\n\t\t\t<\/picture>\n\t\t<\/a>\n\t<\/p>\n\n\n\n\n\n<p>Olhando o resultado agregado anual, a surpresa vem com a queda da agricultura, que recuou no ano 1,7%, mas lembrando que foi um dos setores que mais cresceu em 2020 (ano da pandemia ) , quando teve alta de 4,2% e puxou a <strong>economia brasileira<\/strong> no momento t\u00e3o dif\u00edcil. O resultado ruim de 2022 se explica pela queda de 11,45% na produ\u00e7\u00e3o da soja que sofreu o rev\u00e9s do clima em algumas regi\u00f5es do Brasil. A surpresa pelo lado positivo \u00e9 da alta do setor de servi\u00e7os que subiu 4,2% e se beneficiou em 2022 com a reabertura total da economia e volta do novo \u201cnormal\u201d. Olhando pelo lado da demanda havia um consumo reprimido no p\u00f3s- pandemia, sendo assim, o consumo das fam\u00edlias cresceu no per\u00edodo e puxou junto o setor de servi\u00e7os, fechando 2022 com alta de 4,3%, depois de ter subido 3,7% em 2021 e desabado 4,6% no in\u00edcio da pandemia em 2020.<\/p>\n\n\n\n<p>Ind\u00fastria surpreendeu com alta de 1,6%, ap\u00f3s bom crescimento de 4,8% em 2021 mostrando recupera\u00e7\u00e3o em rela\u00e7\u00e3o ao ano de in\u00edcio da pandemia quando caiu 3% e teve que parar muitas f\u00e1bricas assim como outros setores da economia. Por\u00e9m as <strong>perspectivas n\u00e3o s\u00e3o boas para 2023<\/strong>, dado a dificuldade de financiar projetos com juros t\u00e3o altos no mercado.<\/p>\n\n\n\n<p>Quando olhamos apenas a janela do quarto trimestre a foto \u00e9 oposta ao resultado anual, pois tem queda de 0,2%, com ind\u00fastria caindo 0,3%, servi\u00e7os mostrando leve alta de apenas 0,2% e agropecu\u00e1ria positiva em 0,3%.<\/p>\n\n\n\n<p>O setor de servi\u00e7os \u00e9 o destaque de crescimento aqui e no mundo. No Brasil a alta da demanda puxada pela expans\u00e3o fiscal (patrocinada pelo governo anterior a fim de se reeleger) trouxe <strong>crescimento artificial para nossa economia<\/strong>, gerou mais empregos, mas me preocupa at\u00e9 quando esses postos de trabalho (maioria informais) se mant\u00e9m em meio a essa economia que parece ter a consist\u00eancia de uma gelatina.<\/p>\n\n\n\t<p>\n\t\t<a href=\"https:\/\/lp.suno.com.br\/planilha-controle-gastos\/\" target=\"_blank\" data-element=\"shortcode-suno-banner\" title=\"Banner SUNO, clique e saiba mais\">\n\t\t\t<picture>\n\t\t\t\t<source media=\"(max-width: 500px)\" srcset=\"https:\/\/files.sunoresearch.com.br\/n\/uploads\/2023\/03\/400x300-Planilha-controle-de-gastos.png\">\n\t\t\t\t<img class=\"newsContent__article__imgCapa newsContent__article__imgCapa--banner\"\n\t\t\t\t\tsrc=\"https:\/\/files.sunoresearch.com.br\/n\/uploads\/2023\/03\/1420x240-Planilha-controle-de-gastos.png\"\n\t\t\t\t\tdata-promo-id=\"101751\"\t\t\t\t\t\t\t\t\t\twidth='1420' height='240'\t\t\t\t\talt=\"https:\/\/files.sunoresearch.com.br\/n\/uploads\/2023\/03\/1420x240-Planilha-controle-de-gastos.png\"\n\t\t\t\t>\n\t\t\t<\/picture>\n\t\t<\/a>\n\t<\/p>\n\n\n\n\n\n<p>Da\u00ed o grande desafio do novo governo, fazer o pa\u00eds crescer e fazer isso de forma sustent\u00e1vel. Isso tudo enquanto a economia brasileira parece estar em mais um voo de galinha, com PIB crescendo incr\u00edveis 5% em 2021 frente a uma base comparativa muito fraca do ano da pandemia, e j\u00e1 arrefecendo em 2022 com alta de apenas 2,9% e proje\u00e7\u00f5es pouco otimistas para 2023.<\/p>\n\n\n\n<p>Dado que temos uma das <strong>maiores taxas de juros reais <\/strong>do mundo, n\u00e3o poder\u00edamos esperar resultado diferente, pois juros altos n\u00e3o combinam com crescimento da economia. Esse cen\u00e1rio t\u00e3o adverso \u00e9 mais propenso a crises, como estamos vendo com o cr\u00e9dito mais caro e escasso e grandes empresas com dificuldade de se refinanciarem e cumprirem seus compromissos financeiros, \u00e9 o caso de Americanas, Marisa, Tok&amp;Stok, Light, Oi, companhias a\u00e9reas, etc.<\/p>\n\n\n\n<p>Proje\u00e7\u00f5es otimistas do Focus colocam o <strong>PIB de 2023<\/strong> com alta de 0,85% e casa de an\u00e1lise mais otimistas acreditam em alta de cerca de 1%. Os bons ventos podem vir com um pouso suave da economia americana, bom crescimento da economia chinesa (nosso principal parceiro comercial ao qual destinamos boa parte das nossas exporta\u00e7\u00f5es) e fim da guerra entre R\u00fassia e Ucr\u00e2nia.<\/p>\n\n\n\n<p>Medidas locais tamb\u00e9m podem contribuir, como a <strong>reforma tribut\u00e1ria<\/strong> que pode deixar a economia mais eficiente e menos burocr\u00e1tica, destravando assim muitos setores e dando maior previsibilidade para investimentos de longo prazo. Outra medida importante que pode marcar o in\u00edcio do novo governo \u00e9 um arcabou\u00e7o fiscal cr\u00edvel, que seja bem aceito pela sociedade e congresso nacional, transmitindo credibilidade e previsibilidade aos investidores.<\/p>\n\n\n\t<p>\n\t\t<a href=\"https:\/\/lp.suno.com.br\/planilha-de-controle-de-investimentos\/\" target=\"_blank\" data-element=\"shortcode-suno-banner\" title=\"Banner SUNO, clique e saiba mais\">\n\t\t\t<picture>\n\t\t\t\t<source media=\"(max-width: 500px)\" srcset=\"https:\/\/files.sunoresearch.com.br\/n\/uploads\/2023\/03\/400x300-Controle-de-Investimentos.png\">\n\t\t\t\t<img class=\"newsContent__article__imgCapa newsContent__article__imgCapa--banner\"\n\t\t\t\t\tsrc=\"https:\/\/files.sunoresearch.com.br\/n\/uploads\/2023\/03\/1420x240-Controle-de-Investimentos.png\"\n\t\t\t\t\tdata-promo-id=\"75934\"\t\t\t\t\t\t\t\t\t\twidth='1420' height='240'\t\t\t\t\talt=\"https:\/\/files.sunoresearch.com.br\/n\/uploads\/2023\/03\/1420x240-Controle-de-Investimentos.png\"\n\t\t\t\t>\n\t\t\t<\/picture>\n\t\t<\/a>\n\t<\/p>\n\n\n","protected":false},"excerpt":{"rendered":"<p>O PIB de 2022 fechou com alta de 2,9% equivalente a R$ 9,9 trilh\u00f5es, menor crescimento entre os seus pares e abaixo do propagado pelo ex-ministro da economia Paulo Gue&#8230;<\/p>\n","protected":false},"author":212,"featured_media":84325,"template":"","tags":[807],"class_list":["post-377512","suno_column","type-suno_column","status-publish","has-post-thumbnail","hentry","tag-produto-interno-bruto-pib"],"yoast_head":"<!-- This site is optimized with the Yoast SEO plugin v24.4 - https:\/\/yoast.com\/wordpress\/plugins\/seo\/ -->\n<title>Ser\u00e1 que o PIB virou Pibinho?<\/title>\n<meta name=\"description\" content=\"H\u00e1 proje\u00e7\u00f5es otimistas do Focus colocam o PIB de 2023 com alta de 0,85% e casa de an\u00e1lise mais otimistas acreditam em alta de cerca de 1%.\" \/>\n<meta name=\"robots\" content=\"index, follow, max-snippet:-1, max-image-preview:large, max-video-preview:-1\" \/>\n<link rel=\"canonical\" href=\"https:\/\/www.suno.com.br\/noticias\/colunas\/piter-carvalho\/sera-que-pib-virou-pibinho\/\" \/>\n<meta property=\"og:locale\" content=\"pt_BR\" \/>\n<meta property=\"og:type\" content=\"article\" \/>\n<meta property=\"og:title\" content=\"Ser\u00e1 que o PIB virou Pibinho?\" \/>\n<meta property=\"og:description\" content=\"H\u00e1 proje\u00e7\u00f5es otimistas do Focus colocam o PIB de 2023 com alta de 0,85% e casa de an\u00e1lise mais otimistas acreditam em alta de cerca de 1%.\" \/>\n<meta property=\"og:url\" content=\"https:\/\/www.suno.com.br\/noticias\/colunas\/piter-carvalho\/sera-que-pib-virou-pibinho\/\" \/>\n<meta property=\"og:site_name\" content=\"Suno Not\u00edcias\" \/>\n<meta property=\"article:publisher\" content=\"https:\/\/facebook.com\/sunoresearch\" \/>\n<meta property=\"og:image\" content=\"https:\/\/files.sunoresearch.com.br\/n\/uploads\/2020\/09\/6a3a41ed-11-inflacao-e-deflacao.jpg\" \/>\n\t<meta property=\"og:image:width\" content=\"1280\" \/>\n\t<meta property=\"og:image:height\" content=\"720\" \/>\n\t<meta property=\"og:image:type\" content=\"image\/jpeg\" \/>\n<meta name=\"twitter:card\" content=\"summary_large_image\" \/>\n<meta name=\"twitter:site\" content=\"@sunoresearch\" \/>\n<meta name=\"twitter:label1\" content=\"Est. tempo de leitura\" \/>\n\t<meta name=\"twitter:data1\" content=\"4 minutos\" \/>\n<script type=\"application\/ld+json\" class=\"yoast-schema-graph\">{\"@context\":\"https:\/\/schema.org\",\"@graph\":[{\"@type\":\"Article\",\"@id\":\"https:\/\/www.suno.com.br\/noticias\/colunas\/piter-carvalho\/sera-que-pib-virou-pibinho\/#article\",\"isPartOf\":{\"@id\":\"https:\/\/www.suno.com.br\/noticias\/colunas\/piter-carvalho\/sera-que-pib-virou-pibinho\/\"},\"author\":{\"name\":\"Piter Carvalho\",\"@id\":\"https:\/\/www.suno.com.br\/noticias\/#\/schema\/person\/2cb514bb79b859b3db8118a400177391\"},\"headline\":\"Ser\u00e1 que o PIB virou Pibinho?\",\"datePublished\":\"2023-03-23T11:00:00+00:00\",\"mainEntityOfPage\":{\"@id\":\"https:\/\/www.suno.com.br\/noticias\/colunas\/piter-carvalho\/sera-que-pib-virou-pibinho\/\"},\"wordCount\":681,\"publisher\":{\"@id\":\"https:\/\/www.suno.com.br\/noticias\/#organization\"},\"image\":{\"@id\":\"https:\/\/www.suno.com.br\/noticias\/colunas\/piter-carvalho\/sera-que-pib-virou-pibinho\/#primaryimage\"},\"thumbnailUrl\":\"https:\/\/files.sunoresearch.com.br\/n\/uploads\/2020\/09\/6a3a41ed-11-inflacao-e-deflacao-jpg.webp\",\"keywords\":[\"Produto Interno Bruto (PIB)\"],\"inLanguage\":\"pt-BR\"},{\"@type\":\"WebPage\",\"@id\":\"https:\/\/www.suno.com.br\/noticias\/colunas\/piter-carvalho\/sera-que-pib-virou-pibinho\/\",\"url\":\"https:\/\/www.suno.com.br\/noticias\/colunas\/piter-carvalho\/sera-que-pib-virou-pibinho\/\",\"name\":\"Ser\u00e1 que o PIB virou Pibinho?\",\"isPartOf\":{\"@id\":\"https:\/\/www.suno.com.br\/noticias\/#website\"},\"primaryImageOfPage\":{\"@id\":\"https:\/\/www.suno.com.br\/noticias\/colunas\/piter-carvalho\/sera-que-pib-virou-pibinho\/#primaryimage\"},\"image\":{\"@id\":\"https:\/\/www.suno.com.br\/noticias\/colunas\/piter-carvalho\/sera-que-pib-virou-pibinho\/#primaryimage\"},\"thumbnailUrl\":\"https:\/\/files.sunoresearch.com.br\/n\/uploads\/2020\/09\/6a3a41ed-11-inflacao-e-deflacao-jpg.webp\",\"datePublished\":\"2023-03-23T11:00:00+00:00\",\"description\":\"H\u00e1 proje\u00e7\u00f5es otimistas do Focus colocam o PIB de 2023 com alta de 0,85% e casa de an\u00e1lise mais otimistas acreditam em alta de cerca de 1%.\",\"breadcrumb\":{\"@id\":\"https:\/\/www.suno.com.br\/noticias\/colunas\/piter-carvalho\/sera-que-pib-virou-pibinho\/#breadcrumb\"},\"inLanguage\":\"pt-BR\",\"potentialAction\":[{\"@type\":\"ReadAction\",\"target\":[\"https:\/\/www.suno.com.br\/noticias\/colunas\/piter-carvalho\/sera-que-pib-virou-pibinho\/\"]}]},{\"@type\":\"ImageObject\",\"inLanguage\":\"pt-BR\",\"@id\":\"https:\/\/www.suno.com.br\/noticias\/colunas\/piter-carvalho\/sera-que-pib-virou-pibinho\/#primaryimage\",\"url\":\"https:\/\/files.sunoresearch.com.br\/n\/uploads\/2020\/09\/6a3a41ed-11-inflacao-e-deflacao-jpg.webp\",\"contentUrl\":\"https:\/\/files.sunoresearch.com.br\/n\/uploads\/2020\/09\/6a3a41ed-11-inflacao-e-deflacao-jpg.webp\",\"width\":1280,\"height\":720,\"caption\":\"Foto: Pixabay\"},{\"@type\":\"BreadcrumbList\",\"@id\":\"https:\/\/www.suno.com.br\/noticias\/colunas\/piter-carvalho\/sera-que-pib-virou-pibinho\/#breadcrumb\",\"itemListElement\":[{\"@type\":\"ListItem\",\"position\":1,\"name\":\"Not\u00edcias\",\"item\":\"https:\/\/www.suno.com.br\/noticias\/\"},{\"@type\":\"ListItem\",\"position\":2,\"name\":\"Colunas\",\"item\":\"https:\/\/www.suno.com.br\/noticias\/colunas\/\"},{\"@type\":\"ListItem\",\"position\":3,\"name\":\"Ser\u00e1 que o PIB virou Pibinho?\"}]},{\"@type\":\"WebSite\",\"@id\":\"https:\/\/www.suno.com.br\/noticias\/#website\",\"url\":\"https:\/\/www.suno.com.br\/noticias\/\",\"name\":\"Suno Not\u00edcias\",\"description\":\"Seu portal de informa\u00e7\u00e3o sobre o mundo dos investimentos\",\"publisher\":{\"@id\":\"https:\/\/www.suno.com.br\/noticias\/#organization\"},\"potentialAction\":[{\"@type\":\"SearchAction\",\"target\":{\"@type\":\"EntryPoint\",\"urlTemplate\":\"https:\/\/www.suno.com.br\/noticias\/?s={search_term_string}\"},\"query-input\":{\"@type\":\"PropertyValueSpecification\",\"valueRequired\":true,\"valueName\":\"search_term_string\"}}],\"inLanguage\":\"pt-BR\"},{\"@type\":\"Organization\",\"@id\":\"https:\/\/www.suno.com.br\/noticias\/#organization\",\"name\":\"Suno Not\u00edcias\",\"url\":\"https:\/\/www.suno.com.br\/noticias\/\",\"logo\":{\"@type\":\"ImageObject\",\"inLanguage\":\"pt-BR\",\"@id\":\"https:\/\/www.suno.com.br\/noticias\/#\/schema\/logo\/image\/\",\"url\":\"https:\/\/files.sunoresearch.com.br\/n\/uploads\/2021\/09\/suno-logo.png\",\"contentUrl\":\"https:\/\/files.sunoresearch.com.br\/n\/uploads\/2021\/09\/suno-logo.png\",\"width\":180,\"height\":180,\"caption\":\"Suno Not\u00edcias\"},\"image\":{\"@id\":\"https:\/\/www.suno.com.br\/noticias\/#\/schema\/logo\/image\/\"},\"sameAs\":[\"https:\/\/facebook.com\/sunoresearch\",\"https:\/\/x.com\/sunoresearch\",\"https:\/\/www.instagram.com\/suno\",\"https:\/\/www.linkedin.com\/company\/suno-research\/\",\"https:\/\/www.youtube.com\/c\/sunoresearch\"]},{\"@type\":\"Person\",\"@id\":\"https:\/\/www.suno.com.br\/noticias\/#\/schema\/person\/2cb514bb79b859b3db8118a400177391\",\"name\":\"Piter Carvalho\",\"image\":{\"@type\":\"ImageObject\",\"inLanguage\":\"pt-BR\",\"@id\":\"https:\/\/www.suno.com.br\/noticias\/#\/schema\/person\/image\/\",\"url\":\"https:\/\/secure.gravatar.com\/avatar\/593069928517ce9b5474b6116f9cf3c9?s=96&r=g\",\"contentUrl\":\"https:\/\/secure.gravatar.com\/avatar\/593069928517ce9b5474b6116f9cf3c9?s=96&r=g\",\"caption\":\"Piter Carvalho\"},\"description\":\"Economista da Valor Investimentos, \u00e9 formado em Economia pelo Mackenzie.\",\"sameAs\":[\"https:\/\/www.linkedin.com\/in\/pitercarvalho\/?originalSubdomain=br\"],\"url\":\"https:\/\/www.suno.com.br\/noticias\/author\/piter-carvalho\/\"}]}<\/script>\n<!-- \/ Yoast SEO plugin. -->","yoast_head_json":{"title":"Ser\u00e1 que o PIB virou Pibinho?","description":"H\u00e1 proje\u00e7\u00f5es otimistas do Focus colocam o PIB de 2023 com alta de 0,85% e casa de an\u00e1lise mais otimistas acreditam em alta de cerca de 1%.","robots":{"index":"index","follow":"follow","max-snippet":"max-snippet:-1","max-image-preview":"max-image-preview:large","max-video-preview":"max-video-preview:-1"},"canonical":"https:\/\/www.suno.com.br\/noticias\/colunas\/piter-carvalho\/sera-que-pib-virou-pibinho\/","og_locale":"pt_BR","og_type":"article","og_title":"Ser\u00e1 que o PIB virou Pibinho?","og_description":"H\u00e1 proje\u00e7\u00f5es otimistas do Focus colocam o PIB de 2023 com alta de 0,85% e casa de an\u00e1lise mais otimistas acreditam em alta de cerca de 1%.","og_url":"https:\/\/www.suno.com.br\/noticias\/colunas\/piter-carvalho\/sera-que-pib-virou-pibinho\/","og_site_name":"Suno Not\u00edcias","article_publisher":"https:\/\/facebook.com\/sunoresearch","og_image":[{"width":1280,"height":720,"url":"https:\/\/files.sunoresearch.com.br\/n\/uploads\/2020\/09\/6a3a41ed-11-inflacao-e-deflacao.jpg","type":"image\/jpeg"}],"twitter_card":"summary_large_image","twitter_site":"@sunoresearch","twitter_misc":{"Est. tempo de leitura":"4 minutos"},"schema":{"@context":"https:\/\/schema.org","@graph":[{"@type":"Article","@id":"https:\/\/www.suno.com.br\/noticias\/colunas\/piter-carvalho\/sera-que-pib-virou-pibinho\/#article","isPartOf":{"@id":"https:\/\/www.suno.com.br\/noticias\/colunas\/piter-carvalho\/sera-que-pib-virou-pibinho\/"},"author":{"name":"Piter Carvalho","@id":"https:\/\/www.suno.com.br\/noticias\/#\/schema\/person\/2cb514bb79b859b3db8118a400177391"},"headline":"Ser\u00e1 que o PIB virou Pibinho?","datePublished":"2023-03-23T11:00:00+00:00","mainEntityOfPage":{"@id":"https:\/\/www.suno.com.br\/noticias\/colunas\/piter-carvalho\/sera-que-pib-virou-pibinho\/"},"wordCount":681,"publisher":{"@id":"https:\/\/www.suno.com.br\/noticias\/#organization"},"image":{"@id":"https:\/\/www.suno.com.br\/noticias\/colunas\/piter-carvalho\/sera-que-pib-virou-pibinho\/#primaryimage"},"thumbnailUrl":"https:\/\/files.sunoresearch.com.br\/n\/uploads\/2020\/09\/6a3a41ed-11-inflacao-e-deflacao-jpg.webp","keywords":["Produto Interno Bruto (PIB)"],"inLanguage":"pt-BR"},{"@type":"WebPage","@id":"https:\/\/www.suno.com.br\/noticias\/colunas\/piter-carvalho\/sera-que-pib-virou-pibinho\/","url":"https:\/\/www.suno.com.br\/noticias\/colunas\/piter-carvalho\/sera-que-pib-virou-pibinho\/","name":"Ser\u00e1 que o PIB virou Pibinho?","isPartOf":{"@id":"https:\/\/www.suno.com.br\/noticias\/#website"},"primaryImageOfPage":{"@id":"https:\/\/www.suno.com.br\/noticias\/colunas\/piter-carvalho\/sera-que-pib-virou-pibinho\/#primaryimage"},"image":{"@id":"https:\/\/www.suno.com.br\/noticias\/colunas\/piter-carvalho\/sera-que-pib-virou-pibinho\/#primaryimage"},"thumbnailUrl":"https:\/\/files.sunoresearch.com.br\/n\/uploads\/2020\/09\/6a3a41ed-11-inflacao-e-deflacao-jpg.webp","datePublished":"2023-03-23T11:00:00+00:00","description":"H\u00e1 proje\u00e7\u00f5es otimistas do Focus colocam o PIB de 2023 com alta de 0,85% e casa de an\u00e1lise mais otimistas acreditam em alta de cerca de 1%.","breadcrumb":{"@id":"https:\/\/www.suno.com.br\/noticias\/colunas\/piter-carvalho\/sera-que-pib-virou-pibinho\/#breadcrumb"},"inLanguage":"pt-BR","potentialAction":[{"@type":"ReadAction","target":["https:\/\/www.suno.com.br\/noticias\/colunas\/piter-carvalho\/sera-que-pib-virou-pibinho\/"]}]},{"@type":"ImageObject","inLanguage":"pt-BR","@id":"https:\/\/www.suno.com.br\/noticias\/colunas\/piter-carvalho\/sera-que-pib-virou-pibinho\/#primaryimage","url":"https:\/\/files.sunoresearch.com.br\/n\/uploads\/2020\/09\/6a3a41ed-11-inflacao-e-deflacao-jpg.webp","contentUrl":"https:\/\/files.sunoresearch.com.br\/n\/uploads\/2020\/09\/6a3a41ed-11-inflacao-e-deflacao-jpg.webp","width":1280,"height":720,"caption":"Foto: Pixabay"},{"@type":"BreadcrumbList","@id":"https:\/\/www.suno.com.br\/noticias\/colunas\/piter-carvalho\/sera-que-pib-virou-pibinho\/#breadcrumb","itemListElement":[{"@type":"ListItem","position":1,"name":"Not\u00edcias","item":"https:\/\/www.suno.com.br\/noticias\/"},{"@type":"ListItem","position":2,"name":"Colunas","item":"https:\/\/www.suno.com.br\/noticias\/colunas\/"},{"@type":"ListItem","position":3,"name":"Ser\u00e1 que o PIB virou Pibinho?"}]},{"@type":"WebSite","@id":"https:\/\/www.suno.com.br\/noticias\/#website","url":"https:\/\/www.suno.com.br\/noticias\/","name":"Suno Not\u00edcias","description":"Seu portal de informa\u00e7\u00e3o sobre o mundo dos investimentos","publisher":{"@id":"https:\/\/www.suno.com.br\/noticias\/#organization"},"potentialAction":[{"@type":"SearchAction","target":{"@type":"EntryPoint","urlTemplate":"https:\/\/www.suno.com.br\/noticias\/?s={search_term_string}"},"query-input":{"@type":"PropertyValueSpecification","valueRequired":true,"valueName":"search_term_string"}}],"inLanguage":"pt-BR"},{"@type":"Organization","@id":"https:\/\/www.suno.com.br\/noticias\/#organization","name":"Suno Not\u00edcias","url":"https:\/\/www.suno.com.br\/noticias\/","logo":{"@type":"ImageObject","inLanguage":"pt-BR","@id":"https:\/\/www.suno.com.br\/noticias\/#\/schema\/logo\/image\/","url":"https:\/\/files.sunoresearch.com.br\/n\/uploads\/2021\/09\/suno-logo.png","contentUrl":"https:\/\/files.sunoresearch.com.br\/n\/uploads\/2021\/09\/suno-logo.png","width":180,"height":180,"caption":"Suno Not\u00edcias"},"image":{"@id":"https:\/\/www.suno.com.br\/noticias\/#\/schema\/logo\/image\/"},"sameAs":["https:\/\/facebook.com\/sunoresearch","https:\/\/x.com\/sunoresearch","https:\/\/www.instagram.com\/suno","https:\/\/www.linkedin.com\/company\/suno-research\/","https:\/\/www.youtube.com\/c\/sunoresearch"]},{"@type":"Person","@id":"https:\/\/www.suno.com.br\/noticias\/#\/schema\/person\/2cb514bb79b859b3db8118a400177391","name":"Piter Carvalho","image":{"@type":"ImageObject","inLanguage":"pt-BR","@id":"https:\/\/www.suno.com.br\/noticias\/#\/schema\/person\/image\/","url":"https:\/\/secure.gravatar.com\/avatar\/593069928517ce9b5474b6116f9cf3c9?s=96&r=g","contentUrl":"https:\/\/secure.gravatar.com\/avatar\/593069928517ce9b5474b6116f9cf3c9?s=96&r=g","caption":"Piter Carvalho"},"description":"Economista da Valor Investimentos, \u00e9 formado em Economia pelo Mackenzie.","sameAs":["https:\/\/www.linkedin.com\/in\/pitercarvalho\/?originalSubdomain=br"],"url":"https:\/\/www.suno.com.br\/noticias\/author\/piter-carvalho\/"}]}},"amp_enabled":true,"_links":{"self":[{"href":"https:\/\/www.suno.com.br\/noticias\/wp-json\/wp\/v2\/suno_column\/377512"}],"collection":[{"href":"https:\/\/www.suno.com.br\/noticias\/wp-json\/wp\/v2\/suno_column"}],"about":[{"href":"https:\/\/www.suno.com.br\/noticias\/wp-json\/wp\/v2\/types\/suno_column"}],"author":[{"embeddable":true,"href":"https:\/\/www.suno.com.br\/noticias\/wp-json\/wp\/v2\/users\/212"}],"wp:featuredmedia":[{"embeddable":true,"href":"https:\/\/www.suno.com.br\/noticias\/wp-json\/wp\/v2\/media\/84325"}],"wp:attachment":[{"href":"https:\/\/www.suno.com.br\/noticias\/wp-json\/wp\/v2\/media?parent=377512"}],"wp:term":[{"taxonomy":"post_tag","embeddable":true,"href":"https:\/\/www.suno.com.br\/noticias\/wp-json\/wp\/v2\/tags?post=377512"}],"curies":[{"name":"wp","href":"https:\/\/api.w.org\/{rel}","templated":true}]}}