{"id":374033,"date":"2023-03-10T08:00:00","date_gmt":"2023-03-10T11:00:00","guid":{"rendered":"https:\/\/www.suno.com.br\/noticias\/colunas\/marco-lopes\/\/"},"modified":"2023-03-24T12:28:04","modified_gmt":"2023-03-24T15:28:04","slug":"relacao-inflacao-selic-teto-fiscal","status":"publish","type":"suno_column","link":"https:\/\/www.suno.com.br\/noticias\/colunas\/paulo-albuquerque\/relacao-inflacao-selic-teto-fiscal\/","title":{"rendered":"A rela\u00e7\u00e3o entre infla\u00e7\u00e3o, Selic e teto fiscal"},"content":{"rendered":"<p>O presidente Lula tem criticado publicamente o atual patamar da taxa b\u00e1sica de juros e a postura do Banco Central. No entanto, \u00e9 importante lembrar que a infla\u00e7\u00e3o oficial atual (IPCA-Jan\/2023) est\u00e1 em torno de 5,77%, ainda longe da meta estabelecida pelo Conselho Monet\u00e1rio Nacional (CMN) de 3,25%, com intervalo de toler\u00e2ncia de 1,5%, o que permitiria uma amplitude de infla\u00e7\u00e3o entre 1,75% a 4,75%.&nbsp;<\/p>\n\n\n\n\n\n\t<p>\n\t\t<a href=\"\" target=\"_blank\" data-element=\"shortcode-suno-banner\" title=\"Banner SUNO, clique e saiba mais\">\n\t\t\t<picture>\n\t\t\t\t<source media=\"(max-width: 500px)\" srcset=\"\">\n\t\t\t\t<img class=\"newsContent__article__imgCapa newsContent__article__imgCapa--banner\"\n\t\t\t\t\tsrc=\"\"\n\t\t\t\t\tdata-promo-id=\"380307\"\t\t\t\t\t\t\t\t\t\t\t\t\t\t\talt=\"\"\n\t\t\t\t>\n\t\t\t<\/picture>\n\t\t<\/a>\n\t<\/p>\n\n\n\n\n\n<p>O Comit\u00ea de Pol\u00edtica Monet\u00e1ria (Copom) projetou a infla\u00e7\u00e3o de 5,6% para 2023 e de 3,4% para 2024 em sua \u00faltima ata (Fev\/2023). Isso significa que a taxa de curto prazo ainda est\u00e1 em linha com a meta decidida pelo CMN e n\u00e3o deve ser alterada para atender \u00e0s press\u00f5es pol\u00edticas do governo. O governo do presidente Lula ajudaria demasiado se voltasse seu foco para o necess\u00e1rio ajuste fiscal, que seria uma contribui\u00e7\u00e3o de peso para ajudar o Banco Central em sua tarefa de reduzir a taxa Selic.<\/p>\n\n\n\n<p>A popula\u00e7\u00e3o em geral pode n\u00e3o entende a rela\u00e7\u00e3o entre a pol\u00edtica fiscal e a taxa de juros, e esse \u00e9 o motivo deste artigo.&nbsp;<\/p>\n\n\n\t<p>\n\t\t<a href=\"\" target=\"_blank\" data-element=\"shortcode-suno-banner\" title=\"Banner SUNO, clique e saiba mais\">\n\t\t\t<picture>\n\t\t\t\t<source media=\"(max-width: 500px)\" srcset=\"\">\n\t\t\t\t<img class=\"newsContent__article__imgCapa newsContent__article__imgCapa--banner\"\n\t\t\t\t\tsrc=\"\"\n\t\t\t\t\tdata-promo-id=\"240038\"\t\t\t\t\t\t\t\t\t\t\t\t\t\t\talt=\"\"\n\t\t\t\t>\n\t\t\t<\/picture>\n\t\t<\/a>\n\t<\/p>\n\n\n\n\n\n<p>Entre as formas poss\u00edveis de se calcular o PIB, uma das mais utilizadas \u00e9 a identidade macroecon\u00f4mica Y = C + I + G + (X \u2013 M), ou seja, PIB (Y) \u00e9 igual \u00e0 soma dos gastos das fam\u00edlias (C), dos investimentos (I), dos gastos do governo (G) e do valor l\u00edquido das exporta\u00e7\u00f5es (X-M).<\/p>\n\n\n\n<p>Todos esses componentes do c\u00e1lculo s\u00e3o sens\u00edveis \u00e0 taxa de juros de curto prazo, com exce\u00e7\u00e3o dos gastos do governo. A alta dos juros afeta diretamente tanto os gastos das fam\u00edlias quanto os das empresas, reduzindo o consumo e elevando o custo das d\u00edvidas. Outro ponto importante \u00e9 que a alta dos juros tamb\u00e9m aumenta o custo de oportunidade: afinal, entre consumer os recursos no presente, passa a valer a pena economizer e receber os altos juros no future.&nbsp;<\/p>\n\n\n\t<p>\n\t\t<a href=\"https:\/\/lp.suno.com.br\/planilha-controle-gastos\/\" target=\"_blank\" data-element=\"shortcode-suno-banner\" title=\"Banner SUNO, clique e saiba mais\">\n\t\t\t<picture>\n\t\t\t\t<source media=\"(max-width: 500px)\" srcset=\"https:\/\/files.sunoresearch.com.br\/n\/uploads\/2023\/03\/400x300-Planilha-controle-de-gastos.png\">\n\t\t\t\t<img class=\"newsContent__article__imgCapa newsContent__article__imgCapa--banner\"\n\t\t\t\t\tsrc=\"https:\/\/files.sunoresearch.com.br\/n\/uploads\/2023\/03\/1420x240-Planilha-controle-de-gastos.png\"\n\t\t\t\t\tdata-promo-id=\"101751\"\t\t\t\t\t\t\t\t\t\twidth='1420' height='240'\t\t\t\t\talt=\"https:\/\/files.sunoresearch.com.br\/n\/uploads\/2023\/03\/1420x240-Planilha-controle-de-gastos.png\"\n\t\t\t\t>\n\t\t\t<\/picture>\n\t\t<\/a>\n\t<\/p>\n\n\n\n\n\n<p>O mesmo racioc\u00ednio vale para o com\u00e9rcio exterior. Mesmo com o Brasil ostentando balan\u00e7a comercial superavit\u00e1ria, os juros altos s\u00e3o negativos nesse agregado tamb\u00e9m, porque elevam os custos das empresas exportadoras e estimulam a vinda de capitais estrangeiros de natureza especulativa.<\/p>\n\n\n\n<p>Mas e os gastos do governo, como ficam? Quando o governo decide levar adiante uma pol\u00edtica fiscal expansionista (aumento de gastos e\/ou corte de impostos), n\u00e3o h\u00e1 considera\u00e7\u00f5es relativas ao patamar da taxa de juros. Isso ocorre porque a decis\u00e3o \u00e9 quase sempre de natureza pol\u00edtica, e n\u00e3o econ\u00f4mica. Al\u00e9m disso, o governo funciona de modo diferente das fam\u00edlias e das empresas, uma vez que seu potencial de endividamento \u00e9 praticamente infinito, uma vez que \u00e9 dono da m\u00e1quina de imprimir dinheiro (o que, diga-se de passagem, tamb\u00e9m aumenta infla\u00e7\u00e3o!)<\/p>\n\n\n\n<p>O problema aqui \u00e9 que se o governo n\u00e3o controla seus gastos, sobretudo em tempos de falta de \u00e2ncora fiscal, a press\u00e3o inflacion\u00e1ria persiste e, desse modo, h\u00e1 necessidade continua de juros mais altos por mais tempo. Certamente, o Banco Central n\u00e3o est\u00e1 confort\u00e1vel com as taxas nesse patamar. Nenhum agente p\u00fablico respons\u00e1vel ficaria confort\u00e1vel nessa situa\u00e7\u00e3o, mas h\u00e1 de se reconhecer que, dado o hist\u00f3rico da pol\u00edtica fiscal brasileira, o Bacen n\u00e3o pode ficar de bra\u00e7os cruzados.<\/p>\n\n\n\n<p>Me acompanhe no Twitter @pedsonma e no Instagram @pauloedsonalbuquerque.<\/p>\n\n\n\t<p>\n\t\t<a href=\"https:\/\/lp.suno.com.br\/planilha-da-vida-financeira\/\" target=\"_blank\" data-element=\"shortcode-suno-banner\" title=\"Banner SUNO, clique e saiba mais\">\n\t\t\t<picture>\n\t\t\t\t<source media=\"(max-width: 500px)\" srcset=\"https:\/\/files.sunoresearch.com.br\/n\/uploads\/2023\/04\/400x300-Planilha-vida-financeira-true.png\">\n\t\t\t\t<img class=\"newsContent__article__imgCapa newsContent__article__imgCapa--banner\"\n\t\t\t\t\tsrc=\"https:\/\/files.sunoresearch.com.br\/n\/uploads\/2023\/04\/1420x240-Planilha-vida-financeira-true.png\"\n\t\t\t\t\tdata-promo-id=\"106682\"\t\t\t\t\t\t\t\t\t\twidth='1420' height='240'\t\t\t\t\talt=\"https:\/\/files.sunoresearch.com.br\/n\/uploads\/2023\/04\/1420x240-Planilha-vida-financeira-true.png\"\n\t\t\t\t>\n\t\t\t<\/picture>\n\t\t<\/a>\n\t<\/p>\n\n\n","protected":false},"excerpt":{"rendered":"<p>O presidente Lula tem criticado publicamente o atual patamar da taxa b\u00e1sica de juros e a postura do Banco Central. No entanto, \u00e9 importante lembrar que a infla\u00e7\u00e3o ofic&#8230;<\/p>\n","protected":false},"author":269,"featured_media":0,"template":"","tags":[],"class_list":["post-374033","suno_column","type-suno_column","status-publish","hentry"],"yoast_head":"<!-- This site is optimized with the Yoast SEO plugin v24.4 - https:\/\/yoast.com\/wordpress\/plugins\/seo\/ -->\n<title>A rela\u00e7\u00e3o entre infla\u00e7\u00e3o, Selic e teto fiscal - Suno Not\u00edcias<\/title>\n<meta name=\"description\" content=\"O governo do presidente Lula ajudaria muito se voltasse seu foco para o ajuste fiscal, para ajudar o Banco Central a reduzir a Selic.\" \/>\n<meta name=\"robots\" content=\"index, follow, max-snippet:-1, max-image-preview:large, max-video-preview:-1\" \/>\n<link rel=\"canonical\" href=\"https:\/\/www.suno.com.br\/noticias\/colunas\/paulo-albuquerque\/relacao-inflacao-selic-teto-fiscal\/\" \/>\n<meta property=\"og:locale\" content=\"pt_BR\" \/>\n<meta property=\"og:type\" content=\"article\" \/>\n<meta property=\"og:title\" content=\"A rela\u00e7\u00e3o entre infla\u00e7\u00e3o, Selic e teto fiscal - Suno Not\u00edcias\" \/>\n<meta property=\"og:description\" content=\"O governo do presidente Lula ajudaria muito se voltasse seu foco para o ajuste fiscal, para ajudar o Banco Central a reduzir a Selic.\" \/>\n<meta property=\"og:url\" content=\"https:\/\/www.suno.com.br\/noticias\/colunas\/paulo-albuquerque\/relacao-inflacao-selic-teto-fiscal\/\" \/>\n<meta property=\"og:site_name\" content=\"Suno Not\u00edcias\" \/>\n<meta property=\"article:publisher\" content=\"https:\/\/facebook.com\/sunoresearch\" \/>\n<meta property=\"og:image\" content=\"https:\/\/files.sunoresearch.com.br\/n\/uploads\/2022\/06\/Modelo2.jpg\" \/>\n\t<meta property=\"og:image:width\" content=\"1200\" \/>\n\t<meta property=\"og:image:height\" content=\"627\" \/>\n\t<meta property=\"og:image:type\" content=\"image\/jpeg\" \/>\n<meta name=\"twitter:card\" content=\"summary_large_image\" \/>\n<meta name=\"twitter:site\" content=\"@sunoresearch\" \/>\n<meta name=\"twitter:label1\" content=\"Est. tempo de leitura\" \/>\n\t<meta name=\"twitter:data1\" content=\"3 minutos\" \/>\n<script type=\"application\/ld+json\" class=\"yoast-schema-graph\">{\"@context\":\"https:\/\/schema.org\",\"@graph\":[{\"@type\":\"Article\",\"@id\":\"https:\/\/www.suno.com.br\/noticias\/colunas\/paulo-albuquerque\/relacao-inflacao-selic-teto-fiscal\/#article\",\"isPartOf\":{\"@id\":\"https:\/\/www.suno.com.br\/noticias\/colunas\/paulo-albuquerque\/relacao-inflacao-selic-teto-fiscal\/\"},\"author\":{\"name\":\"Paulo Albuquerque\",\"@id\":\"https:\/\/www.suno.com.br\/noticias\/#\/schema\/person\/bbacf58f3cc643696a7ed8584f6b2e78\"},\"headline\":\"A rela\u00e7\u00e3o entre infla\u00e7\u00e3o, Selic e teto fiscal\",\"datePublished\":\"2023-03-10T11:00:00+00:00\",\"dateModified\":\"2023-03-24T15:28:04+00:00\",\"mainEntityOfPage\":{\"@id\":\"https:\/\/www.suno.com.br\/noticias\/colunas\/paulo-albuquerque\/relacao-inflacao-selic-teto-fiscal\/\"},\"wordCount\":592,\"publisher\":{\"@id\":\"https:\/\/www.suno.com.br\/noticias\/#organization\"},\"inLanguage\":\"pt-BR\"},{\"@type\":\"WebPage\",\"@id\":\"https:\/\/www.suno.com.br\/noticias\/colunas\/paulo-albuquerque\/relacao-inflacao-selic-teto-fiscal\/\",\"url\":\"https:\/\/www.suno.com.br\/noticias\/colunas\/paulo-albuquerque\/relacao-inflacao-selic-teto-fiscal\/\",\"name\":\"A rela\u00e7\u00e3o entre infla\u00e7\u00e3o, Selic e teto fiscal - Suno Not\u00edcias\",\"isPartOf\":{\"@id\":\"https:\/\/www.suno.com.br\/noticias\/#website\"},\"datePublished\":\"2023-03-10T11:00:00+00:00\",\"dateModified\":\"2023-03-24T15:28:04+00:00\",\"description\":\"O governo do presidente Lula ajudaria muito se voltasse seu foco para o ajuste fiscal, para ajudar o Banco Central a reduzir a Selic.\",\"breadcrumb\":{\"@id\":\"https:\/\/www.suno.com.br\/noticias\/colunas\/paulo-albuquerque\/relacao-inflacao-selic-teto-fiscal\/#breadcrumb\"},\"inLanguage\":\"pt-BR\",\"potentialAction\":[{\"@type\":\"ReadAction\",\"target\":[\"https:\/\/www.suno.com.br\/noticias\/colunas\/paulo-albuquerque\/relacao-inflacao-selic-teto-fiscal\/\"]}]},{\"@type\":\"BreadcrumbList\",\"@id\":\"https:\/\/www.suno.com.br\/noticias\/colunas\/paulo-albuquerque\/relacao-inflacao-selic-teto-fiscal\/#breadcrumb\",\"itemListElement\":[{\"@type\":\"ListItem\",\"position\":1,\"name\":\"Not\u00edcias\",\"item\":\"https:\/\/www.suno.com.br\/noticias\/\"},{\"@type\":\"ListItem\",\"position\":2,\"name\":\"Colunas\",\"item\":\"https:\/\/www.suno.com.br\/noticias\/colunas\/\"},{\"@type\":\"ListItem\",\"position\":3,\"name\":\"A rela\u00e7\u00e3o entre infla\u00e7\u00e3o, Selic e teto fiscal\"}]},{\"@type\":\"WebSite\",\"@id\":\"https:\/\/www.suno.com.br\/noticias\/#website\",\"url\":\"https:\/\/www.suno.com.br\/noticias\/\",\"name\":\"Suno Not\u00edcias\",\"description\":\"Seu portal de informa\u00e7\u00e3o sobre o mundo dos investimentos\",\"publisher\":{\"@id\":\"https:\/\/www.suno.com.br\/noticias\/#organization\"},\"potentialAction\":[{\"@type\":\"SearchAction\",\"target\":{\"@type\":\"EntryPoint\",\"urlTemplate\":\"https:\/\/www.suno.com.br\/noticias\/?s={search_term_string}\"},\"query-input\":{\"@type\":\"PropertyValueSpecification\",\"valueRequired\":true,\"valueName\":\"search_term_string\"}}],\"inLanguage\":\"pt-BR\"},{\"@type\":\"Organization\",\"@id\":\"https:\/\/www.suno.com.br\/noticias\/#organization\",\"name\":\"Suno Not\u00edcias\",\"url\":\"https:\/\/www.suno.com.br\/noticias\/\",\"logo\":{\"@type\":\"ImageObject\",\"inLanguage\":\"pt-BR\",\"@id\":\"https:\/\/www.suno.com.br\/noticias\/#\/schema\/logo\/image\/\",\"url\":\"https:\/\/files.sunoresearch.com.br\/n\/uploads\/2021\/09\/suno-logo.png\",\"contentUrl\":\"https:\/\/files.sunoresearch.com.br\/n\/uploads\/2021\/09\/suno-logo.png\",\"width\":180,\"height\":180,\"caption\":\"Suno Not\u00edcias\"},\"image\":{\"@id\":\"https:\/\/www.suno.com.br\/noticias\/#\/schema\/logo\/image\/\"},\"sameAs\":[\"https:\/\/facebook.com\/sunoresearch\",\"https:\/\/x.com\/sunoresearch\",\"https:\/\/www.instagram.com\/suno\",\"https:\/\/www.linkedin.com\/company\/suno-research\/\",\"https:\/\/www.youtube.com\/c\/sunoresearch\"]},{\"@type\":\"Person\",\"@id\":\"https:\/\/www.suno.com.br\/noticias\/#\/schema\/person\/bbacf58f3cc643696a7ed8584f6b2e78\",\"name\":\"Paulo Albuquerque\",\"image\":{\"@type\":\"ImageObject\",\"inLanguage\":\"pt-BR\",\"@id\":\"https:\/\/www.suno.com.br\/noticias\/#\/schema\/person\/image\/\",\"url\":\"https:\/\/secure.gravatar.com\/avatar\/c9aa04eefa916adf0d80b87c33c2d85f?s=96&r=g\",\"contentUrl\":\"https:\/\/secure.gravatar.com\/avatar\/c9aa04eefa916adf0d80b87c33c2d85f?s=96&r=g\",\"caption\":\"Paulo Albuquerque\"},\"description\":\"\u00c9 s\u00f3cio e analista na Quantzed, empresa de tecnologia e educa\u00e7\u00e3o financeira para investidores. Formado em Direito pela Universidade de Fortaleza (Unifor), possui MBA em Broker Global pelo Ibmec\/XP, al\u00e9m das certifica\u00e7\u00f5es CGA e CGE, pela ANBIMA, e CNPI-P pela Apimec. \u00c9 administrador de carteira, consultor e analista de valores mobili\u00e1rios habilitado pela CVM. Possui curso de Forma\u00e7\u00e3o em Intelig\u00eancia, pela Escola de Intelig\u00eancia, Abin, onde tamb\u00e9m j\u00e1 atuou como oficial de Intelig\u00eancia. Hoje, atua como Oficial de Chancelaria do Servi\u00e7o Exterior Brasileiro, Minist\u00e9rio das Rela\u00e7\u00f5es Exteriores, com passagem pelas Embaixadas em Singapura, Su\u00e9cia, Sud\u00e3o, e atualmente Embaixada na \u00c1frica do Sul, al\u00e9m de passagem pelos Consulados-Gerais em Atlanta (EUA) e Vancouver (Canad\u00e1). Tamb\u00e9m \u00e9 advogado e investidor profissional, al\u00e9m de gestor do Clube de Investimentos Chancela Invest e Multiplicador do Programa Bem-Estar Financeiro da CVM. Atualmente, cursa Mestrado em An\u00e1lise Financeira pelo College for Financial Planning e MBA em Value Investing com Luiz Barsi. Est\u00e1 no Instagram (@pauloedsonalbuquerque) e no Twitter (@pedsonma).\",\"url\":\"https:\/\/www.suno.com.br\/noticias\/author\/paulo-albuquerque\/\"}]}<\/script>\n<!-- \/ Yoast SEO plugin. -->","yoast_head_json":{"title":"A rela\u00e7\u00e3o entre infla\u00e7\u00e3o, Selic e teto fiscal - Suno Not\u00edcias","description":"O governo do presidente Lula ajudaria muito se voltasse seu foco para o ajuste fiscal, para ajudar o Banco Central a reduzir a Selic.","robots":{"index":"index","follow":"follow","max-snippet":"max-snippet:-1","max-image-preview":"max-image-preview:large","max-video-preview":"max-video-preview:-1"},"canonical":"https:\/\/www.suno.com.br\/noticias\/colunas\/paulo-albuquerque\/relacao-inflacao-selic-teto-fiscal\/","og_locale":"pt_BR","og_type":"article","og_title":"A rela\u00e7\u00e3o entre infla\u00e7\u00e3o, Selic e teto fiscal - Suno Not\u00edcias","og_description":"O governo do presidente Lula ajudaria muito se voltasse seu foco para o ajuste fiscal, para ajudar o Banco Central a reduzir a Selic.","og_url":"https:\/\/www.suno.com.br\/noticias\/colunas\/paulo-albuquerque\/relacao-inflacao-selic-teto-fiscal\/","og_site_name":"Suno Not\u00edcias","article_publisher":"https:\/\/facebook.com\/sunoresearch","og_image":[{"width":1200,"height":627,"url":"https:\/\/files.sunoresearch.com.br\/n\/uploads\/2022\/06\/Modelo2.jpg","type":"image\/jpeg"}],"twitter_card":"summary_large_image","twitter_site":"@sunoresearch","twitter_misc":{"Est. tempo de leitura":"3 minutos"},"schema":{"@context":"https:\/\/schema.org","@graph":[{"@type":"Article","@id":"https:\/\/www.suno.com.br\/noticias\/colunas\/paulo-albuquerque\/relacao-inflacao-selic-teto-fiscal\/#article","isPartOf":{"@id":"https:\/\/www.suno.com.br\/noticias\/colunas\/paulo-albuquerque\/relacao-inflacao-selic-teto-fiscal\/"},"author":{"name":"Paulo Albuquerque","@id":"https:\/\/www.suno.com.br\/noticias\/#\/schema\/person\/bbacf58f3cc643696a7ed8584f6b2e78"},"headline":"A rela\u00e7\u00e3o entre infla\u00e7\u00e3o, Selic e teto fiscal","datePublished":"2023-03-10T11:00:00+00:00","dateModified":"2023-03-24T15:28:04+00:00","mainEntityOfPage":{"@id":"https:\/\/www.suno.com.br\/noticias\/colunas\/paulo-albuquerque\/relacao-inflacao-selic-teto-fiscal\/"},"wordCount":592,"publisher":{"@id":"https:\/\/www.suno.com.br\/noticias\/#organization"},"inLanguage":"pt-BR"},{"@type":"WebPage","@id":"https:\/\/www.suno.com.br\/noticias\/colunas\/paulo-albuquerque\/relacao-inflacao-selic-teto-fiscal\/","url":"https:\/\/www.suno.com.br\/noticias\/colunas\/paulo-albuquerque\/relacao-inflacao-selic-teto-fiscal\/","name":"A rela\u00e7\u00e3o entre infla\u00e7\u00e3o, Selic e teto fiscal - Suno Not\u00edcias","isPartOf":{"@id":"https:\/\/www.suno.com.br\/noticias\/#website"},"datePublished":"2023-03-10T11:00:00+00:00","dateModified":"2023-03-24T15:28:04+00:00","description":"O governo do presidente Lula ajudaria muito se voltasse seu foco para o ajuste fiscal, para ajudar o Banco Central a reduzir a Selic.","breadcrumb":{"@id":"https:\/\/www.suno.com.br\/noticias\/colunas\/paulo-albuquerque\/relacao-inflacao-selic-teto-fiscal\/#breadcrumb"},"inLanguage":"pt-BR","potentialAction":[{"@type":"ReadAction","target":["https:\/\/www.suno.com.br\/noticias\/colunas\/paulo-albuquerque\/relacao-inflacao-selic-teto-fiscal\/"]}]},{"@type":"BreadcrumbList","@id":"https:\/\/www.suno.com.br\/noticias\/colunas\/paulo-albuquerque\/relacao-inflacao-selic-teto-fiscal\/#breadcrumb","itemListElement":[{"@type":"ListItem","position":1,"name":"Not\u00edcias","item":"https:\/\/www.suno.com.br\/noticias\/"},{"@type":"ListItem","position":2,"name":"Colunas","item":"https:\/\/www.suno.com.br\/noticias\/colunas\/"},{"@type":"ListItem","position":3,"name":"A rela\u00e7\u00e3o entre infla\u00e7\u00e3o, Selic e teto fiscal"}]},{"@type":"WebSite","@id":"https:\/\/www.suno.com.br\/noticias\/#website","url":"https:\/\/www.suno.com.br\/noticias\/","name":"Suno Not\u00edcias","description":"Seu portal de informa\u00e7\u00e3o sobre o mundo dos investimentos","publisher":{"@id":"https:\/\/www.suno.com.br\/noticias\/#organization"},"potentialAction":[{"@type":"SearchAction","target":{"@type":"EntryPoint","urlTemplate":"https:\/\/www.suno.com.br\/noticias\/?s={search_term_string}"},"query-input":{"@type":"PropertyValueSpecification","valueRequired":true,"valueName":"search_term_string"}}],"inLanguage":"pt-BR"},{"@type":"Organization","@id":"https:\/\/www.suno.com.br\/noticias\/#organization","name":"Suno Not\u00edcias","url":"https:\/\/www.suno.com.br\/noticias\/","logo":{"@type":"ImageObject","inLanguage":"pt-BR","@id":"https:\/\/www.suno.com.br\/noticias\/#\/schema\/logo\/image\/","url":"https:\/\/files.sunoresearch.com.br\/n\/uploads\/2021\/09\/suno-logo.png","contentUrl":"https:\/\/files.sunoresearch.com.br\/n\/uploads\/2021\/09\/suno-logo.png","width":180,"height":180,"caption":"Suno Not\u00edcias"},"image":{"@id":"https:\/\/www.suno.com.br\/noticias\/#\/schema\/logo\/image\/"},"sameAs":["https:\/\/facebook.com\/sunoresearch","https:\/\/x.com\/sunoresearch","https:\/\/www.instagram.com\/suno","https:\/\/www.linkedin.com\/company\/suno-research\/","https:\/\/www.youtube.com\/c\/sunoresearch"]},{"@type":"Person","@id":"https:\/\/www.suno.com.br\/noticias\/#\/schema\/person\/bbacf58f3cc643696a7ed8584f6b2e78","name":"Paulo Albuquerque","image":{"@type":"ImageObject","inLanguage":"pt-BR","@id":"https:\/\/www.suno.com.br\/noticias\/#\/schema\/person\/image\/","url":"https:\/\/secure.gravatar.com\/avatar\/c9aa04eefa916adf0d80b87c33c2d85f?s=96&r=g","contentUrl":"https:\/\/secure.gravatar.com\/avatar\/c9aa04eefa916adf0d80b87c33c2d85f?s=96&r=g","caption":"Paulo Albuquerque"},"description":"\u00c9 s\u00f3cio e analista na Quantzed, empresa de tecnologia e educa\u00e7\u00e3o financeira para investidores. Formado em Direito pela Universidade de Fortaleza (Unifor), possui MBA em Broker Global pelo Ibmec\/XP, al\u00e9m das certifica\u00e7\u00f5es CGA e CGE, pela ANBIMA, e CNPI-P pela Apimec. \u00c9 administrador de carteira, consultor e analista de valores mobili\u00e1rios habilitado pela CVM. Possui curso de Forma\u00e7\u00e3o em Intelig\u00eancia, pela Escola de Intelig\u00eancia, Abin, onde tamb\u00e9m j\u00e1 atuou como oficial de Intelig\u00eancia. Hoje, atua como Oficial de Chancelaria do Servi\u00e7o Exterior Brasileiro, Minist\u00e9rio das Rela\u00e7\u00f5es Exteriores, com passagem pelas Embaixadas em Singapura, Su\u00e9cia, Sud\u00e3o, e atualmente Embaixada na \u00c1frica do Sul, al\u00e9m de passagem pelos Consulados-Gerais em Atlanta (EUA) e Vancouver (Canad\u00e1). Tamb\u00e9m \u00e9 advogado e investidor profissional, al\u00e9m de gestor do Clube de Investimentos Chancela Invest e Multiplicador do Programa Bem-Estar Financeiro da CVM. Atualmente, cursa Mestrado em An\u00e1lise Financeira pelo College for Financial Planning e MBA em Value Investing com Luiz Barsi. Est\u00e1 no Instagram (@pauloedsonalbuquerque) e no Twitter (@pedsonma).","url":"https:\/\/www.suno.com.br\/noticias\/author\/paulo-albuquerque\/"}]}},"amp_enabled":true,"_links":{"self":[{"href":"https:\/\/www.suno.com.br\/noticias\/wp-json\/wp\/v2\/suno_column\/374033"}],"collection":[{"href":"https:\/\/www.suno.com.br\/noticias\/wp-json\/wp\/v2\/suno_column"}],"about":[{"href":"https:\/\/www.suno.com.br\/noticias\/wp-json\/wp\/v2\/types\/suno_column"}],"author":[{"embeddable":true,"href":"https:\/\/www.suno.com.br\/noticias\/wp-json\/wp\/v2\/users\/269"}],"wp:attachment":[{"href":"https:\/\/www.suno.com.br\/noticias\/wp-json\/wp\/v2\/media?parent=374033"}],"wp:term":[{"taxonomy":"post_tag","embeddable":true,"href":"https:\/\/www.suno.com.br\/noticias\/wp-json\/wp\/v2\/tags?post=374033"}],"curies":[{"name":"wp","href":"https:\/\/api.w.org\/{rel}","templated":true}]}}