{"id":368326,"date":"2023-02-28T08:00:00","date_gmt":"2023-02-28T11:00:00","guid":{"rendered":"https:\/\/www.suno.com.br\/noticias\/colunas\/marco-lopes\/\/"},"modified":"2023-02-27T20:53:43","modified_gmt":"2023-02-27T23:53:43","slug":"diversidade-base-inovacao","status":"publish","type":"suno_column","link":"https:\/\/www.suno.com.br\/noticias\/colunas\/carolina-cabral\/diversidade-base-inovacao\/","title":{"rendered":"Diversidade: a base da inova\u00e7\u00e3o"},"content":{"rendered":"<p>O que faz uma empresa ser considerada inovadora? Este \u00e9 o tipo de pergunta com muitas respostas poss\u00edveis, afinal inova\u00e7\u00e3o tem a ver com processos, com tecnologia e com gerenciamento de recursos. Por\u00e9m, h\u00e1 apenas uma resposta que pode funcionar como base de toda iniciativa voltada para a inten\u00e7\u00e3o de inovar: a <strong>diversidade<\/strong>.<\/p>\t<div class=\"wrapper-featured-image\">\n\t\t<figure class=\"spotlightImg\">\n\n\t\t\t<picture>\n\t\t\t\t<source media=\"(max-width: 768px)\" srcset=\"https:\/\/files.sunoresearch.com.br\/n\/uploads\/2022\/11\/Colunistas-400x200.jpg\">\n\t\t\t\t<img loading=\"lazy\" decoding=\"async\" class=\"newsContent__article__imgCapa lazyloadDisabled newsContent__article__imgCapa--noCaption\" src=\"https:\/\/files.sunoresearch.com.br\/n\/uploads\/2022\/11\/Colunistas-800x450.jpg\" width=\"800\" height=\"450\" alt=\"Diversidade: a base da inova\u00e7\u00e3o\" fetchpriority=high \/>\n\t\t\t<\/picture>\n\n\t\t\t<figcaption class=\"wp-caption-text wp-caption-text--hide\"><\/figcaption>\n\t\t<\/figure>\n\t<\/div>\n\n\n\n\n\n\t<p>\n\t\t<a href=\"\" target=\"_blank\" data-element=\"shortcode-suno-banner\" title=\"Banner SUNO, clique e saiba mais\">\n\t\t\t<picture>\n\t\t\t\t<source media=\"(max-width: 500px)\" srcset=\"\">\n\t\t\t\t<img class=\"newsContent__article__imgCapa newsContent__article__imgCapa--banner\"\n\t\t\t\t\tsrc=\"\"\n\t\t\t\t\tdata-promo-id=\"240038\"\t\t\t\t\t\t\t\t\t\t\t\t\t\t\talt=\"\"\n\t\t\t\t>\n\t\t\t<\/picture>\n\t\t<\/a>\n\t<\/p>\n\n\n\n\n\n\n\n<p>Digo isso porque reunir times diversos, formado por colaboradores com hist\u00f3rias e perfis diferentes, possibilita a troca de experi\u00eancias, o mergulho na realidade do outro e o conhecimento de perspectivas em tempo algum experimentadas &#8211; n\u00e3o porque n\u00e3o houvesse interesse, mas sim porque nunca houve apresenta\u00e7\u00e3o de determinados panoramas antes. Reunir times com pessoas de idades, etnias, orienta\u00e7\u00f5es sexuais, classes sociais e at\u00e9 mesmo religi\u00f5es distintas permite o <strong>exerc\u00edcio da empatia<\/strong>. Significa acreditar que o <strong>choque cultural<\/strong> \u00e9 necess\u00e1rio para haver rupturas, at\u00e9 porque, sem elas, n\u00e3o h\u00e1 inova\u00e7\u00e3o.<\/p>\n\n\n\n<p>A <strong>diversidade de conhecimentos<\/strong>, cultura e origem dos colaboradores amplia a criatividade e a inova\u00e7\u00e3o. Mas n\u00e3o \u00e9 s\u00f3 isso. Companhias com <strong>equipes plurais<\/strong> t\u00eam mais condi\u00e7\u00f5es de estarem antenadas com os desejos de seus consumidores e menos chances de escorreg\u00f5es que custam reputa\u00e7\u00f5es e at\u00e9 resultam em boicotes a produtos e servi\u00e7os.<\/p>\n\n\n\n<p>Pesquisas realizadas pela <strong>consultoria McKinsey<\/strong> mostram que empresas com maior <strong>diversidade de g\u00eanero<\/strong> t\u00eam lucratividade acima da m\u00e9dia. E essa diferen\u00e7a vem aumentando: em 2014, companhias mais diversas tiveram resultados 15% acima da m\u00e9dia; em 2017, a diferen\u00e7a foi de 21%. J\u00e1 em 2019, foi de 25%. Na compara\u00e7\u00e3o com as empresas menos diversas (aquelas cuja maioria \u00e9 composta por homens brancos), a diferen\u00e7a \u00e9 de 48%.<\/p>\n\n\n\t<p>\n\t\t<a href=\"https:\/\/lp.suno.com.br\/planilha-controle-gastos\/\" target=\"_blank\" data-element=\"shortcode-suno-banner\" title=\"Banner SUNO, clique e saiba mais\">\n\t\t\t<picture>\n\t\t\t\t<source media=\"(max-width: 500px)\" srcset=\"https:\/\/files.sunoresearch.com.br\/n\/uploads\/2023\/03\/400x300-Planilha-controle-de-gastos.png\">\n\t\t\t\t<img class=\"newsContent__article__imgCapa newsContent__article__imgCapa--banner\"\n\t\t\t\t\tsrc=\"https:\/\/files.sunoresearch.com.br\/n\/uploads\/2023\/03\/1420x240-Planilha-controle-de-gastos.png\"\n\t\t\t\t\tdata-promo-id=\"101751\"\t\t\t\t\t\t\t\t\t\twidth='1420' height='240'\t\t\t\t\talt=\"https:\/\/files.sunoresearch.com.br\/n\/uploads\/2023\/03\/1420x240-Planilha-controle-de-gastos.png\"\n\t\t\t\t>\n\t\t\t<\/picture>\n\t\t<\/a>\n\t<\/p>\n\n\n\n\n\n<p>Quando se olha para a <strong>diversidade \u00e9tnica e cultural<\/strong>, o ganho \u00e9 ainda mais expressivo: em 2019, as mais diversas tiveram lucratividade 36% superior \u00e0s menos diversas. Claramente, tudo isso tem a ver com o <strong>potencial de inovar<\/strong>.<\/p>\n\n\n\n<p>Importante tamb\u00e9m destacar que um time diverso \u00e9 capaz de se comunicar melhor, o que aumenta a<br>produtividade e a disposi\u00e7\u00e3o para repensar processos. A diversidade ensina as pessoas a conviverem com as diferen\u00e7as e, como consequ\u00eancia, a flexibilidade vai sendo implantada e todos v\u00e3o aprendendo a contornar os conflitos &#8211; o que tamb\u00e9m \u00e9 positivo para um <strong>ambiente inovador<\/strong>.<\/p>\n\n\n\n<p>No meu entendimento, essa atmosfera mais colaborativa apresenta resultados mais consistentes. A conviv\u00eancia amplia os entendimentos e o <strong>reconhecimento das habilidades<\/strong> do outro e, assim, as trocas s\u00e3o feitas sem barreiras culturais ou de qualquer outro tipo. Sem falar que isso tudo ajuda a minimizar intoler\u00e2ncias e preconceitos.<\/p>\n\n\n\n<p>Embora as pessoas muitas vezes se sintam mais \u00e0 vontade trabalhando com quem tem hist\u00f3rias parecidas com as suas, esse conforto n\u00e3o \u00e9 vantajoso para as empresas. Contar com quem pensa igual pode ser a armadilha da conformidade; \u00e9 preciso enriquecer o potencial criativo visando resultados em m\u00e9dio e longo prazo.<\/p>\n\n\n\n<p>Defendo ainda que \u00e9 fundamental investir na comunica\u00e7\u00e3o e no aculturamento do time interno. O apoio \u00e0 diversidade deve partir dos valores da empresa e ter continuidade no comportamento dos seus colaboradores. Sendo assim, \u00e9 necess\u00e1rio estruturar a comunica\u00e7\u00e3o interna para valorizar o respeito \u00e0s diferen\u00e7as, promovendo a conscientiza\u00e7\u00e3o. Sem isso, corre-se o risco de a empresa ficar paralisada no discurso bonito, por\u00e9m sem efic\u00e1cia.<\/p>\n\n\n\n<p>Os gestores precisam parar para pensar e analisar se, nos processos de recrutamento, est\u00e3o deixando de fora bons candidatos por causa de pr\u00e9-requisitos que podem ser desej\u00e1veis, mas n\u00e3o s\u00e3o necess\u00e1rios \u00e0 fun\u00e7\u00e3o. Ser\u00e1 que esses n\u00e3o podem ser adquiridos ao longo da carreira? Ser\u00e1 que n\u00e3o h\u00e1 outras caracter\u00edsticas e habilidades interessantes em candidatos que n\u00e3o est\u00e3o sendo observadas, do ponto de vista da diversidade?<\/p>\n\n\n\n<p>Como evitar que barreiras invis\u00edveis e vieses inconscientes impe\u00e7am a pluralidade no <strong>mundo corporativo<\/strong>?<\/p>\n\n\n\n<p>Talvez, o primeiro passo seja saberem que elas existem e que precisam ser combatidas.<\/p>\n\n\n\n<p>Em vez de contratar pessoas sempre com o mesmo perfil, experimentar a mistura, a mudan\u00e7a. Certamente, os resultados vir\u00e3o.<\/p>\n\n\n\t<p>\n\t\t<a href=\"https:\/\/lp.suno.com.br\/planilha-da-vida-financeira\/\" target=\"_blank\" data-element=\"shortcode-suno-banner\" title=\"Banner SUNO, clique e saiba mais\">\n\t\t\t<picture>\n\t\t\t\t<source media=\"(max-width: 500px)\" srcset=\"https:\/\/files.sunoresearch.com.br\/n\/uploads\/2023\/04\/400x300-Planilha-vida-financeira-true.png\">\n\t\t\t\t<img class=\"newsContent__article__imgCapa newsContent__article__imgCapa--banner\"\n\t\t\t\t\tsrc=\"https:\/\/files.sunoresearch.com.br\/n\/uploads\/2023\/04\/1420x240-Planilha-vida-financeira-true.png\"\n\t\t\t\t\tdata-promo-id=\"106682\"\t\t\t\t\t\t\t\t\t\twidth='1420' height='240'\t\t\t\t\talt=\"https:\/\/files.sunoresearch.com.br\/n\/uploads\/2023\/04\/1420x240-Planilha-vida-financeira-true.png\"\n\t\t\t\t>\n\t\t\t<\/picture>\n\t\t<\/a>\n\t<\/p>\n\n\n","protected":false},"excerpt":{"rendered":"<p>O que faz uma empresa ser considerada inovadora? Este \u00e9 o tipo de pergunta com muitas respostas poss\u00edveis, afinal inova\u00e7\u00e3o tem a ver com processos, com tecnologia e co&#8230;<\/p>\n","protected":false},"author":242,"featured_media":323379,"template":"","tags":[],"class_list":["post-368326","suno_column","type-suno_column","status-publish","has-post-thumbnail","hentry"],"yoast_head":"<!-- This site is optimized with the Yoast SEO plugin v24.4 - https:\/\/yoast.com\/wordpress\/plugins\/seo\/ -->\n<title>Diversidade: a base da inova\u00e7\u00e3o - Suno Not\u00edcias<\/title>\n<meta name=\"description\" content=\"H\u00e1 apenas uma resposta que pode funcionar como base de toda iniciativa voltada para a inten\u00e7\u00e3o de inovar: a diversidade\" \/>\n<meta name=\"robots\" content=\"index, follow, max-snippet:-1, max-image-preview:large, max-video-preview:-1\" \/>\n<link rel=\"canonical\" href=\"https:\/\/www.suno.com.br\/noticias\/colunas\/carolina-cabral\/diversidade-base-inovacao\/\" \/>\n<meta property=\"og:locale\" content=\"pt_BR\" \/>\n<meta property=\"og:type\" content=\"article\" \/>\n<meta property=\"og:title\" content=\"Diversidade: a base da inova\u00e7\u00e3o - Suno Not\u00edcias\" \/>\n<meta property=\"og:description\" content=\"H\u00e1 apenas uma resposta que pode funcionar como base de toda iniciativa voltada para a inten\u00e7\u00e3o de inovar: a diversidade\" \/>\n<meta property=\"og:url\" content=\"https:\/\/www.suno.com.br\/noticias\/colunas\/carolina-cabral\/diversidade-base-inovacao\/\" \/>\n<meta property=\"og:site_name\" content=\"Suno Not\u00edcias\" \/>\n<meta property=\"article:publisher\" content=\"https:\/\/facebook.com\/sunoresearch\" \/>\n<meta property=\"og:image\" content=\"https:\/\/files.sunoresearch.com.br\/n\/uploads\/2022\/11\/Colunistas.jpg\" \/>\n\t<meta property=\"og:image:width\" content=\"1550\" \/>\n\t<meta property=\"og:image:height\" content=\"810\" \/>\n\t<meta property=\"og:image:type\" content=\"image\/jpeg\" \/>\n<meta name=\"twitter:card\" content=\"summary_large_image\" \/>\n<meta name=\"twitter:site\" content=\"@sunoresearch\" \/>\n<meta name=\"twitter:label1\" content=\"Est. tempo de leitura\" \/>\n\t<meta name=\"twitter:data1\" content=\"4 minutos\" \/>\n<script type=\"application\/ld+json\" class=\"yoast-schema-graph\">{\"@context\":\"https:\/\/schema.org\",\"@graph\":[{\"@type\":\"Article\",\"@id\":\"https:\/\/www.suno.com.br\/noticias\/colunas\/carolina-cabral\/diversidade-base-inovacao\/#article\",\"isPartOf\":{\"@id\":\"https:\/\/www.suno.com.br\/noticias\/colunas\/carolina-cabral\/diversidade-base-inovacao\/\"},\"author\":{\"name\":\"Carolina Cabral\",\"@id\":\"https:\/\/www.suno.com.br\/noticias\/#\/schema\/person\/6c0830dbeb7a0a2190d3fc459290e6bd\"},\"headline\":\"Diversidade: a base da inova\u00e7\u00e3o\",\"datePublished\":\"2023-02-28T11:00:00+00:00\",\"mainEntityOfPage\":{\"@id\":\"https:\/\/www.suno.com.br\/noticias\/colunas\/carolina-cabral\/diversidade-base-inovacao\/\"},\"wordCount\":692,\"publisher\":{\"@id\":\"https:\/\/www.suno.com.br\/noticias\/#organization\"},\"image\":{\"@id\":\"https:\/\/www.suno.com.br\/noticias\/colunas\/carolina-cabral\/diversidade-base-inovacao\/#primaryimage\"},\"thumbnailUrl\":\"https:\/\/files.sunoresearch.com.br\/n\/uploads\/2022\/11\/Colunistas.jpg\",\"inLanguage\":\"pt-BR\"},{\"@type\":\"WebPage\",\"@id\":\"https:\/\/www.suno.com.br\/noticias\/colunas\/carolina-cabral\/diversidade-base-inovacao\/\",\"url\":\"https:\/\/www.suno.com.br\/noticias\/colunas\/carolina-cabral\/diversidade-base-inovacao\/\",\"name\":\"Diversidade: a base da inova\u00e7\u00e3o - Suno Not\u00edcias\",\"isPartOf\":{\"@id\":\"https:\/\/www.suno.com.br\/noticias\/#website\"},\"primaryImageOfPage\":{\"@id\":\"https:\/\/www.suno.com.br\/noticias\/colunas\/carolina-cabral\/diversidade-base-inovacao\/#primaryimage\"},\"image\":{\"@id\":\"https:\/\/www.suno.com.br\/noticias\/colunas\/carolina-cabral\/diversidade-base-inovacao\/#primaryimage\"},\"thumbnailUrl\":\"https:\/\/files.sunoresearch.com.br\/n\/uploads\/2022\/11\/Colunistas.jpg\",\"datePublished\":\"2023-02-28T11:00:00+00:00\",\"description\":\"H\u00e1 apenas uma resposta que pode funcionar como base de toda iniciativa voltada para a inten\u00e7\u00e3o de inovar: a diversidade\",\"breadcrumb\":{\"@id\":\"https:\/\/www.suno.com.br\/noticias\/colunas\/carolina-cabral\/diversidade-base-inovacao\/#breadcrumb\"},\"inLanguage\":\"pt-BR\",\"potentialAction\":[{\"@type\":\"ReadAction\",\"target\":[\"https:\/\/www.suno.com.br\/noticias\/colunas\/carolina-cabral\/diversidade-base-inovacao\/\"]}]},{\"@type\":\"ImageObject\",\"inLanguage\":\"pt-BR\",\"@id\":\"https:\/\/www.suno.com.br\/noticias\/colunas\/carolina-cabral\/diversidade-base-inovacao\/#primaryimage\",\"url\":\"https:\/\/files.sunoresearch.com.br\/n\/uploads\/2022\/11\/Colunistas.jpg\",\"contentUrl\":\"https:\/\/files.sunoresearch.com.br\/n\/uploads\/2022\/11\/Colunistas.jpg\",\"width\":1550,\"height\":810},{\"@type\":\"BreadcrumbList\",\"@id\":\"https:\/\/www.suno.com.br\/noticias\/colunas\/carolina-cabral\/diversidade-base-inovacao\/#breadcrumb\",\"itemListElement\":[{\"@type\":\"ListItem\",\"position\":1,\"name\":\"Not\u00edcias\",\"item\":\"https:\/\/www.suno.com.br\/noticias\/\"},{\"@type\":\"ListItem\",\"position\":2,\"name\":\"Colunas\",\"item\":\"https:\/\/www.suno.com.br\/noticias\/colunas\/\"},{\"@type\":\"ListItem\",\"position\":3,\"name\":\"Diversidade: a base da inova\u00e7\u00e3o\"}]},{\"@type\":\"WebSite\",\"@id\":\"https:\/\/www.suno.com.br\/noticias\/#website\",\"url\":\"https:\/\/www.suno.com.br\/noticias\/\",\"name\":\"Suno Not\u00edcias\",\"description\":\"Seu portal de informa\u00e7\u00e3o sobre o mundo dos investimentos\",\"publisher\":{\"@id\":\"https:\/\/www.suno.com.br\/noticias\/#organization\"},\"potentialAction\":[{\"@type\":\"SearchAction\",\"target\":{\"@type\":\"EntryPoint\",\"urlTemplate\":\"https:\/\/www.suno.com.br\/noticias\/?s={search_term_string}\"},\"query-input\":{\"@type\":\"PropertyValueSpecification\",\"valueRequired\":true,\"valueName\":\"search_term_string\"}}],\"inLanguage\":\"pt-BR\"},{\"@type\":\"Organization\",\"@id\":\"https:\/\/www.suno.com.br\/noticias\/#organization\",\"name\":\"Suno Not\u00edcias\",\"url\":\"https:\/\/www.suno.com.br\/noticias\/\",\"logo\":{\"@type\":\"ImageObject\",\"inLanguage\":\"pt-BR\",\"@id\":\"https:\/\/www.suno.com.br\/noticias\/#\/schema\/logo\/image\/\",\"url\":\"https:\/\/files.sunoresearch.com.br\/n\/uploads\/2021\/09\/suno-logo.png\",\"contentUrl\":\"https:\/\/files.sunoresearch.com.br\/n\/uploads\/2021\/09\/suno-logo.png\",\"width\":180,\"height\":180,\"caption\":\"Suno Not\u00edcias\"},\"image\":{\"@id\":\"https:\/\/www.suno.com.br\/noticias\/#\/schema\/logo\/image\/\"},\"sameAs\":[\"https:\/\/facebook.com\/sunoresearch\",\"https:\/\/x.com\/sunoresearch\",\"https:\/\/www.instagram.com\/suno\",\"https:\/\/www.linkedin.com\/company\/suno-research\/\",\"https:\/\/www.youtube.com\/c\/sunoresearch\"]},{\"@type\":\"Person\",\"@id\":\"https:\/\/www.suno.com.br\/noticias\/#\/schema\/person\/6c0830dbeb7a0a2190d3fc459290e6bd\",\"name\":\"Carolina Cabral\",\"image\":{\"@type\":\"ImageObject\",\"inLanguage\":\"pt-BR\",\"@id\":\"https:\/\/www.suno.com.br\/noticias\/#\/schema\/person\/image\/\",\"url\":\"https:\/\/secure.gravatar.com\/avatar\/dbec7100998f8a32e834ab3a98b2d608?s=96&r=g\",\"contentUrl\":\"https:\/\/secure.gravatar.com\/avatar\/dbec7100998f8a32e834ab3a98b2d608?s=96&r=g\",\"caption\":\"Carolina Cabral\"},\"description\":\"Carolina Cabral \u00e9 m\u00e3e do Gustavo e esposa da Patricia. Nascida em Joinville (SC), formada em Administra\u00e7\u00e3o. Ingressou na Nimbi em 2006 como estagi\u00e1ria no escrit\u00f3rio localizado na Cidade de Joinville (SC), a CEO tinha apenas 19 anos. Ela passou por grandes projetos nas Cidades de Curitiba (PR), Londrina (PR), Rio de Janeiro (RJ) e S\u00e3o Paulo (SP) em \u00e1reas como BPO, Central de Compras, Leil\u00e3o, Consultoria de Compras, Log\u00edstica, Implanta\u00e7\u00e3o, Relacionamento com o Cliente, Comercial e Marketing. Ap\u00f3s 15 anos chegou a posi\u00e7\u00e3o de CEO da companhia repleta de desafios. A Nimbi \u00e9 uma empresa de Tecnologia, que tem como objetivo impulsionar a economia por meio da democratiza\u00e7\u00e3o do acesso a solu\u00e7\u00f5es tecnol\u00f3gicas para Procurement, trazendo mais efici\u00eancia e competitividade para empresas de todos os tamanhos. Atualmente, a empresa conta com 100 colaboradores e o clima de oportunidade e diversidade \u00e9 um dos diferenciais da companhia para manter o seu crescimento\",\"sameAs\":[\"https:\/\/nimbi.com.br\/\",\"https:\/\/www.linkedin.com\/in\/carolina-cabral-b7603938\/\"],\"url\":\"https:\/\/www.suno.com.br\/noticias\/author\/carolina-cabral\/\"}]}<\/script>\n<!-- \/ Yoast SEO plugin. -->","yoast_head_json":{"title":"Diversidade: a base da inova\u00e7\u00e3o - Suno Not\u00edcias","description":"H\u00e1 apenas uma resposta que pode funcionar como base de toda iniciativa voltada para a inten\u00e7\u00e3o de inovar: a diversidade","robots":{"index":"index","follow":"follow","max-snippet":"max-snippet:-1","max-image-preview":"max-image-preview:large","max-video-preview":"max-video-preview:-1"},"canonical":"https:\/\/www.suno.com.br\/noticias\/colunas\/carolina-cabral\/diversidade-base-inovacao\/","og_locale":"pt_BR","og_type":"article","og_title":"Diversidade: a base da inova\u00e7\u00e3o - Suno Not\u00edcias","og_description":"H\u00e1 apenas uma resposta que pode funcionar como base de toda iniciativa voltada para a inten\u00e7\u00e3o de inovar: a diversidade","og_url":"https:\/\/www.suno.com.br\/noticias\/colunas\/carolina-cabral\/diversidade-base-inovacao\/","og_site_name":"Suno Not\u00edcias","article_publisher":"https:\/\/facebook.com\/sunoresearch","og_image":[{"width":1550,"height":810,"url":"https:\/\/files.sunoresearch.com.br\/n\/uploads\/2022\/11\/Colunistas.jpg","type":"image\/jpeg"}],"twitter_card":"summary_large_image","twitter_site":"@sunoresearch","twitter_misc":{"Est. tempo de leitura":"4 minutos"},"schema":{"@context":"https:\/\/schema.org","@graph":[{"@type":"Article","@id":"https:\/\/www.suno.com.br\/noticias\/colunas\/carolina-cabral\/diversidade-base-inovacao\/#article","isPartOf":{"@id":"https:\/\/www.suno.com.br\/noticias\/colunas\/carolina-cabral\/diversidade-base-inovacao\/"},"author":{"name":"Carolina Cabral","@id":"https:\/\/www.suno.com.br\/noticias\/#\/schema\/person\/6c0830dbeb7a0a2190d3fc459290e6bd"},"headline":"Diversidade: a base da inova\u00e7\u00e3o","datePublished":"2023-02-28T11:00:00+00:00","mainEntityOfPage":{"@id":"https:\/\/www.suno.com.br\/noticias\/colunas\/carolina-cabral\/diversidade-base-inovacao\/"},"wordCount":692,"publisher":{"@id":"https:\/\/www.suno.com.br\/noticias\/#organization"},"image":{"@id":"https:\/\/www.suno.com.br\/noticias\/colunas\/carolina-cabral\/diversidade-base-inovacao\/#primaryimage"},"thumbnailUrl":"https:\/\/files.sunoresearch.com.br\/n\/uploads\/2022\/11\/Colunistas.jpg","inLanguage":"pt-BR"},{"@type":"WebPage","@id":"https:\/\/www.suno.com.br\/noticias\/colunas\/carolina-cabral\/diversidade-base-inovacao\/","url":"https:\/\/www.suno.com.br\/noticias\/colunas\/carolina-cabral\/diversidade-base-inovacao\/","name":"Diversidade: a base da inova\u00e7\u00e3o - Suno Not\u00edcias","isPartOf":{"@id":"https:\/\/www.suno.com.br\/noticias\/#website"},"primaryImageOfPage":{"@id":"https:\/\/www.suno.com.br\/noticias\/colunas\/carolina-cabral\/diversidade-base-inovacao\/#primaryimage"},"image":{"@id":"https:\/\/www.suno.com.br\/noticias\/colunas\/carolina-cabral\/diversidade-base-inovacao\/#primaryimage"},"thumbnailUrl":"https:\/\/files.sunoresearch.com.br\/n\/uploads\/2022\/11\/Colunistas.jpg","datePublished":"2023-02-28T11:00:00+00:00","description":"H\u00e1 apenas uma resposta que pode funcionar como base de toda iniciativa voltada para a inten\u00e7\u00e3o de inovar: a diversidade","breadcrumb":{"@id":"https:\/\/www.suno.com.br\/noticias\/colunas\/carolina-cabral\/diversidade-base-inovacao\/#breadcrumb"},"inLanguage":"pt-BR","potentialAction":[{"@type":"ReadAction","target":["https:\/\/www.suno.com.br\/noticias\/colunas\/carolina-cabral\/diversidade-base-inovacao\/"]}]},{"@type":"ImageObject","inLanguage":"pt-BR","@id":"https:\/\/www.suno.com.br\/noticias\/colunas\/carolina-cabral\/diversidade-base-inovacao\/#primaryimage","url":"https:\/\/files.sunoresearch.com.br\/n\/uploads\/2022\/11\/Colunistas.jpg","contentUrl":"https:\/\/files.sunoresearch.com.br\/n\/uploads\/2022\/11\/Colunistas.jpg","width":1550,"height":810},{"@type":"BreadcrumbList","@id":"https:\/\/www.suno.com.br\/noticias\/colunas\/carolina-cabral\/diversidade-base-inovacao\/#breadcrumb","itemListElement":[{"@type":"ListItem","position":1,"name":"Not\u00edcias","item":"https:\/\/www.suno.com.br\/noticias\/"},{"@type":"ListItem","position":2,"name":"Colunas","item":"https:\/\/www.suno.com.br\/noticias\/colunas\/"},{"@type":"ListItem","position":3,"name":"Diversidade: a base da inova\u00e7\u00e3o"}]},{"@type":"WebSite","@id":"https:\/\/www.suno.com.br\/noticias\/#website","url":"https:\/\/www.suno.com.br\/noticias\/","name":"Suno Not\u00edcias","description":"Seu portal de informa\u00e7\u00e3o sobre o mundo dos investimentos","publisher":{"@id":"https:\/\/www.suno.com.br\/noticias\/#organization"},"potentialAction":[{"@type":"SearchAction","target":{"@type":"EntryPoint","urlTemplate":"https:\/\/www.suno.com.br\/noticias\/?s={search_term_string}"},"query-input":{"@type":"PropertyValueSpecification","valueRequired":true,"valueName":"search_term_string"}}],"inLanguage":"pt-BR"},{"@type":"Organization","@id":"https:\/\/www.suno.com.br\/noticias\/#organization","name":"Suno Not\u00edcias","url":"https:\/\/www.suno.com.br\/noticias\/","logo":{"@type":"ImageObject","inLanguage":"pt-BR","@id":"https:\/\/www.suno.com.br\/noticias\/#\/schema\/logo\/image\/","url":"https:\/\/files.sunoresearch.com.br\/n\/uploads\/2021\/09\/suno-logo.png","contentUrl":"https:\/\/files.sunoresearch.com.br\/n\/uploads\/2021\/09\/suno-logo.png","width":180,"height":180,"caption":"Suno Not\u00edcias"},"image":{"@id":"https:\/\/www.suno.com.br\/noticias\/#\/schema\/logo\/image\/"},"sameAs":["https:\/\/facebook.com\/sunoresearch","https:\/\/x.com\/sunoresearch","https:\/\/www.instagram.com\/suno","https:\/\/www.linkedin.com\/company\/suno-research\/","https:\/\/www.youtube.com\/c\/sunoresearch"]},{"@type":"Person","@id":"https:\/\/www.suno.com.br\/noticias\/#\/schema\/person\/6c0830dbeb7a0a2190d3fc459290e6bd","name":"Carolina Cabral","image":{"@type":"ImageObject","inLanguage":"pt-BR","@id":"https:\/\/www.suno.com.br\/noticias\/#\/schema\/person\/image\/","url":"https:\/\/secure.gravatar.com\/avatar\/dbec7100998f8a32e834ab3a98b2d608?s=96&r=g","contentUrl":"https:\/\/secure.gravatar.com\/avatar\/dbec7100998f8a32e834ab3a98b2d608?s=96&r=g","caption":"Carolina Cabral"},"description":"Carolina Cabral \u00e9 m\u00e3e do Gustavo e esposa da Patricia. Nascida em Joinville (SC), formada em Administra\u00e7\u00e3o. Ingressou na Nimbi em 2006 como estagi\u00e1ria no escrit\u00f3rio localizado na Cidade de Joinville (SC), a CEO tinha apenas 19 anos. Ela passou por grandes projetos nas Cidades de Curitiba (PR), Londrina (PR), Rio de Janeiro (RJ) e S\u00e3o Paulo (SP) em \u00e1reas como BPO, Central de Compras, Leil\u00e3o, Consultoria de Compras, Log\u00edstica, Implanta\u00e7\u00e3o, Relacionamento com o Cliente, Comercial e Marketing. Ap\u00f3s 15 anos chegou a posi\u00e7\u00e3o de CEO da companhia repleta de desafios. A Nimbi \u00e9 uma empresa de Tecnologia, que tem como objetivo impulsionar a economia por meio da democratiza\u00e7\u00e3o do acesso a solu\u00e7\u00f5es tecnol\u00f3gicas para Procurement, trazendo mais efici\u00eancia e competitividade para empresas de todos os tamanhos. Atualmente, a empresa conta com 100 colaboradores e o clima de oportunidade e diversidade \u00e9 um dos diferenciais da companhia para manter o seu crescimento","sameAs":["https:\/\/nimbi.com.br\/","https:\/\/www.linkedin.com\/in\/carolina-cabral-b7603938\/"],"url":"https:\/\/www.suno.com.br\/noticias\/author\/carolina-cabral\/"}]}},"amp_enabled":true,"_links":{"self":[{"href":"https:\/\/www.suno.com.br\/noticias\/wp-json\/wp\/v2\/suno_column\/368326"}],"collection":[{"href":"https:\/\/www.suno.com.br\/noticias\/wp-json\/wp\/v2\/suno_column"}],"about":[{"href":"https:\/\/www.suno.com.br\/noticias\/wp-json\/wp\/v2\/types\/suno_column"}],"author":[{"embeddable":true,"href":"https:\/\/www.suno.com.br\/noticias\/wp-json\/wp\/v2\/users\/242"}],"wp:featuredmedia":[{"embeddable":true,"href":"https:\/\/www.suno.com.br\/noticias\/wp-json\/wp\/v2\/media\/323379"}],"wp:attachment":[{"href":"https:\/\/www.suno.com.br\/noticias\/wp-json\/wp\/v2\/media?parent=368326"}],"wp:term":[{"taxonomy":"post_tag","embeddable":true,"href":"https:\/\/www.suno.com.br\/noticias\/wp-json\/wp\/v2\/tags?post=368326"}],"curies":[{"name":"wp","href":"https:\/\/api.w.org\/{rel}","templated":true}]}}