{"id":366291,"date":"2023-02-24T08:00:00","date_gmt":"2023-02-24T11:00:00","guid":{"rendered":"https:\/\/www.suno.com.br\/noticias\/colunas\/marco-lopes\/\/"},"modified":"2023-02-24T19:57:13","modified_gmt":"2023-02-24T22:57:13","slug":"assessores-investimentos-2023","status":"publish","type":"suno_column","link":"https:\/\/www.suno.com.br\/noticias\/colunas\/francisco-amarante\/assessores-investimentos-2023\/","title":{"rendered":"O que os assessores de investimentos podem esperar para 2023?"},"content":{"rendered":"<p>Se tem algo que o <strong>assessor de investimentos<\/strong> n\u00e3o pode reclamar \u00e9 de monotonia e de falta de emo\u00e7\u00e3o no dia a dia.<\/p>\t<div class=\"wrapper-featured-image\">\n\t\t<figure class=\"spotlightImg\">\n\n\t\t\t<picture>\n\t\t\t\t<source media=\"(max-width: 768px)\" srcset=\"https:\/\/files.sunoresearch.com.br\/n\/uploads\/2022\/12\/analysis-g2edf78beb_1920-400x200.jpg\">\n\t\t\t\t<img loading=\"lazy\" decoding=\"async\" class=\"newsContent__article__imgCapa lazyloadDisabled \" src=\"https:\/\/files.sunoresearch.com.br\/n\/uploads\/2022\/12\/analysis-g2edf78beb_1920-800x450.jpg\" width=\"800\" height=\"450\" alt=\"O que os assessores de investimentos podem esperar para 2023?\" fetchpriority=high \/>\n\t\t\t<\/picture>\n\n\t\t\t<figcaption class=\"wp-caption-text wp-caption-text--show\">MXRF11 tem &quot;pior dia&quot; na Bolsa em quase 6 meses, IRDM11 sobe e IFIX tem segunda queda seguida. Foto: Pixabay<\/figcaption>\n\t\t<\/figure>\n\t<\/div>\n\n\n\n\n\n\t<p>\n\t\t<a href=\"\" target=\"_blank\" data-element=\"shortcode-suno-banner\" title=\"Banner SUNO, clique e saiba mais\">\n\t\t\t<picture>\n\t\t\t\t<source media=\"(max-width: 500px)\" srcset=\"\">\n\t\t\t\t<img class=\"newsContent__article__imgCapa newsContent__article__imgCapa--banner\"\n\t\t\t\t\tsrc=\"\"\n\t\t\t\t\tdata-promo-id=\"138420\"\t\t\t\t\t\t\t\t\t\t\t\t\t\t\talt=\"\"\n\t\t\t\t>\n\t\t\t<\/picture>\n\t\t<\/a>\n\t<\/p>\n\n\n\n\n\n\n\n<p>N\u00e3o bastassem as <strong>volatilidades dos mercados<\/strong>, reflexo das incertezas sobre poss\u00edveis cen\u00e1rios globais recessivos, do impacto da guerra R\u00fassia\/Ucr\u00e2nia e das medidas econ\u00f4micas do atual governo, eleito em outubro passado, o campo regulat\u00f3rio promete ser agitado j\u00e1 nos primeiros meses de 2023.<\/p>\n\n\n\n<p>Ap\u00f3s um ano de grandes conquistas e bastante movimenta\u00e7\u00e3o no setor como a redu\u00e7\u00e3o da taxa de <strong>fiscaliza\u00e7\u00e3o da CVM<\/strong>, altera\u00e7\u00e3o do nome da atividade para assessoria de investimentos, alguns escrit\u00f3rios trocando de plataformas, consolida\u00e7\u00f5es e expans\u00f5es muito ativas, quem imaginava que o ano de 2023 pudesse dar uma tr\u00e9gua se enganou!<\/p>\n\n\n\n<p>Cada vez mais o <strong>papel da assessoria de investimentos<\/strong> junto aos investidores demandar\u00e1 resili\u00eancia e precau\u00e7\u00e3o nas suas recomenda\u00e7\u00f5es, pois o que est\u00e1 se desenhando \u00e9 um ano bem agitado.<\/p>\n\n\n\n<p>Mal acabou o ano e dois eventos tomaram a aten\u00e7\u00e3o do mercado: a <strong>emenda constitucional 126<\/strong>, que altera o teto de gastos e que dever\u00e1 trazer impactos fiscais, e a publica\u00e7\u00e3o da Resolu\u00e7\u00e3o CVM 175, que disp\u00f5e sobre a constitui\u00e7\u00e3o, o funcionamento e a divulga\u00e7\u00e3o de informa\u00e7\u00f5es dos fundos de investimentos, bem como sobre a presta\u00e7\u00e3o de servi\u00e7os para os fundos.<\/p>\n\n\n\n<p>Em audi\u00eancia p\u00fablica desde 2020, a nova resolu\u00e7\u00e3o traz modernidade e inova\u00e7\u00e3o, ap\u00f3s ter recebido o maior n\u00famero de contribui\u00e7\u00f5es do mercado, demonstrando a sua import\u00e2ncia.<\/p>\n\n\n\n<p>Atualmente, a <strong>ind\u00fastria de fundos de investimentos<\/strong> possui quase R$ 6 trilh\u00f5es sob gest\u00e3o em mais de 28 mil fundos, n\u00e3o podendo passar despercebida pelos assessores que alocam grande parte dos recursos dos investidores nesse instrumento.<\/p>\n\n\n\n<p>Tendo sido essa a \u00faltima atividade da <strong>CVM<\/strong> (Comiss\u00e3o de valores Mobili\u00e1rios), \u00f3rg\u00e3o regulador do mercado, no ano passado, todas as aten\u00e7\u00f5es est\u00e3o voltadas, para a promessa de que a primeira resolu\u00e7\u00e3o a ser editada em 2023 ser\u00e1 a que trata dos assessores de investimentos.<\/p>\n\n\n\t<p>\n\t\t<a href=\"https:\/\/lp.suno.com.br\/planilha-controle-gastos\/\" target=\"_blank\" data-element=\"shortcode-suno-banner\" title=\"Banner SUNO, clique e saiba mais\">\n\t\t\t<picture>\n\t\t\t\t<source media=\"(max-width: 500px)\" srcset=\"https:\/\/files.sunoresearch.com.br\/n\/uploads\/2023\/03\/400x300-Planilha-controle-de-gastos.png\">\n\t\t\t\t<img class=\"newsContent__article__imgCapa newsContent__article__imgCapa--banner\"\n\t\t\t\t\tsrc=\"https:\/\/files.sunoresearch.com.br\/n\/uploads\/2023\/03\/1420x240-Planilha-controle-de-gastos.png\"\n\t\t\t\t\tdata-promo-id=\"101751\"\t\t\t\t\t\t\t\t\t\twidth='1420' height='240'\t\t\t\t\talt=\"https:\/\/files.sunoresearch.com.br\/n\/uploads\/2023\/03\/1420x240-Planilha-controle-de-gastos.png\"\n\t\t\t\t>\n\t\t\t<\/picture>\n\t\t<\/a>\n\t<\/p>\n\n\n\n\n\n<p>Mas, pelo jeito, tudo indica que n\u00e3o ser\u00e1 apenas no campo regulat\u00f3rio que o mercado ser\u00e1 agitado, pois logo nas primeiras semanas de 2023, os campos pol\u00edtico e econ\u00f4mico j\u00e1 v\u00eam dando alguns sinais de que ser\u00e1 um ano at\u00edpico e longe do trivial.<\/p>\n\n\n\n<p>As manifesta\u00e7\u00f5es em Bras\u00edlia indicaram que o atual governo n\u00e3o ter\u00e1 vida f\u00e1cil pela frente, mesmo com a aprova\u00e7\u00e3o da PEC de Transi\u00e7\u00e3o, e na sequ\u00eancia o an\u00fancio do pacote de medidas econ\u00f4micas, chamado de \u201cMedidas de Recupera\u00e7\u00e3o Fiscal\u201d, tem sido recebido com um certo ceticismo pelo mercado, uma vez que tem um vi\u00e9s arrecadat\u00f3rio ao inv\u00e9s de promover a conten\u00e7\u00e3o de gastos.<\/p>\n\n\n\n<p>As preocupa\u00e7\u00f5es aumentaram com as medidas que envolvem o <strong>CARF<\/strong> (Conselho Administrativo de Recursos Fiscais) e a volta do voto de qualidade, pendente de aprova\u00e7\u00e3o no Congresso, mas que eleva a inseguran\u00e7a jur\u00eddica, podendo comprometer novos investimentos, impactando na atividade econ\u00f4mica.<\/p>\n\n\n\n<p>E a pitada de emo\u00e7\u00e3o que faltava, foi dada pelas Americanas (AMER3) deixando todos estarrecidos e os acionistas minorit\u00e1rios vulner\u00e1veis.<\/p>\n\n\n\n<p>Todos esses acontecimentos acabam por trazer mais incertezas ao cen\u00e1rio e exigem dos assessores de investimentos uma maior proximidade com os seus clientes, n\u00e3o somente para acalm\u00e1-los, como tamb\u00e9m para auxili\u00e1-los nas movimenta\u00e7\u00f5es de suas carteiras, que devem ser aderentes ao seu perfil de risco.<\/p>\n\n\n\n<p>As proje\u00e7\u00f5es do mercado indicam uma manuten\u00e7\u00e3o da taxa Selic em patamares elevados pelo menos at\u00e9 o terceiro trimestre do ano, o que poder\u00e1 contribuir para a redu\u00e7\u00e3o das margens operacionais dos escrit\u00f3rios<\/p>\n\n\n\n<p>De acordo com a ANCORD (Associa\u00e7\u00e3o Nacional das Corretoras de Valores), a categoria que mais cresce no mercado financeiro nos \u00faltimos anos \u00e9 a dos assessores de investimentos, que encerrou 2022 com 22.037 assessores credenciados, 17.242 assessores vinculados a Institui\u00e7\u00f5es e 1.254 escrit\u00f3rios credenciados, e que vive a expectativa, desde 2019, da edi\u00e7\u00e3o da nova resolu\u00e7\u00e3o CVM 16.<\/p>\n\n\n\n<p>Essa nova orienta\u00e7\u00e3o \u00e9 centrada na possibilidade de atrair s\u00f3cios capitalistas para os escrit\u00f3rios, por meio da mudan\u00e7a da forma jur\u00eddica para a sociedade empres\u00e1ria. Muitos s\u00e3o eleg\u00edveis a esse modelo por terem porte para implantarem uma estrutura m\u00ednima de governan\u00e7a.<\/p>\n\n\n\n<p>Nos resta agora aguardar a sua edi\u00e7\u00e3o e torcer para que os \u00e2nimos se acalmem.<\/p>\n\n\n\t<p>\n\t\t<a href=\"https:\/\/lp.suno.com.br\/planilha-da-vida-financeira\/\" target=\"_blank\" data-element=\"shortcode-suno-banner\" title=\"Banner SUNO, clique e saiba mais\">\n\t\t\t<picture>\n\t\t\t\t<source media=\"(max-width: 500px)\" srcset=\"https:\/\/files.sunoresearch.com.br\/n\/uploads\/2023\/04\/400x300-Planilha-vida-financeira-true.png\">\n\t\t\t\t<img class=\"newsContent__article__imgCapa newsContent__article__imgCapa--banner\"\n\t\t\t\t\tsrc=\"https:\/\/files.sunoresearch.com.br\/n\/uploads\/2023\/04\/1420x240-Planilha-vida-financeira-true.png\"\n\t\t\t\t\tdata-promo-id=\"106682\"\t\t\t\t\t\t\t\t\t\twidth='1420' height='240'\t\t\t\t\talt=\"https:\/\/files.sunoresearch.com.br\/n\/uploads\/2023\/04\/1420x240-Planilha-vida-financeira-true.png\"\n\t\t\t\t>\n\t\t\t<\/picture>\n\t\t<\/a>\n\t<\/p>\n\n\n","protected":false},"excerpt":{"rendered":"<p>Se tem algo que o assessor de investimentos n\u00e3o pode reclamar \u00e9 de monotonia e de falta de emo\u00e7\u00e3o no dia a dia. MXRF11 tem &quot;pior dia&quot; na Bolsa em quase 6 mes&#8230;<\/p>\n","protected":false},"author":234,"featured_media":327379,"template":"","tags":[902,2167],"class_list":["post-366291","suno_column","type-suno_column","status-publish","has-post-thumbnail","hentry","tag-comissao-de-valores-mobiliarios-cvm","tag-investimento-direto"],"yoast_head":"<!-- This site is optimized with the Yoast SEO plugin v24.4 - https:\/\/yoast.com\/wordpress\/plugins\/seo\/ -->\n<title>O que os assessores de investimentos podem esperar para 2023?<\/title>\n<meta name=\"description\" content=\"Assessores de investimento est\u00e3o de olho: o campo regulat\u00f3rio promete ser agitado j\u00e1 nos primeiros meses de 2023.\" \/>\n<meta name=\"robots\" content=\"index, follow, max-snippet:-1, max-image-preview:large, max-video-preview:-1\" \/>\n<link rel=\"canonical\" href=\"https:\/\/www.suno.com.br\/noticias\/colunas\/francisco-amarante\/assessores-investimentos-2023\/\" \/>\n<meta property=\"og:locale\" content=\"pt_BR\" \/>\n<meta property=\"og:type\" content=\"article\" \/>\n<meta property=\"og:title\" content=\"O que os assessores de investimentos podem esperar para 2023?\" \/>\n<meta property=\"og:description\" content=\"Assessores de investimento est\u00e3o de olho: o campo regulat\u00f3rio promete ser agitado j\u00e1 nos primeiros meses de 2023.\" \/>\n<meta property=\"og:url\" content=\"https:\/\/www.suno.com.br\/noticias\/colunas\/francisco-amarante\/assessores-investimentos-2023\/\" \/>\n<meta property=\"og:site_name\" content=\"Suno Not\u00edcias\" \/>\n<meta property=\"article:publisher\" content=\"https:\/\/facebook.com\/sunoresearch\" \/>\n<meta property=\"og:image\" content=\"https:\/\/files.sunoresearch.com.br\/n\/uploads\/2022\/12\/analysis-g2edf78beb_1920.jpg\" \/>\n\t<meta property=\"og:image:width\" content=\"1920\" \/>\n\t<meta property=\"og:image:height\" content=\"1080\" \/>\n\t<meta property=\"og:image:type\" content=\"image\/jpeg\" \/>\n<meta name=\"twitter:card\" content=\"summary_large_image\" \/>\n<meta name=\"twitter:site\" content=\"@sunoresearch\" \/>\n<meta name=\"twitter:label1\" content=\"Est. tempo de leitura\" \/>\n\t<meta name=\"twitter:data1\" content=\"4 minutos\" \/>\n<script type=\"application\/ld+json\" class=\"yoast-schema-graph\">{\"@context\":\"https:\/\/schema.org\",\"@graph\":[{\"@type\":\"Article\",\"@id\":\"https:\/\/www.suno.com.br\/noticias\/colunas\/francisco-amarante\/assessores-investimentos-2023\/#article\",\"isPartOf\":{\"@id\":\"https:\/\/www.suno.com.br\/noticias\/colunas\/francisco-amarante\/assessores-investimentos-2023\/\"},\"author\":{\"name\":\"Francisco Amarante\",\"@id\":\"https:\/\/www.suno.com.br\/noticias\/#\/schema\/person\/fbd99a30b847b2531f4e09f909c91722\"},\"headline\":\"O que os assessores de investimentos podem esperar para 2023?\",\"datePublished\":\"2023-02-24T11:00:00+00:00\",\"dateModified\":\"2023-02-24T22:57:13+00:00\",\"mainEntityOfPage\":{\"@id\":\"https:\/\/www.suno.com.br\/noticias\/colunas\/francisco-amarante\/assessores-investimentos-2023\/\"},\"wordCount\":777,\"publisher\":{\"@id\":\"https:\/\/www.suno.com.br\/noticias\/#organization\"},\"image\":{\"@id\":\"https:\/\/www.suno.com.br\/noticias\/colunas\/francisco-amarante\/assessores-investimentos-2023\/#primaryimage\"},\"thumbnailUrl\":\"https:\/\/files.sunoresearch.com.br\/n\/uploads\/2022\/12\/analysis-g2edf78beb_1920.jpg\",\"keywords\":[\"Comiss\u00e3o de Valores Mobili\u00e1rios (CVM)\",\"investimento direto\"],\"inLanguage\":\"pt-BR\"},{\"@type\":\"WebPage\",\"@id\":\"https:\/\/www.suno.com.br\/noticias\/colunas\/francisco-amarante\/assessores-investimentos-2023\/\",\"url\":\"https:\/\/www.suno.com.br\/noticias\/colunas\/francisco-amarante\/assessores-investimentos-2023\/\",\"name\":\"O que os assessores de investimentos podem esperar para 2023?\",\"isPartOf\":{\"@id\":\"https:\/\/www.suno.com.br\/noticias\/#website\"},\"primaryImageOfPage\":{\"@id\":\"https:\/\/www.suno.com.br\/noticias\/colunas\/francisco-amarante\/assessores-investimentos-2023\/#primaryimage\"},\"image\":{\"@id\":\"https:\/\/www.suno.com.br\/noticias\/colunas\/francisco-amarante\/assessores-investimentos-2023\/#primaryimage\"},\"thumbnailUrl\":\"https:\/\/files.sunoresearch.com.br\/n\/uploads\/2022\/12\/analysis-g2edf78beb_1920.jpg\",\"datePublished\":\"2023-02-24T11:00:00+00:00\",\"dateModified\":\"2023-02-24T22:57:13+00:00\",\"description\":\"Assessores de investimento est\u00e3o de olho: o campo regulat\u00f3rio promete ser agitado j\u00e1 nos primeiros meses de 2023.\",\"breadcrumb\":{\"@id\":\"https:\/\/www.suno.com.br\/noticias\/colunas\/francisco-amarante\/assessores-investimentos-2023\/#breadcrumb\"},\"inLanguage\":\"pt-BR\",\"potentialAction\":[{\"@type\":\"ReadAction\",\"target\":[\"https:\/\/www.suno.com.br\/noticias\/colunas\/francisco-amarante\/assessores-investimentos-2023\/\"]}]},{\"@type\":\"ImageObject\",\"inLanguage\":\"pt-BR\",\"@id\":\"https:\/\/www.suno.com.br\/noticias\/colunas\/francisco-amarante\/assessores-investimentos-2023\/#primaryimage\",\"url\":\"https:\/\/files.sunoresearch.com.br\/n\/uploads\/2022\/12\/analysis-g2edf78beb_1920.jpg\",\"contentUrl\":\"https:\/\/files.sunoresearch.com.br\/n\/uploads\/2022\/12\/analysis-g2edf78beb_1920.jpg\",\"width\":1920,\"height\":1080,\"caption\":\"MXRF11 tem \\\"pior dia\\\" na Bolsa em quase 6 meses, IRDM11 sobe e IFIX tem segunda queda seguida. Foto: Pixabay\"},{\"@type\":\"BreadcrumbList\",\"@id\":\"https:\/\/www.suno.com.br\/noticias\/colunas\/francisco-amarante\/assessores-investimentos-2023\/#breadcrumb\",\"itemListElement\":[{\"@type\":\"ListItem\",\"position\":1,\"name\":\"Not\u00edcias\",\"item\":\"https:\/\/www.suno.com.br\/noticias\/\"},{\"@type\":\"ListItem\",\"position\":2,\"name\":\"Colunas\",\"item\":\"https:\/\/www.suno.com.br\/noticias\/colunas\/\"},{\"@type\":\"ListItem\",\"position\":3,\"name\":\"O que os assessores de investimentos podem esperar para 2023?\"}]},{\"@type\":\"WebSite\",\"@id\":\"https:\/\/www.suno.com.br\/noticias\/#website\",\"url\":\"https:\/\/www.suno.com.br\/noticias\/\",\"name\":\"Suno Not\u00edcias\",\"description\":\"Seu portal de informa\u00e7\u00e3o sobre o mundo dos investimentos\",\"publisher\":{\"@id\":\"https:\/\/www.suno.com.br\/noticias\/#organization\"},\"potentialAction\":[{\"@type\":\"SearchAction\",\"target\":{\"@type\":\"EntryPoint\",\"urlTemplate\":\"https:\/\/www.suno.com.br\/noticias\/?s={search_term_string}\"},\"query-input\":{\"@type\":\"PropertyValueSpecification\",\"valueRequired\":true,\"valueName\":\"search_term_string\"}}],\"inLanguage\":\"pt-BR\"},{\"@type\":\"Organization\",\"@id\":\"https:\/\/www.suno.com.br\/noticias\/#organization\",\"name\":\"Suno Not\u00edcias\",\"url\":\"https:\/\/www.suno.com.br\/noticias\/\",\"logo\":{\"@type\":\"ImageObject\",\"inLanguage\":\"pt-BR\",\"@id\":\"https:\/\/www.suno.com.br\/noticias\/#\/schema\/logo\/image\/\",\"url\":\"https:\/\/files.sunoresearch.com.br\/n\/uploads\/2021\/09\/suno-logo.png\",\"contentUrl\":\"https:\/\/files.sunoresearch.com.br\/n\/uploads\/2021\/09\/suno-logo.png\",\"width\":180,\"height\":180,\"caption\":\"Suno Not\u00edcias\"},\"image\":{\"@id\":\"https:\/\/www.suno.com.br\/noticias\/#\/schema\/logo\/image\/\"},\"sameAs\":[\"https:\/\/facebook.com\/sunoresearch\",\"https:\/\/x.com\/sunoresearch\",\"https:\/\/www.instagram.com\/suno\",\"https:\/\/www.linkedin.com\/company\/suno-research\/\",\"https:\/\/www.youtube.com\/c\/sunoresearch\"]},{\"@type\":\"Person\",\"@id\":\"https:\/\/www.suno.com.br\/noticias\/#\/schema\/person\/fbd99a30b847b2531f4e09f909c91722\",\"name\":\"Francisco Amarante\",\"image\":{\"@type\":\"ImageObject\",\"inLanguage\":\"pt-BR\",\"@id\":\"https:\/\/www.suno.com.br\/noticias\/#\/schema\/person\/image\/\",\"url\":\"https:\/\/secure.gravatar.com\/avatar\/9fa7e7607fadc3b8a33a09e461b78b65?s=96&r=g\",\"contentUrl\":\"https:\/\/secure.gravatar.com\/avatar\/9fa7e7607fadc3b8a33a09e461b78b65?s=96&r=g\",\"caption\":\"Francisco Amarante\"},\"description\":\"Francisco Amarante \u00e9 Superintendente na ABAI - Associa\u00e7\u00e3o Brasileira dos Assessores de Investimentos. Com larga experi\u00eancia no mercado financeiro e atuante nas \u00e1reas comercial, produtos e de investimentos, j\u00e1 passou por grandes empresas, como HSBC Global, Asset Management, CCF Asset Management, Banco Noroeste e Banco Comercial Portugu\u00eas (Lisboa).\",\"url\":\"https:\/\/www.suno.com.br\/noticias\/author\/francisco-amarante\/\"}]}<\/script>\n<!-- \/ Yoast SEO plugin. -->","yoast_head_json":{"title":"O que os assessores de investimentos podem esperar para 2023?","description":"Assessores de investimento est\u00e3o de olho: o campo regulat\u00f3rio promete ser agitado j\u00e1 nos primeiros meses de 2023.","robots":{"index":"index","follow":"follow","max-snippet":"max-snippet:-1","max-image-preview":"max-image-preview:large","max-video-preview":"max-video-preview:-1"},"canonical":"https:\/\/www.suno.com.br\/noticias\/colunas\/francisco-amarante\/assessores-investimentos-2023\/","og_locale":"pt_BR","og_type":"article","og_title":"O que os assessores de investimentos podem esperar para 2023?","og_description":"Assessores de investimento est\u00e3o de olho: o campo regulat\u00f3rio promete ser agitado j\u00e1 nos primeiros meses de 2023.","og_url":"https:\/\/www.suno.com.br\/noticias\/colunas\/francisco-amarante\/assessores-investimentos-2023\/","og_site_name":"Suno Not\u00edcias","article_publisher":"https:\/\/facebook.com\/sunoresearch","og_image":[{"width":1920,"height":1080,"url":"https:\/\/files.sunoresearch.com.br\/n\/uploads\/2022\/12\/analysis-g2edf78beb_1920.jpg","type":"image\/jpeg"}],"twitter_card":"summary_large_image","twitter_site":"@sunoresearch","twitter_misc":{"Est. tempo de leitura":"4 minutos"},"schema":{"@context":"https:\/\/schema.org","@graph":[{"@type":"Article","@id":"https:\/\/www.suno.com.br\/noticias\/colunas\/francisco-amarante\/assessores-investimentos-2023\/#article","isPartOf":{"@id":"https:\/\/www.suno.com.br\/noticias\/colunas\/francisco-amarante\/assessores-investimentos-2023\/"},"author":{"name":"Francisco Amarante","@id":"https:\/\/www.suno.com.br\/noticias\/#\/schema\/person\/fbd99a30b847b2531f4e09f909c91722"},"headline":"O que os assessores de investimentos podem esperar para 2023?","datePublished":"2023-02-24T11:00:00+00:00","dateModified":"2023-02-24T22:57:13+00:00","mainEntityOfPage":{"@id":"https:\/\/www.suno.com.br\/noticias\/colunas\/francisco-amarante\/assessores-investimentos-2023\/"},"wordCount":777,"publisher":{"@id":"https:\/\/www.suno.com.br\/noticias\/#organization"},"image":{"@id":"https:\/\/www.suno.com.br\/noticias\/colunas\/francisco-amarante\/assessores-investimentos-2023\/#primaryimage"},"thumbnailUrl":"https:\/\/files.sunoresearch.com.br\/n\/uploads\/2022\/12\/analysis-g2edf78beb_1920.jpg","keywords":["Comiss\u00e3o de Valores Mobili\u00e1rios (CVM)","investimento direto"],"inLanguage":"pt-BR"},{"@type":"WebPage","@id":"https:\/\/www.suno.com.br\/noticias\/colunas\/francisco-amarante\/assessores-investimentos-2023\/","url":"https:\/\/www.suno.com.br\/noticias\/colunas\/francisco-amarante\/assessores-investimentos-2023\/","name":"O que os assessores de investimentos podem esperar para 2023?","isPartOf":{"@id":"https:\/\/www.suno.com.br\/noticias\/#website"},"primaryImageOfPage":{"@id":"https:\/\/www.suno.com.br\/noticias\/colunas\/francisco-amarante\/assessores-investimentos-2023\/#primaryimage"},"image":{"@id":"https:\/\/www.suno.com.br\/noticias\/colunas\/francisco-amarante\/assessores-investimentos-2023\/#primaryimage"},"thumbnailUrl":"https:\/\/files.sunoresearch.com.br\/n\/uploads\/2022\/12\/analysis-g2edf78beb_1920.jpg","datePublished":"2023-02-24T11:00:00+00:00","dateModified":"2023-02-24T22:57:13+00:00","description":"Assessores de investimento est\u00e3o de olho: o campo regulat\u00f3rio promete ser agitado j\u00e1 nos primeiros meses de 2023.","breadcrumb":{"@id":"https:\/\/www.suno.com.br\/noticias\/colunas\/francisco-amarante\/assessores-investimentos-2023\/#breadcrumb"},"inLanguage":"pt-BR","potentialAction":[{"@type":"ReadAction","target":["https:\/\/www.suno.com.br\/noticias\/colunas\/francisco-amarante\/assessores-investimentos-2023\/"]}]},{"@type":"ImageObject","inLanguage":"pt-BR","@id":"https:\/\/www.suno.com.br\/noticias\/colunas\/francisco-amarante\/assessores-investimentos-2023\/#primaryimage","url":"https:\/\/files.sunoresearch.com.br\/n\/uploads\/2022\/12\/analysis-g2edf78beb_1920.jpg","contentUrl":"https:\/\/files.sunoresearch.com.br\/n\/uploads\/2022\/12\/analysis-g2edf78beb_1920.jpg","width":1920,"height":1080,"caption":"MXRF11 tem \"pior dia\" na Bolsa em quase 6 meses, IRDM11 sobe e IFIX tem segunda queda seguida. Foto: Pixabay"},{"@type":"BreadcrumbList","@id":"https:\/\/www.suno.com.br\/noticias\/colunas\/francisco-amarante\/assessores-investimentos-2023\/#breadcrumb","itemListElement":[{"@type":"ListItem","position":1,"name":"Not\u00edcias","item":"https:\/\/www.suno.com.br\/noticias\/"},{"@type":"ListItem","position":2,"name":"Colunas","item":"https:\/\/www.suno.com.br\/noticias\/colunas\/"},{"@type":"ListItem","position":3,"name":"O que os assessores de investimentos podem esperar para 2023?"}]},{"@type":"WebSite","@id":"https:\/\/www.suno.com.br\/noticias\/#website","url":"https:\/\/www.suno.com.br\/noticias\/","name":"Suno Not\u00edcias","description":"Seu portal de informa\u00e7\u00e3o sobre o mundo dos investimentos","publisher":{"@id":"https:\/\/www.suno.com.br\/noticias\/#organization"},"potentialAction":[{"@type":"SearchAction","target":{"@type":"EntryPoint","urlTemplate":"https:\/\/www.suno.com.br\/noticias\/?s={search_term_string}"},"query-input":{"@type":"PropertyValueSpecification","valueRequired":true,"valueName":"search_term_string"}}],"inLanguage":"pt-BR"},{"@type":"Organization","@id":"https:\/\/www.suno.com.br\/noticias\/#organization","name":"Suno Not\u00edcias","url":"https:\/\/www.suno.com.br\/noticias\/","logo":{"@type":"ImageObject","inLanguage":"pt-BR","@id":"https:\/\/www.suno.com.br\/noticias\/#\/schema\/logo\/image\/","url":"https:\/\/files.sunoresearch.com.br\/n\/uploads\/2021\/09\/suno-logo.png","contentUrl":"https:\/\/files.sunoresearch.com.br\/n\/uploads\/2021\/09\/suno-logo.png","width":180,"height":180,"caption":"Suno Not\u00edcias"},"image":{"@id":"https:\/\/www.suno.com.br\/noticias\/#\/schema\/logo\/image\/"},"sameAs":["https:\/\/facebook.com\/sunoresearch","https:\/\/x.com\/sunoresearch","https:\/\/www.instagram.com\/suno","https:\/\/www.linkedin.com\/company\/suno-research\/","https:\/\/www.youtube.com\/c\/sunoresearch"]},{"@type":"Person","@id":"https:\/\/www.suno.com.br\/noticias\/#\/schema\/person\/fbd99a30b847b2531f4e09f909c91722","name":"Francisco Amarante","image":{"@type":"ImageObject","inLanguage":"pt-BR","@id":"https:\/\/www.suno.com.br\/noticias\/#\/schema\/person\/image\/","url":"https:\/\/secure.gravatar.com\/avatar\/9fa7e7607fadc3b8a33a09e461b78b65?s=96&r=g","contentUrl":"https:\/\/secure.gravatar.com\/avatar\/9fa7e7607fadc3b8a33a09e461b78b65?s=96&r=g","caption":"Francisco Amarante"},"description":"Francisco Amarante \u00e9 Superintendente na ABAI - Associa\u00e7\u00e3o Brasileira dos Assessores de Investimentos. Com larga experi\u00eancia no mercado financeiro e atuante nas \u00e1reas comercial, produtos e de investimentos, j\u00e1 passou por grandes empresas, como HSBC Global, Asset Management, CCF Asset Management, Banco Noroeste e Banco Comercial Portugu\u00eas (Lisboa).","url":"https:\/\/www.suno.com.br\/noticias\/author\/francisco-amarante\/"}]}},"amp_enabled":true,"_links":{"self":[{"href":"https:\/\/www.suno.com.br\/noticias\/wp-json\/wp\/v2\/suno_column\/366291"}],"collection":[{"href":"https:\/\/www.suno.com.br\/noticias\/wp-json\/wp\/v2\/suno_column"}],"about":[{"href":"https:\/\/www.suno.com.br\/noticias\/wp-json\/wp\/v2\/types\/suno_column"}],"author":[{"embeddable":true,"href":"https:\/\/www.suno.com.br\/noticias\/wp-json\/wp\/v2\/users\/234"}],"wp:featuredmedia":[{"embeddable":true,"href":"https:\/\/www.suno.com.br\/noticias\/wp-json\/wp\/v2\/media\/327379"}],"wp:attachment":[{"href":"https:\/\/www.suno.com.br\/noticias\/wp-json\/wp\/v2\/media?parent=366291"}],"wp:term":[{"taxonomy":"post_tag","embeddable":true,"href":"https:\/\/www.suno.com.br\/noticias\/wp-json\/wp\/v2\/tags?post=366291"}],"curies":[{"name":"wp","href":"https:\/\/api.w.org\/{rel}","templated":true}]}}