{"id":366283,"date":"2023-02-22T15:00:00","date_gmt":"2023-02-22T18:00:00","guid":{"rendered":"https:\/\/www.suno.com.br\/noticias\/colunas\/marco-lopes\/\/"},"modified":"2023-03-06T17:57:24","modified_gmt":"2023-03-06T20:57:24","slug":"liberacao-irpf2023-documentacao-em-dia","status":"publish","type":"suno_column","link":"https:\/\/www.suno.com.br\/noticias\/colunas\/alice-porto\/liberacao-irpf2023-documentacao-em-dia\/","title":{"rendered":"Saiu a data de libera\u00e7\u00e3o do IRPF 2023! Sua documenta\u00e7\u00e3o j\u00e1 est\u00e1 em dia?"},"content":{"rendered":"<p>A Receita Federal anunciou oficialmente o prazo para o <strong><a href=\"https:\/\/www.suno.com.br\/noticias\/imposto-renda-2023-data-entrega-declaracoes\/\">IRPF 2023<\/a><\/strong>. O que antes era apenas especula\u00e7\u00e3o, agora \u00e9 fato e quem ainda n\u00e3o estava com pressa para resolver a pr\u00f3pria tributa\u00e7\u00e3o de Bolsa j\u00e1 pode ouvir o CPF bloqueado batendo \u00e0 porta.<\/p>\t<div class=\"wrapper-featured-image\">\n\t\t<figure class=\"spotlightImg\">\n\n\t\t\t<picture>\n\t\t\t\t<source media=\"(max-width: 768px)\" srcset=\"https:\/\/files.sunoresearch.com.br\/n\/uploads\/2022\/08\/renda-fixa1-400x200.jpg\">\n\t\t\t\t<img loading=\"lazy\" decoding=\"async\" class=\"newsContent__article__imgCapa lazyloadDisabled \" src=\"https:\/\/files.sunoresearch.com.br\/n\/uploads\/2022\/08\/renda-fixa1-800x450.jpg\" width=\"800\" height=\"450\" alt=\"Saiu a data de libera\u00e7\u00e3o do IRPF 2023! Sua documenta\u00e7\u00e3o j\u00e1 est\u00e1 em dia?\" fetchpriority=high \/>\n\t\t\t<\/picture>\n\n\t\t\t<figcaption class=\"wp-caption-text wp-caption-text--show\">MEI poder\u00e1 pagar pelas transfer\u00eancias para a conta pessoal; veja como evitar cobran\u00e7as. Foto: Pixabay<\/figcaption>\n\t\t<\/figure>\n\t<\/div>\n\n\n\n\n\n\t<p>\n\t\t<a href=\"\" target=\"_blank\" data-element=\"shortcode-suno-banner\" title=\"Banner SUNO, clique e saiba mais\">\n\t\t\t<picture>\n\t\t\t\t<source media=\"(max-width: 500px)\" srcset=\"\">\n\t\t\t\t<img class=\"newsContent__article__imgCapa newsContent__article__imgCapa--banner\"\n\t\t\t\t\tsrc=\"\"\n\t\t\t\t\tdata-promo-id=\"264348\"\t\t\t\t\t\t\t\t\t\t\t\t\t\t\talt=\"\"\n\t\t\t\t>\n\t\t\t<\/picture>\n\t\t<\/a>\n\t<\/p>\n\n\n\n\n\n<p>Segundo a pr\u00f3pria <strong><a href=\"https:\/\/www.suno.com.br\/noticias\/receita-federal-arrecadacao-dezembro-2022\/\">Receita Federal<\/a><\/strong>, que deu a not\u00edcia <a href=\"https:\/\/www.suno.com.br\/noticias\/web-stories\/datas-imposto-renda-2023-confira\/\">na \u00faltima quinta-feira<\/a>, dia 14, o prazo de entrega das declara\u00e7\u00f5es do Imposto de Renda 2023 ser\u00e1 de 15 de mar\u00e7o a 31 de maio.<\/p>\n\n\n\n<p>Isso significa que chegou a hora de ter os documentos para <strong>declarar o Imposto de Renda<\/strong> em m\u00e3os. Foi dada a largada e quem procrastinar vai ficar para tr\u00e1s e cair na malha fina.<\/p>\n\n\n\n<h3 class=\"wp-block-heading\" id=\"h-quais-sao-os-documentos-necessarios-para-o-irpf-2023\">Quais s\u00e3o os documentos necess\u00e1rios para o IRPF 2023?<\/h3>\n\n\n\n<p>O primeiro passo para garantir a seguran\u00e7a do pr\u00f3prio CPF diante da Receita Federal \u00e9 ter todos os documentos necess\u00e1rios para a <strong>Declara\u00e7\u00e3o do Imposto de Renda<\/strong> em m\u00e3os.<\/p>\n\n\n\n<p>\u00c9 por meio deles que o investidor vai comprovar suas varia\u00e7\u00f5es patrimoniais e colocar a tributa\u00e7\u00e3o em dia.<\/p>\n\n\n\t<p>\n\t\t<a href=\"\" target=\"_blank\" data-element=\"shortcode-suno-banner\" title=\"Banner SUNO, clique e saiba mais\">\n\t\t\t<picture>\n\t\t\t\t<source media=\"(max-width: 500px)\" srcset=\"\">\n\t\t\t\t<img class=\"newsContent__article__imgCapa newsContent__article__imgCapa--banner\"\n\t\t\t\t\tsrc=\"\"\n\t\t\t\t\tdata-promo-id=\"77035\"\t\t\t\t\t\t\t\t\t\t\t\t\t\t\talt=\"\"\n\t\t\t\t>\n\t\t\t<\/picture>\n\t\t<\/a>\n\t<\/p>\n\n\n\n\n\n<h3 class=\"wp-block-heading\" id=\"h-notas-de-corretagem\">Notas de corretagem<\/h3>\n\n\n\n<p>As <strong>notas de corretagem<\/strong>, de janeiro a dezembro de 2022, s\u00e3o necess\u00e1rias para que o investidor fa\u00e7a todos os c\u00e1lculos de Bolsa, m\u00eas a m\u00eas, e informe seus respectivos <strong>resultados no IRPF 2023<\/strong>.<\/p>\n\n\n\n<h3 class=\"wp-block-heading\" id=\"h-extratos\">Extratos<\/h3>\n\n\n\n<p>Os <strong>extratos mensais,<\/strong> de janeiro a dezembro de 2022, s\u00e3o necess\u00e1rios para que o investidor confira se todas as notas de corretagem foram inclu\u00eddas corretamente nos c\u00e1lculos. Afinal, basta uma \u00fanica nota se perder para que todo o c\u00e1lculo do m\u00eas resulte em um valor incorreto.<\/p>\n\n\n\n<h3 class=\"wp-block-heading\" id=\"h-resultados-mensais\">Resultados mensais<\/h3>\n\n\n\n<p>Depois de fazer os <strong>c\u00e1lculos mensais<\/strong>, de janeiro a dezembro de 2022, por meio das notas de corretagem e com confer\u00eancia nos extratos, o investidor deve anotar seus resultados m\u00eas a m\u00eas, para inform\u00e1-los no IRPF 2023.<\/p>\n\n\n\n<h3 class=\"wp-block-heading\" id=\"h-darfs\">DARFs<\/h3>\n\n\n\n<p>Em meses de lucro tribut\u00e1vel, o <strong>investidor de Bolsa<\/strong> deve pagar o Imposto de Renda por meio da <strong>DARF<\/strong>. Esta, por sua vez, deve ser devidamente quitada e <strong>informada no IRPF 2023<\/strong>.Como no caso das outras documenta\u00e7\u00f5es, devem ser informadas apenas as guias pagas de janeiro a dezembro de 2022.<\/p>\n\n\n\n<h3 class=\"wp-block-heading\" id=\"h-informes-de-rendimento\">Informes de Rendimento<\/h3>\n\n\n\n<p>Todos os <strong>informes de rendimento<\/strong> das administradoras e corretoras de FIIs, de janeiro a dezembro de 2022, devem ser devidamente coletados pelo investidor de Bolsa. Por meio deles ser\u00e3o coletadas as informa\u00e7\u00f5es necess\u00e1rias para que proventos e outros rendimentos sejam informados no IRPF 2023.<\/p>\n\n\n\n<p>A papelada \u00e9 muita e o trabalho para coloc\u00e1-la em dia, tamb\u00e9m.<\/p>\n\n\n\n<p>Quem j\u00e1 deixou tudo preparado pode respirar aliviado, mas sem perder a aten\u00e7\u00e3o: \u00e9 importante dar o double check e conferir se toda a documenta\u00e7\u00e3o est\u00e1 correta. Afinal, n\u00e3o \u00e9 s\u00f3 o atraso que joga o investidor na <strong>malha fina<\/strong>. Quem erra no IRPF tamb\u00e9m corre o risco de cair nela e prejudicar o pr\u00f3prio CPF.<\/p>\n\n\n\n<p>O mesmo vale para quem pretende usar a Declara\u00e7\u00e3o pr\u00e9-preenchida: apesar de a princ\u00edpio soar como uma m\u00e3o na roda, toda confer\u00eancia \u00e9 necess\u00e1ria. O pr\u00e9-preenchimento pode vir com informa\u00e7\u00f5es incompletas ou informadas no lugar errado. Al\u00e9m disso, o preju\u00edzo &#8211; que precisa ser informado no IRPF para ser compensado &#8211; n\u00e3o \u00e9 importado automaticamente.<\/p>\n\n\n\n<p>J\u00e1 o investidor que deixou tudo para \u00faltima hora precisa correr. O prazo fica cada vez mais curto e a <strong>Receita Federal <\/strong>n\u00e3o vai esperar os atrasados.<\/p>\n\n\n\t<p>\n\t\t<a href=\"\" target=\"_blank\" data-element=\"shortcode-suno-banner\" title=\"Banner SUNO, clique e saiba mais\">\n\t\t\t<picture>\n\t\t\t\t<source media=\"(max-width: 500px)\" srcset=\"\">\n\t\t\t\t<img class=\"newsContent__article__imgCapa newsContent__article__imgCapa--banner\"\n\t\t\t\t\tsrc=\"\"\n\t\t\t\t\tdata-promo-id=\"77035\"\t\t\t\t\t\t\t\t\t\t\t\t\t\t\talt=\"\"\n\t\t\t\t>\n\t\t\t<\/picture>\n\t\t<\/a>\n\t<\/p>\n\n\n","protected":false},"excerpt":{"rendered":"<p>A Receita Federal anunciou oficialmente o prazo para o IRPF 2023. O que antes era apenas especula\u00e7\u00e3o, agora \u00e9 fato e quem ainda n\u00e3o estava com pressa para resolver a p&#8230;<\/p>\n","protected":false},"author":96,"featured_media":289388,"template":"","tags":[303,704,847],"class_list":["post-366283","suno_column","type-suno_column","status-publish","has-post-thumbnail","hentry","tag-imposto-de-renda","tag-impostos","tag-receita-federal"],"yoast_head":"<!-- This site is optimized with the Yoast SEO plugin v24.4 - https:\/\/yoast.com\/wordpress\/plugins\/seo\/ -->\n<title>Saiu a data de libera\u00e7\u00e3o do IRPF 2023! Sua documenta\u00e7\u00e3o j\u00e1 est\u00e1 em dia? - Suno Not\u00edcias<\/title>\n<meta name=\"description\" content=\"Quem ainda n\u00e3o estava com pressa para resolver a pr\u00f3pria tributa\u00e7\u00e3o de Bolsa j\u00e1 pode ouvir o CPF bloqueado batendo \u00e0 porta\" \/>\n<meta name=\"robots\" content=\"index, follow, max-snippet:-1, max-image-preview:large, max-video-preview:-1\" \/>\n<link rel=\"canonical\" href=\"https:\/\/www.suno.com.br\/noticias\/colunas\/alice-porto\/liberacao-irpf2023-documentacao-em-dia\/\" \/>\n<meta property=\"og:locale\" content=\"pt_BR\" \/>\n<meta property=\"og:type\" content=\"article\" \/>\n<meta property=\"og:title\" content=\"Saiu a data de libera\u00e7\u00e3o do IRPF 2023! Sua documenta\u00e7\u00e3o j\u00e1 est\u00e1 em dia? - Suno Not\u00edcias\" \/>\n<meta property=\"og:description\" content=\"Quem ainda n\u00e3o estava com pressa para resolver a pr\u00f3pria tributa\u00e7\u00e3o de Bolsa j\u00e1 pode ouvir o CPF bloqueado batendo \u00e0 porta\" \/>\n<meta property=\"og:url\" content=\"https:\/\/www.suno.com.br\/noticias\/colunas\/alice-porto\/liberacao-irpf2023-documentacao-em-dia\/\" \/>\n<meta property=\"og:site_name\" content=\"Suno Not\u00edcias\" \/>\n<meta property=\"article:publisher\" content=\"https:\/\/facebook.com\/sunoresearch\" \/>\n<meta property=\"og:image\" content=\"https:\/\/files.sunoresearch.com.br\/n\/uploads\/2022\/08\/renda-fixa1.jpg\" \/>\n\t<meta property=\"og:image:width\" content=\"1280\" \/>\n\t<meta property=\"og:image:height\" content=\"853\" \/>\n\t<meta property=\"og:image:type\" content=\"image\/jpeg\" \/>\n<meta name=\"twitter:card\" content=\"summary_large_image\" \/>\n<meta name=\"twitter:site\" content=\"@sunoresearch\" \/>\n<meta name=\"twitter:label1\" content=\"Est. tempo de leitura\" \/>\n\t<meta name=\"twitter:data1\" content=\"3 minutos\" \/>\n<script type=\"application\/ld+json\" class=\"yoast-schema-graph\">{\"@context\":\"https:\/\/schema.org\",\"@graph\":[{\"@type\":\"Article\",\"@id\":\"https:\/\/www.suno.com.br\/noticias\/colunas\/alice-porto\/liberacao-irpf2023-documentacao-em-dia\/#article\",\"isPartOf\":{\"@id\":\"https:\/\/www.suno.com.br\/noticias\/colunas\/alice-porto\/liberacao-irpf2023-documentacao-em-dia\/\"},\"author\":{\"name\":\"Alice Porto\",\"@id\":\"https:\/\/www.suno.com.br\/noticias\/#\/schema\/person\/7bace7aa1ad3a4850791903590cccb84\"},\"headline\":\"Saiu a data de libera\u00e7\u00e3o do IRPF 2023! Sua documenta\u00e7\u00e3o j\u00e1 est\u00e1 em dia?\",\"datePublished\":\"2023-02-22T18:00:00+00:00\",\"dateModified\":\"2023-03-06T20:57:24+00:00\",\"mainEntityOfPage\":{\"@id\":\"https:\/\/www.suno.com.br\/noticias\/colunas\/alice-porto\/liberacao-irpf2023-documentacao-em-dia\/\"},\"wordCount\":598,\"publisher\":{\"@id\":\"https:\/\/www.suno.com.br\/noticias\/#organization\"},\"image\":{\"@id\":\"https:\/\/www.suno.com.br\/noticias\/colunas\/alice-porto\/liberacao-irpf2023-documentacao-em-dia\/#primaryimage\"},\"thumbnailUrl\":\"https:\/\/files.sunoresearch.com.br\/n\/uploads\/2022\/08\/renda-fixa1.jpg\",\"keywords\":[\"Imposto de Renda\",\"impostos\",\"Receita Federal\"],\"inLanguage\":\"pt-BR\"},{\"@type\":\"WebPage\",\"@id\":\"https:\/\/www.suno.com.br\/noticias\/colunas\/alice-porto\/liberacao-irpf2023-documentacao-em-dia\/\",\"url\":\"https:\/\/www.suno.com.br\/noticias\/colunas\/alice-porto\/liberacao-irpf2023-documentacao-em-dia\/\",\"name\":\"Saiu a data de libera\u00e7\u00e3o do IRPF 2023! Sua documenta\u00e7\u00e3o j\u00e1 est\u00e1 em dia? - Suno Not\u00edcias\",\"isPartOf\":{\"@id\":\"https:\/\/www.suno.com.br\/noticias\/#website\"},\"primaryImageOfPage\":{\"@id\":\"https:\/\/www.suno.com.br\/noticias\/colunas\/alice-porto\/liberacao-irpf2023-documentacao-em-dia\/#primaryimage\"},\"image\":{\"@id\":\"https:\/\/www.suno.com.br\/noticias\/colunas\/alice-porto\/liberacao-irpf2023-documentacao-em-dia\/#primaryimage\"},\"thumbnailUrl\":\"https:\/\/files.sunoresearch.com.br\/n\/uploads\/2022\/08\/renda-fixa1.jpg\",\"datePublished\":\"2023-02-22T18:00:00+00:00\",\"dateModified\":\"2023-03-06T20:57:24+00:00\",\"description\":\"Quem ainda n\u00e3o estava com pressa para resolver a pr\u00f3pria tributa\u00e7\u00e3o de Bolsa j\u00e1 pode ouvir o CPF bloqueado batendo \u00e0 porta\",\"breadcrumb\":{\"@id\":\"https:\/\/www.suno.com.br\/noticias\/colunas\/alice-porto\/liberacao-irpf2023-documentacao-em-dia\/#breadcrumb\"},\"inLanguage\":\"pt-BR\",\"potentialAction\":[{\"@type\":\"ReadAction\",\"target\":[\"https:\/\/www.suno.com.br\/noticias\/colunas\/alice-porto\/liberacao-irpf2023-documentacao-em-dia\/\"]}]},{\"@type\":\"ImageObject\",\"inLanguage\":\"pt-BR\",\"@id\":\"https:\/\/www.suno.com.br\/noticias\/colunas\/alice-porto\/liberacao-irpf2023-documentacao-em-dia\/#primaryimage\",\"url\":\"https:\/\/files.sunoresearch.com.br\/n\/uploads\/2022\/08\/renda-fixa1.jpg\",\"contentUrl\":\"https:\/\/files.sunoresearch.com.br\/n\/uploads\/2022\/08\/renda-fixa1.jpg\",\"width\":1280,\"height\":853,\"caption\":\"MEI poder\u00e1 pagar pelas transfer\u00eancias para a conta pessoal; veja como evitar cobran\u00e7as. Foto: Pixabay\"},{\"@type\":\"BreadcrumbList\",\"@id\":\"https:\/\/www.suno.com.br\/noticias\/colunas\/alice-porto\/liberacao-irpf2023-documentacao-em-dia\/#breadcrumb\",\"itemListElement\":[{\"@type\":\"ListItem\",\"position\":1,\"name\":\"Not\u00edcias\",\"item\":\"https:\/\/www.suno.com.br\/noticias\/\"},{\"@type\":\"ListItem\",\"position\":2,\"name\":\"Colunas\",\"item\":\"https:\/\/www.suno.com.br\/noticias\/colunas\/\"},{\"@type\":\"ListItem\",\"position\":3,\"name\":\"Saiu a data de libera\u00e7\u00e3o do IRPF 2023! Sua documenta\u00e7\u00e3o j\u00e1 est\u00e1 em dia?\"}]},{\"@type\":\"WebSite\",\"@id\":\"https:\/\/www.suno.com.br\/noticias\/#website\",\"url\":\"https:\/\/www.suno.com.br\/noticias\/\",\"name\":\"Suno Not\u00edcias\",\"description\":\"Seu portal de informa\u00e7\u00e3o sobre o mundo dos investimentos\",\"publisher\":{\"@id\":\"https:\/\/www.suno.com.br\/noticias\/#organization\"},\"potentialAction\":[{\"@type\":\"SearchAction\",\"target\":{\"@type\":\"EntryPoint\",\"urlTemplate\":\"https:\/\/www.suno.com.br\/noticias\/?s={search_term_string}\"},\"query-input\":{\"@type\":\"PropertyValueSpecification\",\"valueRequired\":true,\"valueName\":\"search_term_string\"}}],\"inLanguage\":\"pt-BR\"},{\"@type\":\"Organization\",\"@id\":\"https:\/\/www.suno.com.br\/noticias\/#organization\",\"name\":\"Suno Not\u00edcias\",\"url\":\"https:\/\/www.suno.com.br\/noticias\/\",\"logo\":{\"@type\":\"ImageObject\",\"inLanguage\":\"pt-BR\",\"@id\":\"https:\/\/www.suno.com.br\/noticias\/#\/schema\/logo\/image\/\",\"url\":\"https:\/\/files.sunoresearch.com.br\/n\/uploads\/2021\/09\/suno-logo.png\",\"contentUrl\":\"https:\/\/files.sunoresearch.com.br\/n\/uploads\/2021\/09\/suno-logo.png\",\"width\":180,\"height\":180,\"caption\":\"Suno Not\u00edcias\"},\"image\":{\"@id\":\"https:\/\/www.suno.com.br\/noticias\/#\/schema\/logo\/image\/\"},\"sameAs\":[\"https:\/\/facebook.com\/sunoresearch\",\"https:\/\/x.com\/sunoresearch\",\"https:\/\/www.instagram.com\/suno\",\"https:\/\/www.linkedin.com\/company\/suno-research\/\",\"https:\/\/www.youtube.com\/c\/sunoresearch\"]},{\"@type\":\"Person\",\"@id\":\"https:\/\/www.suno.com.br\/noticias\/#\/schema\/person\/7bace7aa1ad3a4850791903590cccb84\",\"name\":\"Alice Porto\",\"image\":{\"@type\":\"ImageObject\",\"inLanguage\":\"pt-BR\",\"@id\":\"https:\/\/www.suno.com.br\/noticias\/#\/schema\/person\/image\/\",\"url\":\"https:\/\/secure.gravatar.com\/avatar\/ca59176af9d0c3b016a44136d2586050?s=96&r=g\",\"contentUrl\":\"https:\/\/secure.gravatar.com\/avatar\/ca59176af9d0c3b016a44136d2586050?s=96&r=g\",\"caption\":\"Alice Porto\"},\"description\":\"Alice Porto \u00e9 empreendedora com mais de 25 anos de experi\u00eancia multidisciplinar em Gest\u00e3o de Neg\u00f3cios, nos setores de ind\u00fastria, com\u00e9rcio e assessoria tribut\u00e1ria de investimentos de Bolsa, e tamb\u00e9m realiza um trabalho de forma\u00e7\u00e3o educacional tribut\u00e1ria, atrav\u00e9s de uma linguagem acess\u00edvel e inusitada nas redes sociais. \u00c9 a primeira profissional do Brasil especializada em tributa\u00e7\u00e3o para investidores de Bolsa brasileira e americana, e \u00e9 autora do livro \\\"101 Perguntas e Respostas Sobre Tributa\u00e7\u00e3o em Renda Vari\u00e1vel. Youtube: https:\/\/www.youtube.com\/c\/ContadoradaBolsa\",\"sameAs\":[\"https:\/\/www.youtube.com\/c\/ContadoradaBolsa\",\"https:\/\/www.instagram.com\/contadoradabolsa\",\"https:\/\/www.linkedin.com\/in\/alice-porto-14b28b9a\/\",\"https:\/\/x.com\/_aliceporto\"],\"url\":\"https:\/\/www.suno.com.br\/noticias\/author\/alice-porto\/\"}]}<\/script>\n<!-- \/ Yoast SEO plugin. -->","yoast_head_json":{"title":"Saiu a data de libera\u00e7\u00e3o do IRPF 2023! Sua documenta\u00e7\u00e3o j\u00e1 est\u00e1 em dia? - Suno Not\u00edcias","description":"Quem ainda n\u00e3o estava com pressa para resolver a pr\u00f3pria tributa\u00e7\u00e3o de Bolsa j\u00e1 pode ouvir o CPF bloqueado batendo \u00e0 porta","robots":{"index":"index","follow":"follow","max-snippet":"max-snippet:-1","max-image-preview":"max-image-preview:large","max-video-preview":"max-video-preview:-1"},"canonical":"https:\/\/www.suno.com.br\/noticias\/colunas\/alice-porto\/liberacao-irpf2023-documentacao-em-dia\/","og_locale":"pt_BR","og_type":"article","og_title":"Saiu a data de libera\u00e7\u00e3o do IRPF 2023! Sua documenta\u00e7\u00e3o j\u00e1 est\u00e1 em dia? - Suno Not\u00edcias","og_description":"Quem ainda n\u00e3o estava com pressa para resolver a pr\u00f3pria tributa\u00e7\u00e3o de Bolsa j\u00e1 pode ouvir o CPF bloqueado batendo \u00e0 porta","og_url":"https:\/\/www.suno.com.br\/noticias\/colunas\/alice-porto\/liberacao-irpf2023-documentacao-em-dia\/","og_site_name":"Suno Not\u00edcias","article_publisher":"https:\/\/facebook.com\/sunoresearch","og_image":[{"width":1280,"height":853,"url":"https:\/\/files.sunoresearch.com.br\/n\/uploads\/2022\/08\/renda-fixa1.jpg","type":"image\/jpeg"}],"twitter_card":"summary_large_image","twitter_site":"@sunoresearch","twitter_misc":{"Est. tempo de leitura":"3 minutos"},"schema":{"@context":"https:\/\/schema.org","@graph":[{"@type":"Article","@id":"https:\/\/www.suno.com.br\/noticias\/colunas\/alice-porto\/liberacao-irpf2023-documentacao-em-dia\/#article","isPartOf":{"@id":"https:\/\/www.suno.com.br\/noticias\/colunas\/alice-porto\/liberacao-irpf2023-documentacao-em-dia\/"},"author":{"name":"Alice Porto","@id":"https:\/\/www.suno.com.br\/noticias\/#\/schema\/person\/7bace7aa1ad3a4850791903590cccb84"},"headline":"Saiu a data de libera\u00e7\u00e3o do IRPF 2023! Sua documenta\u00e7\u00e3o j\u00e1 est\u00e1 em dia?","datePublished":"2023-02-22T18:00:00+00:00","dateModified":"2023-03-06T20:57:24+00:00","mainEntityOfPage":{"@id":"https:\/\/www.suno.com.br\/noticias\/colunas\/alice-porto\/liberacao-irpf2023-documentacao-em-dia\/"},"wordCount":598,"publisher":{"@id":"https:\/\/www.suno.com.br\/noticias\/#organization"},"image":{"@id":"https:\/\/www.suno.com.br\/noticias\/colunas\/alice-porto\/liberacao-irpf2023-documentacao-em-dia\/#primaryimage"},"thumbnailUrl":"https:\/\/files.sunoresearch.com.br\/n\/uploads\/2022\/08\/renda-fixa1.jpg","keywords":["Imposto de Renda","impostos","Receita Federal"],"inLanguage":"pt-BR"},{"@type":"WebPage","@id":"https:\/\/www.suno.com.br\/noticias\/colunas\/alice-porto\/liberacao-irpf2023-documentacao-em-dia\/","url":"https:\/\/www.suno.com.br\/noticias\/colunas\/alice-porto\/liberacao-irpf2023-documentacao-em-dia\/","name":"Saiu a data de libera\u00e7\u00e3o do IRPF 2023! Sua documenta\u00e7\u00e3o j\u00e1 est\u00e1 em dia? - Suno Not\u00edcias","isPartOf":{"@id":"https:\/\/www.suno.com.br\/noticias\/#website"},"primaryImageOfPage":{"@id":"https:\/\/www.suno.com.br\/noticias\/colunas\/alice-porto\/liberacao-irpf2023-documentacao-em-dia\/#primaryimage"},"image":{"@id":"https:\/\/www.suno.com.br\/noticias\/colunas\/alice-porto\/liberacao-irpf2023-documentacao-em-dia\/#primaryimage"},"thumbnailUrl":"https:\/\/files.sunoresearch.com.br\/n\/uploads\/2022\/08\/renda-fixa1.jpg","datePublished":"2023-02-22T18:00:00+00:00","dateModified":"2023-03-06T20:57:24+00:00","description":"Quem ainda n\u00e3o estava com pressa para resolver a pr\u00f3pria tributa\u00e7\u00e3o de Bolsa j\u00e1 pode ouvir o CPF bloqueado batendo \u00e0 porta","breadcrumb":{"@id":"https:\/\/www.suno.com.br\/noticias\/colunas\/alice-porto\/liberacao-irpf2023-documentacao-em-dia\/#breadcrumb"},"inLanguage":"pt-BR","potentialAction":[{"@type":"ReadAction","target":["https:\/\/www.suno.com.br\/noticias\/colunas\/alice-porto\/liberacao-irpf2023-documentacao-em-dia\/"]}]},{"@type":"ImageObject","inLanguage":"pt-BR","@id":"https:\/\/www.suno.com.br\/noticias\/colunas\/alice-porto\/liberacao-irpf2023-documentacao-em-dia\/#primaryimage","url":"https:\/\/files.sunoresearch.com.br\/n\/uploads\/2022\/08\/renda-fixa1.jpg","contentUrl":"https:\/\/files.sunoresearch.com.br\/n\/uploads\/2022\/08\/renda-fixa1.jpg","width":1280,"height":853,"caption":"MEI poder\u00e1 pagar pelas transfer\u00eancias para a conta pessoal; veja como evitar cobran\u00e7as. Foto: Pixabay"},{"@type":"BreadcrumbList","@id":"https:\/\/www.suno.com.br\/noticias\/colunas\/alice-porto\/liberacao-irpf2023-documentacao-em-dia\/#breadcrumb","itemListElement":[{"@type":"ListItem","position":1,"name":"Not\u00edcias","item":"https:\/\/www.suno.com.br\/noticias\/"},{"@type":"ListItem","position":2,"name":"Colunas","item":"https:\/\/www.suno.com.br\/noticias\/colunas\/"},{"@type":"ListItem","position":3,"name":"Saiu a data de libera\u00e7\u00e3o do IRPF 2023! Sua documenta\u00e7\u00e3o j\u00e1 est\u00e1 em dia?"}]},{"@type":"WebSite","@id":"https:\/\/www.suno.com.br\/noticias\/#website","url":"https:\/\/www.suno.com.br\/noticias\/","name":"Suno Not\u00edcias","description":"Seu portal de informa\u00e7\u00e3o sobre o mundo dos investimentos","publisher":{"@id":"https:\/\/www.suno.com.br\/noticias\/#organization"},"potentialAction":[{"@type":"SearchAction","target":{"@type":"EntryPoint","urlTemplate":"https:\/\/www.suno.com.br\/noticias\/?s={search_term_string}"},"query-input":{"@type":"PropertyValueSpecification","valueRequired":true,"valueName":"search_term_string"}}],"inLanguage":"pt-BR"},{"@type":"Organization","@id":"https:\/\/www.suno.com.br\/noticias\/#organization","name":"Suno Not\u00edcias","url":"https:\/\/www.suno.com.br\/noticias\/","logo":{"@type":"ImageObject","inLanguage":"pt-BR","@id":"https:\/\/www.suno.com.br\/noticias\/#\/schema\/logo\/image\/","url":"https:\/\/files.sunoresearch.com.br\/n\/uploads\/2021\/09\/suno-logo.png","contentUrl":"https:\/\/files.sunoresearch.com.br\/n\/uploads\/2021\/09\/suno-logo.png","width":180,"height":180,"caption":"Suno Not\u00edcias"},"image":{"@id":"https:\/\/www.suno.com.br\/noticias\/#\/schema\/logo\/image\/"},"sameAs":["https:\/\/facebook.com\/sunoresearch","https:\/\/x.com\/sunoresearch","https:\/\/www.instagram.com\/suno","https:\/\/www.linkedin.com\/company\/suno-research\/","https:\/\/www.youtube.com\/c\/sunoresearch"]},{"@type":"Person","@id":"https:\/\/www.suno.com.br\/noticias\/#\/schema\/person\/7bace7aa1ad3a4850791903590cccb84","name":"Alice Porto","image":{"@type":"ImageObject","inLanguage":"pt-BR","@id":"https:\/\/www.suno.com.br\/noticias\/#\/schema\/person\/image\/","url":"https:\/\/secure.gravatar.com\/avatar\/ca59176af9d0c3b016a44136d2586050?s=96&r=g","contentUrl":"https:\/\/secure.gravatar.com\/avatar\/ca59176af9d0c3b016a44136d2586050?s=96&r=g","caption":"Alice Porto"},"description":"Alice Porto \u00e9 empreendedora com mais de 25 anos de experi\u00eancia multidisciplinar em Gest\u00e3o de Neg\u00f3cios, nos setores de ind\u00fastria, com\u00e9rcio e assessoria tribut\u00e1ria de investimentos de Bolsa, e tamb\u00e9m realiza um trabalho de forma\u00e7\u00e3o educacional tribut\u00e1ria, atrav\u00e9s de uma linguagem acess\u00edvel e inusitada nas redes sociais. \u00c9 a primeira profissional do Brasil especializada em tributa\u00e7\u00e3o para investidores de Bolsa brasileira e americana, e \u00e9 autora do livro \"101 Perguntas e Respostas Sobre Tributa\u00e7\u00e3o em Renda Vari\u00e1vel. Youtube: https:\/\/www.youtube.com\/c\/ContadoradaBolsa","sameAs":["https:\/\/www.youtube.com\/c\/ContadoradaBolsa","https:\/\/www.instagram.com\/contadoradabolsa","https:\/\/www.linkedin.com\/in\/alice-porto-14b28b9a\/","https:\/\/x.com\/_aliceporto"],"url":"https:\/\/www.suno.com.br\/noticias\/author\/alice-porto\/"}]}},"amp_enabled":true,"_links":{"self":[{"href":"https:\/\/www.suno.com.br\/noticias\/wp-json\/wp\/v2\/suno_column\/366283"}],"collection":[{"href":"https:\/\/www.suno.com.br\/noticias\/wp-json\/wp\/v2\/suno_column"}],"about":[{"href":"https:\/\/www.suno.com.br\/noticias\/wp-json\/wp\/v2\/types\/suno_column"}],"author":[{"embeddable":true,"href":"https:\/\/www.suno.com.br\/noticias\/wp-json\/wp\/v2\/users\/96"}],"wp:featuredmedia":[{"embeddable":true,"href":"https:\/\/www.suno.com.br\/noticias\/wp-json\/wp\/v2\/media\/289388"}],"wp:attachment":[{"href":"https:\/\/www.suno.com.br\/noticias\/wp-json\/wp\/v2\/media?parent=366283"}],"wp:term":[{"taxonomy":"post_tag","embeddable":true,"href":"https:\/\/www.suno.com.br\/noticias\/wp-json\/wp\/v2\/tags?post=366283"}],"curies":[{"name":"wp","href":"https:\/\/api.w.org\/{rel}","templated":true}]}}