{"id":361917,"date":"2023-02-10T14:33:57","date_gmt":"2023-02-10T17:33:57","guid":{"rendered":"https:\/\/www.suno.com.br\/noticias\/colunas\/marco-lopes\/\/"},"modified":"2023-02-10T14:33:59","modified_gmt":"2023-02-10T17:33:59","slug":"ataques-ciberneticos-seguranca-empresa","status":"publish","type":"suno_column","link":"https:\/\/www.suno.com.br\/noticias\/colunas\/cesar-sandro\/ataques-ciberneticos-seguranca-empresa\/","title":{"rendered":"Ataques cibern\u00e9ticos: como assegurar a sua empresa em caso de invas\u00e3o"},"content":{"rendered":"<p>Tendo, normalmente, como principais alvos as organiza\u00e7\u00f5es empresariais ou governamentais, o <strong>ataque cibern\u00e9tico<\/strong> \u00e9 uma tentativa de desabilitar computadores, roubar dados ou invadir um sistema de computador para lan\u00e7ar ataques extras. Para isso, os hackers e cibercriminosos tentam destruir uma rede ou sistema com fraquezas operacionais. Quando voltado para empresas, a inten\u00e7\u00e3o \u00e9 lucrar com pedidos de resgate dos dados.<\/p>\t<div class=\"wrapper-featured-image\">\n\t\t<figure class=\"spotlightImg\">\n\n\t\t\t<picture>\n\t\t\t\t<source media=\"(max-width: 768px)\" srcset=\"https:\/\/files.sunoresearch.com.br\/n\/uploads\/2022\/11\/Colunistas-400x200.jpg\">\n\t\t\t\t<img loading=\"lazy\" decoding=\"async\" class=\"newsContent__article__imgCapa lazyloadDisabled newsContent__article__imgCapa--noCaption\" src=\"https:\/\/files.sunoresearch.com.br\/n\/uploads\/2022\/11\/Colunistas-800x450.jpg\" width=\"800\" height=\"450\" alt=\"Ataques cibern\u00e9ticos: como assegurar a sua empresa em caso de invas\u00e3o\" fetchpriority=high \/>\n\t\t\t<\/picture>\n\n\t\t\t<figcaption class=\"wp-caption-text wp-caption-text--hide\"><\/figcaption>\n\t\t<\/figure>\n\t<\/div>\n\n\n\n\n\n\t<p>\n\t\t<a href=\"\" target=\"_blank\" data-element=\"shortcode-suno-banner\" title=\"Banner SUNO, clique e saiba mais\">\n\t\t\t<picture>\n\t\t\t\t<source media=\"(max-width: 500px)\" srcset=\"\">\n\t\t\t\t<img class=\"newsContent__article__imgCapa newsContent__article__imgCapa--banner\"\n\t\t\t\t\tsrc=\"\"\n\t\t\t\t\tdata-promo-id=\"240038\"\t\t\t\t\t\t\t\t\t\t\t\t\t\t\talt=\"\"\n\t\t\t\t>\n\t\t\t<\/picture>\n\t\t<\/a>\n\t<\/p>\n\n\n\n\n\n\n\n<p>Esse tipo de ataque pode gerar danos imensur\u00e1veis, causando preju\u00edzos financeiros, prejudicando as vendas, gerando riscos com multas e valores para resgate de dados e, ainda, abalando a confian\u00e7a do consumidor. O impacto de uma <strong>viola\u00e7\u00e3o de seguran\u00e7a<\/strong> pode ser amplamente dividido em tr\u00eas categorias: financeiro, reputacional e jur\u00eddico.<\/p>\n\n\n\n<p>No quesito financeiro, as perdas substanciais s\u00e3o decorrentes de: <strong>roubo de informa\u00e7\u00f5es corporativas<\/strong>; roubo de informa\u00e7\u00f5es financeiras (por exemplo, dados banc\u00e1rios ou detalhes de cart\u00f5es de pagamentos); roubo de dinheiro; interrup\u00e7\u00e3o da negocia\u00e7\u00e3o (por exemplo, incapacidade de realizar transa\u00e7\u00f5es online) e perda de neg\u00f3cios ou contratos.<\/p>\n\n\n\n<p>Em quest\u00e3o \u00e0 reputa\u00e7\u00e3o da empresa, os ataques cibern\u00e9ticos podem prejudic\u00e1-la e minar a confian\u00e7a dos clientes. Isso pode levar a perda de clientes, de vendas e redu\u00e7\u00e3o nos lucros.<\/p>\n\n\n\n<p>Al\u00e9m disso, a empresa tamb\u00e9m pode responder \u00e0s consequ\u00eancias legais, j\u00e1 que leis de prote\u00e7\u00e3o de dados (LGPD) e privacidade exigem que a mesma gerencie a seguran\u00e7a de todos os dados pessoais que possui \u2013 seja de sua equipe ou de seus clientes. Se esses dados forem acidentalmente ou deliberadamente comprometidos e a empresa n\u00e3o tiver implementado as medidas de seguran\u00e7a adequadas, poder\u00e1 enfrentar multas e san\u00e7\u00f5es regulat\u00f3rias.<\/p>\n\n\n\n<p>Segundo relat\u00f3rio divulgado pela <strong>Kaspersky<\/strong>, empresa internacional de <strong>ciberseguran\u00e7a<\/strong> e privacidade digital, de janeiro a abril de 2022 o n\u00famero de ataques hackers em pequenas e m\u00e9dias empresas brasileiras cresceu 41%. Hoje, o pa\u00eds \u00e9 um dos principais alvos de ataques, ficando atr\u00e1s apenas dos Estados Unidos. De acordo com levantamento feito pelo Checkpoint Software, o Brasil registrou alta de 37% no n\u00famero de ciberataques no terceiro trimestre de 2022.<\/p>\n\n\n\n<p>A pesquisa Global Cybersecurity Outlook 2023, divulgada durante o F\u00f3rum Econ\u00f4mico Mundial, conclui que uma cat\u00e1strofe cibern\u00e9tica pode acontecer caso os pa\u00edses n\u00e3o implementem estrat\u00e9gias de ciberseguran\u00e7a. Dados levantados pelos pesquisadores mostram que 86% dos l\u00edderes mundiais acreditam que as pr\u00f3ximas guerras ser\u00e3o virtuais. O mesmo estudo apontou que o cibercrime j\u00e1 movimentou 10,5 trilh\u00f5es de d\u00f3lares. O valor s\u00f3 perde para o PIB dos Estados Unidos e da China.<\/p>\n\n\n\t<p>\n\t\t<a href=\"https:\/\/lp.suno.com.br\/planilha-controle-gastos\/\" target=\"_blank\" data-element=\"shortcode-suno-banner\" title=\"Banner SUNO, clique e saiba mais\">\n\t\t\t<picture>\n\t\t\t\t<source media=\"(max-width: 500px)\" srcset=\"https:\/\/files.sunoresearch.com.br\/n\/uploads\/2023\/03\/400x300-Planilha-controle-de-gastos.png\">\n\t\t\t\t<img class=\"newsContent__article__imgCapa newsContent__article__imgCapa--banner\"\n\t\t\t\t\tsrc=\"https:\/\/files.sunoresearch.com.br\/n\/uploads\/2023\/03\/1420x240-Planilha-controle-de-gastos.png\"\n\t\t\t\t\tdata-promo-id=\"101751\"\t\t\t\t\t\t\t\t\t\twidth='1420' height='240'\t\t\t\t\talt=\"https:\/\/files.sunoresearch.com.br\/n\/uploads\/2023\/03\/1420x240-Planilha-controle-de-gastos.png\"\n\t\t\t\t>\n\t\t\t<\/picture>\n\t\t<\/a>\n\t<\/p>\n\n\n\n\n\n<p>Alguns especialistas em ciberseguran\u00e7a entendem que o n\u00famero crescente de ataques cibern\u00e9ticos no pa\u00eds tem ocorrido devido ao aumento de dispositivos conectados, principalmente pelos acessos remotos das atividades via home office, respons\u00e1veis pelo aumento da vulnerabilidade das empresas.<\/p>\n\n\n\n<p>Milh\u00f5es de pessoas est\u00e3o fazendo uso de computadores, notebooks, laptops e smartphones pessoais, para continuar a exercer suas atividades de trabalho em suas conex\u00f5es dom\u00e9sticas, normalmente desprovidas de seguran\u00e7a. Nestes dispositivos, normalmente est\u00e3o contidas informa\u00e7\u00f5es confidenciais e dados pessoais e agora com informa\u00e7\u00f5es da empresa onde atua.<\/p>\n\n\n\n<p>As pequenas e m\u00e9dias empresas est\u00e3o entre os principais alvos por cibercriminosos. Uma vez que elas j\u00e1 correspondem a 30% do Produto Interno Bruto do Brasil (PIB), \u00e9 de se compreender que hackers dediquem mais tempo \u00e0 invas\u00e3o e viola\u00e7\u00e3o de dados dessas empresas. Especialmente, quando seus respectivos sistemas de seguran\u00e7a podem n\u00e3o ser t\u00e3o robustos quanto, digamos, as grandes multinacionais do pa\u00eds.<\/p>\n\n\n\n<p>Os constantes ataques fizeram com que a procura por seguros de riscos cibern\u00e9ticos aumentasse. Um levantamento feito pela Federa\u00e7\u00e3o Nacional de Seguros Gerais (FenSeg) mostrou que a arrecada\u00e7\u00e3o desse tipo de servi\u00e7o aumentou 75% em 2022.<\/p>\n\n\n\n<p>O seguro de Responsabilidade Cibern\u00e9tica (RC Cyber) tem como objetivo proteger as empresas em casos de reclama\u00e7\u00f5es por responsabilidades na administra\u00e7\u00e3o de dados de terceiros. Esse seguro se baseia em eventuais amea\u00e7as e busca reparar suas consequ\u00eancias. As principais coberturas s\u00e3o referentes aos gastos com notifica\u00e7\u00e3o \u00e0s pessoas afetadas, \u00e0s perdas de clientes, danos \u00e0 reputa\u00e7\u00e3o, perda de receita, gastos com procedimentos regulat\u00f3rios, custos de defesa e indeniza\u00e7\u00f5es, extors\u00f5es e gastos para descobrir as causas dos vazamentos.<\/p>\n\n\n\n<p>Sendo assim, a forma mais eficiente de evitar os preju\u00edzos causados por <strong>ataques cibern\u00e9ticos<\/strong> seria a contrata\u00e7\u00e3o de ferramentas de prote\u00e7\u00e3o, como o seguro cibern\u00e9tico e a implanta\u00e7\u00e3o de programas de dissemina\u00e7\u00e3o da cultura da seguran\u00e7a da informa\u00e7\u00e3o.<\/p>\n\n\n\t<p>\n\t\t<a href=\"https:\/\/lp.suno.com.br\/planilha-da-vida-financeira\/\" target=\"_blank\" data-element=\"shortcode-suno-banner\" title=\"Banner SUNO, clique e saiba mais\">\n\t\t\t<picture>\n\t\t\t\t<source media=\"(max-width: 500px)\" srcset=\"https:\/\/files.sunoresearch.com.br\/n\/uploads\/2023\/04\/400x300-Planilha-vida-financeira-true.png\">\n\t\t\t\t<img class=\"newsContent__article__imgCapa newsContent__article__imgCapa--banner\"\n\t\t\t\t\tsrc=\"https:\/\/files.sunoresearch.com.br\/n\/uploads\/2023\/04\/1420x240-Planilha-vida-financeira-true.png\"\n\t\t\t\t\tdata-promo-id=\"106682\"\t\t\t\t\t\t\t\t\t\twidth='1420' height='240'\t\t\t\t\talt=\"https:\/\/files.sunoresearch.com.br\/n\/uploads\/2023\/04\/1420x240-Planilha-vida-financeira-true.png\"\n\t\t\t\t>\n\t\t\t<\/picture>\n\t\t<\/a>\n\t<\/p>\n\n\n","protected":false},"excerpt":{"rendered":"<p>Tendo, normalmente, como principais alvos as organiza\u00e7\u00f5es empresariais ou governamentais, o ataque cibern\u00e9tico \u00e9 uma tentativa de desabilitar computadores, roubar dado&#8230;<\/p>\n","protected":false},"author":260,"featured_media":323379,"template":"","tags":[],"class_list":["post-361917","suno_column","type-suno_column","status-publish","has-post-thumbnail","hentry"],"yoast_head":"<!-- This site is optimized with the Yoast SEO plugin v24.4 - https:\/\/yoast.com\/wordpress\/plugins\/seo\/ -->\n<title>Ataques cibern\u00e9ticos: como assegurar a sua empresa em caso de invas\u00e3o<\/title>\n<meta name=\"description\" content=\"Em quest\u00e3o \u00e0 reputa\u00e7\u00e3o da empresa, os ataques cibern\u00e9ticos podem prejudic\u00e1-la e minar a confian\u00e7a dos clientes. Entenda aqui\" \/>\n<meta name=\"robots\" content=\"index, follow, max-snippet:-1, max-image-preview:large, max-video-preview:-1\" \/>\n<link rel=\"canonical\" href=\"https:\/\/www.suno.com.br\/noticias\/colunas\/cesar-sandro\/ataques-ciberneticos-seguranca-empresa\/\" \/>\n<meta property=\"og:locale\" content=\"pt_BR\" \/>\n<meta property=\"og:type\" content=\"article\" \/>\n<meta property=\"og:title\" content=\"Ataques cibern\u00e9ticos: como assegurar a sua empresa em caso de invas\u00e3o\" \/>\n<meta property=\"og:description\" content=\"Em quest\u00e3o \u00e0 reputa\u00e7\u00e3o da empresa, os ataques cibern\u00e9ticos podem prejudic\u00e1-la e minar a confian\u00e7a dos clientes. Entenda aqui\" \/>\n<meta property=\"og:url\" content=\"https:\/\/www.suno.com.br\/noticias\/colunas\/cesar-sandro\/ataques-ciberneticos-seguranca-empresa\/\" \/>\n<meta property=\"og:site_name\" content=\"Suno Not\u00edcias\" \/>\n<meta property=\"article:publisher\" content=\"https:\/\/facebook.com\/sunoresearch\" \/>\n<meta property=\"og:image\" content=\"https:\/\/files.sunoresearch.com.br\/n\/uploads\/2022\/11\/Colunistas.jpg\" \/>\n\t<meta property=\"og:image:width\" content=\"1550\" \/>\n\t<meta property=\"og:image:height\" content=\"810\" \/>\n\t<meta property=\"og:image:type\" content=\"image\/jpeg\" \/>\n<meta name=\"twitter:card\" content=\"summary_large_image\" \/>\n<meta name=\"twitter:site\" content=\"@sunoresearch\" \/>\n<meta name=\"twitter:label1\" content=\"Est. tempo de leitura\" \/>\n\t<meta name=\"twitter:data1\" content=\"4 minutos\" \/>\n<script type=\"application\/ld+json\" class=\"yoast-schema-graph\">{\"@context\":\"https:\/\/schema.org\",\"@graph\":[{\"@type\":\"Article\",\"@id\":\"https:\/\/www.suno.com.br\/noticias\/colunas\/cesar-sandro\/ataques-ciberneticos-seguranca-empresa\/#article\",\"isPartOf\":{\"@id\":\"https:\/\/www.suno.com.br\/noticias\/colunas\/cesar-sandro\/ataques-ciberneticos-seguranca-empresa\/\"},\"author\":{\"name\":\"Sandro C\u00e9sar de Alarc\u00e3o\",\"@id\":\"https:\/\/www.suno.com.br\/noticias\/#\/schema\/person\/2900af9843277273effe4e01e665734e\"},\"headline\":\"Ataques cibern\u00e9ticos: como assegurar a sua empresa em caso de invas\u00e3o\",\"datePublished\":\"2023-02-10T17:33:57+00:00\",\"dateModified\":\"2023-02-10T17:33:59+00:00\",\"mainEntityOfPage\":{\"@id\":\"https:\/\/www.suno.com.br\/noticias\/colunas\/cesar-sandro\/ataques-ciberneticos-seguranca-empresa\/\"},\"wordCount\":796,\"publisher\":{\"@id\":\"https:\/\/www.suno.com.br\/noticias\/#organization\"},\"image\":{\"@id\":\"https:\/\/www.suno.com.br\/noticias\/colunas\/cesar-sandro\/ataques-ciberneticos-seguranca-empresa\/#primaryimage\"},\"thumbnailUrl\":\"https:\/\/files.sunoresearch.com.br\/n\/uploads\/2022\/11\/Colunistas.jpg\",\"inLanguage\":\"pt-BR\"},{\"@type\":\"WebPage\",\"@id\":\"https:\/\/www.suno.com.br\/noticias\/colunas\/cesar-sandro\/ataques-ciberneticos-seguranca-empresa\/\",\"url\":\"https:\/\/www.suno.com.br\/noticias\/colunas\/cesar-sandro\/ataques-ciberneticos-seguranca-empresa\/\",\"name\":\"Ataques cibern\u00e9ticos: como assegurar a sua empresa em caso de invas\u00e3o\",\"isPartOf\":{\"@id\":\"https:\/\/www.suno.com.br\/noticias\/#website\"},\"primaryImageOfPage\":{\"@id\":\"https:\/\/www.suno.com.br\/noticias\/colunas\/cesar-sandro\/ataques-ciberneticos-seguranca-empresa\/#primaryimage\"},\"image\":{\"@id\":\"https:\/\/www.suno.com.br\/noticias\/colunas\/cesar-sandro\/ataques-ciberneticos-seguranca-empresa\/#primaryimage\"},\"thumbnailUrl\":\"https:\/\/files.sunoresearch.com.br\/n\/uploads\/2022\/11\/Colunistas.jpg\",\"datePublished\":\"2023-02-10T17:33:57+00:00\",\"dateModified\":\"2023-02-10T17:33:59+00:00\",\"description\":\"Em quest\u00e3o \u00e0 reputa\u00e7\u00e3o da empresa, os ataques cibern\u00e9ticos podem prejudic\u00e1-la e minar a confian\u00e7a dos clientes. Entenda aqui\",\"breadcrumb\":{\"@id\":\"https:\/\/www.suno.com.br\/noticias\/colunas\/cesar-sandro\/ataques-ciberneticos-seguranca-empresa\/#breadcrumb\"},\"inLanguage\":\"pt-BR\",\"potentialAction\":[{\"@type\":\"ReadAction\",\"target\":[\"https:\/\/www.suno.com.br\/noticias\/colunas\/cesar-sandro\/ataques-ciberneticos-seguranca-empresa\/\"]}]},{\"@type\":\"ImageObject\",\"inLanguage\":\"pt-BR\",\"@id\":\"https:\/\/www.suno.com.br\/noticias\/colunas\/cesar-sandro\/ataques-ciberneticos-seguranca-empresa\/#primaryimage\",\"url\":\"https:\/\/files.sunoresearch.com.br\/n\/uploads\/2022\/11\/Colunistas.jpg\",\"contentUrl\":\"https:\/\/files.sunoresearch.com.br\/n\/uploads\/2022\/11\/Colunistas.jpg\",\"width\":1550,\"height\":810},{\"@type\":\"BreadcrumbList\",\"@id\":\"https:\/\/www.suno.com.br\/noticias\/colunas\/cesar-sandro\/ataques-ciberneticos-seguranca-empresa\/#breadcrumb\",\"itemListElement\":[{\"@type\":\"ListItem\",\"position\":1,\"name\":\"Not\u00edcias\",\"item\":\"https:\/\/www.suno.com.br\/noticias\/\"},{\"@type\":\"ListItem\",\"position\":2,\"name\":\"Colunas\",\"item\":\"https:\/\/www.suno.com.br\/noticias\/colunas\/\"},{\"@type\":\"ListItem\",\"position\":3,\"name\":\"Ataques cibern\u00e9ticos: como assegurar a sua empresa em caso de invas\u00e3o\"}]},{\"@type\":\"WebSite\",\"@id\":\"https:\/\/www.suno.com.br\/noticias\/#website\",\"url\":\"https:\/\/www.suno.com.br\/noticias\/\",\"name\":\"Suno Not\u00edcias\",\"description\":\"Seu portal de informa\u00e7\u00e3o sobre o mundo dos investimentos\",\"publisher\":{\"@id\":\"https:\/\/www.suno.com.br\/noticias\/#organization\"},\"potentialAction\":[{\"@type\":\"SearchAction\",\"target\":{\"@type\":\"EntryPoint\",\"urlTemplate\":\"https:\/\/www.suno.com.br\/noticias\/?s={search_term_string}\"},\"query-input\":{\"@type\":\"PropertyValueSpecification\",\"valueRequired\":true,\"valueName\":\"search_term_string\"}}],\"inLanguage\":\"pt-BR\"},{\"@type\":\"Organization\",\"@id\":\"https:\/\/www.suno.com.br\/noticias\/#organization\",\"name\":\"Suno Not\u00edcias\",\"url\":\"https:\/\/www.suno.com.br\/noticias\/\",\"logo\":{\"@type\":\"ImageObject\",\"inLanguage\":\"pt-BR\",\"@id\":\"https:\/\/www.suno.com.br\/noticias\/#\/schema\/logo\/image\/\",\"url\":\"https:\/\/files.sunoresearch.com.br\/n\/uploads\/2021\/09\/suno-logo.png\",\"contentUrl\":\"https:\/\/files.sunoresearch.com.br\/n\/uploads\/2021\/09\/suno-logo.png\",\"width\":180,\"height\":180,\"caption\":\"Suno Not\u00edcias\"},\"image\":{\"@id\":\"https:\/\/www.suno.com.br\/noticias\/#\/schema\/logo\/image\/\"},\"sameAs\":[\"https:\/\/facebook.com\/sunoresearch\",\"https:\/\/x.com\/sunoresearch\",\"https:\/\/www.instagram.com\/suno\",\"https:\/\/www.linkedin.com\/company\/suno-research\/\",\"https:\/\/www.youtube.com\/c\/sunoresearch\"]},{\"@type\":\"Person\",\"@id\":\"https:\/\/www.suno.com.br\/noticias\/#\/schema\/person\/2900af9843277273effe4e01e665734e\",\"name\":\"Sandro C\u00e9sar de Alarc\u00e3o\",\"image\":{\"@type\":\"ImageObject\",\"inLanguage\":\"pt-BR\",\"@id\":\"https:\/\/www.suno.com.br\/noticias\/#\/schema\/person\/image\/\",\"url\":\"https:\/\/secure.gravatar.com\/avatar\/2c5444a63fcef1abd30fbfbf79d0f3db?s=96&r=g\",\"contentUrl\":\"https:\/\/secure.gravatar.com\/avatar\/2c5444a63fcef1abd30fbfbf79d0f3db?s=96&r=g\",\"caption\":\"Sandro C\u00e9sar de Alarc\u00e3o\"},\"description\":\"Sandro C\u00e9sar Alarc\u00e3o \u00e9 S\u00f3cio Administrador e Diretor Executivo da Seguros do Brasil. Com MBA em Gest\u00e3o de Seguros e Resseguros, Sandro atua h\u00e1 23 anos no mercado segurador, e \u00e9 especializado em Administra\u00e7\u00e3o de Empresas.\",\"url\":\"https:\/\/www.suno.com.br\/noticias\/author\/cesar-sandro\/\"}]}<\/script>\n<!-- \/ Yoast SEO plugin. -->","yoast_head_json":{"title":"Ataques cibern\u00e9ticos: como assegurar a sua empresa em caso de invas\u00e3o","description":"Em quest\u00e3o \u00e0 reputa\u00e7\u00e3o da empresa, os ataques cibern\u00e9ticos podem prejudic\u00e1-la e minar a confian\u00e7a dos clientes. Entenda aqui","robots":{"index":"index","follow":"follow","max-snippet":"max-snippet:-1","max-image-preview":"max-image-preview:large","max-video-preview":"max-video-preview:-1"},"canonical":"https:\/\/www.suno.com.br\/noticias\/colunas\/cesar-sandro\/ataques-ciberneticos-seguranca-empresa\/","og_locale":"pt_BR","og_type":"article","og_title":"Ataques cibern\u00e9ticos: como assegurar a sua empresa em caso de invas\u00e3o","og_description":"Em quest\u00e3o \u00e0 reputa\u00e7\u00e3o da empresa, os ataques cibern\u00e9ticos podem prejudic\u00e1-la e minar a confian\u00e7a dos clientes. Entenda aqui","og_url":"https:\/\/www.suno.com.br\/noticias\/colunas\/cesar-sandro\/ataques-ciberneticos-seguranca-empresa\/","og_site_name":"Suno Not\u00edcias","article_publisher":"https:\/\/facebook.com\/sunoresearch","og_image":[{"width":1550,"height":810,"url":"https:\/\/files.sunoresearch.com.br\/n\/uploads\/2022\/11\/Colunistas.jpg","type":"image\/jpeg"}],"twitter_card":"summary_large_image","twitter_site":"@sunoresearch","twitter_misc":{"Est. tempo de leitura":"4 minutos"},"schema":{"@context":"https:\/\/schema.org","@graph":[{"@type":"Article","@id":"https:\/\/www.suno.com.br\/noticias\/colunas\/cesar-sandro\/ataques-ciberneticos-seguranca-empresa\/#article","isPartOf":{"@id":"https:\/\/www.suno.com.br\/noticias\/colunas\/cesar-sandro\/ataques-ciberneticos-seguranca-empresa\/"},"author":{"name":"Sandro C\u00e9sar de Alarc\u00e3o","@id":"https:\/\/www.suno.com.br\/noticias\/#\/schema\/person\/2900af9843277273effe4e01e665734e"},"headline":"Ataques cibern\u00e9ticos: como assegurar a sua empresa em caso de invas\u00e3o","datePublished":"2023-02-10T17:33:57+00:00","dateModified":"2023-02-10T17:33:59+00:00","mainEntityOfPage":{"@id":"https:\/\/www.suno.com.br\/noticias\/colunas\/cesar-sandro\/ataques-ciberneticos-seguranca-empresa\/"},"wordCount":796,"publisher":{"@id":"https:\/\/www.suno.com.br\/noticias\/#organization"},"image":{"@id":"https:\/\/www.suno.com.br\/noticias\/colunas\/cesar-sandro\/ataques-ciberneticos-seguranca-empresa\/#primaryimage"},"thumbnailUrl":"https:\/\/files.sunoresearch.com.br\/n\/uploads\/2022\/11\/Colunistas.jpg","inLanguage":"pt-BR"},{"@type":"WebPage","@id":"https:\/\/www.suno.com.br\/noticias\/colunas\/cesar-sandro\/ataques-ciberneticos-seguranca-empresa\/","url":"https:\/\/www.suno.com.br\/noticias\/colunas\/cesar-sandro\/ataques-ciberneticos-seguranca-empresa\/","name":"Ataques cibern\u00e9ticos: como assegurar a sua empresa em caso de invas\u00e3o","isPartOf":{"@id":"https:\/\/www.suno.com.br\/noticias\/#website"},"primaryImageOfPage":{"@id":"https:\/\/www.suno.com.br\/noticias\/colunas\/cesar-sandro\/ataques-ciberneticos-seguranca-empresa\/#primaryimage"},"image":{"@id":"https:\/\/www.suno.com.br\/noticias\/colunas\/cesar-sandro\/ataques-ciberneticos-seguranca-empresa\/#primaryimage"},"thumbnailUrl":"https:\/\/files.sunoresearch.com.br\/n\/uploads\/2022\/11\/Colunistas.jpg","datePublished":"2023-02-10T17:33:57+00:00","dateModified":"2023-02-10T17:33:59+00:00","description":"Em quest\u00e3o \u00e0 reputa\u00e7\u00e3o da empresa, os ataques cibern\u00e9ticos podem prejudic\u00e1-la e minar a confian\u00e7a dos clientes. Entenda aqui","breadcrumb":{"@id":"https:\/\/www.suno.com.br\/noticias\/colunas\/cesar-sandro\/ataques-ciberneticos-seguranca-empresa\/#breadcrumb"},"inLanguage":"pt-BR","potentialAction":[{"@type":"ReadAction","target":["https:\/\/www.suno.com.br\/noticias\/colunas\/cesar-sandro\/ataques-ciberneticos-seguranca-empresa\/"]}]},{"@type":"ImageObject","inLanguage":"pt-BR","@id":"https:\/\/www.suno.com.br\/noticias\/colunas\/cesar-sandro\/ataques-ciberneticos-seguranca-empresa\/#primaryimage","url":"https:\/\/files.sunoresearch.com.br\/n\/uploads\/2022\/11\/Colunistas.jpg","contentUrl":"https:\/\/files.sunoresearch.com.br\/n\/uploads\/2022\/11\/Colunistas.jpg","width":1550,"height":810},{"@type":"BreadcrumbList","@id":"https:\/\/www.suno.com.br\/noticias\/colunas\/cesar-sandro\/ataques-ciberneticos-seguranca-empresa\/#breadcrumb","itemListElement":[{"@type":"ListItem","position":1,"name":"Not\u00edcias","item":"https:\/\/www.suno.com.br\/noticias\/"},{"@type":"ListItem","position":2,"name":"Colunas","item":"https:\/\/www.suno.com.br\/noticias\/colunas\/"},{"@type":"ListItem","position":3,"name":"Ataques cibern\u00e9ticos: como assegurar a sua empresa em caso de invas\u00e3o"}]},{"@type":"WebSite","@id":"https:\/\/www.suno.com.br\/noticias\/#website","url":"https:\/\/www.suno.com.br\/noticias\/","name":"Suno Not\u00edcias","description":"Seu portal de informa\u00e7\u00e3o sobre o mundo dos investimentos","publisher":{"@id":"https:\/\/www.suno.com.br\/noticias\/#organization"},"potentialAction":[{"@type":"SearchAction","target":{"@type":"EntryPoint","urlTemplate":"https:\/\/www.suno.com.br\/noticias\/?s={search_term_string}"},"query-input":{"@type":"PropertyValueSpecification","valueRequired":true,"valueName":"search_term_string"}}],"inLanguage":"pt-BR"},{"@type":"Organization","@id":"https:\/\/www.suno.com.br\/noticias\/#organization","name":"Suno Not\u00edcias","url":"https:\/\/www.suno.com.br\/noticias\/","logo":{"@type":"ImageObject","inLanguage":"pt-BR","@id":"https:\/\/www.suno.com.br\/noticias\/#\/schema\/logo\/image\/","url":"https:\/\/files.sunoresearch.com.br\/n\/uploads\/2021\/09\/suno-logo.png","contentUrl":"https:\/\/files.sunoresearch.com.br\/n\/uploads\/2021\/09\/suno-logo.png","width":180,"height":180,"caption":"Suno Not\u00edcias"},"image":{"@id":"https:\/\/www.suno.com.br\/noticias\/#\/schema\/logo\/image\/"},"sameAs":["https:\/\/facebook.com\/sunoresearch","https:\/\/x.com\/sunoresearch","https:\/\/www.instagram.com\/suno","https:\/\/www.linkedin.com\/company\/suno-research\/","https:\/\/www.youtube.com\/c\/sunoresearch"]},{"@type":"Person","@id":"https:\/\/www.suno.com.br\/noticias\/#\/schema\/person\/2900af9843277273effe4e01e665734e","name":"Sandro C\u00e9sar de Alarc\u00e3o","image":{"@type":"ImageObject","inLanguage":"pt-BR","@id":"https:\/\/www.suno.com.br\/noticias\/#\/schema\/person\/image\/","url":"https:\/\/secure.gravatar.com\/avatar\/2c5444a63fcef1abd30fbfbf79d0f3db?s=96&r=g","contentUrl":"https:\/\/secure.gravatar.com\/avatar\/2c5444a63fcef1abd30fbfbf79d0f3db?s=96&r=g","caption":"Sandro C\u00e9sar de Alarc\u00e3o"},"description":"Sandro C\u00e9sar Alarc\u00e3o \u00e9 S\u00f3cio Administrador e Diretor Executivo da Seguros do Brasil. Com MBA em Gest\u00e3o de Seguros e Resseguros, Sandro atua h\u00e1 23 anos no mercado segurador, e \u00e9 especializado em Administra\u00e7\u00e3o de Empresas.","url":"https:\/\/www.suno.com.br\/noticias\/author\/cesar-sandro\/"}]}},"amp_enabled":true,"_links":{"self":[{"href":"https:\/\/www.suno.com.br\/noticias\/wp-json\/wp\/v2\/suno_column\/361917"}],"collection":[{"href":"https:\/\/www.suno.com.br\/noticias\/wp-json\/wp\/v2\/suno_column"}],"about":[{"href":"https:\/\/www.suno.com.br\/noticias\/wp-json\/wp\/v2\/types\/suno_column"}],"author":[{"embeddable":true,"href":"https:\/\/www.suno.com.br\/noticias\/wp-json\/wp\/v2\/users\/260"}],"wp:featuredmedia":[{"embeddable":true,"href":"https:\/\/www.suno.com.br\/noticias\/wp-json\/wp\/v2\/media\/323379"}],"wp:attachment":[{"href":"https:\/\/www.suno.com.br\/noticias\/wp-json\/wp\/v2\/media?parent=361917"}],"wp:term":[{"taxonomy":"post_tag","embeddable":true,"href":"https:\/\/www.suno.com.br\/noticias\/wp-json\/wp\/v2\/tags?post=361917"}],"curies":[{"name":"wp","href":"https:\/\/api.w.org\/{rel}","templated":true}]}}